{"id":9767,"date":"2015-12-01T10:57:14","date_gmt":"2015-12-01T09:57:14","guid":{"rendered":"http:\/\/denkmalpflege1.e251.tuwien.ac.at\/?page_id=9767"},"modified":"2023-10-22T13:13:04","modified_gmt":"2023-10-22T11:13:04","slug":"maser","status":"publish","type":"page","link":"https:\/\/denkmalpflege.tuwien.ac.at\/index.php\/maser\/","title":{"rendered":"Grandits"},"content":{"rendered":"\t\t<div data-elementor-type=\"wp-page\" data-elementor-id=\"9767\" class=\"elementor elementor-9767\" data-elementor-post-type=\"page\">\n\t\t\t\t\t\t<section class=\"elementor-section elementor-top-section elementor-element elementor-element-49f4723d elementor-section-full_width elementor-section-height-default elementor-section-height-default\" data-id=\"49f4723d\" data-element_type=\"section\">\n\t\t\t\t\t\t<div class=\"elementor-container elementor-column-gap-default\">\n\t\t\t\t\t<div class=\"elementor-column elementor-col-50 elementor-top-column elementor-element elementor-element-6ceda14f\" data-id=\"6ceda14f\" data-element_type=\"column\">\n\t\t\t<div class=\"elementor-widget-wrap elementor-element-populated\">\n\t\t\t\t\t\t<div class=\"elementor-element elementor-element-5663fa3 elementor-widget elementor-widget-heading\" data-id=\"5663fa3\" data-element_type=\"widget\" data-widget_type=\"heading.default\">\n\t\t\t\t<div class=\"elementor-widget-container\">\n\t\t\t\t\t<h2 class=\"elementor-heading-title elementor-size-default\"><a href=\"http:\/\/denkmalpflege.tuwien.ac.at\/index.php\/abgeschlossene-dipl-caviezel\/\">Archiv<\/a><\/h2>\t\t\t\t<\/div>\n\t\t\t\t<\/div>\n\t\t\t\t\t<\/div>\n\t\t<\/div>\n\t\t\t\t<div class=\"elementor-column elementor-col-50 elementor-top-column elementor-element elementor-element-11c608f6\" data-id=\"11c608f6\" data-element_type=\"column\">\n\t\t\t<div class=\"elementor-widget-wrap elementor-element-populated\">\n\t\t\t\t\t\t<div class=\"elementor-element elementor-element-3318c145 elementor-widget elementor-widget-heading\" data-id=\"3318c145\" data-element_type=\"widget\" data-widget_type=\"heading.default\">\n\t\t\t\t<div class=\"elementor-widget-container\">\n\t\t\t\t\t<h2 class=\"elementor-heading-title elementor-size-default\">Jasmin M\u00c4SER<span style=\"float: right\"> 2015<\/span>\n<\/h2>\t\t\t\t<\/div>\n\t\t\t\t<\/div>\n\t\t\t\t\t<\/div>\n\t\t<\/div>\n\t\t\t\t\t<\/div>\n\t\t<\/section>\n\t\t\t\t<section class=\"elementor-section elementor-top-section elementor-element elementor-element-47b7c1dd elementor-section-full_width elementor-section-height-default elementor-section-height-default\" data-id=\"47b7c1dd\" data-element_type=\"section\">\n\t\t\t\t\t\t<div class=\"elementor-container elementor-column-gap-default\">\n\t\t\t\t\t<div class=\"elementor-column elementor-col-50 elementor-top-column elementor-element elementor-element-5bb7de6f\" data-id=\"5bb7de6f\" data-element_type=\"column\">\n\t\t\t<div class=\"elementor-widget-wrap elementor-element-populated\">\n\t\t\t\t\t\t<div class=\"elementor-element elementor-element-72a26e10 elementor-nav-menu__align-start elementor-nav-menu--dropdown-mobile elementor-nav-menu__text-align-aside elementor-nav-menu--toggle elementor-nav-menu--burger elementor-widget elementor-widget-nav-menu\" data-id=\"72a26e10\" data-element_type=\"widget\" data-settings=\"{&quot;layout&quot;:&quot;vertical&quot;,&quot;submenu_icon&quot;:{&quot;value&quot;:&quot;&lt;i class=\\&quot;\\&quot; aria-hidden=\\&quot;true\\&quot;&gt;&lt;\\\/i&gt;&quot;,&quot;library&quot;:&quot;&quot;},&quot;toggle&quot;:&quot;burger&quot;}\" data-widget_type=\"nav-menu.default\">\n\t\t\t\t<div class=\"elementor-widget-container\">\n\t\t\t\t\t\t\t\t<nav aria-label=\"Men\u00fc\" class=\"elementor-nav-menu--main elementor-nav-menu__container elementor-nav-menu--layout-vertical e--pointer-none\">\n\t\t\t\t<ul id=\"menu-1-72a26e10\" class=\"elementor-nav-menu sm-vertical\"><li class=\"menu-item menu-item-type-post_type menu-item-object-page menu-item-27442\"><a href=\"https:\/\/denkmalpflege.tuwien.ac.at\/index.php\/diplomarbeiten\/\" class=\"elementor-item\">Diplomarbeiten<\/a><\/li>\n<li class=\"menu-item menu-item-type-post_type menu-item-object-page menu-item-16203\"><a href=\"https:\/\/denkmalpflege.tuwien.ac.at\/index.php\/laufende-dissertationen\/\" class=\"elementor-item\">Dissertationen<\/a><\/li>\n<\/ul>\t\t\t<\/nav>\n\t\t\t\t\t<div class=\"elementor-menu-toggle\" role=\"button\" tabindex=\"0\" aria-label=\"Men\u00fc Umschalter\" aria-expanded=\"false\">\n\t\t\t<i aria-hidden=\"true\" role=\"presentation\" class=\"elementor-menu-toggle__icon--open eicon-menu-bar\"><\/i><i aria-hidden=\"true\" role=\"presentation\" class=\"elementor-menu-toggle__icon--close eicon-close\"><\/i>\t\t<\/div>\n\t\t\t\t\t<nav class=\"elementor-nav-menu--dropdown elementor-nav-menu__container\" aria-hidden=\"true\">\n\t\t\t\t<ul id=\"menu-2-72a26e10\" class=\"elementor-nav-menu sm-vertical\"><li class=\"menu-item menu-item-type-post_type menu-item-object-page menu-item-27442\"><a href=\"https:\/\/denkmalpflege.tuwien.ac.at\/index.php\/diplomarbeiten\/\" class=\"elementor-item\" tabindex=\"-1\">Diplomarbeiten<\/a><\/li>\n<li class=\"menu-item menu-item-type-post_type menu-item-object-page menu-item-16203\"><a href=\"https:\/\/denkmalpflege.tuwien.ac.at\/index.php\/laufende-dissertationen\/\" class=\"elementor-item\" tabindex=\"-1\">Dissertationen<\/a><\/li>\n<\/ul>\t\t\t<\/nav>\n\t\t\t\t\t\t<\/div>\n\t\t\t\t<\/div>\n\t\t\t\t\t<\/div>\n\t\t<\/div>\n\t\t\t\t<div class=\"elementor-column elementor-col-50 elementor-top-column elementor-element elementor-element-63653743\" data-id=\"63653743\" data-element_type=\"column\">\n\t\t\t<div class=\"elementor-widget-wrap elementor-element-populated\">\n\t\t\t\t\t\t<div class=\"elementor-element elementor-element-1249d7bf elementor-widget elementor-widget-text-editor\" data-id=\"1249d7bf\" data-element_type=\"widget\" data-widget_type=\"text-editor.default\">\n\t\t\t\t<div class=\"elementor-widget-container\">\n\t\t\t\t\t\t\t\t\t<p><b>gestern| heute| morgen<br \/>Villa Bachmann- B\u00fcrgerliches Wohnen der Zwischenkriegsjahre<\/b><\/p>\t\t\t\t\t\t\t\t<\/div>\n\t\t\t\t<\/div>\n\t\t\t\t<div class=\"elementor-element elementor-element-2834594a elementor-widget elementor-widget-spacer\" data-id=\"2834594a\" data-element_type=\"widget\" data-widget_type=\"spacer.default\">\n\t\t\t\t<div class=\"elementor-widget-container\">\n\t\t\t\t\t\t\t<div class=\"elementor-spacer\">\n\t\t\t<div class=\"elementor-spacer-inner\"><\/div>\n\t\t<\/div>\n\t\t\t\t\t\t<\/div>\n\t\t\t\t<\/div>\n\t\t\t\t<div class=\"elementor-element elementor-element-e65b942 silde_dipl elementor-arrows-position-inside elementor-widget elementor-widget-image-carousel\" data-id=\"e65b942\" data-element_type=\"widget\" data-settings=\"{&quot;slides_to_show&quot;:&quot;1&quot;,&quot;navigation&quot;:&quot;arrows&quot;,&quot;autoplay&quot;:&quot;no&quot;,&quot;infinite&quot;:&quot;yes&quot;,&quot;effect&quot;:&quot;slide&quot;,&quot;speed&quot;:500}\" data-widget_type=\"image-carousel.default\">\n\t\t\t\t<div class=\"elementor-widget-container\">\n\t\t\t\t\t\t\t<div class=\"elementor-image-carousel-wrapper swiper\" role=\"region\" aria-roledescription=\"carousel\" aria-label=\"Bild Karussell\" dir=\"ltr\">\n\t\t\t<div class=\"elementor-image-carousel swiper-wrapper swiper-image-stretch\" aria-live=\"polite\">\n\t\t\t\t\t\t\t\t<div class=\"swiper-slide\" role=\"group\" aria-roledescription=\"slide\" aria-label=\"1 von 3\"><a data-elementor-open-lightbox=\"yes\" data-elementor-lightbox-slideshow=\"e65b942\" data-e-action-hash=\"#elementor-action%3Aaction%3Dlightbox%26settings%3DeyJpZCI6OTc2OCwidXJsIjoiaHR0cHM6XC9cL2RlbmttYWxwZmxlZ2UudHV3aWVuLmFjLmF0XC93cC1jb250ZW50XC91cGxvYWRzXC8yMDE1XC8xMlwvMS5naWYiLCJzbGlkZXNob3ciOiJlNjViOTQyIn0%3D\" href=\"https:\/\/denkmalpflege.tuwien.ac.at\/wp-content\/uploads\/2015\/12\/1.gif\"><figure class=\"swiper-slide-inner\"><img decoding=\"async\" class=\"swiper-slide-image\" src=\"https:\/\/denkmalpflege.tuwien.ac.at\/wp-content\/uploads\/2015\/12\/1.gif\" alt=\"1\" \/><\/figure><\/a><\/div><div class=\"swiper-slide\" role=\"group\" aria-roledescription=\"slide\" aria-label=\"2 von 3\"><a data-elementor-open-lightbox=\"yes\" data-elementor-lightbox-slideshow=\"e65b942\" data-e-action-hash=\"#elementor-action%3Aaction%3Dlightbox%26settings%3DeyJpZCI6OTc3MiwidXJsIjoiaHR0cHM6XC9cL2RlbmttYWxwZmxlZ2UudHV3aWVuLmFjLmF0XC93cC1jb250ZW50XC91cGxvYWRzXC8yMDE1XC8xMlwvMi5naWYiLCJzbGlkZXNob3ciOiJlNjViOTQyIn0%3D\" href=\"https:\/\/denkmalpflege.tuwien.ac.at\/wp-content\/uploads\/2015\/12\/2.gif\"><figure class=\"swiper-slide-inner\"><img decoding=\"async\" class=\"swiper-slide-image\" src=\"https:\/\/denkmalpflege.tuwien.ac.at\/wp-content\/uploads\/2015\/12\/2.gif\" alt=\"2\" \/><\/figure><\/a><\/div><div class=\"swiper-slide\" role=\"group\" aria-roledescription=\"slide\" aria-label=\"3 von 3\"><a data-elementor-open-lightbox=\"yes\" data-elementor-lightbox-slideshow=\"e65b942\" data-e-action-hash=\"#elementor-action%3Aaction%3Dlightbox%26settings%3DeyJpZCI6OTc3MywidXJsIjoiaHR0cHM6XC9cL2RlbmttYWxwZmxlZ2UudHV3aWVuLmFjLmF0XC93cC1jb250ZW50XC91cGxvYWRzXC8yMDE1XC8xMlwvMy5naWYiLCJzbGlkZXNob3ciOiJlNjViOTQyIn0%3D\" href=\"https:\/\/denkmalpflege.tuwien.ac.at\/wp-content\/uploads\/2015\/12\/3.gif\"><figure class=\"swiper-slide-inner\"><img decoding=\"async\" class=\"swiper-slide-image\" src=\"https:\/\/denkmalpflege.tuwien.ac.at\/wp-content\/uploads\/2015\/12\/3.gif\" alt=\"3\" \/><\/figure><\/a><\/div>\t\t\t<\/div>\n\t\t\t\t\t\t\t\t\t\t\t\t<div class=\"elementor-swiper-button elementor-swiper-button-prev\" role=\"button\" tabindex=\"0\">\n\t\t\t\t\t\t<i aria-hidden=\"true\" class=\"eicon-chevron-left\"><\/i>\t\t\t\t\t<\/div>\n\t\t\t\t\t<div class=\"elementor-swiper-button elementor-swiper-button-next\" role=\"button\" tabindex=\"0\">\n\t\t\t\t\t\t<i aria-hidden=\"true\" class=\"eicon-chevron-right\"><\/i>\t\t\t\t\t<\/div>\n\t\t\t\t\n\t\t\t\t\t\t\t\t\t<\/div>\n\t\t\t\t\t\t<\/div>\n\t\t\t\t<\/div>\n\t\t\t\t<div class=\"elementor-element elementor-element-3c9fd7f3 elementor-widget elementor-widget-spacer\" data-id=\"3c9fd7f3\" data-element_type=\"widget\" data-widget_type=\"spacer.default\">\n\t\t\t\t<div class=\"elementor-widget-container\">\n\t\t\t\t\t\t\t<div class=\"elementor-spacer\">\n\t\t\t<div class=\"elementor-spacer-inner\"><\/div>\n\t\t<\/div>\n\t\t\t\t\t\t<\/div>\n\t\t\t\t<\/div>\n\t\t\t\t<div class=\"elementor-element elementor-element-57c22ae2 elementor-widget elementor-widget-text-editor\" data-id=\"57c22ae2\" data-element_type=\"widget\" data-widget_type=\"text-editor.default\">\n\t\t\t\t<div class=\"elementor-widget-container\">\n\t\t\t\t\t\t\t\t\t<div class=\"greyfield\"><p>1926 wurde vom Bauherrn und Arzt Dr. Rudolf Bachmann ein Wohnhaus mit zugeh\u00f6riger Praxis in unmittelbarer N\u00e4he zum Stadtzentrum von Dornbirn im Land Vorarlberg in Auftrag gegeben. Im August 2013 erfolgte die Unterschutzstellung der nach den Pl\u00e4nen von Architekt Wilhelm Fleisch gestalteten Villa Bachmann samt Gartenanlage und einigen Ausstattungselementen. Die in der Villengegend der ehemaligen Textilindustriellen situierte Villa \u00fcberzeugt durch ihren sehr guten Zustand sowie durch die weitgehend erhaltene Innenraumgestaltung. Zu Beginn dieser Arbeit wurde das Geb\u00e4ude, das sich bis dahin beinahe 90 Jahre in Familienbesitz befand, verkauft.<\/p><p>Nach der Untersuchung des historischen Hintergrundes des Objektes in seiner Umgebung und der Analyse des Bestandes wird auf besondere Merkmale und Details des Geb\u00e4udes hingewiesen und nach den erarbeiteten Entwurfsparametern ein Sanierungs- und Nutzungskonzept vorgeschlagen. Dabei spielt auch die Frage der Verdichtung des Stadtzentrums und somit das m\u00f6gliche Szenario einer Bebauung der Gartenanlage eine gro\u00dfe Rolle. Den Abschluss bildet ein ausgearbeiteter Entwurf, der die zuk\u00fcnftige Wohn- und Gesch\u00e4ftsnutzung, denkmalgerecht und unter Ber\u00fccksichtigung der Anforderungen an eine heutige Wohnnutzung, erm\u00f6glicht und dadurch einen entscheidenden Mehrwert bietet.<\/p><\/div>\t\t\t\t\t\t\t\t<\/div>\n\t\t\t\t<\/div>\n\t\t\t\t\t<\/div>\n\t\t<\/div>\n\t\t\t\t\t<\/div>\n\t\t<\/section>\n\t\t\t\t<\/div>\n\t\t","protected":false},"excerpt":{"rendered":"<p>Archiv Jasmin M\u00c4SER 2015 gestern| heute| morgenVilla Bachmann- B\u00fcrgerliches Wohnen der Zwischenkriegsjahre 1926 wurde vom Bauherrn und Arzt Dr. Rudolf Bachmann ein Wohnhaus mit zugeh\u00f6riger Praxis in unmittelbarer N\u00e4he zum Stadtzentrum von Dornbirn im Land Vorarlberg in Auftrag gegeben. Im August 2013 erfolgte die Unterschutzstellung der nach den Pl\u00e4nen von Architekt Wilhelm Fleisch gestalteten Villa Bachmann samt Gartenanlage und einigen Ausstattungselementen. Die in der Villengegend der ehemaligen Textilindustriellen situierte Villa<\/p>\n<div class=\"belowpost\"><a class=\"btnmore icon-arrow\" href=\"https:\/\/denkmalpflege.tuwien.ac.at\/index.php\/maser\/\"><span>Read More<\/span><\/a><\/div>\n","protected":false},"author":1,"featured_media":0,"parent":0,"menu_order":0,"comment_status":"open","ping_status":"open","template":"","meta":{"footnotes":""},"class_list":["post-9767","page","type-page","status-publish","hentry"],"yoast_head":"<!-- This site is optimized with the Yoast SEO plugin v26.0 - https:\/\/yoast.com\/wordpress\/plugins\/seo\/ -->\n<title>Grandits - Denkmalpflege und Bauen im Bestand<\/title>\n<meta name=\"robots\" content=\"index, follow, max-snippet:-1, max-image-preview:large, max-video-preview:-1\" \/>\n<link rel=\"canonical\" href=\"https:\/\/denkmalpflege.tuwien.ac.at\/index.php\/maser\/\" \/>\n<meta property=\"og:locale\" content=\"de_DE\" \/>\n<meta property=\"og:type\" content=\"article\" \/>\n<meta property=\"og:title\" content=\"Grandits - Denkmalpflege und Bauen im Bestand\" \/>\n<meta property=\"og:description\" content=\"Archiv Jasmin M\u00c4SER 2015 gestern| heute| morgenVilla Bachmann- B\u00fcrgerliches Wohnen der Zwischenkriegsjahre 1926 wurde vom Bauherrn und Arzt Dr. Rudolf Bachmann ein Wohnhaus mit zugeh\u00f6riger Praxis in unmittelbarer N\u00e4he zum Stadtzentrum von Dornbirn im Land Vorarlberg in Auftrag gegeben. Im August 2013 erfolgte die Unterschutzstellung der nach den Pl\u00e4nen von Architekt Wilhelm Fleisch gestalteten Villa Bachmann samt Gartenanlage und einigen Ausstattungselementen. Die in der Villengegend der ehemaligen Textilindustriellen situierte VillaRead More\" \/>\n<meta property=\"og:url\" content=\"https:\/\/denkmalpflege.tuwien.ac.at\/index.php\/maser\/\" \/>\n<meta property=\"og:site_name\" content=\"Denkmalpflege und Bauen im Bestand\" \/>\n<meta property=\"article:modified_time\" content=\"2023-10-22T11:13:04+00:00\" \/>\n<meta property=\"og:image\" content=\"http:\/\/denkmalpflege.tuwien.ac.at\/wp-content\/uploads\/2015\/12\/1.gif\" \/>\n<meta name=\"twitter:card\" content=\"summary_large_image\" \/>\n<meta name=\"twitter:label1\" content=\"Gesch\u00e4tzte Lesezeit\" \/>\n\t<meta name=\"twitter:data1\" content=\"1\u00a0Minute\" \/>\n<script type=\"application\/ld+json\" class=\"yoast-schema-graph\">{\"@context\":\"https:\/\/schema.org\",\"@graph\":[{\"@type\":\"WebPage\",\"@id\":\"https:\/\/denkmalpflege.tuwien.ac.at\/index.php\/maser\/\",\"url\":\"https:\/\/denkmalpflege.tuwien.ac.at\/index.php\/maser\/\",\"name\":\"Grandits - Denkmalpflege und Bauen im Bestand\",\"isPartOf\":{\"@id\":\"https:\/\/denkmalpflege.tuwien.ac.at\/#website\"},\"primaryImageOfPage\":{\"@id\":\"https:\/\/denkmalpflege.tuwien.ac.at\/index.php\/maser\/#primaryimage\"},\"image\":{\"@id\":\"https:\/\/denkmalpflege.tuwien.ac.at\/index.php\/maser\/#primaryimage\"},\"thumbnailUrl\":\"http:\/\/denkmalpflege.tuwien.ac.at\/wp-content\/uploads\/2015\/12\/1.gif\",\"datePublished\":\"2015-12-01T09:57:14+00:00\",\"dateModified\":\"2023-10-22T11:13:04+00:00\",\"breadcrumb\":{\"@id\":\"https:\/\/denkmalpflege.tuwien.ac.at\/index.php\/maser\/#breadcrumb\"},\"inLanguage\":\"de\",\"potentialAction\":[{\"@type\":\"ReadAction\",\"target\":[\"https:\/\/denkmalpflege.tuwien.ac.at\/index.php\/maser\/\"]}]},{\"@type\":\"ImageObject\",\"inLanguage\":\"de\",\"@id\":\"https:\/\/denkmalpflege.tuwien.ac.at\/index.php\/maser\/#primaryimage\",\"url\":\"https:\/\/denkmalpflege.tuwien.ac.at\/wp-content\/uploads\/2015\/12\/1.gif\",\"contentUrl\":\"https:\/\/denkmalpflege.tuwien.ac.at\/wp-content\/uploads\/2015\/12\/1.gif\",\"width\":\"226\",\"height\":\"260\"},{\"@type\":\"BreadcrumbList\",\"@id\":\"https:\/\/denkmalpflege.tuwien.ac.at\/index.php\/maser\/#breadcrumb\",\"itemListElement\":[{\"@type\":\"ListItem\",\"position\":1,\"name\":\"Startseite\",\"item\":\"https:\/\/denkmalpflege.tuwien.ac.at\/\"},{\"@type\":\"ListItem\",\"position\":2,\"name\":\"Grandits\"}]},{\"@type\":\"WebSite\",\"@id\":\"https:\/\/denkmalpflege.tuwien.ac.at\/#website\",\"url\":\"https:\/\/denkmalpflege.tuwien.ac.at\/\",\"name\":\"Denkmalpflege und Bauen im Bestand\",\"description\":\"Denkmalpflege TU Wien\",\"publisher\":{\"@id\":\"https:\/\/denkmalpflege.tuwien.ac.at\/#organization\"},\"potentialAction\":[{\"@type\":\"SearchAction\",\"target\":{\"@type\":\"EntryPoint\",\"urlTemplate\":\"https:\/\/denkmalpflege.tuwien.ac.at\/?s={search_term_string}\"},\"query-input\":{\"@type\":\"PropertyValueSpecification\",\"valueRequired\":true,\"valueName\":\"search_term_string\"}}],\"inLanguage\":\"de\"},{\"@type\":\"Organization\",\"@id\":\"https:\/\/denkmalpflege.tuwien.ac.at\/#organization\",\"name\":\"TU Wien Denkmalpflege und Bauen im Bestand\",\"url\":\"https:\/\/denkmalpflege.tuwien.ac.at\/\",\"logo\":{\"@type\":\"ImageObject\",\"inLanguage\":\"de\",\"@id\":\"https:\/\/denkmalpflege.tuwien.ac.at\/#\/schema\/logo\/image\/\",\"url\":\"https:\/\/denkmalpflege.tuwien.ac.at\/wp-content\/uploads\/2019\/10\/Logo1.png\",\"contentUrl\":\"https:\/\/denkmalpflege.tuwien.ac.at\/wp-content\/uploads\/2019\/10\/Logo1.png\",\"width\":222,\"height\":79,\"caption\":\"TU Wien Denkmalpflege und Bauen im Bestand\"},\"image\":{\"@id\":\"https:\/\/denkmalpflege.tuwien.ac.at\/#\/schema\/logo\/image\/\"}}]}<\/script>\n<!-- \/ Yoast SEO plugin. -->","yoast_head_json":{"title":"Grandits - Denkmalpflege und Bauen im Bestand","robots":{"index":"index","follow":"follow","max-snippet":"max-snippet:-1","max-image-preview":"max-image-preview:large","max-video-preview":"max-video-preview:-1"},"canonical":"https:\/\/denkmalpflege.tuwien.ac.at\/index.php\/maser\/","og_locale":"de_DE","og_type":"article","og_title":"Grandits - Denkmalpflege und Bauen im Bestand","og_description":"Archiv Jasmin M\u00c4SER 2015 gestern| heute| morgenVilla Bachmann- B\u00fcrgerliches Wohnen der Zwischenkriegsjahre 1926 wurde vom Bauherrn und Arzt Dr. Rudolf Bachmann ein Wohnhaus mit zugeh\u00f6riger Praxis in unmittelbarer N\u00e4he zum Stadtzentrum von Dornbirn im Land Vorarlberg in Auftrag gegeben. Im August 2013 erfolgte die Unterschutzstellung der nach den Pl\u00e4nen von Architekt Wilhelm Fleisch gestalteten Villa Bachmann samt Gartenanlage und einigen Ausstattungselementen. Die in der Villengegend der ehemaligen Textilindustriellen situierte VillaRead More","og_url":"https:\/\/denkmalpflege.tuwien.ac.at\/index.php\/maser\/","og_site_name":"Denkmalpflege und Bauen im Bestand","article_modified_time":"2023-10-22T11:13:04+00:00","og_image":[{"url":"http:\/\/denkmalpflege.tuwien.ac.at\/wp-content\/uploads\/2015\/12\/1.gif","type":"","width":"","height":""}],"twitter_card":"summary_large_image","twitter_misc":{"Gesch\u00e4tzte Lesezeit":"1\u00a0Minute"},"schema":{"@context":"https:\/\/schema.org","@graph":[{"@type":"WebPage","@id":"https:\/\/denkmalpflege.tuwien.ac.at\/index.php\/maser\/","url":"https:\/\/denkmalpflege.tuwien.ac.at\/index.php\/maser\/","name":"Grandits - Denkmalpflege und Bauen im Bestand","isPartOf":{"@id":"https:\/\/denkmalpflege.tuwien.ac.at\/#website"},"primaryImageOfPage":{"@id":"https:\/\/denkmalpflege.tuwien.ac.at\/index.php\/maser\/#primaryimage"},"image":{"@id":"https:\/\/denkmalpflege.tuwien.ac.at\/index.php\/maser\/#primaryimage"},"thumbnailUrl":"http:\/\/denkmalpflege.tuwien.ac.at\/wp-content\/uploads\/2015\/12\/1.gif","datePublished":"2015-12-01T09:57:14+00:00","dateModified":"2023-10-22T11:13:04+00:00","breadcrumb":{"@id":"https:\/\/denkmalpflege.tuwien.ac.at\/index.php\/maser\/#breadcrumb"},"inLanguage":"de","potentialAction":[{"@type":"ReadAction","target":["https:\/\/denkmalpflege.tuwien.ac.at\/index.php\/maser\/"]}]},{"@type":"ImageObject","inLanguage":"de","@id":"https:\/\/denkmalpflege.tuwien.ac.at\/index.php\/maser\/#primaryimage","url":"https:\/\/denkmalpflege.tuwien.ac.at\/wp-content\/uploads\/2015\/12\/1.gif","contentUrl":"https:\/\/denkmalpflege.tuwien.ac.at\/wp-content\/uploads\/2015\/12\/1.gif","width":"226","height":"260"},{"@type":"BreadcrumbList","@id":"https:\/\/denkmalpflege.tuwien.ac.at\/index.php\/maser\/#breadcrumb","itemListElement":[{"@type":"ListItem","position":1,"name":"Startseite","item":"https:\/\/denkmalpflege.tuwien.ac.at\/"},{"@type":"ListItem","position":2,"name":"Grandits"}]},{"@type":"WebSite","@id":"https:\/\/denkmalpflege.tuwien.ac.at\/#website","url":"https:\/\/denkmalpflege.tuwien.ac.at\/","name":"Denkmalpflege und Bauen im Bestand","description":"Denkmalpflege TU Wien","publisher":{"@id":"https:\/\/denkmalpflege.tuwien.ac.at\/#organization"},"potentialAction":[{"@type":"SearchAction","target":{"@type":"EntryPoint","urlTemplate":"https:\/\/denkmalpflege.tuwien.ac.at\/?s={search_term_string}"},"query-input":{"@type":"PropertyValueSpecification","valueRequired":true,"valueName":"search_term_string"}}],"inLanguage":"de"},{"@type":"Organization","@id":"https:\/\/denkmalpflege.tuwien.ac.at\/#organization","name":"TU Wien Denkmalpflege und Bauen im Bestand","url":"https:\/\/denkmalpflege.tuwien.ac.at\/","logo":{"@type":"ImageObject","inLanguage":"de","@id":"https:\/\/denkmalpflege.tuwien.ac.at\/#\/schema\/logo\/image\/","url":"https:\/\/denkmalpflege.tuwien.ac.at\/wp-content\/uploads\/2019\/10\/Logo1.png","contentUrl":"https:\/\/denkmalpflege.tuwien.ac.at\/wp-content\/uploads\/2019\/10\/Logo1.png","width":222,"height":79,"caption":"TU Wien Denkmalpflege und Bauen im Bestand"},"image":{"@id":"https:\/\/denkmalpflege.tuwien.ac.at\/#\/schema\/logo\/image\/"}}]}},"_links":{"self":[{"href":"https:\/\/denkmalpflege.tuwien.ac.at\/index.php\/wp-json\/wp\/v2\/pages\/9767","targetHints":{"allow":["GET"]}}],"collection":[{"href":"https:\/\/denkmalpflege.tuwien.ac.at\/index.php\/wp-json\/wp\/v2\/pages"}],"about":[{"href":"https:\/\/denkmalpflege.tuwien.ac.at\/index.php\/wp-json\/wp\/v2\/types\/page"}],"author":[{"embeddable":true,"href":"https:\/\/denkmalpflege.tuwien.ac.at\/index.php\/wp-json\/wp\/v2\/users\/1"}],"replies":[{"embeddable":true,"href":"https:\/\/denkmalpflege.tuwien.ac.at\/index.php\/wp-json\/wp\/v2\/comments?post=9767"}],"version-history":[{"count":13,"href":"https:\/\/denkmalpflege.tuwien.ac.at\/index.php\/wp-json\/wp\/v2\/pages\/9767\/revisions"}],"predecessor-version":[{"id":28196,"href":"https:\/\/denkmalpflege.tuwien.ac.at\/index.php\/wp-json\/wp\/v2\/pages\/9767\/revisions\/28196"}],"wp:attachment":[{"href":"https:\/\/denkmalpflege.tuwien.ac.at\/index.php\/wp-json\/wp\/v2\/media?parent=9767"}],"curies":[{"name":"wp","href":"https:\/\/api.w.org\/{rel}","templated":true}]}}