{"id":8660,"date":"2015-06-01T18:12:40","date_gmt":"2015-06-01T16:12:40","guid":{"rendered":"http:\/\/denkmalpflege1.e251.tuwien.ac.at\/?page_id=8660"},"modified":"2015-06-01T18:12:40","modified_gmt":"2015-06-01T16:12:40","slug":"agnes-liebsch","status":"publish","type":"page","link":"https:\/\/denkmalpflege.tuwien.ac.at\/index.php\/agnes-liebsch\/","title":{"rendered":"Agnes Liebsch"},"content":{"rendered":"<div class=\"mitarbeiter\">\n<div class=\"grey\">\n<img decoding=\"async\" class=\"alignnone size-full wp-image-165\" src=\"http:\/\/denkmalpflege1.e251.tuwien.ac.at\/wp-content\/uploads\/2015\/05\/2.gif\" alt=\"\" width=\"130\" height=\"113\" \/> <a class=\"right_link\" href=\"laufende-dissertationen-bei-prof-n-caviezel\">&lt; Alle Arbeiten<\/a><br \/>\n<b>Dvo\u0159\u00e1k TV \u2013<br \/>\n\u00fcber die Vermittlung denkmalpflegerischer Themen im deutschsprachigen Fernsehen<br \/>\n<\/b><br \/>\n<strong>2014 Agnes Liebsch, Univ. Ass. Dipl. Ing. Mag. <\/strong><\/p>\n<div class='breakline'><\/div>\n<\/div>\n<div class=\"greyfield\">\u201eDoch was \u00fcberall geweckt werden kann, was sich jedermann ohne besondere Studien und Spezialkenntnisse aneignen kann, wenn er nur guten Willen hat, ist Piet\u00e4t f\u00fcr alles historisch Gewordene\u201c<br \/>\nSchon 1916 erkannte Max Dvo\u0159\u00e1k, dass es nicht ausreicht, wenn denkmalpflegerische Probleme rein im Kreis von Fachleuten diskutiert werden \u2013 vielmehr sollte ein grunds\u00e4tzliches Verst\u00e4ndnis f\u00fcr die Thematik an die breite Bev\u00f6lkerung vermittelt werden, um Denkmalschutz erfolgreich in \u00d6sterreich praktizieren zu k\u00f6nnen.<br \/>\n2014 \u2013 fast 100 Jahre nach der Erstauflage Dvo\u0159\u00e1ks Katechismus \u2013 existiert immer noch dieselbe Herausforderung, allerdings gibt es inzwischen ein Wort daf\u00fcr: \u201eDenkmalvermittlung\u201c. Dieser Begriff umfasst die gesamte Kommunikation zwischen Fachleuten und Laien. <\/p>\n<p>Die geplante Dissertation soll sich einem Teilgebiet der Denkmalvermittlung widmen: Dem Fernsehen.<br \/>\nIm deutschsprachigen Raum gibt es t\u00e4glich mindestens eine Sendung zu denkmalpflegerischen Themen mit Titeln wie \u201eDenkmalschutz in \u00d6sterreich\u201c, \u201eB\u00f6se Bauten\u201c oder \u201eRealer Irrsinn: Denkmalschutz f\u00fcr Betonbr\u00fccke\u201c. Vergleicht man die H\u00e4ufigkeit der Beitr\u00e4ge und die Reichweite des Fernsehens mit anderen Vermittlungsmedien, wie Zeitschriften oder Ausstellungen, z\u00e4hlt das Fernsehen zweifelsohne zu den wichtigsten M\u00f6glichkeiten, die Thematik der Denkmalpflege der Bev\u00f6lkerung n\u00e4herzubringen.<br \/>\nZiel der Arbeit ist es, die Potentiale und m\u00f6gliche Problematik der Behandlung denkmalpflegerischer Themen im Fernsehen zu untersuchen. Da dieses Thema bisher nicht systematisch behandelt wurde, soll sowohl die historische Entwicklung als auch die aktuelle Situation beleuchtet werden. Die Untersuchung beschr\u00e4nkt sich auf den deutschsprachigen Raum und behandelt die L\u00e4nder Deutschland, \u00d6sterreich und Schweiz.<br \/>\nDas Ergebnis der Arbeit soll einen Leitfaden bieten, der sowohl f\u00fcr Denkmalpfleger als auch f\u00fcr TV-schaffende Erkenntnisse bietet und zur Sensibilisierung f\u00fcr die Bed\u00fcrfnisse, Interessen und Zw\u00e4nge beider Seiten beitr\u00e4gt. <\/p>\n<\/div>\n<p><span> <\/span><\/p>\n<p><img decoding=\"async\" src=\"http:\/\/denkmalpflege1.e251.tuwien.ac.at\/wp-content\/uploads\/2015\/06\/1b.gif\"alt=\"width=&quot;643&quot;\" width=\"965\" height=\"\" \/><\/p>\n<div class='greyfield'>\n<div class=\"text\">Abb1: Dvo\u0159\u00e1k TV \u2013 Sofiens\u00e4le<br \/>\nFotomontage Agnes Liebsch<br \/>\nAbb2: Pfarrer Thomas Schwartz bewirbt den Kauf von Anteilen am Kirchenhimmel, um die Sanierung des Freskos zu finanzieren.<br \/>\nBayrischer Rundfunk, Abendschau, Kirchensanierung &#8211; ein St\u00fcck vom Himmel, 04.06.2014, 00:02:08, Ausschnitt 00:32<br \/>\nAbb3: Ulrich Delles vom staatlichen Bauamt Bamberg erkl\u00e4rt Reporterin Uschi Schmidt welche Sanierungsarbeiten an den T\u00fcrmen der Basilika Vierzehnheiligen durchgef\u00fchrt werden.<br \/>\nBayrischer Rundfunk, Frankenschau aktuell, Aufwendige Sanierung, 17.11.2014, 00:07:13, Ausschnitt 00:05:19<\/p>\n<\/div>\n<div class='breakline'><\/div>\n<\/div>\n<\/div>\n","protected":false},"excerpt":{"rendered":"<p>&lt; Alle Arbeiten Dvo\u0159\u00e1k TV \u2013 \u00fcber die Vermittlung denkmalpflegerischer Themen im deutschsprachigen Fernsehen 2014 Agnes Liebsch, Univ. Ass. Dipl. Ing. Mag. \u201eDoch was \u00fcberall geweckt werden kann, was sich jedermann ohne besondere Studien und Spezialkenntnisse aneignen kann, wenn er nur guten Willen hat, ist Piet\u00e4t f\u00fcr alles historisch Gewordene\u201c Schon 1916 erkannte Max Dvo\u0159\u00e1k, dass es nicht ausreicht, wenn denkmalpflegerische Probleme rein im Kreis von Fachleuten diskutiert werden \u2013<\/p>\n<div class=\"belowpost\"><a class=\"btnmore icon-arrow\" href=\"https:\/\/denkmalpflege.tuwien.ac.at\/index.php\/agnes-liebsch\/\"><span>Read More<\/span><\/a><\/div>\n","protected":false},"author":1,"featured_media":0,"parent":0,"menu_order":0,"comment_status":"open","ping_status":"open","template":"","meta":{"footnotes":""},"class_list":["post-8660","page","type-page","status-publish","hentry"],"yoast_head":"<!-- This site is optimized with the Yoast SEO plugin v26.0 - https:\/\/yoast.com\/wordpress\/plugins\/seo\/ -->\n<title>Agnes Liebsch - Denkmalpflege und Bauen im Bestand<\/title>\n<meta name=\"robots\" content=\"index, follow, max-snippet:-1, max-image-preview:large, max-video-preview:-1\" \/>\n<link rel=\"canonical\" href=\"https:\/\/denkmalpflege.tuwien.ac.at\/index.php\/agnes-liebsch\/\" \/>\n<meta property=\"og:locale\" content=\"de_DE\" \/>\n<meta property=\"og:type\" content=\"article\" \/>\n<meta property=\"og:title\" content=\"Agnes Liebsch - Denkmalpflege und Bauen im Bestand\" \/>\n<meta property=\"og:description\" content=\"&lt; Alle Arbeiten Dvo\u0159\u00e1k TV \u2013 \u00fcber die Vermittlung denkmalpflegerischer Themen im deutschsprachigen Fernsehen 2014 Agnes Liebsch, Univ. Ass. Dipl. Ing. Mag. \u201eDoch was \u00fcberall geweckt werden kann, was sich jedermann ohne besondere Studien und Spezialkenntnisse aneignen kann, wenn er nur guten Willen hat, ist Piet\u00e4t f\u00fcr alles historisch Gewordene\u201c Schon 1916 erkannte Max Dvo\u0159\u00e1k, dass es nicht ausreicht, wenn denkmalpflegerische Probleme rein im Kreis von Fachleuten diskutiert werden \u2013Read More\" \/>\n<meta property=\"og:url\" content=\"https:\/\/denkmalpflege.tuwien.ac.at\/index.php\/agnes-liebsch\/\" \/>\n<meta property=\"og:site_name\" content=\"Denkmalpflege und Bauen im Bestand\" \/>\n<meta name=\"twitter:card\" content=\"summary_large_image\" \/>\n<meta name=\"twitter:label1\" content=\"Gesch\u00e4tzte Lesezeit\" \/>\n\t<meta name=\"twitter:data1\" content=\"2\u00a0Minuten\" \/>\n<script type=\"application\/ld+json\" class=\"yoast-schema-graph\">{\"@context\":\"https:\/\/schema.org\",\"@graph\":[{\"@type\":\"WebPage\",\"@id\":\"https:\/\/denkmalpflege.tuwien.ac.at\/index.php\/agnes-liebsch\/\",\"url\":\"https:\/\/denkmalpflege.tuwien.ac.at\/index.php\/agnes-liebsch\/\",\"name\":\"Agnes Liebsch - Denkmalpflege und Bauen im Bestand\",\"isPartOf\":{\"@id\":\"https:\/\/denkmalpflege.tuwien.ac.at\/#website\"},\"primaryImageOfPage\":{\"@id\":\"https:\/\/denkmalpflege.tuwien.ac.at\/index.php\/agnes-liebsch\/#primaryimage\"},\"image\":{\"@id\":\"https:\/\/denkmalpflege.tuwien.ac.at\/index.php\/agnes-liebsch\/#primaryimage\"},\"thumbnailUrl\":\"http:\/\/denkmalpflege1.e251.tuwien.ac.at\/wp-content\/uploads\/2015\/05\/2.gif\",\"datePublished\":\"2015-06-01T16:12:40+00:00\",\"breadcrumb\":{\"@id\":\"https:\/\/denkmalpflege.tuwien.ac.at\/index.php\/agnes-liebsch\/#breadcrumb\"},\"inLanguage\":\"de\",\"potentialAction\":[{\"@type\":\"ReadAction\",\"target\":[\"https:\/\/denkmalpflege.tuwien.ac.at\/index.php\/agnes-liebsch\/\"]}]},{\"@type\":\"ImageObject\",\"inLanguage\":\"de\",\"@id\":\"https:\/\/denkmalpflege.tuwien.ac.at\/index.php\/agnes-liebsch\/#primaryimage\",\"url\":\"http:\/\/denkmalpflege1.e251.tuwien.ac.at\/wp-content\/uploads\/2015\/05\/2.gif\",\"contentUrl\":\"http:\/\/denkmalpflege1.e251.tuwien.ac.at\/wp-content\/uploads\/2015\/05\/2.gif\"},{\"@type\":\"BreadcrumbList\",\"@id\":\"https:\/\/denkmalpflege.tuwien.ac.at\/index.php\/agnes-liebsch\/#breadcrumb\",\"itemListElement\":[{\"@type\":\"ListItem\",\"position\":1,\"name\":\"Startseite\",\"item\":\"https:\/\/denkmalpflege.tuwien.ac.at\/\"},{\"@type\":\"ListItem\",\"position\":2,\"name\":\"Agnes Liebsch\"}]},{\"@type\":\"WebSite\",\"@id\":\"https:\/\/denkmalpflege.tuwien.ac.at\/#website\",\"url\":\"https:\/\/denkmalpflege.tuwien.ac.at\/\",\"name\":\"Denkmalpflege und Bauen im Bestand\",\"description\":\"Denkmalpflege TU Wien\",\"publisher\":{\"@id\":\"https:\/\/denkmalpflege.tuwien.ac.at\/#organization\"},\"potentialAction\":[{\"@type\":\"SearchAction\",\"target\":{\"@type\":\"EntryPoint\",\"urlTemplate\":\"https:\/\/denkmalpflege.tuwien.ac.at\/?s={search_term_string}\"},\"query-input\":{\"@type\":\"PropertyValueSpecification\",\"valueRequired\":true,\"valueName\":\"search_term_string\"}}],\"inLanguage\":\"de\"},{\"@type\":\"Organization\",\"@id\":\"https:\/\/denkmalpflege.tuwien.ac.at\/#organization\",\"name\":\"TU Wien Denkmalpflege und Bauen im Bestand\",\"url\":\"https:\/\/denkmalpflege.tuwien.ac.at\/\",\"logo\":{\"@type\":\"ImageObject\",\"inLanguage\":\"de\",\"@id\":\"https:\/\/denkmalpflege.tuwien.ac.at\/#\/schema\/logo\/image\/\",\"url\":\"https:\/\/denkmalpflege.tuwien.ac.at\/wp-content\/uploads\/2019\/10\/Logo1.png\",\"contentUrl\":\"https:\/\/denkmalpflege.tuwien.ac.at\/wp-content\/uploads\/2019\/10\/Logo1.png\",\"width\":222,\"height\":79,\"caption\":\"TU Wien Denkmalpflege und Bauen im Bestand\"},\"image\":{\"@id\":\"https:\/\/denkmalpflege.tuwien.ac.at\/#\/schema\/logo\/image\/\"}}]}<\/script>\n<!-- \/ Yoast SEO plugin. -->","yoast_head_json":{"title":"Agnes Liebsch - Denkmalpflege und Bauen im Bestand","robots":{"index":"index","follow":"follow","max-snippet":"max-snippet:-1","max-image-preview":"max-image-preview:large","max-video-preview":"max-video-preview:-1"},"canonical":"https:\/\/denkmalpflege.tuwien.ac.at\/index.php\/agnes-liebsch\/","og_locale":"de_DE","og_type":"article","og_title":"Agnes Liebsch - Denkmalpflege und Bauen im Bestand","og_description":"&lt; Alle Arbeiten Dvo\u0159\u00e1k TV \u2013 \u00fcber die Vermittlung denkmalpflegerischer Themen im deutschsprachigen Fernsehen 2014 Agnes Liebsch, Univ. Ass. Dipl. Ing. Mag. \u201eDoch was \u00fcberall geweckt werden kann, was sich jedermann ohne besondere Studien und Spezialkenntnisse aneignen kann, wenn er nur guten Willen hat, ist Piet\u00e4t f\u00fcr alles historisch Gewordene\u201c Schon 1916 erkannte Max Dvo\u0159\u00e1k, dass es nicht ausreicht, wenn denkmalpflegerische Probleme rein im Kreis von Fachleuten diskutiert werden \u2013Read More","og_url":"https:\/\/denkmalpflege.tuwien.ac.at\/index.php\/agnes-liebsch\/","og_site_name":"Denkmalpflege und Bauen im Bestand","twitter_card":"summary_large_image","twitter_misc":{"Gesch\u00e4tzte Lesezeit":"2\u00a0Minuten"},"schema":{"@context":"https:\/\/schema.org","@graph":[{"@type":"WebPage","@id":"https:\/\/denkmalpflege.tuwien.ac.at\/index.php\/agnes-liebsch\/","url":"https:\/\/denkmalpflege.tuwien.ac.at\/index.php\/agnes-liebsch\/","name":"Agnes Liebsch - Denkmalpflege und Bauen im Bestand","isPartOf":{"@id":"https:\/\/denkmalpflege.tuwien.ac.at\/#website"},"primaryImageOfPage":{"@id":"https:\/\/denkmalpflege.tuwien.ac.at\/index.php\/agnes-liebsch\/#primaryimage"},"image":{"@id":"https:\/\/denkmalpflege.tuwien.ac.at\/index.php\/agnes-liebsch\/#primaryimage"},"thumbnailUrl":"http:\/\/denkmalpflege1.e251.tuwien.ac.at\/wp-content\/uploads\/2015\/05\/2.gif","datePublished":"2015-06-01T16:12:40+00:00","breadcrumb":{"@id":"https:\/\/denkmalpflege.tuwien.ac.at\/index.php\/agnes-liebsch\/#breadcrumb"},"inLanguage":"de","potentialAction":[{"@type":"ReadAction","target":["https:\/\/denkmalpflege.tuwien.ac.at\/index.php\/agnes-liebsch\/"]}]},{"@type":"ImageObject","inLanguage":"de","@id":"https:\/\/denkmalpflege.tuwien.ac.at\/index.php\/agnes-liebsch\/#primaryimage","url":"http:\/\/denkmalpflege1.e251.tuwien.ac.at\/wp-content\/uploads\/2015\/05\/2.gif","contentUrl":"http:\/\/denkmalpflege1.e251.tuwien.ac.at\/wp-content\/uploads\/2015\/05\/2.gif"},{"@type":"BreadcrumbList","@id":"https:\/\/denkmalpflege.tuwien.ac.at\/index.php\/agnes-liebsch\/#breadcrumb","itemListElement":[{"@type":"ListItem","position":1,"name":"Startseite","item":"https:\/\/denkmalpflege.tuwien.ac.at\/"},{"@type":"ListItem","position":2,"name":"Agnes Liebsch"}]},{"@type":"WebSite","@id":"https:\/\/denkmalpflege.tuwien.ac.at\/#website","url":"https:\/\/denkmalpflege.tuwien.ac.at\/","name":"Denkmalpflege und Bauen im Bestand","description":"Denkmalpflege TU Wien","publisher":{"@id":"https:\/\/denkmalpflege.tuwien.ac.at\/#organization"},"potentialAction":[{"@type":"SearchAction","target":{"@type":"EntryPoint","urlTemplate":"https:\/\/denkmalpflege.tuwien.ac.at\/?s={search_term_string}"},"query-input":{"@type":"PropertyValueSpecification","valueRequired":true,"valueName":"search_term_string"}}],"inLanguage":"de"},{"@type":"Organization","@id":"https:\/\/denkmalpflege.tuwien.ac.at\/#organization","name":"TU Wien Denkmalpflege und Bauen im Bestand","url":"https:\/\/denkmalpflege.tuwien.ac.at\/","logo":{"@type":"ImageObject","inLanguage":"de","@id":"https:\/\/denkmalpflege.tuwien.ac.at\/#\/schema\/logo\/image\/","url":"https:\/\/denkmalpflege.tuwien.ac.at\/wp-content\/uploads\/2019\/10\/Logo1.png","contentUrl":"https:\/\/denkmalpflege.tuwien.ac.at\/wp-content\/uploads\/2019\/10\/Logo1.png","width":222,"height":79,"caption":"TU Wien Denkmalpflege und Bauen im Bestand"},"image":{"@id":"https:\/\/denkmalpflege.tuwien.ac.at\/#\/schema\/logo\/image\/"}}]}},"_links":{"self":[{"href":"https:\/\/denkmalpflege.tuwien.ac.at\/index.php\/wp-json\/wp\/v2\/pages\/8660","targetHints":{"allow":["GET"]}}],"collection":[{"href":"https:\/\/denkmalpflege.tuwien.ac.at\/index.php\/wp-json\/wp\/v2\/pages"}],"about":[{"href":"https:\/\/denkmalpflege.tuwien.ac.at\/index.php\/wp-json\/wp\/v2\/types\/page"}],"author":[{"embeddable":true,"href":"https:\/\/denkmalpflege.tuwien.ac.at\/index.php\/wp-json\/wp\/v2\/users\/1"}],"replies":[{"embeddable":true,"href":"https:\/\/denkmalpflege.tuwien.ac.at\/index.php\/wp-json\/wp\/v2\/comments?post=8660"}],"version-history":[{"count":29,"href":"https:\/\/denkmalpflege.tuwien.ac.at\/index.php\/wp-json\/wp\/v2\/pages\/8660\/revisions"}],"predecessor-version":[{"id":17598,"href":"https:\/\/denkmalpflege.tuwien.ac.at\/index.php\/wp-json\/wp\/v2\/pages\/8660\/revisions\/17598"}],"wp:attachment":[{"href":"https:\/\/denkmalpflege.tuwien.ac.at\/index.php\/wp-json\/wp\/v2\/media?parent=8660"}],"curies":[{"name":"wp","href":"https:\/\/api.w.org\/{rel}","templated":true}]}}