{"id":5010,"date":"2014-02-10T18:32:38","date_gmt":"2014-02-10T17:32:38","guid":{"rendered":"http:\/\/denkmalpflege1.e251.tuwien.ac.at\/?page_id=5010"},"modified":"2023-10-22T13:20:36","modified_gmt":"2023-10-22T11:20:36","slug":"aschauer","status":"publish","type":"page","link":"https:\/\/denkmalpflege.tuwien.ac.at\/index.php\/aschauer\/","title":{"rendered":"Andrea ASCHAUER"},"content":{"rendered":"\t\t<div data-elementor-type=\"wp-page\" data-elementor-id=\"5010\" class=\"elementor elementor-5010\" data-elementor-post-type=\"page\">\n\t\t\t\t\t\t<section class=\"elementor-section elementor-top-section elementor-element elementor-element-661beb43 elementor-section-full_width elementor-section-height-default elementor-section-height-default\" data-id=\"661beb43\" data-element_type=\"section\">\n\t\t\t\t\t\t<div class=\"elementor-container elementor-column-gap-default\">\n\t\t\t\t\t<div class=\"elementor-column elementor-col-50 elementor-top-column elementor-element elementor-element-56278288\" data-id=\"56278288\" data-element_type=\"column\">\n\t\t\t<div class=\"elementor-widget-wrap elementor-element-populated\">\n\t\t\t\t\t\t<div class=\"elementor-element elementor-element-390542e1 elementor-widget elementor-widget-heading\" data-id=\"390542e1\" data-element_type=\"widget\" data-widget_type=\"heading.default\">\n\t\t\t\t<div class=\"elementor-widget-container\">\n\t\t\t\t\t<h2 class=\"elementor-heading-title elementor-size-default\"><a href=\"https:\/\/denkmalpflege.tuwien.ac.at\/index.php\/abgeschlossene-dipl-caviezel\/\">Archiv<\/a><\/h2>\t\t\t\t<\/div>\n\t\t\t\t<\/div>\n\t\t\t\t\t<\/div>\n\t\t<\/div>\n\t\t\t\t<div class=\"elementor-column elementor-col-50 elementor-top-column elementor-element elementor-element-1e5033d3\" data-id=\"1e5033d3\" data-element_type=\"column\">\n\t\t\t<div class=\"elementor-widget-wrap elementor-element-populated\">\n\t\t\t\t\t\t<div class=\"elementor-element elementor-element-363f6ae7 elementor-widget elementor-widget-heading\" data-id=\"363f6ae7\" data-element_type=\"widget\" data-widget_type=\"heading.default\">\n\t\t\t\t<div class=\"elementor-widget-container\">\n\t\t\t\t\t<h2 class=\"elementor-heading-title elementor-size-default\">Andrea ASCHAUER<span style=\"float: right\"> 2013<\/span>\n<\/h2>\t\t\t\t<\/div>\n\t\t\t\t<\/div>\n\t\t\t\t\t<\/div>\n\t\t<\/div>\n\t\t\t\t\t<\/div>\n\t\t<\/section>\n\t\t\t\t<section class=\"elementor-section elementor-top-section elementor-element elementor-element-7d3ef3ba elementor-section-full_width elementor-section-height-default elementor-section-height-default\" data-id=\"7d3ef3ba\" data-element_type=\"section\">\n\t\t\t\t\t\t<div class=\"elementor-container elementor-column-gap-default\">\n\t\t\t\t\t<div class=\"elementor-column elementor-col-50 elementor-top-column elementor-element elementor-element-5660e56a\" data-id=\"5660e56a\" data-element_type=\"column\">\n\t\t\t<div class=\"elementor-widget-wrap elementor-element-populated\">\n\t\t\t\t\t\t<div class=\"elementor-element elementor-element-4e871dc3 elementor-nav-menu__align-start elementor-nav-menu--dropdown-mobile elementor-nav-menu__text-align-aside elementor-nav-menu--toggle elementor-nav-menu--burger elementor-widget elementor-widget-nav-menu\" data-id=\"4e871dc3\" data-element_type=\"widget\" data-settings=\"{&quot;layout&quot;:&quot;vertical&quot;,&quot;submenu_icon&quot;:{&quot;value&quot;:&quot;&lt;i class=\\&quot;\\&quot; aria-hidden=\\&quot;true\\&quot;&gt;&lt;\\\/i&gt;&quot;,&quot;library&quot;:&quot;&quot;},&quot;toggle&quot;:&quot;burger&quot;}\" data-widget_type=\"nav-menu.default\">\n\t\t\t\t<div class=\"elementor-widget-container\">\n\t\t\t\t\t\t\t\t<nav aria-label=\"Men\u00fc\" class=\"elementor-nav-menu--main elementor-nav-menu__container elementor-nav-menu--layout-vertical e--pointer-none\">\n\t\t\t\t<ul id=\"menu-1-4e871dc3\" class=\"elementor-nav-menu sm-vertical\"><li class=\"menu-item menu-item-type-post_type menu-item-object-page menu-item-27442\"><a href=\"https:\/\/denkmalpflege.tuwien.ac.at\/index.php\/diplomarbeiten\/\" class=\"elementor-item\">Diplomarbeiten<\/a><\/li>\n<li class=\"menu-item menu-item-type-post_type menu-item-object-page menu-item-16203\"><a href=\"https:\/\/denkmalpflege.tuwien.ac.at\/index.php\/laufende-dissertationen\/\" class=\"elementor-item\">Dissertationen<\/a><\/li>\n<\/ul>\t\t\t<\/nav>\n\t\t\t\t\t<div class=\"elementor-menu-toggle\" role=\"button\" tabindex=\"0\" aria-label=\"Men\u00fc Umschalter\" aria-expanded=\"false\">\n\t\t\t<i aria-hidden=\"true\" role=\"presentation\" class=\"elementor-menu-toggle__icon--open eicon-menu-bar\"><\/i><i aria-hidden=\"true\" role=\"presentation\" class=\"elementor-menu-toggle__icon--close eicon-close\"><\/i>\t\t<\/div>\n\t\t\t\t\t<nav class=\"elementor-nav-menu--dropdown elementor-nav-menu__container\" aria-hidden=\"true\">\n\t\t\t\t<ul id=\"menu-2-4e871dc3\" class=\"elementor-nav-menu sm-vertical\"><li class=\"menu-item menu-item-type-post_type menu-item-object-page menu-item-27442\"><a href=\"https:\/\/denkmalpflege.tuwien.ac.at\/index.php\/diplomarbeiten\/\" class=\"elementor-item\" tabindex=\"-1\">Diplomarbeiten<\/a><\/li>\n<li class=\"menu-item menu-item-type-post_type menu-item-object-page menu-item-16203\"><a href=\"https:\/\/denkmalpflege.tuwien.ac.at\/index.php\/laufende-dissertationen\/\" class=\"elementor-item\" tabindex=\"-1\">Dissertationen<\/a><\/li>\n<\/ul>\t\t\t<\/nav>\n\t\t\t\t\t\t<\/div>\n\t\t\t\t<\/div>\n\t\t\t\t\t<\/div>\n\t\t<\/div>\n\t\t\t\t<div class=\"elementor-column elementor-col-50 elementor-top-column elementor-element elementor-element-52d0f3a\" data-id=\"52d0f3a\" data-element_type=\"column\">\n\t\t\t<div class=\"elementor-widget-wrap elementor-element-populated\">\n\t\t\t\t\t\t<div class=\"elementor-element elementor-element-13e909b0 elementor-widget elementor-widget-text-editor\" data-id=\"13e909b0\" data-element_type=\"widget\" data-widget_type=\"text-editor.default\">\n\t\t\t\t<div class=\"elementor-widget-container\">\n\t\t\t\t\t\t\t\t\t<p><b>Der Thalhof in Reichenau an der Rax<\/b><\/p>\t\t\t\t\t\t\t\t<\/div>\n\t\t\t\t<\/div>\n\t\t\t\t<div class=\"elementor-element elementor-element-69bc962a elementor-widget elementor-widget-spacer\" data-id=\"69bc962a\" data-element_type=\"widget\" data-widget_type=\"spacer.default\">\n\t\t\t\t<div class=\"elementor-widget-container\">\n\t\t\t\t\t\t\t<div class=\"elementor-spacer\">\n\t\t\t<div class=\"elementor-spacer-inner\"><\/div>\n\t\t<\/div>\n\t\t\t\t\t\t<\/div>\n\t\t\t\t<\/div>\n\t\t\t\t<div class=\"elementor-element elementor-element-68aa4b66 silde_dipl elementor-arrows-position-inside elementor-widget elementor-widget-image-carousel\" data-id=\"68aa4b66\" data-element_type=\"widget\" data-settings=\"{&quot;slides_to_show&quot;:&quot;1&quot;,&quot;navigation&quot;:&quot;arrows&quot;,&quot;autoplay&quot;:&quot;no&quot;,&quot;infinite&quot;:&quot;yes&quot;,&quot;effect&quot;:&quot;slide&quot;,&quot;speed&quot;:500}\" data-widget_type=\"image-carousel.default\">\n\t\t\t\t<div class=\"elementor-widget-container\">\n\t\t\t\t\t\t\t<div class=\"elementor-image-carousel-wrapper swiper\" role=\"region\" aria-roledescription=\"carousel\" aria-label=\"Bild Karussell\" dir=\"ltr\">\n\t\t\t<div class=\"elementor-image-carousel swiper-wrapper swiper-image-stretch\" aria-live=\"polite\">\n\t\t\t\t\t\t\t\t<div class=\"swiper-slide\" role=\"group\" aria-roledescription=\"slide\" aria-label=\"1 von 3\"><a data-elementor-open-lightbox=\"yes\" data-elementor-lightbox-slideshow=\"68aa4b66\" data-e-action-hash=\"#elementor-action%3Aaction%3Dlightbox%26settings%3DeyJpZCI6MTI3MzMsInVybCI6Imh0dHBzOlwvXC9kZW5rbWFscGZsZWdlLnR1d2llbi5hYy5hdFwvd3AtY29udGVudFwvdXBsb2Fkc1wvMjAxN1wvMDlcL0FfQXNjaGF1ZXIxNF8xLmpwZyIsInNsaWRlc2hvdyI6IjY4YWE0YjY2In0%3D\" href=\"https:\/\/denkmalpflege.tuwien.ac.at\/wp-content\/uploads\/2017\/09\/A_Aschauer14_1.jpg\"><figure class=\"swiper-slide-inner\"><img decoding=\"async\" class=\"swiper-slide-image\" src=\"https:\/\/denkmalpflege.tuwien.ac.at\/wp-content\/uploads\/2017\/09\/A_Aschauer14_1.jpg\" alt=\"A_Aschauer14_1\" \/><\/figure><\/a><\/div><div class=\"swiper-slide\" role=\"group\" aria-roledescription=\"slide\" aria-label=\"2 von 3\"><a data-elementor-open-lightbox=\"yes\" data-elementor-lightbox-slideshow=\"68aa4b66\" data-e-action-hash=\"#elementor-action%3Aaction%3Dlightbox%26settings%3DeyJpZCI6MTI3MzQsInVybCI6Imh0dHBzOlwvXC9kZW5rbWFscGZsZWdlLnR1d2llbi5hYy5hdFwvd3AtY29udGVudFwvdXBsb2Fkc1wvMjAxN1wvMDlcL0FfQXNjaGF1ZXIxNF8yLmpwZyIsInNsaWRlc2hvdyI6IjY4YWE0YjY2In0%3D\" href=\"https:\/\/denkmalpflege.tuwien.ac.at\/wp-content\/uploads\/2017\/09\/A_Aschauer14_2.jpg\"><figure class=\"swiper-slide-inner\"><img decoding=\"async\" class=\"swiper-slide-image\" src=\"https:\/\/denkmalpflege.tuwien.ac.at\/wp-content\/uploads\/2017\/09\/A_Aschauer14_2.jpg\" alt=\"A_Aschauer14_2\" \/><\/figure><\/a><\/div><div class=\"swiper-slide\" role=\"group\" aria-roledescription=\"slide\" aria-label=\"3 von 3\"><a data-elementor-open-lightbox=\"yes\" data-elementor-lightbox-slideshow=\"68aa4b66\" data-e-action-hash=\"#elementor-action%3Aaction%3Dlightbox%26settings%3DeyJpZCI6MTI3MzUsInVybCI6Imh0dHBzOlwvXC9kZW5rbWFscGZsZWdlLnR1d2llbi5hYy5hdFwvd3AtY29udGVudFwvdXBsb2Fkc1wvMjAxN1wvMDlcL0FfQXNjaGF1ZXIxNF9ULmpwZyIsInNsaWRlc2hvdyI6IjY4YWE0YjY2In0%3D\" href=\"https:\/\/denkmalpflege.tuwien.ac.at\/wp-content\/uploads\/2017\/09\/A_Aschauer14_T.jpg\"><figure class=\"swiper-slide-inner\"><img decoding=\"async\" class=\"swiper-slide-image\" src=\"https:\/\/denkmalpflege.tuwien.ac.at\/wp-content\/uploads\/2017\/09\/A_Aschauer14_T.jpg\" alt=\"A_Aschauer14_T\" \/><\/figure><\/a><\/div>\t\t\t<\/div>\n\t\t\t\t\t\t\t\t\t\t\t\t<div class=\"elementor-swiper-button elementor-swiper-button-prev\" role=\"button\" tabindex=\"0\">\n\t\t\t\t\t\t<i aria-hidden=\"true\" class=\"eicon-chevron-left\"><\/i>\t\t\t\t\t<\/div>\n\t\t\t\t\t<div class=\"elementor-swiper-button elementor-swiper-button-next\" role=\"button\" tabindex=\"0\">\n\t\t\t\t\t\t<i aria-hidden=\"true\" class=\"eicon-chevron-right\"><\/i>\t\t\t\t\t<\/div>\n\t\t\t\t\n\t\t\t\t\t\t\t\t\t<\/div>\n\t\t\t\t\t\t<\/div>\n\t\t\t\t<\/div>\n\t\t\t\t<div class=\"elementor-element elementor-element-6530f7c8 elementor-widget elementor-widget-spacer\" data-id=\"6530f7c8\" data-element_type=\"widget\" data-widget_type=\"spacer.default\">\n\t\t\t\t<div class=\"elementor-widget-container\">\n\t\t\t\t\t\t\t<div class=\"elementor-spacer\">\n\t\t\t<div class=\"elementor-spacer-inner\"><\/div>\n\t\t<\/div>\n\t\t\t\t\t\t<\/div>\n\t\t\t\t<\/div>\n\t\t\t\t<div class=\"elementor-element elementor-element-5e59c520 elementor-widget elementor-widget-text-editor\" data-id=\"5e59c520\" data-element_type=\"widget\" data-widget_type=\"text-editor.default\">\n\t\t\t\t<div class=\"elementor-widget-container\">\n\t\t\t\t\t\t\t\t\t<p>Der Thalhof in Reichenau an der Rax ist ein Bauerngut aus dem 17. Jahrhundert, das im Laufe des 19. Jahrhunderts im Besitz der Unternehmerfamilie Waissnix zu einem prestigetr\u00e4chtigen Hotelkomplex ausgebaut wurde. Zahlreiche namhafte G\u00e4ste w\u00e4hlten den Thalhof als Unterkunft. Neben Schriftstellern und K\u00fcnstlern war auch Kaiser Franz Joseph w\u00e4hrend seiner Aufenthalte zur Auerhahnjagd unter den G\u00e4sten. Bis zur Jahrhundertwende wurde der Thalhof kontinuierlich ausgebaut. Erst im Laufe des 20. Jahrhunderts, wohl auch wegen der schwierigen Wirtschaftslage nach den beiden Weltkriegen, verlor der Thalhof seine Vorrangstellung bei den Reisenden.<\/p>\t\t\t\t\t\t\t\t<\/div>\n\t\t\t\t<\/div>\n\t\t\t\t\t<\/div>\n\t\t<\/div>\n\t\t\t\t\t<\/div>\n\t\t<\/section>\n\t\t\t\t<\/div>\n\t\t","protected":false},"excerpt":{"rendered":"<p>Archiv Andrea ASCHAUER 2013 Der Thalhof in Reichenau an der Rax Der Thalhof in Reichenau an der Rax ist ein Bauerngut aus dem 17. Jahrhundert, das im Laufe des 19. Jahrhunderts im Besitz der Unternehmerfamilie Waissnix zu einem prestigetr\u00e4chtigen Hotelkomplex ausgebaut wurde. Zahlreiche namhafte G\u00e4ste w\u00e4hlten den Thalhof als Unterkunft. Neben Schriftstellern und K\u00fcnstlern war auch Kaiser Franz Joseph w\u00e4hrend seiner Aufenthalte zur Auerhahnjagd unter den G\u00e4sten. Bis zur Jahrhundertwende<\/p>\n<div class=\"belowpost\"><a class=\"btnmore icon-arrow\" href=\"https:\/\/denkmalpflege.tuwien.ac.at\/index.php\/aschauer\/\"><span>Read More<\/span><\/a><\/div>\n","protected":false},"author":1,"featured_media":0,"parent":0,"menu_order":0,"comment_status":"open","ping_status":"open","template":"","meta":{"footnotes":""},"class_list":["post-5010","page","type-page","status-publish","hentry"],"yoast_head":"<!-- This site is optimized with the Yoast SEO plugin v26.0 - https:\/\/yoast.com\/wordpress\/plugins\/seo\/ -->\n<title>Andrea ASCHAUER - Denkmalpflege und Bauen im Bestand<\/title>\n<meta name=\"robots\" content=\"index, follow, max-snippet:-1, max-image-preview:large, max-video-preview:-1\" \/>\n<link rel=\"canonical\" href=\"https:\/\/denkmalpflege.tuwien.ac.at\/index.php\/aschauer\/\" \/>\n<meta property=\"og:locale\" content=\"de_DE\" \/>\n<meta property=\"og:type\" content=\"article\" \/>\n<meta property=\"og:title\" content=\"Andrea ASCHAUER - Denkmalpflege und Bauen im Bestand\" \/>\n<meta property=\"og:description\" content=\"Archiv Andrea ASCHAUER 2013 Der Thalhof in Reichenau an der Rax Der Thalhof in Reichenau an der Rax ist ein Bauerngut aus dem 17. Jahrhundert, das im Laufe des 19. Jahrhunderts im Besitz der Unternehmerfamilie Waissnix zu einem prestigetr\u00e4chtigen Hotelkomplex ausgebaut wurde. Zahlreiche namhafte G\u00e4ste w\u00e4hlten den Thalhof als Unterkunft. Neben Schriftstellern und K\u00fcnstlern war auch Kaiser Franz Joseph w\u00e4hrend seiner Aufenthalte zur Auerhahnjagd unter den G\u00e4sten. Bis zur JahrhundertwendeRead More\" \/>\n<meta property=\"og:url\" content=\"https:\/\/denkmalpflege.tuwien.ac.at\/index.php\/aschauer\/\" \/>\n<meta property=\"og:site_name\" content=\"Denkmalpflege und Bauen im Bestand\" \/>\n<meta property=\"article:modified_time\" content=\"2023-10-22T11:20:36+00:00\" \/>\n<meta property=\"og:image\" content=\"http:\/\/denkmalpflege.tuwien.ac.at\/wp-content\/uploads\/2017\/09\/A_Aschauer14_1.jpg\" \/>\n<meta name=\"twitter:card\" content=\"summary_large_image\" \/>\n<meta name=\"twitter:label1\" content=\"Gesch\u00e4tzte Lesezeit\" \/>\n\t<meta name=\"twitter:data1\" content=\"1\u00a0Minute\" \/>\n<script type=\"application\/ld+json\" class=\"yoast-schema-graph\">{\"@context\":\"https:\/\/schema.org\",\"@graph\":[{\"@type\":\"WebPage\",\"@id\":\"https:\/\/denkmalpflege.tuwien.ac.at\/index.php\/aschauer\/\",\"url\":\"https:\/\/denkmalpflege.tuwien.ac.at\/index.php\/aschauer\/\",\"name\":\"Andrea ASCHAUER - Denkmalpflege und Bauen im Bestand\",\"isPartOf\":{\"@id\":\"https:\/\/denkmalpflege.tuwien.ac.at\/#website\"},\"primaryImageOfPage\":{\"@id\":\"https:\/\/denkmalpflege.tuwien.ac.at\/index.php\/aschauer\/#primaryimage\"},\"image\":{\"@id\":\"https:\/\/denkmalpflege.tuwien.ac.at\/index.php\/aschauer\/#primaryimage\"},\"thumbnailUrl\":\"http:\/\/denkmalpflege.tuwien.ac.at\/wp-content\/uploads\/2017\/09\/A_Aschauer14_1.jpg\",\"datePublished\":\"2014-02-10T17:32:38+00:00\",\"dateModified\":\"2023-10-22T11:20:36+00:00\",\"breadcrumb\":{\"@id\":\"https:\/\/denkmalpflege.tuwien.ac.at\/index.php\/aschauer\/#breadcrumb\"},\"inLanguage\":\"de\",\"potentialAction\":[{\"@type\":\"ReadAction\",\"target\":[\"https:\/\/denkmalpflege.tuwien.ac.at\/index.php\/aschauer\/\"]}]},{\"@type\":\"ImageObject\",\"inLanguage\":\"de\",\"@id\":\"https:\/\/denkmalpflege.tuwien.ac.at\/index.php\/aschauer\/#primaryimage\",\"url\":\"https:\/\/denkmalpflege.tuwien.ac.at\/wp-content\/uploads\/2017\/09\/A_Aschauer14_1.jpg\",\"contentUrl\":\"https:\/\/denkmalpflege.tuwien.ac.at\/wp-content\/uploads\/2017\/09\/A_Aschauer14_1.jpg\",\"width\":780,\"height\":249},{\"@type\":\"BreadcrumbList\",\"@id\":\"https:\/\/denkmalpflege.tuwien.ac.at\/index.php\/aschauer\/#breadcrumb\",\"itemListElement\":[{\"@type\":\"ListItem\",\"position\":1,\"name\":\"Startseite\",\"item\":\"https:\/\/denkmalpflege.tuwien.ac.at\/\"},{\"@type\":\"ListItem\",\"position\":2,\"name\":\"Andrea ASCHAUER\"}]},{\"@type\":\"WebSite\",\"@id\":\"https:\/\/denkmalpflege.tuwien.ac.at\/#website\",\"url\":\"https:\/\/denkmalpflege.tuwien.ac.at\/\",\"name\":\"Denkmalpflege und Bauen im Bestand\",\"description\":\"Denkmalpflege TU Wien\",\"publisher\":{\"@id\":\"https:\/\/denkmalpflege.tuwien.ac.at\/#organization\"},\"potentialAction\":[{\"@type\":\"SearchAction\",\"target\":{\"@type\":\"EntryPoint\",\"urlTemplate\":\"https:\/\/denkmalpflege.tuwien.ac.at\/?s={search_term_string}\"},\"query-input\":{\"@type\":\"PropertyValueSpecification\",\"valueRequired\":true,\"valueName\":\"search_term_string\"}}],\"inLanguage\":\"de\"},{\"@type\":\"Organization\",\"@id\":\"https:\/\/denkmalpflege.tuwien.ac.at\/#organization\",\"name\":\"TU Wien Denkmalpflege und Bauen im Bestand\",\"url\":\"https:\/\/denkmalpflege.tuwien.ac.at\/\",\"logo\":{\"@type\":\"ImageObject\",\"inLanguage\":\"de\",\"@id\":\"https:\/\/denkmalpflege.tuwien.ac.at\/#\/schema\/logo\/image\/\",\"url\":\"https:\/\/denkmalpflege.tuwien.ac.at\/wp-content\/uploads\/2019\/10\/Logo1.png\",\"contentUrl\":\"https:\/\/denkmalpflege.tuwien.ac.at\/wp-content\/uploads\/2019\/10\/Logo1.png\",\"width\":222,\"height\":79,\"caption\":\"TU Wien Denkmalpflege und Bauen im Bestand\"},\"image\":{\"@id\":\"https:\/\/denkmalpflege.tuwien.ac.at\/#\/schema\/logo\/image\/\"}}]}<\/script>\n<!-- \/ Yoast SEO plugin. -->","yoast_head_json":{"title":"Andrea ASCHAUER - Denkmalpflege und Bauen im Bestand","robots":{"index":"index","follow":"follow","max-snippet":"max-snippet:-1","max-image-preview":"max-image-preview:large","max-video-preview":"max-video-preview:-1"},"canonical":"https:\/\/denkmalpflege.tuwien.ac.at\/index.php\/aschauer\/","og_locale":"de_DE","og_type":"article","og_title":"Andrea ASCHAUER - Denkmalpflege und Bauen im Bestand","og_description":"Archiv Andrea ASCHAUER 2013 Der Thalhof in Reichenau an der Rax Der Thalhof in Reichenau an der Rax ist ein Bauerngut aus dem 17. Jahrhundert, das im Laufe des 19. Jahrhunderts im Besitz der Unternehmerfamilie Waissnix zu einem prestigetr\u00e4chtigen Hotelkomplex ausgebaut wurde. Zahlreiche namhafte G\u00e4ste w\u00e4hlten den Thalhof als Unterkunft. Neben Schriftstellern und K\u00fcnstlern war auch Kaiser Franz Joseph w\u00e4hrend seiner Aufenthalte zur Auerhahnjagd unter den G\u00e4sten. Bis zur JahrhundertwendeRead More","og_url":"https:\/\/denkmalpflege.tuwien.ac.at\/index.php\/aschauer\/","og_site_name":"Denkmalpflege und Bauen im Bestand","article_modified_time":"2023-10-22T11:20:36+00:00","og_image":[{"url":"http:\/\/denkmalpflege.tuwien.ac.at\/wp-content\/uploads\/2017\/09\/A_Aschauer14_1.jpg","type":"","width":"","height":""}],"twitter_card":"summary_large_image","twitter_misc":{"Gesch\u00e4tzte Lesezeit":"1\u00a0Minute"},"schema":{"@context":"https:\/\/schema.org","@graph":[{"@type":"WebPage","@id":"https:\/\/denkmalpflege.tuwien.ac.at\/index.php\/aschauer\/","url":"https:\/\/denkmalpflege.tuwien.ac.at\/index.php\/aschauer\/","name":"Andrea ASCHAUER - Denkmalpflege und Bauen im Bestand","isPartOf":{"@id":"https:\/\/denkmalpflege.tuwien.ac.at\/#website"},"primaryImageOfPage":{"@id":"https:\/\/denkmalpflege.tuwien.ac.at\/index.php\/aschauer\/#primaryimage"},"image":{"@id":"https:\/\/denkmalpflege.tuwien.ac.at\/index.php\/aschauer\/#primaryimage"},"thumbnailUrl":"http:\/\/denkmalpflege.tuwien.ac.at\/wp-content\/uploads\/2017\/09\/A_Aschauer14_1.jpg","datePublished":"2014-02-10T17:32:38+00:00","dateModified":"2023-10-22T11:20:36+00:00","breadcrumb":{"@id":"https:\/\/denkmalpflege.tuwien.ac.at\/index.php\/aschauer\/#breadcrumb"},"inLanguage":"de","potentialAction":[{"@type":"ReadAction","target":["https:\/\/denkmalpflege.tuwien.ac.at\/index.php\/aschauer\/"]}]},{"@type":"ImageObject","inLanguage":"de","@id":"https:\/\/denkmalpflege.tuwien.ac.at\/index.php\/aschauer\/#primaryimage","url":"https:\/\/denkmalpflege.tuwien.ac.at\/wp-content\/uploads\/2017\/09\/A_Aschauer14_1.jpg","contentUrl":"https:\/\/denkmalpflege.tuwien.ac.at\/wp-content\/uploads\/2017\/09\/A_Aschauer14_1.jpg","width":780,"height":249},{"@type":"BreadcrumbList","@id":"https:\/\/denkmalpflege.tuwien.ac.at\/index.php\/aschauer\/#breadcrumb","itemListElement":[{"@type":"ListItem","position":1,"name":"Startseite","item":"https:\/\/denkmalpflege.tuwien.ac.at\/"},{"@type":"ListItem","position":2,"name":"Andrea ASCHAUER"}]},{"@type":"WebSite","@id":"https:\/\/denkmalpflege.tuwien.ac.at\/#website","url":"https:\/\/denkmalpflege.tuwien.ac.at\/","name":"Denkmalpflege und Bauen im Bestand","description":"Denkmalpflege TU Wien","publisher":{"@id":"https:\/\/denkmalpflege.tuwien.ac.at\/#organization"},"potentialAction":[{"@type":"SearchAction","target":{"@type":"EntryPoint","urlTemplate":"https:\/\/denkmalpflege.tuwien.ac.at\/?s={search_term_string}"},"query-input":{"@type":"PropertyValueSpecification","valueRequired":true,"valueName":"search_term_string"}}],"inLanguage":"de"},{"@type":"Organization","@id":"https:\/\/denkmalpflege.tuwien.ac.at\/#organization","name":"TU Wien Denkmalpflege und Bauen im Bestand","url":"https:\/\/denkmalpflege.tuwien.ac.at\/","logo":{"@type":"ImageObject","inLanguage":"de","@id":"https:\/\/denkmalpflege.tuwien.ac.at\/#\/schema\/logo\/image\/","url":"https:\/\/denkmalpflege.tuwien.ac.at\/wp-content\/uploads\/2019\/10\/Logo1.png","contentUrl":"https:\/\/denkmalpflege.tuwien.ac.at\/wp-content\/uploads\/2019\/10\/Logo1.png","width":222,"height":79,"caption":"TU Wien Denkmalpflege und Bauen im Bestand"},"image":{"@id":"https:\/\/denkmalpflege.tuwien.ac.at\/#\/schema\/logo\/image\/"}}]}},"_links":{"self":[{"href":"https:\/\/denkmalpflege.tuwien.ac.at\/index.php\/wp-json\/wp\/v2\/pages\/5010","targetHints":{"allow":["GET"]}}],"collection":[{"href":"https:\/\/denkmalpflege.tuwien.ac.at\/index.php\/wp-json\/wp\/v2\/pages"}],"about":[{"href":"https:\/\/denkmalpflege.tuwien.ac.at\/index.php\/wp-json\/wp\/v2\/types\/page"}],"author":[{"embeddable":true,"href":"https:\/\/denkmalpflege.tuwien.ac.at\/index.php\/wp-json\/wp\/v2\/users\/1"}],"replies":[{"embeddable":true,"href":"https:\/\/denkmalpflege.tuwien.ac.at\/index.php\/wp-json\/wp\/v2\/comments?post=5010"}],"version-history":[{"count":12,"href":"https:\/\/denkmalpflege.tuwien.ac.at\/index.php\/wp-json\/wp\/v2\/pages\/5010\/revisions"}],"predecessor-version":[{"id":28265,"href":"https:\/\/denkmalpflege.tuwien.ac.at\/index.php\/wp-json\/wp\/v2\/pages\/5010\/revisions\/28265"}],"wp:attachment":[{"href":"https:\/\/denkmalpflege.tuwien.ac.at\/index.php\/wp-json\/wp\/v2\/media?parent=5010"}],"curies":[{"name":"wp","href":"https:\/\/api.w.org\/{rel}","templated":true}]}}