{"id":3987,"date":"2013-02-11T11:56:47","date_gmt":"2013-02-11T10:56:47","guid":{"rendered":"http:\/\/denkmalpflege1.e251.tuwien.ac.at\/?page_id=3987"},"modified":"2024-12-10T14:31:43","modified_gmt":"2024-12-10T13:31:43","slug":"denkmal-und-sanierung","status":"publish","type":"page","link":"https:\/\/denkmalpflege.tuwien.ac.at\/index.php\/lehre-2\/denkmal-und-sanierung\/","title":{"rendered":"Denkmal und Sanierung"},"content":{"rendered":"\t\t<div data-elementor-type=\"wp-page\" data-elementor-id=\"3987\" class=\"elementor elementor-3987\" data-elementor-post-type=\"page\">\n\t\t\t\t\t\t<section class=\"elementor-section elementor-top-section elementor-element elementor-element-664ace4f elementor-section-full_width elementor-section-height-default elementor-section-height-default\" data-id=\"664ace4f\" data-element_type=\"section\">\n\t\t\t\t\t\t<div class=\"elementor-container elementor-column-gap-default\">\n\t\t\t\t\t<div class=\"elementor-column elementor-col-50 elementor-top-column elementor-element elementor-element-14fe066\" data-id=\"14fe066\" data-element_type=\"column\">\n\t\t\t<div class=\"elementor-widget-wrap elementor-element-populated\">\n\t\t\t\t\t\t<div class=\"elementor-element elementor-element-73902025 elementor-widget elementor-widget-heading\" data-id=\"73902025\" data-element_type=\"widget\" data-widget_type=\"heading.default\">\n\t\t\t\t<div class=\"elementor-widget-container\">\n\t\t\t\t\t<h2 class=\"elementor-heading-title elementor-size-default\">LVA SS 2019<\/h2>\t\t\t\t<\/div>\n\t\t\t\t<\/div>\n\t\t\t\t<div class=\"elementor-element elementor-element-143b02b3 trennlinie elementor-widget-divider--view-line elementor-widget elementor-widget-divider\" data-id=\"143b02b3\" data-element_type=\"widget\" data-widget_type=\"divider.default\">\n\t\t\t\t<div class=\"elementor-widget-container\">\n\t\t\t\t\t\t\t<div class=\"elementor-divider\">\n\t\t\t<span class=\"elementor-divider-separator\">\n\t\t\t\t\t\t<\/span>\n\t\t<\/div>\n\t\t\t\t\t\t<\/div>\n\t\t\t\t<\/div>\n\t\t\t\t\t<\/div>\n\t\t<\/div>\n\t\t\t\t<div class=\"elementor-column elementor-col-50 elementor-top-column elementor-element elementor-element-46a6c644\" data-id=\"46a6c644\" data-element_type=\"column\">\n\t\t\t<div class=\"elementor-widget-wrap elementor-element-populated\">\n\t\t\t\t\t\t<div class=\"elementor-element elementor-element-68a164de elementor-widget elementor-widget-heading\" data-id=\"68a164de\" data-element_type=\"widget\" data-widget_type=\"heading.default\">\n\t\t\t\t<div class=\"elementor-widget-container\">\n\t\t\t\t\t<h2 class=\"elementor-heading-title elementor-size-default\">251.708 <span style=\"float: right\"> 1,5 h (2,0 ECTS)<\/span><\/h2>\t\t\t\t<\/div>\n\t\t\t\t<\/div>\n\t\t\t\t<div class=\"elementor-element elementor-element-31394ba1 trennlinie elementor-widget-divider--view-line elementor-widget elementor-widget-divider\" data-id=\"31394ba1\" data-element_type=\"widget\" data-widget_type=\"divider.default\">\n\t\t\t\t<div class=\"elementor-widget-container\">\n\t\t\t\t\t\t\t<div class=\"elementor-divider\">\n\t\t\t<span class=\"elementor-divider-separator\">\n\t\t\t\t\t\t<\/span>\n\t\t<\/div>\n\t\t\t\t\t\t<\/div>\n\t\t\t\t<\/div>\n\t\t\t\t\t<\/div>\n\t\t<\/div>\n\t\t\t\t\t<\/div>\n\t\t<\/section>\n\t\t\t\t<section class=\"elementor-section elementor-top-section elementor-element elementor-element-3182b1d4 elementor-section-full_width elementor-section-height-default elementor-section-height-default\" data-id=\"3182b1d4\" data-element_type=\"section\">\n\t\t\t\t\t\t<div class=\"elementor-container elementor-column-gap-default\">\n\t\t\t\t\t<div class=\"elementor-column elementor-col-50 elementor-top-column elementor-element elementor-element-6b17f585\" data-id=\"6b17f585\" data-element_type=\"column\">\n\t\t\t<div class=\"elementor-widget-wrap elementor-element-populated\">\n\t\t\t\t\t\t<div class=\"elementor-element elementor-element-14b469b6 lva_menu elementor-widget elementor-widget-wp-widget-nav_menu\" data-id=\"14b469b6\" data-element_type=\"widget\" data-widget_type=\"wp-widget-nav_menu.default\">\n\t\t\t\t<div class=\"elementor-widget-container\">\n\t\t\t\t\t<div class=\"menu-lva_ss19-container\"><ul id=\"menu-lva_ss19\" class=\"menu\"><li id=\"menu-item-17733\" class=\"menu-item menu-item-type-post_type menu-item-object-page menu-item-17733\"><a href=\"https:\/\/denkmalpflege.tuwien.ac.at\/index.php\/lehre-2\/sommersemester-19\/florenz-ss19\/\">Gro\u00dfes Entwerfen <\/br> Florenz Nel Tessuto<\/a><\/li>\n<li id=\"menu-item-17734\" class=\"menu-item menu-item-type-post_type menu-item-object-page menu-item-17734\"><a href=\"https:\/\/denkmalpflege.tuwien.ac.at\/index.php\/lehre-2\/timisoara-ss19\/\">Gro\u00dfes Entwerfen <\/br>Timisoara Tabakfabrik<\/a><\/li>\n<li id=\"menu-item-17735\" class=\"menu-item menu-item-type-post_type menu-item-object-page menu-item-17735\"><a href=\"https:\/\/denkmalpflege.tuwien.ac.at\/index.php\/lehre-2\/modul-ss19\/\">Modul <\/br> Denkmalpflege &#038; Ma\u00dfnahmen am Denkmal<\/a><\/li>\n<li id=\"menu-item-17736\" class=\"menu-item menu-item-type-post_type menu-item-object-page menu-item-17736\"><a href=\"https:\/\/denkmalpflege.tuwien.ac.at\/index.php\/lehre-2\/sommersemester-19\/wahlsem-bda-ss19\/\">Wahlseminar <\/br>&#8230;und das soll ein Denkmal sein?<\/a><\/li>\n<li id=\"menu-item-17737\" class=\"menu-item menu-item-type-post_type menu-item-object-page menu-item-17737\"><a href=\"https:\/\/denkmalpflege.tuwien.ac.at\/index.php\/wahlsemstadtbild\/\">Wahlseminar <\/br>Stadtbild &#038; Schutzzonen<\/a><\/li>\n<li id=\"menu-item-17738\" class=\"menu-item menu-item-type-post_type menu-item-object-page menu-item-17738\"><a href=\"https:\/\/denkmalpflege.tuwien.ac.at\/index.php\/denkmalpflege-und-bausanierung\/\">\u00dcbung <\/br>Denkmalpflege und Bausanierung<\/a><\/li>\n<li id=\"menu-item-17739\" class=\"menu-item menu-item-type-post_type menu-item-object-page menu-item-17739\"><a href=\"https:\/\/denkmalpflege.tuwien.ac.at\/index.php\/lehre-2\/lva-sommersemester-2021\/anleitung-wissenschaftlichen-arbeiten\/\">Seminar <\/br>Anleitung zum <\/br>wissenschaftlichen Arbeiten<\/a><\/li>\n<li id=\"menu-item-17740\" class=\"menu-item menu-item-type-post_type menu-item-object-page menu-item-17740\"><a href=\"https:\/\/denkmalpflege.tuwien.ac.at\/index.php\/diplomanden-und-dissertantenseminar\/\">Seminar <\/br>Diplomanden- und <\/br>Dissertantenseminar<\/a><\/li>\n<\/ul><\/div>\t\t\t\t<\/div>\n\t\t\t\t<\/div>\n\t\t\t\t\t<\/div>\n\t\t<\/div>\n\t\t\t\t<div class=\"elementor-column elementor-col-50 elementor-top-column elementor-element elementor-element-1b90f6ad\" data-id=\"1b90f6ad\" data-element_type=\"column\">\n\t\t\t<div class=\"elementor-widget-wrap elementor-element-populated\">\n\t\t\t\t\t\t<div class=\"elementor-element elementor-element-18858865 elementor-widget elementor-widget-text-editor\" data-id=\"18858865\" data-element_type=\"widget\" data-widget_type=\"text-editor.default\">\n\t\t\t\t<div class=\"elementor-widget-container\">\n\t\t\t\t\t\t\t\t\t<h1 class=\"lva_h1\">DENKMAL &amp; SANIERUNG<\/h1>\t\t\t\t\t\t\t\t<\/div>\n\t\t\t\t<\/div>\n\t\t\t\t<div class=\"elementor-element elementor-element-1e74b5cd lva_img elementor-widget elementor-widget-image\" data-id=\"1e74b5cd\" data-element_type=\"widget\" data-widget_type=\"image.default\">\n\t\t\t\t<div class=\"elementor-widget-container\">\n\t\t\t\t\t\t\t\t\t\t\t\t\t\t\t<img fetchpriority=\"high\" decoding=\"async\" width=\"4000\" height=\"2664\" src=\"https:\/\/denkmalpflege.tuwien.ac.at\/wp-content\/uploads\/2020\/01\/Modul-SS19.jpg\" class=\"attachment-full size-full wp-image-17752\" alt=\"\" \/>\t\t\t\t\t\t\t\t\t\t\t\t\t\t\t<\/div>\n\t\t\t\t<\/div>\n\t\t\t\t<div class=\"elementor-element elementor-element-43ad5c4 elementor-widget elementor-widget-text-editor\" data-id=\"43ad5c4\" data-element_type=\"widget\" data-widget_type=\"text-editor.default\">\n\t\t\t\t<div class=\"elementor-widget-container\">\n\t\t\t\t\t\t\t\t\t<p class=\"akt\">Modul Denkmalpflege &amp; Ma\u00dfnahmen des Denkmals<\/p>\t\t\t\t\t\t\t\t<\/div>\n\t\t\t\t<\/div>\n\t\t\t\t<div class=\"elementor-element elementor-element-a1f9f00 elementor-widget elementor-widget-text-editor\" data-id=\"a1f9f00\" data-element_type=\"widget\" data-widget_type=\"text-editor.default\">\n\t\t\t\t<div class=\"elementor-widget-container\">\n\t\t\t\t\t\t\t\t\t<h3 class=\"lva_h3 lva_leiter\"><strong>Nott CAVIEZEL <\/strong><\/h3><h3 class=\"lva_h3 lva_leiter lva_h3_abstand\"><strong>Einf\u00fchrung<\/strong><\/h3><p class=\"lva_text\">Montag 4. M\u00e4rz 2019, 17:00 Uhr im HS17<br \/>Beginn 13. M\u00e4rz 2019, 9:00 Uhr im SR 257 (Stiege 3, 2. OG)<\/p><h3 class=\"lva_h3 lva_leiter lva_h3_abstand\"><strong>Termine<\/strong><\/h3><p class=\"lva_text\">Mittwoch, 9:00-11:00 Uhr im SR 257 (Stiege 3, 2. OG)<\/p><h3 class=\"lva_h3 lva_leiter lva_h3_abstand\"><strong>Anmeldung<\/strong><\/h3><p class=\"lva_text\">\u00dcber <a class=\"link\" href=\"https:\/\/tiss.tuwien.ac.at\/course\/courseDetails.xhtml?dswid=2142&amp;dsrid=554&amp;courseNr=251708&amp;semester=2019S\" data-wplink-edit=\"true\"> TISS<\/a><\/p><p>Teilnehmerbeschr\u00e4nkung auf 30 Personen!<br \/>Anwesenheitspflicht!<\/p><p>Die Lehrveranstaltung ist verpflichtend f\u00fcr die Anrechnung als Modul.<\/p><p>Bei organisatorischen Fragen wenden Sie sich bitte an <a href=\"mailto:anna.borowska@tuwien.ac.at\">anna.borowska@tuwien.ac.at<\/a>.<\/p>\t\t\t\t\t\t\t\t<\/div>\n\t\t\t\t<\/div>\n\t\t\t\t<div class=\"elementor-element elementor-element-53d344ad elementor-widget-divider--view-line elementor-widget elementor-widget-divider\" data-id=\"53d344ad\" data-element_type=\"widget\" data-widget_type=\"divider.default\">\n\t\t\t\t<div class=\"elementor-widget-container\">\n\t\t\t\t\t\t\t<div class=\"elementor-divider\">\n\t\t\t<span class=\"elementor-divider-separator\">\n\t\t\t\t\t\t<\/span>\n\t\t<\/div>\n\t\t\t\t\t\t<\/div>\n\t\t\t\t<\/div>\n\t\t\t\t<div class=\"elementor-element elementor-element-743ad64e elementor-widget elementor-widget-text-editor\" data-id=\"743ad64e\" data-element_type=\"widget\" data-widget_type=\"text-editor.default\">\n\t\t\t\t<div class=\"elementor-widget-container\">\n\t\t\t\t\t\t\t\t\t<h3 class=\"lva_h3 lva_leiter lva_h3_abstand\"><strong>Lernergebnisse<\/strong><\/h3><p class=\"lva_text\">Unterschiedliche Ans\u00e4tze und Strategien, Anforderungen an den Entwurf, vom st\u00e4dtebaulichen Ma\u00dfstab bis zum Einzelbau. Spezialbereiche wie z. B. die energetische Sanierung von Einzelbauten und Ensembles. Ausblick in spezifische Teilbereiche (z.B. Umgang mit Schutzzonen, Nachkriegsarchitektur, Kulturlandschaft, und Fl\u00e4chendenkmale, Gartendenkmalpflege, Industriedenkm\u00e4ler).\u00a0<\/p><h3 class=\"lva_h3 lva_leiter lva_h3_abstand\"><strong>Inhalt der Lehrveranstaltung<\/strong><\/h3><p class=\"va_text\">Einf\u00fchrung in die Grundlagen der Sanierung von Denkm\u00e4lern (Methodik).<\/p><p>Typisch Nachkriegsarchitektur &#8211; besondere denkmalpflegerische Probleme.<\/p><p>Der in die Jahre gekommene Bestand der Nachkriegszeit erf\u00e4hrt heute h\u00e4ufig keine oder zu wenig Wertsch\u00e4tzung. Entsprechend unbedarft erscheint zuweilen der Umgang mit diesem Bestand, zu dem auch viele Geb\u00e4ude geh\u00f6ren, welche als bedeutende Zeugen ihrer Bauzeit zu den sch\u00fctzenswerten, oder gar gesch\u00fctzten Geb\u00e4uden zu z\u00e4hlen sind. Denkmal\u00adpfle\u00adgerische Anspr\u00fcche an diesen Bestand sind komplex und noch wenig konsolidiert. Die \u00dcbung hat zum Ziel, die Teilnehmenden in die Thematik einzuf\u00fchren und sie f\u00fcr den immer wichtiger werdenden denkmalpflegerischen Umgang mit wertvollen Bauten der Nachkriegsjahre zu sensibilisieren.<\/p><p>Anhand vorgeschlagener Themen (konstituierende Eigenschaften, wie Konstruktion und Konstruktionssysteme, st\u00e4dtebauliche Aspekte, Materialien und Oberfl\u00e4chen, Ausstattung, etc.), die im Rahmen denkmalpflegerischer Ma\u00dfnahmen an Objekten der Nachkriegsepoche von besonderer Bedeutung sind, vertiefen wir unsere Kenntnisse und erarbeiten dazu Kriterien und hilfreiche Leitgedanken im Hinblick auf k\u00fcnftige Sanierungen.<\/p>\t\t\t\t\t\t\t\t<\/div>\n\t\t\t\t<\/div>\n\t\t\t\t<div class=\"elementor-element elementor-element-5a27bdab elementor-widget-divider--view-line elementor-widget elementor-widget-divider\" data-id=\"5a27bdab\" data-element_type=\"widget\" data-widget_type=\"divider.default\">\n\t\t\t\t<div class=\"elementor-widget-container\">\n\t\t\t\t\t\t\t<div class=\"elementor-divider\">\n\t\t\t<span class=\"elementor-divider-separator\">\n\t\t\t\t\t\t<\/span>\n\t\t<\/div>\n\t\t\t\t\t\t<\/div>\n\t\t\t\t<\/div>\n\t\t\t\t<section class=\"elementor-section elementor-inner-section elementor-element elementor-element-220fae9c elementor-section-boxed elementor-section-height-default elementor-section-height-default\" data-id=\"220fae9c\" data-element_type=\"section\">\n\t\t\t\t\t\t<div class=\"elementor-container elementor-column-gap-default\">\n\t\t\t\t\t<div class=\"elementor-column elementor-col-50 elementor-inner-column elementor-element elementor-element-482013bb\" data-id=\"482013bb\" data-element_type=\"column\">\n\t\t\t<div class=\"elementor-widget-wrap elementor-element-populated\">\n\t\t\t\t\t\t<div class=\"elementor-element elementor-element-3af7f90 elementor-widget elementor-widget-text-editor\" data-id=\"3af7f90\" data-element_type=\"widget\" data-widget_type=\"text-editor.default\">\n\t\t\t\t<div class=\"elementor-widget-container\">\n\t\t\t\t\t\t\t\t\t<p class=\"lva_text\"><a class=\"link link_blau\" href=\"https:\/\/tiss.tuwien.ac.at\/course\/courseDetails.xhtml?dswid=2142&amp;dsrid=554&amp;courseNr=251708&amp;semester=2019S\">TISS<\/a>, <a class=\"link link_blau\" href=\"https:\/\/denkmalpflege.tuwien.ac.at\/index.php\/download-modul-denkmalpflege\/\"> Vorlesungsunterlagen<\/a><\/p>\t\t\t\t\t\t\t\t<\/div>\n\t\t\t\t<\/div>\n\t\t\t\t\t<\/div>\n\t\t<\/div>\n\t\t\t\t<div class=\"elementor-column elementor-col-50 elementor-inner-column elementor-element elementor-element-f06dafb\" data-id=\"f06dafb\" data-element_type=\"column\">\n\t\t\t<div class=\"elementor-widget-wrap\">\n\t\t\t\t\t\t\t<\/div>\n\t\t<\/div>\n\t\t\t\t\t<\/div>\n\t\t<\/section>\n\t\t\t\t\t<\/div>\n\t\t<\/div>\n\t\t\t\t\t<\/div>\n\t\t<\/section>\n\t\t\t\t<\/div>\n\t\t","protected":false},"excerpt":{"rendered":"<p>LVA SS 2019 251.708 1,5 h (2,0 ECTS) DENKMAL &amp; SANIERUNG Modul Denkmalpflege &amp; Ma\u00dfnahmen des Denkmals Nott CAVIEZEL Einf\u00fchrung Montag 4. M\u00e4rz 2019, 17:00 Uhr im HS17Beginn 13. M\u00e4rz 2019, 9:00 Uhr im SR 257 (Stiege 3, 2. OG) Termine Mittwoch, 9:00-11:00 Uhr im SR 257 (Stiege 3, 2. OG) Anmeldung \u00dcber TISS Teilnehmerbeschr\u00e4nkung auf 30 Personen!Anwesenheitspflicht! Die Lehrveranstaltung ist verpflichtend f\u00fcr die Anrechnung als Modul. Bei organisatorischen Fragen<\/p>\n<div class=\"belowpost\"><a class=\"btnmore icon-arrow\" href=\"https:\/\/denkmalpflege.tuwien.ac.at\/index.php\/lehre-2\/denkmal-und-sanierung\/\"><span>Read More<\/span><\/a><\/div>\n","protected":false},"author":1,"featured_media":0,"parent":15273,"menu_order":0,"comment_status":"open","ping_status":"closed","template":"","meta":{"footnotes":""},"class_list":["post-3987","page","type-page","status-publish","hentry"],"yoast_head":"<!-- This site is optimized with the Yoast SEO plugin v26.0 - https:\/\/yoast.com\/wordpress\/plugins\/seo\/ -->\n<title>Denkmal und Sanierung - Denkmalpflege und Bauen im Bestand<\/title>\n<meta name=\"robots\" content=\"index, follow, max-snippet:-1, max-image-preview:large, max-video-preview:-1\" \/>\n<link rel=\"canonical\" href=\"https:\/\/denkmalpflege.tuwien.ac.at\/index.php\/lehre-2\/denkmal-und-sanierung\/\" \/>\n<meta property=\"og:locale\" content=\"de_DE\" \/>\n<meta property=\"og:type\" content=\"article\" \/>\n<meta property=\"og:title\" content=\"Denkmal und Sanierung - Denkmalpflege und Bauen im Bestand\" \/>\n<meta property=\"og:description\" content=\"LVA SS 2019 251.708 1,5 h (2,0 ECTS) DENKMAL &amp; SANIERUNG Modul Denkmalpflege &amp; Ma\u00dfnahmen des Denkmals Nott CAVIEZEL Einf\u00fchrung Montag 4. M\u00e4rz 2019, 17:00 Uhr im HS17Beginn 13. M\u00e4rz 2019, 9:00 Uhr im SR 257 (Stiege 3, 2. OG) Termine Mittwoch, 9:00-11:00 Uhr im SR 257 (Stiege 3, 2. OG) Anmeldung \u00dcber TISS Teilnehmerbeschr\u00e4nkung auf 30 Personen!Anwesenheitspflicht! Die Lehrveranstaltung ist verpflichtend f\u00fcr die Anrechnung als Modul. Bei organisatorischen FragenRead More\" \/>\n<meta property=\"og:url\" content=\"https:\/\/denkmalpflege.tuwien.ac.at\/index.php\/lehre-2\/denkmal-und-sanierung\/\" \/>\n<meta property=\"og:site_name\" content=\"Denkmalpflege und Bauen im Bestand\" \/>\n<meta property=\"article:modified_time\" content=\"2024-12-10T13:31:43+00:00\" \/>\n<meta property=\"og:image\" content=\"http:\/\/denkmalpflege.tuwien.ac.at\/wp-content\/uploads\/2020\/01\/Modul-SS19.jpg\" \/>\n<meta name=\"twitter:card\" content=\"summary_large_image\" \/>\n<meta name=\"twitter:label1\" content=\"Gesch\u00e4tzte Lesezeit\" \/>\n\t<meta name=\"twitter:data1\" content=\"1\u00a0Minute\" \/>\n<script type=\"application\/ld+json\" class=\"yoast-schema-graph\">{\"@context\":\"https:\/\/schema.org\",\"@graph\":[{\"@type\":\"WebPage\",\"@id\":\"https:\/\/denkmalpflege.tuwien.ac.at\/index.php\/lehre-2\/denkmal-und-sanierung\/\",\"url\":\"https:\/\/denkmalpflege.tuwien.ac.at\/index.php\/lehre-2\/denkmal-und-sanierung\/\",\"name\":\"Denkmal und Sanierung - Denkmalpflege und Bauen im Bestand\",\"isPartOf\":{\"@id\":\"https:\/\/denkmalpflege.tuwien.ac.at\/#website\"},\"primaryImageOfPage\":{\"@id\":\"https:\/\/denkmalpflege.tuwien.ac.at\/index.php\/lehre-2\/denkmal-und-sanierung\/#primaryimage\"},\"image\":{\"@id\":\"https:\/\/denkmalpflege.tuwien.ac.at\/index.php\/lehre-2\/denkmal-und-sanierung\/#primaryimage\"},\"thumbnailUrl\":\"http:\/\/denkmalpflege.tuwien.ac.at\/wp-content\/uploads\/2020\/01\/Modul-SS19.jpg\",\"datePublished\":\"2013-02-11T10:56:47+00:00\",\"dateModified\":\"2024-12-10T13:31:43+00:00\",\"breadcrumb\":{\"@id\":\"https:\/\/denkmalpflege.tuwien.ac.at\/index.php\/lehre-2\/denkmal-und-sanierung\/#breadcrumb\"},\"inLanguage\":\"de\",\"potentialAction\":[{\"@type\":\"ReadAction\",\"target\":[\"https:\/\/denkmalpflege.tuwien.ac.at\/index.php\/lehre-2\/denkmal-und-sanierung\/\"]}]},{\"@type\":\"ImageObject\",\"inLanguage\":\"de\",\"@id\":\"https:\/\/denkmalpflege.tuwien.ac.at\/index.php\/lehre-2\/denkmal-und-sanierung\/#primaryimage\",\"url\":\"https:\/\/denkmalpflege.tuwien.ac.at\/wp-content\/uploads\/2020\/01\/Modul-SS19.jpg\",\"contentUrl\":\"https:\/\/denkmalpflege.tuwien.ac.at\/wp-content\/uploads\/2020\/01\/Modul-SS19.jpg\",\"width\":4000,\"height\":2664},{\"@type\":\"BreadcrumbList\",\"@id\":\"https:\/\/denkmalpflege.tuwien.ac.at\/index.php\/lehre-2\/denkmal-und-sanierung\/#breadcrumb\",\"itemListElement\":[{\"@type\":\"ListItem\",\"position\":1,\"name\":\"Startseite\",\"item\":\"https:\/\/denkmalpflege.tuwien.ac.at\/\"},{\"@type\":\"ListItem\",\"position\":2,\"name\":\"Lehre\",\"item\":\"https:\/\/denkmalpflege.tuwien.ac.at\/index.php\/lehre-2\/\"},{\"@type\":\"ListItem\",\"position\":3,\"name\":\"Denkmal und Sanierung\"}]},{\"@type\":\"WebSite\",\"@id\":\"https:\/\/denkmalpflege.tuwien.ac.at\/#website\",\"url\":\"https:\/\/denkmalpflege.tuwien.ac.at\/\",\"name\":\"Denkmalpflege und Bauen im Bestand\",\"description\":\"Denkmalpflege TU Wien\",\"publisher\":{\"@id\":\"https:\/\/denkmalpflege.tuwien.ac.at\/#organization\"},\"potentialAction\":[{\"@type\":\"SearchAction\",\"target\":{\"@type\":\"EntryPoint\",\"urlTemplate\":\"https:\/\/denkmalpflege.tuwien.ac.at\/?s={search_term_string}\"},\"query-input\":{\"@type\":\"PropertyValueSpecification\",\"valueRequired\":true,\"valueName\":\"search_term_string\"}}],\"inLanguage\":\"de\"},{\"@type\":\"Organization\",\"@id\":\"https:\/\/denkmalpflege.tuwien.ac.at\/#organization\",\"name\":\"TU Wien Denkmalpflege und Bauen im Bestand\",\"url\":\"https:\/\/denkmalpflege.tuwien.ac.at\/\",\"logo\":{\"@type\":\"ImageObject\",\"inLanguage\":\"de\",\"@id\":\"https:\/\/denkmalpflege.tuwien.ac.at\/#\/schema\/logo\/image\/\",\"url\":\"https:\/\/denkmalpflege.tuwien.ac.at\/wp-content\/uploads\/2019\/10\/Logo1.png\",\"contentUrl\":\"https:\/\/denkmalpflege.tuwien.ac.at\/wp-content\/uploads\/2019\/10\/Logo1.png\",\"width\":222,\"height\":79,\"caption\":\"TU Wien Denkmalpflege und Bauen im Bestand\"},\"image\":{\"@id\":\"https:\/\/denkmalpflege.tuwien.ac.at\/#\/schema\/logo\/image\/\"}}]}<\/script>\n<!-- \/ Yoast SEO plugin. -->","yoast_head_json":{"title":"Denkmal und Sanierung - Denkmalpflege und Bauen im Bestand","robots":{"index":"index","follow":"follow","max-snippet":"max-snippet:-1","max-image-preview":"max-image-preview:large","max-video-preview":"max-video-preview:-1"},"canonical":"https:\/\/denkmalpflege.tuwien.ac.at\/index.php\/lehre-2\/denkmal-und-sanierung\/","og_locale":"de_DE","og_type":"article","og_title":"Denkmal und Sanierung - Denkmalpflege und Bauen im Bestand","og_description":"LVA SS 2019 251.708 1,5 h (2,0 ECTS) DENKMAL &amp; SANIERUNG Modul Denkmalpflege &amp; Ma\u00dfnahmen des Denkmals Nott CAVIEZEL Einf\u00fchrung Montag 4. M\u00e4rz 2019, 17:00 Uhr im HS17Beginn 13. M\u00e4rz 2019, 9:00 Uhr im SR 257 (Stiege 3, 2. OG) Termine Mittwoch, 9:00-11:00 Uhr im SR 257 (Stiege 3, 2. OG) Anmeldung \u00dcber TISS Teilnehmerbeschr\u00e4nkung auf 30 Personen!Anwesenheitspflicht! Die Lehrveranstaltung ist verpflichtend f\u00fcr die Anrechnung als Modul. Bei organisatorischen FragenRead More","og_url":"https:\/\/denkmalpflege.tuwien.ac.at\/index.php\/lehre-2\/denkmal-und-sanierung\/","og_site_name":"Denkmalpflege und Bauen im Bestand","article_modified_time":"2024-12-10T13:31:43+00:00","og_image":[{"url":"http:\/\/denkmalpflege.tuwien.ac.at\/wp-content\/uploads\/2020\/01\/Modul-SS19.jpg","type":"","width":"","height":""}],"twitter_card":"summary_large_image","twitter_misc":{"Gesch\u00e4tzte Lesezeit":"1\u00a0Minute"},"schema":{"@context":"https:\/\/schema.org","@graph":[{"@type":"WebPage","@id":"https:\/\/denkmalpflege.tuwien.ac.at\/index.php\/lehre-2\/denkmal-und-sanierung\/","url":"https:\/\/denkmalpflege.tuwien.ac.at\/index.php\/lehre-2\/denkmal-und-sanierung\/","name":"Denkmal und Sanierung - Denkmalpflege und Bauen im Bestand","isPartOf":{"@id":"https:\/\/denkmalpflege.tuwien.ac.at\/#website"},"primaryImageOfPage":{"@id":"https:\/\/denkmalpflege.tuwien.ac.at\/index.php\/lehre-2\/denkmal-und-sanierung\/#primaryimage"},"image":{"@id":"https:\/\/denkmalpflege.tuwien.ac.at\/index.php\/lehre-2\/denkmal-und-sanierung\/#primaryimage"},"thumbnailUrl":"http:\/\/denkmalpflege.tuwien.ac.at\/wp-content\/uploads\/2020\/01\/Modul-SS19.jpg","datePublished":"2013-02-11T10:56:47+00:00","dateModified":"2024-12-10T13:31:43+00:00","breadcrumb":{"@id":"https:\/\/denkmalpflege.tuwien.ac.at\/index.php\/lehre-2\/denkmal-und-sanierung\/#breadcrumb"},"inLanguage":"de","potentialAction":[{"@type":"ReadAction","target":["https:\/\/denkmalpflege.tuwien.ac.at\/index.php\/lehre-2\/denkmal-und-sanierung\/"]}]},{"@type":"ImageObject","inLanguage":"de","@id":"https:\/\/denkmalpflege.tuwien.ac.at\/index.php\/lehre-2\/denkmal-und-sanierung\/#primaryimage","url":"https:\/\/denkmalpflege.tuwien.ac.at\/wp-content\/uploads\/2020\/01\/Modul-SS19.jpg","contentUrl":"https:\/\/denkmalpflege.tuwien.ac.at\/wp-content\/uploads\/2020\/01\/Modul-SS19.jpg","width":4000,"height":2664},{"@type":"BreadcrumbList","@id":"https:\/\/denkmalpflege.tuwien.ac.at\/index.php\/lehre-2\/denkmal-und-sanierung\/#breadcrumb","itemListElement":[{"@type":"ListItem","position":1,"name":"Startseite","item":"https:\/\/denkmalpflege.tuwien.ac.at\/"},{"@type":"ListItem","position":2,"name":"Lehre","item":"https:\/\/denkmalpflege.tuwien.ac.at\/index.php\/lehre-2\/"},{"@type":"ListItem","position":3,"name":"Denkmal und Sanierung"}]},{"@type":"WebSite","@id":"https:\/\/denkmalpflege.tuwien.ac.at\/#website","url":"https:\/\/denkmalpflege.tuwien.ac.at\/","name":"Denkmalpflege und Bauen im Bestand","description":"Denkmalpflege TU Wien","publisher":{"@id":"https:\/\/denkmalpflege.tuwien.ac.at\/#organization"},"potentialAction":[{"@type":"SearchAction","target":{"@type":"EntryPoint","urlTemplate":"https:\/\/denkmalpflege.tuwien.ac.at\/?s={search_term_string}"},"query-input":{"@type":"PropertyValueSpecification","valueRequired":true,"valueName":"search_term_string"}}],"inLanguage":"de"},{"@type":"Organization","@id":"https:\/\/denkmalpflege.tuwien.ac.at\/#organization","name":"TU Wien Denkmalpflege und Bauen im Bestand","url":"https:\/\/denkmalpflege.tuwien.ac.at\/","logo":{"@type":"ImageObject","inLanguage":"de","@id":"https:\/\/denkmalpflege.tuwien.ac.at\/#\/schema\/logo\/image\/","url":"https:\/\/denkmalpflege.tuwien.ac.at\/wp-content\/uploads\/2019\/10\/Logo1.png","contentUrl":"https:\/\/denkmalpflege.tuwien.ac.at\/wp-content\/uploads\/2019\/10\/Logo1.png","width":222,"height":79,"caption":"TU Wien Denkmalpflege und Bauen im Bestand"},"image":{"@id":"https:\/\/denkmalpflege.tuwien.ac.at\/#\/schema\/logo\/image\/"}}]}},"_links":{"self":[{"href":"https:\/\/denkmalpflege.tuwien.ac.at\/index.php\/wp-json\/wp\/v2\/pages\/3987","targetHints":{"allow":["GET"]}}],"collection":[{"href":"https:\/\/denkmalpflege.tuwien.ac.at\/index.php\/wp-json\/wp\/v2\/pages"}],"about":[{"href":"https:\/\/denkmalpflege.tuwien.ac.at\/index.php\/wp-json\/wp\/v2\/types\/page"}],"author":[{"embeddable":true,"href":"https:\/\/denkmalpflege.tuwien.ac.at\/index.php\/wp-json\/wp\/v2\/users\/1"}],"replies":[{"embeddable":true,"href":"https:\/\/denkmalpflege.tuwien.ac.at\/index.php\/wp-json\/wp\/v2\/comments?post=3987"}],"version-history":[{"count":62,"href":"https:\/\/denkmalpflege.tuwien.ac.at\/index.php\/wp-json\/wp\/v2\/pages\/3987\/revisions"}],"predecessor-version":[{"id":17769,"href":"https:\/\/denkmalpflege.tuwien.ac.at\/index.php\/wp-json\/wp\/v2\/pages\/3987\/revisions\/17769"}],"up":[{"embeddable":true,"href":"https:\/\/denkmalpflege.tuwien.ac.at\/index.php\/wp-json\/wp\/v2\/pages\/15273"}],"wp:attachment":[{"href":"https:\/\/denkmalpflege.tuwien.ac.at\/index.php\/wp-json\/wp\/v2\/media?parent=3987"}],"curies":[{"name":"wp","href":"https:\/\/api.w.org\/{rel}","templated":true}]}}