{"id":350,"date":"2009-10-19T16:18:58","date_gmt":"2009-10-19T13:18:58","guid":{"rendered":"http:\/\/denkmalpflege1.e251.tuwien.ac.at\/?page_id=350"},"modified":"2020-01-08T12:03:35","modified_gmt":"2020-01-08T11:03:35","slug":"denkmalpflege_denkmalkunde-2","status":"publish","type":"page","link":"https:\/\/denkmalpflege.tuwien.ac.at\/index.php\/lehre-2\/so17\/modul17\/denkmalpflege_denkmalkunde-2\/","title":{"rendered":"Denkmalpflege\/Denkmalkunde II: Umfeld und Praxis"},"content":{"rendered":"\t\t<div data-elementor-type=\"wp-page\" data-elementor-id=\"350\" class=\"elementor elementor-350\" data-elementor-post-type=\"page\">\n\t\t\t\t\t\t<section class=\"elementor-section elementor-top-section elementor-element elementor-element-797bc2f7 elementor-section-full_width elementor-section-height-default elementor-section-height-default\" data-id=\"797bc2f7\" data-element_type=\"section\">\n\t\t\t\t\t\t<div class=\"elementor-container elementor-column-gap-default\">\n\t\t\t\t\t<div class=\"elementor-column elementor-col-50 elementor-top-column elementor-element elementor-element-1974d71d\" data-id=\"1974d71d\" data-element_type=\"column\">\n\t\t\t<div class=\"elementor-widget-wrap elementor-element-populated\">\n\t\t\t\t\t\t<div class=\"elementor-element elementor-element-5ebe4242 elementor-widget elementor-widget-heading\" data-id=\"5ebe4242\" data-element_type=\"widget\" data-widget_type=\"heading.default\">\n\t\t\t\t<div class=\"elementor-widget-container\">\n\t\t\t\t\t<h2 class=\"elementor-heading-title elementor-size-default\">LVA SS 2019<\/h2>\t\t\t\t<\/div>\n\t\t\t\t<\/div>\n\t\t\t\t<div class=\"elementor-element elementor-element-258fb248 trennlinie elementor-widget-divider--view-line elementor-widget elementor-widget-divider\" data-id=\"258fb248\" data-element_type=\"widget\" data-widget_type=\"divider.default\">\n\t\t\t\t<div class=\"elementor-widget-container\">\n\t\t\t\t\t\t\t<div class=\"elementor-divider\">\n\t\t\t<span class=\"elementor-divider-separator\">\n\t\t\t\t\t\t<\/span>\n\t\t<\/div>\n\t\t\t\t\t\t<\/div>\n\t\t\t\t<\/div>\n\t\t\t\t\t<\/div>\n\t\t<\/div>\n\t\t\t\t<div class=\"elementor-column elementor-col-50 elementor-top-column elementor-element elementor-element-29a0c7bc\" data-id=\"29a0c7bc\" data-element_type=\"column\">\n\t\t\t<div class=\"elementor-widget-wrap elementor-element-populated\">\n\t\t\t\t\t\t<div class=\"elementor-element elementor-element-3d4bd00b elementor-widget elementor-widget-heading\" data-id=\"3d4bd00b\" data-element_type=\"widget\" data-widget_type=\"heading.default\">\n\t\t\t\t<div class=\"elementor-widget-container\">\n\t\t\t\t\t<h2 class=\"elementor-heading-title elementor-size-default\">251.707 <span style=\"float: right\"> 1,0 h (1,5 ECTS)<\/span><\/h2>\t\t\t\t<\/div>\n\t\t\t\t<\/div>\n\t\t\t\t<div class=\"elementor-element elementor-element-4276d2ec trennlinie elementor-widget-divider--view-line elementor-widget elementor-widget-divider\" data-id=\"4276d2ec\" data-element_type=\"widget\" data-widget_type=\"divider.default\">\n\t\t\t\t<div class=\"elementor-widget-container\">\n\t\t\t\t\t\t\t<div class=\"elementor-divider\">\n\t\t\t<span class=\"elementor-divider-separator\">\n\t\t\t\t\t\t<\/span>\n\t\t<\/div>\n\t\t\t\t\t\t<\/div>\n\t\t\t\t<\/div>\n\t\t\t\t\t<\/div>\n\t\t<\/div>\n\t\t\t\t\t<\/div>\n\t\t<\/section>\n\t\t\t\t<section class=\"elementor-section elementor-top-section elementor-element elementor-element-58c8778b elementor-section-full_width elementor-section-height-default elementor-section-height-default\" data-id=\"58c8778b\" data-element_type=\"section\">\n\t\t\t\t\t\t<div class=\"elementor-container elementor-column-gap-default\">\n\t\t\t\t\t<div class=\"elementor-column elementor-col-50 elementor-top-column elementor-element elementor-element-6272c00b\" data-id=\"6272c00b\" data-element_type=\"column\">\n\t\t\t<div class=\"elementor-widget-wrap elementor-element-populated\">\n\t\t\t\t\t\t<div class=\"elementor-element elementor-element-4db1a798 lva_menu elementor-widget elementor-widget-wp-widget-nav_menu\" data-id=\"4db1a798\" data-element_type=\"widget\" data-widget_type=\"wp-widget-nav_menu.default\">\n\t\t\t\t<div class=\"elementor-widget-container\">\n\t\t\t\t\t<div class=\"menu-lva_ss19-container\"><ul id=\"menu-lva_ss19\" class=\"menu\"><li id=\"menu-item-17733\" class=\"menu-item menu-item-type-post_type menu-item-object-page menu-item-17733\"><a href=\"https:\/\/denkmalpflege.tuwien.ac.at\/index.php\/lehre-2\/sommersemester-19\/florenz-ss19\/\">Gro\u00dfes Entwerfen <\/br> Florenz Nel Tessuto<\/a><\/li>\n<li id=\"menu-item-17734\" class=\"menu-item menu-item-type-post_type menu-item-object-page menu-item-17734\"><a href=\"https:\/\/denkmalpflege.tuwien.ac.at\/index.php\/lehre-2\/timisoara-ss19\/\">Gro\u00dfes Entwerfen <\/br>Timisoara Tabakfabrik<\/a><\/li>\n<li id=\"menu-item-17735\" class=\"menu-item menu-item-type-post_type menu-item-object-page menu-item-17735\"><a href=\"https:\/\/denkmalpflege.tuwien.ac.at\/index.php\/lehre-2\/modul-ss19\/\">Modul <\/br> Denkmalpflege &#038; Ma\u00dfnahmen am Denkmal<\/a><\/li>\n<li id=\"menu-item-17736\" class=\"menu-item menu-item-type-post_type menu-item-object-page menu-item-17736\"><a href=\"https:\/\/denkmalpflege.tuwien.ac.at\/index.php\/lehre-2\/sommersemester-19\/wahlsem-bda-ss19\/\">Wahlseminar <\/br>&#8230;und das soll ein Denkmal sein?<\/a><\/li>\n<li id=\"menu-item-17737\" class=\"menu-item menu-item-type-post_type menu-item-object-page menu-item-17737\"><a href=\"https:\/\/denkmalpflege.tuwien.ac.at\/index.php\/wahlsemstadtbild\/\">Wahlseminar <\/br>Stadtbild &#038; Schutzzonen<\/a><\/li>\n<li id=\"menu-item-17738\" class=\"menu-item menu-item-type-post_type menu-item-object-page menu-item-17738\"><a href=\"https:\/\/denkmalpflege.tuwien.ac.at\/index.php\/denkmalpflege-und-bausanierung\/\">\u00dcbung <\/br>Denkmalpflege und Bausanierung<\/a><\/li>\n<li id=\"menu-item-17739\" class=\"menu-item menu-item-type-post_type menu-item-object-page menu-item-17739\"><a href=\"https:\/\/denkmalpflege.tuwien.ac.at\/index.php\/lehre-2\/lva-sommersemester-2021\/anleitung-wissenschaftlichen-arbeiten\/\">Seminar <\/br>Anleitung zum <\/br>wissenschaftlichen Arbeiten<\/a><\/li>\n<li id=\"menu-item-17740\" class=\"menu-item menu-item-type-post_type menu-item-object-page menu-item-17740\"><a href=\"https:\/\/denkmalpflege.tuwien.ac.at\/index.php\/diplomanden-und-dissertantenseminar\/\">Seminar <\/br>Diplomanden- und <\/br>Dissertantenseminar<\/a><\/li>\n<\/ul><\/div>\t\t\t\t<\/div>\n\t\t\t\t<\/div>\n\t\t\t\t\t<\/div>\n\t\t<\/div>\n\t\t\t\t<div class=\"elementor-column elementor-col-50 elementor-top-column elementor-element elementor-element-392d7cb0\" data-id=\"392d7cb0\" data-element_type=\"column\">\n\t\t\t<div class=\"elementor-widget-wrap elementor-element-populated\">\n\t\t\t\t\t\t<div class=\"elementor-element elementor-element-71c3666 elementor-widget elementor-widget-text-editor\" data-id=\"71c3666\" data-element_type=\"widget\" data-widget_type=\"text-editor.default\">\n\t\t\t\t<div class=\"elementor-widget-container\">\n\t\t\t\t\t\t\t\t\t<h1 class=\"lva_h1\">Denkmalpflege\/ Denkmalkunde II: Umfeld &amp; Praxis<\/h1>\t\t\t\t\t\t\t\t<\/div>\n\t\t\t\t<\/div>\n\t\t\t\t<div class=\"elementor-element elementor-element-61494002 lva_img elementor-widget elementor-widget-image\" data-id=\"61494002\" data-element_type=\"widget\" data-widget_type=\"image.default\">\n\t\t\t\t<div class=\"elementor-widget-container\">\n\t\t\t\t\t\t\t\t\t\t\t\t\t\t\t<img fetchpriority=\"high\" decoding=\"async\" width=\"4000\" height=\"2664\" src=\"https:\/\/denkmalpflege.tuwien.ac.at\/wp-content\/uploads\/2020\/01\/Modul-SS19.jpg\" class=\"attachment-full size-full wp-image-17752\" alt=\"\" \/>\t\t\t\t\t\t\t\t\t\t\t\t\t\t\t<\/div>\n\t\t\t\t<\/div>\n\t\t\t\t<div class=\"elementor-element elementor-element-263f6ed1 elementor-widget elementor-widget-text-editor\" data-id=\"263f6ed1\" data-element_type=\"widget\" data-widget_type=\"text-editor.default\">\n\t\t\t\t<div class=\"elementor-widget-container\">\n\t\t\t\t\t\t\t\t\t<p class=\"akt\">Modul Denkmalpflege &amp; Ma\u00dfnahmen am Denkmal<\/p>\t\t\t\t\t\t\t\t<\/div>\n\t\t\t\t<\/div>\n\t\t\t\t<div class=\"elementor-element elementor-element-34be779e elementor-widget elementor-widget-text-editor\" data-id=\"34be779e\" data-element_type=\"widget\" data-widget_type=\"text-editor.default\">\n\t\t\t\t<div class=\"elementor-widget-container\">\n\t\t\t\t\t\t\t\t\t<h3 class=\"lva_h3 lva_leiter\"><strong>Nott CAVIEZEL <\/strong><\/h3><h3 class=\"lva_h3 lva_leiter lva_h3_abstand\"><strong>Einf\u00fchrung<\/strong><\/h3><p class=\"lva_text\">Montag 4. M\u00e4rz 2019, 17:00 Uhr im HS17<br \/>Beginn 11. M\u00e4rz 2019, 11:00 Uhr im SR 257 (Stiege 3, 2. Stock)<\/p><h3 class=\"lva_h3 lva_leiter lva_h3_abstand\"><strong>Termine<\/strong><\/h3><p class=\"lva_text\">Montag, 11:00-12:00 Uhr im SR 257 (Stiege 3, 2. OG)<\/p><h3 class=\"lva_h3 lva_leiter lva_h3_abstand\"><strong>Anmeldung<\/strong><\/h3><p class=\"lva_text\">\u00dcber <a href=\"https:\/\/tiss.tuwien.ac.at\/course\/courseDetails.xhtml?dswid=2142&amp;dsrid=90&amp;courseNr=251707&amp;semester=2019S\" data-wplink-edit=\"true\">TISS<\/a><\/p><p>Teilnehmerbeschr\u00e4nkung auf 30 Personen!<br \/>Anwesenheitspflicht!<\/p><p>Die Lehrveranstaltung ist verpflichtend f\u00fcr die Anrechnung als Modul.<\/p><p>Bei organisatorischen Fragen wenden Sie sich bitte an <a href=\"mailto:anna.borowska@tuwien.ac.at\">anna.borowska@tuwien.ac.at<\/a><\/p>\t\t\t\t\t\t\t\t<\/div>\n\t\t\t\t<\/div>\n\t\t\t\t<div class=\"elementor-element elementor-element-7d2ec1dc elementor-widget-divider--view-line elementor-widget elementor-widget-divider\" data-id=\"7d2ec1dc\" data-element_type=\"widget\" data-widget_type=\"divider.default\">\n\t\t\t\t<div class=\"elementor-widget-container\">\n\t\t\t\t\t\t\t<div class=\"elementor-divider\">\n\t\t\t<span class=\"elementor-divider-separator\">\n\t\t\t\t\t\t<\/span>\n\t\t<\/div>\n\t\t\t\t\t\t<\/div>\n\t\t\t\t<\/div>\n\t\t\t\t<div class=\"elementor-element elementor-element-41867ad elementor-widget elementor-widget-text-editor\" data-id=\"41867ad\" data-element_type=\"widget\" data-widget_type=\"text-editor.default\">\n\t\t\t\t<div class=\"elementor-widget-container\">\n\t\t\t\t\t\t\t\t\t<h3 class=\"lva_h3 lva_leiter lva_h3_abstand\"><strong>Lernergebnisse<\/strong><\/h3><p class=\"lva_text\">Ziel der \u00dcbung ist, aufbauend auf den Erkenntnissen des Seminars Denkmalkunde I (251.706), unterschiedlicher Gutachten und deren Grundlagen kennenzulernen. Im Mittelpunkt stehen dabei Fragen zum Aufbau, zum Inhalt, zur Argumentation und zu den Schlussfolgerungen. Anhand einer spezifischen Fragestellung sollen Studierende in Gruppenarbeit ein konkretes Gutachten erstellen.<\/p><h3 class=\"lva_h3 lva_leiter lva_h3_abstand\"><strong>Inhalt der Lehrveranstaltung<\/strong><\/h3><p>Die Denkmalpflege kann sich bei der Erf\u00fcllung ihrer Aufgabe auf ein solides methodisches Instrumentarium st\u00fctzen. In der Regel sind auch die rechtlichen Rahmenbedingungen klar. Dennoch k\u00f6nnen innerfachlich und in der breiteren \u00d6ffentlichkeit widerspr\u00fcchliche Auffassungen zu geplanten denkmalpflegerischen Ma\u00dfnahmen entstehen. In solchen Pattsituationen sind unabh\u00e4ngige Fachgutachten gefragt, die aus einer verl\u00e4sslichen Analyse des Problems heraus klar argumentierend, nachvollziehbar und glaubw\u00fcrdig Position beziehen, damit entsprechend nachhaltige Entscheide gef\u00e4llt werden k\u00f6nnen. International anerkannte Grund- und Leits\u00e4tze der Denkmalpflege sind dabei wegweisend.<\/p><p>Die Erstellung von Gutachten ist deshalb eine in hohem Ma\u00dfe verantwortungsvolle Aufgabe, die jenseits politischer Erw\u00e4gungen einzig dem Gegenstand des Gutachtens verpflichtet ist und von den Verfassern unbestrittene Integrit\u00e4t und Unabh\u00e4ngigkeit abverlangt.<\/p>\t\t\t\t\t\t\t\t<\/div>\n\t\t\t\t<\/div>\n\t\t\t\t<div class=\"elementor-element elementor-element-6a8a1cea elementor-widget-divider--view-line elementor-widget elementor-widget-divider\" data-id=\"6a8a1cea\" data-element_type=\"widget\" data-widget_type=\"divider.default\">\n\t\t\t\t<div class=\"elementor-widget-container\">\n\t\t\t\t\t\t\t<div class=\"elementor-divider\">\n\t\t\t<span class=\"elementor-divider-separator\">\n\t\t\t\t\t\t<\/span>\n\t\t<\/div>\n\t\t\t\t\t\t<\/div>\n\t\t\t\t<\/div>\n\t\t\t\t<section class=\"elementor-section elementor-inner-section elementor-element elementor-element-20fe3692 elementor-section-boxed elementor-section-height-default elementor-section-height-default\" data-id=\"20fe3692\" data-element_type=\"section\">\n\t\t\t\t\t\t<div class=\"elementor-container elementor-column-gap-default\">\n\t\t\t\t\t<div class=\"elementor-column elementor-col-50 elementor-inner-column elementor-element elementor-element-36c1dc3f\" data-id=\"36c1dc3f\" data-element_type=\"column\">\n\t\t\t<div class=\"elementor-widget-wrap elementor-element-populated\">\n\t\t\t\t\t\t<div class=\"elementor-element elementor-element-64a3c124 elementor-widget elementor-widget-text-editor\" data-id=\"64a3c124\" data-element_type=\"widget\" data-widget_type=\"text-editor.default\">\n\t\t\t\t<div class=\"elementor-widget-container\">\n\t\t\t\t\t\t\t\t\t<p class=\"lva_text\"><a href=\"https:\/\/tiss.tuwien.ac.at\/course\/courseDetails.xhtml?dswid=2142&amp;dsrid=90&amp;courseNr=251707&amp;semester=2019S\">TISS<\/a>, <a class=\"link link_blau\" href=\"https:\/\/denkmalpflege.tuwien.ac.at\/index.php\/download-modul-denkmalpflege\/\"> Vorlesungsunterlagen<\/a><\/p>\t\t\t\t\t\t\t\t<\/div>\n\t\t\t\t<\/div>\n\t\t\t\t\t<\/div>\n\t\t<\/div>\n\t\t\t\t<div class=\"elementor-column elementor-col-50 elementor-inner-column elementor-element elementor-element-27df8f73\" data-id=\"27df8f73\" data-element_type=\"column\">\n\t\t\t<div class=\"elementor-widget-wrap\">\n\t\t\t\t\t\t\t<\/div>\n\t\t<\/div>\n\t\t\t\t\t<\/div>\n\t\t<\/section>\n\t\t\t\t\t<\/div>\n\t\t<\/div>\n\t\t\t\t\t<\/div>\n\t\t<\/section>\n\t\t\t\t<\/div>\n\t\t","protected":false},"excerpt":{"rendered":"<p>LVA SS 2019 251.707 1,0 h (1,5 ECTS) Denkmalpflege\/ Denkmalkunde II: Umfeld &amp; Praxis Modul Denkmalpflege &amp; Ma\u00dfnahmen am Denkmal Nott CAVIEZEL Einf\u00fchrung Montag 4. M\u00e4rz 2019, 17:00 Uhr im HS17Beginn 11. M\u00e4rz 2019, 11:00 Uhr im SR 257 (Stiege 3, 2. Stock) Termine Montag, 11:00-12:00 Uhr im SR 257 (Stiege 3, 2. OG) Anmeldung \u00dcber TISS Teilnehmerbeschr\u00e4nkung auf 30 Personen!Anwesenheitspflicht! Die Lehrveranstaltung ist verpflichtend f\u00fcr die Anrechnung als Modul.<\/p>\n<div class=\"belowpost\"><a class=\"btnmore icon-arrow\" href=\"https:\/\/denkmalpflege.tuwien.ac.at\/index.php\/lehre-2\/so17\/modul17\/denkmalpflege_denkmalkunde-2\/\"><span>Read More<\/span><\/a><\/div>\n","protected":false},"author":1,"featured_media":0,"parent":198,"menu_order":1,"comment_status":"closed","ping_status":"closed","template":"","meta":{"footnotes":""},"class_list":["post-350","page","type-page","status-publish","hentry"],"yoast_head":"<!-- This site is optimized with the Yoast SEO plugin v26.0 - https:\/\/yoast.com\/wordpress\/plugins\/seo\/ -->\n<title>Denkmalpflege\/Denkmalkunde II: Umfeld und Praxis - Denkmalpflege und Bauen im Bestand<\/title>\n<meta name=\"robots\" content=\"index, follow, max-snippet:-1, max-image-preview:large, max-video-preview:-1\" \/>\n<link rel=\"canonical\" href=\"https:\/\/denkmalpflege.tuwien.ac.at\/index.php\/lehre-2\/so17\/modul17\/denkmalpflege_denkmalkunde-2\/\" \/>\n<meta property=\"og:locale\" content=\"de_DE\" \/>\n<meta property=\"og:type\" content=\"article\" \/>\n<meta property=\"og:title\" content=\"Denkmalpflege\/Denkmalkunde II: Umfeld und Praxis - Denkmalpflege und Bauen im Bestand\" \/>\n<meta property=\"og:description\" content=\"LVA SS 2019 251.707 1,0 h (1,5 ECTS) Denkmalpflege\/ Denkmalkunde II: Umfeld &amp; Praxis Modul Denkmalpflege &amp; Ma\u00dfnahmen am Denkmal Nott CAVIEZEL Einf\u00fchrung Montag 4. M\u00e4rz 2019, 17:00 Uhr im HS17Beginn 11. M\u00e4rz 2019, 11:00 Uhr im SR 257 (Stiege 3, 2. Stock) Termine Montag, 11:00-12:00 Uhr im SR 257 (Stiege 3, 2. OG) Anmeldung \u00dcber TISS Teilnehmerbeschr\u00e4nkung auf 30 Personen!Anwesenheitspflicht! Die Lehrveranstaltung ist verpflichtend f\u00fcr die Anrechnung als Modul.Read More\" \/>\n<meta property=\"og:url\" content=\"https:\/\/denkmalpflege.tuwien.ac.at\/index.php\/lehre-2\/so17\/modul17\/denkmalpflege_denkmalkunde-2\/\" \/>\n<meta property=\"og:site_name\" content=\"Denkmalpflege und Bauen im Bestand\" \/>\n<meta property=\"article:modified_time\" content=\"2020-01-08T11:03:35+00:00\" \/>\n<meta property=\"og:image\" content=\"http:\/\/denkmalpflege.tuwien.ac.at\/wp-content\/uploads\/2020\/01\/Modul-SS19.jpg\" \/>\n<meta name=\"twitter:card\" content=\"summary_large_image\" \/>\n<meta name=\"twitter:label1\" content=\"Gesch\u00e4tzte Lesezeit\" \/>\n\t<meta name=\"twitter:data1\" content=\"1\u00a0Minute\" \/>\n<script type=\"application\/ld+json\" class=\"yoast-schema-graph\">{\"@context\":\"https:\/\/schema.org\",\"@graph\":[{\"@type\":\"WebPage\",\"@id\":\"https:\/\/denkmalpflege.tuwien.ac.at\/index.php\/lehre-2\/so17\/modul17\/denkmalpflege_denkmalkunde-2\/\",\"url\":\"https:\/\/denkmalpflege.tuwien.ac.at\/index.php\/lehre-2\/so17\/modul17\/denkmalpflege_denkmalkunde-2\/\",\"name\":\"Denkmalpflege\/Denkmalkunde II: Umfeld und Praxis - Denkmalpflege und Bauen im Bestand\",\"isPartOf\":{\"@id\":\"https:\/\/denkmalpflege.tuwien.ac.at\/#website\"},\"primaryImageOfPage\":{\"@id\":\"https:\/\/denkmalpflege.tuwien.ac.at\/index.php\/lehre-2\/so17\/modul17\/denkmalpflege_denkmalkunde-2\/#primaryimage\"},\"image\":{\"@id\":\"https:\/\/denkmalpflege.tuwien.ac.at\/index.php\/lehre-2\/so17\/modul17\/denkmalpflege_denkmalkunde-2\/#primaryimage\"},\"thumbnailUrl\":\"http:\/\/denkmalpflege.tuwien.ac.at\/wp-content\/uploads\/2020\/01\/Modul-SS19.jpg\",\"datePublished\":\"2009-10-19T13:18:58+00:00\",\"dateModified\":\"2020-01-08T11:03:35+00:00\",\"breadcrumb\":{\"@id\":\"https:\/\/denkmalpflege.tuwien.ac.at\/index.php\/lehre-2\/so17\/modul17\/denkmalpflege_denkmalkunde-2\/#breadcrumb\"},\"inLanguage\":\"de\",\"potentialAction\":[{\"@type\":\"ReadAction\",\"target\":[\"https:\/\/denkmalpflege.tuwien.ac.at\/index.php\/lehre-2\/so17\/modul17\/denkmalpflege_denkmalkunde-2\/\"]}]},{\"@type\":\"ImageObject\",\"inLanguage\":\"de\",\"@id\":\"https:\/\/denkmalpflege.tuwien.ac.at\/index.php\/lehre-2\/so17\/modul17\/denkmalpflege_denkmalkunde-2\/#primaryimage\",\"url\":\"https:\/\/denkmalpflege.tuwien.ac.at\/wp-content\/uploads\/2020\/01\/Modul-SS19.jpg\",\"contentUrl\":\"https:\/\/denkmalpflege.tuwien.ac.at\/wp-content\/uploads\/2020\/01\/Modul-SS19.jpg\",\"width\":4000,\"height\":2664},{\"@type\":\"BreadcrumbList\",\"@id\":\"https:\/\/denkmalpflege.tuwien.ac.at\/index.php\/lehre-2\/so17\/modul17\/denkmalpflege_denkmalkunde-2\/#breadcrumb\",\"itemListElement\":[{\"@type\":\"ListItem\",\"position\":1,\"name\":\"Startseite\",\"item\":\"https:\/\/denkmalpflege.tuwien.ac.at\/\"},{\"@type\":\"ListItem\",\"position\":2,\"name\":\"Lehre\",\"item\":\"https:\/\/denkmalpflege.tuwien.ac.at\/index.php\/lehre-2\/\"},{\"@type\":\"ListItem\",\"position\":3,\"name\":\"LVA Sommersemester 2017\",\"item\":\"https:\/\/denkmalpflege.tuwien.ac.at\/index.php\/lehre-2\/so17\/\"},{\"@type\":\"ListItem\",\"position\":4,\"name\":\"Modul 2017\",\"item\":\"https:\/\/denkmalpflege.tuwien.ac.at\/index.php\/lehre-2\/so17\/modul17\/\"},{\"@type\":\"ListItem\",\"position\":5,\"name\":\"Denkmalpflege\/Denkmalkunde II: Umfeld und Praxis\"}]},{\"@type\":\"WebSite\",\"@id\":\"https:\/\/denkmalpflege.tuwien.ac.at\/#website\",\"url\":\"https:\/\/denkmalpflege.tuwien.ac.at\/\",\"name\":\"Denkmalpflege und Bauen im Bestand\",\"description\":\"Denkmalpflege TU Wien\",\"publisher\":{\"@id\":\"https:\/\/denkmalpflege.tuwien.ac.at\/#organization\"},\"potentialAction\":[{\"@type\":\"SearchAction\",\"target\":{\"@type\":\"EntryPoint\",\"urlTemplate\":\"https:\/\/denkmalpflege.tuwien.ac.at\/?s={search_term_string}\"},\"query-input\":{\"@type\":\"PropertyValueSpecification\",\"valueRequired\":true,\"valueName\":\"search_term_string\"}}],\"inLanguage\":\"de\"},{\"@type\":\"Organization\",\"@id\":\"https:\/\/denkmalpflege.tuwien.ac.at\/#organization\",\"name\":\"TU Wien Denkmalpflege und Bauen im Bestand\",\"url\":\"https:\/\/denkmalpflege.tuwien.ac.at\/\",\"logo\":{\"@type\":\"ImageObject\",\"inLanguage\":\"de\",\"@id\":\"https:\/\/denkmalpflege.tuwien.ac.at\/#\/schema\/logo\/image\/\",\"url\":\"https:\/\/denkmalpflege.tuwien.ac.at\/wp-content\/uploads\/2019\/10\/Logo1.png\",\"contentUrl\":\"https:\/\/denkmalpflege.tuwien.ac.at\/wp-content\/uploads\/2019\/10\/Logo1.png\",\"width\":222,\"height\":79,\"caption\":\"TU Wien Denkmalpflege und Bauen im Bestand\"},\"image\":{\"@id\":\"https:\/\/denkmalpflege.tuwien.ac.at\/#\/schema\/logo\/image\/\"}}]}<\/script>\n<!-- \/ Yoast SEO plugin. -->","yoast_head_json":{"title":"Denkmalpflege\/Denkmalkunde II: Umfeld und Praxis - Denkmalpflege und Bauen im Bestand","robots":{"index":"index","follow":"follow","max-snippet":"max-snippet:-1","max-image-preview":"max-image-preview:large","max-video-preview":"max-video-preview:-1"},"canonical":"https:\/\/denkmalpflege.tuwien.ac.at\/index.php\/lehre-2\/so17\/modul17\/denkmalpflege_denkmalkunde-2\/","og_locale":"de_DE","og_type":"article","og_title":"Denkmalpflege\/Denkmalkunde II: Umfeld und Praxis - Denkmalpflege und Bauen im Bestand","og_description":"LVA SS 2019 251.707 1,0 h (1,5 ECTS) Denkmalpflege\/ Denkmalkunde II: Umfeld &amp; Praxis Modul Denkmalpflege &amp; Ma\u00dfnahmen am Denkmal Nott CAVIEZEL Einf\u00fchrung Montag 4. M\u00e4rz 2019, 17:00 Uhr im HS17Beginn 11. M\u00e4rz 2019, 11:00 Uhr im SR 257 (Stiege 3, 2. Stock) Termine Montag, 11:00-12:00 Uhr im SR 257 (Stiege 3, 2. OG) Anmeldung \u00dcber TISS Teilnehmerbeschr\u00e4nkung auf 30 Personen!Anwesenheitspflicht! Die Lehrveranstaltung ist verpflichtend f\u00fcr die Anrechnung als Modul.Read More","og_url":"https:\/\/denkmalpflege.tuwien.ac.at\/index.php\/lehre-2\/so17\/modul17\/denkmalpflege_denkmalkunde-2\/","og_site_name":"Denkmalpflege und Bauen im Bestand","article_modified_time":"2020-01-08T11:03:35+00:00","og_image":[{"url":"http:\/\/denkmalpflege.tuwien.ac.at\/wp-content\/uploads\/2020\/01\/Modul-SS19.jpg","type":"","width":"","height":""}],"twitter_card":"summary_large_image","twitter_misc":{"Gesch\u00e4tzte Lesezeit":"1\u00a0Minute"},"schema":{"@context":"https:\/\/schema.org","@graph":[{"@type":"WebPage","@id":"https:\/\/denkmalpflege.tuwien.ac.at\/index.php\/lehre-2\/so17\/modul17\/denkmalpflege_denkmalkunde-2\/","url":"https:\/\/denkmalpflege.tuwien.ac.at\/index.php\/lehre-2\/so17\/modul17\/denkmalpflege_denkmalkunde-2\/","name":"Denkmalpflege\/Denkmalkunde II: Umfeld und Praxis - Denkmalpflege und Bauen im Bestand","isPartOf":{"@id":"https:\/\/denkmalpflege.tuwien.ac.at\/#website"},"primaryImageOfPage":{"@id":"https:\/\/denkmalpflege.tuwien.ac.at\/index.php\/lehre-2\/so17\/modul17\/denkmalpflege_denkmalkunde-2\/#primaryimage"},"image":{"@id":"https:\/\/denkmalpflege.tuwien.ac.at\/index.php\/lehre-2\/so17\/modul17\/denkmalpflege_denkmalkunde-2\/#primaryimage"},"thumbnailUrl":"http:\/\/denkmalpflege.tuwien.ac.at\/wp-content\/uploads\/2020\/01\/Modul-SS19.jpg","datePublished":"2009-10-19T13:18:58+00:00","dateModified":"2020-01-08T11:03:35+00:00","breadcrumb":{"@id":"https:\/\/denkmalpflege.tuwien.ac.at\/index.php\/lehre-2\/so17\/modul17\/denkmalpflege_denkmalkunde-2\/#breadcrumb"},"inLanguage":"de","potentialAction":[{"@type":"ReadAction","target":["https:\/\/denkmalpflege.tuwien.ac.at\/index.php\/lehre-2\/so17\/modul17\/denkmalpflege_denkmalkunde-2\/"]}]},{"@type":"ImageObject","inLanguage":"de","@id":"https:\/\/denkmalpflege.tuwien.ac.at\/index.php\/lehre-2\/so17\/modul17\/denkmalpflege_denkmalkunde-2\/#primaryimage","url":"https:\/\/denkmalpflege.tuwien.ac.at\/wp-content\/uploads\/2020\/01\/Modul-SS19.jpg","contentUrl":"https:\/\/denkmalpflege.tuwien.ac.at\/wp-content\/uploads\/2020\/01\/Modul-SS19.jpg","width":4000,"height":2664},{"@type":"BreadcrumbList","@id":"https:\/\/denkmalpflege.tuwien.ac.at\/index.php\/lehre-2\/so17\/modul17\/denkmalpflege_denkmalkunde-2\/#breadcrumb","itemListElement":[{"@type":"ListItem","position":1,"name":"Startseite","item":"https:\/\/denkmalpflege.tuwien.ac.at\/"},{"@type":"ListItem","position":2,"name":"Lehre","item":"https:\/\/denkmalpflege.tuwien.ac.at\/index.php\/lehre-2\/"},{"@type":"ListItem","position":3,"name":"LVA Sommersemester 2017","item":"https:\/\/denkmalpflege.tuwien.ac.at\/index.php\/lehre-2\/so17\/"},{"@type":"ListItem","position":4,"name":"Modul 2017","item":"https:\/\/denkmalpflege.tuwien.ac.at\/index.php\/lehre-2\/so17\/modul17\/"},{"@type":"ListItem","position":5,"name":"Denkmalpflege\/Denkmalkunde II: Umfeld und Praxis"}]},{"@type":"WebSite","@id":"https:\/\/denkmalpflege.tuwien.ac.at\/#website","url":"https:\/\/denkmalpflege.tuwien.ac.at\/","name":"Denkmalpflege und Bauen im Bestand","description":"Denkmalpflege TU Wien","publisher":{"@id":"https:\/\/denkmalpflege.tuwien.ac.at\/#organization"},"potentialAction":[{"@type":"SearchAction","target":{"@type":"EntryPoint","urlTemplate":"https:\/\/denkmalpflege.tuwien.ac.at\/?s={search_term_string}"},"query-input":{"@type":"PropertyValueSpecification","valueRequired":true,"valueName":"search_term_string"}}],"inLanguage":"de"},{"@type":"Organization","@id":"https:\/\/denkmalpflege.tuwien.ac.at\/#organization","name":"TU Wien Denkmalpflege und Bauen im Bestand","url":"https:\/\/denkmalpflege.tuwien.ac.at\/","logo":{"@type":"ImageObject","inLanguage":"de","@id":"https:\/\/denkmalpflege.tuwien.ac.at\/#\/schema\/logo\/image\/","url":"https:\/\/denkmalpflege.tuwien.ac.at\/wp-content\/uploads\/2019\/10\/Logo1.png","contentUrl":"https:\/\/denkmalpflege.tuwien.ac.at\/wp-content\/uploads\/2019\/10\/Logo1.png","width":222,"height":79,"caption":"TU Wien Denkmalpflege und Bauen im Bestand"},"image":{"@id":"https:\/\/denkmalpflege.tuwien.ac.at\/#\/schema\/logo\/image\/"}}]}},"_links":{"self":[{"href":"https:\/\/denkmalpflege.tuwien.ac.at\/index.php\/wp-json\/wp\/v2\/pages\/350","targetHints":{"allow":["GET"]}}],"collection":[{"href":"https:\/\/denkmalpflege.tuwien.ac.at\/index.php\/wp-json\/wp\/v2\/pages"}],"about":[{"href":"https:\/\/denkmalpflege.tuwien.ac.at\/index.php\/wp-json\/wp\/v2\/types\/page"}],"author":[{"embeddable":true,"href":"https:\/\/denkmalpflege.tuwien.ac.at\/index.php\/wp-json\/wp\/v2\/users\/1"}],"replies":[{"embeddable":true,"href":"https:\/\/denkmalpflege.tuwien.ac.at\/index.php\/wp-json\/wp\/v2\/comments?post=350"}],"version-history":[{"count":103,"href":"https:\/\/denkmalpflege.tuwien.ac.at\/index.php\/wp-json\/wp\/v2\/pages\/350\/revisions"}],"predecessor-version":[{"id":17766,"href":"https:\/\/denkmalpflege.tuwien.ac.at\/index.php\/wp-json\/wp\/v2\/pages\/350\/revisions\/17766"}],"up":[{"embeddable":true,"href":"https:\/\/denkmalpflege.tuwien.ac.at\/index.php\/wp-json\/wp\/v2\/pages\/198"}],"wp:attachment":[{"href":"https:\/\/denkmalpflege.tuwien.ac.at\/index.php\/wp-json\/wp\/v2\/media?parent=350"}],"curies":[{"name":"wp","href":"https:\/\/api.w.org\/{rel}","templated":true}]}}