{"id":348,"date":"2009-10-19T16:16:46","date_gmt":"2009-10-19T13:16:46","guid":{"rendered":"http:\/\/denkmalpflege1.e251.tuwien.ac.at\/?page_id=348"},"modified":"2020-01-08T11:34:59","modified_gmt":"2020-01-08T10:34:59","slug":"denkmalpflege_denkmalkunde-1","status":"publish","type":"page","link":"https:\/\/denkmalpflege.tuwien.ac.at\/index.php\/lehre-2\/so17\/modul17\/denkmalpflege_denkmalkunde-1\/","title":{"rendered":"Denkmalpflege\/Denkmalkunde I: Grundlagen"},"content":{"rendered":"\t\t<div data-elementor-type=\"wp-page\" data-elementor-id=\"348\" class=\"elementor elementor-348\" data-elementor-post-type=\"page\">\n\t\t\t\t\t\t<section class=\"elementor-section elementor-top-section elementor-element elementor-element-1551094f elementor-section-full_width elementor-section-height-default elementor-section-height-default\" data-id=\"1551094f\" data-element_type=\"section\">\n\t\t\t\t\t\t<div class=\"elementor-container elementor-column-gap-default\">\n\t\t\t\t\t<div class=\"elementor-column elementor-col-50 elementor-top-column elementor-element elementor-element-c03d170\" data-id=\"c03d170\" data-element_type=\"column\">\n\t\t\t<div class=\"elementor-widget-wrap elementor-element-populated\">\n\t\t\t\t\t\t<div class=\"elementor-element elementor-element-624034e9 elementor-widget elementor-widget-heading\" data-id=\"624034e9\" data-element_type=\"widget\" data-widget_type=\"heading.default\">\n\t\t\t\t<div class=\"elementor-widget-container\">\n\t\t\t\t\t<h2 class=\"elementor-heading-title elementor-size-default\">LVA SS 2019<\/h2>\t\t\t\t<\/div>\n\t\t\t\t<\/div>\n\t\t\t\t<div class=\"elementor-element elementor-element-4e72a753 trennlinie elementor-widget-divider--view-line elementor-widget elementor-widget-divider\" data-id=\"4e72a753\" data-element_type=\"widget\" data-widget_type=\"divider.default\">\n\t\t\t\t<div class=\"elementor-widget-container\">\n\t\t\t\t\t\t\t<div class=\"elementor-divider\">\n\t\t\t<span class=\"elementor-divider-separator\">\n\t\t\t\t\t\t<\/span>\n\t\t<\/div>\n\t\t\t\t\t\t<\/div>\n\t\t\t\t<\/div>\n\t\t\t\t\t<\/div>\n\t\t<\/div>\n\t\t\t\t<div class=\"elementor-column elementor-col-50 elementor-top-column elementor-element elementor-element-4efe56d\" data-id=\"4efe56d\" data-element_type=\"column\">\n\t\t\t<div class=\"elementor-widget-wrap elementor-element-populated\">\n\t\t\t\t\t\t<div class=\"elementor-element elementor-element-62d12ee5 elementor-widget elementor-widget-heading\" data-id=\"62d12ee5\" data-element_type=\"widget\" data-widget_type=\"heading.default\">\n\t\t\t\t<div class=\"elementor-widget-container\">\n\t\t\t\t\t<h2 class=\"elementor-heading-title elementor-size-default\">251.706 <span style=\"float: right\"> 2,0 h (3,0 ECTS)<\/span><\/h2>\t\t\t\t<\/div>\n\t\t\t\t<\/div>\n\t\t\t\t<div class=\"elementor-element elementor-element-1afc5b6 trennlinie elementor-widget-divider--view-line elementor-widget elementor-widget-divider\" data-id=\"1afc5b6\" data-element_type=\"widget\" data-widget_type=\"divider.default\">\n\t\t\t\t<div class=\"elementor-widget-container\">\n\t\t\t\t\t\t\t<div class=\"elementor-divider\">\n\t\t\t<span class=\"elementor-divider-separator\">\n\t\t\t\t\t\t<\/span>\n\t\t<\/div>\n\t\t\t\t\t\t<\/div>\n\t\t\t\t<\/div>\n\t\t\t\t\t<\/div>\n\t\t<\/div>\n\t\t\t\t\t<\/div>\n\t\t<\/section>\n\t\t\t\t<section class=\"elementor-section elementor-top-section elementor-element elementor-element-462bc1d0 elementor-section-full_width elementor-section-height-default elementor-section-height-default\" data-id=\"462bc1d0\" data-element_type=\"section\">\n\t\t\t\t\t\t<div class=\"elementor-container elementor-column-gap-default\">\n\t\t\t\t\t<div class=\"elementor-column elementor-col-50 elementor-top-column elementor-element elementor-element-523b64a0\" data-id=\"523b64a0\" data-element_type=\"column\">\n\t\t\t<div class=\"elementor-widget-wrap elementor-element-populated\">\n\t\t\t\t\t\t<div class=\"elementor-element elementor-element-32f38c1a lva_menu elementor-widget elementor-widget-wp-widget-nav_menu\" data-id=\"32f38c1a\" data-element_type=\"widget\" data-widget_type=\"wp-widget-nav_menu.default\">\n\t\t\t\t<div class=\"elementor-widget-container\">\n\t\t\t\t\t<div class=\"menu-lva_ss19-container\"><ul id=\"menu-lva_ss19\" class=\"menu\"><li id=\"menu-item-17733\" class=\"menu-item menu-item-type-post_type menu-item-object-page menu-item-17733\"><a href=\"https:\/\/denkmalpflege.tuwien.ac.at\/index.php\/lehre-2\/sommersemester-19\/florenz-ss19\/\">Gro\u00dfes Entwerfen <\/br> Florenz Nel Tessuto<\/a><\/li>\n<li id=\"menu-item-17734\" class=\"menu-item menu-item-type-post_type menu-item-object-page menu-item-17734\"><a href=\"https:\/\/denkmalpflege.tuwien.ac.at\/index.php\/lehre-2\/timisoara-ss19\/\">Gro\u00dfes Entwerfen <\/br>Timisoara Tabakfabrik<\/a><\/li>\n<li id=\"menu-item-17735\" class=\"menu-item menu-item-type-post_type menu-item-object-page menu-item-17735\"><a href=\"https:\/\/denkmalpflege.tuwien.ac.at\/index.php\/lehre-2\/modul-ss19\/\">Modul <\/br> Denkmalpflege &#038; Ma\u00dfnahmen am Denkmal<\/a><\/li>\n<li id=\"menu-item-17736\" class=\"menu-item menu-item-type-post_type menu-item-object-page menu-item-17736\"><a href=\"https:\/\/denkmalpflege.tuwien.ac.at\/index.php\/lehre-2\/sommersemester-19\/wahlsem-bda-ss19\/\">Wahlseminar <\/br>&#8230;und das soll ein Denkmal sein?<\/a><\/li>\n<li id=\"menu-item-17737\" class=\"menu-item menu-item-type-post_type menu-item-object-page menu-item-17737\"><a href=\"https:\/\/denkmalpflege.tuwien.ac.at\/index.php\/wahlsemstadtbild\/\">Wahlseminar <\/br>Stadtbild &#038; Schutzzonen<\/a><\/li>\n<li id=\"menu-item-17738\" class=\"menu-item menu-item-type-post_type menu-item-object-page menu-item-17738\"><a href=\"https:\/\/denkmalpflege.tuwien.ac.at\/index.php\/denkmalpflege-und-bausanierung\/\">\u00dcbung <\/br>Denkmalpflege und Bausanierung<\/a><\/li>\n<li id=\"menu-item-17739\" class=\"menu-item menu-item-type-post_type menu-item-object-page menu-item-17739\"><a href=\"https:\/\/denkmalpflege.tuwien.ac.at\/index.php\/lehre-2\/lva-sommersemester-2021\/anleitung-wissenschaftlichen-arbeiten\/\">Seminar <\/br>Anleitung zum <\/br>wissenschaftlichen Arbeiten<\/a><\/li>\n<li id=\"menu-item-17740\" class=\"menu-item menu-item-type-post_type menu-item-object-page menu-item-17740\"><a href=\"https:\/\/denkmalpflege.tuwien.ac.at\/index.php\/diplomanden-und-dissertantenseminar\/\">Seminar <\/br>Diplomanden- und <\/br>Dissertantenseminar<\/a><\/li>\n<\/ul><\/div>\t\t\t\t<\/div>\n\t\t\t\t<\/div>\n\t\t\t\t\t<\/div>\n\t\t<\/div>\n\t\t\t\t<div class=\"elementor-column elementor-col-50 elementor-top-column elementor-element elementor-element-48f8f00\" data-id=\"48f8f00\" data-element_type=\"column\">\n\t\t\t<div class=\"elementor-widget-wrap elementor-element-populated\">\n\t\t\t\t\t\t<div class=\"elementor-element elementor-element-5ebd75a8 elementor-widget elementor-widget-text-editor\" data-id=\"5ebd75a8\" data-element_type=\"widget\" data-widget_type=\"text-editor.default\">\n\t\t\t\t<div class=\"elementor-widget-container\">\n\t\t\t\t\t\t\t\t\t<h1 class=\"lva_h1\">DENKMALPFLEGE\/ Denkmalkunde I: Grundlagen<\/h1>\t\t\t\t\t\t\t\t<\/div>\n\t\t\t\t<\/div>\n\t\t\t\t<div class=\"elementor-element elementor-element-5dc47e62 lva_img elementor-widget elementor-widget-image\" data-id=\"5dc47e62\" data-element_type=\"widget\" data-widget_type=\"image.default\">\n\t\t\t\t<div class=\"elementor-widget-container\">\n\t\t\t\t\t\t\t\t\t\t\t\t\t\t\t<img fetchpriority=\"high\" decoding=\"async\" width=\"4000\" height=\"2664\" src=\"https:\/\/denkmalpflege.tuwien.ac.at\/wp-content\/uploads\/2020\/01\/Modul-SS19.jpg\" class=\"attachment-full size-full wp-image-17752\" alt=\"\" \/>\t\t\t\t\t\t\t\t\t\t\t\t\t\t\t<\/div>\n\t\t\t\t<\/div>\n\t\t\t\t<div class=\"elementor-element elementor-element-2b7d9631 elementor-widget elementor-widget-text-editor\" data-id=\"2b7d9631\" data-element_type=\"widget\" data-widget_type=\"text-editor.default\">\n\t\t\t\t<div class=\"elementor-widget-container\">\n\t\t\t\t\t\t\t\t\t<p class=\"akt\">Modul Denkmalpflege &amp; Ma\u00dfnahmen am Denkmal<\/p>\t\t\t\t\t\t\t\t<\/div>\n\t\t\t\t<\/div>\n\t\t\t\t<div class=\"elementor-element elementor-element-24254a0a elementor-widget elementor-widget-text-editor\" data-id=\"24254a0a\" data-element_type=\"widget\" data-widget_type=\"text-editor.default\">\n\t\t\t\t<div class=\"elementor-widget-container\">\n\t\t\t\t\t\t\t\t\t<h3 class=\"lva_h3 lva_leiter\"><strong>Nott CAVIEZEL <\/strong><\/h3><h3 class=\"lva_h3 lva_leiter lva_h3_abstand\"><strong>Einf\u00fchrung<\/strong><\/h3><p class=\"lva_text\">Montag 4.M\u00e4rz.2019 , 17:00 Uhr, HS17<\/p><p>Beginn 11. M\u00e4rz 2019, 9:00 Uhr im SR 257 (Stiege 3, 2. OG)<\/p><h3 class=\"lva_h3 lva_leiter lva_h3_abstand\"><strong>Termine<\/strong><\/h3><p class=\"lva_text\">Montag, 9:00-11:00 Uhr im SR 257 (Stiege 3, 2. OG)<\/p><h3 class=\"lva_h3 lva_leiter lva_h3_abstand\"><strong>Anmeldung<\/strong><\/h3><p class=\"lva_text\">\u00dcber <a href=\"https:\/\/tiss.tuwien.ac.at\/course\/courseDetails.xhtml?dswid=2142&amp;dsrid=555&amp;courseNr=251706&amp;semester=2019S\">TISS<\/a><br \/>Teilnehmerbeschr\u00e4nkung auf 30 Personen!<br \/>Anwesenheitspflicht!<\/p><p>Die Lehrveranstaltung ist verpflichtend f\u00fcr die Anrechnung als Modul.<\/p><p>Bei organisatorischen Fragen wenden Sie sich bitte an <a href=\"mailto:anna.borowska@tuwien.ac.at\">anna.borowska@tuwien.ac.at<\/a><\/p>\t\t\t\t\t\t\t\t<\/div>\n\t\t\t\t<\/div>\n\t\t\t\t<div class=\"elementor-element elementor-element-59cc2d66 elementor-widget-divider--view-line elementor-widget elementor-widget-divider\" data-id=\"59cc2d66\" data-element_type=\"widget\" data-widget_type=\"divider.default\">\n\t\t\t\t<div class=\"elementor-widget-container\">\n\t\t\t\t\t\t\t<div class=\"elementor-divider\">\n\t\t\t<span class=\"elementor-divider-separator\">\n\t\t\t\t\t\t<\/span>\n\t\t<\/div>\n\t\t\t\t\t\t<\/div>\n\t\t\t\t<\/div>\n\t\t\t\t<div class=\"elementor-element elementor-element-1813c524 elementor-widget elementor-widget-text-editor\" data-id=\"1813c524\" data-element_type=\"widget\" data-widget_type=\"text-editor.default\">\n\t\t\t\t<div class=\"elementor-widget-container\">\n\t\t\t\t\t\t\t\t\t<h3 class=\"lva_h3 lva_leiter lva_h3_abstand\"><strong>Lernergebnisse<\/strong><\/h3><p>Ziel der Lehrveranstaltung ist es, in die theoretischen Aspekte der Denkmalpflege\/Denkmalkunde einzuf\u00fchren. Diskurs \u00fcber gesellschaftliche und politische Relevanz, Erarbeitung aktueller Forschungsthemen, mittel- und l\u00e4ngerfristige Perspektiven.<\/p><h3 class=\"lva_h3 lva_leiter lva_h3_abstand\"><strong>Inhalt der Lehrveranstaltung<\/strong><\/h3><p>Kongruenz und Widerspruch \u2013 Charten, Konventionen und Erkl\u00e4rungen zur Denkmalpflege.<\/p><p>Themen der Lehrveranstaltung sind: Grundlagen zur Denkmalkunde und Denkmalpflege, Geschichte der Denkmalpflege, Denkmalpflege, Denkmalwerte, Grunds\u00e4tze und Begriffe, Theoriediskussion. Charten, Abkommen und Memoranden, international, national und lokal<\/p>\t\t\t\t\t\t\t\t<\/div>\n\t\t\t\t<\/div>\n\t\t\t\t<div class=\"elementor-element elementor-element-2a993dd2 elementor-widget-divider--view-line elementor-widget elementor-widget-divider\" data-id=\"2a993dd2\" data-element_type=\"widget\" data-widget_type=\"divider.default\">\n\t\t\t\t<div class=\"elementor-widget-container\">\n\t\t\t\t\t\t\t<div class=\"elementor-divider\">\n\t\t\t<span class=\"elementor-divider-separator\">\n\t\t\t\t\t\t<\/span>\n\t\t<\/div>\n\t\t\t\t\t\t<\/div>\n\t\t\t\t<\/div>\n\t\t\t\t<section class=\"elementor-section elementor-inner-section elementor-element elementor-element-cbeba39 elementor-section-boxed elementor-section-height-default elementor-section-height-default\" data-id=\"cbeba39\" data-element_type=\"section\">\n\t\t\t\t\t\t<div class=\"elementor-container elementor-column-gap-default\">\n\t\t\t\t\t<div class=\"elementor-column elementor-col-50 elementor-inner-column elementor-element elementor-element-48e3a17a\" data-id=\"48e3a17a\" data-element_type=\"column\">\n\t\t\t<div class=\"elementor-widget-wrap elementor-element-populated\">\n\t\t\t\t\t\t<div class=\"elementor-element elementor-element-2e6a83d9 elementor-widget elementor-widget-text-editor\" data-id=\"2e6a83d9\" data-element_type=\"widget\" data-widget_type=\"text-editor.default\">\n\t\t\t\t<div class=\"elementor-widget-container\">\n\t\t\t\t\t\t\t\t\t<p class=\"lva_text\"><a class=\"link link_blau\" href=\"https:\/\/tiss.tuwien.ac.at\/course\/courseDetails.xhtml?dswid=5245&amp;dsrid=689&amp;courseNr=257058&amp;semester=2019W\">TISS<\/a>, <a class=\"link link_blau\" href=\"https:\/\/denkmalpflege.tuwien.ac.at\/index.php\/download-modul-denkmalpflege\/\"> Vorlesungsunterlagen<\/a><\/p>\t\t\t\t\t\t\t\t<\/div>\n\t\t\t\t<\/div>\n\t\t\t\t\t<\/div>\n\t\t<\/div>\n\t\t\t\t<div class=\"elementor-column elementor-col-50 elementor-inner-column elementor-element elementor-element-32903b64\" data-id=\"32903b64\" data-element_type=\"column\">\n\t\t\t<div class=\"elementor-widget-wrap\">\n\t\t\t\t\t\t\t<\/div>\n\t\t<\/div>\n\t\t\t\t\t<\/div>\n\t\t<\/section>\n\t\t\t\t\t<\/div>\n\t\t<\/div>\n\t\t\t\t\t<\/div>\n\t\t<\/section>\n\t\t\t\t<\/div>\n\t\t","protected":false},"excerpt":{"rendered":"<p>LVA SS 2019 251.706 2,0 h (3,0 ECTS) DENKMALPFLEGE\/ Denkmalkunde I: Grundlagen Modul Denkmalpflege &amp; Ma\u00dfnahmen am Denkmal Nott CAVIEZEL Einf\u00fchrung Montag 4.M\u00e4rz.2019 , 17:00 Uhr, HS17 Beginn 11. M\u00e4rz 2019, 9:00 Uhr im SR 257 (Stiege 3, 2. OG) Termine Montag, 9:00-11:00 Uhr im SR 257 (Stiege 3, 2. OG) Anmeldung \u00dcber TISSTeilnehmerbeschr\u00e4nkung auf 30 Personen!Anwesenheitspflicht! Die Lehrveranstaltung ist verpflichtend f\u00fcr die Anrechnung als Modul. Bei organisatorischen Fragen wenden<\/p>\n<div class=\"belowpost\"><a class=\"btnmore icon-arrow\" href=\"https:\/\/denkmalpflege.tuwien.ac.at\/index.php\/lehre-2\/so17\/modul17\/denkmalpflege_denkmalkunde-1\/\"><span>Read More<\/span><\/a><\/div>\n","protected":false},"author":1,"featured_media":0,"parent":198,"menu_order":0,"comment_status":"closed","ping_status":"closed","template":"","meta":{"footnotes":""},"class_list":["post-348","page","type-page","status-publish","hentry"],"yoast_head":"<!-- This site is optimized with the Yoast SEO plugin v26.0 - https:\/\/yoast.com\/wordpress\/plugins\/seo\/ -->\n<title>Denkmalpflege\/Denkmalkunde I: Grundlagen - Denkmalpflege und Bauen im Bestand<\/title>\n<meta name=\"robots\" content=\"index, follow, max-snippet:-1, max-image-preview:large, max-video-preview:-1\" \/>\n<link rel=\"canonical\" href=\"https:\/\/denkmalpflege.tuwien.ac.at\/index.php\/lehre-2\/so17\/modul17\/denkmalpflege_denkmalkunde-1\/\" \/>\n<meta property=\"og:locale\" content=\"de_DE\" \/>\n<meta property=\"og:type\" content=\"article\" \/>\n<meta property=\"og:title\" content=\"Denkmalpflege\/Denkmalkunde I: Grundlagen - Denkmalpflege und Bauen im Bestand\" \/>\n<meta property=\"og:description\" content=\"LVA SS 2019 251.706 2,0 h (3,0 ECTS) DENKMALPFLEGE\/ Denkmalkunde I: Grundlagen Modul Denkmalpflege &amp; Ma\u00dfnahmen am Denkmal Nott CAVIEZEL Einf\u00fchrung Montag 4.M\u00e4rz.2019 , 17:00 Uhr, HS17 Beginn 11. M\u00e4rz 2019, 9:00 Uhr im SR 257 (Stiege 3, 2. OG) Termine Montag, 9:00-11:00 Uhr im SR 257 (Stiege 3, 2. OG) Anmeldung \u00dcber TISSTeilnehmerbeschr\u00e4nkung auf 30 Personen!Anwesenheitspflicht! Die Lehrveranstaltung ist verpflichtend f\u00fcr die Anrechnung als Modul. Bei organisatorischen Fragen wendenRead More\" \/>\n<meta property=\"og:url\" content=\"https:\/\/denkmalpflege.tuwien.ac.at\/index.php\/lehre-2\/so17\/modul17\/denkmalpflege_denkmalkunde-1\/\" \/>\n<meta property=\"og:site_name\" content=\"Denkmalpflege und Bauen im Bestand\" \/>\n<meta property=\"article:modified_time\" content=\"2020-01-08T10:34:59+00:00\" \/>\n<meta property=\"og:image\" content=\"http:\/\/denkmalpflege.tuwien.ac.at\/wp-content\/uploads\/2020\/01\/Modul-SS19.jpg\" \/>\n<meta name=\"twitter:card\" content=\"summary_large_image\" \/>\n<meta name=\"twitter:label1\" content=\"Gesch\u00e4tzte Lesezeit\" \/>\n\t<meta name=\"twitter:data1\" content=\"1\u00a0Minute\" \/>\n<script type=\"application\/ld+json\" class=\"yoast-schema-graph\">{\"@context\":\"https:\/\/schema.org\",\"@graph\":[{\"@type\":\"WebPage\",\"@id\":\"https:\/\/denkmalpflege.tuwien.ac.at\/index.php\/lehre-2\/so17\/modul17\/denkmalpflege_denkmalkunde-1\/\",\"url\":\"https:\/\/denkmalpflege.tuwien.ac.at\/index.php\/lehre-2\/so17\/modul17\/denkmalpflege_denkmalkunde-1\/\",\"name\":\"Denkmalpflege\/Denkmalkunde I: Grundlagen - Denkmalpflege und Bauen im Bestand\",\"isPartOf\":{\"@id\":\"https:\/\/denkmalpflege.tuwien.ac.at\/#website\"},\"primaryImageOfPage\":{\"@id\":\"https:\/\/denkmalpflege.tuwien.ac.at\/index.php\/lehre-2\/so17\/modul17\/denkmalpflege_denkmalkunde-1\/#primaryimage\"},\"image\":{\"@id\":\"https:\/\/denkmalpflege.tuwien.ac.at\/index.php\/lehre-2\/so17\/modul17\/denkmalpflege_denkmalkunde-1\/#primaryimage\"},\"thumbnailUrl\":\"http:\/\/denkmalpflege.tuwien.ac.at\/wp-content\/uploads\/2020\/01\/Modul-SS19.jpg\",\"datePublished\":\"2009-10-19T13:16:46+00:00\",\"dateModified\":\"2020-01-08T10:34:59+00:00\",\"breadcrumb\":{\"@id\":\"https:\/\/denkmalpflege.tuwien.ac.at\/index.php\/lehre-2\/so17\/modul17\/denkmalpflege_denkmalkunde-1\/#breadcrumb\"},\"inLanguage\":\"de\",\"potentialAction\":[{\"@type\":\"ReadAction\",\"target\":[\"https:\/\/denkmalpflege.tuwien.ac.at\/index.php\/lehre-2\/so17\/modul17\/denkmalpflege_denkmalkunde-1\/\"]}]},{\"@type\":\"ImageObject\",\"inLanguage\":\"de\",\"@id\":\"https:\/\/denkmalpflege.tuwien.ac.at\/index.php\/lehre-2\/so17\/modul17\/denkmalpflege_denkmalkunde-1\/#primaryimage\",\"url\":\"https:\/\/denkmalpflege.tuwien.ac.at\/wp-content\/uploads\/2020\/01\/Modul-SS19.jpg\",\"contentUrl\":\"https:\/\/denkmalpflege.tuwien.ac.at\/wp-content\/uploads\/2020\/01\/Modul-SS19.jpg\",\"width\":4000,\"height\":2664},{\"@type\":\"BreadcrumbList\",\"@id\":\"https:\/\/denkmalpflege.tuwien.ac.at\/index.php\/lehre-2\/so17\/modul17\/denkmalpflege_denkmalkunde-1\/#breadcrumb\",\"itemListElement\":[{\"@type\":\"ListItem\",\"position\":1,\"name\":\"Startseite\",\"item\":\"https:\/\/denkmalpflege.tuwien.ac.at\/\"},{\"@type\":\"ListItem\",\"position\":2,\"name\":\"Lehre\",\"item\":\"https:\/\/denkmalpflege.tuwien.ac.at\/index.php\/lehre-2\/\"},{\"@type\":\"ListItem\",\"position\":3,\"name\":\"LVA Sommersemester 2017\",\"item\":\"https:\/\/denkmalpflege.tuwien.ac.at\/index.php\/lehre-2\/so17\/\"},{\"@type\":\"ListItem\",\"position\":4,\"name\":\"Modul 2017\",\"item\":\"https:\/\/denkmalpflege.tuwien.ac.at\/index.php\/lehre-2\/so17\/modul17\/\"},{\"@type\":\"ListItem\",\"position\":5,\"name\":\"Denkmalpflege\/Denkmalkunde I: Grundlagen\"}]},{\"@type\":\"WebSite\",\"@id\":\"https:\/\/denkmalpflege.tuwien.ac.at\/#website\",\"url\":\"https:\/\/denkmalpflege.tuwien.ac.at\/\",\"name\":\"Denkmalpflege und Bauen im Bestand\",\"description\":\"Denkmalpflege TU Wien\",\"publisher\":{\"@id\":\"https:\/\/denkmalpflege.tuwien.ac.at\/#organization\"},\"potentialAction\":[{\"@type\":\"SearchAction\",\"target\":{\"@type\":\"EntryPoint\",\"urlTemplate\":\"https:\/\/denkmalpflege.tuwien.ac.at\/?s={search_term_string}\"},\"query-input\":{\"@type\":\"PropertyValueSpecification\",\"valueRequired\":true,\"valueName\":\"search_term_string\"}}],\"inLanguage\":\"de\"},{\"@type\":\"Organization\",\"@id\":\"https:\/\/denkmalpflege.tuwien.ac.at\/#organization\",\"name\":\"TU Wien Denkmalpflege und Bauen im Bestand\",\"url\":\"https:\/\/denkmalpflege.tuwien.ac.at\/\",\"logo\":{\"@type\":\"ImageObject\",\"inLanguage\":\"de\",\"@id\":\"https:\/\/denkmalpflege.tuwien.ac.at\/#\/schema\/logo\/image\/\",\"url\":\"https:\/\/denkmalpflege.tuwien.ac.at\/wp-content\/uploads\/2019\/10\/Logo1.png\",\"contentUrl\":\"https:\/\/denkmalpflege.tuwien.ac.at\/wp-content\/uploads\/2019\/10\/Logo1.png\",\"width\":222,\"height\":79,\"caption\":\"TU Wien Denkmalpflege und Bauen im Bestand\"},\"image\":{\"@id\":\"https:\/\/denkmalpflege.tuwien.ac.at\/#\/schema\/logo\/image\/\"}}]}<\/script>\n<!-- \/ Yoast SEO plugin. -->","yoast_head_json":{"title":"Denkmalpflege\/Denkmalkunde I: Grundlagen - Denkmalpflege und Bauen im Bestand","robots":{"index":"index","follow":"follow","max-snippet":"max-snippet:-1","max-image-preview":"max-image-preview:large","max-video-preview":"max-video-preview:-1"},"canonical":"https:\/\/denkmalpflege.tuwien.ac.at\/index.php\/lehre-2\/so17\/modul17\/denkmalpflege_denkmalkunde-1\/","og_locale":"de_DE","og_type":"article","og_title":"Denkmalpflege\/Denkmalkunde I: Grundlagen - Denkmalpflege und Bauen im Bestand","og_description":"LVA SS 2019 251.706 2,0 h (3,0 ECTS) DENKMALPFLEGE\/ Denkmalkunde I: Grundlagen Modul Denkmalpflege &amp; Ma\u00dfnahmen am Denkmal Nott CAVIEZEL Einf\u00fchrung Montag 4.M\u00e4rz.2019 , 17:00 Uhr, HS17 Beginn 11. M\u00e4rz 2019, 9:00 Uhr im SR 257 (Stiege 3, 2. OG) Termine Montag, 9:00-11:00 Uhr im SR 257 (Stiege 3, 2. OG) Anmeldung \u00dcber TISSTeilnehmerbeschr\u00e4nkung auf 30 Personen!Anwesenheitspflicht! Die Lehrveranstaltung ist verpflichtend f\u00fcr die Anrechnung als Modul. Bei organisatorischen Fragen wendenRead More","og_url":"https:\/\/denkmalpflege.tuwien.ac.at\/index.php\/lehre-2\/so17\/modul17\/denkmalpflege_denkmalkunde-1\/","og_site_name":"Denkmalpflege und Bauen im Bestand","article_modified_time":"2020-01-08T10:34:59+00:00","og_image":[{"url":"http:\/\/denkmalpflege.tuwien.ac.at\/wp-content\/uploads\/2020\/01\/Modul-SS19.jpg","type":"","width":"","height":""}],"twitter_card":"summary_large_image","twitter_misc":{"Gesch\u00e4tzte Lesezeit":"1\u00a0Minute"},"schema":{"@context":"https:\/\/schema.org","@graph":[{"@type":"WebPage","@id":"https:\/\/denkmalpflege.tuwien.ac.at\/index.php\/lehre-2\/so17\/modul17\/denkmalpflege_denkmalkunde-1\/","url":"https:\/\/denkmalpflege.tuwien.ac.at\/index.php\/lehre-2\/so17\/modul17\/denkmalpflege_denkmalkunde-1\/","name":"Denkmalpflege\/Denkmalkunde I: Grundlagen - Denkmalpflege und Bauen im Bestand","isPartOf":{"@id":"https:\/\/denkmalpflege.tuwien.ac.at\/#website"},"primaryImageOfPage":{"@id":"https:\/\/denkmalpflege.tuwien.ac.at\/index.php\/lehre-2\/so17\/modul17\/denkmalpflege_denkmalkunde-1\/#primaryimage"},"image":{"@id":"https:\/\/denkmalpflege.tuwien.ac.at\/index.php\/lehre-2\/so17\/modul17\/denkmalpflege_denkmalkunde-1\/#primaryimage"},"thumbnailUrl":"http:\/\/denkmalpflege.tuwien.ac.at\/wp-content\/uploads\/2020\/01\/Modul-SS19.jpg","datePublished":"2009-10-19T13:16:46+00:00","dateModified":"2020-01-08T10:34:59+00:00","breadcrumb":{"@id":"https:\/\/denkmalpflege.tuwien.ac.at\/index.php\/lehre-2\/so17\/modul17\/denkmalpflege_denkmalkunde-1\/#breadcrumb"},"inLanguage":"de","potentialAction":[{"@type":"ReadAction","target":["https:\/\/denkmalpflege.tuwien.ac.at\/index.php\/lehre-2\/so17\/modul17\/denkmalpflege_denkmalkunde-1\/"]}]},{"@type":"ImageObject","inLanguage":"de","@id":"https:\/\/denkmalpflege.tuwien.ac.at\/index.php\/lehre-2\/so17\/modul17\/denkmalpflege_denkmalkunde-1\/#primaryimage","url":"https:\/\/denkmalpflege.tuwien.ac.at\/wp-content\/uploads\/2020\/01\/Modul-SS19.jpg","contentUrl":"https:\/\/denkmalpflege.tuwien.ac.at\/wp-content\/uploads\/2020\/01\/Modul-SS19.jpg","width":4000,"height":2664},{"@type":"BreadcrumbList","@id":"https:\/\/denkmalpflege.tuwien.ac.at\/index.php\/lehre-2\/so17\/modul17\/denkmalpflege_denkmalkunde-1\/#breadcrumb","itemListElement":[{"@type":"ListItem","position":1,"name":"Startseite","item":"https:\/\/denkmalpflege.tuwien.ac.at\/"},{"@type":"ListItem","position":2,"name":"Lehre","item":"https:\/\/denkmalpflege.tuwien.ac.at\/index.php\/lehre-2\/"},{"@type":"ListItem","position":3,"name":"LVA Sommersemester 2017","item":"https:\/\/denkmalpflege.tuwien.ac.at\/index.php\/lehre-2\/so17\/"},{"@type":"ListItem","position":4,"name":"Modul 2017","item":"https:\/\/denkmalpflege.tuwien.ac.at\/index.php\/lehre-2\/so17\/modul17\/"},{"@type":"ListItem","position":5,"name":"Denkmalpflege\/Denkmalkunde I: Grundlagen"}]},{"@type":"WebSite","@id":"https:\/\/denkmalpflege.tuwien.ac.at\/#website","url":"https:\/\/denkmalpflege.tuwien.ac.at\/","name":"Denkmalpflege und Bauen im Bestand","description":"Denkmalpflege TU Wien","publisher":{"@id":"https:\/\/denkmalpflege.tuwien.ac.at\/#organization"},"potentialAction":[{"@type":"SearchAction","target":{"@type":"EntryPoint","urlTemplate":"https:\/\/denkmalpflege.tuwien.ac.at\/?s={search_term_string}"},"query-input":{"@type":"PropertyValueSpecification","valueRequired":true,"valueName":"search_term_string"}}],"inLanguage":"de"},{"@type":"Organization","@id":"https:\/\/denkmalpflege.tuwien.ac.at\/#organization","name":"TU Wien Denkmalpflege und Bauen im Bestand","url":"https:\/\/denkmalpflege.tuwien.ac.at\/","logo":{"@type":"ImageObject","inLanguage":"de","@id":"https:\/\/denkmalpflege.tuwien.ac.at\/#\/schema\/logo\/image\/","url":"https:\/\/denkmalpflege.tuwien.ac.at\/wp-content\/uploads\/2019\/10\/Logo1.png","contentUrl":"https:\/\/denkmalpflege.tuwien.ac.at\/wp-content\/uploads\/2019\/10\/Logo1.png","width":222,"height":79,"caption":"TU Wien Denkmalpflege und Bauen im Bestand"},"image":{"@id":"https:\/\/denkmalpflege.tuwien.ac.at\/#\/schema\/logo\/image\/"}}]}},"_links":{"self":[{"href":"https:\/\/denkmalpflege.tuwien.ac.at\/index.php\/wp-json\/wp\/v2\/pages\/348","targetHints":{"allow":["GET"]}}],"collection":[{"href":"https:\/\/denkmalpflege.tuwien.ac.at\/index.php\/wp-json\/wp\/v2\/pages"}],"about":[{"href":"https:\/\/denkmalpflege.tuwien.ac.at\/index.php\/wp-json\/wp\/v2\/types\/page"}],"author":[{"embeddable":true,"href":"https:\/\/denkmalpflege.tuwien.ac.at\/index.php\/wp-json\/wp\/v2\/users\/1"}],"replies":[{"embeddable":true,"href":"https:\/\/denkmalpflege.tuwien.ac.at\/index.php\/wp-json\/wp\/v2\/comments?post=348"}],"version-history":[{"count":154,"href":"https:\/\/denkmalpflege.tuwien.ac.at\/index.php\/wp-json\/wp\/v2\/pages\/348\/revisions"}],"predecessor-version":[{"id":17761,"href":"https:\/\/denkmalpflege.tuwien.ac.at\/index.php\/wp-json\/wp\/v2\/pages\/348\/revisions\/17761"}],"up":[{"embeddable":true,"href":"https:\/\/denkmalpflege.tuwien.ac.at\/index.php\/wp-json\/wp\/v2\/pages\/198"}],"wp:attachment":[{"href":"https:\/\/denkmalpflege.tuwien.ac.at\/index.php\/wp-json\/wp\/v2\/media?parent=348"}],"curies":[{"name":"wp","href":"https:\/\/api.w.org\/{rel}","templated":true}]}}