{"id":34557,"date":"2025-09-19T12:38:57","date_gmt":"2025-09-19T10:38:57","guid":{"rendered":"https:\/\/denkmalpflege.tuwien.ac.at\/?page_id=34557"},"modified":"2026-03-24T07:43:16","modified_gmt":"2026-03-24T06:43:16","slug":"konrad-graunke","status":"publish","type":"page","link":"https:\/\/denkmalpflege.tuwien.ac.at\/index.php\/diplomarbeiten\/konrad-graunke\/","title":{"rendered":"Konrad Graunke"},"content":{"rendered":"\t\t<div data-elementor-type=\"wp-page\" data-elementor-id=\"34557\" class=\"elementor elementor-34557\" data-elementor-post-type=\"page\">\n\t\t\t\t\t\t<section class=\"elementor-section elementor-top-section elementor-element elementor-element-bbe85d6 elementor-section-full_width elementor-section-height-default elementor-section-height-default\" data-id=\"bbe85d6\" data-element_type=\"section\">\n\t\t\t\t\t\t<div class=\"elementor-container elementor-column-gap-default\">\n\t\t\t\t\t<div class=\"elementor-column elementor-col-50 elementor-top-column elementor-element elementor-element-1e338a2\" data-id=\"1e338a2\" data-element_type=\"column\">\n\t\t\t<div class=\"elementor-widget-wrap elementor-element-populated\">\n\t\t\t\t\t\t<div class=\"elementor-element elementor-element-a0de740 elementor-widget elementor-widget-heading\" data-id=\"a0de740\" data-element_type=\"widget\" data-widget_type=\"heading.default\">\n\t\t\t\t<div class=\"elementor-widget-container\">\n\t\t\t\t\t<h2 class=\"elementor-heading-title elementor-size-default\">Arbeiten<\/h2>\t\t\t\t<\/div>\n\t\t\t\t<\/div>\n\t\t\t\t\t<\/div>\n\t\t<\/div>\n\t\t\t\t<div class=\"elementor-column elementor-col-50 elementor-top-column elementor-element elementor-element-cae148e\" data-id=\"cae148e\" data-element_type=\"column\">\n\t\t\t<div class=\"elementor-widget-wrap elementor-element-populated\">\n\t\t\t\t\t\t<div class=\"elementor-element elementor-element-fee3cb2 elementor-widget elementor-widget-heading\" data-id=\"fee3cb2\" data-element_type=\"widget\" data-widget_type=\"heading.default\">\n\t\t\t\t<div class=\"elementor-widget-container\">\n\t\t\t\t\t<h2 class=\"elementor-heading-title elementor-size-default\">Konrad Graunke <span style=\"float: right\"> 2025<\/span><\/h2>\t\t\t\t<\/div>\n\t\t\t\t<\/div>\n\t\t\t\t\t<\/div>\n\t\t<\/div>\n\t\t\t\t\t<\/div>\n\t\t<\/section>\n\t\t\t\t<section class=\"elementor-section elementor-top-section elementor-element elementor-element-183c939 elementor-section-full_width elementor-section-height-default elementor-section-height-default\" data-id=\"183c939\" data-element_type=\"section\">\n\t\t\t\t\t\t<div class=\"elementor-container elementor-column-gap-default\">\n\t\t\t\t\t<div class=\"elementor-column elementor-col-50 elementor-top-column elementor-element elementor-element-1e20845\" data-id=\"1e20845\" data-element_type=\"column\">\n\t\t\t<div class=\"elementor-widget-wrap elementor-element-populated\">\n\t\t\t\t\t\t<div class=\"elementor-element elementor-element-2d314a5 elementor-nav-menu__align-start elementor-nav-menu--dropdown-mobile elementor-nav-menu__text-align-aside elementor-nav-menu--toggle elementor-nav-menu--burger elementor-widget elementor-widget-nav-menu\" data-id=\"2d314a5\" data-element_type=\"widget\" data-settings=\"{&quot;layout&quot;:&quot;vertical&quot;,&quot;submenu_icon&quot;:{&quot;value&quot;:&quot;&lt;i class=\\&quot;\\&quot; aria-hidden=\\&quot;true\\&quot;&gt;&lt;\\\/i&gt;&quot;,&quot;library&quot;:&quot;&quot;},&quot;toggle&quot;:&quot;burger&quot;}\" data-widget_type=\"nav-menu.default\">\n\t\t\t\t<div class=\"elementor-widget-container\">\n\t\t\t\t\t\t\t\t<nav aria-label=\"Men\u00fc\" class=\"elementor-nav-menu--main elementor-nav-menu__container elementor-nav-menu--layout-vertical e--pointer-none\">\n\t\t\t\t<ul id=\"menu-1-2d314a5\" class=\"elementor-nav-menu sm-vertical\"><li class=\"menu-item menu-item-type-post_type menu-item-object-page menu-item-27442\"><a href=\"https:\/\/denkmalpflege.tuwien.ac.at\/index.php\/diplomarbeiten\/\" class=\"elementor-item\">Diplomarbeiten<\/a><\/li>\n<li class=\"menu-item menu-item-type-post_type menu-item-object-page menu-item-16203\"><a href=\"https:\/\/denkmalpflege.tuwien.ac.at\/index.php\/laufende-dissertationen\/\" class=\"elementor-item\">Dissertationen<\/a><\/li>\n<\/ul>\t\t\t<\/nav>\n\t\t\t\t\t<div class=\"elementor-menu-toggle\" role=\"button\" tabindex=\"0\" aria-label=\"Men\u00fc Umschalter\" aria-expanded=\"false\">\n\t\t\t<i aria-hidden=\"true\" role=\"presentation\" class=\"elementor-menu-toggle__icon--open eicon-menu-bar\"><\/i><i aria-hidden=\"true\" role=\"presentation\" class=\"elementor-menu-toggle__icon--close eicon-close\"><\/i>\t\t<\/div>\n\t\t\t\t\t<nav class=\"elementor-nav-menu--dropdown elementor-nav-menu__container\" aria-hidden=\"true\">\n\t\t\t\t<ul id=\"menu-2-2d314a5\" class=\"elementor-nav-menu sm-vertical\"><li class=\"menu-item menu-item-type-post_type menu-item-object-page menu-item-27442\"><a href=\"https:\/\/denkmalpflege.tuwien.ac.at\/index.php\/diplomarbeiten\/\" class=\"elementor-item\" tabindex=\"-1\">Diplomarbeiten<\/a><\/li>\n<li class=\"menu-item menu-item-type-post_type menu-item-object-page menu-item-16203\"><a href=\"https:\/\/denkmalpflege.tuwien.ac.at\/index.php\/laufende-dissertationen\/\" class=\"elementor-item\" tabindex=\"-1\">Dissertationen<\/a><\/li>\n<\/ul>\t\t\t<\/nav>\n\t\t\t\t\t\t<\/div>\n\t\t\t\t<\/div>\n\t\t\t\t<div class=\"elementor-element elementor-element-65ed606 elementor-widget elementor-widget-wp-widget-nav_menu\" data-id=\"65ed606\" data-element_type=\"widget\" data-widget_type=\"wp-widget-nav_menu.default\">\n\t\t\t\t<div class=\"elementor-widget-container\">\n\t\t\t\t\t<div class=\"menu-laufende-diplomarbeiten-container\"><ul id=\"menu-laufende-diplomarbeiten\" class=\"menu\"><li id=\"menu-item-28638\" class=\"menu-item menu-item-type-post_type menu-item-object-page menu-item-28638\"><a href=\"https:\/\/denkmalpflege.tuwien.ac.at\/index.php\/diplomarbeiten\/\">Zur\u00fcck<\/a><\/li>\n<\/ul><\/div>\t\t\t\t<\/div>\n\t\t\t\t<\/div>\n\t\t\t\t\t<\/div>\n\t\t<\/div>\n\t\t\t\t<div class=\"elementor-column elementor-col-50 elementor-top-column elementor-element elementor-element-d5fbf9c\" data-id=\"d5fbf9c\" data-element_type=\"column\">\n\t\t\t<div class=\"elementor-widget-wrap elementor-element-populated\">\n\t\t\t\t\t\t<div class=\"elementor-element elementor-element-9f6232c elementor-widget elementor-widget-text-editor\" data-id=\"9f6232c\" data-element_type=\"widget\" data-widget_type=\"text-editor.default\">\n\t\t\t\t<div class=\"elementor-widget-container\">\n\t\t\t\t\t\t\t\t\t<h2>Der Fall Seidenweberhaus Krefeld &#8211; Wie sieht eine zeitgen\u00f6ssische Weiterentwicklung brutalistischer Veranstaltungsbauten der Nachkriegszeit aus, die einen bestandspflegenden Umgang, insbesondere in Bezug auf deren denkmalpflegerische Qualit\u00e4ten als Dissonanten im Stadtbild, anstrebt?<\/h2>\t\t\t\t\t\t\t\t<\/div>\n\t\t\t\t<\/div>\n\t\t\t\t<div class=\"elementor-element elementor-element-c6f7611 elementor-widget elementor-widget-spacer\" data-id=\"c6f7611\" data-element_type=\"widget\" data-widget_type=\"spacer.default\">\n\t\t\t\t<div class=\"elementor-widget-container\">\n\t\t\t\t\t\t\t<div class=\"elementor-spacer\">\n\t\t\t<div class=\"elementor-spacer-inner\"><\/div>\n\t\t<\/div>\n\t\t\t\t\t\t<\/div>\n\t\t\t\t<\/div>\n\t\t\t\t<section class=\"elementor-section elementor-inner-section elementor-element elementor-element-b6a69c7 elementor-section-boxed elementor-section-height-default elementor-section-height-default\" data-id=\"b6a69c7\" data-element_type=\"section\">\n\t\t\t\t\t\t<div class=\"elementor-container elementor-column-gap-default\">\n\t\t\t\t\t<div class=\"elementor-column elementor-col-33 elementor-inner-column elementor-element elementor-element-aef8552\" data-id=\"aef8552\" data-element_type=\"column\">\n\t\t\t<div class=\"elementor-widget-wrap elementor-element-populated\">\n\t\t\t\t\t\t<div class=\"elementor-element elementor-element-c930fb4 elementor-widget elementor-widget-image\" data-id=\"c930fb4\" data-element_type=\"widget\" data-widget_type=\"image.default\">\n\t\t\t\t<div class=\"elementor-widget-container\">\n\t\t\t\t\t\t\t\t\t\t\t\t\t\t\t\t<a href=\"http:\/\/denkmalpflege.tuwien.ac.at\/wp-content\/uploads\/2025\/09\/Graunke-diplomarbeit-3.jpg\" data-elementor-open-lightbox=\"yes\" data-e-action-hash=\"#elementor-action%3Aaction%3Dlightbox%26settings%3DeyJpZCI6MzQ1NjMsInVybCI6Imh0dHBzOlwvXC9kZW5rbWFscGZsZWdlLnR1d2llbi5hYy5hdFwvd3AtY29udGVudFwvdXBsb2Fkc1wvMjAyNVwvMDlcL0dyYXVua2UtZGlwbG9tYXJiZWl0LTMuanBnIn0%3D\">\n\t\t\t\t\t\t\t<img fetchpriority=\"high\" decoding=\"async\" width=\"788\" height=\"1024\" src=\"https:\/\/denkmalpflege.tuwien.ac.at\/wp-content\/uploads\/2025\/09\/Graunke-diplomarbeit-3-788x1024.jpg\" class=\"attachment-large size-large wp-image-34563\" alt=\"\" srcset=\"https:\/\/denkmalpflege.tuwien.ac.at\/wp-content\/uploads\/2025\/09\/Graunke-diplomarbeit-3-788x1024.jpg 788w, https:\/\/denkmalpflege.tuwien.ac.at\/wp-content\/uploads\/2025\/09\/Graunke-diplomarbeit-3-231x300.jpg 231w, https:\/\/denkmalpflege.tuwien.ac.at\/wp-content\/uploads\/2025\/09\/Graunke-diplomarbeit-3-768x998.jpg 768w, https:\/\/denkmalpflege.tuwien.ac.at\/wp-content\/uploads\/2025\/09\/Graunke-diplomarbeit-3-700x910.jpg 700w, https:\/\/denkmalpflege.tuwien.ac.at\/wp-content\/uploads\/2025\/09\/Graunke-diplomarbeit-3.jpg 1000w\" sizes=\"(max-width: 788px) 100vw, 788px\" \/>\t\t\t\t\t\t\t\t<\/a>\n\t\t\t\t\t\t\t\t\t\t\t\t\t\t\t<\/div>\n\t\t\t\t<\/div>\n\t\t\t\t\t<\/div>\n\t\t<\/div>\n\t\t\t\t<div class=\"elementor-column elementor-col-33 elementor-inner-column elementor-element elementor-element-3f0b3b2\" data-id=\"3f0b3b2\" data-element_type=\"column\">\n\t\t\t<div class=\"elementor-widget-wrap elementor-element-populated\">\n\t\t\t\t\t\t<div class=\"elementor-element elementor-element-a321c52 elementor-widget elementor-widget-image\" data-id=\"a321c52\" data-element_type=\"widget\" data-widget_type=\"image.default\">\n\t\t\t\t<div class=\"elementor-widget-container\">\n\t\t\t\t\t\t\t\t\t\t\t\t\t\t\t\t<a href=\"http:\/\/denkmalpflege.tuwien.ac.at\/wp-content\/uploads\/2025\/09\/Graunke-diplomarbeit-4.jpg\" data-elementor-open-lightbox=\"yes\" data-e-action-hash=\"#elementor-action%3Aaction%3Dlightbox%26settings%3DeyJpZCI6MzQ1NjQsInVybCI6Imh0dHBzOlwvXC9kZW5rbWFscGZsZWdlLnR1d2llbi5hYy5hdFwvd3AtY29udGVudFwvdXBsb2Fkc1wvMjAyNVwvMDlcL0dyYXVua2UtZGlwbG9tYXJiZWl0LTQuanBnIn0%3D\">\n\t\t\t\t\t\t\t<img decoding=\"async\" width=\"788\" height=\"1024\" src=\"https:\/\/denkmalpflege.tuwien.ac.at\/wp-content\/uploads\/2025\/09\/Graunke-diplomarbeit-4-788x1024.jpg\" class=\"attachment-large size-large wp-image-34564\" alt=\"\" srcset=\"https:\/\/denkmalpflege.tuwien.ac.at\/wp-content\/uploads\/2025\/09\/Graunke-diplomarbeit-4-788x1024.jpg 788w, https:\/\/denkmalpflege.tuwien.ac.at\/wp-content\/uploads\/2025\/09\/Graunke-diplomarbeit-4-231x300.jpg 231w, https:\/\/denkmalpflege.tuwien.ac.at\/wp-content\/uploads\/2025\/09\/Graunke-diplomarbeit-4-768x998.jpg 768w, https:\/\/denkmalpflege.tuwien.ac.at\/wp-content\/uploads\/2025\/09\/Graunke-diplomarbeit-4-700x910.jpg 700w, https:\/\/denkmalpflege.tuwien.ac.at\/wp-content\/uploads\/2025\/09\/Graunke-diplomarbeit-4.jpg 1000w\" sizes=\"(max-width: 788px) 100vw, 788px\" \/>\t\t\t\t\t\t\t\t<\/a>\n\t\t\t\t\t\t\t\t\t\t\t\t\t\t\t<\/div>\n\t\t\t\t<\/div>\n\t\t\t\t\t<\/div>\n\t\t<\/div>\n\t\t\t\t<div class=\"elementor-column elementor-col-33 elementor-inner-column elementor-element elementor-element-c0743d8\" data-id=\"c0743d8\" data-element_type=\"column\">\n\t\t\t<div class=\"elementor-widget-wrap elementor-element-populated\">\n\t\t\t\t\t\t<div class=\"elementor-element elementor-element-57131f9 elementor-widget elementor-widget-image\" data-id=\"57131f9\" data-element_type=\"widget\" data-widget_type=\"image.default\">\n\t\t\t\t<div class=\"elementor-widget-container\">\n\t\t\t\t\t\t\t\t\t\t\t\t\t\t\t\t<a href=\"http:\/\/denkmalpflege.tuwien.ac.at\/wp-content\/uploads\/2025\/09\/Graunke-diplomarbeit-2.jpg\" data-elementor-open-lightbox=\"yes\" data-e-action-hash=\"#elementor-action%3Aaction%3Dlightbox%26settings%3DeyJpZCI6MzQ1NjUsInVybCI6Imh0dHBzOlwvXC9kZW5rbWFscGZsZWdlLnR1d2llbi5hYy5hdFwvd3AtY29udGVudFwvdXBsb2Fkc1wvMjAyNVwvMDlcL0dyYXVua2UtZGlwbG9tYXJiZWl0LTIuanBnIn0%3D\">\n\t\t\t\t\t\t\t<img decoding=\"async\" width=\"788\" height=\"1024\" src=\"https:\/\/denkmalpflege.tuwien.ac.at\/wp-content\/uploads\/2025\/09\/Graunke-diplomarbeit-2-788x1024.jpg\" class=\"attachment-large size-large wp-image-34565\" alt=\"\" srcset=\"https:\/\/denkmalpflege.tuwien.ac.at\/wp-content\/uploads\/2025\/09\/Graunke-diplomarbeit-2-788x1024.jpg 788w, https:\/\/denkmalpflege.tuwien.ac.at\/wp-content\/uploads\/2025\/09\/Graunke-diplomarbeit-2-231x300.jpg 231w, https:\/\/denkmalpflege.tuwien.ac.at\/wp-content\/uploads\/2025\/09\/Graunke-diplomarbeit-2-768x998.jpg 768w, https:\/\/denkmalpflege.tuwien.ac.at\/wp-content\/uploads\/2025\/09\/Graunke-diplomarbeit-2-700x910.jpg 700w, https:\/\/denkmalpflege.tuwien.ac.at\/wp-content\/uploads\/2025\/09\/Graunke-diplomarbeit-2.jpg 1000w\" sizes=\"(max-width: 788px) 100vw, 788px\" \/>\t\t\t\t\t\t\t\t<\/a>\n\t\t\t\t\t\t\t\t\t\t\t\t\t\t\t<\/div>\n\t\t\t\t<\/div>\n\t\t\t\t\t<\/div>\n\t\t<\/div>\n\t\t\t\t\t<\/div>\n\t\t<\/section>\n\t\t\t\t<div class=\"elementor-element elementor-element-828e6e6 elementor-widget elementor-widget-spacer\" data-id=\"828e6e6\" data-element_type=\"widget\" data-widget_type=\"spacer.default\">\n\t\t\t\t<div class=\"elementor-widget-container\">\n\t\t\t\t\t\t\t<div class=\"elementor-spacer\">\n\t\t\t<div class=\"elementor-spacer-inner\"><\/div>\n\t\t<\/div>\n\t\t\t\t\t\t<\/div>\n\t\t\t\t<\/div>\n\t\t\t\t<div class=\"elementor-element elementor-element-8b2166f elementor-widget elementor-widget-text-editor\" data-id=\"8b2166f\" data-element_type=\"widget\" data-widget_type=\"text-editor.default\">\n\t\t\t\t<div class=\"elementor-widget-container\">\n\t\t\t\t\t\t\t\t\t<p>Der Brutalismus als eine ehemals allt\u00e4gliche, erstrebenswerte architektonische Erscheinung von \u00f6ffentlichen Bauten der 60er und 70er Jahre, verschwindet immer weiter aus den Stadtbildern Europas. Grund daf\u00fcr sind neben Sanierungsbedarf, Baum\u00e4ngeln und unzeitgem\u00e4\u00dfer Erscheinung vor allem die ma\u00dfst\u00e4blich nicht greifbaren Dimensionen von brutalistischen Bauten, welche die Geb\u00e4ude als eine Art Fremdk\u00f6rper in der Stadtlandschaft erscheinen lassen. \u00dcberall wird \u00fcber den Umgang mit solchen Ikonen der Nachkriegsmoderne gestritten und das Thema Abriss r\u00fcckt immer weiter in den Vordergrund.<\/p><p>Ein Paradebeispiel f\u00fcr ein solches Geb\u00e4ude ist das Seidenweberhaus Krefeld. 1976 als Stadthalle und Konzertsaal, in Wabenform mit einem Dreiecksmodul als Grundlage, errichtet, stellt das, sich noch in Betrieb befindende, Geb\u00e4ude die Stadt Krefeld vor die gro\u00dfe Frage des Erhalts. Nachdem das Denkmalamt im Jahre 2016 das Geb\u00e4ude zwar als ganzheitliches Beispiel eines Entwurfs der 70er Jahre befunden hat, entgeht dem Seidenweberhaus trotzdem die Unterschutzstellung auf Grund von authentizit\u00e4tssch\u00e4digenden Eingriffen in die Substanz. Die daraus resultierende freie Verf\u00fcgbarkeit der Stadt Krefeld darf an dieser Stelle nicht als Aufruf zum Abriss sondern als Chance der Weiternutzung und Umnutzung der so wertvollen Geb\u00e4udesubstanz des Seidenweberhauses verstanden werden.<\/p><p>In Folge einer ganzheitlichen denkmalpflegerischen Betrachtung, einer historischen Einordnung in die Krefelder Stadtgeschichte und einer abschlie\u00dfenden st\u00e4dtebaulichen Bewertung des Seidenweberhauses wird ein Nachnutzungskonzept in Verbindung mit einem Entwurf entwickelt. Abschlie\u00dfend bietet die Arbeit ein Paradebeispiel f\u00fcr den<\/p>\t\t\t\t\t\t\t\t<\/div>\n\t\t\t\t<\/div>\n\t\t\t\t\t<\/div>\n\t\t<\/div>\n\t\t\t\t\t<\/div>\n\t\t<\/section>\n\t\t\t\t<\/div>\n\t\t","protected":false},"excerpt":{"rendered":"<p>Arbeiten Konrad Graunke 2025 Der Fall Seidenweberhaus Krefeld &#8211; Wie sieht eine zeitgen\u00f6ssische Weiterentwicklung brutalistischer Veranstaltungsbauten der Nachkriegszeit aus, die einen bestandspflegenden Umgang, insbesondere in Bezug auf deren denkmalpflegerische Qualit\u00e4ten als Dissonanten im Stadtbild, anstrebt? Der Brutalismus als eine ehemals allt\u00e4gliche, erstrebenswerte architektonische Erscheinung von \u00f6ffentlichen Bauten der 60er und 70er Jahre, verschwindet immer weiter aus den Stadtbildern Europas. Grund daf\u00fcr sind neben Sanierungsbedarf, Baum\u00e4ngeln und unzeitgem\u00e4\u00dfer Erscheinung vor allem<\/p>\n<div class=\"belowpost\"><a class=\"btnmore icon-arrow\" href=\"https:\/\/denkmalpflege.tuwien.ac.at\/index.php\/diplomarbeiten\/konrad-graunke\/\"><span>Read More<\/span><\/a><\/div>\n","protected":false},"author":1,"featured_media":0,"parent":26704,"menu_order":0,"comment_status":"closed","ping_status":"closed","template":"","meta":{"footnotes":""},"class_list":["post-34557","page","type-page","status-publish","hentry"],"yoast_head":"<!-- This site is optimized with the Yoast SEO plugin v26.0 - https:\/\/yoast.com\/wordpress\/plugins\/seo\/ -->\n<title>Konrad Graunke - Denkmalpflege und Bauen im Bestand<\/title>\n<meta name=\"robots\" content=\"index, follow, max-snippet:-1, max-image-preview:large, max-video-preview:-1\" \/>\n<link rel=\"canonical\" href=\"https:\/\/denkmalpflege.tuwien.ac.at\/index.php\/diplomarbeiten\/konrad-graunke\/\" \/>\n<meta property=\"og:locale\" content=\"de_DE\" \/>\n<meta property=\"og:type\" content=\"article\" \/>\n<meta property=\"og:title\" content=\"Konrad Graunke - Denkmalpflege und Bauen im Bestand\" \/>\n<meta property=\"og:description\" content=\"Arbeiten Konrad Graunke 2025 Der Fall Seidenweberhaus Krefeld &#8211; Wie sieht eine zeitgen\u00f6ssische Weiterentwicklung brutalistischer Veranstaltungsbauten der Nachkriegszeit aus, die einen bestandspflegenden Umgang, insbesondere in Bezug auf deren denkmalpflegerische Qualit\u00e4ten als Dissonanten im Stadtbild, anstrebt? Der Brutalismus als eine ehemals allt\u00e4gliche, erstrebenswerte architektonische Erscheinung von \u00f6ffentlichen Bauten der 60er und 70er Jahre, verschwindet immer weiter aus den Stadtbildern Europas. Grund daf\u00fcr sind neben Sanierungsbedarf, Baum\u00e4ngeln und unzeitgem\u00e4\u00dfer Erscheinung vor allemRead More\" \/>\n<meta property=\"og:url\" content=\"https:\/\/denkmalpflege.tuwien.ac.at\/index.php\/diplomarbeiten\/konrad-graunke\/\" \/>\n<meta property=\"og:site_name\" content=\"Denkmalpflege und Bauen im Bestand\" \/>\n<meta property=\"article:modified_time\" content=\"2026-03-24T06:43:16+00:00\" \/>\n<meta property=\"og:image\" content=\"https:\/\/denkmalpflege.tuwien.ac.at\/wp-content\/uploads\/2025\/09\/Graunke-diplomarbeit-3.jpg\" \/>\n\t<meta property=\"og:image:width\" content=\"1000\" \/>\n\t<meta property=\"og:image:height\" content=\"1300\" \/>\n\t<meta property=\"og:image:type\" content=\"image\/jpeg\" \/>\n<meta name=\"twitter:card\" content=\"summary_large_image\" \/>\n<meta name=\"twitter:label1\" content=\"Gesch\u00e4tzte Lesezeit\" \/>\n\t<meta name=\"twitter:data1\" content=\"3\u00a0Minuten\" \/>\n<script type=\"application\/ld+json\" class=\"yoast-schema-graph\">{\"@context\":\"https:\/\/schema.org\",\"@graph\":[{\"@type\":\"WebPage\",\"@id\":\"https:\/\/denkmalpflege.tuwien.ac.at\/index.php\/diplomarbeiten\/konrad-graunke\/\",\"url\":\"https:\/\/denkmalpflege.tuwien.ac.at\/index.php\/diplomarbeiten\/konrad-graunke\/\",\"name\":\"Konrad Graunke - Denkmalpflege und Bauen im Bestand\",\"isPartOf\":{\"@id\":\"https:\/\/denkmalpflege.tuwien.ac.at\/#website\"},\"primaryImageOfPage\":{\"@id\":\"https:\/\/denkmalpflege.tuwien.ac.at\/index.php\/diplomarbeiten\/konrad-graunke\/#primaryimage\"},\"image\":{\"@id\":\"https:\/\/denkmalpflege.tuwien.ac.at\/index.php\/diplomarbeiten\/konrad-graunke\/#primaryimage\"},\"thumbnailUrl\":\"http:\/\/denkmalpflege.tuwien.ac.at\/wp-content\/uploads\/2025\/09\/Graunke-diplomarbeit-3-788x1024.jpg\",\"datePublished\":\"2025-09-19T10:38:57+00:00\",\"dateModified\":\"2026-03-24T06:43:16+00:00\",\"breadcrumb\":{\"@id\":\"https:\/\/denkmalpflege.tuwien.ac.at\/index.php\/diplomarbeiten\/konrad-graunke\/#breadcrumb\"},\"inLanguage\":\"de\",\"potentialAction\":[{\"@type\":\"ReadAction\",\"target\":[\"https:\/\/denkmalpflege.tuwien.ac.at\/index.php\/diplomarbeiten\/konrad-graunke\/\"]}]},{\"@type\":\"ImageObject\",\"inLanguage\":\"de\",\"@id\":\"https:\/\/denkmalpflege.tuwien.ac.at\/index.php\/diplomarbeiten\/konrad-graunke\/#primaryimage\",\"url\":\"https:\/\/denkmalpflege.tuwien.ac.at\/wp-content\/uploads\/2025\/09\/Graunke-diplomarbeit-3.jpg\",\"contentUrl\":\"https:\/\/denkmalpflege.tuwien.ac.at\/wp-content\/uploads\/2025\/09\/Graunke-diplomarbeit-3.jpg\",\"width\":1000,\"height\":1300},{\"@type\":\"BreadcrumbList\",\"@id\":\"https:\/\/denkmalpflege.tuwien.ac.at\/index.php\/diplomarbeiten\/konrad-graunke\/#breadcrumb\",\"itemListElement\":[{\"@type\":\"ListItem\",\"position\":1,\"name\":\"Startseite\",\"item\":\"https:\/\/denkmalpflege.tuwien.ac.at\/\"},{\"@type\":\"ListItem\",\"position\":2,\"name\":\"Diplomarbeiten\",\"item\":\"https:\/\/denkmalpflege.tuwien.ac.at\/index.php\/diplomarbeiten\/\"},{\"@type\":\"ListItem\",\"position\":3,\"name\":\"Konrad Graunke\"}]},{\"@type\":\"WebSite\",\"@id\":\"https:\/\/denkmalpflege.tuwien.ac.at\/#website\",\"url\":\"https:\/\/denkmalpflege.tuwien.ac.at\/\",\"name\":\"Denkmalpflege und Bauen im Bestand\",\"description\":\"Denkmalpflege TU Wien\",\"publisher\":{\"@id\":\"https:\/\/denkmalpflege.tuwien.ac.at\/#organization\"},\"potentialAction\":[{\"@type\":\"SearchAction\",\"target\":{\"@type\":\"EntryPoint\",\"urlTemplate\":\"https:\/\/denkmalpflege.tuwien.ac.at\/?s={search_term_string}\"},\"query-input\":{\"@type\":\"PropertyValueSpecification\",\"valueRequired\":true,\"valueName\":\"search_term_string\"}}],\"inLanguage\":\"de\"},{\"@type\":\"Organization\",\"@id\":\"https:\/\/denkmalpflege.tuwien.ac.at\/#organization\",\"name\":\"TU Wien Denkmalpflege und Bauen im Bestand\",\"url\":\"https:\/\/denkmalpflege.tuwien.ac.at\/\",\"logo\":{\"@type\":\"ImageObject\",\"inLanguage\":\"de\",\"@id\":\"https:\/\/denkmalpflege.tuwien.ac.at\/#\/schema\/logo\/image\/\",\"url\":\"https:\/\/denkmalpflege.tuwien.ac.at\/wp-content\/uploads\/2019\/10\/Logo1.png\",\"contentUrl\":\"https:\/\/denkmalpflege.tuwien.ac.at\/wp-content\/uploads\/2019\/10\/Logo1.png\",\"width\":222,\"height\":79,\"caption\":\"TU Wien Denkmalpflege und Bauen im Bestand\"},\"image\":{\"@id\":\"https:\/\/denkmalpflege.tuwien.ac.at\/#\/schema\/logo\/image\/\"}}]}<\/script>\n<!-- \/ Yoast SEO plugin. -->","yoast_head_json":{"title":"Konrad Graunke - Denkmalpflege und Bauen im Bestand","robots":{"index":"index","follow":"follow","max-snippet":"max-snippet:-1","max-image-preview":"max-image-preview:large","max-video-preview":"max-video-preview:-1"},"canonical":"https:\/\/denkmalpflege.tuwien.ac.at\/index.php\/diplomarbeiten\/konrad-graunke\/","og_locale":"de_DE","og_type":"article","og_title":"Konrad Graunke - Denkmalpflege und Bauen im Bestand","og_description":"Arbeiten Konrad Graunke 2025 Der Fall Seidenweberhaus Krefeld &#8211; Wie sieht eine zeitgen\u00f6ssische Weiterentwicklung brutalistischer Veranstaltungsbauten der Nachkriegszeit aus, die einen bestandspflegenden Umgang, insbesondere in Bezug auf deren denkmalpflegerische Qualit\u00e4ten als Dissonanten im Stadtbild, anstrebt? Der Brutalismus als eine ehemals allt\u00e4gliche, erstrebenswerte architektonische Erscheinung von \u00f6ffentlichen Bauten der 60er und 70er Jahre, verschwindet immer weiter aus den Stadtbildern Europas. Grund daf\u00fcr sind neben Sanierungsbedarf, Baum\u00e4ngeln und unzeitgem\u00e4\u00dfer Erscheinung vor allemRead More","og_url":"https:\/\/denkmalpflege.tuwien.ac.at\/index.php\/diplomarbeiten\/konrad-graunke\/","og_site_name":"Denkmalpflege und Bauen im Bestand","article_modified_time":"2026-03-24T06:43:16+00:00","og_image":[{"width":1000,"height":1300,"url":"https:\/\/denkmalpflege.tuwien.ac.at\/wp-content\/uploads\/2025\/09\/Graunke-diplomarbeit-3.jpg","type":"image\/jpeg"}],"twitter_card":"summary_large_image","twitter_misc":{"Gesch\u00e4tzte Lesezeit":"3\u00a0Minuten"},"schema":{"@context":"https:\/\/schema.org","@graph":[{"@type":"WebPage","@id":"https:\/\/denkmalpflege.tuwien.ac.at\/index.php\/diplomarbeiten\/konrad-graunke\/","url":"https:\/\/denkmalpflege.tuwien.ac.at\/index.php\/diplomarbeiten\/konrad-graunke\/","name":"Konrad Graunke - Denkmalpflege und Bauen im Bestand","isPartOf":{"@id":"https:\/\/denkmalpflege.tuwien.ac.at\/#website"},"primaryImageOfPage":{"@id":"https:\/\/denkmalpflege.tuwien.ac.at\/index.php\/diplomarbeiten\/konrad-graunke\/#primaryimage"},"image":{"@id":"https:\/\/denkmalpflege.tuwien.ac.at\/index.php\/diplomarbeiten\/konrad-graunke\/#primaryimage"},"thumbnailUrl":"http:\/\/denkmalpflege.tuwien.ac.at\/wp-content\/uploads\/2025\/09\/Graunke-diplomarbeit-3-788x1024.jpg","datePublished":"2025-09-19T10:38:57+00:00","dateModified":"2026-03-24T06:43:16+00:00","breadcrumb":{"@id":"https:\/\/denkmalpflege.tuwien.ac.at\/index.php\/diplomarbeiten\/konrad-graunke\/#breadcrumb"},"inLanguage":"de","potentialAction":[{"@type":"ReadAction","target":["https:\/\/denkmalpflege.tuwien.ac.at\/index.php\/diplomarbeiten\/konrad-graunke\/"]}]},{"@type":"ImageObject","inLanguage":"de","@id":"https:\/\/denkmalpflege.tuwien.ac.at\/index.php\/diplomarbeiten\/konrad-graunke\/#primaryimage","url":"https:\/\/denkmalpflege.tuwien.ac.at\/wp-content\/uploads\/2025\/09\/Graunke-diplomarbeit-3.jpg","contentUrl":"https:\/\/denkmalpflege.tuwien.ac.at\/wp-content\/uploads\/2025\/09\/Graunke-diplomarbeit-3.jpg","width":1000,"height":1300},{"@type":"BreadcrumbList","@id":"https:\/\/denkmalpflege.tuwien.ac.at\/index.php\/diplomarbeiten\/konrad-graunke\/#breadcrumb","itemListElement":[{"@type":"ListItem","position":1,"name":"Startseite","item":"https:\/\/denkmalpflege.tuwien.ac.at\/"},{"@type":"ListItem","position":2,"name":"Diplomarbeiten","item":"https:\/\/denkmalpflege.tuwien.ac.at\/index.php\/diplomarbeiten\/"},{"@type":"ListItem","position":3,"name":"Konrad Graunke"}]},{"@type":"WebSite","@id":"https:\/\/denkmalpflege.tuwien.ac.at\/#website","url":"https:\/\/denkmalpflege.tuwien.ac.at\/","name":"Denkmalpflege und Bauen im Bestand","description":"Denkmalpflege TU Wien","publisher":{"@id":"https:\/\/denkmalpflege.tuwien.ac.at\/#organization"},"potentialAction":[{"@type":"SearchAction","target":{"@type":"EntryPoint","urlTemplate":"https:\/\/denkmalpflege.tuwien.ac.at\/?s={search_term_string}"},"query-input":{"@type":"PropertyValueSpecification","valueRequired":true,"valueName":"search_term_string"}}],"inLanguage":"de"},{"@type":"Organization","@id":"https:\/\/denkmalpflege.tuwien.ac.at\/#organization","name":"TU Wien Denkmalpflege und Bauen im Bestand","url":"https:\/\/denkmalpflege.tuwien.ac.at\/","logo":{"@type":"ImageObject","inLanguage":"de","@id":"https:\/\/denkmalpflege.tuwien.ac.at\/#\/schema\/logo\/image\/","url":"https:\/\/denkmalpflege.tuwien.ac.at\/wp-content\/uploads\/2019\/10\/Logo1.png","contentUrl":"https:\/\/denkmalpflege.tuwien.ac.at\/wp-content\/uploads\/2019\/10\/Logo1.png","width":222,"height":79,"caption":"TU Wien Denkmalpflege und Bauen im Bestand"},"image":{"@id":"https:\/\/denkmalpflege.tuwien.ac.at\/#\/schema\/logo\/image\/"}}]}},"_links":{"self":[{"href":"https:\/\/denkmalpflege.tuwien.ac.at\/index.php\/wp-json\/wp\/v2\/pages\/34557","targetHints":{"allow":["GET"]}}],"collection":[{"href":"https:\/\/denkmalpflege.tuwien.ac.at\/index.php\/wp-json\/wp\/v2\/pages"}],"about":[{"href":"https:\/\/denkmalpflege.tuwien.ac.at\/index.php\/wp-json\/wp\/v2\/types\/page"}],"author":[{"embeddable":true,"href":"https:\/\/denkmalpflege.tuwien.ac.at\/index.php\/wp-json\/wp\/v2\/users\/1"}],"replies":[{"embeddable":true,"href":"https:\/\/denkmalpflege.tuwien.ac.at\/index.php\/wp-json\/wp\/v2\/comments?post=34557"}],"version-history":[{"count":7,"href":"https:\/\/denkmalpflege.tuwien.ac.at\/index.php\/wp-json\/wp\/v2\/pages\/34557\/revisions"}],"predecessor-version":[{"id":36404,"href":"https:\/\/denkmalpflege.tuwien.ac.at\/index.php\/wp-json\/wp\/v2\/pages\/34557\/revisions\/36404"}],"up":[{"embeddable":true,"href":"https:\/\/denkmalpflege.tuwien.ac.at\/index.php\/wp-json\/wp\/v2\/pages\/26704"}],"wp:attachment":[{"href":"https:\/\/denkmalpflege.tuwien.ac.at\/index.php\/wp-json\/wp\/v2\/media?parent=34557"}],"curies":[{"name":"wp","href":"https:\/\/api.w.org\/{rel}","templated":true}]}}