{"id":32588,"date":"2024-12-10T13:31:06","date_gmt":"2024-12-10T12:31:06","guid":{"rendered":"https:\/\/denkmalpflege.tuwien.ac.at\/?page_id=32588"},"modified":"2025-11-05T10:27:37","modified_gmt":"2025-11-05T09:27:37","slug":"transdanubien-verwalten-studierendenarbeiten","status":"publish","type":"page","link":"https:\/\/denkmalpflege.tuwien.ac.at\/index.php\/studierendenarbeiten\/transdanubien-verwalten-studierendenarbeiten\/","title":{"rendered":"Transdanubien Verwalten &#8211; Studierendenarbeiten"},"content":{"rendered":"\t\t<div data-elementor-type=\"wp-page\" data-elementor-id=\"32588\" class=\"elementor elementor-32588\" data-elementor-post-type=\"page\">\n\t\t\t\t\t\t<section class=\"elementor-section elementor-top-section elementor-element elementor-element-753305e elementor-section-full_width elementor-section-height-default elementor-section-height-default\" data-id=\"753305e\" data-element_type=\"section\">\n\t\t\t\t\t\t<div class=\"elementor-container elementor-column-gap-default\">\n\t\t\t\t\t<div class=\"elementor-column elementor-col-100 elementor-top-column elementor-element elementor-element-d82a72d\" data-id=\"d82a72d\" data-element_type=\"column\">\n\t\t\t<div class=\"elementor-widget-wrap elementor-element-populated\">\n\t\t\t\t\t\t<div class=\"elementor-element elementor-element-f6f152b elementor-widget elementor-widget-heading\" data-id=\"f6f152b\" data-element_type=\"widget\" data-widget_type=\"heading.default\">\n\t\t\t\t<div class=\"elementor-widget-container\">\n\t\t\t\t\t<h2 class=\"elementor-heading-title elementor-size-default\"><a href=\"https:\/\/denkmalpflege.tuwien.ac.at\/index.php\/studierendenarbeiten\/\">Studierendenarbeiten<\/a><\/h2>\t\t\t\t<\/div>\n\t\t\t\t<\/div>\n\t\t\t\t<div class=\"elementor-element elementor-element-7dca04a elementor-nav-menu__text-align-aside elementor-nav-menu--toggle elementor-nav-menu--burger elementor-widget elementor-widget-nav-menu\" data-id=\"7dca04a\" data-element_type=\"widget\" data-settings=\"{&quot;layout&quot;:&quot;dropdown&quot;,&quot;submenu_icon&quot;:{&quot;value&quot;:&quot;&lt;i class=\\&quot;\\&quot; aria-hidden=\\&quot;true\\&quot;&gt;&lt;\\\/i&gt;&quot;,&quot;library&quot;:&quot;&quot;},&quot;toggle&quot;:&quot;burger&quot;}\" data-widget_type=\"nav-menu.default\">\n\t\t\t\t<div class=\"elementor-widget-container\">\n\t\t\t\t\t\t\t<div class=\"elementor-menu-toggle\" role=\"button\" tabindex=\"0\" aria-label=\"Men\u00fc Umschalter\" aria-expanded=\"false\">\n\t\t\t<i aria-hidden=\"true\" role=\"presentation\" class=\"elementor-menu-toggle__icon--open eicon-menu-bar\"><\/i><i aria-hidden=\"true\" role=\"presentation\" class=\"elementor-menu-toggle__icon--close eicon-close\"><\/i>\t\t<\/div>\n\t\t\t\t\t<nav class=\"elementor-nav-menu--dropdown elementor-nav-menu__container\" aria-hidden=\"true\">\n\t\t\t\t<ul id=\"menu-2-7dca04a\" class=\"elementor-nav-menu\"><li class=\"menu-item menu-item-type-post_type menu-item-object-page menu-item-35164\"><a href=\"https:\/\/denkmalpflege.tuwien.ac.at\/index.php\/studierendenarbeiten\/bad-gastein-studierendenarbeiten\/\" class=\"elementor-item\" tabindex=\"-1\">Entwerfen &#8211; Bad Gastein, was nun?<\/a><\/li>\n<li class=\"menu-item menu-item-type-post_type menu-item-object-page menu-item-35393\"><a href=\"https:\/\/denkmalpflege.tuwien.ac.at\/index.php\/studierendenarbeiten\/forza-fortezza-studierendenarbeiten\/\" class=\"elementor-item\" tabindex=\"-1\">Entwerfen &#8211; Forza Fortezza!<\/a><\/li>\n<li class=\"menu-item menu-item-type-post_type menu-item-object-page menu-item-34772\"><a href=\"https:\/\/denkmalpflege.tuwien.ac.at\/index.php\/studierendenarbeiten\/wohnsiedlungen-der-moderne-studierendenarbeiten\/\" class=\"elementor-item\" tabindex=\"-1\">Entwerfen &#8211; Planen, Pflegen, Wohnen. Wohnsiedlungen der Moderne<\/a><\/li>\n<li class=\"menu-item menu-item-type-post_type menu-item-object-page menu-item-32602\"><a href=\"https:\/\/denkmalpflege.tuwien.ac.at\/index.php\/studierendenarbeiten\/transdanubien-verwalten-studierendenarbeiten\/\" class=\"elementor-item\" tabindex=\"-1\">Entwerfen &#8211; Transdanubien Verwalten<\/a><\/li>\n<li class=\"menu-item menu-item-type-post_type menu-item-object-page menu-item-34773\"><a href=\"https:\/\/denkmalpflege.tuwien.ac.at\/index.php\/studierendenarbeiten\/fokus-floridsdorf-studierendenarbeiten\/\" class=\"elementor-item\" tabindex=\"-1\">\u00dcbung &#8211; Denkmal und Bauen im Bestand &#8211; Fokus Floridsdorf<\/a><\/li>\n<li class=\"menu-item menu-item-type-post_type menu-item-object-page menu-item-35993\"><a href=\"https:\/\/denkmalpflege.tuwien.ac.at\/index.php\/studierendenarbeiten\/umschulung-notwendig-studierendenarbeiten\/\" class=\"elementor-item\" tabindex=\"-1\">Entwerfen &#8211; Umschulung notwendig<\/a><\/li>\n<li class=\"menu-item menu-item-type-post_type menu-item-object-page menu-item-32601\"><a href=\"https:\/\/denkmalpflege.tuwien.ac.at\/index.php\/studierendenarbeiten\/vorarlberger-textilpioniere-studierendenarbeiten\/\" class=\"elementor-item\" tabindex=\"-1\">Entwerfen &#8211; Vorarlberger Textilpioniere<\/a><\/li>\n<li class=\"menu-item menu-item-type-post_type menu-item-object-page menu-item-32215\"><a href=\"https:\/\/denkmalpflege.tuwien.ac.at\/index.php\/studierendenarbeiten\/wieder-baden-am-see-studierendenarbeiten\/\" class=\"elementor-item\" tabindex=\"-1\">Entwerfen &#8211; Wieder Baden am See<\/a><\/li>\n<li class=\"menu-item menu-item-type-post_type menu-item-object-page menu-item-32219\"><a href=\"https:\/\/denkmalpflege.tuwien.ac.at\/index.php\/studierendenarbeiten\/stadtmobiliar-und-kleinbauten-als-kulturelles-erbe-studierendenarbeiten\/\" class=\"elementor-item\" tabindex=\"-1\">Wahlseminar &#8211; Stadtmobiliar und Kleinbauten als kulturelles Erbe<\/a><\/li>\n<li class=\"menu-item menu-item-type-post_type menu-item-object-page menu-item-32432\"><a href=\"https:\/\/denkmalpflege.tuwien.ac.at\/index.php\/studierendenarbeiten\/fly-to-berlin-studierendenarbeiten\/\" class=\"elementor-item\" tabindex=\"-1\">Entwerfen &#8211; Fly to Berlin<\/a><\/li>\n<\/ul>\t\t\t<\/nav>\n\t\t\t\t\t\t<\/div>\n\t\t\t\t<\/div>\n\t\t\t\t\t<\/div>\n\t\t<\/div>\n\t\t\t\t\t<\/div>\n\t\t<\/section>\n\t\t\t\t<section class=\"elementor-section elementor-top-section elementor-element elementor-element-8bd6a7c elementor-section-full_width elementor-section-height-default elementor-section-height-default\" data-id=\"8bd6a7c\" data-element_type=\"section\">\n\t\t\t\t\t\t<div class=\"elementor-container elementor-column-gap-default\">\n\t\t\t\t\t<div class=\"elementor-column elementor-col-50 elementor-top-column elementor-element elementor-element-fa17173\" data-id=\"fa17173\" data-element_type=\"column\">\n\t\t\t<div class=\"elementor-widget-wrap elementor-element-populated\">\n\t\t\t\t\t\t<div class=\"elementor-element elementor-element-fe72971 elementor-widget elementor-widget-heading\" data-id=\"fe72971\" data-element_type=\"widget\" data-widget_type=\"heading.default\">\n\t\t\t\t<div class=\"elementor-widget-container\">\n\t\t\t\t\t<h2 class=\"elementor-heading-title elementor-size-default\">Transdanubien Verwalten<\/h2>\t\t\t\t<\/div>\n\t\t\t\t<\/div>\n\t\t\t\t<div class=\"elementor-element elementor-element-d8dba9b elementor-widget elementor-widget-text-editor\" data-id=\"d8dba9b\" data-element_type=\"widget\" data-widget_type=\"text-editor.default\">\n\t\t\t\t<div class=\"elementor-widget-container\">\n\t\t\t\t\t\t\t\t\t<p><strong>Gro\u00dfes Entwerfen, 10 ECTS<br \/><\/strong><strong>Studierendenarbeiten<br \/>Sommersemester 2024<\/strong><\/p><p>Betreuung:<br \/>Heike OEVERMANN<br \/>Bernd EULER-ROLLE<br \/>Hanne RUNG<br \/>Johannes PAINTNER<\/p>\t\t\t\t\t\t\t\t<\/div>\n\t\t\t\t<\/div>\n\t\t\t\t\t<\/div>\n\t\t<\/div>\n\t\t\t\t<div class=\"elementor-column elementor-col-50 elementor-top-column elementor-element elementor-element-9d715d7\" data-id=\"9d715d7\" data-element_type=\"column\">\n\t\t\t<div class=\"elementor-widget-wrap elementor-element-populated\">\n\t\t\t\t\t\t<div class=\"elementor-element elementor-element-82c1e98 elementor-widget elementor-widget-image\" data-id=\"82c1e98\" data-element_type=\"widget\" data-widget_type=\"image.default\">\n\t\t\t\t<div class=\"elementor-widget-container\">\n\t\t\t\t\t\t\t\t\t\t\t\t\t\t\t\t<a href=\"http:\/\/denkmalpflege.tuwien.ac.at\/wp-content\/uploads\/2024\/02\/Kachel-Startseite-lva-ss24.jpg\" data-elementor-open-lightbox=\"yes\" data-e-action-hash=\"#elementor-action%3Aaction%3Dlightbox%26settings%3DeyJpZCI6MzAxMTgsInVybCI6Imh0dHBzOlwvXC9kZW5rbWFscGZsZWdlLnR1d2llbi5hYy5hdFwvd3AtY29udGVudFwvdXBsb2Fkc1wvMjAyNFwvMDJcL0thY2hlbC1TdGFydHNlaXRlLWx2YS1zczI0LmpwZyJ9\">\n\t\t\t\t\t\t\t<img fetchpriority=\"high\" decoding=\"async\" width=\"853\" height=\"1024\" src=\"https:\/\/denkmalpflege.tuwien.ac.at\/wp-content\/uploads\/2024\/02\/Kachel-Startseite-lva-ss24-853x1024.jpg\" class=\"attachment-large size-large wp-image-30118\" alt=\"\" srcset=\"https:\/\/denkmalpflege.tuwien.ac.at\/wp-content\/uploads\/2024\/02\/Kachel-Startseite-lva-ss24-853x1024.jpg 853w, https:\/\/denkmalpflege.tuwien.ac.at\/wp-content\/uploads\/2024\/02\/Kachel-Startseite-lva-ss24-250x300.jpg 250w, https:\/\/denkmalpflege.tuwien.ac.at\/wp-content\/uploads\/2024\/02\/Kachel-Startseite-lva-ss24-768x922.jpg 768w, https:\/\/denkmalpflege.tuwien.ac.at\/wp-content\/uploads\/2024\/02\/Kachel-Startseite-lva-ss24-1280x1536.jpg 1280w, https:\/\/denkmalpflege.tuwien.ac.at\/wp-content\/uploads\/2024\/02\/Kachel-Startseite-lva-ss24-1707x2048.jpg 1707w, https:\/\/denkmalpflege.tuwien.ac.at\/wp-content\/uploads\/2024\/02\/Kachel-Startseite-lva-ss24-700x840.jpg 700w, https:\/\/denkmalpflege.tuwien.ac.at\/wp-content\/uploads\/2024\/02\/Kachel-Startseite-lva-ss24.jpg 1736w\" sizes=\"(max-width: 853px) 100vw, 853px\" \/>\t\t\t\t\t\t\t\t<\/a>\n\t\t\t\t\t\t\t\t\t\t\t\t\t\t\t<\/div>\n\t\t\t\t<\/div>\n\t\t\t\t<div class=\"elementor-element elementor-element-b667495 elementor-widget elementor-widget-text-editor\" data-id=\"b667495\" data-element_type=\"widget\" data-widget_type=\"text-editor.default\">\n\t\t\t\t<div class=\"elementor-widget-container\">\n\t\t\t\t\t\t\t\t\t<p>Seit November 2022 ist das Bezirkszentrum Kagran am Schr\u00f6dingerplatz im 22. Bezirk Wiens, nach nur 55 Jahren zum Abriss freigegeben. Bis Mitte 2025 sollen die verbliebenen Mieter das Geb\u00e4ude r\u00e4umen. Es soll ein sog. \u201eklimafittes Stadtviertel mit leistbarem Wohnraum und vielen Orten der Begegnung\u201c entstehen. Die dort vormals untergebrachten Dienststellen der Stadt Wien sind mittlerweile an anderen Standorten untergebracht. Ihre R\u00e4ume wurden im Zuge einer Sach-wertdotation an den Wohnfonds Wien, mit dem Ziel der weiteren Entwicklung \u00fcbergeben. Lediglich die Volkshochschule Donaustadt mit einer Stadtteil\u00acbibliothek, ein Jugendzentrum und eine Apotheke sind noch auf dem Gel\u00e4nde vertreten.<\/p><p>Die Auseinandersetzung mit dem Bezirkszentrum erm\u00f6glicht sich forschend und entwerferisch mit Verwaltungsbauten der Nachkriegsmoderne auseinanderzusetzen. Das Fallbeispiel erfordert dezidiert eine Transformation, die in der Lehrveranstaltung zwischen den Polen von Bauteilrecycling bis hin zu Denkmalwerten des Bestandes thematisiert wird.<\/p><p>Ziel ist es, vorhandene bauliche, stadtr\u00e4umliche und infrastrukturelle Potenziale zu nutzen und das Bezirkszentrum Kagran zu transformieren und mit verschiedenen Nutzungsm\u00f6glichkeiten zu bespielen. In Abw\u00e4gungsprozessen wird der Bestand auf Erhaltungs- und Entwicklungsm\u00f6glichkeiten untersucht (Management of Change).<\/p><p><span style=\"text-decoration: underline;\"><a href=\"https:\/\/denkmalpflege.tuwien.ac.at\/index.php\/lva-sommersemester-2024\/entwerfen-transdanubien-verwalten\/\">Weitere Informationen zur Lehrveranstaltung<\/a><\/span><\/p>\t\t\t\t\t\t\t\t<\/div>\n\t\t\t\t<\/div>\n\t\t\t\t\t<\/div>\n\t\t<\/div>\n\t\t\t\t\t<\/div>\n\t\t<\/section>\n\t\t\t\t<section class=\"elementor-section elementor-top-section elementor-element elementor-element-294ecdd elementor-section-full_width elementor-section-height-default elementor-section-height-default\" data-id=\"294ecdd\" data-element_type=\"section\" data-settings=\"{&quot;background_background&quot;:&quot;classic&quot;}\">\n\t\t\t\t\t\t<div class=\"elementor-container elementor-column-gap-default\">\n\t\t\t\t\t<div class=\"elementor-column elementor-col-50 elementor-top-column elementor-element elementor-element-e9be516\" data-id=\"e9be516\" data-element_type=\"column\">\n\t\t\t<div class=\"elementor-widget-wrap elementor-element-populated\">\n\t\t\t\t\t\t<div class=\"elementor-element elementor-element-c3cede0 elementor-widget elementor-widget-text-editor\" data-id=\"c3cede0\" data-element_type=\"widget\" data-widget_type=\"text-editor.default\">\n\t\t\t\t<div class=\"elementor-widget-container\">\n\t\t\t\t\t\t\t\t\t<p><strong>KULTURRAUM KAGRAN<br \/><\/strong>Konrad Graunke<br \/>Tim Hasler<\/p>\t\t\t\t\t\t\t\t<\/div>\n\t\t\t\t<\/div>\n\t\t\t\t\t<\/div>\n\t\t<\/div>\n\t\t\t\t<div class=\"elementor-column elementor-col-50 elementor-top-column elementor-element elementor-element-29f33e0\" data-id=\"29f33e0\" data-element_type=\"column\">\n\t\t\t<div class=\"elementor-widget-wrap elementor-element-populated\">\n\t\t\t\t\t\t<div class=\"elementor-element elementor-element-771af13 elementor-widget__width-inherit elementor-arrows-position-inside elementor-widget elementor-widget-image-carousel\" data-id=\"771af13\" data-element_type=\"widget\" data-settings=\"{&quot;slides_to_show&quot;:&quot;1&quot;,&quot;navigation&quot;:&quot;arrows&quot;,&quot;autoplay&quot;:&quot;no&quot;,&quot;infinite&quot;:&quot;yes&quot;,&quot;effect&quot;:&quot;slide&quot;,&quot;speed&quot;:500}\" data-widget_type=\"image-carousel.default\">\n\t\t\t\t<div class=\"elementor-widget-container\">\n\t\t\t\t\t\t\t<div class=\"elementor-image-carousel-wrapper swiper\" role=\"region\" aria-roledescription=\"carousel\" aria-label=\"Bild Karussell\" dir=\"ltr\">\n\t\t\t<div class=\"elementor-image-carousel swiper-wrapper\" aria-live=\"polite\">\n\t\t\t\t\t\t\t\t<div class=\"swiper-slide\" role=\"group\" aria-roledescription=\"slide\" aria-label=\"1 von 11\"><a data-elementor-open-lightbox=\"yes\" data-elementor-lightbox-slideshow=\"771af13\" data-elementor-lightbox-title=\"Interventionen - Modellfoto\" data-e-action-hash=\"#elementor-action%3Aaction%3Dlightbox%26settings%3DeyJpZCI6MzE1MDIsInVybCI6Imh0dHBzOlwvXC9kZW5rbWFscGZsZWdlLnR1d2llbi5hYy5hdFwvd3AtY29udGVudFwvdXBsb2Fkc1wvMjAyNFwvMDdcL0t1bHR1cnJhdW0tS2FncmFuX0dyYXVrZV9IYXNsZXJfTW9kZWxsZm90by1zY2FsZWQuanBnIiwic2xpZGVzaG93IjoiNzcxYWYxMyJ9\" href=\"https:\/\/denkmalpflege.tuwien.ac.at\/wp-content\/uploads\/2024\/07\/Kulturraum-Kagran_Grauke_Hasler_Modellfoto-scaled.jpg\"><figure class=\"swiper-slide-inner\"><img decoding=\"async\" class=\"swiper-slide-image\" src=\"https:\/\/denkmalpflege.tuwien.ac.at\/wp-content\/uploads\/2024\/07\/Kulturraum-Kagran_Grauke_Hasler_Modellfoto-scaled.jpg\" alt=\"Interventionen - Modellfoto\" \/><figcaption class=\"elementor-image-carousel-caption\">Interventionen - Modellfoto<\/figcaption><\/figure><\/a><\/div><div class=\"swiper-slide\" role=\"group\" aria-roledescription=\"slide\" aria-label=\"2 von 11\"><a data-elementor-open-lightbox=\"yes\" data-elementor-lightbox-slideshow=\"771af13\" data-elementor-lightbox-title=\"Erhaltungskonzept\" data-e-action-hash=\"#elementor-action%3Aaction%3Dlightbox%26settings%3DeyJpZCI6MzE1MDEsInVybCI6Imh0dHBzOlwvXC9kZW5rbWFscGZsZWdlLnR1d2llbi5hYy5hdFwvd3AtY29udGVudFwvdXBsb2Fkc1wvMjAyNFwvMDdcL0t1bHR1cnJhdW0tS2FncmFuX0dyYXVrZV9IYXNsZXItc2NhbGVkLmpwZyIsInNsaWRlc2hvdyI6Ijc3MWFmMTMifQ%3D%3D\" href=\"https:\/\/denkmalpflege.tuwien.ac.at\/wp-content\/uploads\/2024\/07\/Kulturraum-Kagran_Grauke_Hasler-scaled.jpg\"><figure class=\"swiper-slide-inner\"><img decoding=\"async\" class=\"swiper-slide-image\" src=\"https:\/\/denkmalpflege.tuwien.ac.at\/wp-content\/uploads\/2024\/07\/Kulturraum-Kagran_Grauke_Hasler-scaled.jpg\" alt=\"Erhaltungskonzept\" \/><figcaption class=\"elementor-image-carousel-caption\">Erhaltungskonzept<\/figcaption><\/figure><\/a><\/div><div class=\"swiper-slide\" role=\"group\" aria-roledescription=\"slide\" aria-label=\"3 von 11\"><a data-elementor-open-lightbox=\"yes\" data-elementor-lightbox-slideshow=\"771af13\" data-elementor-lightbox-title=\"Denkmalpflegerisches Konzept\" data-e-action-hash=\"#elementor-action%3Aaction%3Dlightbox%26settings%3DeyJpZCI6MzE1MDQsInVybCI6Imh0dHBzOlwvXC9kZW5rbWFscGZsZWdlLnR1d2llbi5hYy5hdFwvd3AtY29udGVudFwvdXBsb2Fkc1wvMjAyNFwvMDdcL0t1bHR1cnJhdW0tS2FncmFuX0dyYXVrZV9IYXNsZXIzLXNjYWxlZC5qcGciLCJzbGlkZXNob3ciOiI3NzFhZjEzIn0%3D\" href=\"https:\/\/denkmalpflege.tuwien.ac.at\/wp-content\/uploads\/2024\/07\/Kulturraum-Kagran_Grauke_Hasler3-scaled.jpg\"><figure class=\"swiper-slide-inner\"><img decoding=\"async\" class=\"swiper-slide-image\" src=\"https:\/\/denkmalpflege.tuwien.ac.at\/wp-content\/uploads\/2024\/07\/Kulturraum-Kagran_Grauke_Hasler3-scaled.jpg\" alt=\"Denkmalpflegerisches Konzept\" \/><figcaption class=\"elementor-image-carousel-caption\">Denkmalpflegerisches Konzept<\/figcaption><\/figure><\/a><\/div><div class=\"swiper-slide\" role=\"group\" aria-roledescription=\"slide\" aria-label=\"4 von 11\"><a data-elementor-open-lightbox=\"yes\" data-elementor-lightbox-slideshow=\"771af13\" data-elementor-lightbox-title=\"Nutzungskonzept Sockelzone\" data-e-action-hash=\"#elementor-action%3Aaction%3Dlightbox%26settings%3DeyJpZCI6MzE1MDMsInVybCI6Imh0dHBzOlwvXC9kZW5rbWFscGZsZWdlLnR1d2llbi5hYy5hdFwvd3AtY29udGVudFwvdXBsb2Fkc1wvMjAyNFwvMDdcL0t1bHR1cnJhdW0tS2FncmFuX0dyYXVrZV9IYXNsZXIyLXNjYWxlZC5qcGciLCJzbGlkZXNob3ciOiI3NzFhZjEzIn0%3D\" href=\"https:\/\/denkmalpflege.tuwien.ac.at\/wp-content\/uploads\/2024\/07\/Kulturraum-Kagran_Grauke_Hasler2-scaled.jpg\"><figure class=\"swiper-slide-inner\"><img decoding=\"async\" class=\"swiper-slide-image\" src=\"https:\/\/denkmalpflege.tuwien.ac.at\/wp-content\/uploads\/2024\/07\/Kulturraum-Kagran_Grauke_Hasler2-scaled.jpg\" alt=\"Nutzungskonzept Sockelzone\" \/><figcaption class=\"elementor-image-carousel-caption\">Nutzungskonzept Sockelzone<\/figcaption><\/figure><\/a><\/div><div class=\"swiper-slide\" role=\"group\" aria-roledescription=\"slide\" aria-label=\"5 von 11\"><a data-elementor-open-lightbox=\"yes\" data-elementor-lightbox-slideshow=\"771af13\" data-elementor-lightbox-title=\"Nutzungsverteilung, Eingriffe, Grundriss Erdgescho\u00df\" data-e-action-hash=\"#elementor-action%3Aaction%3Dlightbox%26settings%3DeyJpZCI6MzE1MDUsInVybCI6Imh0dHBzOlwvXC9kZW5rbWFscGZsZWdlLnR1d2llbi5hYy5hdFwvd3AtY29udGVudFwvdXBsb2Fkc1wvMjAyNFwvMDdcL0t1bHR1cnJhdW0tS2FncmFuX0dyYXVrZV9IYXNsZXI0LXNjYWxlZC5qcGciLCJzbGlkZXNob3ciOiI3NzFhZjEzIn0%3D\" href=\"https:\/\/denkmalpflege.tuwien.ac.at\/wp-content\/uploads\/2024\/07\/Kulturraum-Kagran_Grauke_Hasler4-scaled.jpg\"><figure class=\"swiper-slide-inner\"><img decoding=\"async\" class=\"swiper-slide-image\" src=\"https:\/\/denkmalpflege.tuwien.ac.at\/wp-content\/uploads\/2024\/07\/Kulturraum-Kagran_Grauke_Hasler4-scaled.jpg\" alt=\"Nutzungsverteilung, Eingriffe, Grundriss Erdgescho\u00df\" \/><figcaption class=\"elementor-image-carousel-caption\">Nutzungsverteilung, Eingriffe, Grundriss Erdgescho\u00df<\/figcaption><\/figure><\/a><\/div><div class=\"swiper-slide\" role=\"group\" aria-roledescription=\"slide\" aria-label=\"6 von 11\"><a data-elementor-open-lightbox=\"yes\" data-elementor-lightbox-slideshow=\"771af13\" data-elementor-lightbox-title=\"Interventionen Bibliothek - Grundriss 1. Obergescho\u00df, L\u00e4ngsschnitt\" data-e-action-hash=\"#elementor-action%3Aaction%3Dlightbox%26settings%3DeyJpZCI6MzE1MDcsInVybCI6Imh0dHBzOlwvXC9kZW5rbWFscGZsZWdlLnR1d2llbi5hYy5hdFwvd3AtY29udGVudFwvdXBsb2Fkc1wvMjAyNFwvMDdcL0t1bHR1cnJhdW0tS2FncmFuX0dyYXVrZV9IYXNsZXI2LXNjYWxlZC5qcGciLCJzbGlkZXNob3ciOiI3NzFhZjEzIn0%3D\" href=\"https:\/\/denkmalpflege.tuwien.ac.at\/wp-content\/uploads\/2024\/07\/Kulturraum-Kagran_Grauke_Hasler6-scaled.jpg\"><figure class=\"swiper-slide-inner\"><img decoding=\"async\" class=\"swiper-slide-image\" src=\"https:\/\/denkmalpflege.tuwien.ac.at\/wp-content\/uploads\/2024\/07\/Kulturraum-Kagran_Grauke_Hasler6-scaled.jpg\" alt=\"Interventionen Bibliothek - Grundriss 1. Obergescho\u00df, L\u00e4ngsschnitt\" \/><figcaption class=\"elementor-image-carousel-caption\">Interventionen Bibliothek - Grundriss 1. Obergescho\u00df, L\u00e4ngsschnitt<\/figcaption><\/figure><\/a><\/div><div class=\"swiper-slide\" role=\"group\" aria-roledescription=\"slide\" aria-label=\"7 von 11\"><a data-elementor-open-lightbox=\"yes\" data-elementor-lightbox-slideshow=\"771af13\" data-elementor-lightbox-title=\"Interventionen Bibliothek - Perspektive\" data-e-action-hash=\"#elementor-action%3Aaction%3Dlightbox%26settings%3DeyJpZCI6MzE1MDYsInVybCI6Imh0dHBzOlwvXC9kZW5rbWFscGZsZWdlLnR1d2llbi5hYy5hdFwvd3AtY29udGVudFwvdXBsb2Fkc1wvMjAyNFwvMDdcL0t1bHR1cnJhdW0tS2FncmFuX0dyYXVrZV9IYXNsZXI1LXNjYWxlZC5qcGciLCJzbGlkZXNob3ciOiI3NzFhZjEzIn0%3D\" href=\"https:\/\/denkmalpflege.tuwien.ac.at\/wp-content\/uploads\/2024\/07\/Kulturraum-Kagran_Grauke_Hasler5-scaled.jpg\"><figure class=\"swiper-slide-inner\"><img decoding=\"async\" class=\"swiper-slide-image\" src=\"https:\/\/denkmalpflege.tuwien.ac.at\/wp-content\/uploads\/2024\/07\/Kulturraum-Kagran_Grauke_Hasler5-scaled.jpg\" alt=\"Interventionen Bibliothek - Perspektive\" \/><figcaption class=\"elementor-image-carousel-caption\">Interventionen Bibliothek - Perspektive<\/figcaption><\/figure><\/a><\/div><div class=\"swiper-slide\" role=\"group\" aria-roledescription=\"slide\" aria-label=\"8 von 11\"><a data-elementor-open-lightbox=\"yes\" data-elementor-lightbox-slideshow=\"771af13\" data-elementor-lightbox-title=\"Interventionen Bibliothek - Sprengaxonometrie, Ansicht S\u00fcd, Quersschnitt\" data-e-action-hash=\"#elementor-action%3Aaction%3Dlightbox%26settings%3DeyJpZCI6MzE1MDgsInVybCI6Imh0dHBzOlwvXC9kZW5rbWFscGZsZWdlLnR1d2llbi5hYy5hdFwvd3AtY29udGVudFwvdXBsb2Fkc1wvMjAyNFwvMDdcL0t1bHR1cnJhdW0tS2FncmFuX0dyYXVrZV9IYXNsZXI3LXNjYWxlZC5qcGciLCJzbGlkZXNob3ciOiI3NzFhZjEzIn0%3D\" href=\"https:\/\/denkmalpflege.tuwien.ac.at\/wp-content\/uploads\/2024\/07\/Kulturraum-Kagran_Grauke_Hasler7-scaled.jpg\"><figure class=\"swiper-slide-inner\"><img decoding=\"async\" class=\"swiper-slide-image\" src=\"https:\/\/denkmalpflege.tuwien.ac.at\/wp-content\/uploads\/2024\/07\/Kulturraum-Kagran_Grauke_Hasler7-scaled.jpg\" alt=\"Interventionen Bibliothek - Sprengaxonometrie, Ansicht S\u00fcd, Quersschnitt\" \/><figcaption class=\"elementor-image-carousel-caption\">Interventionen Bibliothek - Sprengaxonometrie, Ansicht S\u00fcd, Quersschnitt<\/figcaption><\/figure><\/a><\/div><div class=\"swiper-slide\" role=\"group\" aria-roledescription=\"slide\" aria-label=\"9 von 11\"><a data-elementor-open-lightbox=\"yes\" data-elementor-lightbox-slideshow=\"771af13\" data-elementor-lightbox-title=\"Interventionen Volkshochschule - Grundriss 2. Obergescho\u00df, L\u00e4ngsschnitt\" data-e-action-hash=\"#elementor-action%3Aaction%3Dlightbox%26settings%3DeyJpZCI6MzE1MDksInVybCI6Imh0dHBzOlwvXC9kZW5rbWFscGZsZWdlLnR1d2llbi5hYy5hdFwvd3AtY29udGVudFwvdXBsb2Fkc1wvMjAyNFwvMDdcL0t1bHR1cnJhdW0tS2FncmFuX0dyYXVrZV9IYXNsZXI4LXNjYWxlZC5qcGciLCJzbGlkZXNob3ciOiI3NzFhZjEzIn0%3D\" href=\"https:\/\/denkmalpflege.tuwien.ac.at\/wp-content\/uploads\/2024\/07\/Kulturraum-Kagran_Grauke_Hasler8-scaled.jpg\"><figure class=\"swiper-slide-inner\"><img decoding=\"async\" class=\"swiper-slide-image\" src=\"https:\/\/denkmalpflege.tuwien.ac.at\/wp-content\/uploads\/2024\/07\/Kulturraum-Kagran_Grauke_Hasler8-scaled.jpg\" alt=\"Interventionen Volkshochschule - Grundriss 2. Obergescho\u00df, L\u00e4ngsschnitt\" \/><figcaption class=\"elementor-image-carousel-caption\">Interventionen Volkshochschule - Grundriss 2. Obergescho\u00df, L\u00e4ngsschnitt<\/figcaption><\/figure><\/a><\/div><div class=\"swiper-slide\" role=\"group\" aria-roledescription=\"slide\" aria-label=\"10 von 11\"><a data-elementor-open-lightbox=\"yes\" data-elementor-lightbox-slideshow=\"771af13\" data-elementor-lightbox-title=\"Interventionen Volkshochschule - Ansicht S\u00fcd, Querschnitt, Tragkonzept\" data-e-action-hash=\"#elementor-action%3Aaction%3Dlightbox%26settings%3DeyJpZCI6MzE1MTAsInVybCI6Imh0dHBzOlwvXC9kZW5rbWFscGZsZWdlLnR1d2llbi5hYy5hdFwvd3AtY29udGVudFwvdXBsb2Fkc1wvMjAyNFwvMDdcL0t1bHR1cnJhdW0tS2FncmFuX0dyYXVrZV9IYXNsZXI5LXNjYWxlZC5qcGciLCJzbGlkZXNob3ciOiI3NzFhZjEzIn0%3D\" href=\"https:\/\/denkmalpflege.tuwien.ac.at\/wp-content\/uploads\/2024\/07\/Kulturraum-Kagran_Grauke_Hasler9-scaled.jpg\"><figure class=\"swiper-slide-inner\"><img decoding=\"async\" class=\"swiper-slide-image\" src=\"https:\/\/denkmalpflege.tuwien.ac.at\/wp-content\/uploads\/2024\/07\/Kulturraum-Kagran_Grauke_Hasler9-scaled.jpg\" alt=\"Interventionen Volkshochschule - Ansicht S\u00fcd, Querschnitt, Tragkonzept\" \/><figcaption class=\"elementor-image-carousel-caption\">Interventionen Volkshochschule - Ansicht S\u00fcd, Querschnitt, Tragkonzept<\/figcaption><\/figure><\/a><\/div><div class=\"swiper-slide\" role=\"group\" aria-roledescription=\"slide\" aria-label=\"11 von 11\"><a data-elementor-open-lightbox=\"yes\" data-elementor-lightbox-slideshow=\"771af13\" data-elementor-lightbox-title=\"Interventionen Volkshochschule - Fassadenschnitt\" data-e-action-hash=\"#elementor-action%3Aaction%3Dlightbox%26settings%3DeyJpZCI6MzE1MTEsInVybCI6Imh0dHBzOlwvXC9kZW5rbWFscGZsZWdlLnR1d2llbi5hYy5hdFwvd3AtY29udGVudFwvdXBsb2Fkc1wvMjAyNFwvMDdcL0t1bHR1cnJhdW0tS2FncmFuX0dyYXVrZV9IYXNsZXIxMC1zY2FsZWQuanBnIiwic2xpZGVzaG93IjoiNzcxYWYxMyJ9\" href=\"https:\/\/denkmalpflege.tuwien.ac.at\/wp-content\/uploads\/2024\/07\/Kulturraum-Kagran_Grauke_Hasler10-scaled.jpg\"><figure class=\"swiper-slide-inner\"><img decoding=\"async\" class=\"swiper-slide-image\" src=\"https:\/\/denkmalpflege.tuwien.ac.at\/wp-content\/uploads\/2024\/07\/Kulturraum-Kagran_Grauke_Hasler10-scaled.jpg\" alt=\"Interventionen Volkshochschule - Fassadenschnitt\" \/><figcaption class=\"elementor-image-carousel-caption\">Interventionen Volkshochschule - Fassadenschnitt<\/figcaption><\/figure><\/a><\/div>\t\t\t<\/div>\n\t\t\t\t\t\t\t\t\t\t\t\t<div class=\"elementor-swiper-button elementor-swiper-button-prev\" role=\"button\" tabindex=\"0\">\n\t\t\t\t\t\t<i aria-hidden=\"true\" class=\"fas fa-chevron-left\"><\/i>\t\t\t\t\t<\/div>\n\t\t\t\t\t<div class=\"elementor-swiper-button elementor-swiper-button-next\" role=\"button\" tabindex=\"0\">\n\t\t\t\t\t\t<i aria-hidden=\"true\" class=\"fas fa-chevron-right\"><\/i>\t\t\t\t\t<\/div>\n\t\t\t\t\n\t\t\t\t\t\t\t\t\t<\/div>\n\t\t\t\t\t\t<\/div>\n\t\t\t\t<\/div>\n\t\t\t\t<div class=\"elementor-element elementor-element-cca6ab2 elementor-widget elementor-widget-text-editor\" data-id=\"cca6ab2\" data-element_type=\"widget\" data-widget_type=\"text-editor.default\">\n\t\t\t\t<div class=\"elementor-widget-container\">\n\t\t\t\t\t\t\t\t\t<p>Wien w\u00e4chst und leerstehende, innerst\u00e4dtische Areale sind zur Nachverdichtung essenziell. So auch das Gel\u00e4nde des Bezirkszentrums im 22. Wiener Gemeindebezirk Donaustadt. Bereits 2022 wurde ein st\u00e4dtebaulicher Leitfaden f\u00fcr die Nachverdichtung des Areals ver\u00f6ffentlicht, welches den Abriss des Bezirkszentrums vorsieht.\u00a0<br \/>F\u00fcr uns weist das Geb\u00e4ude einen enormen k\u00fcnstlerischen, historischen, kulturellen und identit\u00e4tsstiftenden Wert auf, weshalb wir den Erhalt als unbestreitbar einstufen und eine Alternative zum st\u00e4dtebaulichen Leitfaden von 2022 aufzeigen wollen. Die aktuell noch vorhandenen und funktionierenden Nutzungen des Geb\u00e4udes, als VHS, Veranstaltungssaal und Bibliothek, sollen erhalten, umstrukturiert und erweitert werden. W\u00e4hrend die VHS und die Saalnutzung in ihrem Geb\u00e4udeteil bestehen, zieht die Bibliothek, samt neuem \u00f6ffentlichen Erdgeschoss mit Gastronomie, in den vierst\u00f6ckigen Teil des ehemaligen Amtshauses.<\/p><p>F\u00fcnf gro\u00dfe Eingriffe sind f\u00fcr die Aufwertung des Bestandsgeb\u00e4udes vorgesehen.<br \/>1. R\u00fcckbau des 90-er Jahre Annex \/ \u00d6ffnung des Hofes<br \/>2. Neue Eingangssituation der Bibliothek von der Schauseite<br \/>3. Schaffung eines Courtyards \/ Belebung des Zwischenraums zum Donauzentrum<br \/>4. Aufstockung der VHS<br \/>5. Auflockerung des Geb\u00e4udes durch Deckendurchbr\u00fcche<\/p><p>Die aufgelisteten Eingriffe sollen bestandsschonend und im Hinblick auf den gr\u00f6\u00dftm\u00f6glichen Erhalt des Fassadenbildes durchgef\u00fchrt werden. Auf dem Gel\u00e4nde des Parkplatzes sollen mehrere Wohngeb\u00e4ude mit \u00f6ffentlichen Sockelgeschossen entstehen. Die Schaffung eines neuen Hochpunktes, in der Geb\u00e4udelandschaft des 22. Bezirks durch ein Wohnhochhaus, soll den Verlust an Wohnfl\u00e4che, durch den Erhalt des Bezirkszentrums, kompensieren.<\/p>\t\t\t\t\t\t\t\t<\/div>\n\t\t\t\t<\/div>\n\t\t\t\t\t<\/div>\n\t\t<\/div>\n\t\t\t\t\t<\/div>\n\t\t<\/section>\n\t\t\t\t<section class=\"elementor-section elementor-top-section elementor-element elementor-element-938e94f elementor-section-full_width elementor-section-height-default elementor-section-height-default\" data-id=\"938e94f\" data-element_type=\"section\" data-settings=\"{&quot;background_background&quot;:&quot;classic&quot;}\">\n\t\t\t\t\t\t<div class=\"elementor-container elementor-column-gap-default\">\n\t\t\t\t\t<div class=\"elementor-column elementor-col-100 elementor-top-column elementor-element elementor-element-01b2056\" data-id=\"01b2056\" data-element_type=\"column\">\n\t\t\t<div class=\"elementor-widget-wrap elementor-element-populated\">\n\t\t\t\t\t\t<div class=\"elementor-element elementor-element-ffa9b8d elementor-widget-divider--view-line elementor-widget elementor-widget-divider\" data-id=\"ffa9b8d\" data-element_type=\"widget\" data-widget_type=\"divider.default\">\n\t\t\t\t<div class=\"elementor-widget-container\">\n\t\t\t\t\t\t\t<div class=\"elementor-divider\">\n\t\t\t<span class=\"elementor-divider-separator\">\n\t\t\t\t\t\t<\/span>\n\t\t<\/div>\n\t\t\t\t\t\t<\/div>\n\t\t\t\t<\/div>\n\t\t\t\t\t<\/div>\n\t\t<\/div>\n\t\t\t\t\t<\/div>\n\t\t<\/section>\n\t\t\t\t<section class=\"elementor-section elementor-top-section elementor-element elementor-element-2f253b8 elementor-section-full_width elementor-section-height-default elementor-section-height-default\" data-id=\"2f253b8\" data-element_type=\"section\" data-settings=\"{&quot;background_background&quot;:&quot;classic&quot;}\">\n\t\t\t\t\t\t<div class=\"elementor-container elementor-column-gap-default\">\n\t\t\t\t\t<div class=\"elementor-column elementor-col-50 elementor-top-column elementor-element elementor-element-f75fe79\" data-id=\"f75fe79\" data-element_type=\"column\">\n\t\t\t<div class=\"elementor-widget-wrap elementor-element-populated\">\n\t\t\t\t\t\t<div class=\"elementor-element elementor-element-0267ffb elementor-widget elementor-widget-text-editor\" data-id=\"0267ffb\" data-element_type=\"widget\" data-widget_type=\"text-editor.default\">\n\t\t\t\t<div class=\"elementor-widget-container\">\n\t\t\t\t\t\t\t\t\t<p><strong>UNSER GR\u00c4TZL<br \/>ein Quartierszentrum f\u00fcr Kagran<br \/><\/strong>Nikosz Jager<br \/>Lisa Schneider<br \/>Melanie Wick<\/p>\t\t\t\t\t\t\t\t<\/div>\n\t\t\t\t<\/div>\n\t\t\t\t\t<\/div>\n\t\t<\/div>\n\t\t\t\t<div class=\"elementor-column elementor-col-50 elementor-top-column elementor-element elementor-element-a65340a\" data-id=\"a65340a\" data-element_type=\"column\">\n\t\t\t<div class=\"elementor-widget-wrap elementor-element-populated\">\n\t\t\t\t\t\t<div class=\"elementor-element elementor-element-c41820c elementor-widget__width-inherit elementor-arrows-position-inside elementor-widget elementor-widget-image-carousel\" data-id=\"c41820c\" data-element_type=\"widget\" data-settings=\"{&quot;slides_to_show&quot;:&quot;1&quot;,&quot;navigation&quot;:&quot;arrows&quot;,&quot;autoplay&quot;:&quot;no&quot;,&quot;infinite&quot;:&quot;yes&quot;,&quot;effect&quot;:&quot;slide&quot;,&quot;speed&quot;:500}\" data-widget_type=\"image-carousel.default\">\n\t\t\t\t<div class=\"elementor-widget-container\">\n\t\t\t\t\t\t\t<div class=\"elementor-image-carousel-wrapper swiper\" role=\"region\" aria-roledescription=\"carousel\" aria-label=\"Bild Karussell\" dir=\"ltr\">\n\t\t\t<div class=\"elementor-image-carousel swiper-wrapper\" aria-live=\"polite\">\n\t\t\t\t\t\t\t\t<div class=\"swiper-slide\" role=\"group\" aria-roledescription=\"slide\" aria-label=\"1 von 10\"><a data-elementor-open-lightbox=\"yes\" data-elementor-lightbox-slideshow=\"c41820c\" data-elementor-lightbox-title=\"Interventionen - Au\u00dfenperspektive Curiegasse\" data-e-action-hash=\"#elementor-action%3Aaction%3Dlightbox%26settings%3DeyJpZCI6MzE0OTgsInVybCI6Imh0dHBzOlwvXC9kZW5rbWFscGZsZWdlLnR1d2llbi5hYy5hdFwvd3AtY29udGVudFwvdXBsb2Fkc1wvMjAyNFwvMDdcL1Vuc2VyLUdyYWV0emxfU2NobmVpZGVyX1dpY2s3LXNjYWxlZC5qcGciLCJzbGlkZXNob3ciOiJjNDE4MjBjIn0%3D\" href=\"https:\/\/denkmalpflege.tuwien.ac.at\/wp-content\/uploads\/2024\/07\/Unser-Graetzl_Schneider_Wick7-scaled.jpg\"><figure class=\"swiper-slide-inner\"><img decoding=\"async\" class=\"swiper-slide-image\" src=\"https:\/\/denkmalpflege.tuwien.ac.at\/wp-content\/uploads\/2024\/07\/Unser-Graetzl_Schneider_Wick7-scaled.jpg\" alt=\"Interventionen - Au\u00dfenperspektive Curiegasse\" \/><figcaption class=\"elementor-image-carousel-caption\">Interventionen - Au\u00dfenperspektive Curiegasse<\/figcaption><\/figure><\/a><\/div><div class=\"swiper-slide\" role=\"group\" aria-roledescription=\"slide\" aria-label=\"2 von 10\"><a data-elementor-open-lightbox=\"yes\" data-elementor-lightbox-slideshow=\"c41820c\" data-elementor-lightbox-title=\"Denkmalpflegerisches Konzept\" data-e-action-hash=\"#elementor-action%3Aaction%3Dlightbox%26settings%3DeyJpZCI6MzE0OTEsInVybCI6Imh0dHBzOlwvXC9kZW5rbWFscGZsZWdlLnR1d2llbi5hYy5hdFwvd3AtY29udGVudFwvdXBsb2Fkc1wvMjAyNFwvMDdcL1Vuc2VyLUdyYWV0emxfU2NobmVpZGVyX1dpY2stc2NhbGVkLmpwZyIsInNsaWRlc2hvdyI6ImM0MTgyMGMifQ%3D%3D\" href=\"https:\/\/denkmalpflege.tuwien.ac.at\/wp-content\/uploads\/2024\/07\/Unser-Graetzl_Schneider_Wick-scaled.jpg\"><figure class=\"swiper-slide-inner\"><img decoding=\"async\" class=\"swiper-slide-image\" src=\"https:\/\/denkmalpflege.tuwien.ac.at\/wp-content\/uploads\/2024\/07\/Unser-Graetzl_Schneider_Wick-scaled.jpg\" alt=\"Denkmalpflegerisches Konzept\" \/><figcaption class=\"elementor-image-carousel-caption\">Denkmalpflegerisches Konzept<\/figcaption><\/figure><\/a><\/div><div class=\"swiper-slide\" role=\"group\" aria-roledescription=\"slide\" aria-label=\"3 von 10\"><a data-elementor-open-lightbox=\"yes\" data-elementor-lightbox-slideshow=\"c41820c\" data-elementor-lightbox-title=\"Analyse Nutzungskonzept - Stimmen Kagrans\" data-e-action-hash=\"#elementor-action%3Aaction%3Dlightbox%26settings%3DeyJpZCI6MzE0OTMsInVybCI6Imh0dHBzOlwvXC9kZW5rbWFscGZsZWdlLnR1d2llbi5hYy5hdFwvd3AtY29udGVudFwvdXBsb2Fkc1wvMjAyNFwvMDdcL1Vuc2VyLUdyYWV0emxfU2NobmVpZGVyX1dpY2syLXNjYWxlZC5qcGciLCJzbGlkZXNob3ciOiJjNDE4MjBjIn0%3D\" href=\"https:\/\/denkmalpflege.tuwien.ac.at\/wp-content\/uploads\/2024\/07\/Unser-Graetzl_Schneider_Wick2-scaled.jpg\"><figure class=\"swiper-slide-inner\"><img decoding=\"async\" class=\"swiper-slide-image\" src=\"https:\/\/denkmalpflege.tuwien.ac.at\/wp-content\/uploads\/2024\/07\/Unser-Graetzl_Schneider_Wick2-scaled.jpg\" alt=\"Analyse Nutzungskonzept - Stimmen Kagrans\" \/><figcaption class=\"elementor-image-carousel-caption\">Analyse Nutzungskonzept - Stimmen Kagrans<\/figcaption><\/figure><\/a><\/div><div class=\"swiper-slide\" role=\"group\" aria-roledescription=\"slide\" aria-label=\"4 von 10\"><a data-elementor-open-lightbox=\"yes\" data-elementor-lightbox-slideshow=\"c41820c\" data-elementor-lightbox-title=\"Nutzungskonzept\" data-e-action-hash=\"#elementor-action%3Aaction%3Dlightbox%26settings%3DeyJpZCI6MzE0OTQsInVybCI6Imh0dHBzOlwvXC9kZW5rbWFscGZsZWdlLnR1d2llbi5hYy5hdFwvd3AtY29udGVudFwvdXBsb2Fkc1wvMjAyNFwvMDdcL1Vuc2VyLUdyYWV0emxfU2NobmVpZGVyX1dpY2szLXNjYWxlZC5qcGciLCJzbGlkZXNob3ciOiJjNDE4MjBjIn0%3D\" href=\"https:\/\/denkmalpflege.tuwien.ac.at\/wp-content\/uploads\/2024\/07\/Unser-Graetzl_Schneider_Wick3-scaled.jpg\"><figure class=\"swiper-slide-inner\"><img decoding=\"async\" class=\"swiper-slide-image\" src=\"https:\/\/denkmalpflege.tuwien.ac.at\/wp-content\/uploads\/2024\/07\/Unser-Graetzl_Schneider_Wick3-scaled.jpg\" alt=\"Nutzungskonzept\" \/><figcaption class=\"elementor-image-carousel-caption\">Nutzungskonzept<\/figcaption><\/figure><\/a><\/div><div class=\"swiper-slide\" role=\"group\" aria-roledescription=\"slide\" aria-label=\"5 von 10\"><a data-elementor-open-lightbox=\"yes\" data-elementor-lightbox-slideshow=\"c41820c\" data-elementor-lightbox-title=\"Interventionen - Modellfoto\" data-e-action-hash=\"#elementor-action%3Aaction%3Dlightbox%26settings%3DeyJpZCI6MzE0OTIsInVybCI6Imh0dHBzOlwvXC9kZW5rbWFscGZsZWdlLnR1d2llbi5hYy5hdFwvd3AtY29udGVudFwvdXBsb2Fkc1wvMjAyNFwvMDdcL1Vuc2VyLUdyYWV0emxfU2NobmVpZGVyX1dpY2tfTW9kZWxsZm90by1zY2FsZWQuanBnIiwic2xpZGVzaG93IjoiYzQxODIwYyJ9\" href=\"https:\/\/denkmalpflege.tuwien.ac.at\/wp-content\/uploads\/2024\/07\/Unser-Graetzl_Schneider_Wick_Modellfoto-scaled.jpg\"><figure class=\"swiper-slide-inner\"><img decoding=\"async\" class=\"swiper-slide-image\" src=\"https:\/\/denkmalpflege.tuwien.ac.at\/wp-content\/uploads\/2024\/07\/Unser-Graetzl_Schneider_Wick_Modellfoto-scaled.jpg\" alt=\"Interventionen - Modellfoto\" \/><figcaption class=\"elementor-image-carousel-caption\">Interventionen - Modellfoto<\/figcaption><\/figure><\/a><\/div><div class=\"swiper-slide\" role=\"group\" aria-roledescription=\"slide\" aria-label=\"6 von 10\"><a data-elementor-open-lightbox=\"yes\" data-elementor-lightbox-slideshow=\"c41820c\" data-elementor-lightbox-title=\"Interventionen - Grundriss Erdgescho\u00df mit Umgebung\" data-e-action-hash=\"#elementor-action%3Aaction%3Dlightbox%26settings%3DeyJpZCI6MzE0OTUsInVybCI6Imh0dHBzOlwvXC9kZW5rbWFscGZsZWdlLnR1d2llbi5hYy5hdFwvd3AtY29udGVudFwvdXBsb2Fkc1wvMjAyNFwvMDdcL1Vuc2VyLUdyYWV0emxfU2NobmVpZGVyX1dpY2s0LXNjYWxlZC5qcGciLCJzbGlkZXNob3ciOiJjNDE4MjBjIn0%3D\" href=\"https:\/\/denkmalpflege.tuwien.ac.at\/wp-content\/uploads\/2024\/07\/Unser-Graetzl_Schneider_Wick4-scaled.jpg\"><figure class=\"swiper-slide-inner\"><img decoding=\"async\" class=\"swiper-slide-image\" src=\"https:\/\/denkmalpflege.tuwien.ac.at\/wp-content\/uploads\/2024\/07\/Unser-Graetzl_Schneider_Wick4-scaled.jpg\" alt=\"Interventionen - Grundriss Erdgescho\u00df mit Umgebung\" \/><figcaption class=\"elementor-image-carousel-caption\">Interventionen - Grundriss Erdgescho\u00df mit Umgebung<\/figcaption><\/figure><\/a><\/div><div class=\"swiper-slide\" role=\"group\" aria-roledescription=\"slide\" aria-label=\"7 von 10\"><a data-elementor-open-lightbox=\"yes\" data-elementor-lightbox-slideshow=\"c41820c\" data-elementor-lightbox-title=\"Interventionen - Grundriss 1. Obergescho\u00df\" data-e-action-hash=\"#elementor-action%3Aaction%3Dlightbox%26settings%3DeyJpZCI6MzE0OTYsInVybCI6Imh0dHBzOlwvXC9kZW5rbWFscGZsZWdlLnR1d2llbi5hYy5hdFwvd3AtY29udGVudFwvdXBsb2Fkc1wvMjAyNFwvMDdcL1Vuc2VyLUdyYWV0emxfU2NobmVpZGVyX1dpY2s1LXNjYWxlZC5qcGciLCJzbGlkZXNob3ciOiJjNDE4MjBjIn0%3D\" href=\"https:\/\/denkmalpflege.tuwien.ac.at\/wp-content\/uploads\/2024\/07\/Unser-Graetzl_Schneider_Wick5-scaled.jpg\"><figure class=\"swiper-slide-inner\"><img decoding=\"async\" class=\"swiper-slide-image\" src=\"https:\/\/denkmalpflege.tuwien.ac.at\/wp-content\/uploads\/2024\/07\/Unser-Graetzl_Schneider_Wick5-scaled.jpg\" alt=\"Interventionen - Grundriss 1. Obergescho\u00df\" \/><figcaption class=\"elementor-image-carousel-caption\">Interventionen - Grundriss 1. Obergescho\u00df<\/figcaption><\/figure><\/a><\/div><div class=\"swiper-slide\" role=\"group\" aria-roledescription=\"slide\" aria-label=\"8 von 10\"><a data-elementor-open-lightbox=\"yes\" data-elementor-lightbox-slideshow=\"c41820c\" data-elementor-lightbox-title=\"Interventionen - B\u00fccherei\" data-e-action-hash=\"#elementor-action%3Aaction%3Dlightbox%26settings%3DeyJpZCI6MzE1MDAsInVybCI6Imh0dHBzOlwvXC9kZW5rbWFscGZsZWdlLnR1d2llbi5hYy5hdFwvd3AtY29udGVudFwvdXBsb2Fkc1wvMjAyNFwvMDdcL1Vuc2VyLUdyYWV0emxfU2NobmVpZGVyX1dpY2s5LXNjYWxlZC5qcGciLCJzbGlkZXNob3ciOiJjNDE4MjBjIn0%3D\" href=\"https:\/\/denkmalpflege.tuwien.ac.at\/wp-content\/uploads\/2024\/07\/Unser-Graetzl_Schneider_Wick9-scaled.jpg\"><figure class=\"swiper-slide-inner\"><img decoding=\"async\" class=\"swiper-slide-image\" src=\"https:\/\/denkmalpflege.tuwien.ac.at\/wp-content\/uploads\/2024\/07\/Unser-Graetzl_Schneider_Wick9-scaled.jpg\" alt=\"Interventionen - B\u00fccherei\" \/><figcaption class=\"elementor-image-carousel-caption\">Interventionen - B\u00fccherei<\/figcaption><\/figure><\/a><\/div><div class=\"swiper-slide\" role=\"group\" aria-roledescription=\"slide\" aria-label=\"9 von 10\"><a data-elementor-open-lightbox=\"yes\" data-elementor-lightbox-slideshow=\"c41820c\" data-elementor-lightbox-title=\"Interventionen - Schnitt, Rot-Gelb Pl\u00e4ne\" data-e-action-hash=\"#elementor-action%3Aaction%3Dlightbox%26settings%3DeyJpZCI6MzE0OTcsInVybCI6Imh0dHBzOlwvXC9kZW5rbWFscGZsZWdlLnR1d2llbi5hYy5hdFwvd3AtY29udGVudFwvdXBsb2Fkc1wvMjAyNFwvMDdcL1Vuc2VyLUdyYWV0emxfU2NobmVpZGVyX1dpY2s2LXNjYWxlZC5qcGciLCJzbGlkZXNob3ciOiJjNDE4MjBjIn0%3D\" href=\"https:\/\/denkmalpflege.tuwien.ac.at\/wp-content\/uploads\/2024\/07\/Unser-Graetzl_Schneider_Wick6-scaled.jpg\"><figure class=\"swiper-slide-inner\"><img decoding=\"async\" class=\"swiper-slide-image\" src=\"https:\/\/denkmalpflege.tuwien.ac.at\/wp-content\/uploads\/2024\/07\/Unser-Graetzl_Schneider_Wick6-scaled.jpg\" alt=\"Interventionen - Schnitt, Rot-Gelb Pl\u00e4ne\" \/><figcaption class=\"elementor-image-carousel-caption\">Interventionen - Schnitt, Rot-Gelb Pl\u00e4ne<\/figcaption><\/figure><\/a><\/div><div class=\"swiper-slide\" role=\"group\" aria-roledescription=\"slide\" aria-label=\"10 von 10\"><a data-elementor-open-lightbox=\"yes\" data-elementor-lightbox-slideshow=\"c41820c\" data-elementor-lightbox-title=\"Interventionen - Gr\u00e4tzl-Cafe\" data-e-action-hash=\"#elementor-action%3Aaction%3Dlightbox%26settings%3DeyJpZCI6MzE0OTksInVybCI6Imh0dHBzOlwvXC9kZW5rbWFscGZsZWdlLnR1d2llbi5hYy5hdFwvd3AtY29udGVudFwvdXBsb2Fkc1wvMjAyNFwvMDdcL1Vuc2VyLUdyYWV0emxfU2NobmVpZGVyX1dpY2s4LXNjYWxlZC5qcGciLCJzbGlkZXNob3ciOiJjNDE4MjBjIn0%3D\" href=\"https:\/\/denkmalpflege.tuwien.ac.at\/wp-content\/uploads\/2024\/07\/Unser-Graetzl_Schneider_Wick8-scaled.jpg\"><figure class=\"swiper-slide-inner\"><img decoding=\"async\" class=\"swiper-slide-image\" src=\"https:\/\/denkmalpflege.tuwien.ac.at\/wp-content\/uploads\/2024\/07\/Unser-Graetzl_Schneider_Wick8-scaled.jpg\" alt=\"Interventionen - Gr\u00e4tzl-Cafe\" \/><figcaption class=\"elementor-image-carousel-caption\">Interventionen - Gr\u00e4tzl-Cafe<\/figcaption><\/figure><\/a><\/div>\t\t\t<\/div>\n\t\t\t\t\t\t\t\t\t\t\t\t<div class=\"elementor-swiper-button elementor-swiper-button-prev\" role=\"button\" tabindex=\"0\">\n\t\t\t\t\t\t<i aria-hidden=\"true\" class=\"fas fa-chevron-left\"><\/i>\t\t\t\t\t<\/div>\n\t\t\t\t\t<div class=\"elementor-swiper-button elementor-swiper-button-next\" role=\"button\" tabindex=\"0\">\n\t\t\t\t\t\t<i aria-hidden=\"true\" class=\"fas fa-chevron-right\"><\/i>\t\t\t\t\t<\/div>\n\t\t\t\t\n\t\t\t\t\t\t\t\t\t<\/div>\n\t\t\t\t\t\t<\/div>\n\t\t\t\t<\/div>\n\t\t\t\t<div class=\"elementor-element elementor-element-6a61261 elementor-widget elementor-widget-text-editor\" data-id=\"6a61261\" data-element_type=\"widget\" data-widget_type=\"text-editor.default\">\n\t\t\t\t<div class=\"elementor-widget-container\">\n\t\t\t\t\t\t\t\t\t<p>Das Bezirkszentrum Kagran steht zwischen Abriss und Zukunft. Bisherige Studien und Entwicklungspl\u00e4ne haben die Schaffung von leistbarem Wohnraum, Bildungs- und Kulturr\u00e4umen und die Aufwertung von Au\u00dfenr\u00e4umen vorgesehen und dies jedoch mit dem Abriss des bestehenden, funktionsf\u00e4higen Baus verbunden. Unser alternativer Vorschlag: das bestehende Geb\u00e4ude erhalten, sanieren und umnutzen, um den Bed\u00fcrfnissen der AnwohnerInnen und NutzerInnen gerecht zu werden.<br \/><br \/>Das Erhaltungskonzept, bzw. das Denkmalpflegerische Konzept basiert auf vier Hauptbereichen: der st\u00e4dtebaulichen Lage, dem \u00e4u\u00dferen und inneren Erscheinungsbild und der Substanz. Das Geb\u00e4ude bildet als Fragment eines Polyzentrums eine wichtige Struktur im Stadtgef\u00fcge und zeichnet sich durch sein charakteristisches Erscheinungsbild aus, welches durch Sanierungsma\u00dfnahmen erhalten werden soll. Die bestehende Struktur des Geb\u00e4udes erm\u00f6glicht eine flexible Nutzung. Die Substanz ist gut erhalten, vorhandene M\u00e4ngel werden durch die Verbesserung der Geb\u00e4udeh\u00fclle und durch technische Ma\u00dfnahmen behoben.<br \/><br \/>Durch den behutsamen und respektvollen Umgang mit dem bestehenden Bezirkszentrum schaffen wir nicht nur einen Ort der Begegnung, sondern bewahren auch die Geschichte und Struktur Kagrans. Wir zeigen, dass st\u00e4dtebauliche Entwicklung und Nachhaltigkeit Hand in Hand gehen k\u00f6nnen \u2013 f\u00fcr ein lebendiges, vielf\u00e4ltiges und zukunftsf\u00e4higes Gr\u00e4tzl.<\/p>\t\t\t\t\t\t\t\t<\/div>\n\t\t\t\t<\/div>\n\t\t\t\t\t<\/div>\n\t\t<\/div>\n\t\t\t\t\t<\/div>\n\t\t<\/section>\n\t\t\t\t<\/div>\n\t\t","protected":false},"excerpt":{"rendered":"<p>Studierendenarbeiten Transdanubien Verwalten Gro\u00dfes Entwerfen, 10 ECTSStudierendenarbeitenSommersemester 2024 Betreuung:Heike OEVERMANNBernd EULER-ROLLEHanne RUNGJohannes PAINTNER Seit November 2022 ist das Bezirkszentrum Kagran am Schr\u00f6dingerplatz im 22. Bezirk Wiens, nach nur 55 Jahren zum Abriss freigegeben. Bis Mitte 2025 sollen die verbliebenen Mieter das Geb\u00e4ude r\u00e4umen. Es soll ein sog. \u201eklimafittes Stadtviertel mit leistbarem Wohnraum und vielen Orten der Begegnung\u201c entstehen. Die dort vormals untergebrachten Dienststellen der Stadt Wien sind mittlerweile an anderen<\/p>\n<div class=\"belowpost\"><a class=\"btnmore icon-arrow\" href=\"https:\/\/denkmalpflege.tuwien.ac.at\/index.php\/studierendenarbeiten\/transdanubien-verwalten-studierendenarbeiten\/\"><span>Read More<\/span><\/a><\/div>\n","protected":false},"author":1,"featured_media":0,"parent":30403,"menu_order":0,"comment_status":"closed","ping_status":"closed","template":"","meta":{"footnotes":""},"class_list":["post-32588","page","type-page","status-publish","hentry"],"yoast_head":"<!-- This site is optimized with the Yoast SEO plugin v26.0 - https:\/\/yoast.com\/wordpress\/plugins\/seo\/ -->\n<title>Transdanubien Verwalten - Studierendenarbeiten - Denkmalpflege und Bauen im Bestand<\/title>\n<meta name=\"robots\" content=\"index, follow, max-snippet:-1, max-image-preview:large, max-video-preview:-1\" \/>\n<link rel=\"canonical\" href=\"https:\/\/denkmalpflege.tuwien.ac.at\/index.php\/studierendenarbeiten\/transdanubien-verwalten-studierendenarbeiten\/\" \/>\n<meta property=\"og:locale\" content=\"de_DE\" \/>\n<meta property=\"og:type\" content=\"article\" \/>\n<meta property=\"og:title\" content=\"Transdanubien Verwalten - Studierendenarbeiten - Denkmalpflege und Bauen im Bestand\" \/>\n<meta property=\"og:description\" content=\"Studierendenarbeiten Transdanubien Verwalten Gro\u00dfes Entwerfen, 10 ECTSStudierendenarbeitenSommersemester 2024 Betreuung:Heike OEVERMANNBernd EULER-ROLLEHanne RUNGJohannes PAINTNER Seit November 2022 ist das Bezirkszentrum Kagran am Schr\u00f6dingerplatz im 22. Bezirk Wiens, nach nur 55 Jahren zum Abriss freigegeben. Bis Mitte 2025 sollen die verbliebenen Mieter das Geb\u00e4ude r\u00e4umen. Es soll ein sog. \u201eklimafittes Stadtviertel mit leistbarem Wohnraum und vielen Orten der Begegnung\u201c entstehen. Die dort vormals untergebrachten Dienststellen der Stadt Wien sind mittlerweile an anderenRead More\" \/>\n<meta property=\"og:url\" content=\"https:\/\/denkmalpflege.tuwien.ac.at\/index.php\/studierendenarbeiten\/transdanubien-verwalten-studierendenarbeiten\/\" \/>\n<meta property=\"og:site_name\" content=\"Denkmalpflege und Bauen im Bestand\" \/>\n<meta property=\"article:modified_time\" content=\"2025-11-05T09:27:37+00:00\" \/>\n<meta property=\"og:image\" content=\"https:\/\/denkmalpflege.tuwien.ac.at\/wp-content\/uploads\/2024\/02\/Kachel-Startseite-lva-ss24.jpg\" \/>\n\t<meta property=\"og:image:width\" content=\"1736\" \/>\n\t<meta property=\"og:image:height\" content=\"2083\" \/>\n\t<meta property=\"og:image:type\" content=\"image\/jpeg\" \/>\n<meta name=\"twitter:card\" content=\"summary_large_image\" \/>\n<meta name=\"twitter:label1\" content=\"Gesch\u00e4tzte Lesezeit\" \/>\n\t<meta name=\"twitter:data1\" content=\"10\u00a0Minuten\" \/>\n<script type=\"application\/ld+json\" class=\"yoast-schema-graph\">{\"@context\":\"https:\/\/schema.org\",\"@graph\":[{\"@type\":\"WebPage\",\"@id\":\"https:\/\/denkmalpflege.tuwien.ac.at\/index.php\/studierendenarbeiten\/transdanubien-verwalten-studierendenarbeiten\/\",\"url\":\"https:\/\/denkmalpflege.tuwien.ac.at\/index.php\/studierendenarbeiten\/transdanubien-verwalten-studierendenarbeiten\/\",\"name\":\"Transdanubien Verwalten - Studierendenarbeiten - Denkmalpflege und Bauen im Bestand\",\"isPartOf\":{\"@id\":\"https:\/\/denkmalpflege.tuwien.ac.at\/#website\"},\"primaryImageOfPage\":{\"@id\":\"https:\/\/denkmalpflege.tuwien.ac.at\/index.php\/studierendenarbeiten\/transdanubien-verwalten-studierendenarbeiten\/#primaryimage\"},\"image\":{\"@id\":\"https:\/\/denkmalpflege.tuwien.ac.at\/index.php\/studierendenarbeiten\/transdanubien-verwalten-studierendenarbeiten\/#primaryimage\"},\"thumbnailUrl\":\"http:\/\/denkmalpflege.tuwien.ac.at\/wp-content\/uploads\/2024\/02\/Kachel-Startseite-lva-ss24-853x1024.jpg\",\"datePublished\":\"2024-12-10T12:31:06+00:00\",\"dateModified\":\"2025-11-05T09:27:37+00:00\",\"breadcrumb\":{\"@id\":\"https:\/\/denkmalpflege.tuwien.ac.at\/index.php\/studierendenarbeiten\/transdanubien-verwalten-studierendenarbeiten\/#breadcrumb\"},\"inLanguage\":\"de\",\"potentialAction\":[{\"@type\":\"ReadAction\",\"target\":[\"https:\/\/denkmalpflege.tuwien.ac.at\/index.php\/studierendenarbeiten\/transdanubien-verwalten-studierendenarbeiten\/\"]}]},{\"@type\":\"ImageObject\",\"inLanguage\":\"de\",\"@id\":\"https:\/\/denkmalpflege.tuwien.ac.at\/index.php\/studierendenarbeiten\/transdanubien-verwalten-studierendenarbeiten\/#primaryimage\",\"url\":\"https:\/\/denkmalpflege.tuwien.ac.at\/wp-content\/uploads\/2024\/02\/Kachel-Startseite-lva-ss24.jpg\",\"contentUrl\":\"https:\/\/denkmalpflege.tuwien.ac.at\/wp-content\/uploads\/2024\/02\/Kachel-Startseite-lva-ss24.jpg\",\"width\":1736,\"height\":2083},{\"@type\":\"BreadcrumbList\",\"@id\":\"https:\/\/denkmalpflege.tuwien.ac.at\/index.php\/studierendenarbeiten\/transdanubien-verwalten-studierendenarbeiten\/#breadcrumb\",\"itemListElement\":[{\"@type\":\"ListItem\",\"position\":1,\"name\":\"Startseite\",\"item\":\"https:\/\/denkmalpflege.tuwien.ac.at\/\"},{\"@type\":\"ListItem\",\"position\":2,\"name\":\"Studierendenarbeiten\",\"item\":\"https:\/\/denkmalpflege.tuwien.ac.at\/index.php\/studierendenarbeiten\/\"},{\"@type\":\"ListItem\",\"position\":3,\"name\":\"Transdanubien Verwalten &#8211; Studierendenarbeiten\"}]},{\"@type\":\"WebSite\",\"@id\":\"https:\/\/denkmalpflege.tuwien.ac.at\/#website\",\"url\":\"https:\/\/denkmalpflege.tuwien.ac.at\/\",\"name\":\"Denkmalpflege und Bauen im Bestand\",\"description\":\"Denkmalpflege TU Wien\",\"publisher\":{\"@id\":\"https:\/\/denkmalpflege.tuwien.ac.at\/#organization\"},\"potentialAction\":[{\"@type\":\"SearchAction\",\"target\":{\"@type\":\"EntryPoint\",\"urlTemplate\":\"https:\/\/denkmalpflege.tuwien.ac.at\/?s={search_term_string}\"},\"query-input\":{\"@type\":\"PropertyValueSpecification\",\"valueRequired\":true,\"valueName\":\"search_term_string\"}}],\"inLanguage\":\"de\"},{\"@type\":\"Organization\",\"@id\":\"https:\/\/denkmalpflege.tuwien.ac.at\/#organization\",\"name\":\"TU Wien Denkmalpflege und Bauen im Bestand\",\"url\":\"https:\/\/denkmalpflege.tuwien.ac.at\/\",\"logo\":{\"@type\":\"ImageObject\",\"inLanguage\":\"de\",\"@id\":\"https:\/\/denkmalpflege.tuwien.ac.at\/#\/schema\/logo\/image\/\",\"url\":\"https:\/\/denkmalpflege.tuwien.ac.at\/wp-content\/uploads\/2019\/10\/Logo1.png\",\"contentUrl\":\"https:\/\/denkmalpflege.tuwien.ac.at\/wp-content\/uploads\/2019\/10\/Logo1.png\",\"width\":222,\"height\":79,\"caption\":\"TU Wien Denkmalpflege und Bauen im Bestand\"},\"image\":{\"@id\":\"https:\/\/denkmalpflege.tuwien.ac.at\/#\/schema\/logo\/image\/\"}}]}<\/script>\n<!-- \/ Yoast SEO plugin. -->","yoast_head_json":{"title":"Transdanubien Verwalten - Studierendenarbeiten - Denkmalpflege und Bauen im Bestand","robots":{"index":"index","follow":"follow","max-snippet":"max-snippet:-1","max-image-preview":"max-image-preview:large","max-video-preview":"max-video-preview:-1"},"canonical":"https:\/\/denkmalpflege.tuwien.ac.at\/index.php\/studierendenarbeiten\/transdanubien-verwalten-studierendenarbeiten\/","og_locale":"de_DE","og_type":"article","og_title":"Transdanubien Verwalten - Studierendenarbeiten - Denkmalpflege und Bauen im Bestand","og_description":"Studierendenarbeiten Transdanubien Verwalten Gro\u00dfes Entwerfen, 10 ECTSStudierendenarbeitenSommersemester 2024 Betreuung:Heike OEVERMANNBernd EULER-ROLLEHanne RUNGJohannes PAINTNER Seit November 2022 ist das Bezirkszentrum Kagran am Schr\u00f6dingerplatz im 22. Bezirk Wiens, nach nur 55 Jahren zum Abriss freigegeben. Bis Mitte 2025 sollen die verbliebenen Mieter das Geb\u00e4ude r\u00e4umen. Es soll ein sog. \u201eklimafittes Stadtviertel mit leistbarem Wohnraum und vielen Orten der Begegnung\u201c entstehen. Die dort vormals untergebrachten Dienststellen der Stadt Wien sind mittlerweile an anderenRead More","og_url":"https:\/\/denkmalpflege.tuwien.ac.at\/index.php\/studierendenarbeiten\/transdanubien-verwalten-studierendenarbeiten\/","og_site_name":"Denkmalpflege und Bauen im Bestand","article_modified_time":"2025-11-05T09:27:37+00:00","og_image":[{"width":1736,"height":2083,"url":"https:\/\/denkmalpflege.tuwien.ac.at\/wp-content\/uploads\/2024\/02\/Kachel-Startseite-lva-ss24.jpg","type":"image\/jpeg"}],"twitter_card":"summary_large_image","twitter_misc":{"Gesch\u00e4tzte Lesezeit":"10\u00a0Minuten"},"schema":{"@context":"https:\/\/schema.org","@graph":[{"@type":"WebPage","@id":"https:\/\/denkmalpflege.tuwien.ac.at\/index.php\/studierendenarbeiten\/transdanubien-verwalten-studierendenarbeiten\/","url":"https:\/\/denkmalpflege.tuwien.ac.at\/index.php\/studierendenarbeiten\/transdanubien-verwalten-studierendenarbeiten\/","name":"Transdanubien Verwalten - Studierendenarbeiten - Denkmalpflege und Bauen im Bestand","isPartOf":{"@id":"https:\/\/denkmalpflege.tuwien.ac.at\/#website"},"primaryImageOfPage":{"@id":"https:\/\/denkmalpflege.tuwien.ac.at\/index.php\/studierendenarbeiten\/transdanubien-verwalten-studierendenarbeiten\/#primaryimage"},"image":{"@id":"https:\/\/denkmalpflege.tuwien.ac.at\/index.php\/studierendenarbeiten\/transdanubien-verwalten-studierendenarbeiten\/#primaryimage"},"thumbnailUrl":"http:\/\/denkmalpflege.tuwien.ac.at\/wp-content\/uploads\/2024\/02\/Kachel-Startseite-lva-ss24-853x1024.jpg","datePublished":"2024-12-10T12:31:06+00:00","dateModified":"2025-11-05T09:27:37+00:00","breadcrumb":{"@id":"https:\/\/denkmalpflege.tuwien.ac.at\/index.php\/studierendenarbeiten\/transdanubien-verwalten-studierendenarbeiten\/#breadcrumb"},"inLanguage":"de","potentialAction":[{"@type":"ReadAction","target":["https:\/\/denkmalpflege.tuwien.ac.at\/index.php\/studierendenarbeiten\/transdanubien-verwalten-studierendenarbeiten\/"]}]},{"@type":"ImageObject","inLanguage":"de","@id":"https:\/\/denkmalpflege.tuwien.ac.at\/index.php\/studierendenarbeiten\/transdanubien-verwalten-studierendenarbeiten\/#primaryimage","url":"https:\/\/denkmalpflege.tuwien.ac.at\/wp-content\/uploads\/2024\/02\/Kachel-Startseite-lva-ss24.jpg","contentUrl":"https:\/\/denkmalpflege.tuwien.ac.at\/wp-content\/uploads\/2024\/02\/Kachel-Startseite-lva-ss24.jpg","width":1736,"height":2083},{"@type":"BreadcrumbList","@id":"https:\/\/denkmalpflege.tuwien.ac.at\/index.php\/studierendenarbeiten\/transdanubien-verwalten-studierendenarbeiten\/#breadcrumb","itemListElement":[{"@type":"ListItem","position":1,"name":"Startseite","item":"https:\/\/denkmalpflege.tuwien.ac.at\/"},{"@type":"ListItem","position":2,"name":"Studierendenarbeiten","item":"https:\/\/denkmalpflege.tuwien.ac.at\/index.php\/studierendenarbeiten\/"},{"@type":"ListItem","position":3,"name":"Transdanubien Verwalten &#8211; Studierendenarbeiten"}]},{"@type":"WebSite","@id":"https:\/\/denkmalpflege.tuwien.ac.at\/#website","url":"https:\/\/denkmalpflege.tuwien.ac.at\/","name":"Denkmalpflege und Bauen im Bestand","description":"Denkmalpflege TU Wien","publisher":{"@id":"https:\/\/denkmalpflege.tuwien.ac.at\/#organization"},"potentialAction":[{"@type":"SearchAction","target":{"@type":"EntryPoint","urlTemplate":"https:\/\/denkmalpflege.tuwien.ac.at\/?s={search_term_string}"},"query-input":{"@type":"PropertyValueSpecification","valueRequired":true,"valueName":"search_term_string"}}],"inLanguage":"de"},{"@type":"Organization","@id":"https:\/\/denkmalpflege.tuwien.ac.at\/#organization","name":"TU Wien Denkmalpflege und Bauen im Bestand","url":"https:\/\/denkmalpflege.tuwien.ac.at\/","logo":{"@type":"ImageObject","inLanguage":"de","@id":"https:\/\/denkmalpflege.tuwien.ac.at\/#\/schema\/logo\/image\/","url":"https:\/\/denkmalpflege.tuwien.ac.at\/wp-content\/uploads\/2019\/10\/Logo1.png","contentUrl":"https:\/\/denkmalpflege.tuwien.ac.at\/wp-content\/uploads\/2019\/10\/Logo1.png","width":222,"height":79,"caption":"TU Wien Denkmalpflege und Bauen im Bestand"},"image":{"@id":"https:\/\/denkmalpflege.tuwien.ac.at\/#\/schema\/logo\/image\/"}}]}},"_links":{"self":[{"href":"https:\/\/denkmalpflege.tuwien.ac.at\/index.php\/wp-json\/wp\/v2\/pages\/32588","targetHints":{"allow":["GET"]}}],"collection":[{"href":"https:\/\/denkmalpflege.tuwien.ac.at\/index.php\/wp-json\/wp\/v2\/pages"}],"about":[{"href":"https:\/\/denkmalpflege.tuwien.ac.at\/index.php\/wp-json\/wp\/v2\/types\/page"}],"author":[{"embeddable":true,"href":"https:\/\/denkmalpflege.tuwien.ac.at\/index.php\/wp-json\/wp\/v2\/users\/1"}],"replies":[{"embeddable":true,"href":"https:\/\/denkmalpflege.tuwien.ac.at\/index.php\/wp-json\/wp\/v2\/comments?post=32588"}],"version-history":[{"count":8,"href":"https:\/\/denkmalpflege.tuwien.ac.at\/index.php\/wp-json\/wp\/v2\/pages\/32588\/revisions"}],"predecessor-version":[{"id":35014,"href":"https:\/\/denkmalpflege.tuwien.ac.at\/index.php\/wp-json\/wp\/v2\/pages\/32588\/revisions\/35014"}],"up":[{"embeddable":true,"href":"https:\/\/denkmalpflege.tuwien.ac.at\/index.php\/wp-json\/wp\/v2\/pages\/30403"}],"wp:attachment":[{"href":"https:\/\/denkmalpflege.tuwien.ac.at\/index.php\/wp-json\/wp\/v2\/media?parent=32588"}],"curies":[{"name":"wp","href":"https:\/\/api.w.org\/{rel}","templated":true}]}}