{"id":31312,"date":"2024-06-24T14:26:16","date_gmt":"2024-06-24T12:26:16","guid":{"rendered":"https:\/\/denkmalpflege.tuwien.ac.at\/?page_id=31312"},"modified":"2025-03-14T12:50:08","modified_gmt":"2025-03-14T11:50:08","slug":"cv-rita-mullen","status":"publish","type":"page","link":"https:\/\/denkmalpflege.tuwien.ac.at\/index.php\/team\/cv-rita-mullen\/","title":{"rendered":"CV Rita Mullen"},"content":{"rendered":"\t\t<div data-elementor-type=\"wp-page\" data-elementor-id=\"31312\" class=\"elementor elementor-31312\" data-elementor-post-type=\"page\">\n\t\t\t\t\t\t<section class=\"elementor-section elementor-top-section elementor-element elementor-element-097c4f6 elementor-section-full_width elementor-section-height-default elementor-section-height-default\" data-id=\"097c4f6\" data-element_type=\"section\">\n\t\t\t\t\t\t<div class=\"elementor-container elementor-column-gap-default\">\n\t\t\t\t\t<div class=\"elementor-column elementor-col-100 elementor-top-column elementor-element elementor-element-9481604\" data-id=\"9481604\" data-element_type=\"column\">\n\t\t\t<div class=\"elementor-widget-wrap elementor-element-populated\">\n\t\t\t\t\t\t<div class=\"elementor-element elementor-element-b9d2ba4 elementor-widget elementor-widget-heading\" data-id=\"b9d2ba4\" data-element_type=\"widget\" data-widget_type=\"heading.default\">\n\t\t\t\t<div class=\"elementor-widget-container\">\n\t\t\t\t\t<p class=\"elementor-heading-title elementor-size-default\">Curriculum Vitae<\/p>\t\t\t\t<\/div>\n\t\t\t\t<\/div>\n\t\t\t\t\t<\/div>\n\t\t<\/div>\n\t\t\t\t\t<\/div>\n\t\t<\/section>\n\t\t\t\t<section class=\"elementor-section elementor-top-section elementor-element elementor-element-0f07877 elementor-section-full_width elementor-section-height-default elementor-section-height-default\" data-id=\"0f07877\" data-element_type=\"section\">\n\t\t\t\t\t\t<div class=\"elementor-container elementor-column-gap-default\">\n\t\t\t\t\t<div class=\"elementor-column elementor-col-33 elementor-top-column elementor-element elementor-element-5fb65be\" data-id=\"5fb65be\" data-element_type=\"column\">\n\t\t\t<div class=\"elementor-widget-wrap elementor-element-populated\">\n\t\t\t\t\t\t<div class=\"elementor-element elementor-element-6980087 elementor-widget__width-auto elementor-widget elementor-widget-image\" data-id=\"6980087\" data-element_type=\"widget\" data-widget_type=\"image.default\">\n\t\t\t\t<div class=\"elementor-widget-container\">\n\t\t\t\t\t\t\t\t\t\t\t\t\t\t\t<img fetchpriority=\"high\" decoding=\"async\" width=\"1179\" height=\"1250\" src=\"https:\/\/denkmalpflege.tuwien.ac.at\/wp-content\/uploads\/2023\/11\/profilbild_mullen.jpg\" class=\"attachment-full size-full wp-image-28953\" alt=\"\" srcset=\"https:\/\/denkmalpflege.tuwien.ac.at\/wp-content\/uploads\/2023\/11\/profilbild_mullen.jpg 1179w, https:\/\/denkmalpflege.tuwien.ac.at\/wp-content\/uploads\/2023\/11\/profilbild_mullen-283x300.jpg 283w, https:\/\/denkmalpflege.tuwien.ac.at\/wp-content\/uploads\/2023\/11\/profilbild_mullen-966x1024.jpg 966w, https:\/\/denkmalpflege.tuwien.ac.at\/wp-content\/uploads\/2023\/11\/profilbild_mullen-768x814.jpg 768w, https:\/\/denkmalpflege.tuwien.ac.at\/wp-content\/uploads\/2023\/11\/profilbild_mullen-700x742.jpg 700w\" sizes=\"(max-width: 1179px) 100vw, 1179px\" \/>\t\t\t\t\t\t\t\t\t\t\t\t\t\t\t<\/div>\n\t\t\t\t<\/div>\n\t\t\t\t\t<\/div>\n\t\t<\/div>\n\t\t\t\t<div class=\"elementor-column elementor-col-33 elementor-top-column elementor-element elementor-element-1a67ea5\" data-id=\"1a67ea5\" data-element_type=\"column\">\n\t\t\t<div class=\"elementor-widget-wrap elementor-element-populated\">\n\t\t\t\t\t\t<div class=\"elementor-element elementor-element-fb184f1 elementor-widget elementor-widget-text-editor\" data-id=\"fb184f1\" data-element_type=\"widget\" data-widget_type=\"text-editor.default\">\n\t\t\t\t<div class=\"elementor-widget-container\">\n\t\t\t\t\t\t\t\t\tRita MULLEN\t\t\t\t\t\t\t\t<\/div>\n\t\t\t\t<\/div>\n\t\t\t\t<div class=\"elementor-element elementor-element-fb34983 elementor-widget elementor-widget-text-editor\" data-id=\"fb34983\" data-element_type=\"widget\" data-widget_type=\"text-editor.default\">\n\t\t\t\t<div class=\"elementor-widget-container\">\n\t\t\t\t\t\t\t\t\t<p><em>Univ.Ass. Dipl.-Ing. RIBA IHBC<\/em><br \/>Telefon: +43 (1) 58801-25715<br \/>E-Mail: <a href=\"mailto:rita.mullen@tuwien.ac.at\">rita.mullen@tuwien.ac.at<\/a><\/p>\t\t\t\t\t\t\t\t<\/div>\n\t\t\t\t<\/div>\n\t\t\t\t\t<\/div>\n\t\t<\/div>\n\t\t\t\t<div class=\"elementor-column elementor-col-33 elementor-top-column elementor-element elementor-element-25369e4\" data-id=\"25369e4\" data-element_type=\"column\">\n\t\t\t<div class=\"elementor-widget-wrap\">\n\t\t\t\t\t\t\t<\/div>\n\t\t<\/div>\n\t\t\t\t\t<\/div>\n\t\t<\/section>\n\t\t\t\t<section class=\"elementor-section elementor-top-section elementor-element elementor-element-da37cb8 elementor-section-full_width elementor-section-height-default elementor-section-height-default\" data-id=\"da37cb8\" data-element_type=\"section\">\n\t\t\t\t\t\t<div class=\"elementor-container elementor-column-gap-default\">\n\t\t\t\t\t<div class=\"elementor-column elementor-col-100 elementor-top-column elementor-element elementor-element-d8c150b\" data-id=\"d8c150b\" data-element_type=\"column\">\n\t\t\t<div class=\"elementor-widget-wrap elementor-element-populated\">\n\t\t\t\t\t\t<div class=\"elementor-element elementor-element-03aaae4 elementor-widget elementor-widget-text-editor\" data-id=\"03aaae4\" data-element_type=\"widget\" data-widget_type=\"text-editor.default\">\n\t\t\t\t<div class=\"elementor-widget-container\">\n\t\t\t\t\t\t\t\t\t<div class=\"cv\"><p>Rita Mullen hat Praxiserfahrung in der Denkmalpflege und Bauen im historischen Kontext. Sie studierte in Wien Architektur und fokussierte sich bereits w\u00e4hrend des Studiums auf Denkmalpflege. Nach dem Abschluss 2013 arbeitete sie in diesem Bereich in Architekturb\u00fcros in der Schweiz und Gro\u00dfbritannien und konnte ihre Kenntnisse vom Umgang mit historischer Bausubstanz vertiefen. Seit 2020 ist sie in \u00d6sterreich selbstst\u00e4ndige Architektur Designerin, Denkmalpflegerin und Bauforscherin und macht Entwurf, denkmalpflegerische Studien, bauhistorische Untersuchungen, Adaptierungs- und Nachhaltigkeitskonzepte, und Planungsberatung f\u00fcr unter Schutz stehende Bauten und G\u00e4rten und Ensembles. Als Universit\u00e4tsassistentin unterst\u00fctzt sie seit Februar 2023 den Forschungsbereich Denkmalpflege &amp; Bauen im Bestand an der TU Wien.<\/p><\/div>\t\t\t\t\t\t\t\t<\/div>\n\t\t\t\t<\/div>\n\t\t\t\t<div class=\"elementor-element elementor-element-8ed2c55 elementor-widget elementor-widget-text-editor\" data-id=\"8ed2c55\" data-element_type=\"widget\" data-widget_type=\"text-editor.default\">\n\t\t\t\t<div class=\"elementor-widget-container\">\n\t\t\t\t\t\t\t\t\t<div class=\"cv\"><h3><strong>FORSCHUNGSSCHWERPUNTKE<\/strong><\/h3><p>Umgang und Weiterentwicklung von historischen G\u00e4rten<br \/>Nachhaltige Adaption von historischen Geb\u00e4uden in Zeiten der Klimakrise<br \/>Vorteilhafte historische Baumaterialien und -techniken<br \/>\u00d6kologische Designentscheidungen f\u00fcr historische Geb\u00e4ude<\/p><\/div>\t\t\t\t\t\t\t\t<\/div>\n\t\t\t\t<\/div>\n\t\t\t\t<div class=\"elementor-element elementor-element-ca21d05 elementor-widget elementor-widget-text-editor\" data-id=\"ca21d05\" data-element_type=\"widget\" data-widget_type=\"text-editor.default\">\n\t\t\t\t<div class=\"elementor-widget-container\">\n\t\t\t\t\t\t\t\t\t<div class=\"cv\"><h3><strong>MITGLIEDSCHAFTEN<br \/><\/strong><\/h3><p>2016 wurde sie bei RIBA (Royal Institute of Britisch Architects) als Chartered Architect anerkannt, seit 2022 ist sie als Vollmitglied des IHBC (Institute for Historic Building Conservation) akkreditiert und ist Mitglied bei ICOMOS-UK (International Council on Monuments and Sites).<\/p><\/div>\t\t\t\t\t\t\t\t<\/div>\n\t\t\t\t<\/div>\n\t\t\t\t\t<\/div>\n\t\t<\/div>\n\t\t\t\t\t<\/div>\n\t\t<\/section>\n\t\t\t\t<\/div>\n\t\t","protected":false},"excerpt":{"rendered":"<p>Curriculum Vitae Rita MULLEN Univ.Ass. Dipl.-Ing. RIBA IHBCTelefon: +43 (1) 58801-25715E-Mail: rita.mullen@tuwien.ac.at Rita Mullen hat Praxiserfahrung in der Denkmalpflege und Bauen im historischen Kontext. Sie studierte in Wien Architektur und fokussierte sich bereits w\u00e4hrend des Studiums auf Denkmalpflege. Nach dem Abschluss 2013 arbeitete sie in diesem Bereich in Architekturb\u00fcros in der Schweiz und Gro\u00dfbritannien und konnte ihre Kenntnisse vom Umgang mit historischer Bausubstanz vertiefen. Seit 2020 ist sie in \u00d6sterreich<\/p>\n<div class=\"belowpost\"><a class=\"btnmore icon-arrow\" href=\"https:\/\/denkmalpflege.tuwien.ac.at\/index.php\/team\/cv-rita-mullen\/\"><span>Read More<\/span><\/a><\/div>\n","protected":false},"author":1,"featured_media":0,"parent":25289,"menu_order":0,"comment_status":"closed","ping_status":"closed","template":"","meta":{"footnotes":""},"class_list":["post-31312","page","type-page","status-publish","hentry"],"yoast_head":"<!-- This site is optimized with the Yoast SEO plugin v26.0 - https:\/\/yoast.com\/wordpress\/plugins\/seo\/ -->\n<title>CV Rita Mullen - Denkmalpflege und Bauen im Bestand<\/title>\n<meta name=\"robots\" content=\"index, follow, max-snippet:-1, max-image-preview:large, max-video-preview:-1\" \/>\n<link rel=\"canonical\" href=\"https:\/\/denkmalpflege.tuwien.ac.at\/index.php\/team\/cv-rita-mullen\/\" \/>\n<meta property=\"og:locale\" content=\"de_DE\" \/>\n<meta property=\"og:type\" content=\"article\" \/>\n<meta property=\"og:title\" content=\"CV Rita Mullen - Denkmalpflege und Bauen im Bestand\" \/>\n<meta property=\"og:description\" content=\"Curriculum Vitae Rita MULLEN Univ.Ass. Dipl.-Ing. RIBA IHBCTelefon: +43 (1) 58801-25715E-Mail: rita.mullen@tuwien.ac.at Rita Mullen hat Praxiserfahrung in der Denkmalpflege und Bauen im historischen Kontext. Sie studierte in Wien Architektur und fokussierte sich bereits w\u00e4hrend des Studiums auf Denkmalpflege. Nach dem Abschluss 2013 arbeitete sie in diesem Bereich in Architekturb\u00fcros in der Schweiz und Gro\u00dfbritannien und konnte ihre Kenntnisse vom Umgang mit historischer Bausubstanz vertiefen. Seit 2020 ist sie in \u00d6sterreichRead More\" \/>\n<meta property=\"og:url\" content=\"https:\/\/denkmalpflege.tuwien.ac.at\/index.php\/team\/cv-rita-mullen\/\" \/>\n<meta property=\"og:site_name\" content=\"Denkmalpflege und Bauen im Bestand\" \/>\n<meta property=\"article:modified_time\" content=\"2025-03-14T11:50:08+00:00\" \/>\n<meta property=\"og:image\" content=\"http:\/\/denkmalpflege.tuwien.ac.at\/wp-content\/uploads\/2023\/11\/profilbild_mullen.jpg\" \/>\n<meta name=\"twitter:card\" content=\"summary_large_image\" \/>\n<meta name=\"twitter:label1\" content=\"Gesch\u00e4tzte Lesezeit\" \/>\n\t<meta name=\"twitter:data1\" content=\"1\u00a0Minute\" \/>\n<script type=\"application\/ld+json\" class=\"yoast-schema-graph\">{\"@context\":\"https:\/\/schema.org\",\"@graph\":[{\"@type\":\"WebPage\",\"@id\":\"https:\/\/denkmalpflege.tuwien.ac.at\/index.php\/team\/cv-rita-mullen\/\",\"url\":\"https:\/\/denkmalpflege.tuwien.ac.at\/index.php\/team\/cv-rita-mullen\/\",\"name\":\"CV Rita Mullen - Denkmalpflege und Bauen im Bestand\",\"isPartOf\":{\"@id\":\"https:\/\/denkmalpflege.tuwien.ac.at\/#website\"},\"primaryImageOfPage\":{\"@id\":\"https:\/\/denkmalpflege.tuwien.ac.at\/index.php\/team\/cv-rita-mullen\/#primaryimage\"},\"image\":{\"@id\":\"https:\/\/denkmalpflege.tuwien.ac.at\/index.php\/team\/cv-rita-mullen\/#primaryimage\"},\"thumbnailUrl\":\"http:\/\/denkmalpflege.tuwien.ac.at\/wp-content\/uploads\/2023\/11\/profilbild_mullen.jpg\",\"datePublished\":\"2024-06-24T12:26:16+00:00\",\"dateModified\":\"2025-03-14T11:50:08+00:00\",\"breadcrumb\":{\"@id\":\"https:\/\/denkmalpflege.tuwien.ac.at\/index.php\/team\/cv-rita-mullen\/#breadcrumb\"},\"inLanguage\":\"de\",\"potentialAction\":[{\"@type\":\"ReadAction\",\"target\":[\"https:\/\/denkmalpflege.tuwien.ac.at\/index.php\/team\/cv-rita-mullen\/\"]}]},{\"@type\":\"ImageObject\",\"inLanguage\":\"de\",\"@id\":\"https:\/\/denkmalpflege.tuwien.ac.at\/index.php\/team\/cv-rita-mullen\/#primaryimage\",\"url\":\"https:\/\/denkmalpflege.tuwien.ac.at\/wp-content\/uploads\/2023\/11\/profilbild_mullen.jpg\",\"contentUrl\":\"https:\/\/denkmalpflege.tuwien.ac.at\/wp-content\/uploads\/2023\/11\/profilbild_mullen.jpg\",\"width\":1179,\"height\":1250},{\"@type\":\"BreadcrumbList\",\"@id\":\"https:\/\/denkmalpflege.tuwien.ac.at\/index.php\/team\/cv-rita-mullen\/#breadcrumb\",\"itemListElement\":[{\"@type\":\"ListItem\",\"position\":1,\"name\":\"Startseite\",\"item\":\"https:\/\/denkmalpflege.tuwien.ac.at\/\"},{\"@type\":\"ListItem\",\"position\":2,\"name\":\"Team\",\"item\":\"https:\/\/denkmalpflege.tuwien.ac.at\/index.php\/team\/\"},{\"@type\":\"ListItem\",\"position\":3,\"name\":\"CV Rita Mullen\"}]},{\"@type\":\"WebSite\",\"@id\":\"https:\/\/denkmalpflege.tuwien.ac.at\/#website\",\"url\":\"https:\/\/denkmalpflege.tuwien.ac.at\/\",\"name\":\"Denkmalpflege und Bauen im Bestand\",\"description\":\"Denkmalpflege TU Wien\",\"publisher\":{\"@id\":\"https:\/\/denkmalpflege.tuwien.ac.at\/#organization\"},\"potentialAction\":[{\"@type\":\"SearchAction\",\"target\":{\"@type\":\"EntryPoint\",\"urlTemplate\":\"https:\/\/denkmalpflege.tuwien.ac.at\/?s={search_term_string}\"},\"query-input\":{\"@type\":\"PropertyValueSpecification\",\"valueRequired\":true,\"valueName\":\"search_term_string\"}}],\"inLanguage\":\"de\"},{\"@type\":\"Organization\",\"@id\":\"https:\/\/denkmalpflege.tuwien.ac.at\/#organization\",\"name\":\"TU Wien Denkmalpflege und Bauen im Bestand\",\"url\":\"https:\/\/denkmalpflege.tuwien.ac.at\/\",\"logo\":{\"@type\":\"ImageObject\",\"inLanguage\":\"de\",\"@id\":\"https:\/\/denkmalpflege.tuwien.ac.at\/#\/schema\/logo\/image\/\",\"url\":\"https:\/\/denkmalpflege.tuwien.ac.at\/wp-content\/uploads\/2019\/10\/Logo1.png\",\"contentUrl\":\"https:\/\/denkmalpflege.tuwien.ac.at\/wp-content\/uploads\/2019\/10\/Logo1.png\",\"width\":222,\"height\":79,\"caption\":\"TU Wien Denkmalpflege und Bauen im Bestand\"},\"image\":{\"@id\":\"https:\/\/denkmalpflege.tuwien.ac.at\/#\/schema\/logo\/image\/\"}}]}<\/script>\n<!-- \/ Yoast SEO plugin. -->","yoast_head_json":{"title":"CV Rita Mullen - Denkmalpflege und Bauen im Bestand","robots":{"index":"index","follow":"follow","max-snippet":"max-snippet:-1","max-image-preview":"max-image-preview:large","max-video-preview":"max-video-preview:-1"},"canonical":"https:\/\/denkmalpflege.tuwien.ac.at\/index.php\/team\/cv-rita-mullen\/","og_locale":"de_DE","og_type":"article","og_title":"CV Rita Mullen - Denkmalpflege und Bauen im Bestand","og_description":"Curriculum Vitae Rita MULLEN Univ.Ass. Dipl.-Ing. RIBA IHBCTelefon: +43 (1) 58801-25715E-Mail: rita.mullen@tuwien.ac.at Rita Mullen hat Praxiserfahrung in der Denkmalpflege und Bauen im historischen Kontext. Sie studierte in Wien Architektur und fokussierte sich bereits w\u00e4hrend des Studiums auf Denkmalpflege. Nach dem Abschluss 2013 arbeitete sie in diesem Bereich in Architekturb\u00fcros in der Schweiz und Gro\u00dfbritannien und konnte ihre Kenntnisse vom Umgang mit historischer Bausubstanz vertiefen. Seit 2020 ist sie in \u00d6sterreichRead More","og_url":"https:\/\/denkmalpflege.tuwien.ac.at\/index.php\/team\/cv-rita-mullen\/","og_site_name":"Denkmalpflege und Bauen im Bestand","article_modified_time":"2025-03-14T11:50:08+00:00","og_image":[{"url":"http:\/\/denkmalpflege.tuwien.ac.at\/wp-content\/uploads\/2023\/11\/profilbild_mullen.jpg","type":"","width":"","height":""}],"twitter_card":"summary_large_image","twitter_misc":{"Gesch\u00e4tzte Lesezeit":"1\u00a0Minute"},"schema":{"@context":"https:\/\/schema.org","@graph":[{"@type":"WebPage","@id":"https:\/\/denkmalpflege.tuwien.ac.at\/index.php\/team\/cv-rita-mullen\/","url":"https:\/\/denkmalpflege.tuwien.ac.at\/index.php\/team\/cv-rita-mullen\/","name":"CV Rita Mullen - Denkmalpflege und Bauen im Bestand","isPartOf":{"@id":"https:\/\/denkmalpflege.tuwien.ac.at\/#website"},"primaryImageOfPage":{"@id":"https:\/\/denkmalpflege.tuwien.ac.at\/index.php\/team\/cv-rita-mullen\/#primaryimage"},"image":{"@id":"https:\/\/denkmalpflege.tuwien.ac.at\/index.php\/team\/cv-rita-mullen\/#primaryimage"},"thumbnailUrl":"http:\/\/denkmalpflege.tuwien.ac.at\/wp-content\/uploads\/2023\/11\/profilbild_mullen.jpg","datePublished":"2024-06-24T12:26:16+00:00","dateModified":"2025-03-14T11:50:08+00:00","breadcrumb":{"@id":"https:\/\/denkmalpflege.tuwien.ac.at\/index.php\/team\/cv-rita-mullen\/#breadcrumb"},"inLanguage":"de","potentialAction":[{"@type":"ReadAction","target":["https:\/\/denkmalpflege.tuwien.ac.at\/index.php\/team\/cv-rita-mullen\/"]}]},{"@type":"ImageObject","inLanguage":"de","@id":"https:\/\/denkmalpflege.tuwien.ac.at\/index.php\/team\/cv-rita-mullen\/#primaryimage","url":"https:\/\/denkmalpflege.tuwien.ac.at\/wp-content\/uploads\/2023\/11\/profilbild_mullen.jpg","contentUrl":"https:\/\/denkmalpflege.tuwien.ac.at\/wp-content\/uploads\/2023\/11\/profilbild_mullen.jpg","width":1179,"height":1250},{"@type":"BreadcrumbList","@id":"https:\/\/denkmalpflege.tuwien.ac.at\/index.php\/team\/cv-rita-mullen\/#breadcrumb","itemListElement":[{"@type":"ListItem","position":1,"name":"Startseite","item":"https:\/\/denkmalpflege.tuwien.ac.at\/"},{"@type":"ListItem","position":2,"name":"Team","item":"https:\/\/denkmalpflege.tuwien.ac.at\/index.php\/team\/"},{"@type":"ListItem","position":3,"name":"CV Rita Mullen"}]},{"@type":"WebSite","@id":"https:\/\/denkmalpflege.tuwien.ac.at\/#website","url":"https:\/\/denkmalpflege.tuwien.ac.at\/","name":"Denkmalpflege und Bauen im Bestand","description":"Denkmalpflege TU Wien","publisher":{"@id":"https:\/\/denkmalpflege.tuwien.ac.at\/#organization"},"potentialAction":[{"@type":"SearchAction","target":{"@type":"EntryPoint","urlTemplate":"https:\/\/denkmalpflege.tuwien.ac.at\/?s={search_term_string}"},"query-input":{"@type":"PropertyValueSpecification","valueRequired":true,"valueName":"search_term_string"}}],"inLanguage":"de"},{"@type":"Organization","@id":"https:\/\/denkmalpflege.tuwien.ac.at\/#organization","name":"TU Wien Denkmalpflege und Bauen im Bestand","url":"https:\/\/denkmalpflege.tuwien.ac.at\/","logo":{"@type":"ImageObject","inLanguage":"de","@id":"https:\/\/denkmalpflege.tuwien.ac.at\/#\/schema\/logo\/image\/","url":"https:\/\/denkmalpflege.tuwien.ac.at\/wp-content\/uploads\/2019\/10\/Logo1.png","contentUrl":"https:\/\/denkmalpflege.tuwien.ac.at\/wp-content\/uploads\/2019\/10\/Logo1.png","width":222,"height":79,"caption":"TU Wien Denkmalpflege und Bauen im Bestand"},"image":{"@id":"https:\/\/denkmalpflege.tuwien.ac.at\/#\/schema\/logo\/image\/"}}]}},"_links":{"self":[{"href":"https:\/\/denkmalpflege.tuwien.ac.at\/index.php\/wp-json\/wp\/v2\/pages\/31312","targetHints":{"allow":["GET"]}}],"collection":[{"href":"https:\/\/denkmalpflege.tuwien.ac.at\/index.php\/wp-json\/wp\/v2\/pages"}],"about":[{"href":"https:\/\/denkmalpflege.tuwien.ac.at\/index.php\/wp-json\/wp\/v2\/types\/page"}],"author":[{"embeddable":true,"href":"https:\/\/denkmalpflege.tuwien.ac.at\/index.php\/wp-json\/wp\/v2\/users\/1"}],"replies":[{"embeddable":true,"href":"https:\/\/denkmalpflege.tuwien.ac.at\/index.php\/wp-json\/wp\/v2\/comments?post=31312"}],"version-history":[{"count":10,"href":"https:\/\/denkmalpflege.tuwien.ac.at\/index.php\/wp-json\/wp\/v2\/pages\/31312\/revisions"}],"predecessor-version":[{"id":33229,"href":"https:\/\/denkmalpflege.tuwien.ac.at\/index.php\/wp-json\/wp\/v2\/pages\/31312\/revisions\/33229"}],"up":[{"embeddable":true,"href":"https:\/\/denkmalpflege.tuwien.ac.at\/index.php\/wp-json\/wp\/v2\/pages\/25289"}],"wp:attachment":[{"href":"https:\/\/denkmalpflege.tuwien.ac.at\/index.php\/wp-json\/wp\/v2\/media?parent=31312"}],"curies":[{"name":"wp","href":"https:\/\/api.w.org\/{rel}","templated":true}]}}