{"id":31310,"date":"2024-06-24T14:27:33","date_gmt":"2024-06-24T12:27:33","guid":{"rendered":"https:\/\/denkmalpflege.tuwien.ac.at\/?page_id=31310"},"modified":"2026-04-16T11:07:41","modified_gmt":"2026-04-16T09:07:41","slug":"cv-hanne-rung","status":"publish","type":"page","link":"https:\/\/denkmalpflege.tuwien.ac.at\/index.php\/team\/cv-hanne-rung\/","title":{"rendered":"CV Hanne Rung"},"content":{"rendered":"\t\t<div data-elementor-type=\"wp-page\" data-elementor-id=\"31310\" class=\"elementor elementor-31310\" data-elementor-post-type=\"page\">\n\t\t\t\t\t\t<section class=\"elementor-section elementor-top-section elementor-element elementor-element-097c4f6 elementor-section-full_width elementor-section-height-default elementor-section-height-default\" data-id=\"097c4f6\" data-element_type=\"section\">\n\t\t\t\t\t\t<div class=\"elementor-container elementor-column-gap-default\">\n\t\t\t\t\t<div class=\"elementor-column elementor-col-100 elementor-top-column elementor-element elementor-element-9481604\" data-id=\"9481604\" data-element_type=\"column\">\n\t\t\t<div class=\"elementor-widget-wrap elementor-element-populated\">\n\t\t\t\t\t\t<div class=\"elementor-element elementor-element-b9d2ba4 elementor-widget elementor-widget-heading\" data-id=\"b9d2ba4\" data-element_type=\"widget\" data-widget_type=\"heading.default\">\n\t\t\t\t<div class=\"elementor-widget-container\">\n\t\t\t\t\t<p class=\"elementor-heading-title elementor-size-default\">Curriculum Vitae<\/p>\t\t\t\t<\/div>\n\t\t\t\t<\/div>\n\t\t\t\t\t<\/div>\n\t\t<\/div>\n\t\t\t\t\t<\/div>\n\t\t<\/section>\n\t\t\t\t<section class=\"elementor-section elementor-top-section elementor-element elementor-element-39550ba elementor-section-full_width elementor-section-height-default elementor-section-height-default\" data-id=\"39550ba\" data-element_type=\"section\">\n\t\t\t\t\t\t<div class=\"elementor-container elementor-column-gap-default\">\n\t\t\t\t\t<div class=\"elementor-column elementor-col-33 elementor-top-column elementor-element elementor-element-60584af\" data-id=\"60584af\" data-element_type=\"column\">\n\t\t\t<div class=\"elementor-widget-wrap elementor-element-populated\">\n\t\t\t\t\t\t<div class=\"elementor-element elementor-element-1febd88 elementor-widget__width-auto elementor-widget elementor-widget-image\" data-id=\"1febd88\" data-element_type=\"widget\" data-widget_type=\"image.default\">\n\t\t\t\t<div class=\"elementor-widget-container\">\n\t\t\t\t\t\t\t\t\t\t\t\t\t\t\t\t<a href=\"https:\/\/www.hannerung.de\/\">\n\t\t\t\t\t\t\t<img fetchpriority=\"high\" decoding=\"async\" width=\"1179\" height=\"1250\" src=\"https:\/\/denkmalpflege.tuwien.ac.at\/wp-content\/uploads\/2023\/11\/profilbild_rung.jpg\" class=\"attachment-full size-full wp-image-28958\" alt=\"\" srcset=\"https:\/\/denkmalpflege.tuwien.ac.at\/wp-content\/uploads\/2023\/11\/profilbild_rung.jpg 1179w, https:\/\/denkmalpflege.tuwien.ac.at\/wp-content\/uploads\/2023\/11\/profilbild_rung-283x300.jpg 283w, https:\/\/denkmalpflege.tuwien.ac.at\/wp-content\/uploads\/2023\/11\/profilbild_rung-966x1024.jpg 966w, https:\/\/denkmalpflege.tuwien.ac.at\/wp-content\/uploads\/2023\/11\/profilbild_rung-768x814.jpg 768w, https:\/\/denkmalpflege.tuwien.ac.at\/wp-content\/uploads\/2023\/11\/profilbild_rung-700x742.jpg 700w\" sizes=\"(max-width: 1179px) 100vw, 1179px\" \/>\t\t\t\t\t\t\t\t<\/a>\n\t\t\t\t\t\t\t\t\t\t\t\t\t\t\t<\/div>\n\t\t\t\t<\/div>\n\t\t\t\t\t<\/div>\n\t\t<\/div>\n\t\t\t\t<div class=\"elementor-column elementor-col-33 elementor-top-column elementor-element elementor-element-7c35720\" data-id=\"7c35720\" data-element_type=\"column\">\n\t\t\t<div class=\"elementor-widget-wrap elementor-element-populated\">\n\t\t\t\t\t\t<div class=\"elementor-element elementor-element-de44017 elementor-widget elementor-widget-text-editor\" data-id=\"de44017\" data-element_type=\"widget\" data-widget_type=\"text-editor.default\">\n\t\t\t\t<div class=\"elementor-widget-container\">\n\t\t\t\t\t\t\t\t\tHanne RUNG\t\t\t\t\t\t\t\t<\/div>\n\t\t\t\t<\/div>\n\t\t\t\t<div class=\"elementor-element elementor-element-3a2afb3 elementor-widget elementor-widget-text-editor\" data-id=\"3a2afb3\" data-element_type=\"widget\" data-widget_type=\"text-editor.default\">\n\t\t\t\t<div class=\"elementor-widget-container\">\n\t\t\t\t\t\t\t\t\t<p><em>Univ.Lektorin Dipl.-Ing.<\/em><br \/>Telefon: +43 (1) 58801-25715<br \/>E-Mail: <a href=\"mailto:hannelore.rung@tuwien.ac.at\">hannelore.rung@tuwien.ac.at<\/a><\/p>\t\t\t\t\t\t\t\t<\/div>\n\t\t\t\t<\/div>\n\t\t\t\t\t<\/div>\n\t\t<\/div>\n\t\t\t\t<div class=\"elementor-column elementor-col-33 elementor-top-column elementor-element elementor-element-86dec8c\" data-id=\"86dec8c\" data-element_type=\"column\">\n\t\t\t<div class=\"elementor-widget-wrap\">\n\t\t\t\t\t\t\t<\/div>\n\t\t<\/div>\n\t\t\t\t\t<\/div>\n\t\t<\/section>\n\t\t\t\t<section class=\"elementor-section elementor-top-section elementor-element elementor-element-da37cb8 elementor-section-full_width elementor-section-height-default elementor-section-height-default\" data-id=\"da37cb8\" data-element_type=\"section\">\n\t\t\t\t\t\t<div class=\"elementor-container elementor-column-gap-default\">\n\t\t\t\t\t<div class=\"elementor-column elementor-col-100 elementor-top-column elementor-element elementor-element-d8c150b\" data-id=\"d8c150b\" data-element_type=\"column\">\n\t\t\t<div class=\"elementor-widget-wrap elementor-element-populated\">\n\t\t\t\t\t\t<div class=\"elementor-element elementor-element-03aaae4 elementor-widget elementor-widget-text-editor\" data-id=\"03aaae4\" data-element_type=\"widget\" data-widget_type=\"text-editor.default\">\n\t\t\t\t<div class=\"elementor-widget-container\">\n\t\t\t\t\t\t\t\t\t<div class=\"cv\"><p>Hanne Rung studierte Architektur und Stadtplanung Universit\u00e4t Stuttgart sowie an der Universidade do Porto und schloss 2004 als Dipl.-Ing. (Univ.) ab. Sie war wissenschaftliche Mitarbeiterin und Referentin f\u00fcr Kommunikation an der Fakult\u00e4t f\u00fcr Architektur der TU M\u00fcnchen. Seit 2016 arbeitet sie zudem als Kuratorin und Ausstellungsgestalterin f\u00fcr verschiedene Museen und Institutionen.<\/p><p>Aktuell promoviert sie an der TU Wien zu Transformationsprozessen von Gro\u00dfbauten im Kontext von Denkmalpflege, Nutzung und Nachhaltigkeit. Ihre Arbeitsschwerpunkte liegen im Umgang mit dem baulichen Bestand des 20. Jahrhunderts, Transformationsstrategien im Bestand sowie Fragen der Materialit\u00e4t und Wiederverwendung im architektonischen Erbe.<br \/><a href=\"https:\/\/www.hannerung.de\/\">hannerung.de<\/a><\/p><\/div>\t\t\t\t\t\t\t\t<\/div>\n\t\t\t\t<\/div>\n\t\t\t\t<div class=\"elementor-element elementor-element-b5d42e9 elementor-widget-divider--view-line elementor-widget elementor-widget-divider\" data-id=\"b5d42e9\" data-element_type=\"widget\" data-widget_type=\"divider.default\">\n\t\t\t\t<div class=\"elementor-widget-container\">\n\t\t\t\t\t\t\t<div class=\"elementor-divider\">\n\t\t\t<span class=\"elementor-divider-separator\">\n\t\t\t\t\t\t<\/span>\n\t\t<\/div>\n\t\t\t\t\t\t<\/div>\n\t\t\t\t<\/div>\n\t\t\t\t<div class=\"elementor-element elementor-element-2b84b71 elementor-widget elementor-widget-heading\" data-id=\"2b84b71\" data-element_type=\"widget\" data-widget_type=\"heading.default\">\n\t\t\t\t<div class=\"elementor-widget-container\">\n\t\t\t\t\t<h1 class=\"elementor-heading-title elementor-size-default\">Forschungsschwerpunkte<\/h1>\t\t\t\t<\/div>\n\t\t\t\t<\/div>\n\t\t\t\t<div class=\"elementor-element elementor-element-be20f0b elementor-widget elementor-widget-text-editor\" data-id=\"be20f0b\" data-element_type=\"widget\" data-widget_type=\"text-editor.default\">\n\t\t\t\t<div class=\"elementor-widget-container\">\n\t\t\t\t\t\t\t\t\t<p>St\u00e4dtisches Erbe<br \/>Gro\u00dfbauten<br \/>Hochh\u00e4user der Nachkriegsmoderne<br \/>Beteiligungsprozesse<br \/>Nachhaltigkeit<br \/>Transformationsprozesse<\/p>\t\t\t\t\t\t\t\t<\/div>\n\t\t\t\t<\/div>\n\t\t\t\t<div class=\"elementor-element elementor-element-b5147e6 elementor-widget elementor-widget-heading\" data-id=\"b5147e6\" data-element_type=\"widget\" data-widget_type=\"heading.default\">\n\t\t\t\t<div class=\"elementor-widget-container\">\n\t\t\t\t\t<h1 class=\"elementor-heading-title elementor-size-default\">CURRICULUM VITAE<\/h1>\t\t\t\t<\/div>\n\t\t\t\t<\/div>\n\t\t\t\t<div class=\"elementor-element elementor-element-c301a7b elementor-widget elementor-widget-text-editor\" data-id=\"c301a7b\" data-element_type=\"widget\" data-widget_type=\"text-editor.default\">\n\t\t\t\t<div class=\"elementor-widget-container\">\n\t\t\t\t\t\t\t\t\t<p><strong>Seit 2023<\/strong> Universit\u00e4tsassistent am Forschungsbereich f\u00fcr Denkmalpflege und Bauen im Bestand an der TU Wien<\/p><p><strong>Seit 2023<\/strong> Dissertation: Ko-produktive Transformationsprozesse von (potentiellen) Gro\u00dfdenkmalen<\/p><p><strong>2020 \u2013 2022<\/strong> Wissenschaftliche Mitarbeiterin (Forschung) \u2013 Professur f\u00fcr Neuere Baudenkmalpflege, TU M\u00fcnchen<br \/><strong>seit 2016<\/strong> selbst\u00e4ndige Kuratorin und Ausstellungsgestalterin<\/p><p><strong>2012 \u2013 2020<\/strong> Referentin f\u00fcr Architekturkommunikation (Verwaltung und Lehre); akademische R\u00e4tin (2017-2020) \u2013 TU M\u00fcnchen, Fakult\u00e4t f\u00fcr Architektur, Dekanat (Gesch\u00e4ftsf\u00fchrung)<\/p><p><strong>2011 \u2013 2012<\/strong> Wissenschaftliche Mitarbeiterin (Forschung) \u2013 Lehrstuhl f\u00fcr St\u00e4dtebau und Regionalplanung, TU M\u00fcnchen<\/p><p><strong>2005 \u2013 2010<\/strong> Lehrjahre in Architektur und Stadtplanung, Redaktion und Editorial Design<\/p><p><strong>1998 \u2013 2004<\/strong> Studium der Architektur und Stadtplannung \u2013 Universit\u00e4t Stuttgart und FAUP Faculdade de arquitectura Porto (Portugal)<\/p>\t\t\t\t\t\t\t\t<\/div>\n\t\t\t\t<\/div>\n\t\t\t\t<div class=\"elementor-element elementor-element-4628d2e elementor-widget elementor-widget-heading\" data-id=\"4628d2e\" data-element_type=\"widget\" data-widget_type=\"heading.default\">\n\t\t\t\t<div class=\"elementor-widget-container\">\n\t\t\t\t\t<h1 class=\"elementor-heading-title elementor-size-default\">MITGLIEDSCHAFTEN<\/h1>\t\t\t\t<\/div>\n\t\t\t\t<\/div>\n\t\t\t\t<div class=\"elementor-element elementor-element-ad7e9f3 elementor-widget elementor-widget-text-editor\" data-id=\"ad7e9f3\" data-element_type=\"widget\" data-widget_type=\"text-editor.default\">\n\t\t\t\t<div class=\"elementor-widget-container\">\n\t\t\t\t\t\t\t\t\t<p>Bayerischen Architektenkammer (BYAK)<br \/>Research School Transformations of Architecture &amp; Planning, TU Wien<\/p>\t\t\t\t\t\t\t\t<\/div>\n\t\t\t\t<\/div>\n\t\t\t\t<div class=\"elementor-element elementor-element-171cc0c elementor-widget elementor-widget-heading\" data-id=\"171cc0c\" data-element_type=\"widget\" data-widget_type=\"heading.default\">\n\t\t\t\t<div class=\"elementor-widget-container\">\n\t\t\t\t\t<h1 class=\"elementor-heading-title elementor-size-default\">FORSCHUNG<\/h1>\t\t\t\t<\/div>\n\t\t\t\t<\/div>\n\t\t\t\t<div class=\"elementor-element elementor-element-c2a931e elementor-widget elementor-widget-text-editor\" data-id=\"c2a931e\" data-element_type=\"widget\" data-widget_type=\"text-editor.default\">\n\t\t\t\t<div class=\"elementor-widget-container\">\n\t\t\t\t\t\t\t\t\t<p><strong>09\/2026 &#8211; 02\/2030<\/strong> <br \/><a href=\"https:\/\/denkmalpflege.tuwien.ac.at\/index.php\/european-horizon-circle-collaborative-innovation-for-responsible-critical-and-localised-engagement-with-europes-dissonant-heritage\/\">HeritageCircle<\/a>\u00a0\u2013 Bridging historical past and future potential through conservation, preservation, and adaptive use of Europe\u2019s contentious and dissonant heritage<br \/>Forschungsbereich f\u00fcr Denkmalpflege und Bauen im Bestand, TU Wien<br \/>Auftraggeber: Horizon Europe<\/p><p><strong>01\/2026 \u2013 02\/2027<\/strong><br \/><a href=\"https:\/\/denkmalpflege.tuwien.ac.at\/index.php\/spinnerei-gisingen\/\">Spinnerei Gisingen<\/a>: Integrale Projektentwicklung f\u00fcr nachhaltige Baukultur<br \/>Forschungsbereich f\u00fcr Denkmalpflege und Bauen im Bestand, TU Wien<br \/>Auftraggeber: Bundesministerium f\u00fcr Wohnen, Kunst, Kultur, Medien und Sport (AT)<\/p><p><strong>07\/2023 \u2013 04\/2025<\/strong><br \/>Baukultur in der Bauwende \u2013 M\u00f6glichkeiten und Grenzen im Wandel des Bauwesens<br \/>Auftraggeber: BBSR \u2013 Bundesinstitut f\u00fcr Bau-, Stadt- und Raumforschung (D)<\/p><p><strong>01\/2021 \u2013 12\/2022<\/strong><br \/>Best Practice im Umgang mit B\u00fcrohochh\u00e4usern der 1950er\/1960er Jahre<br \/>Projektleitung f\u00fcr Professur Neuere Baudenkmalpflege, TU M\u00fcnchen<br \/>Auftraggeber: Innovationsprogramm Zukunft Bau (D)<\/p><p><strong>06\/2020 \u2013 06\/2021<\/strong><br \/>Potentialanalyse des Bauvolumens von B\u00fcrohochh\u00e4usern (1950 \u2013 85) in Deutschland<br \/>Projektleitung f\u00fcr Professur Neuere Baudenkmalpflege, TU M\u00fcnchen<br \/>Auftraggeber: Stiftung Bayerische Bauindustrie (D)<\/p><p><strong>09\/2016 \u2013 01\/2018<\/strong><br \/>Elective affinities \u2013 Wahlverwandtschaften<br \/>Projektleitung f\u00fcr IBA Heidelberg (D)<br \/>Orte: Heidelberg, Cambridge, Lund, Leuven, Stanford<\/p><p><strong>01\/2011 \u2013 12\/2011<\/strong><br \/>Kunstareal M\u00fcnchen<br \/>Lehrstuhl f\u00fcr St\u00e4dtebau und Regionalplanung, TU M\u00fcnchen<br \/>Auftraggeber: Stiftung Bayerische Bauindustrie (D)<\/p>\t\t\t\t\t\t\t\t<\/div>\n\t\t\t\t<\/div>\n\t\t\t\t<div class=\"elementor-element elementor-element-5b09113 elementor-widget elementor-widget-heading\" data-id=\"5b09113\" data-element_type=\"widget\" data-widget_type=\"heading.default\">\n\t\t\t\t<div class=\"elementor-widget-container\">\n\t\t\t\t\t<h1 class=\"elementor-heading-title elementor-size-default\">Kurationen (Auswahl)<\/h1>\t\t\t\t<\/div>\n\t\t\t\t<\/div>\n\t\t\t\t<div class=\"elementor-element elementor-element-abdad79 elementor-widget elementor-widget-text-editor\" data-id=\"abdad79\" data-element_type=\"widget\" data-widget_type=\"text-editor.default\">\n\t\t\t\t<div class=\"elementor-widget-container\">\n\t\t\t\t\t\t\t\t\t<p><strong>07\/2016 \u2013 07\/2018<\/strong><br \/>Zwischenpr\u00e4sentation der Internationalen Bauausstellung (IBA) Heidelberg<br \/>Zwischennutzung in der alten Kommandantur (Mark-Twain-Center), Heidelberg<\/p><p><strong>10\/2016<\/strong><br \/>\u201ePlatzatlas Stadtr\u00e4ume in Europa\u201c<br \/>auf Einladung des Goethe-Instituts und im Rahmen der ONE ARCHITECTURE WEEK 2016 in Plowdiw, Bulgarien<\/p><p><strong>10\/2014 \u2013 08\/2015<\/strong><br \/>layer_department of architecture_TUM<br \/>Kulturreferat der Stadt M\u00fcnchen<br \/>MaximiliansForum, M\u00fcnchen<\/p><p><strong>09\/2014 \u2013 02\/2015<\/strong><br \/>\u201ePlatzatlas Stadtr\u00e4ume in Europa\u201c<br \/>Architekturgalerie M\u00fcnchen<\/p>\t\t\t\t\t\t\t\t<\/div>\n\t\t\t\t<\/div>\n\t\t\t\t<div class=\"elementor-element elementor-element-6b40943 elementor-widget elementor-widget-heading\" data-id=\"6b40943\" data-element_type=\"widget\" data-widget_type=\"heading.default\">\n\t\t\t\t<div class=\"elementor-widget-container\">\n\t\t\t\t\t<h1 class=\"elementor-heading-title elementor-size-default\">Publikationen (Auswahl)<\/h1>\t\t\t\t<\/div>\n\t\t\t\t<\/div>\n\t\t\t\t<div class=\"elementor-element elementor-element-d7faee9 elementor-widget elementor-widget-text-editor\" data-id=\"d7faee9\" data-element_type=\"widget\" data-widget_type=\"text-editor.default\">\n\t\t\t\t<div class=\"elementor-widget-container\">\n\t\t\t\t\t\t\t\t\t<div class=\"untertitel_spalte\"><p>HochhausBestand \u2013 B\u00fcrogeb\u00e4ude der 1950er- und 60er-Jahre, Hrg. Andreas Putz, Hanne Rung, Detail Verlag, M\u00fcnchen, 2023.<\/p><p>Baukultur in der Bauwende, mit J\u00f6rn Gertenbach, Alexander Fichte, in: PLANERIN 5\/2023: Umbaukultur \u2013 Weiterbauen ohne Abriss, 10\/2023.<\/p><p>The \u2018Curated\u2019 City \u2013 Art in Public Space, in: Porous City, 2018: From Metaphor to Urban Agenda, Hg. Sophie Wolfrum, Birkh\u00e4user, 2018.<\/p><\/div>\t\t\t\t\t\t\t\t<\/div>\n\t\t\t\t<\/div>\n\t\t\t\t<div class=\"elementor-element elementor-element-1352dd6 elementor-widget elementor-widget-heading\" data-id=\"1352dd6\" data-element_type=\"widget\" data-widget_type=\"heading.default\">\n\t\t\t\t<div class=\"elementor-widget-container\">\n\t\t\t\t\t<h1 class=\"elementor-heading-title elementor-size-default\">ausstellungsgestaltung (Auswahl)\n\n<\/h1>\t\t\t\t<\/div>\n\t\t\t\t<\/div>\n\t\t\t\t<div class=\"elementor-element elementor-element-8628be7 elementor-widget elementor-widget-text-editor\" data-id=\"8628be7\" data-element_type=\"widget\" data-widget_type=\"text-editor.default\">\n\t\t\t\t<div class=\"elementor-widget-container\">\n\t\t\t\t\t\t\t\t\t<div class=\"untertitel_spalte\"><p><strong>2025<\/strong> Ausstellungsgestaltung und Begleitprogramm: archdiploma 2025 &#8211; Nachdenken \u00fcber den<br \/>Bestand, TU Wien, Funkhaus Wien<\/p><p><strong>2021<\/strong> Ausstellungsbeitrag: Architektinnen in der Wissenschaft \u201eIch bin der Wandlung Wesen\u201c,<br \/>im Rahmen des Festivals \u201eWIA &#8211; Women in Architecture\u201c, Architektenkammer Berlin in<br \/>Zusammenarbeit mit seckler schick architekten<\/p><p><strong>2020<\/strong> Ausstellungsgestaltung: \u201eHey Hamburg, kennst Du Duala Manga Bell? &#8211; Die Ausstellung<br \/>f\u00fcr junge Menschen\u201c, Museum am Rothenbaum MARKK in Hamburg<\/p><p><strong>2019<\/strong> Ausstellungsgestaltung: Zwischenpr\u00e4sentation der \u201eIBA Th\u00fcringen Stadt Land\u201c im Eiermanbau<br \/>in Apolda f\u00fcr\/mit constructlab Berlin<\/p><p><strong>2018<\/strong> Neugestaltung der Ausstellung \u201eFlow of Forms \/ Forms of Flow. Designgeschichten zwischen<br \/>Afrika und Europa\u201c, V\u00f6lkerkundemuseum Hamburg<\/p><p><strong>2017<\/strong> Ausstellungsgestaltung: \u201eFlow of Forms \/ Forms of Flow. Designgeschichten zwischen<br \/>Afrika und Europa\u201c, zeitgleich an vier verschiedenen Orten in M\u00fcnchen: Museum F\u00fcnf<br \/>Kontinente, Kunstraum, Galerie Karin Wimmer, Architekturmuseum in der Pinakothek der<br \/>Moderne<\/p><p><strong>2016<\/strong> Weiterf\u00fchrung des Gestaltungskonzepts zu \u201eZOOM \u2013 Picturing Architecture and the City\u201c,<br \/>im Architekturzentrum Wien<\/p><p><strong>2015<\/strong> Ausstellungsgestaltung: \u201eZOOM \u2013 Picturing Architecture and the City\u201c, Architekturmuseum<br \/>in der Pinakothek der Moderne, M\u00fcnchen<\/p><\/div>\t\t\t\t\t\t\t\t<\/div>\n\t\t\t\t<\/div>\n\t\t\t\t\t<\/div>\n\t\t<\/div>\n\t\t\t\t\t<\/div>\n\t\t<\/section>\n\t\t\t\t<\/div>\n\t\t","protected":false},"excerpt":{"rendered":"<p>Curriculum Vitae Hanne RUNG Univ.Lektorin Dipl.-Ing.Telefon: +43 (1) 58801-25715E-Mail: hannelore.rung@tuwien.ac.at Hanne Rung studierte Architektur und Stadtplanung Universit\u00e4t Stuttgart sowie an der Universidade do Porto und schloss 2004 als Dipl.-Ing. (Univ.) ab. Sie war wissenschaftliche Mitarbeiterin und Referentin f\u00fcr Kommunikation an der Fakult\u00e4t f\u00fcr Architektur der TU M\u00fcnchen. Seit 2016 arbeitet sie zudem als Kuratorin und Ausstellungsgestalterin f\u00fcr verschiedene Museen und Institutionen. Aktuell promoviert sie an der TU Wien zu Transformationsprozessen<\/p>\n<div class=\"belowpost\"><a class=\"btnmore icon-arrow\" href=\"https:\/\/denkmalpflege.tuwien.ac.at\/index.php\/team\/cv-hanne-rung\/\"><span>Read More<\/span><\/a><\/div>\n","protected":false},"author":1,"featured_media":0,"parent":25289,"menu_order":0,"comment_status":"closed","ping_status":"closed","template":"","meta":{"footnotes":""},"class_list":["post-31310","page","type-page","status-publish","hentry"],"yoast_head":"<!-- This site is optimized with the Yoast SEO plugin v26.0 - https:\/\/yoast.com\/wordpress\/plugins\/seo\/ -->\n<title>CV Hanne Rung - Denkmalpflege und Bauen im Bestand<\/title>\n<meta name=\"robots\" content=\"index, follow, max-snippet:-1, max-image-preview:large, max-video-preview:-1\" \/>\n<link rel=\"canonical\" href=\"https:\/\/denkmalpflege.tuwien.ac.at\/index.php\/team\/cv-hanne-rung\/\" \/>\n<meta property=\"og:locale\" content=\"de_DE\" \/>\n<meta property=\"og:type\" content=\"article\" \/>\n<meta property=\"og:title\" content=\"CV Hanne Rung - Denkmalpflege und Bauen im Bestand\" \/>\n<meta property=\"og:description\" content=\"Curriculum Vitae Hanne RUNG Univ.Lektorin Dipl.-Ing.Telefon: +43 (1) 58801-25715E-Mail: hannelore.rung@tuwien.ac.at Hanne Rung studierte Architektur und Stadtplanung Universit\u00e4t Stuttgart sowie an der Universidade do Porto und schloss 2004 als Dipl.-Ing. (Univ.) ab. Sie war wissenschaftliche Mitarbeiterin und Referentin f\u00fcr Kommunikation an der Fakult\u00e4t f\u00fcr Architektur der TU M\u00fcnchen. Seit 2016 arbeitet sie zudem als Kuratorin und Ausstellungsgestalterin f\u00fcr verschiedene Museen und Institutionen. Aktuell promoviert sie an der TU Wien zu TransformationsprozessenRead More\" \/>\n<meta property=\"og:url\" content=\"https:\/\/denkmalpflege.tuwien.ac.at\/index.php\/team\/cv-hanne-rung\/\" \/>\n<meta property=\"og:site_name\" content=\"Denkmalpflege und Bauen im Bestand\" \/>\n<meta property=\"article:modified_time\" content=\"2026-04-16T09:07:41+00:00\" \/>\n<meta property=\"og:image\" content=\"http:\/\/denkmalpflege.tuwien.ac.at\/wp-content\/uploads\/2023\/11\/profilbild_rung.jpg\" \/>\n<meta name=\"twitter:card\" content=\"summary_large_image\" \/>\n<meta name=\"twitter:label1\" content=\"Gesch\u00e4tzte Lesezeit\" \/>\n\t<meta name=\"twitter:data1\" content=\"4\u00a0Minuten\" \/>\n<script type=\"application\/ld+json\" class=\"yoast-schema-graph\">{\"@context\":\"https:\/\/schema.org\",\"@graph\":[{\"@type\":\"WebPage\",\"@id\":\"https:\/\/denkmalpflege.tuwien.ac.at\/index.php\/team\/cv-hanne-rung\/\",\"url\":\"https:\/\/denkmalpflege.tuwien.ac.at\/index.php\/team\/cv-hanne-rung\/\",\"name\":\"CV Hanne Rung - Denkmalpflege und Bauen im Bestand\",\"isPartOf\":{\"@id\":\"https:\/\/denkmalpflege.tuwien.ac.at\/#website\"},\"primaryImageOfPage\":{\"@id\":\"https:\/\/denkmalpflege.tuwien.ac.at\/index.php\/team\/cv-hanne-rung\/#primaryimage\"},\"image\":{\"@id\":\"https:\/\/denkmalpflege.tuwien.ac.at\/index.php\/team\/cv-hanne-rung\/#primaryimage\"},\"thumbnailUrl\":\"http:\/\/denkmalpflege.tuwien.ac.at\/wp-content\/uploads\/2023\/11\/profilbild_rung.jpg\",\"datePublished\":\"2024-06-24T12:27:33+00:00\",\"dateModified\":\"2026-04-16T09:07:41+00:00\",\"breadcrumb\":{\"@id\":\"https:\/\/denkmalpflege.tuwien.ac.at\/index.php\/team\/cv-hanne-rung\/#breadcrumb\"},\"inLanguage\":\"de\",\"potentialAction\":[{\"@type\":\"ReadAction\",\"target\":[\"https:\/\/denkmalpflege.tuwien.ac.at\/index.php\/team\/cv-hanne-rung\/\"]}]},{\"@type\":\"ImageObject\",\"inLanguage\":\"de\",\"@id\":\"https:\/\/denkmalpflege.tuwien.ac.at\/index.php\/team\/cv-hanne-rung\/#primaryimage\",\"url\":\"https:\/\/denkmalpflege.tuwien.ac.at\/wp-content\/uploads\/2023\/11\/profilbild_rung.jpg\",\"contentUrl\":\"https:\/\/denkmalpflege.tuwien.ac.at\/wp-content\/uploads\/2023\/11\/profilbild_rung.jpg\",\"width\":1179,\"height\":1250},{\"@type\":\"BreadcrumbList\",\"@id\":\"https:\/\/denkmalpflege.tuwien.ac.at\/index.php\/team\/cv-hanne-rung\/#breadcrumb\",\"itemListElement\":[{\"@type\":\"ListItem\",\"position\":1,\"name\":\"Startseite\",\"item\":\"https:\/\/denkmalpflege.tuwien.ac.at\/\"},{\"@type\":\"ListItem\",\"position\":2,\"name\":\"Team\",\"item\":\"https:\/\/denkmalpflege.tuwien.ac.at\/index.php\/team\/\"},{\"@type\":\"ListItem\",\"position\":3,\"name\":\"CV Hanne Rung\"}]},{\"@type\":\"WebSite\",\"@id\":\"https:\/\/denkmalpflege.tuwien.ac.at\/#website\",\"url\":\"https:\/\/denkmalpflege.tuwien.ac.at\/\",\"name\":\"Denkmalpflege und Bauen im Bestand\",\"description\":\"Denkmalpflege TU Wien\",\"publisher\":{\"@id\":\"https:\/\/denkmalpflege.tuwien.ac.at\/#organization\"},\"potentialAction\":[{\"@type\":\"SearchAction\",\"target\":{\"@type\":\"EntryPoint\",\"urlTemplate\":\"https:\/\/denkmalpflege.tuwien.ac.at\/?s={search_term_string}\"},\"query-input\":{\"@type\":\"PropertyValueSpecification\",\"valueRequired\":true,\"valueName\":\"search_term_string\"}}],\"inLanguage\":\"de\"},{\"@type\":\"Organization\",\"@id\":\"https:\/\/denkmalpflege.tuwien.ac.at\/#organization\",\"name\":\"TU Wien Denkmalpflege und Bauen im Bestand\",\"url\":\"https:\/\/denkmalpflege.tuwien.ac.at\/\",\"logo\":{\"@type\":\"ImageObject\",\"inLanguage\":\"de\",\"@id\":\"https:\/\/denkmalpflege.tuwien.ac.at\/#\/schema\/logo\/image\/\",\"url\":\"https:\/\/denkmalpflege.tuwien.ac.at\/wp-content\/uploads\/2019\/10\/Logo1.png\",\"contentUrl\":\"https:\/\/denkmalpflege.tuwien.ac.at\/wp-content\/uploads\/2019\/10\/Logo1.png\",\"width\":222,\"height\":79,\"caption\":\"TU Wien Denkmalpflege und Bauen im Bestand\"},\"image\":{\"@id\":\"https:\/\/denkmalpflege.tuwien.ac.at\/#\/schema\/logo\/image\/\"}}]}<\/script>\n<!-- \/ Yoast SEO plugin. -->","yoast_head_json":{"title":"CV Hanne Rung - Denkmalpflege und Bauen im Bestand","robots":{"index":"index","follow":"follow","max-snippet":"max-snippet:-1","max-image-preview":"max-image-preview:large","max-video-preview":"max-video-preview:-1"},"canonical":"https:\/\/denkmalpflege.tuwien.ac.at\/index.php\/team\/cv-hanne-rung\/","og_locale":"de_DE","og_type":"article","og_title":"CV Hanne Rung - Denkmalpflege und Bauen im Bestand","og_description":"Curriculum Vitae Hanne RUNG Univ.Lektorin Dipl.-Ing.Telefon: +43 (1) 58801-25715E-Mail: hannelore.rung@tuwien.ac.at Hanne Rung studierte Architektur und Stadtplanung Universit\u00e4t Stuttgart sowie an der Universidade do Porto und schloss 2004 als Dipl.-Ing. (Univ.) ab. Sie war wissenschaftliche Mitarbeiterin und Referentin f\u00fcr Kommunikation an der Fakult\u00e4t f\u00fcr Architektur der TU M\u00fcnchen. Seit 2016 arbeitet sie zudem als Kuratorin und Ausstellungsgestalterin f\u00fcr verschiedene Museen und Institutionen. Aktuell promoviert sie an der TU Wien zu TransformationsprozessenRead More","og_url":"https:\/\/denkmalpflege.tuwien.ac.at\/index.php\/team\/cv-hanne-rung\/","og_site_name":"Denkmalpflege und Bauen im Bestand","article_modified_time":"2026-04-16T09:07:41+00:00","og_image":[{"url":"http:\/\/denkmalpflege.tuwien.ac.at\/wp-content\/uploads\/2023\/11\/profilbild_rung.jpg","type":"","width":"","height":""}],"twitter_card":"summary_large_image","twitter_misc":{"Gesch\u00e4tzte Lesezeit":"4\u00a0Minuten"},"schema":{"@context":"https:\/\/schema.org","@graph":[{"@type":"WebPage","@id":"https:\/\/denkmalpflege.tuwien.ac.at\/index.php\/team\/cv-hanne-rung\/","url":"https:\/\/denkmalpflege.tuwien.ac.at\/index.php\/team\/cv-hanne-rung\/","name":"CV Hanne Rung - Denkmalpflege und Bauen im Bestand","isPartOf":{"@id":"https:\/\/denkmalpflege.tuwien.ac.at\/#website"},"primaryImageOfPage":{"@id":"https:\/\/denkmalpflege.tuwien.ac.at\/index.php\/team\/cv-hanne-rung\/#primaryimage"},"image":{"@id":"https:\/\/denkmalpflege.tuwien.ac.at\/index.php\/team\/cv-hanne-rung\/#primaryimage"},"thumbnailUrl":"http:\/\/denkmalpflege.tuwien.ac.at\/wp-content\/uploads\/2023\/11\/profilbild_rung.jpg","datePublished":"2024-06-24T12:27:33+00:00","dateModified":"2026-04-16T09:07:41+00:00","breadcrumb":{"@id":"https:\/\/denkmalpflege.tuwien.ac.at\/index.php\/team\/cv-hanne-rung\/#breadcrumb"},"inLanguage":"de","potentialAction":[{"@type":"ReadAction","target":["https:\/\/denkmalpflege.tuwien.ac.at\/index.php\/team\/cv-hanne-rung\/"]}]},{"@type":"ImageObject","inLanguage":"de","@id":"https:\/\/denkmalpflege.tuwien.ac.at\/index.php\/team\/cv-hanne-rung\/#primaryimage","url":"https:\/\/denkmalpflege.tuwien.ac.at\/wp-content\/uploads\/2023\/11\/profilbild_rung.jpg","contentUrl":"https:\/\/denkmalpflege.tuwien.ac.at\/wp-content\/uploads\/2023\/11\/profilbild_rung.jpg","width":1179,"height":1250},{"@type":"BreadcrumbList","@id":"https:\/\/denkmalpflege.tuwien.ac.at\/index.php\/team\/cv-hanne-rung\/#breadcrumb","itemListElement":[{"@type":"ListItem","position":1,"name":"Startseite","item":"https:\/\/denkmalpflege.tuwien.ac.at\/"},{"@type":"ListItem","position":2,"name":"Team","item":"https:\/\/denkmalpflege.tuwien.ac.at\/index.php\/team\/"},{"@type":"ListItem","position":3,"name":"CV Hanne Rung"}]},{"@type":"WebSite","@id":"https:\/\/denkmalpflege.tuwien.ac.at\/#website","url":"https:\/\/denkmalpflege.tuwien.ac.at\/","name":"Denkmalpflege und Bauen im Bestand","description":"Denkmalpflege TU Wien","publisher":{"@id":"https:\/\/denkmalpflege.tuwien.ac.at\/#organization"},"potentialAction":[{"@type":"SearchAction","target":{"@type":"EntryPoint","urlTemplate":"https:\/\/denkmalpflege.tuwien.ac.at\/?s={search_term_string}"},"query-input":{"@type":"PropertyValueSpecification","valueRequired":true,"valueName":"search_term_string"}}],"inLanguage":"de"},{"@type":"Organization","@id":"https:\/\/denkmalpflege.tuwien.ac.at\/#organization","name":"TU Wien Denkmalpflege und Bauen im Bestand","url":"https:\/\/denkmalpflege.tuwien.ac.at\/","logo":{"@type":"ImageObject","inLanguage":"de","@id":"https:\/\/denkmalpflege.tuwien.ac.at\/#\/schema\/logo\/image\/","url":"https:\/\/denkmalpflege.tuwien.ac.at\/wp-content\/uploads\/2019\/10\/Logo1.png","contentUrl":"https:\/\/denkmalpflege.tuwien.ac.at\/wp-content\/uploads\/2019\/10\/Logo1.png","width":222,"height":79,"caption":"TU Wien Denkmalpflege und Bauen im Bestand"},"image":{"@id":"https:\/\/denkmalpflege.tuwien.ac.at\/#\/schema\/logo\/image\/"}}]}},"_links":{"self":[{"href":"https:\/\/denkmalpflege.tuwien.ac.at\/index.php\/wp-json\/wp\/v2\/pages\/31310","targetHints":{"allow":["GET"]}}],"collection":[{"href":"https:\/\/denkmalpflege.tuwien.ac.at\/index.php\/wp-json\/wp\/v2\/pages"}],"about":[{"href":"https:\/\/denkmalpflege.tuwien.ac.at\/index.php\/wp-json\/wp\/v2\/types\/page"}],"author":[{"embeddable":true,"href":"https:\/\/denkmalpflege.tuwien.ac.at\/index.php\/wp-json\/wp\/v2\/users\/1"}],"replies":[{"embeddable":true,"href":"https:\/\/denkmalpflege.tuwien.ac.at\/index.php\/wp-json\/wp\/v2\/comments?post=31310"}],"version-history":[{"count":46,"href":"https:\/\/denkmalpflege.tuwien.ac.at\/index.php\/wp-json\/wp\/v2\/pages\/31310\/revisions"}],"predecessor-version":[{"id":36494,"href":"https:\/\/denkmalpflege.tuwien.ac.at\/index.php\/wp-json\/wp\/v2\/pages\/31310\/revisions\/36494"}],"up":[{"embeddable":true,"href":"https:\/\/denkmalpflege.tuwien.ac.at\/index.php\/wp-json\/wp\/v2\/pages\/25289"}],"wp:attachment":[{"href":"https:\/\/denkmalpflege.tuwien.ac.at\/index.php\/wp-json\/wp\/v2\/media?parent=31310"}],"curies":[{"name":"wp","href":"https:\/\/api.w.org\/{rel}","templated":true}]}}