{"id":27007,"date":"2023-09-14T12:31:51","date_gmt":"2023-09-14T10:31:51","guid":{"rendered":"https:\/\/denkmalpflege.tuwien.ac.at\/?page_id=27007"},"modified":"2024-09-02T11:58:57","modified_gmt":"2024-09-02T09:58:57","slug":"vorlesung-denkmalpflege-ws-23-24","status":"publish","type":"page","link":"https:\/\/denkmalpflege.tuwien.ac.at\/index.php\/vorlesung-denkmalpflege-ws-23-24\/","title":{"rendered":"Vorlesung Denkmalpflege WS 23\/24"},"content":{"rendered":"\t\t<div data-elementor-type=\"wp-page\" data-elementor-id=\"27007\" class=\"elementor elementor-27007\" data-elementor-post-type=\"page\">\n\t\t\t\t\t\t<section class=\"elementor-section elementor-top-section elementor-element elementor-element-deadf1c elementor-section-full_width elementor-section-height-default elementor-section-height-default\" data-id=\"deadf1c\" data-element_type=\"section\">\n\t\t\t\t\t\t<div class=\"elementor-container elementor-column-gap-default\">\n\t\t\t\t\t<div class=\"elementor-column elementor-col-50 elementor-top-column elementor-element elementor-element-4d03bc4\" data-id=\"4d03bc4\" data-element_type=\"column\">\n\t\t\t<div class=\"elementor-widget-wrap elementor-element-populated\">\n\t\t\t\t\t\t<div class=\"elementor-element elementor-element-8c906e4 elementor-widget elementor-widget-heading\" data-id=\"8c906e4\" data-element_type=\"widget\" data-widget_type=\"heading.default\">\n\t\t\t\t<div class=\"elementor-widget-container\">\n\t\t\t\t\t<h2 class=\"elementor-heading-title elementor-size-default\"><a href=\"http:\/\/denkmalpflege.tuwien.ac.at\/index.php\/lva-wintersemester-23-24\/\">LVA WS 23\/24<\/a><\/h2>\t\t\t\t<\/div>\n\t\t\t\t<\/div>\n\t\t\t\t\t<\/div>\n\t\t<\/div>\n\t\t\t\t<div class=\"elementor-column elementor-col-50 elementor-top-column elementor-element elementor-element-479528d\" data-id=\"479528d\" data-element_type=\"column\">\n\t\t\t<div class=\"elementor-widget-wrap elementor-element-populated\">\n\t\t\t\t\t\t<div class=\"elementor-element elementor-element-c31b410 elementor-widget elementor-widget-heading\" data-id=\"c31b410\" data-element_type=\"widget\" data-widget_type=\"heading.default\">\n\t\t\t\t<div class=\"elementor-widget-container\">\n\t\t\t\t\t<h2 class=\"elementor-heading-title elementor-size-default\">257.870 <span style=\"float: right\"> 3,0 h (3,0 ECTS)<\/span><\/h2>\t\t\t\t<\/div>\n\t\t\t\t<\/div>\n\t\t\t\t\t<\/div>\n\t\t<\/div>\n\t\t\t\t\t<\/div>\n\t\t<\/section>\n\t\t\t\t<section class=\"elementor-section elementor-top-section elementor-element elementor-element-6b2aa10 elementor-section-full_width elementor-section-height-default elementor-section-height-default\" data-id=\"6b2aa10\" data-element_type=\"section\">\n\t\t\t\t\t\t<div class=\"elementor-container elementor-column-gap-default\">\n\t\t\t\t\t<div class=\"elementor-column elementor-col-50 elementor-top-column elementor-element elementor-element-e2adb81\" data-id=\"e2adb81\" data-element_type=\"column\">\n\t\t\t<div class=\"elementor-widget-wrap elementor-element-populated\">\n\t\t\t\t\t\t<div class=\"elementor-element elementor-element-0cdda1f elementor-nav-menu__align-start elementor-nav-menu--dropdown-mobile elementor-nav-menu__text-align-aside elementor-nav-menu--toggle elementor-nav-menu--burger elementor-widget elementor-widget-nav-menu\" data-id=\"0cdda1f\" data-element_type=\"widget\" data-settings=\"{&quot;layout&quot;:&quot;vertical&quot;,&quot;submenu_icon&quot;:{&quot;value&quot;:&quot;&lt;i class=\\&quot;\\&quot; aria-hidden=\\&quot;true\\&quot;&gt;&lt;\\\/i&gt;&quot;,&quot;library&quot;:&quot;&quot;},&quot;toggle&quot;:&quot;burger&quot;}\" data-widget_type=\"nav-menu.default\">\n\t\t\t\t<div class=\"elementor-widget-container\">\n\t\t\t\t\t\t\t\t<nav aria-label=\"Men\u00fc\" class=\"elementor-nav-menu--main elementor-nav-menu__container elementor-nav-menu--layout-vertical e--pointer-none\">\n\t\t\t\t<ul id=\"menu-1-0cdda1f\" class=\"elementor-nav-menu sm-vertical\"><li class=\"menu-item menu-item-type-post_type menu-item-object-page menu-item-26967\"><a href=\"https:\/\/denkmalpflege.tuwien.ac.at\/index.php\/entwerfen-wieder-baden-am-see-ws-23-24\/\" class=\"elementor-item\">Entwerfen Wieder baden am See<\/a><\/li>\n<li class=\"menu-item menu-item-type-post_type menu-item-object-page menu-item-26966\"><a href=\"https:\/\/denkmalpflege.tuwien.ac.at\/index.php\/lehre-2\/lva-wintersemester-23-24\/entwerfen-vorarlberger-textilpioniere-ws-23-24\/\" class=\"elementor-item\">Entwerfen Vorarlberger Textilpioniere<\/a><\/li>\n<li class=\"menu-item menu-item-type-post_type menu-item-object-page menu-item-27017\"><a href=\"https:\/\/denkmalpflege.tuwien.ac.at\/index.php\/lehre-2\/lva-wintersemester-23-24\/uebung-wiener-guertel-ws-23-24\/\" class=\"elementor-item\">\u00dcbung Wiener G\u00fcrtel<\/a><\/li>\n<li class=\"menu-item menu-item-type-post_type menu-item-object-page menu-item-27016\"><a href=\"https:\/\/denkmalpflege.tuwien.ac.at\/index.php\/lehre-2\/lva-wintersemester-23-24\/wahlseminar-parkbank-und-wuerstelstand-ws-23-24\/\" class=\"elementor-item\">Wahlseminar Parkbank und W\u00fcrstelstand<\/a><\/li>\n<li class=\"menu-item menu-item-type-post_type menu-item-object-page menu-item-27015\"><a href=\"https:\/\/denkmalpflege.tuwien.ac.at\/index.php\/vorlesung-denkmalpflege-ws-23-24\/\" class=\"elementor-item\">Vorlesung Denkmalpflege<\/a><\/li>\n<\/ul>\t\t\t<\/nav>\n\t\t\t\t\t<div class=\"elementor-menu-toggle\" role=\"button\" tabindex=\"0\" aria-label=\"Men\u00fc Umschalter\" aria-expanded=\"false\">\n\t\t\t<i aria-hidden=\"true\" role=\"presentation\" class=\"elementor-menu-toggle__icon--open eicon-menu-bar\"><\/i><i aria-hidden=\"true\" role=\"presentation\" class=\"elementor-menu-toggle__icon--close eicon-close\"><\/i>\t\t<\/div>\n\t\t\t\t\t<nav class=\"elementor-nav-menu--dropdown elementor-nav-menu__container\" aria-hidden=\"true\">\n\t\t\t\t<ul id=\"menu-2-0cdda1f\" class=\"elementor-nav-menu sm-vertical\"><li class=\"menu-item menu-item-type-post_type menu-item-object-page menu-item-26967\"><a href=\"https:\/\/denkmalpflege.tuwien.ac.at\/index.php\/entwerfen-wieder-baden-am-see-ws-23-24\/\" class=\"elementor-item\" tabindex=\"-1\">Entwerfen Wieder baden am See<\/a><\/li>\n<li class=\"menu-item menu-item-type-post_type menu-item-object-page menu-item-26966\"><a href=\"https:\/\/denkmalpflege.tuwien.ac.at\/index.php\/lehre-2\/lva-wintersemester-23-24\/entwerfen-vorarlberger-textilpioniere-ws-23-24\/\" class=\"elementor-item\" tabindex=\"-1\">Entwerfen Vorarlberger Textilpioniere<\/a><\/li>\n<li class=\"menu-item menu-item-type-post_type menu-item-object-page menu-item-27017\"><a href=\"https:\/\/denkmalpflege.tuwien.ac.at\/index.php\/lehre-2\/lva-wintersemester-23-24\/uebung-wiener-guertel-ws-23-24\/\" class=\"elementor-item\" tabindex=\"-1\">\u00dcbung Wiener G\u00fcrtel<\/a><\/li>\n<li class=\"menu-item menu-item-type-post_type menu-item-object-page menu-item-27016\"><a href=\"https:\/\/denkmalpflege.tuwien.ac.at\/index.php\/lehre-2\/lva-wintersemester-23-24\/wahlseminar-parkbank-und-wuerstelstand-ws-23-24\/\" class=\"elementor-item\" tabindex=\"-1\">Wahlseminar Parkbank und W\u00fcrstelstand<\/a><\/li>\n<li class=\"menu-item menu-item-type-post_type menu-item-object-page menu-item-27015\"><a href=\"https:\/\/denkmalpflege.tuwien.ac.at\/index.php\/vorlesung-denkmalpflege-ws-23-24\/\" class=\"elementor-item\" tabindex=\"-1\">Vorlesung Denkmalpflege<\/a><\/li>\n<\/ul>\t\t\t<\/nav>\n\t\t\t\t\t\t<\/div>\n\t\t\t\t<\/div>\n\t\t\t\t\t<\/div>\n\t\t<\/div>\n\t\t\t\t<div class=\"elementor-column elementor-col-50 elementor-top-column elementor-element elementor-element-e238d9c\" data-id=\"e238d9c\" data-element_type=\"column\">\n\t\t\t<div class=\"elementor-widget-wrap elementor-element-populated\">\n\t\t\t\t\t\t<div class=\"elementor-element elementor-element-cec6f63 elementor-widget elementor-widget-heading\" data-id=\"cec6f63\" data-element_type=\"widget\" data-widget_type=\"heading.default\">\n\t\t\t\t<div class=\"elementor-widget-container\">\n\t\t\t\t\t<h2 class=\"elementor-heading-title elementor-size-default\">VORLESUNG DENKMALPFLEGE<\/h2>\t\t\t\t<\/div>\n\t\t\t\t<\/div>\n\t\t\t\t<div class=\"elementor-element elementor-element-2689c2e elementor-widget elementor-widget-text-editor\" data-id=\"2689c2e\" data-element_type=\"widget\" data-widget_type=\"text-editor.default\">\n\t\t\t\t<div class=\"elementor-widget-container\">\n\t\t\t\t\t\t\t\t\t<p>Bachelor Vorlesung\u00a0<\/p>\t\t\t\t\t\t\t\t<\/div>\n\t\t\t\t<\/div>\n\t\t\t\t<div class=\"elementor-element elementor-element-eaf6b09 silde_dipl elementor-arrows-position-inside elementor-widget elementor-widget-image-carousel\" data-id=\"eaf6b09\" data-element_type=\"widget\" data-settings=\"{&quot;slides_to_show&quot;:&quot;1&quot;,&quot;navigation&quot;:&quot;arrows&quot;,&quot;autoplay&quot;:&quot;no&quot;,&quot;infinite&quot;:&quot;yes&quot;,&quot;effect&quot;:&quot;slide&quot;,&quot;speed&quot;:500}\" data-widget_type=\"image-carousel.default\">\n\t\t\t\t<div class=\"elementor-widget-container\">\n\t\t\t\t\t\t\t<div class=\"elementor-image-carousel-wrapper swiper\" role=\"region\" aria-roledescription=\"carousel\" aria-label=\"Bild Karussell\" dir=\"ltr\">\n\t\t\t<div class=\"elementor-image-carousel swiper-wrapper swiper-image-stretch\" aria-live=\"polite\">\n\t\t\t\t\t\t\t\t<div class=\"swiper-slide\" role=\"group\" aria-roledescription=\"slide\" aria-label=\"1 von 1\"><a data-elementor-open-lightbox=\"yes\" data-elementor-lightbox-slideshow=\"eaf6b09\" data-e-action-hash=\"#elementor-action%3Aaction%3Dlightbox%26settings%3DeyJpZCI6MjY5MjIsInVybCI6Imh0dHBzOlwvXC9kZW5rbWFscGZsZWdlLnR1d2llbi5hYy5hdFwvd3AtY29udGVudFwvdXBsb2Fkc1wvMjAyM1wvMDlcL0xWQV9kZW5rbWFscGZsZWdlLXZvcmxlc3VuZy1zY2FsZWQuanBnIiwic2xpZGVzaG93IjoiZWFmNmIwOSJ9\" href=\"https:\/\/denkmalpflege.tuwien.ac.at\/wp-content\/uploads\/2023\/09\/LVA_denkmalpflege-vorlesung-scaled.jpg\"><figure class=\"swiper-slide-inner\"><img decoding=\"async\" class=\"swiper-slide-image\" src=\"https:\/\/denkmalpflege.tuwien.ac.at\/wp-content\/uploads\/2023\/09\/LVA_denkmalpflege-vorlesung-783x1024.jpg\" alt=\"LVA_denkmalpflege vorlesung\" \/><\/figure><\/a><\/div>\t\t\t<\/div>\n\t\t\t\t\t<\/div>\n\t\t\t\t\t\t<\/div>\n\t\t\t\t<\/div>\n\t\t\t\t<div class=\"elementor-element elementor-element-7137792 elementor-widget elementor-widget-heading\" data-id=\"7137792\" data-element_type=\"widget\" data-widget_type=\"heading.default\">\n\t\t\t\t<div class=\"elementor-widget-container\">\n\t\t\t\t\t<p class=\"elementor-heading-title elementor-size-default\">Heike OEVERMANN<br>\nHanne RUNG<br>\nAlessandro RINTALLO<\/p>\t\t\t\t<\/div>\n\t\t\t\t<\/div>\n\t\t\t\t<div class=\"elementor-element elementor-element-32d6f8a elementor-widget elementor-widget-text-editor\" data-id=\"32d6f8a\" data-element_type=\"widget\" data-widget_type=\"text-editor.default\">\n\t\t\t\t<div class=\"elementor-widget-container\">\n\t\t\t\t\t\t\t\t\t<p><strong>Einf\u00fchrung<br \/><\/strong>Montag, 09.10.2023, 15:00 Uhr,<br \/>H\u00f6rsaal 17<\/p>\t\t\t\t\t\t\t\t<\/div>\n\t\t\t\t<\/div>\n\t\t\t\t<div class=\"elementor-element elementor-element-8ffb9e5 elementor-widget elementor-widget-text-editor\" data-id=\"8ffb9e5\" data-element_type=\"widget\" data-widget_type=\"text-editor.default\">\n\t\t\t\t<div class=\"elementor-widget-container\">\n\t\t\t\t\t\t\t\t\t<p><strong>Termine<br \/><\/strong>w\u00f6chentlich Montag, 15:00 &#8211; 18:00 Uhr, HS17 (Stiege 7, 3. Stock).<\/p>\t\t\t\t\t\t\t\t<\/div>\n\t\t\t\t<\/div>\n\t\t\t\t<div class=\"elementor-element elementor-element-2b2108a elementor-widget elementor-widget-text-editor\" data-id=\"2b2108a\" data-element_type=\"widget\" data-widget_type=\"text-editor.default\">\n\t\t\t\t<div class=\"elementor-widget-container\">\n\t\t\t\t\t\t\t\t\t<p><strong>Anmeldung<br \/><\/strong>Anmeldung via TISS<\/p>\t\t\t\t\t\t\t\t<\/div>\n\t\t\t\t<\/div>\n\t\t\t\t<div class=\"elementor-element elementor-element-bf82a69 elementor-widget elementor-widget-text-editor\" data-id=\"bf82a69\" data-element_type=\"widget\" data-widget_type=\"text-editor.default\">\n\t\t\t\t<div class=\"elementor-widget-container\">\n\t\t\t\t\t\t\t\t\t<p><strong>Lernergebnisse<\/strong><br \/>Nach positiver Absolvierung der Lehrveranstaltung sind Studierende in der Lage einen \u00dcberblick \u00fcber die Geschichte der Denkmalpflege und deren Theorien und Praktiken zu gewinnen. Die Vorlesung er\u00f6ffnet einen weiten fachlichen Horizont, der die Studierenden dazu bef\u00e4higt, die heute relevanten Anforderungen an die Denkmalpflege zu verstehen und den hierbei von den Architekturschaffenden erwarteten Anteil zu fassen. Sie erkennen durch das Zusammenwirken und durch die Wechselwirkung unterschiedlicher Blickwinkel die Bedeutung und den Nutzen des Forschungsbereichs f\u00fcr die wissenschaftliche und entwerferische Arbeit. Die Vorlesung fordert die Studierenden auf, ihre Selbstkompetenz auszuloten, ihre individuellen Neigungen und Interessen zu beurteilen und, im Hinblick auf ihre k\u00fcnftige T\u00e4tigkeit im Beruf, ihre Wertvorstellungen, die Kritikf\u00e4higkeit und ihre besondere Verantwortung zu sch\u00e4rfen. Die Studierenden erwerben die F\u00e4higkeit, analoge Problemlagen zu erkennen und diese in neuen Kontexten zu verorten. Die konkrete Veranschaulichung des Lernstoffes erm\u00f6glicht die Kultivierung des visuellen Ged\u00e4chtnisses und die Verkn\u00fcpfung von Gegenst\u00e4nden mit relevanten Akteurinnen und Akteuren.<\/p>\t\t\t\t\t\t\t\t<\/div>\n\t\t\t\t<\/div>\n\t\t\t\t<div class=\"elementor-element elementor-element-8e2d238 elementor-widget elementor-widget-text-editor\" data-id=\"8e2d238\" data-element_type=\"widget\" data-widget_type=\"text-editor.default\">\n\t\t\t\t<div class=\"elementor-widget-container\">\n\t\t\t\t\t\t\t\t\t<p><b>Inhalt<\/b><strong> der Lehrveranstaltung<br \/><\/strong>Die Pflichtvorlesung Denkmalpflege erm\u00f6glicht einen \u00dcberblick \u00fcber die Geschichte der Denkmalpflege von ihren Anf\u00e4ngen bis heute und liefert die \u2013 f\u00fcr jegliches Handeln im Bestand \u2013 elementare Theorie zur Praxis. Neben der Geschichte der Disziplin werden auch denkmalpflegerische Methoden zur Lekt\u00fcre, Analyse und W\u00fcrdigung des historischen Baubestands vermittelt. Die Vorlesung zeigt dar\u00fcber hinaus historische und zeitgem\u00e4\u00dfe Ans\u00e4tze und Strategien zum Handeln im (denkmalgesch\u00fctzten) Bestand auf. Durch die praxisbezogene Anlage der Vorlesung wird den Studierenden ein Einblick in das Praxisfeld erm\u00f6glicht sowie die spezifische Rolle der Architekturschaffenden im Umfeld der Denkmalpflege verdeutlicht.<\/p>\t\t\t\t\t\t\t\t<\/div>\n\t\t\t\t<\/div>\n\t\t\t\t<div class=\"elementor-element elementor-element-e5791f3 elementor-widget-divider--view-line elementor-widget elementor-widget-divider\" data-id=\"e5791f3\" data-element_type=\"widget\" data-widget_type=\"divider.default\">\n\t\t\t\t<div class=\"elementor-widget-container\">\n\t\t\t\t\t\t\t<div class=\"elementor-divider\">\n\t\t\t<span class=\"elementor-divider-separator\">\n\t\t\t\t\t\t<\/span>\n\t\t<\/div>\n\t\t\t\t\t\t<\/div>\n\t\t\t\t<\/div>\n\t\t\t\t<section class=\"elementor-section elementor-inner-section elementor-element elementor-element-a6792ae elementor-section-boxed elementor-section-height-default elementor-section-height-default\" data-id=\"a6792ae\" data-element_type=\"section\">\n\t\t\t\t\t\t<div class=\"elementor-container elementor-column-gap-default\">\n\t\t\t\t\t<div class=\"elementor-column elementor-col-50 elementor-inner-column elementor-element elementor-element-9ed1d6f\" data-id=\"9ed1d6f\" data-element_type=\"column\">\n\t\t\t<div class=\"elementor-widget-wrap elementor-element-populated\">\n\t\t\t\t\t\t<div class=\"elementor-element elementor-element-82e99e3 elementor-widget elementor-widget-text-editor\" data-id=\"82e99e3\" data-element_type=\"widget\" data-widget_type=\"text-editor.default\">\n\t\t\t\t<div class=\"elementor-widget-container\">\n\t\t\t\t\t\t\t\t\t<p><a class=\"link link_blau\" href=\"https:\/\/tiss.tuwien.ac.at\/course\/courseDetails.xhtml?courseNr=251870&amp;semester=2023W&amp;dswid=9321&amp;dsrid=699\" target=\"_blank\" rel=\"noopener\">TISS<\/a><\/p>\t\t\t\t\t\t\t\t<\/div>\n\t\t\t\t<\/div>\n\t\t\t\t\t<\/div>\n\t\t<\/div>\n\t\t\t\t<div class=\"elementor-column elementor-col-50 elementor-inner-column elementor-element elementor-element-ff85c1b\" data-id=\"ff85c1b\" data-element_type=\"column\">\n\t\t\t<div class=\"elementor-widget-wrap\">\n\t\t\t\t\t\t\t<\/div>\n\t\t<\/div>\n\t\t\t\t\t<\/div>\n\t\t<\/section>\n\t\t\t\t\t<\/div>\n\t\t<\/div>\n\t\t\t\t\t<\/div>\n\t\t<\/section>\n\t\t\t\t<\/div>\n\t\t","protected":false},"excerpt":{"rendered":"<p>LVA WS 23\/24 257.870 3,0 h (3,0 ECTS) VORLESUNG DENKMALPFLEGE Bachelor Vorlesung\u00a0 Heike OEVERMANN Hanne RUNG Alessandro RINTALLO Einf\u00fchrungMontag, 09.10.2023, 15:00 Uhr,H\u00f6rsaal 17 Terminew\u00f6chentlich Montag, 15:00 &#8211; 18:00 Uhr, HS17 (Stiege 7, 3. Stock). AnmeldungAnmeldung via TISS LernergebnisseNach positiver Absolvierung der Lehrveranstaltung sind Studierende in der Lage einen \u00dcberblick \u00fcber die Geschichte der Denkmalpflege und deren Theorien und Praktiken zu gewinnen. Die Vorlesung er\u00f6ffnet einen weiten fachlichen Horizont, der die<\/p>\n<div class=\"belowpost\"><a class=\"btnmore icon-arrow\" href=\"https:\/\/denkmalpflege.tuwien.ac.at\/index.php\/vorlesung-denkmalpflege-ws-23-24\/\"><span>Read More<\/span><\/a><\/div>\n","protected":false},"author":1,"featured_media":0,"parent":0,"menu_order":0,"comment_status":"closed","ping_status":"closed","template":"","meta":{"footnotes":""},"class_list":["post-27007","page","type-page","status-publish","hentry"],"yoast_head":"<!-- This site is optimized with the Yoast SEO plugin v26.0 - https:\/\/yoast.com\/wordpress\/plugins\/seo\/ -->\n<title>Vorlesung Denkmalpflege WS 23\/24 - Denkmalpflege und Bauen im Bestand<\/title>\n<meta name=\"robots\" content=\"index, follow, max-snippet:-1, max-image-preview:large, max-video-preview:-1\" \/>\n<link rel=\"canonical\" href=\"https:\/\/denkmalpflege.tuwien.ac.at\/index.php\/vorlesung-denkmalpflege-ws-23-24\/\" \/>\n<meta property=\"og:locale\" content=\"de_DE\" \/>\n<meta property=\"og:type\" content=\"article\" \/>\n<meta property=\"og:title\" content=\"Vorlesung Denkmalpflege WS 23\/24 - Denkmalpflege und Bauen im Bestand\" \/>\n<meta property=\"og:description\" content=\"LVA WS 23\/24 257.870 3,0 h (3,0 ECTS) VORLESUNG DENKMALPFLEGE Bachelor Vorlesung\u00a0 Heike OEVERMANN Hanne RUNG Alessandro RINTALLO Einf\u00fchrungMontag, 09.10.2023, 15:00 Uhr,H\u00f6rsaal 17 Terminew\u00f6chentlich Montag, 15:00 &#8211; 18:00 Uhr, HS17 (Stiege 7, 3. Stock). AnmeldungAnmeldung via TISS LernergebnisseNach positiver Absolvierung der Lehrveranstaltung sind Studierende in der Lage einen \u00dcberblick \u00fcber die Geschichte der Denkmalpflege und deren Theorien und Praktiken zu gewinnen. Die Vorlesung er\u00f6ffnet einen weiten fachlichen Horizont, der dieRead More\" \/>\n<meta property=\"og:url\" content=\"https:\/\/denkmalpflege.tuwien.ac.at\/index.php\/vorlesung-denkmalpflege-ws-23-24\/\" \/>\n<meta property=\"og:site_name\" content=\"Denkmalpflege und Bauen im Bestand\" \/>\n<meta property=\"article:modified_time\" content=\"2024-09-02T09:58:57+00:00\" \/>\n<meta property=\"og:image\" content=\"http:\/\/denkmalpflege.tuwien.ac.at\/wp-content\/uploads\/2023\/09\/LVA_denkmalpflege-vorlesung-783x1024.jpg\" \/>\n<meta name=\"twitter:card\" content=\"summary_large_image\" \/>\n<meta name=\"twitter:label1\" content=\"Gesch\u00e4tzte Lesezeit\" \/>\n\t<meta name=\"twitter:data1\" content=\"1\u00a0Minute\" \/>\n<script type=\"application\/ld+json\" class=\"yoast-schema-graph\">{\"@context\":\"https:\/\/schema.org\",\"@graph\":[{\"@type\":\"WebPage\",\"@id\":\"https:\/\/denkmalpflege.tuwien.ac.at\/index.php\/vorlesung-denkmalpflege-ws-23-24\/\",\"url\":\"https:\/\/denkmalpflege.tuwien.ac.at\/index.php\/vorlesung-denkmalpflege-ws-23-24\/\",\"name\":\"Vorlesung Denkmalpflege WS 23\/24 - Denkmalpflege und Bauen im Bestand\",\"isPartOf\":{\"@id\":\"https:\/\/denkmalpflege.tuwien.ac.at\/#website\"},\"primaryImageOfPage\":{\"@id\":\"https:\/\/denkmalpflege.tuwien.ac.at\/index.php\/vorlesung-denkmalpflege-ws-23-24\/#primaryimage\"},\"image\":{\"@id\":\"https:\/\/denkmalpflege.tuwien.ac.at\/index.php\/vorlesung-denkmalpflege-ws-23-24\/#primaryimage\"},\"thumbnailUrl\":\"http:\/\/denkmalpflege.tuwien.ac.at\/wp-content\/uploads\/2023\/09\/LVA_denkmalpflege-vorlesung-783x1024.jpg\",\"datePublished\":\"2023-09-14T10:31:51+00:00\",\"dateModified\":\"2024-09-02T09:58:57+00:00\",\"breadcrumb\":{\"@id\":\"https:\/\/denkmalpflege.tuwien.ac.at\/index.php\/vorlesung-denkmalpflege-ws-23-24\/#breadcrumb\"},\"inLanguage\":\"de\",\"potentialAction\":[{\"@type\":\"ReadAction\",\"target\":[\"https:\/\/denkmalpflege.tuwien.ac.at\/index.php\/vorlesung-denkmalpflege-ws-23-24\/\"]}]},{\"@type\":\"ImageObject\",\"inLanguage\":\"de\",\"@id\":\"https:\/\/denkmalpflege.tuwien.ac.at\/index.php\/vorlesung-denkmalpflege-ws-23-24\/#primaryimage\",\"url\":\"https:\/\/denkmalpflege.tuwien.ac.at\/wp-content\/uploads\/2023\/09\/LVA_denkmalpflege-vorlesung-scaled.jpg\",\"contentUrl\":\"https:\/\/denkmalpflege.tuwien.ac.at\/wp-content\/uploads\/2023\/09\/LVA_denkmalpflege-vorlesung-scaled.jpg\",\"width\":1957,\"height\":2560},{\"@type\":\"BreadcrumbList\",\"@id\":\"https:\/\/denkmalpflege.tuwien.ac.at\/index.php\/vorlesung-denkmalpflege-ws-23-24\/#breadcrumb\",\"itemListElement\":[{\"@type\":\"ListItem\",\"position\":1,\"name\":\"Startseite\",\"item\":\"https:\/\/denkmalpflege.tuwien.ac.at\/\"},{\"@type\":\"ListItem\",\"position\":2,\"name\":\"Vorlesung Denkmalpflege WS 23\/24\"}]},{\"@type\":\"WebSite\",\"@id\":\"https:\/\/denkmalpflege.tuwien.ac.at\/#website\",\"url\":\"https:\/\/denkmalpflege.tuwien.ac.at\/\",\"name\":\"Denkmalpflege und Bauen im Bestand\",\"description\":\"Denkmalpflege TU Wien\",\"publisher\":{\"@id\":\"https:\/\/denkmalpflege.tuwien.ac.at\/#organization\"},\"potentialAction\":[{\"@type\":\"SearchAction\",\"target\":{\"@type\":\"EntryPoint\",\"urlTemplate\":\"https:\/\/denkmalpflege.tuwien.ac.at\/?s={search_term_string}\"},\"query-input\":{\"@type\":\"PropertyValueSpecification\",\"valueRequired\":true,\"valueName\":\"search_term_string\"}}],\"inLanguage\":\"de\"},{\"@type\":\"Organization\",\"@id\":\"https:\/\/denkmalpflege.tuwien.ac.at\/#organization\",\"name\":\"TU Wien Denkmalpflege und Bauen im Bestand\",\"url\":\"https:\/\/denkmalpflege.tuwien.ac.at\/\",\"logo\":{\"@type\":\"ImageObject\",\"inLanguage\":\"de\",\"@id\":\"https:\/\/denkmalpflege.tuwien.ac.at\/#\/schema\/logo\/image\/\",\"url\":\"https:\/\/denkmalpflege.tuwien.ac.at\/wp-content\/uploads\/2019\/10\/Logo1.png\",\"contentUrl\":\"https:\/\/denkmalpflege.tuwien.ac.at\/wp-content\/uploads\/2019\/10\/Logo1.png\",\"width\":222,\"height\":79,\"caption\":\"TU Wien Denkmalpflege und Bauen im Bestand\"},\"image\":{\"@id\":\"https:\/\/denkmalpflege.tuwien.ac.at\/#\/schema\/logo\/image\/\"}}]}<\/script>\n<!-- \/ Yoast SEO plugin. -->","yoast_head_json":{"title":"Vorlesung Denkmalpflege WS 23\/24 - Denkmalpflege und Bauen im Bestand","robots":{"index":"index","follow":"follow","max-snippet":"max-snippet:-1","max-image-preview":"max-image-preview:large","max-video-preview":"max-video-preview:-1"},"canonical":"https:\/\/denkmalpflege.tuwien.ac.at\/index.php\/vorlesung-denkmalpflege-ws-23-24\/","og_locale":"de_DE","og_type":"article","og_title":"Vorlesung Denkmalpflege WS 23\/24 - Denkmalpflege und Bauen im Bestand","og_description":"LVA WS 23\/24 257.870 3,0 h (3,0 ECTS) VORLESUNG DENKMALPFLEGE Bachelor Vorlesung\u00a0 Heike OEVERMANN Hanne RUNG Alessandro RINTALLO Einf\u00fchrungMontag, 09.10.2023, 15:00 Uhr,H\u00f6rsaal 17 Terminew\u00f6chentlich Montag, 15:00 &#8211; 18:00 Uhr, HS17 (Stiege 7, 3. Stock). AnmeldungAnmeldung via TISS LernergebnisseNach positiver Absolvierung der Lehrveranstaltung sind Studierende in der Lage einen \u00dcberblick \u00fcber die Geschichte der Denkmalpflege und deren Theorien und Praktiken zu gewinnen. Die Vorlesung er\u00f6ffnet einen weiten fachlichen Horizont, der dieRead More","og_url":"https:\/\/denkmalpflege.tuwien.ac.at\/index.php\/vorlesung-denkmalpflege-ws-23-24\/","og_site_name":"Denkmalpflege und Bauen im Bestand","article_modified_time":"2024-09-02T09:58:57+00:00","og_image":[{"url":"http:\/\/denkmalpflege.tuwien.ac.at\/wp-content\/uploads\/2023\/09\/LVA_denkmalpflege-vorlesung-783x1024.jpg","type":"","width":"","height":""}],"twitter_card":"summary_large_image","twitter_misc":{"Gesch\u00e4tzte Lesezeit":"1\u00a0Minute"},"schema":{"@context":"https:\/\/schema.org","@graph":[{"@type":"WebPage","@id":"https:\/\/denkmalpflege.tuwien.ac.at\/index.php\/vorlesung-denkmalpflege-ws-23-24\/","url":"https:\/\/denkmalpflege.tuwien.ac.at\/index.php\/vorlesung-denkmalpflege-ws-23-24\/","name":"Vorlesung Denkmalpflege WS 23\/24 - Denkmalpflege und Bauen im Bestand","isPartOf":{"@id":"https:\/\/denkmalpflege.tuwien.ac.at\/#website"},"primaryImageOfPage":{"@id":"https:\/\/denkmalpflege.tuwien.ac.at\/index.php\/vorlesung-denkmalpflege-ws-23-24\/#primaryimage"},"image":{"@id":"https:\/\/denkmalpflege.tuwien.ac.at\/index.php\/vorlesung-denkmalpflege-ws-23-24\/#primaryimage"},"thumbnailUrl":"http:\/\/denkmalpflege.tuwien.ac.at\/wp-content\/uploads\/2023\/09\/LVA_denkmalpflege-vorlesung-783x1024.jpg","datePublished":"2023-09-14T10:31:51+00:00","dateModified":"2024-09-02T09:58:57+00:00","breadcrumb":{"@id":"https:\/\/denkmalpflege.tuwien.ac.at\/index.php\/vorlesung-denkmalpflege-ws-23-24\/#breadcrumb"},"inLanguage":"de","potentialAction":[{"@type":"ReadAction","target":["https:\/\/denkmalpflege.tuwien.ac.at\/index.php\/vorlesung-denkmalpflege-ws-23-24\/"]}]},{"@type":"ImageObject","inLanguage":"de","@id":"https:\/\/denkmalpflege.tuwien.ac.at\/index.php\/vorlesung-denkmalpflege-ws-23-24\/#primaryimage","url":"https:\/\/denkmalpflege.tuwien.ac.at\/wp-content\/uploads\/2023\/09\/LVA_denkmalpflege-vorlesung-scaled.jpg","contentUrl":"https:\/\/denkmalpflege.tuwien.ac.at\/wp-content\/uploads\/2023\/09\/LVA_denkmalpflege-vorlesung-scaled.jpg","width":1957,"height":2560},{"@type":"BreadcrumbList","@id":"https:\/\/denkmalpflege.tuwien.ac.at\/index.php\/vorlesung-denkmalpflege-ws-23-24\/#breadcrumb","itemListElement":[{"@type":"ListItem","position":1,"name":"Startseite","item":"https:\/\/denkmalpflege.tuwien.ac.at\/"},{"@type":"ListItem","position":2,"name":"Vorlesung Denkmalpflege WS 23\/24"}]},{"@type":"WebSite","@id":"https:\/\/denkmalpflege.tuwien.ac.at\/#website","url":"https:\/\/denkmalpflege.tuwien.ac.at\/","name":"Denkmalpflege und Bauen im Bestand","description":"Denkmalpflege TU Wien","publisher":{"@id":"https:\/\/denkmalpflege.tuwien.ac.at\/#organization"},"potentialAction":[{"@type":"SearchAction","target":{"@type":"EntryPoint","urlTemplate":"https:\/\/denkmalpflege.tuwien.ac.at\/?s={search_term_string}"},"query-input":{"@type":"PropertyValueSpecification","valueRequired":true,"valueName":"search_term_string"}}],"inLanguage":"de"},{"@type":"Organization","@id":"https:\/\/denkmalpflege.tuwien.ac.at\/#organization","name":"TU Wien Denkmalpflege und Bauen im Bestand","url":"https:\/\/denkmalpflege.tuwien.ac.at\/","logo":{"@type":"ImageObject","inLanguage":"de","@id":"https:\/\/denkmalpflege.tuwien.ac.at\/#\/schema\/logo\/image\/","url":"https:\/\/denkmalpflege.tuwien.ac.at\/wp-content\/uploads\/2019\/10\/Logo1.png","contentUrl":"https:\/\/denkmalpflege.tuwien.ac.at\/wp-content\/uploads\/2019\/10\/Logo1.png","width":222,"height":79,"caption":"TU Wien Denkmalpflege und Bauen im Bestand"},"image":{"@id":"https:\/\/denkmalpflege.tuwien.ac.at\/#\/schema\/logo\/image\/"}}]}},"_links":{"self":[{"href":"https:\/\/denkmalpflege.tuwien.ac.at\/index.php\/wp-json\/wp\/v2\/pages\/27007","targetHints":{"allow":["GET"]}}],"collection":[{"href":"https:\/\/denkmalpflege.tuwien.ac.at\/index.php\/wp-json\/wp\/v2\/pages"}],"about":[{"href":"https:\/\/denkmalpflege.tuwien.ac.at\/index.php\/wp-json\/wp\/v2\/types\/page"}],"author":[{"embeddable":true,"href":"https:\/\/denkmalpflege.tuwien.ac.at\/index.php\/wp-json\/wp\/v2\/users\/1"}],"replies":[{"embeddable":true,"href":"https:\/\/denkmalpflege.tuwien.ac.at\/index.php\/wp-json\/wp\/v2\/comments?post=27007"}],"version-history":[{"count":43,"href":"https:\/\/denkmalpflege.tuwien.ac.at\/index.php\/wp-json\/wp\/v2\/pages\/27007\/revisions"}],"predecessor-version":[{"id":31699,"href":"https:\/\/denkmalpflege.tuwien.ac.at\/index.php\/wp-json\/wp\/v2\/pages\/27007\/revisions\/31699"}],"wp:attachment":[{"href":"https:\/\/denkmalpflege.tuwien.ac.at\/index.php\/wp-json\/wp\/v2\/media?parent=27007"}],"curies":[{"name":"wp","href":"https:\/\/api.w.org\/{rel}","templated":true}]}}