{"id":26936,"date":"2023-09-14T12:29:33","date_gmt":"2023-09-14T10:29:33","guid":{"rendered":"https:\/\/denkmalpflege.tuwien.ac.at\/?page_id=26936"},"modified":"2024-12-10T15:30:18","modified_gmt":"2024-12-10T14:30:18","slug":"wahlseminar-parkbank-und-wuerstelstand-ws-23-24","status":"publish","type":"page","link":"https:\/\/denkmalpflege.tuwien.ac.at\/index.php\/lehre-2\/lva-wintersemester-23-24\/wahlseminar-parkbank-und-wuerstelstand-ws-23-24\/","title":{"rendered":"Wahlseminar Parkbank und W\u00fcrstelstand WS 23\/24"},"content":{"rendered":"\t\t<div data-elementor-type=\"wp-page\" data-elementor-id=\"26936\" class=\"elementor elementor-26936\" data-elementor-post-type=\"page\">\n\t\t\t\t\t\t<section class=\"elementor-section elementor-top-section elementor-element elementor-element-deadf1c elementor-section-full_width elementor-section-height-default elementor-section-height-default\" data-id=\"deadf1c\" data-element_type=\"section\">\n\t\t\t\t\t\t<div class=\"elementor-container elementor-column-gap-default\">\n\t\t\t\t\t<div class=\"elementor-column elementor-col-50 elementor-top-column elementor-element elementor-element-4d03bc4\" data-id=\"4d03bc4\" data-element_type=\"column\">\n\t\t\t<div class=\"elementor-widget-wrap elementor-element-populated\">\n\t\t\t\t\t\t<div class=\"elementor-element elementor-element-8c906e4 elementor-widget elementor-widget-heading\" data-id=\"8c906e4\" data-element_type=\"widget\" data-widget_type=\"heading.default\">\n\t\t\t\t<div class=\"elementor-widget-container\">\n\t\t\t\t\t<h2 class=\"elementor-heading-title elementor-size-default\"><a href=\"http:\/\/denkmalpflege.tuwien.ac.at\/index.php\/lva-wintersemester-23-24\/\">LVA WS 23\/24<\/a><\/h2>\t\t\t\t<\/div>\n\t\t\t\t<\/div>\n\t\t\t\t\t<\/div>\n\t\t<\/div>\n\t\t\t\t<div class=\"elementor-column elementor-col-50 elementor-top-column elementor-element elementor-element-479528d\" data-id=\"479528d\" data-element_type=\"column\">\n\t\t\t<div class=\"elementor-widget-wrap elementor-element-populated\">\n\t\t\t\t\t\t<div class=\"elementor-element elementor-element-c31b410 elementor-widget elementor-widget-heading\" data-id=\"c31b410\" data-element_type=\"widget\" data-widget_type=\"heading.default\">\n\t\t\t\t<div class=\"elementor-widget-container\">\n\t\t\t\t\t<h2 class=\"elementor-heading-title elementor-size-default\">251.883 <span style=\"float: right\"> 3,5 h (5,0 ECTS)<\/span><\/h2>\t\t\t\t<\/div>\n\t\t\t\t<\/div>\n\t\t\t\t\t<\/div>\n\t\t<\/div>\n\t\t\t\t\t<\/div>\n\t\t<\/section>\n\t\t\t\t<section class=\"elementor-section elementor-top-section elementor-element elementor-element-6b2aa10 elementor-section-full_width elementor-section-height-default elementor-section-height-default\" data-id=\"6b2aa10\" data-element_type=\"section\">\n\t\t\t\t\t\t<div class=\"elementor-container elementor-column-gap-default\">\n\t\t\t\t\t<div class=\"elementor-column elementor-col-50 elementor-top-column elementor-element elementor-element-e2adb81\" data-id=\"e2adb81\" data-element_type=\"column\">\n\t\t\t<div class=\"elementor-widget-wrap elementor-element-populated\">\n\t\t\t\t\t\t<div class=\"elementor-element elementor-element-0cdda1f elementor-nav-menu__align-start elementor-nav-menu--dropdown-mobile elementor-nav-menu__text-align-aside elementor-nav-menu--toggle elementor-nav-menu--burger elementor-widget elementor-widget-nav-menu\" data-id=\"0cdda1f\" data-element_type=\"widget\" data-settings=\"{&quot;layout&quot;:&quot;vertical&quot;,&quot;submenu_icon&quot;:{&quot;value&quot;:&quot;&lt;i class=\\&quot;\\&quot; aria-hidden=\\&quot;true\\&quot;&gt;&lt;\\\/i&gt;&quot;,&quot;library&quot;:&quot;&quot;},&quot;toggle&quot;:&quot;burger&quot;}\" data-widget_type=\"nav-menu.default\">\n\t\t\t\t<div class=\"elementor-widget-container\">\n\t\t\t\t\t\t\t\t<nav aria-label=\"Men\u00fc\" class=\"elementor-nav-menu--main elementor-nav-menu__container elementor-nav-menu--layout-vertical e--pointer-none\">\n\t\t\t\t<ul id=\"menu-1-0cdda1f\" class=\"elementor-nav-menu sm-vertical\"><li class=\"menu-item menu-item-type-post_type menu-item-object-page menu-item-26967\"><a href=\"https:\/\/denkmalpflege.tuwien.ac.at\/index.php\/entwerfen-wieder-baden-am-see-ws-23-24\/\" class=\"elementor-item\">Entwerfen Wieder baden am See<\/a><\/li>\n<li class=\"menu-item menu-item-type-post_type menu-item-object-page menu-item-26966\"><a href=\"https:\/\/denkmalpflege.tuwien.ac.at\/index.php\/lehre-2\/lva-wintersemester-23-24\/entwerfen-vorarlberger-textilpioniere-ws-23-24\/\" class=\"elementor-item\">Entwerfen Vorarlberger Textilpioniere<\/a><\/li>\n<li class=\"menu-item menu-item-type-post_type menu-item-object-page menu-item-27017\"><a href=\"https:\/\/denkmalpflege.tuwien.ac.at\/index.php\/lehre-2\/lva-wintersemester-23-24\/uebung-wiener-guertel-ws-23-24\/\" class=\"elementor-item\">\u00dcbung Wiener G\u00fcrtel<\/a><\/li>\n<li class=\"menu-item menu-item-type-post_type menu-item-object-page menu-item-27016\"><a href=\"https:\/\/denkmalpflege.tuwien.ac.at\/index.php\/lehre-2\/lva-wintersemester-23-24\/wahlseminar-parkbank-und-wuerstelstand-ws-23-24\/\" class=\"elementor-item\">Wahlseminar Parkbank und W\u00fcrstelstand<\/a><\/li>\n<li class=\"menu-item menu-item-type-post_type menu-item-object-page menu-item-27015\"><a href=\"https:\/\/denkmalpflege.tuwien.ac.at\/index.php\/vorlesung-denkmalpflege-ws-23-24\/\" class=\"elementor-item\">Vorlesung Denkmalpflege<\/a><\/li>\n<\/ul>\t\t\t<\/nav>\n\t\t\t\t\t<div class=\"elementor-menu-toggle\" role=\"button\" tabindex=\"0\" aria-label=\"Men\u00fc Umschalter\" aria-expanded=\"false\">\n\t\t\t<i aria-hidden=\"true\" role=\"presentation\" class=\"elementor-menu-toggle__icon--open eicon-menu-bar\"><\/i><i aria-hidden=\"true\" role=\"presentation\" class=\"elementor-menu-toggle__icon--close eicon-close\"><\/i>\t\t<\/div>\n\t\t\t\t\t<nav class=\"elementor-nav-menu--dropdown elementor-nav-menu__container\" aria-hidden=\"true\">\n\t\t\t\t<ul id=\"menu-2-0cdda1f\" class=\"elementor-nav-menu sm-vertical\"><li class=\"menu-item menu-item-type-post_type menu-item-object-page menu-item-26967\"><a href=\"https:\/\/denkmalpflege.tuwien.ac.at\/index.php\/entwerfen-wieder-baden-am-see-ws-23-24\/\" class=\"elementor-item\" tabindex=\"-1\">Entwerfen Wieder baden am See<\/a><\/li>\n<li class=\"menu-item menu-item-type-post_type menu-item-object-page menu-item-26966\"><a href=\"https:\/\/denkmalpflege.tuwien.ac.at\/index.php\/lehre-2\/lva-wintersemester-23-24\/entwerfen-vorarlberger-textilpioniere-ws-23-24\/\" class=\"elementor-item\" tabindex=\"-1\">Entwerfen Vorarlberger Textilpioniere<\/a><\/li>\n<li class=\"menu-item menu-item-type-post_type menu-item-object-page menu-item-27017\"><a href=\"https:\/\/denkmalpflege.tuwien.ac.at\/index.php\/lehre-2\/lva-wintersemester-23-24\/uebung-wiener-guertel-ws-23-24\/\" class=\"elementor-item\" tabindex=\"-1\">\u00dcbung Wiener G\u00fcrtel<\/a><\/li>\n<li class=\"menu-item menu-item-type-post_type menu-item-object-page menu-item-27016\"><a href=\"https:\/\/denkmalpflege.tuwien.ac.at\/index.php\/lehre-2\/lva-wintersemester-23-24\/wahlseminar-parkbank-und-wuerstelstand-ws-23-24\/\" class=\"elementor-item\" tabindex=\"-1\">Wahlseminar Parkbank und W\u00fcrstelstand<\/a><\/li>\n<li class=\"menu-item menu-item-type-post_type menu-item-object-page menu-item-27015\"><a href=\"https:\/\/denkmalpflege.tuwien.ac.at\/index.php\/vorlesung-denkmalpflege-ws-23-24\/\" class=\"elementor-item\" tabindex=\"-1\">Vorlesung Denkmalpflege<\/a><\/li>\n<\/ul>\t\t\t<\/nav>\n\t\t\t\t\t\t<\/div>\n\t\t\t\t<\/div>\n\t\t\t\t\t<\/div>\n\t\t<\/div>\n\t\t\t\t<div class=\"elementor-column elementor-col-50 elementor-top-column elementor-element elementor-element-e238d9c\" data-id=\"e238d9c\" data-element_type=\"column\">\n\t\t\t<div class=\"elementor-widget-wrap elementor-element-populated\">\n\t\t\t\t\t\t<div class=\"elementor-element elementor-element-cec6f63 elementor-widget elementor-widget-heading\" data-id=\"cec6f63\" data-element_type=\"widget\" data-widget_type=\"heading.default\">\n\t\t\t\t<div class=\"elementor-widget-container\">\n\t\t\t\t\t<h2 class=\"elementor-heading-title elementor-size-default\">Parkbank und W\u00fcrstelstand<\/h2>\t\t\t\t<\/div>\n\t\t\t\t<\/div>\n\t\t\t\t<div class=\"elementor-element elementor-element-2689c2e elementor-widget elementor-widget-text-editor\" data-id=\"2689c2e\" data-element_type=\"widget\" data-widget_type=\"text-editor.default\">\n\t\t\t\t<div class=\"elementor-widget-container\">\n\t\t\t\t\t\t\t\t\t<p>Wahlseminar<\/p>\t\t\t\t\t\t\t\t<\/div>\n\t\t\t\t<\/div>\n\t\t\t\t<div class=\"elementor-element elementor-element-eaf6b09 silde_dipl elementor-arrows-position-inside elementor-widget elementor-widget-image-carousel\" data-id=\"eaf6b09\" data-element_type=\"widget\" data-settings=\"{&quot;slides_to_show&quot;:&quot;1&quot;,&quot;navigation&quot;:&quot;arrows&quot;,&quot;autoplay&quot;:&quot;no&quot;,&quot;infinite&quot;:&quot;yes&quot;,&quot;effect&quot;:&quot;slide&quot;,&quot;speed&quot;:500}\" data-widget_type=\"image-carousel.default\">\n\t\t\t\t<div class=\"elementor-widget-container\">\n\t\t\t\t\t\t\t<div class=\"elementor-image-carousel-wrapper swiper\" role=\"region\" aria-roledescription=\"carousel\" aria-label=\"Bild Karussell\" dir=\"ltr\">\n\t\t\t<div class=\"elementor-image-carousel swiper-wrapper swiper-image-stretch\" aria-live=\"polite\">\n\t\t\t\t\t\t\t\t<div class=\"swiper-slide\" role=\"group\" aria-roledescription=\"slide\" aria-label=\"1 von 5\"><a data-elementor-open-lightbox=\"yes\" data-elementor-lightbox-slideshow=\"eaf6b09\" data-e-action-hash=\"#elementor-action%3Aaction%3Dlightbox%26settings%3DeyJpZCI6MjcxMjAsInVybCI6Imh0dHBzOlwvXC9kZW5rbWFscGZsZWdlLnR1d2llbi5hYy5hdFwvd3AtY29udGVudFwvdXBsb2Fkc1wvMjAyM1wvMDlcL3BhcmtiYW5rLXVuZC13dWVyc3RlbHN0YW5kLTUtc2NhbGVkLmpwZyIsInNsaWRlc2hvdyI6ImVhZjZiMDkifQ%3D%3D\" href=\"https:\/\/denkmalpflege.tuwien.ac.at\/wp-content\/uploads\/2023\/09\/parkbank-und-wuerstelstand-5-scaled.jpg\"><figure class=\"swiper-slide-inner\"><img decoding=\"async\" class=\"swiper-slide-image\" src=\"https:\/\/denkmalpflege.tuwien.ac.at\/wp-content\/uploads\/2023\/09\/parkbank-und-wuerstelstand-5-768x1024.jpg\" alt=\"parkbank und w\u00fcrstelstand (5)\" \/><\/figure><\/a><\/div><div class=\"swiper-slide\" role=\"group\" aria-roledescription=\"slide\" aria-label=\"2 von 5\"><a data-elementor-open-lightbox=\"yes\" data-elementor-lightbox-slideshow=\"eaf6b09\" data-e-action-hash=\"#elementor-action%3Aaction%3Dlightbox%26settings%3DeyJpZCI6MjcxMTcsInVybCI6Imh0dHBzOlwvXC9kZW5rbWFscGZsZWdlLnR1d2llbi5hYy5hdFwvd3AtY29udGVudFwvdXBsb2Fkc1wvMjAyM1wvMDlcL3BhcmtiYW5rLXVuZC13dWVyc3RlbHN0YW5kLTItc2NhbGVkLmpwZyIsInNsaWRlc2hvdyI6ImVhZjZiMDkifQ%3D%3D\" href=\"https:\/\/denkmalpflege.tuwien.ac.at\/wp-content\/uploads\/2023\/09\/parkbank-und-wuerstelstand-2-scaled.jpg\"><figure class=\"swiper-slide-inner\"><img decoding=\"async\" class=\"swiper-slide-image\" src=\"https:\/\/denkmalpflege.tuwien.ac.at\/wp-content\/uploads\/2023\/09\/parkbank-und-wuerstelstand-2-768x1024.jpg\" alt=\"parkbank und w\u00fcrstelstand (2)\" \/><\/figure><\/a><\/div><div class=\"swiper-slide\" role=\"group\" aria-roledescription=\"slide\" aria-label=\"3 von 5\"><a data-elementor-open-lightbox=\"yes\" data-elementor-lightbox-slideshow=\"eaf6b09\" data-e-action-hash=\"#elementor-action%3Aaction%3Dlightbox%26settings%3DeyJpZCI6MjcxMTgsInVybCI6Imh0dHBzOlwvXC9kZW5rbWFscGZsZWdlLnR1d2llbi5hYy5hdFwvd3AtY29udGVudFwvdXBsb2Fkc1wvMjAyM1wvMDlcL3BhcmtiYW5rLXVuZC13dWVyc3RlbHN0YW5kLTMtc2NhbGVkLmpwZyIsInNsaWRlc2hvdyI6ImVhZjZiMDkifQ%3D%3D\" href=\"https:\/\/denkmalpflege.tuwien.ac.at\/wp-content\/uploads\/2023\/09\/parkbank-und-wuerstelstand-3-scaled.jpg\"><figure class=\"swiper-slide-inner\"><img decoding=\"async\" class=\"swiper-slide-image\" src=\"https:\/\/denkmalpflege.tuwien.ac.at\/wp-content\/uploads\/2023\/09\/parkbank-und-wuerstelstand-3-768x1024.jpg\" alt=\"parkbank und w\u00fcrstelstand (3)\" \/><\/figure><\/a><\/div><div class=\"swiper-slide\" role=\"group\" aria-roledescription=\"slide\" aria-label=\"4 von 5\"><a data-elementor-open-lightbox=\"yes\" data-elementor-lightbox-slideshow=\"eaf6b09\" data-e-action-hash=\"#elementor-action%3Aaction%3Dlightbox%26settings%3DeyJpZCI6MjcxMTksInVybCI6Imh0dHBzOlwvXC9kZW5rbWFscGZsZWdlLnR1d2llbi5hYy5hdFwvd3AtY29udGVudFwvdXBsb2Fkc1wvMjAyM1wvMDlcL3BhcmtiYW5rLXVuZC13dWVyc3RlbHN0YW5kLTQtc2NhbGVkLmpwZyIsInNsaWRlc2hvdyI6ImVhZjZiMDkifQ%3D%3D\" href=\"https:\/\/denkmalpflege.tuwien.ac.at\/wp-content\/uploads\/2023\/09\/parkbank-und-wuerstelstand-4-scaled.jpg\"><figure class=\"swiper-slide-inner\"><img decoding=\"async\" class=\"swiper-slide-image\" src=\"https:\/\/denkmalpflege.tuwien.ac.at\/wp-content\/uploads\/2023\/09\/parkbank-und-wuerstelstand-4-768x1024.jpg\" alt=\"parkbank und w\u00fcrstelstand (4)\" \/><\/figure><\/a><\/div><div class=\"swiper-slide\" role=\"group\" aria-roledescription=\"slide\" aria-label=\"5 von 5\"><a data-elementor-open-lightbox=\"yes\" data-elementor-lightbox-slideshow=\"eaf6b09\" data-e-action-hash=\"#elementor-action%3Aaction%3Dlightbox%26settings%3DeyJpZCI6MjcxMTYsInVybCI6Imh0dHBzOlwvXC9kZW5rbWFscGZsZWdlLnR1d2llbi5hYy5hdFwvd3AtY29udGVudFwvdXBsb2Fkc1wvMjAyM1wvMDlcL3BhcmtiYW5rLXVuZC13dWVyc3RlbHN0YW5kLTEucG5nIiwic2xpZGVzaG93IjoiZWFmNmIwOSJ9\" href=\"https:\/\/denkmalpflege.tuwien.ac.at\/wp-content\/uploads\/2023\/09\/parkbank-und-wuerstelstand-1.png\"><figure class=\"swiper-slide-inner\"><img decoding=\"async\" class=\"swiper-slide-image\" src=\"https:\/\/denkmalpflege.tuwien.ac.at\/wp-content\/uploads\/2023\/09\/parkbank-und-wuerstelstand-1-768x960.png\" alt=\"parkbank und w\u00fcrstelstand (1)\" \/><\/figure><\/a><\/div>\t\t\t<\/div>\n\t\t\t\t\t\t\t\t\t\t\t\t<div class=\"elementor-swiper-button elementor-swiper-button-prev\" role=\"button\" tabindex=\"0\">\n\t\t\t\t\t\t<i aria-hidden=\"true\" class=\"eicon-chevron-left\"><\/i>\t\t\t\t\t<\/div>\n\t\t\t\t\t<div class=\"elementor-swiper-button elementor-swiper-button-next\" role=\"button\" tabindex=\"0\">\n\t\t\t\t\t\t<i aria-hidden=\"true\" class=\"eicon-chevron-right\"><\/i>\t\t\t\t\t<\/div>\n\t\t\t\t\n\t\t\t\t\t\t\t\t\t<\/div>\n\t\t\t\t\t\t<\/div>\n\t\t\t\t<\/div>\n\t\t\t\t<div class=\"elementor-element elementor-element-7137792 elementor-widget elementor-widget-heading\" data-id=\"7137792\" data-element_type=\"widget\" data-widget_type=\"heading.default\">\n\t\t\t\t<div class=\"elementor-widget-container\">\n\t\t\t\t\t<p class=\"elementor-heading-title elementor-size-default\">Sophie STACKMANN<\/p>\t\t\t\t<\/div>\n\t\t\t\t<\/div>\n\t\t\t\t<div class=\"elementor-element elementor-element-32d6f8a elementor-widget elementor-widget-text-editor\" data-id=\"32d6f8a\" data-element_type=\"widget\" data-widget_type=\"text-editor.default\">\n\t\t\t\t<div class=\"elementor-widget-container\">\n\t\t\t\t\t\t\t\t\t<p><span style=\"text-decoration: underline;\"><a href=\"https:\/\/denkmalpflege.tuwien.ac.at\/index.php\/studierendenarbeiten\/stadtmobiliar-und-kleinbauten-als-kulturelles-erbe-studierendenarbeiten\/\"><strong>Studierendenarbeiten aus dieser Lehrveranstaltung ansehen<\/strong><\/a><\/span><\/p>\t\t\t\t\t\t\t\t<\/div>\n\t\t\t\t<\/div>\n\t\t\t\t<div class=\"elementor-element elementor-element-8f53aa6 elementor-widget elementor-widget-text-editor\" data-id=\"8f53aa6\" data-element_type=\"widget\" data-widget_type=\"text-editor.default\">\n\t\t\t\t<div class=\"elementor-widget-container\">\n\t\t\t\t\t\t\t\t\t<p><strong>Einf\u00fchrung<br \/><\/strong>Donnerstag, 12.10.2023, 14:00 Uhr,<br \/>Seminarraum 257<\/p>\t\t\t\t\t\t\t\t<\/div>\n\t\t\t\t<\/div>\n\t\t\t\t<div class=\"elementor-element elementor-element-8ffb9e5 elementor-widget elementor-widget-text-editor\" data-id=\"8ffb9e5\" data-element_type=\"widget\" data-widget_type=\"text-editor.default\">\n\t\t\t\t<div class=\"elementor-widget-container\">\n\t\t\t\t\t\t\t\t\t<p><strong>Termine<br \/><\/strong>w\u00f6chentlich Donnerstag, 14:00 &#8211; 16:00 Uhr, SR 257 (Stiege 3, 2. Stock).<\/p>\t\t\t\t\t\t\t\t<\/div>\n\t\t\t\t<\/div>\n\t\t\t\t<div class=\"elementor-element elementor-element-2b2108a elementor-widget elementor-widget-text-editor\" data-id=\"2b2108a\" data-element_type=\"widget\" data-widget_type=\"text-editor.default\">\n\t\t\t\t<div class=\"elementor-widget-container\">\n\t\t\t\t\t\t\t\t\t<p><strong>Anmeldung<br \/><\/strong>Bewerbung via TISS<\/p>\t\t\t\t\t\t\t\t<\/div>\n\t\t\t\t<\/div>\n\t\t\t\t<div class=\"elementor-element elementor-element-bf82a69 elementor-widget elementor-widget-text-editor\" data-id=\"bf82a69\" data-element_type=\"widget\" data-widget_type=\"text-editor.default\">\n\t\t\t\t<div class=\"elementor-widget-container\">\n\t\t\t\t\t\t\t\t\t<p><strong>Lernergebnisse<\/strong><br \/>Nach positiver Absolvierung der Lehrveranstaltung sind Studierende in der Lage\u00a0eine Forschungsfrage zu entwickeln und in der Form eines selbstst\u00e4ndig verfassten wissenschaftlichen Textes zu diskutieren. Die Studierenden k\u00f6nnen nach Absolvierung der Lehrveranstaltung au\u00dferdem grundlegende Methoden der Stadtforschung, Denkmalwissenschaften und Heritage Studies benennen. Au\u00dferdem k\u00f6nnen sie die gesellschaftlich bedingten Bedeutungszuschreibungen an Denkm\u00e4ler bewerten.<\/p>\t\t\t\t\t\t\t\t<\/div>\n\t\t\t\t<\/div>\n\t\t\t\t<div class=\"elementor-element elementor-element-8e2d238 elementor-widget elementor-widget-text-editor\" data-id=\"8e2d238\" data-element_type=\"widget\" data-widget_type=\"text-editor.default\">\n\t\t\t\t<div class=\"elementor-widget-container\">\n\t\t\t\t\t\t\t\t\t<p><b>Inhalt<\/b><strong> der Lehrveranstaltung<br \/><\/strong><em>Parkbank und W\u00fcrstelstand: Stadtmobiliar und Kleinbauten als kulturelles Erbe<\/em><\/p><p>Auf den ersten Blick sind Objekte wie Poller, M\u00fclleimer, B\u00e4nke, Brunnen, \u00f6ffentliche Toiletten oder W\u00fcrstelst\u00e4nde zwar in gro\u00dfer Zahl im Stadtraum pr\u00e4sent, doch verglichen mit gro\u00dfen repr\u00e4sentativen und architektonisch aufwendig gestalteten Bauten scheinen sie eher von marginaler Bedeutung f\u00fcr ein Stadtbild zu sein. Dennoch pr\u00e4gen Stadtmobiliar und Kleinbauten ma\u00dfgeblich das allt\u00e4gliche Leben. Beispielsweise stellen B\u00e4nke erholsame Sitzgelegenheiten dar, W\u00fcrstelst\u00e4nde bieten Erfrischungen an oder Poller regeln den Verkehrsfluss. Auf diese Weise haben Stadtmobiliar und Kleinbauten vielf\u00e4ltige praktische Funktionen und dienen stellen oftmals auch soziale Treffpunkte dar. Manche Objekte erreichen einen regelrechten Kultstatus wie die \u00f6ffentlichen Personenwaagen in Wien oder der Wiener W\u00fcrstelstand. Einige \u00f6ffentliche Bed\u00fcrfnisanstalten stehen etwa unter Denkmalschutz. Somit pr\u00e4gen Stadtmobiliar und Kleinbauten nicht nur den praktischen Alltag einer Stadt, ihnen werden auch symbolische Bedeutungen und unterschiedliche Status als kulturelles Erbe zugeschrieben. Dabei spielen auch Mechanismen des sozialen Ein- und Ausschlusses eine Rolle. Denn das Stadtmobiliar ist Teil des \u00f6ffentlichen Raums, der historisch als ein Ort konzipiert wurde, an dem die Zugeh\u00f6rigkeit zu einer Gesellschaft definiert und Gemeinschaft praktiziert wird. Somit kn\u00fcpfen sich an die Betrachtung von Stadtmobiliar und Kleinbauten als ein Erbe der Stadt auch Fragen danach an, wie \u00f6ffentlicher Raum zu unterschiedlichen Zeiten verstanden wurde und welche Konsequenzen diese Re-Figurationen des \u00f6ffentlichen Raums f\u00fcr die Teilhabe der Menschen an der Gesellschaft haben.<\/p><p>Mit dem skizzierten Themenfeld setzt sich das Wahlseminar auseinander und analysiert die Verteilung, die architektonischen und r\u00e4umlichen Qualit\u00e4ten, die Nutzung sowie die Aneignung von Stadtmobiliar und Kleinbauten in Wien. Folgende Fragen werden im Seminar diskutiert:<\/p><ul><li><p>Welche Elemente braucht es zur Ausstattung des \u00f6ffentlichen Raums einer Stadt?<\/p><\/li><li><p>Inwiefern pr\u00e4gen Stadtmobiliar und Kleinbauten den \u00f6ffentlichen Raum einer Stadt und das Selbstverst\u00e4ndnis ihrer Bewohner*innen? Inwiefern machen Stadtmobiliar und Kleinbauten urbane R\u00e4ume wiedererkennbar und stiften Identifikationsangebote f\u00fcr die Bev\u00f6lkerung?<\/p><\/li><li><p>Unterscheidet sich die Pr\u00e4gung des Stadtraums in Wien durch das Stadtmobiliar und die Kleinbauten von anderen St\u00e4dten? Gibt es m\u00f6glicherweise sogar Unterschiede zwischen einzelnen Stadtbezirken?<\/p><\/li><li><p>Besitzen Stadtmobiliar oder Kleinbauten eine Denkmalw\u00fcrdigkeit?<\/p><\/li><li><p>Spielt historisierendes Stadtmobiliar eine Rolle, um die Umgebung historischer Architektur zu gestalten und R\u00e4ume als historisch zu markieren?<\/p><\/li><li><p>Wer hat unter welchen Bedingungen am \u00f6ffentlichen Raum teil und nutzt das Stadtmobiliar oder die Kleinbauten? Wie hat sich die Nutzung historisch ver\u00e4ndert?<\/p><\/li><\/ul><p>Diese Lehrveranstaltung ist Teil der Initiative des Jahresthemas 2023\/24 \u201eTransformation des Bestands\u201c.<\/p>\t\t\t\t\t\t\t\t<\/div>\n\t\t\t\t<\/div>\n\t\t\t\t<div class=\"elementor-element elementor-element-e5791f3 elementor-widget-divider--view-line elementor-widget elementor-widget-divider\" data-id=\"e5791f3\" data-element_type=\"widget\" data-widget_type=\"divider.default\">\n\t\t\t\t<div class=\"elementor-widget-container\">\n\t\t\t\t\t\t\t<div class=\"elementor-divider\">\n\t\t\t<span class=\"elementor-divider-separator\">\n\t\t\t\t\t\t<\/span>\n\t\t<\/div>\n\t\t\t\t\t\t<\/div>\n\t\t\t\t<\/div>\n\t\t\t\t<section class=\"elementor-section elementor-inner-section elementor-element elementor-element-a6792ae elementor-section-boxed elementor-section-height-default elementor-section-height-default\" data-id=\"a6792ae\" data-element_type=\"section\">\n\t\t\t\t\t\t<div class=\"elementor-container elementor-column-gap-default\">\n\t\t\t\t\t<div class=\"elementor-column elementor-col-50 elementor-inner-column elementor-element elementor-element-9ed1d6f\" data-id=\"9ed1d6f\" data-element_type=\"column\">\n\t\t\t<div class=\"elementor-widget-wrap elementor-element-populated\">\n\t\t\t\t\t\t<div class=\"elementor-element elementor-element-82e99e3 elementor-widget elementor-widget-text-editor\" data-id=\"82e99e3\" data-element_type=\"widget\" data-widget_type=\"text-editor.default\">\n\t\t\t\t<div class=\"elementor-widget-container\">\n\t\t\t\t\t\t\t\t\t<p class=\"lva_text\"><a class=\"link link_blau\" href=\"https:\/\/tiss.tuwien.ac.at\/course\/courseDetails.xhtml?dswid=2219&amp;dsrid=186&amp;courseNr=251883&amp;semester=2023W\" target=\"_blank\" rel=\"noopener\">TISS<\/a><\/p>\t\t\t\t\t\t\t\t<\/div>\n\t\t\t\t<\/div>\n\t\t\t\t\t<\/div>\n\t\t<\/div>\n\t\t\t\t<div class=\"elementor-column elementor-col-50 elementor-inner-column elementor-element elementor-element-ff85c1b\" data-id=\"ff85c1b\" data-element_type=\"column\">\n\t\t\t<div class=\"elementor-widget-wrap\">\n\t\t\t\t\t\t\t<\/div>\n\t\t<\/div>\n\t\t\t\t\t<\/div>\n\t\t<\/section>\n\t\t\t\t\t<\/div>\n\t\t<\/div>\n\t\t\t\t\t<\/div>\n\t\t<\/section>\n\t\t\t\t<\/div>\n\t\t","protected":false},"excerpt":{"rendered":"<p>LVA WS 23\/24 251.883 3,5 h (5,0 ECTS) Parkbank und W\u00fcrstelstand Wahlseminar Sophie STACKMANN Studierendenarbeiten aus dieser Lehrveranstaltung ansehen Einf\u00fchrungDonnerstag, 12.10.2023, 14:00 Uhr,Seminarraum 257 Terminew\u00f6chentlich Donnerstag, 14:00 &#8211; 16:00 Uhr, SR 257 (Stiege 3, 2. Stock). AnmeldungBewerbung via TISS LernergebnisseNach positiver Absolvierung der Lehrveranstaltung sind Studierende in der Lage\u00a0eine Forschungsfrage zu entwickeln und in der Form eines selbstst\u00e4ndig verfassten wissenschaftlichen Textes zu diskutieren. Die Studierenden k\u00f6nnen nach Absolvierung der Lehrveranstaltung<\/p>\n<div class=\"belowpost\"><a class=\"btnmore icon-arrow\" href=\"https:\/\/denkmalpflege.tuwien.ac.at\/index.php\/lehre-2\/lva-wintersemester-23-24\/wahlseminar-parkbank-und-wuerstelstand-ws-23-24\/\"><span>Read More<\/span><\/a><\/div>\n","protected":false},"author":1,"featured_media":0,"parent":26875,"menu_order":0,"comment_status":"closed","ping_status":"closed","template":"","meta":{"footnotes":""},"class_list":["post-26936","page","type-page","status-publish","hentry"],"yoast_head":"<!-- This site is optimized with the Yoast SEO plugin v26.0 - https:\/\/yoast.com\/wordpress\/plugins\/seo\/ -->\n<title>Wahlseminar Parkbank und W\u00fcrstelstand WS 23\/24 - Denkmalpflege und Bauen im Bestand<\/title>\n<meta name=\"robots\" content=\"index, follow, max-snippet:-1, max-image-preview:large, max-video-preview:-1\" \/>\n<link rel=\"canonical\" href=\"https:\/\/denkmalpflege.tuwien.ac.at\/index.php\/lehre-2\/lva-wintersemester-23-24\/wahlseminar-parkbank-und-wuerstelstand-ws-23-24\/\" \/>\n<meta property=\"og:locale\" content=\"de_DE\" \/>\n<meta property=\"og:type\" content=\"article\" \/>\n<meta property=\"og:title\" content=\"Wahlseminar Parkbank und W\u00fcrstelstand WS 23\/24 - Denkmalpflege und Bauen im Bestand\" \/>\n<meta property=\"og:description\" content=\"LVA WS 23\/24 251.883 3,5 h (5,0 ECTS) Parkbank und W\u00fcrstelstand Wahlseminar Sophie STACKMANN Studierendenarbeiten aus dieser Lehrveranstaltung ansehen Einf\u00fchrungDonnerstag, 12.10.2023, 14:00 Uhr,Seminarraum 257 Terminew\u00f6chentlich Donnerstag, 14:00 &#8211; 16:00 Uhr, SR 257 (Stiege 3, 2. Stock). AnmeldungBewerbung via TISS LernergebnisseNach positiver Absolvierung der Lehrveranstaltung sind Studierende in der Lage\u00a0eine Forschungsfrage zu entwickeln und in der Form eines selbstst\u00e4ndig verfassten wissenschaftlichen Textes zu diskutieren. Die Studierenden k\u00f6nnen nach Absolvierung der LehrveranstaltungRead More\" \/>\n<meta property=\"og:url\" content=\"https:\/\/denkmalpflege.tuwien.ac.at\/index.php\/lehre-2\/lva-wintersemester-23-24\/wahlseminar-parkbank-und-wuerstelstand-ws-23-24\/\" \/>\n<meta property=\"og:site_name\" content=\"Denkmalpflege und Bauen im Bestand\" \/>\n<meta property=\"article:modified_time\" content=\"2024-12-10T14:30:18+00:00\" \/>\n<meta property=\"og:image\" content=\"http:\/\/denkmalpflege.tuwien.ac.at\/wp-content\/uploads\/2023\/09\/parkbank-und-wuerstelstand-5-768x1024.jpg\" \/>\n<meta name=\"twitter:card\" content=\"summary_large_image\" \/>\n<meta name=\"twitter:label1\" content=\"Gesch\u00e4tzte Lesezeit\" \/>\n\t<meta name=\"twitter:data1\" content=\"3\u00a0Minuten\" \/>\n<script type=\"application\/ld+json\" class=\"yoast-schema-graph\">{\"@context\":\"https:\/\/schema.org\",\"@graph\":[{\"@type\":\"WebPage\",\"@id\":\"https:\/\/denkmalpflege.tuwien.ac.at\/index.php\/lehre-2\/lva-wintersemester-23-24\/wahlseminar-parkbank-und-wuerstelstand-ws-23-24\/\",\"url\":\"https:\/\/denkmalpflege.tuwien.ac.at\/index.php\/lehre-2\/lva-wintersemester-23-24\/wahlseminar-parkbank-und-wuerstelstand-ws-23-24\/\",\"name\":\"Wahlseminar Parkbank und W\u00fcrstelstand WS 23\/24 - Denkmalpflege und Bauen im Bestand\",\"isPartOf\":{\"@id\":\"https:\/\/denkmalpflege.tuwien.ac.at\/#website\"},\"primaryImageOfPage\":{\"@id\":\"https:\/\/denkmalpflege.tuwien.ac.at\/index.php\/lehre-2\/lva-wintersemester-23-24\/wahlseminar-parkbank-und-wuerstelstand-ws-23-24\/#primaryimage\"},\"image\":{\"@id\":\"https:\/\/denkmalpflege.tuwien.ac.at\/index.php\/lehre-2\/lva-wintersemester-23-24\/wahlseminar-parkbank-und-wuerstelstand-ws-23-24\/#primaryimage\"},\"thumbnailUrl\":\"http:\/\/denkmalpflege.tuwien.ac.at\/wp-content\/uploads\/2023\/09\/parkbank-und-wuerstelstand-5-768x1024.jpg\",\"datePublished\":\"2023-09-14T10:29:33+00:00\",\"dateModified\":\"2024-12-10T14:30:18+00:00\",\"breadcrumb\":{\"@id\":\"https:\/\/denkmalpflege.tuwien.ac.at\/index.php\/lehre-2\/lva-wintersemester-23-24\/wahlseminar-parkbank-und-wuerstelstand-ws-23-24\/#breadcrumb\"},\"inLanguage\":\"de\",\"potentialAction\":[{\"@type\":\"ReadAction\",\"target\":[\"https:\/\/denkmalpflege.tuwien.ac.at\/index.php\/lehre-2\/lva-wintersemester-23-24\/wahlseminar-parkbank-und-wuerstelstand-ws-23-24\/\"]}]},{\"@type\":\"ImageObject\",\"inLanguage\":\"de\",\"@id\":\"https:\/\/denkmalpflege.tuwien.ac.at\/index.php\/lehre-2\/lva-wintersemester-23-24\/wahlseminar-parkbank-und-wuerstelstand-ws-23-24\/#primaryimage\",\"url\":\"https:\/\/denkmalpflege.tuwien.ac.at\/wp-content\/uploads\/2023\/09\/parkbank-und-wuerstelstand-5-scaled.jpg\",\"contentUrl\":\"https:\/\/denkmalpflege.tuwien.ac.at\/wp-content\/uploads\/2023\/09\/parkbank-und-wuerstelstand-5-scaled.jpg\",\"width\":1920,\"height\":2560},{\"@type\":\"BreadcrumbList\",\"@id\":\"https:\/\/denkmalpflege.tuwien.ac.at\/index.php\/lehre-2\/lva-wintersemester-23-24\/wahlseminar-parkbank-und-wuerstelstand-ws-23-24\/#breadcrumb\",\"itemListElement\":[{\"@type\":\"ListItem\",\"position\":1,\"name\":\"Startseite\",\"item\":\"https:\/\/denkmalpflege.tuwien.ac.at\/\"},{\"@type\":\"ListItem\",\"position\":2,\"name\":\"Lehre\",\"item\":\"https:\/\/denkmalpflege.tuwien.ac.at\/index.php\/lehre-2\/\"},{\"@type\":\"ListItem\",\"position\":3,\"name\":\"LVA Wintersemester 2023\/2024\",\"item\":\"https:\/\/denkmalpflege.tuwien.ac.at\/index.php\/lehre-2\/lva-wintersemester-23-24\/\"},{\"@type\":\"ListItem\",\"position\":4,\"name\":\"Wahlseminar Parkbank und W\u00fcrstelstand WS 23\/24\"}]},{\"@type\":\"WebSite\",\"@id\":\"https:\/\/denkmalpflege.tuwien.ac.at\/#website\",\"url\":\"https:\/\/denkmalpflege.tuwien.ac.at\/\",\"name\":\"Denkmalpflege und Bauen im Bestand\",\"description\":\"Denkmalpflege TU Wien\",\"publisher\":{\"@id\":\"https:\/\/denkmalpflege.tuwien.ac.at\/#organization\"},\"potentialAction\":[{\"@type\":\"SearchAction\",\"target\":{\"@type\":\"EntryPoint\",\"urlTemplate\":\"https:\/\/denkmalpflege.tuwien.ac.at\/?s={search_term_string}\"},\"query-input\":{\"@type\":\"PropertyValueSpecification\",\"valueRequired\":true,\"valueName\":\"search_term_string\"}}],\"inLanguage\":\"de\"},{\"@type\":\"Organization\",\"@id\":\"https:\/\/denkmalpflege.tuwien.ac.at\/#organization\",\"name\":\"TU Wien Denkmalpflege und Bauen im Bestand\",\"url\":\"https:\/\/denkmalpflege.tuwien.ac.at\/\",\"logo\":{\"@type\":\"ImageObject\",\"inLanguage\":\"de\",\"@id\":\"https:\/\/denkmalpflege.tuwien.ac.at\/#\/schema\/logo\/image\/\",\"url\":\"https:\/\/denkmalpflege.tuwien.ac.at\/wp-content\/uploads\/2019\/10\/Logo1.png\",\"contentUrl\":\"https:\/\/denkmalpflege.tuwien.ac.at\/wp-content\/uploads\/2019\/10\/Logo1.png\",\"width\":222,\"height\":79,\"caption\":\"TU Wien Denkmalpflege und Bauen im Bestand\"},\"image\":{\"@id\":\"https:\/\/denkmalpflege.tuwien.ac.at\/#\/schema\/logo\/image\/\"}}]}<\/script>\n<!-- \/ Yoast SEO plugin. -->","yoast_head_json":{"title":"Wahlseminar Parkbank und W\u00fcrstelstand WS 23\/24 - Denkmalpflege und Bauen im Bestand","robots":{"index":"index","follow":"follow","max-snippet":"max-snippet:-1","max-image-preview":"max-image-preview:large","max-video-preview":"max-video-preview:-1"},"canonical":"https:\/\/denkmalpflege.tuwien.ac.at\/index.php\/lehre-2\/lva-wintersemester-23-24\/wahlseminar-parkbank-und-wuerstelstand-ws-23-24\/","og_locale":"de_DE","og_type":"article","og_title":"Wahlseminar Parkbank und W\u00fcrstelstand WS 23\/24 - Denkmalpflege und Bauen im Bestand","og_description":"LVA WS 23\/24 251.883 3,5 h (5,0 ECTS) Parkbank und W\u00fcrstelstand Wahlseminar Sophie STACKMANN Studierendenarbeiten aus dieser Lehrveranstaltung ansehen Einf\u00fchrungDonnerstag, 12.10.2023, 14:00 Uhr,Seminarraum 257 Terminew\u00f6chentlich Donnerstag, 14:00 &#8211; 16:00 Uhr, SR 257 (Stiege 3, 2. Stock). AnmeldungBewerbung via TISS LernergebnisseNach positiver Absolvierung der Lehrveranstaltung sind Studierende in der Lage\u00a0eine Forschungsfrage zu entwickeln und in der Form eines selbstst\u00e4ndig verfassten wissenschaftlichen Textes zu diskutieren. Die Studierenden k\u00f6nnen nach Absolvierung der LehrveranstaltungRead More","og_url":"https:\/\/denkmalpflege.tuwien.ac.at\/index.php\/lehre-2\/lva-wintersemester-23-24\/wahlseminar-parkbank-und-wuerstelstand-ws-23-24\/","og_site_name":"Denkmalpflege und Bauen im Bestand","article_modified_time":"2024-12-10T14:30:18+00:00","og_image":[{"url":"http:\/\/denkmalpflege.tuwien.ac.at\/wp-content\/uploads\/2023\/09\/parkbank-und-wuerstelstand-5-768x1024.jpg","type":"","width":"","height":""}],"twitter_card":"summary_large_image","twitter_misc":{"Gesch\u00e4tzte Lesezeit":"3\u00a0Minuten"},"schema":{"@context":"https:\/\/schema.org","@graph":[{"@type":"WebPage","@id":"https:\/\/denkmalpflege.tuwien.ac.at\/index.php\/lehre-2\/lva-wintersemester-23-24\/wahlseminar-parkbank-und-wuerstelstand-ws-23-24\/","url":"https:\/\/denkmalpflege.tuwien.ac.at\/index.php\/lehre-2\/lva-wintersemester-23-24\/wahlseminar-parkbank-und-wuerstelstand-ws-23-24\/","name":"Wahlseminar Parkbank und W\u00fcrstelstand WS 23\/24 - Denkmalpflege und Bauen im Bestand","isPartOf":{"@id":"https:\/\/denkmalpflege.tuwien.ac.at\/#website"},"primaryImageOfPage":{"@id":"https:\/\/denkmalpflege.tuwien.ac.at\/index.php\/lehre-2\/lva-wintersemester-23-24\/wahlseminar-parkbank-und-wuerstelstand-ws-23-24\/#primaryimage"},"image":{"@id":"https:\/\/denkmalpflege.tuwien.ac.at\/index.php\/lehre-2\/lva-wintersemester-23-24\/wahlseminar-parkbank-und-wuerstelstand-ws-23-24\/#primaryimage"},"thumbnailUrl":"http:\/\/denkmalpflege.tuwien.ac.at\/wp-content\/uploads\/2023\/09\/parkbank-und-wuerstelstand-5-768x1024.jpg","datePublished":"2023-09-14T10:29:33+00:00","dateModified":"2024-12-10T14:30:18+00:00","breadcrumb":{"@id":"https:\/\/denkmalpflege.tuwien.ac.at\/index.php\/lehre-2\/lva-wintersemester-23-24\/wahlseminar-parkbank-und-wuerstelstand-ws-23-24\/#breadcrumb"},"inLanguage":"de","potentialAction":[{"@type":"ReadAction","target":["https:\/\/denkmalpflege.tuwien.ac.at\/index.php\/lehre-2\/lva-wintersemester-23-24\/wahlseminar-parkbank-und-wuerstelstand-ws-23-24\/"]}]},{"@type":"ImageObject","inLanguage":"de","@id":"https:\/\/denkmalpflege.tuwien.ac.at\/index.php\/lehre-2\/lva-wintersemester-23-24\/wahlseminar-parkbank-und-wuerstelstand-ws-23-24\/#primaryimage","url":"https:\/\/denkmalpflege.tuwien.ac.at\/wp-content\/uploads\/2023\/09\/parkbank-und-wuerstelstand-5-scaled.jpg","contentUrl":"https:\/\/denkmalpflege.tuwien.ac.at\/wp-content\/uploads\/2023\/09\/parkbank-und-wuerstelstand-5-scaled.jpg","width":1920,"height":2560},{"@type":"BreadcrumbList","@id":"https:\/\/denkmalpflege.tuwien.ac.at\/index.php\/lehre-2\/lva-wintersemester-23-24\/wahlseminar-parkbank-und-wuerstelstand-ws-23-24\/#breadcrumb","itemListElement":[{"@type":"ListItem","position":1,"name":"Startseite","item":"https:\/\/denkmalpflege.tuwien.ac.at\/"},{"@type":"ListItem","position":2,"name":"Lehre","item":"https:\/\/denkmalpflege.tuwien.ac.at\/index.php\/lehre-2\/"},{"@type":"ListItem","position":3,"name":"LVA Wintersemester 2023\/2024","item":"https:\/\/denkmalpflege.tuwien.ac.at\/index.php\/lehre-2\/lva-wintersemester-23-24\/"},{"@type":"ListItem","position":4,"name":"Wahlseminar Parkbank und W\u00fcrstelstand WS 23\/24"}]},{"@type":"WebSite","@id":"https:\/\/denkmalpflege.tuwien.ac.at\/#website","url":"https:\/\/denkmalpflege.tuwien.ac.at\/","name":"Denkmalpflege und Bauen im Bestand","description":"Denkmalpflege TU Wien","publisher":{"@id":"https:\/\/denkmalpflege.tuwien.ac.at\/#organization"},"potentialAction":[{"@type":"SearchAction","target":{"@type":"EntryPoint","urlTemplate":"https:\/\/denkmalpflege.tuwien.ac.at\/?s={search_term_string}"},"query-input":{"@type":"PropertyValueSpecification","valueRequired":true,"valueName":"search_term_string"}}],"inLanguage":"de"},{"@type":"Organization","@id":"https:\/\/denkmalpflege.tuwien.ac.at\/#organization","name":"TU Wien Denkmalpflege und Bauen im Bestand","url":"https:\/\/denkmalpflege.tuwien.ac.at\/","logo":{"@type":"ImageObject","inLanguage":"de","@id":"https:\/\/denkmalpflege.tuwien.ac.at\/#\/schema\/logo\/image\/","url":"https:\/\/denkmalpflege.tuwien.ac.at\/wp-content\/uploads\/2019\/10\/Logo1.png","contentUrl":"https:\/\/denkmalpflege.tuwien.ac.at\/wp-content\/uploads\/2019\/10\/Logo1.png","width":222,"height":79,"caption":"TU Wien Denkmalpflege und Bauen im Bestand"},"image":{"@id":"https:\/\/denkmalpflege.tuwien.ac.at\/#\/schema\/logo\/image\/"}}]}},"_links":{"self":[{"href":"https:\/\/denkmalpflege.tuwien.ac.at\/index.php\/wp-json\/wp\/v2\/pages\/26936","targetHints":{"allow":["GET"]}}],"collection":[{"href":"https:\/\/denkmalpflege.tuwien.ac.at\/index.php\/wp-json\/wp\/v2\/pages"}],"about":[{"href":"https:\/\/denkmalpflege.tuwien.ac.at\/index.php\/wp-json\/wp\/v2\/types\/page"}],"author":[{"embeddable":true,"href":"https:\/\/denkmalpflege.tuwien.ac.at\/index.php\/wp-json\/wp\/v2\/users\/1"}],"replies":[{"embeddable":true,"href":"https:\/\/denkmalpflege.tuwien.ac.at\/index.php\/wp-json\/wp\/v2\/comments?post=26936"}],"version-history":[{"count":37,"href":"https:\/\/denkmalpflege.tuwien.ac.at\/index.php\/wp-json\/wp\/v2\/pages\/26936\/revisions"}],"predecessor-version":[{"id":32210,"href":"https:\/\/denkmalpflege.tuwien.ac.at\/index.php\/wp-json\/wp\/v2\/pages\/26936\/revisions\/32210"}],"up":[{"embeddable":true,"href":"https:\/\/denkmalpflege.tuwien.ac.at\/index.php\/wp-json\/wp\/v2\/pages\/26875"}],"wp:attachment":[{"href":"https:\/\/denkmalpflege.tuwien.ac.at\/index.php\/wp-json\/wp\/v2\/media?parent=26936"}],"curies":[{"name":"wp","href":"https:\/\/api.w.org\/{rel}","templated":true}]}}