{"id":23743,"date":"2021-12-22T17:14:10","date_gmt":"2021-12-22T16:14:10","guid":{"rendered":"https:\/\/denkmalpflege.tuwien.ac.at\/?page_id=23743"},"modified":"2021-12-22T17:19:30","modified_gmt":"2021-12-22T16:19:30","slug":"wiener-schriften-band-6","status":"publish","type":"page","link":"https:\/\/denkmalpflege.tuwien.ac.at\/index.php\/wiener-schriften-band-6\/","title":{"rendered":"Wiener Schriften Band 6"},"content":{"rendered":"\t\t<div data-elementor-type=\"wp-page\" data-elementor-id=\"23743\" class=\"elementor elementor-23743\" data-elementor-post-type=\"page\">\n\t\t\t\t\t\t<section class=\"elementor-section elementor-top-section elementor-element elementor-element-2aa14b8 elementor-section-full_width elementor-section-stretched elementor-section-height-default elementor-section-height-default\" data-id=\"2aa14b8\" data-element_type=\"section\" data-settings=\"{&quot;stretch_section&quot;:&quot;section-stretched&quot;}\">\n\t\t\t\t\t\t<div class=\"elementor-container elementor-column-gap-default\">\n\t\t\t\t\t<div class=\"elementor-column elementor-col-100 elementor-top-column elementor-element elementor-element-9142b67\" data-id=\"9142b67\" data-element_type=\"column\">\n\t\t\t<div class=\"elementor-widget-wrap elementor-element-populated\">\n\t\t\t\t\t\t<div class=\"elementor-element elementor-element-a7bc5b5 elementor-widget elementor-widget-image\" data-id=\"a7bc5b5\" data-element_type=\"widget\" data-widget_type=\"image.default\">\n\t\t\t\t<div class=\"elementor-widget-container\">\n\t\t\t\t\t\t\t\t\t\t\t\t\t\t\t<img fetchpriority=\"high\" decoding=\"async\" width=\"29242\" height=\"15267\" src=\"https:\/\/denkmalpflege.tuwien.ac.at\/wp-content\/uploads\/2021\/12\/Wiener-Schriften_Band6.jpg\" class=\"attachment-full size-full wp-image-23745\" alt=\"\" \/>\t\t\t\t\t\t\t\t\t\t\t\t\t\t\t<\/div>\n\t\t\t\t<\/div>\n\t\t\t\t\t<\/div>\n\t\t<\/div>\n\t\t\t\t\t<\/div>\n\t\t<\/section>\n\t\t\t\t<section class=\"elementor-section elementor-top-section elementor-element elementor-element-c8895a0 elementor-section-full_width elementor-section-height-default elementor-section-height-default\" data-id=\"c8895a0\" data-element_type=\"section\">\n\t\t\t\t\t\t<div class=\"elementor-container elementor-column-gap-default\">\n\t\t\t\t\t<div class=\"elementor-column elementor-col-50 elementor-top-column elementor-element elementor-element-a4f082e\" data-id=\"a4f082e\" data-element_type=\"column\">\n\t\t\t<div class=\"elementor-widget-wrap elementor-element-populated\">\n\t\t\t\t\t\t<div class=\"elementor-element elementor-element-d1f0cd0 elementor-widget elementor-widget-heading\" data-id=\"d1f0cd0\" data-element_type=\"widget\" data-widget_type=\"heading.default\">\n\t\t\t\t<div class=\"elementor-widget-container\">\n\t\t\t\t\t<p class=\"elementor-heading-title elementor-size-default\">VON<\/p>\t\t\t\t<\/div>\n\t\t\t\t<\/div>\n\t\t\t\t<div class=\"elementor-element elementor-element-9aa3bc2 elementor-widget elementor-widget-text-editor\" data-id=\"9aa3bc2\" data-element_type=\"widget\" data-widget_type=\"text-editor.default\">\n\t\t\t\t<div class=\"elementor-widget-container\">\n\t\t\t\t\t\t\t\t\t<p>Silke Alber,<br \/>Gio Ponti. Valmartello al Paradiso del Cevedale, Geschichte eines Hotels in den Alpen <br \/>Deutscher Kunstverlag, Berlin M\u00fcnchen 2021.\u00a0<\/p>\t\t\t\t\t\t\t\t<\/div>\n\t\t\t\t<\/div>\n\t\t\t\t<div class=\"elementor-element elementor-element-52cbe4a elementor-widget elementor-widget-heading\" data-id=\"52cbe4a\" data-element_type=\"widget\" data-widget_type=\"heading.default\">\n\t\t\t\t<div class=\"elementor-widget-container\">\n\t\t\t\t\t<h2 class=\"elementor-heading-title elementor-size-default\">WO<\/h2>\t\t\t\t<\/div>\n\t\t\t\t<\/div>\n\t\t\t\t<div class=\"elementor-element elementor-element-c31718c elementor-widget elementor-widget-text-editor\" data-id=\"c31718c\" data-element_type=\"widget\" data-widget_type=\"text-editor.default\">\n\t\t\t\t<div class=\"elementor-widget-container\">\n\t\t\t\t\t\t\t\t\t<p>ISBN 978-3-422-07129-2. \u20ac 34.90,<br \/>erh\u00e4ltlich im Buchhandel oder direkt beim Deutschen Kunstverlag: <a href=\"https:\/\/www.degruyter.com\/document\/isbn\/9783422071292\/html\">www.degruyter.com<\/a><\/p>\t\t\t\t\t\t\t\t<\/div>\n\t\t\t\t<\/div>\n\t\t\t\t\t<\/div>\n\t\t<\/div>\n\t\t\t\t<div class=\"elementor-column elementor-col-50 elementor-top-column elementor-element elementor-element-97f750d\" data-id=\"97f750d\" data-element_type=\"column\">\n\t\t\t<div class=\"elementor-widget-wrap elementor-element-populated\">\n\t\t\t\t\t\t<div class=\"elementor-element elementor-element-3cf4013 elementor-widget elementor-widget-heading\" data-id=\"3cf4013\" data-element_type=\"widget\" data-widget_type=\"heading.default\">\n\t\t\t\t<div class=\"elementor-widget-container\">\n\t\t\t\t\t<h2 class=\"elementor-heading-title elementor-size-default\">Neuerscheinung!\n\n<\/h2>\t\t\t\t<\/div>\n\t\t\t\t<\/div>\n\t\t\t\t<div class=\"elementor-element elementor-element-3c7004c elementor-widget elementor-widget-heading\" data-id=\"3c7004c\" data-element_type=\"widget\" data-widget_type=\"heading.default\">\n\t\t\t\t<div class=\"elementor-widget-container\">\n\t\t\t\t\t<h2 class=\"elementor-heading-title elementor-size-default\">Band 6 der Wiener Schriften zur Kunstgeschichte und Denkmalpflege\n<\/h2>\t\t\t\t<\/div>\n\t\t\t\t<\/div>\n\t\t\t\t<div class=\"elementor-element elementor-element-38b77a8 elementor-widget elementor-widget-text-editor\" data-id=\"38b77a8\" data-element_type=\"widget\" data-widget_type=\"text-editor.default\">\n\t\t\t\t<div class=\"elementor-widget-container\">\n\t\t\t\t\t\t\t\t\t<p>Ein Jahr nach Erscheinen des f\u00fcnften Bands unserer Schriftenreihe \u00fcber die denkmalpflegerische Arbeit der beiden wichtigen portugiesischen Architekten Fernando T\u00e1vora und Eduardo Souto de Moura ist nun der sechste Band erschienen. Das Buch von <em>Silke Alber<\/em> beruht auf ihrer Diplomarbeit am Forschungsbereich Denkmalpflege &amp; Bauen im Bestand und besch\u00e4ftigt sich mit einem wiederum klingenden Namen der j\u00fcngeren Architekturgeschichte. Der Mail\u00e4nder Architekt und Designer Gio Ponti (1891-1979), der nicht nur mit dem Pirelli-Hochhaus in Mailand Weltruhm erlangte, war auch der Planer und Entwerfer des 1937 unter dem faschistischen Regime er\u00f6ffneten Hotel Valmartello al Paradiso del Cevedale, kurz Hotel Paradiso<em>.<\/em><\/p><p>Das seit 1946 verlassene, ehemalige Sporthotel, ein langgestreckter, geschwungener Solit\u00e4r, der einst die Qualit\u00e4ten eines Luxushotels mit denen einer Schutzh\u00fctte zu kombinieren wusste, wurde als Gesamtkunstwerk mit einem eigenwilligen, bis ins Kleinste erdachten Farbkonzept geplant. Vor dem Hintergrund der besonderen Geschichte des Hotels erlauben die Interpretation der Quellen und eine detaillierte Bestandsaufnahme Gio Pontis Entwurfsprozess von den ersten Skizzen bis zur Ausf\u00fchrung zu verfolgen. Gleichzeitig werden damit auch wichtige Grundlagen bereitgestellt, die eine Wiederbelebung dieser Ikone der Tourismusarchitektur der Zwischenkriegszeit in Italien erm\u00f6glichen k\u00f6nnten.<\/p><p>Die Schriftenreihe versteht sich als offenes wissenschaftliches Forum und m\u00f6chte Forschungsarbeiten aus den unterschiedlichsten Bereichen der Kunstgeschichte und Denkmalpflege zu einer gr\u00f6\u00dferen Leserschaft verhelfen. Seit Band 5 erscheint sie in einem neuen, von den Gestalterinnen Gabriele Lenz und Elena Henrich erarbeiteten Konzept und Erscheinungsbild. Die gelungene Umsetzung besorgte Katharina Schwarzenegger.<\/p><p>Nott Caviezel und Robert Stalla<\/p><p>Wir bedauern, dass die besonderen Umst\u00e4nde in Zeiten der Pandemie derzeit nicht erlauben, eine Buchvernissage zu veranstalten. Wir werden eine offizielle Vorstellung des Bandes aber zu n\u00e4chst m\u00f6glicher Gelegenheit nachholen.<\/p>\t\t\t\t\t\t\t\t<\/div>\n\t\t\t\t<\/div>\n\t\t\t\t\t<\/div>\n\t\t<\/div>\n\t\t\t\t\t<\/div>\n\t\t<\/section>\n\t\t\t\t<\/div>\n\t\t","protected":false},"excerpt":{"rendered":"<p>VON Silke Alber,Gio Ponti. Valmartello al Paradiso del Cevedale, Geschichte eines Hotels in den Alpen Deutscher Kunstverlag, Berlin M\u00fcnchen 2021.\u00a0 WO ISBN 978-3-422-07129-2. \u20ac 34.90,erh\u00e4ltlich im Buchhandel oder direkt beim Deutschen Kunstverlag: www.degruyter.com Neuerscheinung! Band 6 der Wiener Schriften zur Kunstgeschichte und Denkmalpflege Ein Jahr nach Erscheinen des f\u00fcnften Bands unserer Schriftenreihe \u00fcber die denkmalpflegerische Arbeit der beiden wichtigen portugiesischen Architekten Fernando T\u00e1vora und Eduardo Souto de Moura ist nun<\/p>\n<div class=\"belowpost\"><a class=\"btnmore icon-arrow\" href=\"https:\/\/denkmalpflege.tuwien.ac.at\/index.php\/wiener-schriften-band-6\/\"><span>Read More<\/span><\/a><\/div>\n","protected":false},"author":1,"featured_media":0,"parent":0,"menu_order":0,"comment_status":"closed","ping_status":"closed","template":"","meta":{"footnotes":""},"class_list":["post-23743","page","type-page","status-publish","hentry"],"yoast_head":"<!-- This site is optimized with the Yoast SEO plugin v26.0 - https:\/\/yoast.com\/wordpress\/plugins\/seo\/ -->\n<title>Wiener Schriften Band 6 - Denkmalpflege und Bauen im Bestand<\/title>\n<meta name=\"robots\" content=\"index, follow, max-snippet:-1, max-image-preview:large, max-video-preview:-1\" \/>\n<link rel=\"canonical\" href=\"https:\/\/denkmalpflege.tuwien.ac.at\/index.php\/wiener-schriften-band-6\/\" \/>\n<meta property=\"og:locale\" content=\"de_DE\" \/>\n<meta property=\"og:type\" content=\"article\" \/>\n<meta property=\"og:title\" content=\"Wiener Schriften Band 6 - Denkmalpflege und Bauen im Bestand\" \/>\n<meta property=\"og:description\" content=\"VON Silke Alber,Gio Ponti. Valmartello al Paradiso del Cevedale, Geschichte eines Hotels in den Alpen Deutscher Kunstverlag, Berlin M\u00fcnchen 2021.\u00a0 WO ISBN 978-3-422-07129-2. \u20ac 34.90,erh\u00e4ltlich im Buchhandel oder direkt beim Deutschen Kunstverlag: www.degruyter.com Neuerscheinung! Band 6 der Wiener Schriften zur Kunstgeschichte und Denkmalpflege Ein Jahr nach Erscheinen des f\u00fcnften Bands unserer Schriftenreihe \u00fcber die denkmalpflegerische Arbeit der beiden wichtigen portugiesischen Architekten Fernando T\u00e1vora und Eduardo Souto de Moura ist nunRead More\" \/>\n<meta property=\"og:url\" content=\"https:\/\/denkmalpflege.tuwien.ac.at\/index.php\/wiener-schriften-band-6\/\" \/>\n<meta property=\"og:site_name\" content=\"Denkmalpflege und Bauen im Bestand\" \/>\n<meta property=\"article:modified_time\" content=\"2021-12-22T16:19:30+00:00\" \/>\n<meta property=\"og:image\" content=\"http:\/\/denkmalpflege.tuwien.ac.at\/wp-content\/uploads\/2021\/12\/Wiener-Schriften_Band6.jpg\" \/>\n<meta name=\"twitter:card\" content=\"summary_large_image\" \/>\n<meta name=\"twitter:label1\" content=\"Gesch\u00e4tzte Lesezeit\" \/>\n\t<meta name=\"twitter:data1\" content=\"2\u00a0Minuten\" \/>\n<script type=\"application\/ld+json\" class=\"yoast-schema-graph\">{\"@context\":\"https:\/\/schema.org\",\"@graph\":[{\"@type\":\"WebPage\",\"@id\":\"https:\/\/denkmalpflege.tuwien.ac.at\/index.php\/wiener-schriften-band-6\/\",\"url\":\"https:\/\/denkmalpflege.tuwien.ac.at\/index.php\/wiener-schriften-band-6\/\",\"name\":\"Wiener Schriften Band 6 - Denkmalpflege und Bauen im Bestand\",\"isPartOf\":{\"@id\":\"https:\/\/denkmalpflege.tuwien.ac.at\/#website\"},\"primaryImageOfPage\":{\"@id\":\"https:\/\/denkmalpflege.tuwien.ac.at\/index.php\/wiener-schriften-band-6\/#primaryimage\"},\"image\":{\"@id\":\"https:\/\/denkmalpflege.tuwien.ac.at\/index.php\/wiener-schriften-band-6\/#primaryimage\"},\"thumbnailUrl\":\"http:\/\/denkmalpflege.tuwien.ac.at\/wp-content\/uploads\/2021\/12\/Wiener-Schriften_Band6.jpg\",\"datePublished\":\"2021-12-22T16:14:10+00:00\",\"dateModified\":\"2021-12-22T16:19:30+00:00\",\"breadcrumb\":{\"@id\":\"https:\/\/denkmalpflege.tuwien.ac.at\/index.php\/wiener-schriften-band-6\/#breadcrumb\"},\"inLanguage\":\"de\",\"potentialAction\":[{\"@type\":\"ReadAction\",\"target\":[\"https:\/\/denkmalpflege.tuwien.ac.at\/index.php\/wiener-schriften-band-6\/\"]}]},{\"@type\":\"ImageObject\",\"inLanguage\":\"de\",\"@id\":\"https:\/\/denkmalpflege.tuwien.ac.at\/index.php\/wiener-schriften-band-6\/#primaryimage\",\"url\":\"https:\/\/denkmalpflege.tuwien.ac.at\/wp-content\/uploads\/2021\/12\/Wiener-Schriften_Band6.jpg\",\"contentUrl\":\"https:\/\/denkmalpflege.tuwien.ac.at\/wp-content\/uploads\/2021\/12\/Wiener-Schriften_Band6.jpg\",\"width\":29242,\"height\":15267},{\"@type\":\"BreadcrumbList\",\"@id\":\"https:\/\/denkmalpflege.tuwien.ac.at\/index.php\/wiener-schriften-band-6\/#breadcrumb\",\"itemListElement\":[{\"@type\":\"ListItem\",\"position\":1,\"name\":\"Startseite\",\"item\":\"https:\/\/denkmalpflege.tuwien.ac.at\/\"},{\"@type\":\"ListItem\",\"position\":2,\"name\":\"Wiener Schriften Band 6\"}]},{\"@type\":\"WebSite\",\"@id\":\"https:\/\/denkmalpflege.tuwien.ac.at\/#website\",\"url\":\"https:\/\/denkmalpflege.tuwien.ac.at\/\",\"name\":\"Denkmalpflege und Bauen im Bestand\",\"description\":\"Denkmalpflege TU Wien\",\"publisher\":{\"@id\":\"https:\/\/denkmalpflege.tuwien.ac.at\/#organization\"},\"potentialAction\":[{\"@type\":\"SearchAction\",\"target\":{\"@type\":\"EntryPoint\",\"urlTemplate\":\"https:\/\/denkmalpflege.tuwien.ac.at\/?s={search_term_string}\"},\"query-input\":{\"@type\":\"PropertyValueSpecification\",\"valueRequired\":true,\"valueName\":\"search_term_string\"}}],\"inLanguage\":\"de\"},{\"@type\":\"Organization\",\"@id\":\"https:\/\/denkmalpflege.tuwien.ac.at\/#organization\",\"name\":\"TU Wien Denkmalpflege und Bauen im Bestand\",\"url\":\"https:\/\/denkmalpflege.tuwien.ac.at\/\",\"logo\":{\"@type\":\"ImageObject\",\"inLanguage\":\"de\",\"@id\":\"https:\/\/denkmalpflege.tuwien.ac.at\/#\/schema\/logo\/image\/\",\"url\":\"https:\/\/denkmalpflege.tuwien.ac.at\/wp-content\/uploads\/2019\/10\/Logo1.png\",\"contentUrl\":\"https:\/\/denkmalpflege.tuwien.ac.at\/wp-content\/uploads\/2019\/10\/Logo1.png\",\"width\":222,\"height\":79,\"caption\":\"TU Wien Denkmalpflege und Bauen im Bestand\"},\"image\":{\"@id\":\"https:\/\/denkmalpflege.tuwien.ac.at\/#\/schema\/logo\/image\/\"}}]}<\/script>\n<!-- \/ Yoast SEO plugin. -->","yoast_head_json":{"title":"Wiener Schriften Band 6 - Denkmalpflege und Bauen im Bestand","robots":{"index":"index","follow":"follow","max-snippet":"max-snippet:-1","max-image-preview":"max-image-preview:large","max-video-preview":"max-video-preview:-1"},"canonical":"https:\/\/denkmalpflege.tuwien.ac.at\/index.php\/wiener-schriften-band-6\/","og_locale":"de_DE","og_type":"article","og_title":"Wiener Schriften Band 6 - Denkmalpflege und Bauen im Bestand","og_description":"VON Silke Alber,Gio Ponti. Valmartello al Paradiso del Cevedale, Geschichte eines Hotels in den Alpen Deutscher Kunstverlag, Berlin M\u00fcnchen 2021.\u00a0 WO ISBN 978-3-422-07129-2. \u20ac 34.90,erh\u00e4ltlich im Buchhandel oder direkt beim Deutschen Kunstverlag: www.degruyter.com Neuerscheinung! Band 6 der Wiener Schriften zur Kunstgeschichte und Denkmalpflege Ein Jahr nach Erscheinen des f\u00fcnften Bands unserer Schriftenreihe \u00fcber die denkmalpflegerische Arbeit der beiden wichtigen portugiesischen Architekten Fernando T\u00e1vora und Eduardo Souto de Moura ist nunRead More","og_url":"https:\/\/denkmalpflege.tuwien.ac.at\/index.php\/wiener-schriften-band-6\/","og_site_name":"Denkmalpflege und Bauen im Bestand","article_modified_time":"2021-12-22T16:19:30+00:00","og_image":[{"url":"http:\/\/denkmalpflege.tuwien.ac.at\/wp-content\/uploads\/2021\/12\/Wiener-Schriften_Band6.jpg","type":"","width":"","height":""}],"twitter_card":"summary_large_image","twitter_misc":{"Gesch\u00e4tzte Lesezeit":"2\u00a0Minuten"},"schema":{"@context":"https:\/\/schema.org","@graph":[{"@type":"WebPage","@id":"https:\/\/denkmalpflege.tuwien.ac.at\/index.php\/wiener-schriften-band-6\/","url":"https:\/\/denkmalpflege.tuwien.ac.at\/index.php\/wiener-schriften-band-6\/","name":"Wiener Schriften Band 6 - Denkmalpflege und Bauen im Bestand","isPartOf":{"@id":"https:\/\/denkmalpflege.tuwien.ac.at\/#website"},"primaryImageOfPage":{"@id":"https:\/\/denkmalpflege.tuwien.ac.at\/index.php\/wiener-schriften-band-6\/#primaryimage"},"image":{"@id":"https:\/\/denkmalpflege.tuwien.ac.at\/index.php\/wiener-schriften-band-6\/#primaryimage"},"thumbnailUrl":"http:\/\/denkmalpflege.tuwien.ac.at\/wp-content\/uploads\/2021\/12\/Wiener-Schriften_Band6.jpg","datePublished":"2021-12-22T16:14:10+00:00","dateModified":"2021-12-22T16:19:30+00:00","breadcrumb":{"@id":"https:\/\/denkmalpflege.tuwien.ac.at\/index.php\/wiener-schriften-band-6\/#breadcrumb"},"inLanguage":"de","potentialAction":[{"@type":"ReadAction","target":["https:\/\/denkmalpflege.tuwien.ac.at\/index.php\/wiener-schriften-band-6\/"]}]},{"@type":"ImageObject","inLanguage":"de","@id":"https:\/\/denkmalpflege.tuwien.ac.at\/index.php\/wiener-schriften-band-6\/#primaryimage","url":"https:\/\/denkmalpflege.tuwien.ac.at\/wp-content\/uploads\/2021\/12\/Wiener-Schriften_Band6.jpg","contentUrl":"https:\/\/denkmalpflege.tuwien.ac.at\/wp-content\/uploads\/2021\/12\/Wiener-Schriften_Band6.jpg","width":29242,"height":15267},{"@type":"BreadcrumbList","@id":"https:\/\/denkmalpflege.tuwien.ac.at\/index.php\/wiener-schriften-band-6\/#breadcrumb","itemListElement":[{"@type":"ListItem","position":1,"name":"Startseite","item":"https:\/\/denkmalpflege.tuwien.ac.at\/"},{"@type":"ListItem","position":2,"name":"Wiener Schriften Band 6"}]},{"@type":"WebSite","@id":"https:\/\/denkmalpflege.tuwien.ac.at\/#website","url":"https:\/\/denkmalpflege.tuwien.ac.at\/","name":"Denkmalpflege und Bauen im Bestand","description":"Denkmalpflege TU Wien","publisher":{"@id":"https:\/\/denkmalpflege.tuwien.ac.at\/#organization"},"potentialAction":[{"@type":"SearchAction","target":{"@type":"EntryPoint","urlTemplate":"https:\/\/denkmalpflege.tuwien.ac.at\/?s={search_term_string}"},"query-input":{"@type":"PropertyValueSpecification","valueRequired":true,"valueName":"search_term_string"}}],"inLanguage":"de"},{"@type":"Organization","@id":"https:\/\/denkmalpflege.tuwien.ac.at\/#organization","name":"TU Wien Denkmalpflege und Bauen im Bestand","url":"https:\/\/denkmalpflege.tuwien.ac.at\/","logo":{"@type":"ImageObject","inLanguage":"de","@id":"https:\/\/denkmalpflege.tuwien.ac.at\/#\/schema\/logo\/image\/","url":"https:\/\/denkmalpflege.tuwien.ac.at\/wp-content\/uploads\/2019\/10\/Logo1.png","contentUrl":"https:\/\/denkmalpflege.tuwien.ac.at\/wp-content\/uploads\/2019\/10\/Logo1.png","width":222,"height":79,"caption":"TU Wien Denkmalpflege und Bauen im Bestand"},"image":{"@id":"https:\/\/denkmalpflege.tuwien.ac.at\/#\/schema\/logo\/image\/"}}]}},"_links":{"self":[{"href":"https:\/\/denkmalpflege.tuwien.ac.at\/index.php\/wp-json\/wp\/v2\/pages\/23743","targetHints":{"allow":["GET"]}}],"collection":[{"href":"https:\/\/denkmalpflege.tuwien.ac.at\/index.php\/wp-json\/wp\/v2\/pages"}],"about":[{"href":"https:\/\/denkmalpflege.tuwien.ac.at\/index.php\/wp-json\/wp\/v2\/types\/page"}],"author":[{"embeddable":true,"href":"https:\/\/denkmalpflege.tuwien.ac.at\/index.php\/wp-json\/wp\/v2\/users\/1"}],"replies":[{"embeddable":true,"href":"https:\/\/denkmalpflege.tuwien.ac.at\/index.php\/wp-json\/wp\/v2\/comments?post=23743"}],"version-history":[{"count":8,"href":"https:\/\/denkmalpflege.tuwien.ac.at\/index.php\/wp-json\/wp\/v2\/pages\/23743\/revisions"}],"predecessor-version":[{"id":24270,"href":"https:\/\/denkmalpflege.tuwien.ac.at\/index.php\/wp-json\/wp\/v2\/pages\/23743\/revisions\/24270"}],"wp:attachment":[{"href":"https:\/\/denkmalpflege.tuwien.ac.at\/index.php\/wp-json\/wp\/v2\/media?parent=23743"}],"curies":[{"name":"wp","href":"https:\/\/api.w.org\/{rel}","templated":true}]}}