{"id":23047,"date":"2021-09-08T10:33:30","date_gmt":"2021-09-08T08:33:30","guid":{"rendered":"http:\/\/denkmalpflege.tuwien.ac.at\/?page_id=23047"},"modified":"2023-10-22T11:59:43","modified_gmt":"2023-10-22T09:59:43","slug":"wahlseminar-denkmal-stadt-ws21-22","status":"publish","type":"page","link":"https:\/\/denkmalpflege.tuwien.ac.at\/index.php\/wahlseminar-denkmal-stadt-ws21-22\/","title":{"rendered":"Wahlseminar DENKMAL + STADT WS21\/22"},"content":{"rendered":"\t\t<div data-elementor-type=\"wp-page\" data-elementor-id=\"23047\" class=\"elementor elementor-23047\" data-elementor-post-type=\"page\">\n\t\t\t\t\t\t<section class=\"elementor-section elementor-top-section elementor-element elementor-element-3d7f12b elementor-section-full_width elementor-section-height-default elementor-section-height-default\" data-id=\"3d7f12b\" data-element_type=\"section\">\n\t\t\t\t\t\t<div class=\"elementor-container elementor-column-gap-default\">\n\t\t\t\t\t<div class=\"elementor-column elementor-col-50 elementor-top-column elementor-element elementor-element-55901ca\" data-id=\"55901ca\" data-element_type=\"column\">\n\t\t\t<div class=\"elementor-widget-wrap elementor-element-populated\">\n\t\t\t\t\t\t<div class=\"elementor-element elementor-element-a1cf439 elementor-widget elementor-widget-heading\" data-id=\"a1cf439\" data-element_type=\"widget\" data-widget_type=\"heading.default\">\n\t\t\t\t<div class=\"elementor-widget-container\">\n\t\t\t\t\t<h2 class=\"elementor-heading-title elementor-size-default\"><a href=\"https:\/\/denkmalpflege.tuwien.ac.at\/index.php\/lva-sommersemester-2021\/\">LVA WS21\/22<\/a><\/h2>\t\t\t\t<\/div>\n\t\t\t\t<\/div>\n\t\t\t\t\t<\/div>\n\t\t<\/div>\n\t\t\t\t<div class=\"elementor-column elementor-col-50 elementor-top-column elementor-element elementor-element-05c61be\" data-id=\"05c61be\" data-element_type=\"column\">\n\t\t\t<div class=\"elementor-widget-wrap elementor-element-populated\">\n\t\t\t\t\t\t<div class=\"elementor-element elementor-element-2fd4131 elementor-widget elementor-widget-heading\" data-id=\"2fd4131\" data-element_type=\"widget\" data-widget_type=\"heading.default\">\n\t\t\t\t<div class=\"elementor-widget-container\">\n\t\t\t\t\t<h2 class=\"elementor-heading-title elementor-size-default\">251.883 <span style=\"float: right\"> 3,5 h (5,0 ECTS)<\/span><\/h2>\t\t\t\t<\/div>\n\t\t\t\t<\/div>\n\t\t\t\t\t<\/div>\n\t\t<\/div>\n\t\t\t\t\t<\/div>\n\t\t<\/section>\n\t\t\t\t<section class=\"elementor-section elementor-top-section elementor-element elementor-element-3d9edb6 elementor-section-full_width elementor-section-height-default elementor-section-height-default\" data-id=\"3d9edb6\" data-element_type=\"section\">\n\t\t\t\t\t\t<div class=\"elementor-container elementor-column-gap-default\">\n\t\t\t\t\t<div class=\"elementor-column elementor-col-50 elementor-top-column elementor-element elementor-element-b6b4a37\" data-id=\"b6b4a37\" data-element_type=\"column\">\n\t\t\t<div class=\"elementor-widget-wrap elementor-element-populated\">\n\t\t\t\t\t\t<div class=\"elementor-element elementor-element-6b6d73c elementor-nav-menu__align-start elementor-nav-menu--dropdown-mobile elementor-nav-menu__text-align-aside elementor-nav-menu--toggle elementor-nav-menu--burger elementor-widget elementor-widget-nav-menu\" data-id=\"6b6d73c\" data-element_type=\"widget\" data-settings=\"{&quot;layout&quot;:&quot;vertical&quot;,&quot;submenu_icon&quot;:{&quot;value&quot;:&quot;&lt;i class=\\&quot;\\&quot; aria-hidden=\\&quot;true\\&quot;&gt;&lt;\\\/i&gt;&quot;,&quot;library&quot;:&quot;&quot;},&quot;toggle&quot;:&quot;burger&quot;}\" data-widget_type=\"nav-menu.default\">\n\t\t\t\t<div class=\"elementor-widget-container\">\n\t\t\t\t\t\t\t\t<nav aria-label=\"Men\u00fc\" class=\"elementor-nav-menu--main elementor-nav-menu__container elementor-nav-menu--layout-vertical e--pointer-none\">\n\t\t\t\t<ul id=\"menu-1-6b6d73c\" class=\"elementor-nav-menu sm-vertical\"><li class=\"menu-item menu-item-type-post_type menu-item-object-page menu-item-23136\"><a href=\"https:\/\/denkmalpflege.tuwien.ac.at\/index.php\/denkmalpflege-vorlesung-ws21-22\/\" class=\"elementor-item\">Denkmalpflege Vorlesung WS21<\/a><\/li>\n<li class=\"menu-item menu-item-type-post_type menu-item-object-page menu-item-23137\"><a href=\"https:\/\/denkmalpflege.tuwien.ac.at\/index.php\/entwerfen-grosssender-bisamberg-ws2021-22\/\" class=\"elementor-item\">Entwerfen Gro\u00dfsender Bisamberg<\/a><\/li>\n<li class=\"menu-item menu-item-type-post_type menu-item-object-page menu-item-23135\"><a href=\"https:\/\/denkmalpflege.tuwien.ac.at\/index.php\/entwerfen-am-donaukanal-ii\/\" class=\"elementor-item\">Entwerfen Am Donaukanal II<\/a><\/li>\n<li class=\"menu-item menu-item-type-post_type menu-item-object-page menu-item-23139\"><a href=\"https:\/\/denkmalpflege.tuwien.ac.at\/index.php\/wahlseminar-denkmal-stadt-ws21-22\/\" class=\"elementor-item\">Wahlseminar DENKMAL + STADT<\/a><\/li>\n<li class=\"menu-item menu-item-type-post_type menu-item-object-page menu-item-23138\"><a href=\"https:\/\/denkmalpflege.tuwien.ac.at\/index.php\/wahlseminar-denkmale-im-wandel-ws21-22\/\" class=\"elementor-item\">Wahlseminar DENKMALE IM WANDEL<\/a><\/li>\n<li class=\"menu-item menu-item-type-post_type menu-item-object-page menu-item-23141\"><a href=\"https:\/\/denkmalpflege.tuwien.ac.at\/index.php\/diplomanden-und-dissertantenseminar-ws21-22\/\" class=\"elementor-item\">Diplomanden- und Dissertantenseminar<\/a><\/li>\n<li class=\"menu-item menu-item-type-post_type menu-item-object-page menu-item-23140\"><a href=\"https:\/\/denkmalpflege.tuwien.ac.at\/index.php\/privatissimum-fuer-diplomandinnen-ws21-22\/\" class=\"elementor-item\">Privatissimum f\u00fcr DiplomandInnen<\/a><\/li>\n<\/ul>\t\t\t<\/nav>\n\t\t\t\t\t<div class=\"elementor-menu-toggle\" role=\"button\" tabindex=\"0\" aria-label=\"Men\u00fc Umschalter\" aria-expanded=\"false\">\n\t\t\t<i aria-hidden=\"true\" role=\"presentation\" class=\"elementor-menu-toggle__icon--open eicon-menu-bar\"><\/i><i aria-hidden=\"true\" role=\"presentation\" class=\"elementor-menu-toggle__icon--close eicon-close\"><\/i>\t\t<\/div>\n\t\t\t\t\t<nav class=\"elementor-nav-menu--dropdown elementor-nav-menu__container\" aria-hidden=\"true\">\n\t\t\t\t<ul id=\"menu-2-6b6d73c\" class=\"elementor-nav-menu sm-vertical\"><li class=\"menu-item menu-item-type-post_type menu-item-object-page menu-item-23136\"><a href=\"https:\/\/denkmalpflege.tuwien.ac.at\/index.php\/denkmalpflege-vorlesung-ws21-22\/\" class=\"elementor-item\" tabindex=\"-1\">Denkmalpflege Vorlesung WS21<\/a><\/li>\n<li class=\"menu-item menu-item-type-post_type menu-item-object-page menu-item-23137\"><a href=\"https:\/\/denkmalpflege.tuwien.ac.at\/index.php\/entwerfen-grosssender-bisamberg-ws2021-22\/\" class=\"elementor-item\" tabindex=\"-1\">Entwerfen Gro\u00dfsender Bisamberg<\/a><\/li>\n<li class=\"menu-item menu-item-type-post_type menu-item-object-page menu-item-23135\"><a href=\"https:\/\/denkmalpflege.tuwien.ac.at\/index.php\/entwerfen-am-donaukanal-ii\/\" class=\"elementor-item\" tabindex=\"-1\">Entwerfen Am Donaukanal II<\/a><\/li>\n<li class=\"menu-item menu-item-type-post_type menu-item-object-page menu-item-23139\"><a href=\"https:\/\/denkmalpflege.tuwien.ac.at\/index.php\/wahlseminar-denkmal-stadt-ws21-22\/\" class=\"elementor-item\" tabindex=\"-1\">Wahlseminar DENKMAL + STADT<\/a><\/li>\n<li class=\"menu-item menu-item-type-post_type menu-item-object-page menu-item-23138\"><a href=\"https:\/\/denkmalpflege.tuwien.ac.at\/index.php\/wahlseminar-denkmale-im-wandel-ws21-22\/\" class=\"elementor-item\" tabindex=\"-1\">Wahlseminar DENKMALE IM WANDEL<\/a><\/li>\n<li class=\"menu-item menu-item-type-post_type menu-item-object-page menu-item-23141\"><a href=\"https:\/\/denkmalpflege.tuwien.ac.at\/index.php\/diplomanden-und-dissertantenseminar-ws21-22\/\" class=\"elementor-item\" tabindex=\"-1\">Diplomanden- und Dissertantenseminar<\/a><\/li>\n<li class=\"menu-item menu-item-type-post_type menu-item-object-page menu-item-23140\"><a href=\"https:\/\/denkmalpflege.tuwien.ac.at\/index.php\/privatissimum-fuer-diplomandinnen-ws21-22\/\" class=\"elementor-item\" tabindex=\"-1\">Privatissimum f\u00fcr DiplomandInnen<\/a><\/li>\n<\/ul>\t\t\t<\/nav>\n\t\t\t\t\t\t<\/div>\n\t\t\t\t<\/div>\n\t\t\t\t\t<\/div>\n\t\t<\/div>\n\t\t\t\t<div class=\"elementor-column elementor-col-50 elementor-top-column elementor-element elementor-element-fd2f964\" data-id=\"fd2f964\" data-element_type=\"column\">\n\t\t\t<div class=\"elementor-widget-wrap elementor-element-populated\">\n\t\t\t\t\t\t<div class=\"elementor-element elementor-element-6737dde elementor-widget elementor-widget-heading\" data-id=\"6737dde\" data-element_type=\"widget\" data-widget_type=\"heading.default\">\n\t\t\t\t<div class=\"elementor-widget-container\">\n\t\t\t\t\t<h2 class=\"elementor-heading-title elementor-size-default\">Wahlseminar Denkmal + Stadt<\/h2>\t\t\t\t<\/div>\n\t\t\t\t<\/div>\n\t\t\t\t<div class=\"elementor-element elementor-element-79594bc elementor-widget elementor-widget-text-editor\" data-id=\"79594bc\" data-element_type=\"widget\" data-widget_type=\"text-editor.default\">\n\t\t\t\t<div class=\"elementor-widget-container\">\n\t\t\t\t\t\t\t\t\t<p>Wahlseminar \u2013 Bachelor<\/p>\t\t\t\t\t\t\t\t<\/div>\n\t\t\t\t<\/div>\n\t\t\t\t<div class=\"elementor-element elementor-element-355d50b silde_dipl elementor-arrows-position-inside elementor-widget elementor-widget-image-carousel\" data-id=\"355d50b\" data-element_type=\"widget\" data-settings=\"{&quot;slides_to_show&quot;:&quot;1&quot;,&quot;navigation&quot;:&quot;arrows&quot;,&quot;autoplay&quot;:&quot;no&quot;,&quot;infinite&quot;:&quot;yes&quot;,&quot;effect&quot;:&quot;slide&quot;,&quot;speed&quot;:500}\" data-widget_type=\"image-carousel.default\">\n\t\t\t\t<div class=\"elementor-widget-container\">\n\t\t\t\t\t\t\t<div class=\"elementor-image-carousel-wrapper swiper\" role=\"region\" aria-roledescription=\"carousel\" aria-label=\"Bild Karussell\" dir=\"ltr\">\n\t\t\t<div class=\"elementor-image-carousel swiper-wrapper swiper-image-stretch\" aria-live=\"polite\">\n\t\t\t\t\t\t\t\t<div class=\"swiper-slide\" role=\"group\" aria-roledescription=\"slide\" aria-label=\"1 von 1\"><a data-elementor-open-lightbox=\"yes\" data-elementor-lightbox-slideshow=\"355d50b\" data-e-action-hash=\"#elementor-action%3Aaction%3Dlightbox%26settings%3DeyJpZCI6MjMwNTUsInVybCI6Imh0dHBzOlwvXC9kZW5rbWFscGZsZWdlLnR1d2llbi5hYy5hdFwvd3AtY29udGVudFwvdXBsb2Fkc1wvMjAyMVwvMDlcL0x1ZnRiaWxkLVdpZW4tMTk1Nl9BdXNzY2huaXR0LmpwZyIsInNsaWRlc2hvdyI6IjM1NWQ1MGIifQ%3D%3D\" href=\"https:\/\/denkmalpflege.tuwien.ac.at\/wp-content\/uploads\/2021\/09\/Luftbild-Wien-1956_Ausschnitt.jpg\"><figure class=\"swiper-slide-inner\"><img decoding=\"async\" class=\"swiper-slide-image\" src=\"https:\/\/denkmalpflege.tuwien.ac.at\/wp-content\/uploads\/2021\/09\/Luftbild-Wien-1956_Ausschnitt.jpg\" alt=\"Luftbild Wien 1956_Ausschnitt\" \/><\/figure><\/a><\/div>\t\t\t<\/div>\n\t\t\t\t\t<\/div>\n\t\t\t\t\t\t<\/div>\n\t\t\t\t<\/div>\n\t\t\t\t<div class=\"elementor-element elementor-element-591d875 elementor-widget elementor-widget-heading\" data-id=\"591d875\" data-element_type=\"widget\" data-widget_type=\"heading.default\">\n\t\t\t\t<div class=\"elementor-widget-container\">\n\t\t\t\t\t<p class=\"elementor-heading-title elementor-size-default\">Birgit KNAUER<\/p>\t\t\t\t<\/div>\n\t\t\t\t<\/div>\n\t\t\t\t<div class=\"elementor-element elementor-element-9cfec69 elementor-widget elementor-widget-text-editor\" data-id=\"9cfec69\" data-element_type=\"widget\" data-widget_type=\"text-editor.default\">\n\t\t\t\t<div class=\"elementor-widget-container\">\n\t\t\t\t\t\t\t\t\t<p><strong>Einf\u00fchrung<br \/><\/strong>Mittwoch 6. Oktober. 2021, 9:00 Uhr<br \/>SR 257, Anwesenheitspflicht!<\/p>\t\t\t\t\t\t\t\t<\/div>\n\t\t\t\t<\/div>\n\t\t\t\t<div class=\"elementor-element elementor-element-3f3c61f elementor-widget elementor-widget-text-editor\" data-id=\"3f3c61f\" data-element_type=\"widget\" data-widget_type=\"text-editor.default\">\n\t\t\t\t<div class=\"elementor-widget-container\">\n\t\t\t\t\t\t\t\t\t<p><strong>Termine<br \/><\/strong>w\u00f6chentlich Mittwoch, 9:00 &#8211; 11:00 Uhr<\/p>\t\t\t\t\t\t\t\t<\/div>\n\t\t\t\t<\/div>\n\t\t\t\t<div class=\"elementor-element elementor-element-aed0bc1 elementor-widget elementor-widget-text-editor\" data-id=\"aed0bc1\" data-element_type=\"widget\" data-widget_type=\"text-editor.default\">\n\t\t\t\t<div class=\"elementor-widget-container\">\n\t\t\t\t\t\t\t\t\t<p><strong>Anmeldung<br \/><\/strong>\u00fcber <a class=\"link link_blau\" href=\"https:\/\/tiss.tuwien.ac.at\/course\/courseDetails.xhtml?dswid=9695&amp;dsrid=93&amp;courseNr=251883&amp;semester=2021W\">TISS<\/a><\/p>\t\t\t\t\t\t\t\t<\/div>\n\t\t\t\t<\/div>\n\t\t\t\t<div class=\"elementor-element elementor-element-b8b6465 elementor-widget elementor-widget-text-editor\" data-id=\"b8b6465\" data-element_type=\"widget\" data-widget_type=\"text-editor.default\">\n\t\t\t\t<div class=\"elementor-widget-container\">\n\t\t\t\t\t\t\t\t\t<p><strong>Lehre unter Covid-19<br \/><\/strong>Die BetreuerInnen der Lehrveranstaltung werden die Teilnehmenden rechtzeitig \u00fcber Termine und einen allenfalls ge\u00e4nderten Ablauf der LVA ins Bild setzen.<\/p>\t\t\t\t\t\t\t\t<\/div>\n\t\t\t\t<\/div>\n\t\t\t\t<div class=\"elementor-element elementor-element-9837f51 elementor-widget-divider--view-line elementor-widget elementor-widget-divider\" data-id=\"9837f51\" data-element_type=\"widget\" data-widget_type=\"divider.default\">\n\t\t\t\t<div class=\"elementor-widget-container\">\n\t\t\t\t\t\t\t<div class=\"elementor-divider\">\n\t\t\t<span class=\"elementor-divider-separator\">\n\t\t\t\t\t\t<\/span>\n\t\t<\/div>\n\t\t\t\t\t\t<\/div>\n\t\t\t\t<\/div>\n\t\t\t\t<div class=\"elementor-element elementor-element-688d009 elementor-widget elementor-widget-text-editor\" data-id=\"688d009\" data-element_type=\"widget\" data-widget_type=\"text-editor.default\">\n\t\t\t\t<div class=\"elementor-widget-container\">\n\t\t\t\t\t\t\t\t\t<p><strong>Lernergebnisse<br \/><\/strong>Nach positiver Absolvierung der Lehrveranstaltung sind Studierende in der Lage\u00a0wissenschaftlich zu arbeiten. Sie haben\u00a0Erfahrungen in der Archivarbeit und Literaturrecherche in der (Denkmal-)Forschung zu einzelnen Objekten, Ensembles oder St\u00e4dten gesammelt, die sie im Laufe ihres Studiums vielfach anwenden und erweitern werden k\u00f6nnen.<\/p><p>Dieses Wahlseminar soll den Studierenden einerseits einen Einblick in die Denkmal- und Stadtforschung vermitteln und das wissenschaftliche Arbeiten in diesem Forschungsbereich n\u00e4herbringen. Dementsprechend werden die Studierenden in dieser Lehrveranstaltung neben dem inhaltlichen Schwerpunkt auch die Grundlagen des wissenschaftlichen Arbeitens erlernen (Methode und Gliederung einer wiss. Arbeit, Literatur- und Archivrecherche, Bibliographieren, Zitierregeln, etc.) und diese im Rahmen der Erstellung einer Seminararbeit anwenden.\u00a0<\/p>\t\t\t\t\t\t\t\t<\/div>\n\t\t\t\t<\/div>\n\t\t\t\t<div class=\"elementor-element elementor-element-9f5378d elementor-widget elementor-widget-text-editor\" data-id=\"9f5378d\" data-element_type=\"widget\" data-widget_type=\"text-editor.default\">\n\t\t\t\t<div class=\"elementor-widget-container\">\n\t\t\t\t\t\t\t\t\t<p><strong>Inhalt der Lehrveranstaltung<br \/><\/strong><\/p><p><strong>Transformation und Erbe # 01\u00a0<\/strong>Wien im Wiederaufbau.<\/p><p>Der Zeitraum zwischen der Kriegszerst\u00f6rung und dem fr\u00fchen Wiederaufbau nach dem Zweiten Weltkrieg stellt nicht nur eine entscheidende Phase der Transformation der St\u00e4dte im Laufe des vergangenen Jahrhunderts dar, sondern wird in der j\u00fcngeren Forschung auch als Zeitraum des\u00a0<em>Heritage Making<\/em>s erfasst, also als Moment der gesellschaftlichen Aushandlung und Festschreibung von erhaltenswertem baulichem Erbe.\u00a0Im Rahmen der Wiederaufbauplanung wurden zahlreiche Entscheidungen \u00fcber Abbruch und Neubau getroffen, wodurch sich Struktur und Erscheinungsbild der kriegsversehrten Altst\u00e4dte nicht unwesentlich ver\u00e4nderten. Viele Geb\u00e4ude, vor allem herausragende und als denkmalw\u00fcrdig erachtete Objekte, wurden wiederaufgebaut, w\u00e4hrend andere trotz weniger starker Zerst\u00f6rung durch Neubauten ersetzt wurden.<\/p><p>Diesem baulichen Prozess aus Sicht der Denkmalforschung nachzugehen, sich mit der Transformation ausgew\u00e4hlter Bereiche der Wiener Altstadt anhand einer umfassenden Quellenrecherche und -analyse (historische Stadtkarten, Bild- und Schriftdokumente, etc.) auseinanderzusetzen wird Aufgabe der Studierenden sein. Ziel ist es letztlich auch, die Stadt als sich in Ver\u00e4nderung und Transformation befindliches Gebilde zu begreifen und Zeitschichten der Stadt erkennen, interpretieren und bewerten zu k\u00f6nnen.<\/p><p><strong>Programm:<\/strong><\/p><p>Thematische Einf\u00fchrung, Einf\u00fchrung in das Quellenmaterial (historische Stadtkarten, Bild- und Schriftdokumente) und Vorbereitung auf die Archivarbeit, Exkursionen in Wien (Vor-Ort-Analysen), Schlusspr\u00e4sentation (Gruppenarbeit) und Ausarbeitung einer wissenschaftliche Arbeit (Einzelarbeit).<\/p><p>\u00a0<\/p>\t\t\t\t\t\t\t\t<\/div>\n\t\t\t\t<\/div>\n\t\t\t\t<div class=\"elementor-element elementor-element-d1cdc28 elementor-widget-divider--view-line elementor-widget elementor-widget-divider\" data-id=\"d1cdc28\" data-element_type=\"widget\" data-widget_type=\"divider.default\">\n\t\t\t\t<div class=\"elementor-widget-container\">\n\t\t\t\t\t\t\t<div class=\"elementor-divider\">\n\t\t\t<span class=\"elementor-divider-separator\">\n\t\t\t\t\t\t<\/span>\n\t\t<\/div>\n\t\t\t\t\t\t<\/div>\n\t\t\t\t<\/div>\n\t\t\t\t<section class=\"elementor-section elementor-inner-section elementor-element elementor-element-4b11112 elementor-section-boxed elementor-section-height-default elementor-section-height-default\" data-id=\"4b11112\" data-element_type=\"section\">\n\t\t\t\t\t\t<div class=\"elementor-container elementor-column-gap-default\">\n\t\t\t\t\t<div class=\"elementor-column elementor-col-50 elementor-inner-column elementor-element elementor-element-26e8077\" data-id=\"26e8077\" data-element_type=\"column\">\n\t\t\t<div class=\"elementor-widget-wrap elementor-element-populated\">\n\t\t\t\t\t\t<div class=\"elementor-element elementor-element-c5bc375 elementor-widget elementor-widget-text-editor\" data-id=\"c5bc375\" data-element_type=\"widget\" data-widget_type=\"text-editor.default\">\n\t\t\t\t<div class=\"elementor-widget-container\">\n\t\t\t\t\t\t\t\t\t<p class=\"lva_text\"><a class=\"link link_blau\" href=\"https:\/\/tiss.tuwien.ac.at\/course\/courseDetails.xhtml?dswid=9695&amp;dsrid=93&amp;courseNr=251883&amp;semester=2021W\">TISS<\/a><\/p>\t\t\t\t\t\t\t\t<\/div>\n\t\t\t\t<\/div>\n\t\t\t\t\t<\/div>\n\t\t<\/div>\n\t\t\t\t<div class=\"elementor-column elementor-col-50 elementor-inner-column elementor-element elementor-element-142de5e\" data-id=\"142de5e\" data-element_type=\"column\">\n\t\t\t<div class=\"elementor-widget-wrap\">\n\t\t\t\t\t\t\t<\/div>\n\t\t<\/div>\n\t\t\t\t\t<\/div>\n\t\t<\/section>\n\t\t\t\t\t<\/div>\n\t\t<\/div>\n\t\t\t\t\t<\/div>\n\t\t<\/section>\n\t\t\t\t<\/div>\n\t\t","protected":false},"excerpt":{"rendered":"<p>LVA WS21\/22 251.883 3,5 h (5,0 ECTS) Wahlseminar Denkmal + Stadt Wahlseminar \u2013 Bachelor Birgit KNAUER Einf\u00fchrungMittwoch 6. Oktober. 2021, 9:00 UhrSR 257, Anwesenheitspflicht! Terminew\u00f6chentlich Mittwoch, 9:00 &#8211; 11:00 Uhr Anmeldung\u00fcber TISS Lehre unter Covid-19Die BetreuerInnen der Lehrveranstaltung werden die Teilnehmenden rechtzeitig \u00fcber Termine und einen allenfalls ge\u00e4nderten Ablauf der LVA ins Bild setzen. LernergebnisseNach positiver Absolvierung der Lehrveranstaltung sind Studierende in der Lage\u00a0wissenschaftlich zu arbeiten. Sie haben\u00a0Erfahrungen in der<\/p>\n<div class=\"belowpost\"><a class=\"btnmore icon-arrow\" href=\"https:\/\/denkmalpflege.tuwien.ac.at\/index.php\/wahlseminar-denkmal-stadt-ws21-22\/\"><span>Read More<\/span><\/a><\/div>\n","protected":false},"author":1,"featured_media":0,"parent":0,"menu_order":0,"comment_status":"closed","ping_status":"closed","template":"","meta":{"footnotes":""},"class_list":["post-23047","page","type-page","status-publish","hentry"],"yoast_head":"<!-- This site is optimized with the Yoast SEO plugin v26.0 - https:\/\/yoast.com\/wordpress\/plugins\/seo\/ -->\n<title>Wahlseminar DENKMAL + STADT WS21\/22 - Denkmalpflege und Bauen im Bestand<\/title>\n<meta name=\"robots\" content=\"index, follow, max-snippet:-1, max-image-preview:large, max-video-preview:-1\" \/>\n<link rel=\"canonical\" href=\"https:\/\/denkmalpflege.tuwien.ac.at\/index.php\/wahlseminar-denkmal-stadt-ws21-22\/\" \/>\n<meta property=\"og:locale\" content=\"de_DE\" \/>\n<meta property=\"og:type\" content=\"article\" \/>\n<meta property=\"og:title\" content=\"Wahlseminar DENKMAL + STADT WS21\/22 - Denkmalpflege und Bauen im Bestand\" \/>\n<meta property=\"og:description\" content=\"LVA WS21\/22 251.883 3,5 h (5,0 ECTS) Wahlseminar Denkmal + Stadt Wahlseminar \u2013 Bachelor Birgit KNAUER Einf\u00fchrungMittwoch 6. Oktober. 2021, 9:00 UhrSR 257, Anwesenheitspflicht! Terminew\u00f6chentlich Mittwoch, 9:00 &#8211; 11:00 Uhr Anmeldung\u00fcber TISS Lehre unter Covid-19Die BetreuerInnen der Lehrveranstaltung werden die Teilnehmenden rechtzeitig \u00fcber Termine und einen allenfalls ge\u00e4nderten Ablauf der LVA ins Bild setzen. LernergebnisseNach positiver Absolvierung der Lehrveranstaltung sind Studierende in der Lage\u00a0wissenschaftlich zu arbeiten. Sie haben\u00a0Erfahrungen in derRead More\" \/>\n<meta property=\"og:url\" content=\"https:\/\/denkmalpflege.tuwien.ac.at\/index.php\/wahlseminar-denkmal-stadt-ws21-22\/\" \/>\n<meta property=\"og:site_name\" content=\"Denkmalpflege und Bauen im Bestand\" \/>\n<meta property=\"article:modified_time\" content=\"2023-10-22T09:59:43+00:00\" \/>\n<meta property=\"og:image\" content=\"http:\/\/denkmalpflege.tuwien.ac.at\/wp-content\/uploads\/2021\/09\/Luftbild-Wien-1956_Ausschnitt.jpg\" \/>\n<meta name=\"twitter:card\" content=\"summary_large_image\" \/>\n<meta name=\"twitter:label1\" content=\"Gesch\u00e4tzte Lesezeit\" \/>\n\t<meta name=\"twitter:data1\" content=\"2\u00a0Minuten\" \/>\n<script type=\"application\/ld+json\" class=\"yoast-schema-graph\">{\"@context\":\"https:\/\/schema.org\",\"@graph\":[{\"@type\":\"WebPage\",\"@id\":\"https:\/\/denkmalpflege.tuwien.ac.at\/index.php\/wahlseminar-denkmal-stadt-ws21-22\/\",\"url\":\"https:\/\/denkmalpflege.tuwien.ac.at\/index.php\/wahlseminar-denkmal-stadt-ws21-22\/\",\"name\":\"Wahlseminar DENKMAL + STADT WS21\/22 - Denkmalpflege und Bauen im Bestand\",\"isPartOf\":{\"@id\":\"https:\/\/denkmalpflege.tuwien.ac.at\/#website\"},\"primaryImageOfPage\":{\"@id\":\"https:\/\/denkmalpflege.tuwien.ac.at\/index.php\/wahlseminar-denkmal-stadt-ws21-22\/#primaryimage\"},\"image\":{\"@id\":\"https:\/\/denkmalpflege.tuwien.ac.at\/index.php\/wahlseminar-denkmal-stadt-ws21-22\/#primaryimage\"},\"thumbnailUrl\":\"http:\/\/denkmalpflege.tuwien.ac.at\/wp-content\/uploads\/2021\/09\/Luftbild-Wien-1956_Ausschnitt.jpg\",\"datePublished\":\"2021-09-08T08:33:30+00:00\",\"dateModified\":\"2023-10-22T09:59:43+00:00\",\"breadcrumb\":{\"@id\":\"https:\/\/denkmalpflege.tuwien.ac.at\/index.php\/wahlseminar-denkmal-stadt-ws21-22\/#breadcrumb\"},\"inLanguage\":\"de\",\"potentialAction\":[{\"@type\":\"ReadAction\",\"target\":[\"https:\/\/denkmalpflege.tuwien.ac.at\/index.php\/wahlseminar-denkmal-stadt-ws21-22\/\"]}]},{\"@type\":\"ImageObject\",\"inLanguage\":\"de\",\"@id\":\"https:\/\/denkmalpflege.tuwien.ac.at\/index.php\/wahlseminar-denkmal-stadt-ws21-22\/#primaryimage\",\"url\":\"https:\/\/denkmalpflege.tuwien.ac.at\/wp-content\/uploads\/2021\/09\/Luftbild-Wien-1956_Ausschnitt.jpg\",\"contentUrl\":\"https:\/\/denkmalpflege.tuwien.ac.at\/wp-content\/uploads\/2021\/09\/Luftbild-Wien-1956_Ausschnitt.jpg\",\"width\":5000,\"height\":5000},{\"@type\":\"BreadcrumbList\",\"@id\":\"https:\/\/denkmalpflege.tuwien.ac.at\/index.php\/wahlseminar-denkmal-stadt-ws21-22\/#breadcrumb\",\"itemListElement\":[{\"@type\":\"ListItem\",\"position\":1,\"name\":\"Startseite\",\"item\":\"https:\/\/denkmalpflege.tuwien.ac.at\/\"},{\"@type\":\"ListItem\",\"position\":2,\"name\":\"Wahlseminar DENKMAL + STADT WS21\/22\"}]},{\"@type\":\"WebSite\",\"@id\":\"https:\/\/denkmalpflege.tuwien.ac.at\/#website\",\"url\":\"https:\/\/denkmalpflege.tuwien.ac.at\/\",\"name\":\"Denkmalpflege und Bauen im Bestand\",\"description\":\"Denkmalpflege TU Wien\",\"publisher\":{\"@id\":\"https:\/\/denkmalpflege.tuwien.ac.at\/#organization\"},\"potentialAction\":[{\"@type\":\"SearchAction\",\"target\":{\"@type\":\"EntryPoint\",\"urlTemplate\":\"https:\/\/denkmalpflege.tuwien.ac.at\/?s={search_term_string}\"},\"query-input\":{\"@type\":\"PropertyValueSpecification\",\"valueRequired\":true,\"valueName\":\"search_term_string\"}}],\"inLanguage\":\"de\"},{\"@type\":\"Organization\",\"@id\":\"https:\/\/denkmalpflege.tuwien.ac.at\/#organization\",\"name\":\"TU Wien Denkmalpflege und Bauen im Bestand\",\"url\":\"https:\/\/denkmalpflege.tuwien.ac.at\/\",\"logo\":{\"@type\":\"ImageObject\",\"inLanguage\":\"de\",\"@id\":\"https:\/\/denkmalpflege.tuwien.ac.at\/#\/schema\/logo\/image\/\",\"url\":\"https:\/\/denkmalpflege.tuwien.ac.at\/wp-content\/uploads\/2019\/10\/Logo1.png\",\"contentUrl\":\"https:\/\/denkmalpflege.tuwien.ac.at\/wp-content\/uploads\/2019\/10\/Logo1.png\",\"width\":222,\"height\":79,\"caption\":\"TU Wien Denkmalpflege und Bauen im Bestand\"},\"image\":{\"@id\":\"https:\/\/denkmalpflege.tuwien.ac.at\/#\/schema\/logo\/image\/\"}}]}<\/script>\n<!-- \/ Yoast SEO plugin. -->","yoast_head_json":{"title":"Wahlseminar DENKMAL + STADT WS21\/22 - Denkmalpflege und Bauen im Bestand","robots":{"index":"index","follow":"follow","max-snippet":"max-snippet:-1","max-image-preview":"max-image-preview:large","max-video-preview":"max-video-preview:-1"},"canonical":"https:\/\/denkmalpflege.tuwien.ac.at\/index.php\/wahlseminar-denkmal-stadt-ws21-22\/","og_locale":"de_DE","og_type":"article","og_title":"Wahlseminar DENKMAL + STADT WS21\/22 - Denkmalpflege und Bauen im Bestand","og_description":"LVA WS21\/22 251.883 3,5 h (5,0 ECTS) Wahlseminar Denkmal + Stadt Wahlseminar \u2013 Bachelor Birgit KNAUER Einf\u00fchrungMittwoch 6. Oktober. 2021, 9:00 UhrSR 257, Anwesenheitspflicht! Terminew\u00f6chentlich Mittwoch, 9:00 &#8211; 11:00 Uhr Anmeldung\u00fcber TISS Lehre unter Covid-19Die BetreuerInnen der Lehrveranstaltung werden die Teilnehmenden rechtzeitig \u00fcber Termine und einen allenfalls ge\u00e4nderten Ablauf der LVA ins Bild setzen. LernergebnisseNach positiver Absolvierung der Lehrveranstaltung sind Studierende in der Lage\u00a0wissenschaftlich zu arbeiten. Sie haben\u00a0Erfahrungen in derRead More","og_url":"https:\/\/denkmalpflege.tuwien.ac.at\/index.php\/wahlseminar-denkmal-stadt-ws21-22\/","og_site_name":"Denkmalpflege und Bauen im Bestand","article_modified_time":"2023-10-22T09:59:43+00:00","og_image":[{"url":"http:\/\/denkmalpflege.tuwien.ac.at\/wp-content\/uploads\/2021\/09\/Luftbild-Wien-1956_Ausschnitt.jpg","type":"","width":"","height":""}],"twitter_card":"summary_large_image","twitter_misc":{"Gesch\u00e4tzte Lesezeit":"2\u00a0Minuten"},"schema":{"@context":"https:\/\/schema.org","@graph":[{"@type":"WebPage","@id":"https:\/\/denkmalpflege.tuwien.ac.at\/index.php\/wahlseminar-denkmal-stadt-ws21-22\/","url":"https:\/\/denkmalpflege.tuwien.ac.at\/index.php\/wahlseminar-denkmal-stadt-ws21-22\/","name":"Wahlseminar DENKMAL + STADT WS21\/22 - Denkmalpflege und Bauen im Bestand","isPartOf":{"@id":"https:\/\/denkmalpflege.tuwien.ac.at\/#website"},"primaryImageOfPage":{"@id":"https:\/\/denkmalpflege.tuwien.ac.at\/index.php\/wahlseminar-denkmal-stadt-ws21-22\/#primaryimage"},"image":{"@id":"https:\/\/denkmalpflege.tuwien.ac.at\/index.php\/wahlseminar-denkmal-stadt-ws21-22\/#primaryimage"},"thumbnailUrl":"http:\/\/denkmalpflege.tuwien.ac.at\/wp-content\/uploads\/2021\/09\/Luftbild-Wien-1956_Ausschnitt.jpg","datePublished":"2021-09-08T08:33:30+00:00","dateModified":"2023-10-22T09:59:43+00:00","breadcrumb":{"@id":"https:\/\/denkmalpflege.tuwien.ac.at\/index.php\/wahlseminar-denkmal-stadt-ws21-22\/#breadcrumb"},"inLanguage":"de","potentialAction":[{"@type":"ReadAction","target":["https:\/\/denkmalpflege.tuwien.ac.at\/index.php\/wahlseminar-denkmal-stadt-ws21-22\/"]}]},{"@type":"ImageObject","inLanguage":"de","@id":"https:\/\/denkmalpflege.tuwien.ac.at\/index.php\/wahlseminar-denkmal-stadt-ws21-22\/#primaryimage","url":"https:\/\/denkmalpflege.tuwien.ac.at\/wp-content\/uploads\/2021\/09\/Luftbild-Wien-1956_Ausschnitt.jpg","contentUrl":"https:\/\/denkmalpflege.tuwien.ac.at\/wp-content\/uploads\/2021\/09\/Luftbild-Wien-1956_Ausschnitt.jpg","width":5000,"height":5000},{"@type":"BreadcrumbList","@id":"https:\/\/denkmalpflege.tuwien.ac.at\/index.php\/wahlseminar-denkmal-stadt-ws21-22\/#breadcrumb","itemListElement":[{"@type":"ListItem","position":1,"name":"Startseite","item":"https:\/\/denkmalpflege.tuwien.ac.at\/"},{"@type":"ListItem","position":2,"name":"Wahlseminar DENKMAL + STADT WS21\/22"}]},{"@type":"WebSite","@id":"https:\/\/denkmalpflege.tuwien.ac.at\/#website","url":"https:\/\/denkmalpflege.tuwien.ac.at\/","name":"Denkmalpflege und Bauen im Bestand","description":"Denkmalpflege TU Wien","publisher":{"@id":"https:\/\/denkmalpflege.tuwien.ac.at\/#organization"},"potentialAction":[{"@type":"SearchAction","target":{"@type":"EntryPoint","urlTemplate":"https:\/\/denkmalpflege.tuwien.ac.at\/?s={search_term_string}"},"query-input":{"@type":"PropertyValueSpecification","valueRequired":true,"valueName":"search_term_string"}}],"inLanguage":"de"},{"@type":"Organization","@id":"https:\/\/denkmalpflege.tuwien.ac.at\/#organization","name":"TU Wien Denkmalpflege und Bauen im Bestand","url":"https:\/\/denkmalpflege.tuwien.ac.at\/","logo":{"@type":"ImageObject","inLanguage":"de","@id":"https:\/\/denkmalpflege.tuwien.ac.at\/#\/schema\/logo\/image\/","url":"https:\/\/denkmalpflege.tuwien.ac.at\/wp-content\/uploads\/2019\/10\/Logo1.png","contentUrl":"https:\/\/denkmalpflege.tuwien.ac.at\/wp-content\/uploads\/2019\/10\/Logo1.png","width":222,"height":79,"caption":"TU Wien Denkmalpflege und Bauen im Bestand"},"image":{"@id":"https:\/\/denkmalpflege.tuwien.ac.at\/#\/schema\/logo\/image\/"}}]}},"_links":{"self":[{"href":"https:\/\/denkmalpflege.tuwien.ac.at\/index.php\/wp-json\/wp\/v2\/pages\/23047","targetHints":{"allow":["GET"]}}],"collection":[{"href":"https:\/\/denkmalpflege.tuwien.ac.at\/index.php\/wp-json\/wp\/v2\/pages"}],"about":[{"href":"https:\/\/denkmalpflege.tuwien.ac.at\/index.php\/wp-json\/wp\/v2\/types\/page"}],"author":[{"embeddable":true,"href":"https:\/\/denkmalpflege.tuwien.ac.at\/index.php\/wp-json\/wp\/v2\/users\/1"}],"replies":[{"embeddable":true,"href":"https:\/\/denkmalpflege.tuwien.ac.at\/index.php\/wp-json\/wp\/v2\/comments?post=23047"}],"version-history":[{"count":19,"href":"https:\/\/denkmalpflege.tuwien.ac.at\/index.php\/wp-json\/wp\/v2\/pages\/23047\/revisions"}],"predecessor-version":[{"id":27642,"href":"https:\/\/denkmalpflege.tuwien.ac.at\/index.php\/wp-json\/wp\/v2\/pages\/23047\/revisions\/27642"}],"wp:attachment":[{"href":"https:\/\/denkmalpflege.tuwien.ac.at\/index.php\/wp-json\/wp\/v2\/media?parent=23047"}],"curies":[{"name":"wp","href":"https:\/\/api.w.org\/{rel}","templated":true}]}}