{"id":20569,"date":"2021-02-15T23:18:32","date_gmt":"2021-02-15T22:18:32","guid":{"rendered":"http:\/\/denkmalpflege.tuwien.ac.at\/?page_id=20569"},"modified":"2024-12-10T15:06:00","modified_gmt":"2024-12-10T14:06:00","slug":"entwerfen-fabriken-in-der-stadt-ss21","status":"publish","type":"page","link":"https:\/\/denkmalpflege.tuwien.ac.at\/index.php\/lehre-2\/lva-sommersemester-2021\/entwerfen-fabriken-in-der-stadt-ss21\/","title":{"rendered":"Entwerfen Fabriken in der Stadt SS21"},"content":{"rendered":"\t\t<div data-elementor-type=\"wp-page\" data-elementor-id=\"20569\" class=\"elementor elementor-20569\" data-elementor-post-type=\"page\">\n\t\t\t\t\t\t<section class=\"elementor-section elementor-top-section elementor-element elementor-element-6631398 elementor-section-full_width elementor-section-height-default elementor-section-height-default\" data-id=\"6631398\" data-element_type=\"section\">\n\t\t\t\t\t\t<div class=\"elementor-container elementor-column-gap-default\">\n\t\t\t\t\t<div class=\"elementor-column elementor-col-50 elementor-top-column elementor-element elementor-element-00ea742\" data-id=\"00ea742\" data-element_type=\"column\">\n\t\t\t<div class=\"elementor-widget-wrap elementor-element-populated\">\n\t\t\t\t\t\t<div class=\"elementor-element elementor-element-f16e172 elementor-widget elementor-widget-heading\" data-id=\"f16e172\" data-element_type=\"widget\" data-widget_type=\"heading.default\">\n\t\t\t\t<div class=\"elementor-widget-container\">\n\t\t\t\t\t<h2 class=\"elementor-heading-title elementor-size-default\"><a href=\"https:\/\/denkmalpflege.tuwien.ac.at\/index.php\/lva-sommersemester-2021\/\">LVA SS21<\/a><\/h2>\t\t\t\t<\/div>\n\t\t\t\t<\/div>\n\t\t\t\t\t<\/div>\n\t\t<\/div>\n\t\t\t\t<div class=\"elementor-column elementor-col-50 elementor-top-column elementor-element elementor-element-f706cc0\" data-id=\"f706cc0\" data-element_type=\"column\">\n\t\t\t<div class=\"elementor-widget-wrap elementor-element-populated\">\n\t\t\t\t\t\t<div class=\"elementor-element elementor-element-a255754 elementor-widget elementor-widget-heading\" data-id=\"a255754\" data-element_type=\"widget\" data-widget_type=\"heading.default\">\n\t\t\t\t<div class=\"elementor-widget-container\">\n\t\t\t\t\t<h2 class=\"elementor-heading-title elementor-size-default\">251.860 <span style=\"float: right\"> 8,0 h (10,0 ECTS)<\/span><\/h2>\t\t\t\t<\/div>\n\t\t\t\t<\/div>\n\t\t\t\t\t<\/div>\n\t\t<\/div>\n\t\t\t\t\t<\/div>\n\t\t<\/section>\n\t\t\t\t<section class=\"elementor-section elementor-top-section elementor-element elementor-element-61bc29d elementor-section-full_width elementor-section-height-default elementor-section-height-default\" data-id=\"61bc29d\" data-element_type=\"section\">\n\t\t\t\t\t\t<div class=\"elementor-container elementor-column-gap-default\">\n\t\t\t\t\t<div class=\"elementor-column elementor-col-50 elementor-top-column elementor-element elementor-element-e800234\" data-id=\"e800234\" data-element_type=\"column\">\n\t\t\t<div class=\"elementor-widget-wrap elementor-element-populated\">\n\t\t\t\t\t\t<div class=\"elementor-element elementor-element-65f6a1d elementor-nav-menu__align-start elementor-nav-menu--dropdown-mobile elementor-nav-menu__text-align-aside elementor-nav-menu--toggle elementor-nav-menu--burger elementor-widget elementor-widget-nav-menu\" data-id=\"65f6a1d\" data-element_type=\"widget\" data-settings=\"{&quot;layout&quot;:&quot;vertical&quot;,&quot;submenu_icon&quot;:{&quot;value&quot;:&quot;&lt;i class=\\&quot;\\&quot; aria-hidden=\\&quot;true\\&quot;&gt;&lt;\\\/i&gt;&quot;,&quot;library&quot;:&quot;&quot;},&quot;toggle&quot;:&quot;burger&quot;}\" data-widget_type=\"nav-menu.default\">\n\t\t\t\t<div class=\"elementor-widget-container\">\n\t\t\t\t\t\t\t\t<nav aria-label=\"Men\u00fc\" class=\"elementor-nav-menu--main elementor-nav-menu__container elementor-nav-menu--layout-vertical e--pointer-none\">\n\t\t\t\t<ul id=\"menu-1-65f6a1d\" class=\"elementor-nav-menu sm-vertical\"><li class=\"menu-item menu-item-type-post_type menu-item-object-page menu-item-20693\"><a href=\"https:\/\/denkmalpflege.tuwien.ac.at\/index.php\/entwerfen-haus-prost-ss21\/\" class=\"elementor-item\">Gro\u00dfes Entwerfen <\/br>Haus Prost<\/a><\/li>\n<li class=\"menu-item menu-item-type-post_type menu-item-object-page menu-item-20694\"><a href=\"https:\/\/denkmalpflege.tuwien.ac.at\/index.php\/lehre-2\/lva-sommersemester-2021\/entwerfen-fabriken-in-der-stadt-ss21\/\" class=\"elementor-item\">Gro\u00dfes Entwerfen <\/br>Fabriken in der Stadt<\/a><\/li>\n<li class=\"menu-item menu-item-type-post_type menu-item-object-page menu-item-20695\"><a href=\"https:\/\/denkmalpflege.tuwien.ac.at\/index.php\/lehre-2\/lva-sommersemester-2021\/modul-ss21\/\" class=\"elementor-item\">Modul <\/br>Denkmalpflege<\/a><\/li>\n<li class=\"menu-item menu-item-type-post_type menu-item-object-page menu-item-20696\"><a href=\"https:\/\/denkmalpflege.tuwien.ac.at\/index.php\/lehre-2\/lva-sommersemester-2020\/ss20-wahlseminar-bda\/\" class=\"elementor-item\">Wahlseminar <\/br> \u2026und das soll ein Denkmal sein?<\/a><\/li>\n<li class=\"menu-item menu-item-type-post_type menu-item-object-page menu-item-20697\"><a href=\"https:\/\/denkmalpflege.tuwien.ac.at\/index.php\/lehre-2\/lva-sommersemester-2020\/ss20-stadbild-und-schutzzonen\/\" class=\"elementor-item\">Wahlseminar <\/br>Stadtbild und Schutzzonen<\/a><\/li>\n<li class=\"menu-item menu-item-type-post_type menu-item-object-page menu-item-20698\"><a href=\"https:\/\/denkmalpflege.tuwien.ac.at\/index.php\/lehre-2\/lva-sommersemester-2021\/uebung-denkmalpflege-ss21\/\" class=\"elementor-item\">\u00dcbung<\/br> Denkmalpflege<\/a><\/li>\n<li class=\"menu-item menu-item-type-post_type menu-item-object-page menu-item-20826\"><a href=\"https:\/\/denkmalpflege.tuwien.ac.at\/index.php\/lehre-2\/lva-sommersemester-2021\/anleitung-wissenschaftlichen-arbeiten\/\" class=\"elementor-item\">Seminar <\/br>Anleitung zum wissens. Arbeiten<\/a><\/li>\n<li class=\"menu-item menu-item-type-post_type menu-item-object-page menu-item-20827\"><a href=\"https:\/\/denkmalpflege.tuwien.ac.at\/index.php\/diplomanden-und-dissertantenseminar\/\" class=\"elementor-item\">Seminar <\/br>Diplomanden und Dissertantenseminar<\/a><\/li>\n<\/ul>\t\t\t<\/nav>\n\t\t\t\t\t<div class=\"elementor-menu-toggle\" role=\"button\" tabindex=\"0\" aria-label=\"Men\u00fc Umschalter\" aria-expanded=\"false\">\n\t\t\t<i aria-hidden=\"true\" role=\"presentation\" class=\"elementor-menu-toggle__icon--open eicon-menu-bar\"><\/i><i aria-hidden=\"true\" role=\"presentation\" class=\"elementor-menu-toggle__icon--close eicon-close\"><\/i>\t\t<\/div>\n\t\t\t\t\t<nav class=\"elementor-nav-menu--dropdown elementor-nav-menu__container\" aria-hidden=\"true\">\n\t\t\t\t<ul id=\"menu-2-65f6a1d\" class=\"elementor-nav-menu sm-vertical\"><li class=\"menu-item menu-item-type-post_type menu-item-object-page menu-item-20693\"><a href=\"https:\/\/denkmalpflege.tuwien.ac.at\/index.php\/entwerfen-haus-prost-ss21\/\" class=\"elementor-item\" tabindex=\"-1\">Gro\u00dfes Entwerfen <\/br>Haus Prost<\/a><\/li>\n<li class=\"menu-item menu-item-type-post_type menu-item-object-page menu-item-20694\"><a href=\"https:\/\/denkmalpflege.tuwien.ac.at\/index.php\/lehre-2\/lva-sommersemester-2021\/entwerfen-fabriken-in-der-stadt-ss21\/\" class=\"elementor-item\" tabindex=\"-1\">Gro\u00dfes Entwerfen <\/br>Fabriken in der Stadt<\/a><\/li>\n<li class=\"menu-item menu-item-type-post_type menu-item-object-page menu-item-20695\"><a href=\"https:\/\/denkmalpflege.tuwien.ac.at\/index.php\/lehre-2\/lva-sommersemester-2021\/modul-ss21\/\" class=\"elementor-item\" tabindex=\"-1\">Modul <\/br>Denkmalpflege<\/a><\/li>\n<li class=\"menu-item menu-item-type-post_type menu-item-object-page menu-item-20696\"><a href=\"https:\/\/denkmalpflege.tuwien.ac.at\/index.php\/lehre-2\/lva-sommersemester-2020\/ss20-wahlseminar-bda\/\" class=\"elementor-item\" tabindex=\"-1\">Wahlseminar <\/br> \u2026und das soll ein Denkmal sein?<\/a><\/li>\n<li class=\"menu-item menu-item-type-post_type menu-item-object-page menu-item-20697\"><a href=\"https:\/\/denkmalpflege.tuwien.ac.at\/index.php\/lehre-2\/lva-sommersemester-2020\/ss20-stadbild-und-schutzzonen\/\" class=\"elementor-item\" tabindex=\"-1\">Wahlseminar <\/br>Stadtbild und Schutzzonen<\/a><\/li>\n<li class=\"menu-item menu-item-type-post_type menu-item-object-page menu-item-20698\"><a href=\"https:\/\/denkmalpflege.tuwien.ac.at\/index.php\/lehre-2\/lva-sommersemester-2021\/uebung-denkmalpflege-ss21\/\" class=\"elementor-item\" tabindex=\"-1\">\u00dcbung<\/br> Denkmalpflege<\/a><\/li>\n<li class=\"menu-item menu-item-type-post_type menu-item-object-page menu-item-20826\"><a href=\"https:\/\/denkmalpflege.tuwien.ac.at\/index.php\/lehre-2\/lva-sommersemester-2021\/anleitung-wissenschaftlichen-arbeiten\/\" class=\"elementor-item\" tabindex=\"-1\">Seminar <\/br>Anleitung zum wissens. Arbeiten<\/a><\/li>\n<li class=\"menu-item menu-item-type-post_type menu-item-object-page menu-item-20827\"><a href=\"https:\/\/denkmalpflege.tuwien.ac.at\/index.php\/diplomanden-und-dissertantenseminar\/\" class=\"elementor-item\" tabindex=\"-1\">Seminar <\/br>Diplomanden und Dissertantenseminar<\/a><\/li>\n<\/ul>\t\t\t<\/nav>\n\t\t\t\t\t\t<\/div>\n\t\t\t\t<\/div>\n\t\t\t\t\t<\/div>\n\t\t<\/div>\n\t\t\t\t<div class=\"elementor-column elementor-col-50 elementor-top-column elementor-element elementor-element-12fab93\" data-id=\"12fab93\" data-element_type=\"column\">\n\t\t\t<div class=\"elementor-widget-wrap elementor-element-populated\">\n\t\t\t\t\t\t<div class=\"elementor-element elementor-element-a22bffa elementor-widget elementor-widget-heading\" data-id=\"a22bffa\" data-element_type=\"widget\" data-widget_type=\"heading.default\">\n\t\t\t\t<div class=\"elementor-widget-container\">\n\t\t\t\t\t<h2 class=\"elementor-heading-title elementor-size-default\">FABRIKEN IN DER STADT<\/h2>\t\t\t\t<\/div>\n\t\t\t\t<\/div>\n\t\t\t\t<div class=\"elementor-element elementor-element-69acb5b elementor-widget elementor-widget-text-editor\" data-id=\"69acb5b\" data-element_type=\"widget\" data-widget_type=\"text-editor.default\">\n\t\t\t\t<div class=\"elementor-widget-container\">\n\t\t\t\t\t\t\t\t\t<p>Gro\u00dfes Entwerfen Denkmalpflege und Entwurf: Strategien der Umnutzung<\/p>\t\t\t\t\t\t\t\t<\/div>\n\t\t\t\t<\/div>\n\t\t\t\t<div class=\"elementor-element elementor-element-8d6afe8 silde_dipl elementor-arrows-position-inside elementor-widget elementor-widget-image-carousel\" data-id=\"8d6afe8\" data-element_type=\"widget\" data-settings=\"{&quot;slides_to_show&quot;:&quot;1&quot;,&quot;navigation&quot;:&quot;arrows&quot;,&quot;autoplay&quot;:&quot;no&quot;,&quot;infinite&quot;:&quot;yes&quot;,&quot;effect&quot;:&quot;slide&quot;,&quot;speed&quot;:500}\" data-widget_type=\"image-carousel.default\">\n\t\t\t\t<div class=\"elementor-widget-container\">\n\t\t\t\t\t\t\t<div class=\"elementor-image-carousel-wrapper swiper\" role=\"region\" aria-roledescription=\"carousel\" aria-label=\"Bild Karussell\" dir=\"ltr\">\n\t\t\t<div class=\"elementor-image-carousel swiper-wrapper swiper-image-stretch\" aria-live=\"polite\">\n\t\t\t\t\t\t\t\t<div class=\"swiper-slide\" role=\"group\" aria-roledescription=\"slide\" aria-label=\"1 von 4\"><a data-elementor-open-lightbox=\"yes\" data-elementor-lightbox-slideshow=\"8d6afe8\" data-e-action-hash=\"#elementor-action%3Aaction%3Dlightbox%26settings%3DeyJpZCI6MjA1NzEsInVybCI6Imh0dHBzOlwvXC9kZW5rbWFscGZsZWdlLnR1d2llbi5hYy5hdFwvd3AtY29udGVudFwvdXBsb2Fkc1wvMjAyMVwvMDJcL0RTQzAwODgwLmpwZyIsInNsaWRlc2hvdyI6IjhkNmFmZTgifQ%3D%3D\" href=\"https:\/\/denkmalpflege.tuwien.ac.at\/wp-content\/uploads\/2021\/02\/DSC00880.jpg\"><figure class=\"swiper-slide-inner\"><img decoding=\"async\" class=\"swiper-slide-image\" src=\"https:\/\/denkmalpflege.tuwien.ac.at\/wp-content\/uploads\/2021\/02\/DSC00880.jpg\" alt=\"DSC00880\" \/><\/figure><\/a><\/div><div class=\"swiper-slide\" role=\"group\" aria-roledescription=\"slide\" aria-label=\"2 von 4\"><a data-elementor-open-lightbox=\"yes\" data-elementor-lightbox-slideshow=\"8d6afe8\" data-e-action-hash=\"#elementor-action%3Aaction%3Dlightbox%26settings%3DeyJpZCI6MjA1NzMsInVybCI6Imh0dHBzOlwvXC9kZW5rbWFscGZsZWdlLnR1d2llbi5hYy5hdFwvd3AtY29udGVudFwvdXBsb2Fkc1wvMjAyMVwvMDJcL0RTQzAwODk2LmpwZyIsInNsaWRlc2hvdyI6IjhkNmFmZTgifQ%3D%3D\" href=\"https:\/\/denkmalpflege.tuwien.ac.at\/wp-content\/uploads\/2021\/02\/DSC00896.jpg\"><figure class=\"swiper-slide-inner\"><img decoding=\"async\" class=\"swiper-slide-image\" src=\"https:\/\/denkmalpflege.tuwien.ac.at\/wp-content\/uploads\/2021\/02\/DSC00896.jpg\" alt=\"DSC00896\" \/><\/figure><\/a><\/div><div class=\"swiper-slide\" role=\"group\" aria-roledescription=\"slide\" aria-label=\"3 von 4\"><a data-elementor-open-lightbox=\"yes\" data-elementor-lightbox-slideshow=\"8d6afe8\" data-e-action-hash=\"#elementor-action%3Aaction%3Dlightbox%26settings%3DeyJpZCI6MjA1NzIsInVybCI6Imh0dHBzOlwvXC9kZW5rbWFscGZsZWdlLnR1d2llbi5hYy5hdFwvd3AtY29udGVudFwvdXBsb2Fkc1wvMjAyMVwvMDJcL0RTQzAwODk0LmpwZyIsInNsaWRlc2hvdyI6IjhkNmFmZTgifQ%3D%3D\" href=\"https:\/\/denkmalpflege.tuwien.ac.at\/wp-content\/uploads\/2021\/02\/DSC00894.jpg\"><figure class=\"swiper-slide-inner\"><img decoding=\"async\" class=\"swiper-slide-image\" src=\"https:\/\/denkmalpflege.tuwien.ac.at\/wp-content\/uploads\/2021\/02\/DSC00894.jpg\" alt=\"DSC00894\" \/><\/figure><\/a><\/div><div class=\"swiper-slide\" role=\"group\" aria-roledescription=\"slide\" aria-label=\"4 von 4\"><a data-elementor-open-lightbox=\"yes\" data-elementor-lightbox-slideshow=\"8d6afe8\" data-e-action-hash=\"#elementor-action%3Aaction%3Dlightbox%26settings%3DeyJpZCI6MjA1NzQsInVybCI6Imh0dHBzOlwvXC9kZW5rbWFscGZsZWdlLnR1d2llbi5hYy5hdFwvd3AtY29udGVudFwvdXBsb2Fkc1wvMjAyMVwvMDJcL0RTQzAwODk3LmpwZyIsInNsaWRlc2hvdyI6IjhkNmFmZTgifQ%3D%3D\" href=\"https:\/\/denkmalpflege.tuwien.ac.at\/wp-content\/uploads\/2021\/02\/DSC00897.jpg\"><figure class=\"swiper-slide-inner\"><img decoding=\"async\" class=\"swiper-slide-image\" src=\"https:\/\/denkmalpflege.tuwien.ac.at\/wp-content\/uploads\/2021\/02\/DSC00897.jpg\" alt=\"DSC00897\" \/><\/figure><\/a><\/div>\t\t\t<\/div>\n\t\t\t\t\t\t\t\t\t\t\t\t<div class=\"elementor-swiper-button elementor-swiper-button-prev\" role=\"button\" tabindex=\"0\">\n\t\t\t\t\t\t<i aria-hidden=\"true\" class=\"eicon-chevron-left\"><\/i>\t\t\t\t\t<\/div>\n\t\t\t\t\t<div class=\"elementor-swiper-button elementor-swiper-button-next\" role=\"button\" tabindex=\"0\">\n\t\t\t\t\t\t<i aria-hidden=\"true\" class=\"eicon-chevron-right\"><\/i>\t\t\t\t\t<\/div>\n\t\t\t\t\n\t\t\t\t\t\t\t\t\t<\/div>\n\t\t\t\t\t\t<\/div>\n\t\t\t\t<\/div>\n\t\t\t\t<div class=\"elementor-element elementor-element-4a6b435 elementor-widget elementor-widget-heading\" data-id=\"4a6b435\" data-element_type=\"widget\" data-widget_type=\"heading.default\">\n\t\t\t\t<div class=\"elementor-widget-container\">\n\t\t\t\t\t<p class=\"elementor-heading-title elementor-size-default\">Gerhard STADLER, Alexandra Oana GHETA-ROSCA<\/p>\t\t\t\t<\/div>\n\t\t\t\t<\/div>\n\t\t\t\t<div class=\"elementor-element elementor-element-3a6d0df elementor-widget elementor-widget-text-editor\" data-id=\"3a6d0df\" data-element_type=\"widget\" data-widget_type=\"text-editor.default\">\n\t\t\t\t<div class=\"elementor-widget-container\">\n\t\t\t\t\t\t\t\t\t<p><strong>Einf\u00fchrung<br \/><\/strong>Donnerstag, 11. M\u00e4rz. 2021, 10:00 Uhr<br \/>Der Ort wird noch bekanntgegeben.<\/p>\t\t\t\t\t\t\t\t<\/div>\n\t\t\t\t<\/div>\n\t\t\t\t<div class=\"elementor-element elementor-element-73da540 elementor-widget elementor-widget-text-editor\" data-id=\"73da540\" data-element_type=\"widget\" data-widget_type=\"text-editor.default\">\n\t\t\t\t<div class=\"elementor-widget-container\">\n\t\t\t\t\t\t\t\t\t<p><strong>Termine<br \/><\/strong>w\u00f6chentlich Donnerstag, 10:00 &#8211; 12:00 Uhr, SR 257 (Stiege 3, 2. Stock) oder online.<\/p>\t\t\t\t\t\t\t\t<\/div>\n\t\t\t\t<\/div>\n\t\t\t\t<div class=\"elementor-element elementor-element-5b3e482 elementor-widget elementor-widget-text-editor\" data-id=\"5b3e482\" data-element_type=\"widget\" data-widget_type=\"text-editor.default\">\n\t\t\t\t<div class=\"elementor-widget-container\">\n\t\t\t\t\t\t\t\t\t<p><strong>Anmeldung<br \/><\/strong>\u00fcber<a href=\"https:\/\/tiss.tuwien.ac.at\/course\/courseDetails.xhtml?dswid=6596&amp;dsrid=517&amp;courseNr=251860&amp;semester=2021S\"> TISS<\/a> im Bewerbungspool<\/p>\t\t\t\t\t\t\t\t<\/div>\n\t\t\t\t<\/div>\n\t\t\t\t<div class=\"elementor-element elementor-element-9ce6476 elementor-widget elementor-widget-text-editor\" data-id=\"9ce6476\" data-element_type=\"widget\" data-widget_type=\"text-editor.default\">\n\t\t\t\t<div class=\"elementor-widget-container\">\n\t\t\t\t\t\t\t\t\t<p><strong>Lehre unter Covid-19<br \/><\/strong>Die BetreuerInnen der Lehrveranstaltung werden die Teilnehmenden rechtzeitig \u00fcber Termine und einen allenfalls ge\u00e4nderten Ablauf der LVA ins Bild setzen.<\/p>\t\t\t\t\t\t\t\t<\/div>\n\t\t\t\t<\/div>\n\t\t\t\t<div class=\"elementor-element elementor-element-29df3fd elementor-widget-divider--view-line elementor-widget elementor-widget-divider\" data-id=\"29df3fd\" data-element_type=\"widget\" data-widget_type=\"divider.default\">\n\t\t\t\t<div class=\"elementor-widget-container\">\n\t\t\t\t\t\t\t<div class=\"elementor-divider\">\n\t\t\t<span class=\"elementor-divider-separator\">\n\t\t\t\t\t\t<\/span>\n\t\t<\/div>\n\t\t\t\t\t\t<\/div>\n\t\t\t\t<\/div>\n\t\t\t\t<div class=\"elementor-element elementor-element-3e2a111 elementor-widget elementor-widget-text-editor\" data-id=\"3e2a111\" data-element_type=\"widget\" data-widget_type=\"text-editor.default\">\n\t\t\t\t<div class=\"elementor-widget-container\">\n\t\t\t\t\t\t\t\t\t<p><strong>Lernergebnisse<br \/><\/strong>Nach positiver Absolvierung der Lehrveranstaltung sind Studierende in der Lage, sowohl die Entwurfs- wie auch die Detailplanung bei der Um- und Nachnutzung von denkmalgesch\u00fctzter Baubsubstanz vorzunehmen.<\/p>\t\t\t\t\t\t\t\t<\/div>\n\t\t\t\t<\/div>\n\t\t\t\t<div class=\"elementor-element elementor-element-487ac8b elementor-widget elementor-widget-text-editor\" data-id=\"487ac8b\" data-element_type=\"widget\" data-widget_type=\"text-editor.default\">\n\t\t\t\t<div class=\"elementor-widget-container\">\n\t\t\t\t\t\t\t\t\t<p><strong>Inhalt der Lehrveranstaltung<br \/><\/strong><\/p><p>Die Lehrveranstaltung zielt auf die denkmalgerechte Um- oder Nachnutzung denkmalgesch\u00fctzter Bausubstanz, insbesondere von technischen und wirtschaftsgeschichtlichen Denkmalen wie Fabriken, Werkst\u00e4tten, Industrieanlagen oder Werkskolonien.<\/p><p>Im Sommersemester befasst sich die Entwerfen-\u00dcbung unter dem Titel &#8222;Fabriken in der Stadt&#8220; mit der Nachnutzung einer f\u00fcr die Stadt Wien typischen Hinterhof-Fabrik im f\u00fcnften Gemeindebezirk, die von Wohnbauten entlang der Margaretenstra\u00dfe, der Krongasse, des Mittersteigs sowie der Strau\u00dfengasse eingeschlossen wird.<\/p>\t\t\t\t\t\t\t\t<\/div>\n\t\t\t\t<\/div>\n\t\t\t\t<div class=\"elementor-element elementor-element-0512a3f elementor-widget elementor-widget-text-editor\" data-id=\"0512a3f\" data-element_type=\"widget\" data-widget_type=\"text-editor.default\">\n\t\t\t\t<div class=\"elementor-widget-container\">\n\t\t\t\t\t\t\t\t\t<p><strong>Weitere Informationen<br \/><\/strong>Sollte aufgrund von Vorgaben der Bundesregierung bzw. der TU Wien die Abhaltung der Lehrveranstaltung und der Pr\u00fcfung bzw. der Teilleistungen in Pr\u00e4senz nicht m\u00f6glich sein, wird in das online-Format gewechselt. Durch den Wechsel in das online-Format k\u00f6nnen sich die f\u00fcr die Pr\u00e4senzlehrveranstaltung und -pr\u00fcfung (-teilleistungen) angek\u00fcndigten Termine \u00e4ndern. Bei einem Wechsel ins online-Format gelten folgende Methoden und Modi:<\/p><div class=\"encode\"><p><strong>Methode bei Wechsel ins online-Format<br \/><\/strong>Die w\u00f6chentlichen Zusammenk\u00fcnfte f\u00fcr Besprechungen, Korrekturen und Diskussionen erfolgen im Rahmen von Zoom-Meetings.<\/p><p><strong>Pr\u00fcfungsmodus bei Wechsel ins online-Format<br \/><\/strong>Die Abgabe der schriftlichen \/ zeichnerisch-gestalterischen Arbeit erfolgt durch Hinterlegung am Institut. Die Pr\u00e4sentation wird im Rahmen eines Zoom-Meetings erfolgen<em>.<\/em><\/p><p><strong>Leistungsnachweis<br \/><\/strong>Bleibt grunds\u00e4tzlich gleich, mit dem Hinweis: im Falle des Wechsels in das online-Format siehe oben \u201eWeitere Informationen\u201c.<\/p><\/div>\t\t\t\t\t\t\t\t<\/div>\n\t\t\t\t<\/div>\n\t\t\t\t<div class=\"elementor-element elementor-element-84b001e elementor-widget elementor-widget-text-editor\" data-id=\"84b001e\" data-element_type=\"widget\" data-widget_type=\"text-editor.default\">\n\t\t\t\t<div class=\"elementor-widget-container\">\n\t\t\t\t\t\t\t\t\t<p>Pr\u00e4sentationsvideo <a href=\"https:\/\/tube1.it.tuwien.ac.at\/videos\/watch\/4d815bdb-7519-4145-9772-64dd616cfb47\"><span style=\"text-decoration: underline;\">hier<\/span><\/a><\/p>\t\t\t\t\t\t\t\t<\/div>\n\t\t\t\t<\/div>\n\t\t\t\t<div class=\"elementor-element elementor-element-f22a667 elementor-widget-divider--view-line elementor-widget elementor-widget-divider\" data-id=\"f22a667\" data-element_type=\"widget\" data-widget_type=\"divider.default\">\n\t\t\t\t<div class=\"elementor-widget-container\">\n\t\t\t\t\t\t\t<div class=\"elementor-divider\">\n\t\t\t<span class=\"elementor-divider-separator\">\n\t\t\t\t\t\t<\/span>\n\t\t<\/div>\n\t\t\t\t\t\t<\/div>\n\t\t\t\t<\/div>\n\t\t\t\t<section class=\"elementor-section elementor-inner-section elementor-element elementor-element-5bfac05 elementor-section-boxed elementor-section-height-default elementor-section-height-default\" data-id=\"5bfac05\" data-element_type=\"section\">\n\t\t\t\t\t\t<div class=\"elementor-container elementor-column-gap-default\">\n\t\t\t\t\t<div class=\"elementor-column elementor-col-50 elementor-inner-column elementor-element elementor-element-1851496\" data-id=\"1851496\" data-element_type=\"column\">\n\t\t\t<div class=\"elementor-widget-wrap elementor-element-populated\">\n\t\t\t\t\t\t<div class=\"elementor-element elementor-element-64275c4 elementor-widget elementor-widget-text-editor\" data-id=\"64275c4\" data-element_type=\"widget\" data-widget_type=\"text-editor.default\">\n\t\t\t\t<div class=\"elementor-widget-container\">\n\t\t\t\t\t\t\t\t\t<p class=\"lva_text\"><a class=\"link link_blau\" href=\"https:\/\/tiss.tuwien.ac.at\/course\/courseDetails.xhtml?dswid=6596&amp;dsrid=517&amp;courseNr=251859&amp;semester=2021S\" target=\"_blank\" rel=\"noopener\">TISS<\/a><\/p>\t\t\t\t\t\t\t\t<\/div>\n\t\t\t\t<\/div>\n\t\t\t\t\t<\/div>\n\t\t<\/div>\n\t\t\t\t<div class=\"elementor-column elementor-col-50 elementor-inner-column elementor-element elementor-element-7092cc1\" data-id=\"7092cc1\" data-element_type=\"column\">\n\t\t\t<div class=\"elementor-widget-wrap\">\n\t\t\t\t\t\t\t<\/div>\n\t\t<\/div>\n\t\t\t\t\t<\/div>\n\t\t<\/section>\n\t\t\t\t\t<\/div>\n\t\t<\/div>\n\t\t\t\t\t<\/div>\n\t\t<\/section>\n\t\t\t\t<\/div>\n\t\t","protected":false},"excerpt":{"rendered":"<p>LVA SS21 251.860 8,0 h (10,0 ECTS) FABRIKEN IN DER STADT Gro\u00dfes Entwerfen Denkmalpflege und Entwurf: Strategien der Umnutzung Gerhard STADLER, Alexandra Oana GHETA-ROSCA Einf\u00fchrungDonnerstag, 11. M\u00e4rz. 2021, 10:00 UhrDer Ort wird noch bekanntgegeben. Terminew\u00f6chentlich Donnerstag, 10:00 &#8211; 12:00 Uhr, SR 257 (Stiege 3, 2. Stock) oder online. Anmeldung\u00fcber TISS im Bewerbungspool Lehre unter Covid-19Die BetreuerInnen der Lehrveranstaltung werden die Teilnehmenden rechtzeitig \u00fcber Termine und einen allenfalls ge\u00e4nderten Ablauf der<\/p>\n<div class=\"belowpost\"><a class=\"btnmore icon-arrow\" href=\"https:\/\/denkmalpflege.tuwien.ac.at\/index.php\/lehre-2\/lva-sommersemester-2021\/entwerfen-fabriken-in-der-stadt-ss21\/\"><span>Read More<\/span><\/a><\/div>\n","protected":false},"author":1,"featured_media":0,"parent":20581,"menu_order":0,"comment_status":"closed","ping_status":"closed","template":"","meta":{"footnotes":""},"class_list":["post-20569","page","type-page","status-publish","hentry"],"yoast_head":"<!-- This site is optimized with the Yoast SEO plugin v26.0 - https:\/\/yoast.com\/wordpress\/plugins\/seo\/ -->\n<title>Entwerfen Fabriken in der Stadt SS21 - Denkmalpflege und Bauen im Bestand<\/title>\n<meta name=\"robots\" content=\"index, follow, max-snippet:-1, max-image-preview:large, max-video-preview:-1\" \/>\n<link rel=\"canonical\" href=\"https:\/\/denkmalpflege.tuwien.ac.at\/index.php\/lehre-2\/lva-sommersemester-2021\/entwerfen-fabriken-in-der-stadt-ss21\/\" \/>\n<meta property=\"og:locale\" content=\"de_DE\" \/>\n<meta property=\"og:type\" content=\"article\" \/>\n<meta property=\"og:title\" content=\"Entwerfen Fabriken in der Stadt SS21 - Denkmalpflege und Bauen im Bestand\" \/>\n<meta property=\"og:description\" content=\"LVA SS21 251.860 8,0 h (10,0 ECTS) FABRIKEN IN DER STADT Gro\u00dfes Entwerfen Denkmalpflege und Entwurf: Strategien der Umnutzung Gerhard STADLER, Alexandra Oana GHETA-ROSCA Einf\u00fchrungDonnerstag, 11. M\u00e4rz. 2021, 10:00 UhrDer Ort wird noch bekanntgegeben. Terminew\u00f6chentlich Donnerstag, 10:00 &#8211; 12:00 Uhr, SR 257 (Stiege 3, 2. Stock) oder online. Anmeldung\u00fcber TISS im Bewerbungspool Lehre unter Covid-19Die BetreuerInnen der Lehrveranstaltung werden die Teilnehmenden rechtzeitig \u00fcber Termine und einen allenfalls ge\u00e4nderten Ablauf derRead More\" \/>\n<meta property=\"og:url\" content=\"https:\/\/denkmalpflege.tuwien.ac.at\/index.php\/lehre-2\/lva-sommersemester-2021\/entwerfen-fabriken-in-der-stadt-ss21\/\" \/>\n<meta property=\"og:site_name\" content=\"Denkmalpflege und Bauen im Bestand\" \/>\n<meta property=\"article:modified_time\" content=\"2024-12-10T14:06:00+00:00\" \/>\n<meta property=\"og:image\" content=\"http:\/\/denkmalpflege.tuwien.ac.at\/wp-content\/uploads\/2021\/02\/DSC00880.jpg\" \/>\n<meta name=\"twitter:card\" content=\"summary_large_image\" \/>\n<meta name=\"twitter:label1\" content=\"Gesch\u00e4tzte Lesezeit\" \/>\n\t<meta name=\"twitter:data1\" content=\"2\u00a0Minuten\" \/>\n<script type=\"application\/ld+json\" class=\"yoast-schema-graph\">{\"@context\":\"https:\/\/schema.org\",\"@graph\":[{\"@type\":\"WebPage\",\"@id\":\"https:\/\/denkmalpflege.tuwien.ac.at\/index.php\/lehre-2\/lva-sommersemester-2021\/entwerfen-fabriken-in-der-stadt-ss21\/\",\"url\":\"https:\/\/denkmalpflege.tuwien.ac.at\/index.php\/lehre-2\/lva-sommersemester-2021\/entwerfen-fabriken-in-der-stadt-ss21\/\",\"name\":\"Entwerfen Fabriken in der Stadt SS21 - Denkmalpflege und Bauen im Bestand\",\"isPartOf\":{\"@id\":\"https:\/\/denkmalpflege.tuwien.ac.at\/#website\"},\"primaryImageOfPage\":{\"@id\":\"https:\/\/denkmalpflege.tuwien.ac.at\/index.php\/lehre-2\/lva-sommersemester-2021\/entwerfen-fabriken-in-der-stadt-ss21\/#primaryimage\"},\"image\":{\"@id\":\"https:\/\/denkmalpflege.tuwien.ac.at\/index.php\/lehre-2\/lva-sommersemester-2021\/entwerfen-fabriken-in-der-stadt-ss21\/#primaryimage\"},\"thumbnailUrl\":\"http:\/\/denkmalpflege.tuwien.ac.at\/wp-content\/uploads\/2021\/02\/DSC00880.jpg\",\"datePublished\":\"2021-02-15T22:18:32+00:00\",\"dateModified\":\"2024-12-10T14:06:00+00:00\",\"breadcrumb\":{\"@id\":\"https:\/\/denkmalpflege.tuwien.ac.at\/index.php\/lehre-2\/lva-sommersemester-2021\/entwerfen-fabriken-in-der-stadt-ss21\/#breadcrumb\"},\"inLanguage\":\"de\",\"potentialAction\":[{\"@type\":\"ReadAction\",\"target\":[\"https:\/\/denkmalpflege.tuwien.ac.at\/index.php\/lehre-2\/lva-sommersemester-2021\/entwerfen-fabriken-in-der-stadt-ss21\/\"]}]},{\"@type\":\"ImageObject\",\"inLanguage\":\"de\",\"@id\":\"https:\/\/denkmalpflege.tuwien.ac.at\/index.php\/lehre-2\/lva-sommersemester-2021\/entwerfen-fabriken-in-der-stadt-ss21\/#primaryimage\",\"url\":\"https:\/\/denkmalpflege.tuwien.ac.at\/wp-content\/uploads\/2021\/02\/DSC00880.jpg\",\"contentUrl\":\"https:\/\/denkmalpflege.tuwien.ac.at\/wp-content\/uploads\/2021\/02\/DSC00880.jpg\",\"width\":2986,\"height\":4479},{\"@type\":\"BreadcrumbList\",\"@id\":\"https:\/\/denkmalpflege.tuwien.ac.at\/index.php\/lehre-2\/lva-sommersemester-2021\/entwerfen-fabriken-in-der-stadt-ss21\/#breadcrumb\",\"itemListElement\":[{\"@type\":\"ListItem\",\"position\":1,\"name\":\"Startseite\",\"item\":\"https:\/\/denkmalpflege.tuwien.ac.at\/\"},{\"@type\":\"ListItem\",\"position\":2,\"name\":\"Lehre\",\"item\":\"https:\/\/denkmalpflege.tuwien.ac.at\/index.php\/lehre-2\/\"},{\"@type\":\"ListItem\",\"position\":3,\"name\":\"LVA Sommersemester 2021\",\"item\":\"https:\/\/denkmalpflege.tuwien.ac.at\/index.php\/lehre-2\/lva-sommersemester-2021\/\"},{\"@type\":\"ListItem\",\"position\":4,\"name\":\"Entwerfen Fabriken in der Stadt SS21\"}]},{\"@type\":\"WebSite\",\"@id\":\"https:\/\/denkmalpflege.tuwien.ac.at\/#website\",\"url\":\"https:\/\/denkmalpflege.tuwien.ac.at\/\",\"name\":\"Denkmalpflege und Bauen im Bestand\",\"description\":\"Denkmalpflege TU Wien\",\"publisher\":{\"@id\":\"https:\/\/denkmalpflege.tuwien.ac.at\/#organization\"},\"potentialAction\":[{\"@type\":\"SearchAction\",\"target\":{\"@type\":\"EntryPoint\",\"urlTemplate\":\"https:\/\/denkmalpflege.tuwien.ac.at\/?s={search_term_string}\"},\"query-input\":{\"@type\":\"PropertyValueSpecification\",\"valueRequired\":true,\"valueName\":\"search_term_string\"}}],\"inLanguage\":\"de\"},{\"@type\":\"Organization\",\"@id\":\"https:\/\/denkmalpflege.tuwien.ac.at\/#organization\",\"name\":\"TU Wien Denkmalpflege und Bauen im Bestand\",\"url\":\"https:\/\/denkmalpflege.tuwien.ac.at\/\",\"logo\":{\"@type\":\"ImageObject\",\"inLanguage\":\"de\",\"@id\":\"https:\/\/denkmalpflege.tuwien.ac.at\/#\/schema\/logo\/image\/\",\"url\":\"https:\/\/denkmalpflege.tuwien.ac.at\/wp-content\/uploads\/2019\/10\/Logo1.png\",\"contentUrl\":\"https:\/\/denkmalpflege.tuwien.ac.at\/wp-content\/uploads\/2019\/10\/Logo1.png\",\"width\":222,\"height\":79,\"caption\":\"TU Wien Denkmalpflege und Bauen im Bestand\"},\"image\":{\"@id\":\"https:\/\/denkmalpflege.tuwien.ac.at\/#\/schema\/logo\/image\/\"}}]}<\/script>\n<!-- \/ Yoast SEO plugin. -->","yoast_head_json":{"title":"Entwerfen Fabriken in der Stadt SS21 - Denkmalpflege und Bauen im Bestand","robots":{"index":"index","follow":"follow","max-snippet":"max-snippet:-1","max-image-preview":"max-image-preview:large","max-video-preview":"max-video-preview:-1"},"canonical":"https:\/\/denkmalpflege.tuwien.ac.at\/index.php\/lehre-2\/lva-sommersemester-2021\/entwerfen-fabriken-in-der-stadt-ss21\/","og_locale":"de_DE","og_type":"article","og_title":"Entwerfen Fabriken in der Stadt SS21 - Denkmalpflege und Bauen im Bestand","og_description":"LVA SS21 251.860 8,0 h (10,0 ECTS) FABRIKEN IN DER STADT Gro\u00dfes Entwerfen Denkmalpflege und Entwurf: Strategien der Umnutzung Gerhard STADLER, Alexandra Oana GHETA-ROSCA Einf\u00fchrungDonnerstag, 11. M\u00e4rz. 2021, 10:00 UhrDer Ort wird noch bekanntgegeben. Terminew\u00f6chentlich Donnerstag, 10:00 &#8211; 12:00 Uhr, SR 257 (Stiege 3, 2. Stock) oder online. Anmeldung\u00fcber TISS im Bewerbungspool Lehre unter Covid-19Die BetreuerInnen der Lehrveranstaltung werden die Teilnehmenden rechtzeitig \u00fcber Termine und einen allenfalls ge\u00e4nderten Ablauf derRead More","og_url":"https:\/\/denkmalpflege.tuwien.ac.at\/index.php\/lehre-2\/lva-sommersemester-2021\/entwerfen-fabriken-in-der-stadt-ss21\/","og_site_name":"Denkmalpflege und Bauen im Bestand","article_modified_time":"2024-12-10T14:06:00+00:00","og_image":[{"url":"http:\/\/denkmalpflege.tuwien.ac.at\/wp-content\/uploads\/2021\/02\/DSC00880.jpg","type":"","width":"","height":""}],"twitter_card":"summary_large_image","twitter_misc":{"Gesch\u00e4tzte Lesezeit":"2\u00a0Minuten"},"schema":{"@context":"https:\/\/schema.org","@graph":[{"@type":"WebPage","@id":"https:\/\/denkmalpflege.tuwien.ac.at\/index.php\/lehre-2\/lva-sommersemester-2021\/entwerfen-fabriken-in-der-stadt-ss21\/","url":"https:\/\/denkmalpflege.tuwien.ac.at\/index.php\/lehre-2\/lva-sommersemester-2021\/entwerfen-fabriken-in-der-stadt-ss21\/","name":"Entwerfen Fabriken in der Stadt SS21 - Denkmalpflege und Bauen im Bestand","isPartOf":{"@id":"https:\/\/denkmalpflege.tuwien.ac.at\/#website"},"primaryImageOfPage":{"@id":"https:\/\/denkmalpflege.tuwien.ac.at\/index.php\/lehre-2\/lva-sommersemester-2021\/entwerfen-fabriken-in-der-stadt-ss21\/#primaryimage"},"image":{"@id":"https:\/\/denkmalpflege.tuwien.ac.at\/index.php\/lehre-2\/lva-sommersemester-2021\/entwerfen-fabriken-in-der-stadt-ss21\/#primaryimage"},"thumbnailUrl":"http:\/\/denkmalpflege.tuwien.ac.at\/wp-content\/uploads\/2021\/02\/DSC00880.jpg","datePublished":"2021-02-15T22:18:32+00:00","dateModified":"2024-12-10T14:06:00+00:00","breadcrumb":{"@id":"https:\/\/denkmalpflege.tuwien.ac.at\/index.php\/lehre-2\/lva-sommersemester-2021\/entwerfen-fabriken-in-der-stadt-ss21\/#breadcrumb"},"inLanguage":"de","potentialAction":[{"@type":"ReadAction","target":["https:\/\/denkmalpflege.tuwien.ac.at\/index.php\/lehre-2\/lva-sommersemester-2021\/entwerfen-fabriken-in-der-stadt-ss21\/"]}]},{"@type":"ImageObject","inLanguage":"de","@id":"https:\/\/denkmalpflege.tuwien.ac.at\/index.php\/lehre-2\/lva-sommersemester-2021\/entwerfen-fabriken-in-der-stadt-ss21\/#primaryimage","url":"https:\/\/denkmalpflege.tuwien.ac.at\/wp-content\/uploads\/2021\/02\/DSC00880.jpg","contentUrl":"https:\/\/denkmalpflege.tuwien.ac.at\/wp-content\/uploads\/2021\/02\/DSC00880.jpg","width":2986,"height":4479},{"@type":"BreadcrumbList","@id":"https:\/\/denkmalpflege.tuwien.ac.at\/index.php\/lehre-2\/lva-sommersemester-2021\/entwerfen-fabriken-in-der-stadt-ss21\/#breadcrumb","itemListElement":[{"@type":"ListItem","position":1,"name":"Startseite","item":"https:\/\/denkmalpflege.tuwien.ac.at\/"},{"@type":"ListItem","position":2,"name":"Lehre","item":"https:\/\/denkmalpflege.tuwien.ac.at\/index.php\/lehre-2\/"},{"@type":"ListItem","position":3,"name":"LVA Sommersemester 2021","item":"https:\/\/denkmalpflege.tuwien.ac.at\/index.php\/lehre-2\/lva-sommersemester-2021\/"},{"@type":"ListItem","position":4,"name":"Entwerfen Fabriken in der Stadt SS21"}]},{"@type":"WebSite","@id":"https:\/\/denkmalpflege.tuwien.ac.at\/#website","url":"https:\/\/denkmalpflege.tuwien.ac.at\/","name":"Denkmalpflege und Bauen im Bestand","description":"Denkmalpflege TU Wien","publisher":{"@id":"https:\/\/denkmalpflege.tuwien.ac.at\/#organization"},"potentialAction":[{"@type":"SearchAction","target":{"@type":"EntryPoint","urlTemplate":"https:\/\/denkmalpflege.tuwien.ac.at\/?s={search_term_string}"},"query-input":{"@type":"PropertyValueSpecification","valueRequired":true,"valueName":"search_term_string"}}],"inLanguage":"de"},{"@type":"Organization","@id":"https:\/\/denkmalpflege.tuwien.ac.at\/#organization","name":"TU Wien Denkmalpflege und Bauen im Bestand","url":"https:\/\/denkmalpflege.tuwien.ac.at\/","logo":{"@type":"ImageObject","inLanguage":"de","@id":"https:\/\/denkmalpflege.tuwien.ac.at\/#\/schema\/logo\/image\/","url":"https:\/\/denkmalpflege.tuwien.ac.at\/wp-content\/uploads\/2019\/10\/Logo1.png","contentUrl":"https:\/\/denkmalpflege.tuwien.ac.at\/wp-content\/uploads\/2019\/10\/Logo1.png","width":222,"height":79,"caption":"TU Wien Denkmalpflege und Bauen im Bestand"},"image":{"@id":"https:\/\/denkmalpflege.tuwien.ac.at\/#\/schema\/logo\/image\/"}}]}},"_links":{"self":[{"href":"https:\/\/denkmalpflege.tuwien.ac.at\/index.php\/wp-json\/wp\/v2\/pages\/20569","targetHints":{"allow":["GET"]}}],"collection":[{"href":"https:\/\/denkmalpflege.tuwien.ac.at\/index.php\/wp-json\/wp\/v2\/pages"}],"about":[{"href":"https:\/\/denkmalpflege.tuwien.ac.at\/index.php\/wp-json\/wp\/v2\/types\/page"}],"author":[{"embeddable":true,"href":"https:\/\/denkmalpflege.tuwien.ac.at\/index.php\/wp-json\/wp\/v2\/users\/1"}],"replies":[{"embeddable":true,"href":"https:\/\/denkmalpflege.tuwien.ac.at\/index.php\/wp-json\/wp\/v2\/comments?post=20569"}],"version-history":[{"count":28,"href":"https:\/\/denkmalpflege.tuwien.ac.at\/index.php\/wp-json\/wp\/v2\/pages\/20569\/revisions"}],"predecessor-version":[{"id":27663,"href":"https:\/\/denkmalpflege.tuwien.ac.at\/index.php\/wp-json\/wp\/v2\/pages\/20569\/revisions\/27663"}],"up":[{"embeddable":true,"href":"https:\/\/denkmalpflege.tuwien.ac.at\/index.php\/wp-json\/wp\/v2\/pages\/20581"}],"wp:attachment":[{"href":"https:\/\/denkmalpflege.tuwien.ac.at\/index.php\/wp-json\/wp\/v2\/media?parent=20569"}],"curies":[{"name":"wp","href":"https:\/\/api.w.org\/{rel}","templated":true}]}}