{"id":19296,"date":"2020-09-28T15:33:23","date_gmt":"2020-09-28T13:33:23","guid":{"rendered":"http:\/\/denkmalpflege.tuwien.ac.at\/?page_id=19296"},"modified":"2022-06-12T23:01:38","modified_gmt":"2022-06-12T21:01:38","slug":"covid-19","status":"publish","type":"page","link":"https:\/\/denkmalpflege.tuwien.ac.at\/index.php\/covid-19\/","title":{"rendered":"Covid-19"},"content":{"rendered":"\t\t<div data-elementor-type=\"wp-page\" data-elementor-id=\"19296\" class=\"elementor elementor-19296\" data-elementor-post-type=\"page\">\n\t\t\t\t\t\t<section class=\"elementor-section elementor-top-section elementor-element elementor-element-6ae6330 elementor-section-full_width elementor-section-height-default elementor-section-height-default\" data-id=\"6ae6330\" data-element_type=\"section\">\n\t\t\t\t\t\t<div class=\"elementor-container elementor-column-gap-default\">\n\t\t\t\t\t<div class=\"elementor-column elementor-col-50 elementor-top-column elementor-element elementor-element-994d950\" data-id=\"994d950\" data-element_type=\"column\">\n\t\t\t<div class=\"elementor-widget-wrap elementor-element-populated\">\n\t\t\t\t\t\t<div class=\"elementor-element elementor-element-4041f3a elementor-widget elementor-widget-heading\" data-id=\"4041f3a\" data-element_type=\"widget\" data-widget_type=\"heading.default\">\n\t\t\t\t<div class=\"elementor-widget-container\">\n\t\t\t\t\t<h2 class=\"elementor-heading-title elementor-size-default\">COVID-19 Regelung<\/h2>\t\t\t\t<\/div>\n\t\t\t\t<\/div>\n\t\t\t\t<div class=\"elementor-element elementor-element-57bde30 elementor-widget elementor-widget-text-editor\" data-id=\"57bde30\" data-element_type=\"widget\" data-widget_type=\"text-editor.default\">\n\t\t\t\t<div class=\"elementor-widget-container\">\n\t\t\t\t\t\t\t\t\t<p style=\"font-size: 18px; line-height: 1.4;\">Aktuelle Informationen zu unserer Lehre w\u00e4hrend der Covid-19 Krise<\/p>\t\t\t\t\t\t\t\t<\/div>\n\t\t\t\t<\/div>\n\t\t\t\t\t<\/div>\n\t\t<\/div>\n\t\t\t\t<div class=\"elementor-column elementor-col-50 elementor-top-column elementor-element elementor-element-0cfc0bf\" data-id=\"0cfc0bf\" data-element_type=\"column\">\n\t\t\t<div class=\"elementor-widget-wrap elementor-element-populated\">\n\t\t\t\t\t\t<div class=\"elementor-element elementor-element-c688014 elementor-widget elementor-widget-heading\" data-id=\"c688014\" data-element_type=\"widget\" data-widget_type=\"heading.default\">\n\t\t\t\t<div class=\"elementor-widget-container\">\n\t\t\t\t\t<h2 class=\"elementor-heading-title elementor-size-default\">2,5-G-Zutrittskontrollen<\/h2>\t\t\t\t<\/div>\n\t\t\t\t<\/div>\n\t\t\t\t<div class=\"elementor-element elementor-element-6b10ee6 elementor-widget elementor-widget-text-editor\" data-id=\"6b10ee6\" data-element_type=\"widget\" data-widget_type=\"text-editor.default\">\n\t\t\t\t<div class=\"elementor-widget-container\">\n\t\t\t\t\t\t\t\t\t<p><strong>Seit 11. November 2021 gilt:<\/strong> Ab sofort ist ein Zutritt zu den R\u00e4umlichkeiten der TU Wien nur noch mit 2,5-G-Nachweis m\u00f6glich (d.h. geimpft, genesen ODER negativ PCR-getestet). Personen, die noch nicht vollst\u00e4ndig geimpft sind (2. Teilimpfung), ben\u00f6tigen f\u00fcr den Zutritt einen g\u00fcltigen, negativen PCR-Test.<\/p>\t\t\t\t\t\t\t\t<\/div>\n\t\t\t\t<\/div>\n\t\t\t\t<div class=\"elementor-element elementor-element-0c69e93 elementor-widget elementor-widget-heading\" data-id=\"0c69e93\" data-element_type=\"widget\" data-widget_type=\"heading.default\">\n\t\t\t\t<div class=\"elementor-widget-container\">\n\t\t\t\t\t<h2 class=\"elementor-heading-title elementor-size-default\">LEHRVERANSTALTUNGEN<\/h2>\t\t\t\t<\/div>\n\t\t\t\t<\/div>\n\t\t\t\t<div class=\"elementor-element elementor-element-6e31927 elementor-widget elementor-widget-text-editor\" data-id=\"6e31927\" data-element_type=\"widget\" data-widget_type=\"text-editor.default\">\n\t\t\t\t<div class=\"elementor-widget-container\">\n\t\t\t\t\t\t\t\t\t<p>Bei Lehrveranstaltungen gilt die 2,5-G-Regel (geimpft, genesen ODER negativ PCR-getestet). Das Tragen einer FFP2-Maske in \u00f6ffentlichen Bereichen an der TU Wien (G\u00e4nge, H\u00f6fe, etc.) wird dringend empfohlen. Die BetreuerInnen der Lehrveranstaltung werden die Teilnehmenden rechtzeitig \u00fcber Termine und einen allenfalls ge\u00e4nderten Ablauf der LVA ins Bild setzen.<\/p><h4>Vorlesung<\/h4><p>Die Vorlesung Denkmalpflege findet im AudiMax. statt und wird zudem live gestreamt. Den Link zu dem Livestream finden Sie \u00fcber <a href=\"https:\/\/tuwel.tuwien.ac.at\/theme\/university_boost\/login\/index.php\"><strong>TUWEL<\/strong><\/a>.<\/p><h4>Exkursionen<\/h4><ul><li>Ein g\u00fcltiges, lt. Verordnung anerkanntes, negatives Testergebnis f\u00fcr Studierende und Lehrende<\/li><li>Das richtige Tragen einer\u00a0FFP2- Maske<\/li><li>Abstand von zwei Metern muss eingehalten werden<\/li><\/ul>\t\t\t\t\t\t\t\t<\/div>\n\t\t\t\t<\/div>\n\t\t\t\t<div class=\"elementor-element elementor-element-1b55b39 elementor-widget elementor-widget-heading\" data-id=\"1b55b39\" data-element_type=\"widget\" data-widget_type=\"heading.default\">\n\t\t\t\t<div class=\"elementor-widget-container\">\n\t\t\t\t\t<h2 class=\"elementor-heading-title elementor-size-default\"> PR\u00dcFUNG DENKMALPFLEGE<\/h2>\t\t\t\t<\/div>\n\t\t\t\t<\/div>\n\t\t\t\t<div class=\"elementor-element elementor-element-d6dd3eb elementor-widget elementor-widget-text-editor\" data-id=\"d6dd3eb\" data-element_type=\"widget\" data-widget_type=\"text-editor.default\">\n\t\t\t\t<div class=\"elementor-widget-container\">\n\t\t\t\t\t\t\t\t\t<p>Seit Juli 2020 werden die Pr\u00fcfungen zur Vorlesung Denkmalpflege wieder im AudiMax. durchgef\u00fchrt. Termine und Anmeldung im\u00a0TISS. F\u00fcr die Teilnahme an der Pr\u00e4senzpr\u00fcfung VO Denkmalpflege gilt die <strong>2,5-G-Regel<\/strong> (geimpft, genesen ODER PCR getestet) sowie:<\/p><ul><li>Das richtige Tragen einer\u00a0FFP2- Maske<\/li><li>QR- Code Scans am Eingang und im Lehrraum<\/li><li>Abstand von zwei Metern muss eingehalten werden<\/li><\/ul><p><br \/>Studierende, die <strong>f\u00fcr die Pr\u00e4senzpr\u00fcfung einen Platz bekommen haben oder aus der Warteliste nachr\u00fccken<\/strong>, aber wegen der besonderen Umst\u00e4nde in COVID-19-Zeiten nicht vor Ort erscheinen k\u00f6nnen, haben die M\u00f6glichkeit, die Pr\u00fcfung zeitnah im <strong>Online-Modus <\/strong>abzulegen.\u00a0<\/p>\t\t\t\t\t\t\t\t<\/div>\n\t\t\t\t<\/div>\n\t\t\t\t<div class=\"elementor-element elementor-element-89a73f3 elementor-widget elementor-widget-heading\" data-id=\"89a73f3\" data-element_type=\"widget\" data-widget_type=\"heading.default\">\n\t\t\t\t<div class=\"elementor-widget-container\">\n\t\t\t\t\t<h2 class=\"elementor-heading-title elementor-size-default\">\u00d6ffnungszeiten Sekretariat<\/h2>\t\t\t\t<\/div>\n\t\t\t\t<\/div>\n\t\t\t\t<div class=\"elementor-element elementor-element-bc230af elementor-widget elementor-widget-text-editor\" data-id=\"bc230af\" data-element_type=\"widget\" data-widget_type=\"text-editor.default\">\n\t\t\t\t<div class=\"elementor-widget-container\">\n\t\t\t\t\t\t\t\t\t<p style=\"font-size: 18px; line-height: 1.4;\">Di-Do: 10:30 \u2013 12:00 Uhr<br \/>Di: 14:00 \u2013 15:00 Uhr<\/p><p><a href=\"https:\/\/www.tuwien.at\/tu-wien\/corona\/?no_cache=1\">+ Mehr Informationen TU Wien<\/a><\/p>\t\t\t\t\t\t\t\t<\/div>\n\t\t\t\t<\/div>\n\t\t\t\t<div class=\"elementor-element elementor-element-581bde0 elementor-widget elementor-widget-heading\" data-id=\"581bde0\" data-element_type=\"widget\" data-widget_type=\"heading.default\">\n\t\t\t\t<div class=\"elementor-widget-container\">\n\t\t\t\t\t<h2 class=\"elementor-heading-title elementor-size-default\">Bibliotheksbenutzung<\/h2>\t\t\t\t<\/div>\n\t\t\t\t<\/div>\n\t\t\t\t<div class=\"elementor-element elementor-element-f9d9686 elementor-widget elementor-widget-text-editor\" data-id=\"f9d9686\" data-element_type=\"widget\" data-widget_type=\"text-editor.default\">\n\t\t\t\t<div class=\"elementor-widget-container\">\n\t\t\t\t\t\t\t\t\t<p>Derzeit gelten f\u00fcr Benutzer*innen die folgenden Regeln:<\/p><ul><li>verpflichtende Voranmeldung, mindestens 24 Stunden vor dem geplanten Besuch (E-mail an anna.borowska@tuwien.ac.at)<\/li><li>\u00dcbermittlung einer Liste mit den gew\u00fcnschten B\u00fcchern, Zeitschriften etc. Wir stellen Ihnen Ihre bestellten Medien f\u00fcr Sie am Arbeitsplatz bereit.<\/li><li>Tragen eines MNS und Desinfektion der H\u00e4nde.<\/li><li>verpflichtende Eintragung in die Benutzerliste (Kontaktdaten, Datum und Uhrzeit des Besuchs).<\/li><li>nach dem Benutzen der B\u00fccher, diese in die vorbereitete Box legen (NICHT ins Regal r\u00e4umen!)<\/li><\/ul><p><br \/>Das Scannen und Fotografieren der B\u00fccher ist im Rahmen des Urheberrechts erlaubt.<\/p><p>Vielen Dank f\u00fcr Ihr Verst\u00e4ndnis!<\/p>\t\t\t\t\t\t\t\t<\/div>\n\t\t\t\t<\/div>\n\t\t\t\t\t<\/div>\n\t\t<\/div>\n\t\t\t\t\t<\/div>\n\t\t<\/section>\n\t\t\t\t<\/div>\n\t\t","protected":false},"excerpt":{"rendered":"<p>COVID-19 Regelung Aktuelle Informationen zu unserer Lehre w\u00e4hrend der Covid-19 Krise 2,5-G-Zutrittskontrollen Seit 11. November 2021 gilt: Ab sofort ist ein Zutritt zu den R\u00e4umlichkeiten der TU Wien nur noch mit 2,5-G-Nachweis m\u00f6glich (d.h. geimpft, genesen ODER negativ PCR-getestet). Personen, die noch nicht vollst\u00e4ndig geimpft sind (2. Teilimpfung), ben\u00f6tigen f\u00fcr den Zutritt einen g\u00fcltigen, negativen PCR-Test. LEHRVERANSTALTUNGEN Bei Lehrveranstaltungen gilt die 2,5-G-Regel (geimpft, genesen ODER negativ PCR-getestet). Das Tragen einer<\/p>\n<div class=\"belowpost\"><a class=\"btnmore icon-arrow\" href=\"https:\/\/denkmalpflege.tuwien.ac.at\/index.php\/covid-19\/\"><span>Read More<\/span><\/a><\/div>\n","protected":false},"author":1,"featured_media":0,"parent":0,"menu_order":0,"comment_status":"closed","ping_status":"closed","template":"","meta":{"footnotes":""},"class_list":["post-19296","page","type-page","status-publish","hentry"],"yoast_head":"<!-- This site is optimized with the Yoast SEO plugin v26.0 - https:\/\/yoast.com\/wordpress\/plugins\/seo\/ -->\n<title>Covid-19 - Denkmalpflege und Bauen im Bestand<\/title>\n<meta name=\"robots\" content=\"index, follow, max-snippet:-1, max-image-preview:large, max-video-preview:-1\" \/>\n<link rel=\"canonical\" href=\"https:\/\/denkmalpflege.tuwien.ac.at\/index.php\/covid-19\/\" \/>\n<meta property=\"og:locale\" content=\"de_DE\" \/>\n<meta property=\"og:type\" content=\"article\" \/>\n<meta property=\"og:title\" content=\"Covid-19 - Denkmalpflege und Bauen im Bestand\" \/>\n<meta property=\"og:description\" content=\"COVID-19 Regelung Aktuelle Informationen zu unserer Lehre w\u00e4hrend der Covid-19 Krise 2,5-G-Zutrittskontrollen Seit 11. November 2021 gilt: Ab sofort ist ein Zutritt zu den R\u00e4umlichkeiten der TU Wien nur noch mit 2,5-G-Nachweis m\u00f6glich (d.h. geimpft, genesen ODER negativ PCR-getestet). Personen, die noch nicht vollst\u00e4ndig geimpft sind (2. Teilimpfung), ben\u00f6tigen f\u00fcr den Zutritt einen g\u00fcltigen, negativen PCR-Test. LEHRVERANSTALTUNGEN Bei Lehrveranstaltungen gilt die 2,5-G-Regel (geimpft, genesen ODER negativ PCR-getestet). Das Tragen einerRead More\" \/>\n<meta property=\"og:url\" content=\"https:\/\/denkmalpflege.tuwien.ac.at\/index.php\/covid-19\/\" \/>\n<meta property=\"og:site_name\" content=\"Denkmalpflege und Bauen im Bestand\" \/>\n<meta property=\"article:modified_time\" content=\"2022-06-12T21:01:38+00:00\" \/>\n<meta name=\"twitter:card\" content=\"summary_large_image\" \/>\n<meta name=\"twitter:label1\" content=\"Gesch\u00e4tzte Lesezeit\" \/>\n\t<meta name=\"twitter:data1\" content=\"2\u00a0Minuten\" \/>\n<script type=\"application\/ld+json\" class=\"yoast-schema-graph\">{\"@context\":\"https:\/\/schema.org\",\"@graph\":[{\"@type\":\"WebPage\",\"@id\":\"https:\/\/denkmalpflege.tuwien.ac.at\/index.php\/covid-19\/\",\"url\":\"https:\/\/denkmalpflege.tuwien.ac.at\/index.php\/covid-19\/\",\"name\":\"Covid-19 - Denkmalpflege und Bauen im Bestand\",\"isPartOf\":{\"@id\":\"https:\/\/denkmalpflege.tuwien.ac.at\/#website\"},\"datePublished\":\"2020-09-28T13:33:23+00:00\",\"dateModified\":\"2022-06-12T21:01:38+00:00\",\"breadcrumb\":{\"@id\":\"https:\/\/denkmalpflege.tuwien.ac.at\/index.php\/covid-19\/#breadcrumb\"},\"inLanguage\":\"de\",\"potentialAction\":[{\"@type\":\"ReadAction\",\"target\":[\"https:\/\/denkmalpflege.tuwien.ac.at\/index.php\/covid-19\/\"]}]},{\"@type\":\"BreadcrumbList\",\"@id\":\"https:\/\/denkmalpflege.tuwien.ac.at\/index.php\/covid-19\/#breadcrumb\",\"itemListElement\":[{\"@type\":\"ListItem\",\"position\":1,\"name\":\"Startseite\",\"item\":\"https:\/\/denkmalpflege.tuwien.ac.at\/\"},{\"@type\":\"ListItem\",\"position\":2,\"name\":\"Covid-19\"}]},{\"@type\":\"WebSite\",\"@id\":\"https:\/\/denkmalpflege.tuwien.ac.at\/#website\",\"url\":\"https:\/\/denkmalpflege.tuwien.ac.at\/\",\"name\":\"Denkmalpflege und Bauen im Bestand\",\"description\":\"Denkmalpflege TU Wien\",\"publisher\":{\"@id\":\"https:\/\/denkmalpflege.tuwien.ac.at\/#organization\"},\"potentialAction\":[{\"@type\":\"SearchAction\",\"target\":{\"@type\":\"EntryPoint\",\"urlTemplate\":\"https:\/\/denkmalpflege.tuwien.ac.at\/?s={search_term_string}\"},\"query-input\":{\"@type\":\"PropertyValueSpecification\",\"valueRequired\":true,\"valueName\":\"search_term_string\"}}],\"inLanguage\":\"de\"},{\"@type\":\"Organization\",\"@id\":\"https:\/\/denkmalpflege.tuwien.ac.at\/#organization\",\"name\":\"TU Wien Denkmalpflege und Bauen im Bestand\",\"url\":\"https:\/\/denkmalpflege.tuwien.ac.at\/\",\"logo\":{\"@type\":\"ImageObject\",\"inLanguage\":\"de\",\"@id\":\"https:\/\/denkmalpflege.tuwien.ac.at\/#\/schema\/logo\/image\/\",\"url\":\"https:\/\/denkmalpflege.tuwien.ac.at\/wp-content\/uploads\/2019\/10\/Logo1.png\",\"contentUrl\":\"https:\/\/denkmalpflege.tuwien.ac.at\/wp-content\/uploads\/2019\/10\/Logo1.png\",\"width\":222,\"height\":79,\"caption\":\"TU Wien Denkmalpflege und Bauen im Bestand\"},\"image\":{\"@id\":\"https:\/\/denkmalpflege.tuwien.ac.at\/#\/schema\/logo\/image\/\"}}]}<\/script>\n<!-- \/ Yoast SEO plugin. -->","yoast_head_json":{"title":"Covid-19 - Denkmalpflege und Bauen im Bestand","robots":{"index":"index","follow":"follow","max-snippet":"max-snippet:-1","max-image-preview":"max-image-preview:large","max-video-preview":"max-video-preview:-1"},"canonical":"https:\/\/denkmalpflege.tuwien.ac.at\/index.php\/covid-19\/","og_locale":"de_DE","og_type":"article","og_title":"Covid-19 - Denkmalpflege und Bauen im Bestand","og_description":"COVID-19 Regelung Aktuelle Informationen zu unserer Lehre w\u00e4hrend der Covid-19 Krise 2,5-G-Zutrittskontrollen Seit 11. November 2021 gilt: Ab sofort ist ein Zutritt zu den R\u00e4umlichkeiten der TU Wien nur noch mit 2,5-G-Nachweis m\u00f6glich (d.h. geimpft, genesen ODER negativ PCR-getestet). Personen, die noch nicht vollst\u00e4ndig geimpft sind (2. Teilimpfung), ben\u00f6tigen f\u00fcr den Zutritt einen g\u00fcltigen, negativen PCR-Test. LEHRVERANSTALTUNGEN Bei Lehrveranstaltungen gilt die 2,5-G-Regel (geimpft, genesen ODER negativ PCR-getestet). Das Tragen einerRead More","og_url":"https:\/\/denkmalpflege.tuwien.ac.at\/index.php\/covid-19\/","og_site_name":"Denkmalpflege und Bauen im Bestand","article_modified_time":"2022-06-12T21:01:38+00:00","twitter_card":"summary_large_image","twitter_misc":{"Gesch\u00e4tzte Lesezeit":"2\u00a0Minuten"},"schema":{"@context":"https:\/\/schema.org","@graph":[{"@type":"WebPage","@id":"https:\/\/denkmalpflege.tuwien.ac.at\/index.php\/covid-19\/","url":"https:\/\/denkmalpflege.tuwien.ac.at\/index.php\/covid-19\/","name":"Covid-19 - Denkmalpflege und Bauen im Bestand","isPartOf":{"@id":"https:\/\/denkmalpflege.tuwien.ac.at\/#website"},"datePublished":"2020-09-28T13:33:23+00:00","dateModified":"2022-06-12T21:01:38+00:00","breadcrumb":{"@id":"https:\/\/denkmalpflege.tuwien.ac.at\/index.php\/covid-19\/#breadcrumb"},"inLanguage":"de","potentialAction":[{"@type":"ReadAction","target":["https:\/\/denkmalpflege.tuwien.ac.at\/index.php\/covid-19\/"]}]},{"@type":"BreadcrumbList","@id":"https:\/\/denkmalpflege.tuwien.ac.at\/index.php\/covid-19\/#breadcrumb","itemListElement":[{"@type":"ListItem","position":1,"name":"Startseite","item":"https:\/\/denkmalpflege.tuwien.ac.at\/"},{"@type":"ListItem","position":2,"name":"Covid-19"}]},{"@type":"WebSite","@id":"https:\/\/denkmalpflege.tuwien.ac.at\/#website","url":"https:\/\/denkmalpflege.tuwien.ac.at\/","name":"Denkmalpflege und Bauen im Bestand","description":"Denkmalpflege TU Wien","publisher":{"@id":"https:\/\/denkmalpflege.tuwien.ac.at\/#organization"},"potentialAction":[{"@type":"SearchAction","target":{"@type":"EntryPoint","urlTemplate":"https:\/\/denkmalpflege.tuwien.ac.at\/?s={search_term_string}"},"query-input":{"@type":"PropertyValueSpecification","valueRequired":true,"valueName":"search_term_string"}}],"inLanguage":"de"},{"@type":"Organization","@id":"https:\/\/denkmalpflege.tuwien.ac.at\/#organization","name":"TU Wien Denkmalpflege und Bauen im Bestand","url":"https:\/\/denkmalpflege.tuwien.ac.at\/","logo":{"@type":"ImageObject","inLanguage":"de","@id":"https:\/\/denkmalpflege.tuwien.ac.at\/#\/schema\/logo\/image\/","url":"https:\/\/denkmalpflege.tuwien.ac.at\/wp-content\/uploads\/2019\/10\/Logo1.png","contentUrl":"https:\/\/denkmalpflege.tuwien.ac.at\/wp-content\/uploads\/2019\/10\/Logo1.png","width":222,"height":79,"caption":"TU Wien Denkmalpflege und Bauen im Bestand"},"image":{"@id":"https:\/\/denkmalpflege.tuwien.ac.at\/#\/schema\/logo\/image\/"}}]}},"_links":{"self":[{"href":"https:\/\/denkmalpflege.tuwien.ac.at\/index.php\/wp-json\/wp\/v2\/pages\/19296","targetHints":{"allow":["GET"]}}],"collection":[{"href":"https:\/\/denkmalpflege.tuwien.ac.at\/index.php\/wp-json\/wp\/v2\/pages"}],"about":[{"href":"https:\/\/denkmalpflege.tuwien.ac.at\/index.php\/wp-json\/wp\/v2\/types\/page"}],"author":[{"embeddable":true,"href":"https:\/\/denkmalpflege.tuwien.ac.at\/index.php\/wp-json\/wp\/v2\/users\/1"}],"replies":[{"embeddable":true,"href":"https:\/\/denkmalpflege.tuwien.ac.at\/index.php\/wp-json\/wp\/v2\/comments?post=19296"}],"version-history":[{"count":106,"href":"https:\/\/denkmalpflege.tuwien.ac.at\/index.php\/wp-json\/wp\/v2\/pages\/19296\/revisions"}],"predecessor-version":[{"id":24286,"href":"https:\/\/denkmalpflege.tuwien.ac.at\/index.php\/wp-json\/wp\/v2\/pages\/19296\/revisions\/24286"}],"wp:attachment":[{"href":"https:\/\/denkmalpflege.tuwien.ac.at\/index.php\/wp-json\/wp\/v2\/media?parent=19296"}],"curies":[{"name":"wp","href":"https:\/\/api.w.org\/{rel}","templated":true}]}}