{"id":18836,"date":"2020-09-08T21:45:15","date_gmt":"2020-09-08T19:45:15","guid":{"rendered":"http:\/\/denkmalpflege.tuwien.ac.at\/?page_id=18836"},"modified":"2024-12-10T14:42:33","modified_gmt":"2024-12-10T13:42:33","slug":"denkmalpflege-vorlesung_ws20_21","status":"publish","type":"page","link":"https:\/\/denkmalpflege.tuwien.ac.at\/index.php\/lva-wintersemester-2020-2021\/denkmalpflege-vorlesung_ws20_21\/","title":{"rendered":"Denkmalpflege Vorlesung_WS20_21"},"content":{"rendered":"\t\t<div data-elementor-type=\"wp-page\" data-elementor-id=\"18836\" class=\"elementor elementor-18836\" data-elementor-post-type=\"page\">\n\t\t\t\t\t\t<section class=\"elementor-section elementor-top-section elementor-element elementor-element-909ed09 elementor-section-full_width elementor-section-height-default elementor-section-height-default\" data-id=\"909ed09\" data-element_type=\"section\">\n\t\t\t\t\t\t<div class=\"elementor-container elementor-column-gap-default\">\n\t\t\t\t\t<div class=\"elementor-column elementor-col-50 elementor-top-column elementor-element elementor-element-8adf757\" data-id=\"8adf757\" data-element_type=\"column\">\n\t\t\t<div class=\"elementor-widget-wrap elementor-element-populated\">\n\t\t\t\t\t\t<div class=\"elementor-element elementor-element-574e069 elementor-widget elementor-widget-heading\" data-id=\"574e069\" data-element_type=\"widget\" data-widget_type=\"heading.default\">\n\t\t\t\t<div class=\"elementor-widget-container\">\n\t\t\t\t\t<h2 class=\"elementor-heading-title elementor-size-default\"><a href=\"https:\/\/denkmalpflege.tuwien.ac.at\/index.php\/lva-wintersemester-2020-2021\/\">LVA WS20<\/a><\/h2>\t\t\t\t<\/div>\n\t\t\t\t<\/div>\n\t\t\t\t\t<\/div>\n\t\t<\/div>\n\t\t\t\t<div class=\"elementor-column elementor-col-50 elementor-top-column elementor-element elementor-element-ed09006\" data-id=\"ed09006\" data-element_type=\"column\">\n\t\t\t<div class=\"elementor-widget-wrap elementor-element-populated\">\n\t\t\t\t\t\t<div class=\"elementor-element elementor-element-a052f03 elementor-widget elementor-widget-heading\" data-id=\"a052f03\" data-element_type=\"widget\" data-widget_type=\"heading.default\">\n\t\t\t\t<div class=\"elementor-widget-container\">\n\t\t\t\t\t<h2 class=\"elementor-heading-title elementor-size-default\">257.058 <span style=\"float: right\"> 1,5 h (2,0 ECTS)<\/span><\/h2>\t\t\t\t<\/div>\n\t\t\t\t<\/div>\n\t\t\t\t\t<\/div>\n\t\t<\/div>\n\t\t\t\t\t<\/div>\n\t\t<\/section>\n\t\t\t\t<section class=\"elementor-section elementor-top-section elementor-element elementor-element-3e9d7abc elementor-section-full_width elementor-section-height-default elementor-section-height-default\" data-id=\"3e9d7abc\" data-element_type=\"section\">\n\t\t\t\t\t\t<div class=\"elementor-container elementor-column-gap-default\">\n\t\t\t\t\t<div class=\"elementor-column elementor-col-50 elementor-top-column elementor-element elementor-element-41425d3a\" data-id=\"41425d3a\" data-element_type=\"column\">\n\t\t\t<div class=\"elementor-widget-wrap elementor-element-populated\">\n\t\t\t\t\t\t<div class=\"elementor-element elementor-element-036cadb elementor-nav-menu__align-start elementor-nav-menu--dropdown-mobile elementor-nav-menu__text-align-aside elementor-nav-menu--toggle elementor-nav-menu--burger elementor-widget elementor-widget-nav-menu\" data-id=\"036cadb\" data-element_type=\"widget\" data-settings=\"{&quot;layout&quot;:&quot;vertical&quot;,&quot;submenu_icon&quot;:{&quot;value&quot;:&quot;&lt;i class=\\&quot;\\&quot; aria-hidden=\\&quot;true\\&quot;&gt;&lt;\\\/i&gt;&quot;,&quot;library&quot;:&quot;&quot;},&quot;toggle&quot;:&quot;burger&quot;}\" data-widget_type=\"nav-menu.default\">\n\t\t\t\t<div class=\"elementor-widget-container\">\n\t\t\t\t\t\t\t\t<nav aria-label=\"Men\u00fc\" class=\"elementor-nav-menu--main elementor-nav-menu__container elementor-nav-menu--layout-vertical e--pointer-none\">\n\t\t\t\t<ul id=\"menu-1-036cadb\" class=\"elementor-nav-menu sm-vertical\"><li class=\"menu-item menu-item-type-post_type menu-item-object-page menu-item-18921\"><a href=\"https:\/\/denkmalpflege.tuwien.ac.at\/index.php\/lva-wintersemester-2020-2021\/denkmalpflege-vorlesung_ws20_21\/\" class=\"elementor-item\">Vorlesung <\/br>Denkmalpflege<\/a><\/li>\n<li class=\"menu-item menu-item-type-post_type menu-item-object-page menu-item-18922\"><a href=\"https:\/\/denkmalpflege.tuwien.ac.at\/index.php\/entwerfen-ernstbrunn-ws20_21\/\" class=\"elementor-item\">Gro\u00dfes Entwerfen <\/br> Sch\u00fcttkasten Ernstbrunn<\/a><\/li>\n<li class=\"menu-item menu-item-type-post_type menu-item-object-page menu-item-18923\"><a href=\"https:\/\/denkmalpflege.tuwien.ac.at\/index.php\/entwerfen-am-donaukanal-ws20_21\/\" class=\"elementor-item\">Gro\u00dfes Entwerfen <\/br>Am Donaukanal<\/a><\/li>\n<li class=\"menu-item menu-item-type-post_type menu-item-object-page menu-item-18924\"><a href=\"https:\/\/denkmalpflege.tuwien.ac.at\/index.php\/kleines-entwerfen-roosendaal-ws20_21\/\" class=\"elementor-item\">Kleines Entwerfen<\/br> Roosendaal<\/a><\/li>\n<li class=\"menu-item menu-item-type-post_type menu-item-object-page menu-item-18925\"><a href=\"https:\/\/denkmalpflege.tuwien.ac.at\/index.php\/wahlseminar-kirchenbauten-ws20_21\/\" class=\"elementor-item\">Wahlseminar <\/br>Denkmalpflege &#038; Kirchen<\/br> der Nachkriegsmoderne<\/a><\/li>\n<li class=\"menu-item menu-item-type-post_type menu-item-object-page menu-item-18926\"><a href=\"https:\/\/denkmalpflege.tuwien.ac.at\/index.php\/lehre-2\/lva-sommersemester-2021\/uebung-denkmalpflege-ss21\/\" class=\"elementor-item\">\u00dcbung <\/br>Denkmalpflege &#038; Bausanierung<\/a><\/li>\n<li class=\"menu-item menu-item-type-post_type menu-item-object-page menu-item-18927\"><a href=\"https:\/\/denkmalpflege.tuwien.ac.at\/index.php\/industriearchaeologisches-praktikum-ws20_21\/\" class=\"elementor-item\">Industriearch\u00e4ologisches <\/br> Praktikum<\/a><\/li>\n<li class=\"menu-item menu-item-type-post_type menu-item-object-page menu-item-18928\"><a href=\"https:\/\/denkmalpflege.tuwien.ac.at\/index.php\/lehre-2\/lva-sommersemester-2021\/anleitung-wissenschaftlichen-arbeiten\/\" class=\"elementor-item\">Seminar <\/br>Anleitung Wissenschaftlichen Arbeiten<\/a><\/li>\n<li class=\"menu-item menu-item-type-post_type menu-item-object-page menu-item-18929\"><a href=\"https:\/\/denkmalpflege.tuwien.ac.at\/index.php\/diplomanden-und-dissertantenseminar\/\" class=\"elementor-item\">Seminar <\/br>Diplomanden und Dissertantenseminar<\/a><\/li>\n<\/ul>\t\t\t<\/nav>\n\t\t\t\t\t<div class=\"elementor-menu-toggle\" role=\"button\" tabindex=\"0\" aria-label=\"Men\u00fc Umschalter\" aria-expanded=\"false\">\n\t\t\t<i aria-hidden=\"true\" role=\"presentation\" class=\"elementor-menu-toggle__icon--open eicon-menu-bar\"><\/i><i aria-hidden=\"true\" role=\"presentation\" class=\"elementor-menu-toggle__icon--close eicon-close\"><\/i>\t\t<\/div>\n\t\t\t\t\t<nav class=\"elementor-nav-menu--dropdown elementor-nav-menu__container\" aria-hidden=\"true\">\n\t\t\t\t<ul id=\"menu-2-036cadb\" class=\"elementor-nav-menu sm-vertical\"><li class=\"menu-item menu-item-type-post_type menu-item-object-page menu-item-18921\"><a href=\"https:\/\/denkmalpflege.tuwien.ac.at\/index.php\/lva-wintersemester-2020-2021\/denkmalpflege-vorlesung_ws20_21\/\" class=\"elementor-item\" tabindex=\"-1\">Vorlesung <\/br>Denkmalpflege<\/a><\/li>\n<li class=\"menu-item menu-item-type-post_type menu-item-object-page menu-item-18922\"><a href=\"https:\/\/denkmalpflege.tuwien.ac.at\/index.php\/entwerfen-ernstbrunn-ws20_21\/\" class=\"elementor-item\" tabindex=\"-1\">Gro\u00dfes Entwerfen <\/br> Sch\u00fcttkasten Ernstbrunn<\/a><\/li>\n<li class=\"menu-item menu-item-type-post_type menu-item-object-page menu-item-18923\"><a href=\"https:\/\/denkmalpflege.tuwien.ac.at\/index.php\/entwerfen-am-donaukanal-ws20_21\/\" class=\"elementor-item\" tabindex=\"-1\">Gro\u00dfes Entwerfen <\/br>Am Donaukanal<\/a><\/li>\n<li class=\"menu-item menu-item-type-post_type menu-item-object-page menu-item-18924\"><a href=\"https:\/\/denkmalpflege.tuwien.ac.at\/index.php\/kleines-entwerfen-roosendaal-ws20_21\/\" class=\"elementor-item\" tabindex=\"-1\">Kleines Entwerfen<\/br> Roosendaal<\/a><\/li>\n<li class=\"menu-item menu-item-type-post_type menu-item-object-page menu-item-18925\"><a href=\"https:\/\/denkmalpflege.tuwien.ac.at\/index.php\/wahlseminar-kirchenbauten-ws20_21\/\" class=\"elementor-item\" tabindex=\"-1\">Wahlseminar <\/br>Denkmalpflege &#038; Kirchen<\/br> der Nachkriegsmoderne<\/a><\/li>\n<li class=\"menu-item menu-item-type-post_type menu-item-object-page menu-item-18926\"><a href=\"https:\/\/denkmalpflege.tuwien.ac.at\/index.php\/lehre-2\/lva-sommersemester-2021\/uebung-denkmalpflege-ss21\/\" class=\"elementor-item\" tabindex=\"-1\">\u00dcbung <\/br>Denkmalpflege &#038; Bausanierung<\/a><\/li>\n<li class=\"menu-item menu-item-type-post_type menu-item-object-page menu-item-18927\"><a href=\"https:\/\/denkmalpflege.tuwien.ac.at\/index.php\/industriearchaeologisches-praktikum-ws20_21\/\" class=\"elementor-item\" tabindex=\"-1\">Industriearch\u00e4ologisches <\/br> Praktikum<\/a><\/li>\n<li class=\"menu-item menu-item-type-post_type menu-item-object-page menu-item-18928\"><a href=\"https:\/\/denkmalpflege.tuwien.ac.at\/index.php\/lehre-2\/lva-sommersemester-2021\/anleitung-wissenschaftlichen-arbeiten\/\" class=\"elementor-item\" tabindex=\"-1\">Seminar <\/br>Anleitung Wissenschaftlichen Arbeiten<\/a><\/li>\n<li class=\"menu-item menu-item-type-post_type menu-item-object-page menu-item-18929\"><a href=\"https:\/\/denkmalpflege.tuwien.ac.at\/index.php\/diplomanden-und-dissertantenseminar\/\" class=\"elementor-item\" tabindex=\"-1\">Seminar <\/br>Diplomanden und Dissertantenseminar<\/a><\/li>\n<\/ul>\t\t\t<\/nav>\n\t\t\t\t\t\t<\/div>\n\t\t\t\t<\/div>\n\t\t\t\t\t<\/div>\n\t\t<\/div>\n\t\t\t\t<div class=\"elementor-column elementor-col-50 elementor-top-column elementor-element elementor-element-13dd2b84\" data-id=\"13dd2b84\" data-element_type=\"column\">\n\t\t\t<div class=\"elementor-widget-wrap elementor-element-populated\">\n\t\t\t\t\t\t<div class=\"elementor-element elementor-element-2dcf9a0d elementor-widget elementor-widget-text-editor\" data-id=\"2dcf9a0d\" data-element_type=\"widget\" data-widget_type=\"text-editor.default\">\n\t\t\t\t<div class=\"elementor-widget-container\">\n\t\t\t\t\t\t\t\t\t<h1 class=\"lva_h1\"> DENKMALPFLEGE VORLESUNG\u200b<\/h1>\t\t\t\t\t\t\t\t<\/div>\n\t\t\t\t<\/div>\n\t\t\t\t<div class=\"elementor-element elementor-element-2b2b324f lva_img elementor-widget elementor-widget-image\" data-id=\"2b2b324f\" data-element_type=\"widget\" data-widget_type=\"image.default\">\n\t\t\t\t<div class=\"elementor-widget-container\">\n\t\t\t\t\t\t\t\t\t\t\t\t\t\t\t<img fetchpriority=\"high\" decoding=\"async\" width=\"2677\" height=\"3489\" src=\"https:\/\/denkmalpflege.tuwien.ac.at\/wp-content\/uploads\/2020\/09\/Vorlesung_ws2021_-1.jpg\" class=\"attachment-full size-full wp-image-18849\" alt=\"\" \/>\t\t\t\t\t\t\t\t\t\t\t\t\t\t\t<\/div>\n\t\t\t\t<\/div>\n\t\t\t\t<div class=\"elementor-element elementor-element-68164e99 elementor-widget elementor-widget-text-editor\" data-id=\"68164e99\" data-element_type=\"widget\" data-widget_type=\"text-editor.default\">\n\t\t\t\t<div class=\"elementor-widget-container\">\n\t\t\t\t\t\t\t\t\t<p class=\"akt\">Vorlesung Denkmalpflege<\/p>\t\t\t\t\t\t\t\t<\/div>\n\t\t\t\t<\/div>\n\t\t\t\t<div class=\"elementor-element elementor-element-bac97b4 elementor-widget elementor-widget-text-editor\" data-id=\"bac97b4\" data-element_type=\"widget\" data-widget_type=\"text-editor.default\">\n\t\t\t\t<div class=\"elementor-widget-container\">\n\t\t\t\t\t\t\t\t\t<h3 class=\"lva_h3 lva_leiter\"><strong>Nott CAVIEZEL <\/strong><\/h3><h3 class=\"lva_h3 lva_leiter lva_h3_abstand\"><strong>Einf\u00fchrung<\/strong><\/h3><p class=\"lva_text\">Montag 5. Oktober 2020, 11:00 Uhr, Audimax<\/p><h3 class=\"lva_h3 lva_leiter lva_h3_abstand\"><strong>Termine<\/strong><\/h3><p class=\"lva_text\">w\u00f6chentlich Montag, 11:00 &#8211; 13:00 Uhr, Audimax<\/p><h3 class=\"lva_h3 lva_leiter lva_h3_abstand\"><strong>Anmeldung<\/strong><\/h3><p class=\"lva_text\">\u00dcber <a class=\"link\" href=\"https:\/\/tiss.tuwien.ac.at\/course\/courseDetails.xhtml?dswid=5245&amp;dsrid=689&amp;courseNr=257058&amp;semester=2020W\" target=\"_blank\" rel=\"noopener\">TISS<\/a><\/p><h3 class=\"lva_h3 lva_leiter lva_h3_abstand\"><strong>Livestream<\/strong><\/h3><p>Die Vorlesung Denkmalpflege wird ausschlie\u00dflich live gestreamt. Den Link zu dem Livestream finden Sie \u00fcber: <strong><a href=\"https:\/\/tuwel.tuwien.ac.at\/theme\/university_boost\/login\/index.php\">TUWEL<\/a><\/strong>.<\/p><h3 class=\"lva_h3 lva_leiter lva_h3_abstand\"><strong>Wichtiges zur Pr\u00fcfung 14.10.2021<\/strong><\/h3><p>F\u00fcr die Pr\u00e4senzpr\u00fcfung VO Denkmalpflege in den R\u00e4umen der TU Wien gilt:<\/p><ul><li>Ein <strong>g\u00fcltiges, lt. Verordnung anerkanntes, negatives Testergebnis f\u00fcr Studierende<\/strong>, die Pr\u00e4senzpr\u00fcfungen absolvieren<\/li><li>Das richtige Tragen einer <strong>FFP2- Maske<\/strong><\/li><li><strong>QR- Code Scans<\/strong> am Eingang und im Lehrraum<\/li><li><strong>Abstand von zwei Metern<\/strong> muss eingehalten werden<\/li><\/ul>\t\t\t\t\t\t\t\t<\/div>\n\t\t\t\t<\/div>\n\t\t\t\t<div class=\"elementor-element elementor-element-6632d894 elementor-widget-divider--view-line elementor-widget elementor-widget-divider\" data-id=\"6632d894\" data-element_type=\"widget\" data-widget_type=\"divider.default\">\n\t\t\t\t<div class=\"elementor-widget-container\">\n\t\t\t\t\t\t\t<div class=\"elementor-divider\">\n\t\t\t<span class=\"elementor-divider-separator\">\n\t\t\t\t\t\t<\/span>\n\t\t<\/div>\n\t\t\t\t\t\t<\/div>\n\t\t\t\t<\/div>\n\t\t\t\t<div class=\"elementor-element elementor-element-579c4763 elementor-widget elementor-widget-text-editor\" data-id=\"579c4763\" data-element_type=\"widget\" data-widget_type=\"text-editor.default\">\n\t\t\t\t<div class=\"elementor-widget-container\">\n\t\t\t\t\t\t\t\t\t<h3 class=\"lva_h3 lva_leiter lva_h3_abstand\"><strong>Lernergebnisse<\/strong><\/h3><p class=\"lva_text\">Nach positiver Absolvierung der Lehrveranstaltung sind Studierende in der Lage einen \u00dcberblick \u00fcber die Geschichte der Denkmalpflege und deren Theorien zu gewinnen. Die Vorlesung er\u00f6ffnet einen weiten fachlichen Horizont, der die Studierenden dazu bef\u00e4higt, die heute relevanten Anforderungen an die Denkmalpflege zu verstehen und den hierbei von den Architekturschaffenden erwarteten Anteil zu fassen. Sie erkennen durch das Zusammenwirken und durch die Wechselwirkung unterschiedlicher Blickwinkel die Bedeutung und den Nutzen des Forschungsbereichs f\u00fcr die wissenschaftliche und entwerferische Arbeit. Die Vorlesung fordert die Studierenden auf, Ihre Selbstkompetenz auszuloten, Ihre individuellen Neigungen und Interessen zu beurteilen und, im Hinblick auf Ihre k\u00fcnftige T\u00e4tigkeit im Beruf, Ihre Wertvorstellungen, die Kritikf\u00e4higkeit und Ihre besondere Verantwortung zu sch\u00e4rfen. Die Studierenden erwerben die F\u00e4higkeit, analoge Problemlagen zu erkennen und diese in neuen Kontexten zu verorten. Die konkrete Veranschaulichung des Lernstoffes erm\u00f6glicht die Kultivierung des visuellen Ged\u00e4chtnisses und die Verkn\u00fcpfung von Gegenst\u00e4nden mit relevanten Akteurinnen und Akteuren.<\/p><h3 class=\"lva_h3 lva_leiter lva_h3_abstand\"><strong>Inhalt der Lehrveranstaltung<\/strong><\/h3><p class=\"va_text\">Geschichte der Denkmalpflege von ihren Anf\u00e4ngen bis heute, Theorie der Praxis. Lekt\u00fcre, Analyse und W\u00fcrdigung des historischen Baubestands, denkmalpflegerische Methoden, Ans\u00e4tze und Strategien, die spezifische Rolle der Architekturschaffenden im Umfeld der Denkmalpflege.<\/p><h3 class=\"lva_h3 lva_leiter lva_h3_abstand\"><strong>Pr\u00fcfungsmodus<\/strong><\/h3><p class=\"lva_text\">F\u00fcr die schriftliche Pr\u00fcfung steht maximal eine Stunde zur Verf\u00fcgung. Jede Kandidatin, jeder Kandidat hat drei Fragen zu beantworten, wobei sich die Fragen an je ein Bild kn\u00fcpfen, das an der Vorlesung gezeigt wurde. Es wird von einer Anwesenheit w\u00e4hrend der Vorlesung ausgegangen.<\/p><p>Pr\u00fcfungseinsicht erfolgt nur nach Voranmeldung bei <a class=\"lva_maillink\" href=\"mailto:dimitri.egorov@tuwien.ac.at\">Dimitri Egorov<\/a> oder <a class=\"lva_maillink\" href=\"mailto:anna.borowska@tuwien.ac.at\"> Anna Maria Borowska<\/a>!<\/p><p><b class=\"lva_text_blau\">Bitte beachten Sie, dass die Pr\u00fcfung entsprechend der Vorlesung auf Deutsch zu verfassen ist.<\/b><\/p><h3 class=\"lva_h3 lva_leiter lva_h3_abstand\"><strong>Pr\u00fcfungstermine<\/strong><\/h3><p>Stoff Wintersemester2020\/21<\/p><p>Donnerstag 14. Oktober 2021, 14:00 &#8211; 16:00 Uhr (GM 1 Audi Max)<br \/>Donnerstag 2. Dezember 2021, 14:00 &#8211; 16:00 Uhr (GM 1 Audi Max)<br \/><br \/><\/p>\t\t\t\t\t\t\t\t<\/div>\n\t\t\t\t<\/div>\n\t\t\t\t<div class=\"elementor-element elementor-element-15d5cc1 elementor-widget-divider--view-line elementor-widget elementor-widget-divider\" data-id=\"15d5cc1\" data-element_type=\"widget\" data-widget_type=\"divider.default\">\n\t\t\t\t<div class=\"elementor-widget-container\">\n\t\t\t\t\t\t\t<div class=\"elementor-divider\">\n\t\t\t<span class=\"elementor-divider-separator\">\n\t\t\t\t\t\t<\/span>\n\t\t<\/div>\n\t\t\t\t\t\t<\/div>\n\t\t\t\t<\/div>\n\t\t\t\t<section class=\"elementor-section elementor-inner-section elementor-element elementor-element-2f3538cf elementor-section-full_width elementor-section-height-default elementor-section-height-default\" data-id=\"2f3538cf\" data-element_type=\"section\">\n\t\t\t\t\t\t<div class=\"elementor-container elementor-column-gap-default\">\n\t\t\t\t\t<div class=\"elementor-column elementor-col-50 elementor-inner-column elementor-element elementor-element-32be885c\" data-id=\"32be885c\" data-element_type=\"column\">\n\t\t\t<div class=\"elementor-widget-wrap elementor-element-populated\">\n\t\t\t\t\t\t<div class=\"elementor-element elementor-element-6943fa93 elementor-widget elementor-widget-text-editor\" data-id=\"6943fa93\" data-element_type=\"widget\" data-widget_type=\"text-editor.default\">\n\t\t\t\t<div class=\"elementor-widget-container\">\n\t\t\t\t\t\t\t\t\t<p class=\"lva_text\"><a class=\"link link_blau\" href=\"https:\/\/tiss.tuwien.ac.at\/course\/courseDetails.xhtml?dswid=5245&amp;dsrid=689&amp;courseNr=257058&amp;semester=2020W\" target=\"_blank\" rel=\"noopener\">TISS<\/a>, <a class=\"link link_blau\" href=\"http:\/\/denkmalpflege.tuwien.ac.at\/index.php\/download-vorlesung-denkmalpflege\/\"> Vorlesungsunterlagen, <\/a><a href=\"https:\/\/tuwel.tuwien.ac.at\/theme\/university_boost\/login\/index.php\">Livestream<\/a><\/p>\t\t\t\t\t\t\t\t<\/div>\n\t\t\t\t<\/div>\n\t\t\t\t\t<\/div>\n\t\t<\/div>\n\t\t\t\t<div class=\"elementor-column elementor-col-50 elementor-inner-column elementor-element elementor-element-1da58e9d\" data-id=\"1da58e9d\" data-element_type=\"column\">\n\t\t\t<div class=\"elementor-widget-wrap\">\n\t\t\t\t\t\t\t<\/div>\n\t\t<\/div>\n\t\t\t\t\t<\/div>\n\t\t<\/section>\n\t\t\t\t\t<\/div>\n\t\t<\/div>\n\t\t\t\t\t<\/div>\n\t\t<\/section>\n\t\t\t\t<\/div>\n\t\t","protected":false},"excerpt":{"rendered":"<p>LVA WS20 257.058 1,5 h (2,0 ECTS) DENKMALPFLEGE VORLESUNG\u200b Vorlesung Denkmalpflege Nott CAVIEZEL Einf\u00fchrung Montag 5. Oktober 2020, 11:00 Uhr, Audimax Termine w\u00f6chentlich Montag, 11:00 &#8211; 13:00 Uhr, Audimax Anmeldung \u00dcber TISS Livestream Die Vorlesung Denkmalpflege wird ausschlie\u00dflich live gestreamt. Den Link zu dem Livestream finden Sie \u00fcber: TUWEL. Wichtiges zur Pr\u00fcfung 14.10.2021 F\u00fcr die Pr\u00e4senzpr\u00fcfung VO Denkmalpflege in den R\u00e4umen der TU Wien gilt: Ein g\u00fcltiges, lt. Verordnung anerkanntes,<\/p>\n<div class=\"belowpost\"><a class=\"btnmore icon-arrow\" href=\"https:\/\/denkmalpflege.tuwien.ac.at\/index.php\/lva-wintersemester-2020-2021\/denkmalpflege-vorlesung_ws20_21\/\"><span>Read More<\/span><\/a><\/div>\n","protected":false},"author":1,"featured_media":0,"parent":18829,"menu_order":0,"comment_status":"closed","ping_status":"closed","template":"","meta":{"footnotes":""},"class_list":["post-18836","page","type-page","status-publish","hentry"],"yoast_head":"<!-- This site is optimized with the Yoast SEO plugin v26.0 - https:\/\/yoast.com\/wordpress\/plugins\/seo\/ -->\n<title>Denkmalpflege Vorlesung_WS20_21 - Denkmalpflege und Bauen im Bestand<\/title>\n<meta name=\"robots\" content=\"index, follow, max-snippet:-1, max-image-preview:large, max-video-preview:-1\" \/>\n<link rel=\"canonical\" href=\"https:\/\/denkmalpflege.tuwien.ac.at\/index.php\/lva-wintersemester-2020-2021\/denkmalpflege-vorlesung_ws20_21\/\" \/>\n<meta property=\"og:locale\" content=\"de_DE\" \/>\n<meta property=\"og:type\" content=\"article\" \/>\n<meta property=\"og:title\" content=\"Denkmalpflege Vorlesung_WS20_21 - Denkmalpflege und Bauen im Bestand\" \/>\n<meta property=\"og:description\" content=\"LVA WS20 257.058 1,5 h (2,0 ECTS) DENKMALPFLEGE VORLESUNG\u200b Vorlesung Denkmalpflege Nott CAVIEZEL Einf\u00fchrung Montag 5. Oktober 2020, 11:00 Uhr, Audimax Termine w\u00f6chentlich Montag, 11:00 &#8211; 13:00 Uhr, Audimax Anmeldung \u00dcber TISS Livestream Die Vorlesung Denkmalpflege wird ausschlie\u00dflich live gestreamt. Den Link zu dem Livestream finden Sie \u00fcber: TUWEL. Wichtiges zur Pr\u00fcfung 14.10.2021 F\u00fcr die Pr\u00e4senzpr\u00fcfung VO Denkmalpflege in den R\u00e4umen der TU Wien gilt: Ein g\u00fcltiges, lt. Verordnung anerkanntes,Read More\" \/>\n<meta property=\"og:url\" content=\"https:\/\/denkmalpflege.tuwien.ac.at\/index.php\/lva-wintersemester-2020-2021\/denkmalpflege-vorlesung_ws20_21\/\" \/>\n<meta property=\"og:site_name\" content=\"Denkmalpflege und Bauen im Bestand\" \/>\n<meta property=\"article:modified_time\" content=\"2024-12-10T13:42:33+00:00\" \/>\n<meta property=\"og:image\" content=\"http:\/\/denkmalpflege.tuwien.ac.at\/wp-content\/uploads\/2020\/09\/Vorlesung_ws2021_-1.jpg\" \/>\n<meta name=\"twitter:card\" content=\"summary_large_image\" \/>\n<meta name=\"twitter:label1\" content=\"Gesch\u00e4tzte Lesezeit\" \/>\n\t<meta name=\"twitter:data1\" content=\"2\u00a0Minuten\" \/>\n<script type=\"application\/ld+json\" class=\"yoast-schema-graph\">{\"@context\":\"https:\/\/schema.org\",\"@graph\":[{\"@type\":\"WebPage\",\"@id\":\"https:\/\/denkmalpflege.tuwien.ac.at\/index.php\/lva-wintersemester-2020-2021\/denkmalpflege-vorlesung_ws20_21\/\",\"url\":\"https:\/\/denkmalpflege.tuwien.ac.at\/index.php\/lva-wintersemester-2020-2021\/denkmalpflege-vorlesung_ws20_21\/\",\"name\":\"Denkmalpflege Vorlesung_WS20_21 - Denkmalpflege und Bauen im Bestand\",\"isPartOf\":{\"@id\":\"https:\/\/denkmalpflege.tuwien.ac.at\/#website\"},\"primaryImageOfPage\":{\"@id\":\"https:\/\/denkmalpflege.tuwien.ac.at\/index.php\/lva-wintersemester-2020-2021\/denkmalpflege-vorlesung_ws20_21\/#primaryimage\"},\"image\":{\"@id\":\"https:\/\/denkmalpflege.tuwien.ac.at\/index.php\/lva-wintersemester-2020-2021\/denkmalpflege-vorlesung_ws20_21\/#primaryimage\"},\"thumbnailUrl\":\"http:\/\/denkmalpflege.tuwien.ac.at\/wp-content\/uploads\/2020\/09\/Vorlesung_ws2021_-1.jpg\",\"datePublished\":\"2020-09-08T19:45:15+00:00\",\"dateModified\":\"2024-12-10T13:42:33+00:00\",\"breadcrumb\":{\"@id\":\"https:\/\/denkmalpflege.tuwien.ac.at\/index.php\/lva-wintersemester-2020-2021\/denkmalpflege-vorlesung_ws20_21\/#breadcrumb\"},\"inLanguage\":\"de\",\"potentialAction\":[{\"@type\":\"ReadAction\",\"target\":[\"https:\/\/denkmalpflege.tuwien.ac.at\/index.php\/lva-wintersemester-2020-2021\/denkmalpflege-vorlesung_ws20_21\/\"]}]},{\"@type\":\"ImageObject\",\"inLanguage\":\"de\",\"@id\":\"https:\/\/denkmalpflege.tuwien.ac.at\/index.php\/lva-wintersemester-2020-2021\/denkmalpflege-vorlesung_ws20_21\/#primaryimage\",\"url\":\"https:\/\/denkmalpflege.tuwien.ac.at\/wp-content\/uploads\/2020\/09\/Vorlesung_ws2021_-1.jpg\",\"contentUrl\":\"https:\/\/denkmalpflege.tuwien.ac.at\/wp-content\/uploads\/2020\/09\/Vorlesung_ws2021_-1.jpg\",\"width\":2677,\"height\":3489},{\"@type\":\"BreadcrumbList\",\"@id\":\"https:\/\/denkmalpflege.tuwien.ac.at\/index.php\/lva-wintersemester-2020-2021\/denkmalpflege-vorlesung_ws20_21\/#breadcrumb\",\"itemListElement\":[{\"@type\":\"ListItem\",\"position\":1,\"name\":\"Startseite\",\"item\":\"https:\/\/denkmalpflege.tuwien.ac.at\/\"},{\"@type\":\"ListItem\",\"position\":2,\"name\":\"LVA Wintersemester 2020\/2021\",\"item\":\"https:\/\/denkmalpflege.tuwien.ac.at\/index.php\/lva-wintersemester-2020-2021\/\"},{\"@type\":\"ListItem\",\"position\":3,\"name\":\"Denkmalpflege Vorlesung_WS20_21\"}]},{\"@type\":\"WebSite\",\"@id\":\"https:\/\/denkmalpflege.tuwien.ac.at\/#website\",\"url\":\"https:\/\/denkmalpflege.tuwien.ac.at\/\",\"name\":\"Denkmalpflege und Bauen im Bestand\",\"description\":\"Denkmalpflege TU Wien\",\"publisher\":{\"@id\":\"https:\/\/denkmalpflege.tuwien.ac.at\/#organization\"},\"potentialAction\":[{\"@type\":\"SearchAction\",\"target\":{\"@type\":\"EntryPoint\",\"urlTemplate\":\"https:\/\/denkmalpflege.tuwien.ac.at\/?s={search_term_string}\"},\"query-input\":{\"@type\":\"PropertyValueSpecification\",\"valueRequired\":true,\"valueName\":\"search_term_string\"}}],\"inLanguage\":\"de\"},{\"@type\":\"Organization\",\"@id\":\"https:\/\/denkmalpflege.tuwien.ac.at\/#organization\",\"name\":\"TU Wien Denkmalpflege und Bauen im Bestand\",\"url\":\"https:\/\/denkmalpflege.tuwien.ac.at\/\",\"logo\":{\"@type\":\"ImageObject\",\"inLanguage\":\"de\",\"@id\":\"https:\/\/denkmalpflege.tuwien.ac.at\/#\/schema\/logo\/image\/\",\"url\":\"https:\/\/denkmalpflege.tuwien.ac.at\/wp-content\/uploads\/2019\/10\/Logo1.png\",\"contentUrl\":\"https:\/\/denkmalpflege.tuwien.ac.at\/wp-content\/uploads\/2019\/10\/Logo1.png\",\"width\":222,\"height\":79,\"caption\":\"TU Wien Denkmalpflege und Bauen im Bestand\"},\"image\":{\"@id\":\"https:\/\/denkmalpflege.tuwien.ac.at\/#\/schema\/logo\/image\/\"}}]}<\/script>\n<!-- \/ Yoast SEO plugin. -->","yoast_head_json":{"title":"Denkmalpflege Vorlesung_WS20_21 - Denkmalpflege und Bauen im Bestand","robots":{"index":"index","follow":"follow","max-snippet":"max-snippet:-1","max-image-preview":"max-image-preview:large","max-video-preview":"max-video-preview:-1"},"canonical":"https:\/\/denkmalpflege.tuwien.ac.at\/index.php\/lva-wintersemester-2020-2021\/denkmalpflege-vorlesung_ws20_21\/","og_locale":"de_DE","og_type":"article","og_title":"Denkmalpflege Vorlesung_WS20_21 - Denkmalpflege und Bauen im Bestand","og_description":"LVA WS20 257.058 1,5 h (2,0 ECTS) DENKMALPFLEGE VORLESUNG\u200b Vorlesung Denkmalpflege Nott CAVIEZEL Einf\u00fchrung Montag 5. Oktober 2020, 11:00 Uhr, Audimax Termine w\u00f6chentlich Montag, 11:00 &#8211; 13:00 Uhr, Audimax Anmeldung \u00dcber TISS Livestream Die Vorlesung Denkmalpflege wird ausschlie\u00dflich live gestreamt. Den Link zu dem Livestream finden Sie \u00fcber: TUWEL. Wichtiges zur Pr\u00fcfung 14.10.2021 F\u00fcr die Pr\u00e4senzpr\u00fcfung VO Denkmalpflege in den R\u00e4umen der TU Wien gilt: Ein g\u00fcltiges, lt. Verordnung anerkanntes,Read More","og_url":"https:\/\/denkmalpflege.tuwien.ac.at\/index.php\/lva-wintersemester-2020-2021\/denkmalpflege-vorlesung_ws20_21\/","og_site_name":"Denkmalpflege und Bauen im Bestand","article_modified_time":"2024-12-10T13:42:33+00:00","og_image":[{"url":"http:\/\/denkmalpflege.tuwien.ac.at\/wp-content\/uploads\/2020\/09\/Vorlesung_ws2021_-1.jpg","type":"","width":"","height":""}],"twitter_card":"summary_large_image","twitter_misc":{"Gesch\u00e4tzte Lesezeit":"2\u00a0Minuten"},"schema":{"@context":"https:\/\/schema.org","@graph":[{"@type":"WebPage","@id":"https:\/\/denkmalpflege.tuwien.ac.at\/index.php\/lva-wintersemester-2020-2021\/denkmalpflege-vorlesung_ws20_21\/","url":"https:\/\/denkmalpflege.tuwien.ac.at\/index.php\/lva-wintersemester-2020-2021\/denkmalpflege-vorlesung_ws20_21\/","name":"Denkmalpflege Vorlesung_WS20_21 - Denkmalpflege und Bauen im Bestand","isPartOf":{"@id":"https:\/\/denkmalpflege.tuwien.ac.at\/#website"},"primaryImageOfPage":{"@id":"https:\/\/denkmalpflege.tuwien.ac.at\/index.php\/lva-wintersemester-2020-2021\/denkmalpflege-vorlesung_ws20_21\/#primaryimage"},"image":{"@id":"https:\/\/denkmalpflege.tuwien.ac.at\/index.php\/lva-wintersemester-2020-2021\/denkmalpflege-vorlesung_ws20_21\/#primaryimage"},"thumbnailUrl":"http:\/\/denkmalpflege.tuwien.ac.at\/wp-content\/uploads\/2020\/09\/Vorlesung_ws2021_-1.jpg","datePublished":"2020-09-08T19:45:15+00:00","dateModified":"2024-12-10T13:42:33+00:00","breadcrumb":{"@id":"https:\/\/denkmalpflege.tuwien.ac.at\/index.php\/lva-wintersemester-2020-2021\/denkmalpflege-vorlesung_ws20_21\/#breadcrumb"},"inLanguage":"de","potentialAction":[{"@type":"ReadAction","target":["https:\/\/denkmalpflege.tuwien.ac.at\/index.php\/lva-wintersemester-2020-2021\/denkmalpflege-vorlesung_ws20_21\/"]}]},{"@type":"ImageObject","inLanguage":"de","@id":"https:\/\/denkmalpflege.tuwien.ac.at\/index.php\/lva-wintersemester-2020-2021\/denkmalpflege-vorlesung_ws20_21\/#primaryimage","url":"https:\/\/denkmalpflege.tuwien.ac.at\/wp-content\/uploads\/2020\/09\/Vorlesung_ws2021_-1.jpg","contentUrl":"https:\/\/denkmalpflege.tuwien.ac.at\/wp-content\/uploads\/2020\/09\/Vorlesung_ws2021_-1.jpg","width":2677,"height":3489},{"@type":"BreadcrumbList","@id":"https:\/\/denkmalpflege.tuwien.ac.at\/index.php\/lva-wintersemester-2020-2021\/denkmalpflege-vorlesung_ws20_21\/#breadcrumb","itemListElement":[{"@type":"ListItem","position":1,"name":"Startseite","item":"https:\/\/denkmalpflege.tuwien.ac.at\/"},{"@type":"ListItem","position":2,"name":"LVA Wintersemester 2020\/2021","item":"https:\/\/denkmalpflege.tuwien.ac.at\/index.php\/lva-wintersemester-2020-2021\/"},{"@type":"ListItem","position":3,"name":"Denkmalpflege Vorlesung_WS20_21"}]},{"@type":"WebSite","@id":"https:\/\/denkmalpflege.tuwien.ac.at\/#website","url":"https:\/\/denkmalpflege.tuwien.ac.at\/","name":"Denkmalpflege und Bauen im Bestand","description":"Denkmalpflege TU Wien","publisher":{"@id":"https:\/\/denkmalpflege.tuwien.ac.at\/#organization"},"potentialAction":[{"@type":"SearchAction","target":{"@type":"EntryPoint","urlTemplate":"https:\/\/denkmalpflege.tuwien.ac.at\/?s={search_term_string}"},"query-input":{"@type":"PropertyValueSpecification","valueRequired":true,"valueName":"search_term_string"}}],"inLanguage":"de"},{"@type":"Organization","@id":"https:\/\/denkmalpflege.tuwien.ac.at\/#organization","name":"TU Wien Denkmalpflege und Bauen im Bestand","url":"https:\/\/denkmalpflege.tuwien.ac.at\/","logo":{"@type":"ImageObject","inLanguage":"de","@id":"https:\/\/denkmalpflege.tuwien.ac.at\/#\/schema\/logo\/image\/","url":"https:\/\/denkmalpflege.tuwien.ac.at\/wp-content\/uploads\/2019\/10\/Logo1.png","contentUrl":"https:\/\/denkmalpflege.tuwien.ac.at\/wp-content\/uploads\/2019\/10\/Logo1.png","width":222,"height":79,"caption":"TU Wien Denkmalpflege und Bauen im Bestand"},"image":{"@id":"https:\/\/denkmalpflege.tuwien.ac.at\/#\/schema\/logo\/image\/"}}]}},"_links":{"self":[{"href":"https:\/\/denkmalpflege.tuwien.ac.at\/index.php\/wp-json\/wp\/v2\/pages\/18836","targetHints":{"allow":["GET"]}}],"collection":[{"href":"https:\/\/denkmalpflege.tuwien.ac.at\/index.php\/wp-json\/wp\/v2\/pages"}],"about":[{"href":"https:\/\/denkmalpflege.tuwien.ac.at\/index.php\/wp-json\/wp\/v2\/types\/page"}],"author":[{"embeddable":true,"href":"https:\/\/denkmalpflege.tuwien.ac.at\/index.php\/wp-json\/wp\/v2\/users\/1"}],"replies":[{"embeddable":true,"href":"https:\/\/denkmalpflege.tuwien.ac.at\/index.php\/wp-json\/wp\/v2\/comments?post=18836"}],"version-history":[{"count":92,"href":"https:\/\/denkmalpflege.tuwien.ac.at\/index.php\/wp-json\/wp\/v2\/pages\/18836\/revisions"}],"predecessor-version":[{"id":27687,"href":"https:\/\/denkmalpflege.tuwien.ac.at\/index.php\/wp-json\/wp\/v2\/pages\/18836\/revisions\/27687"}],"up":[{"embeddable":true,"href":"https:\/\/denkmalpflege.tuwien.ac.at\/index.php\/wp-json\/wp\/v2\/pages\/18829"}],"wp:attachment":[{"href":"https:\/\/denkmalpflege.tuwien.ac.at\/index.php\/wp-json\/wp\/v2\/media?parent=18836"}],"curies":[{"name":"wp","href":"https:\/\/api.w.org\/{rel}","templated":true}]}}