{"id":18737,"date":"2020-09-03T23:54:14","date_gmt":"2020-09-03T21:54:14","guid":{"rendered":"http:\/\/denkmalpflege.tuwien.ac.at\/?page_id=18737"},"modified":"2026-04-29T11:18:44","modified_gmt":"2026-04-29T09:18:44","slug":"forschungsbereich-denkmalpflege-bauen-im-bestand-tu-wien","status":"publish","type":"page","link":"https:\/\/denkmalpflege.tuwien.ac.at\/","title":{"rendered":"Forschungsbereich Denkmalpflege und Bauen im Bestand &#8211; TU Wien"},"content":{"rendered":"\t\t<div data-elementor-type=\"wp-page\" data-elementor-id=\"18737\" class=\"elementor elementor-18737\" data-elementor-post-type=\"page\">\n\t\t\t\t\t\t<section class=\"elementor-section elementor-top-section elementor-element elementor-element-b839eb6 elementor-section-full_width elementor-section-height-default elementor-section-height-default\" data-id=\"b839eb6\" data-element_type=\"section\" data-settings=\"{&quot;background_background&quot;:&quot;classic&quot;}\">\n\t\t\t\t\t\t<div class=\"elementor-container elementor-column-gap-default\">\n\t\t\t\t\t<div class=\"elementor-column elementor-col-100 elementor-top-column elementor-element elementor-element-279eefa\" data-id=\"279eefa\" data-element_type=\"column\">\n\t\t\t<div class=\"elementor-widget-wrap elementor-element-populated\">\n\t\t\t\t\t\t<div class=\"elementor-element elementor-element-96a43ab elementor-widget__width-inherit elementor-widget elementor-widget-ucaddon_card_carousel\" data-id=\"96a43ab\" data-element_type=\"widget\" data-widget_type=\"ucaddon_card_carousel.default\">\n\t\t\t\t<div class=\"elementor-widget-container\">\n\t\t\t\t\t\n<!-- start Card Carousel -->\n\t\t<link id='font-awesome-css' href='https:\/\/denkmalpflege.tuwien.ac.at\/wp-content\/plugins\/unlimited-elements-for-elementor\/assets_libraries\/font-awesome6\/fontawesome-all.min.css' type='text\/css' rel='stylesheet' >\n\t\t<link id='font-awesome-4-shim-css' href='https:\/\/denkmalpflege.tuwien.ac.at\/wp-content\/plugins\/unlimited-elements-for-elementor\/assets_libraries\/font-awesome6\/fontawesome-v4-shims.min.css' type='text\/css' rel='stylesheet' >\n\t\t<link id='owl-carousel-css' href='https:\/\/denkmalpflege.tuwien.ac.at\/wp-content\/plugins\/unlimited-elements-for-elementor\/assets_libraries\/owl-carousel-new\/assets\/owl.carousel.css' type='text\/css' rel='stylesheet' >\n\t\t<link id='uc_ac_assets_file_animate_css_77907-css' href='https:\/\/denkmalpflege.tuwien.ac.at\/wp-content\/uploads\/ac_assets\/uc_classic_carousel\/animate.css' type='text\/css' rel='stylesheet' >\n\n<style>\/* widget: Card Carousel *\/\n\n#uc_card_carousel_elementor_96a43ab-wrapper{\n  min-height:1px;\n}\n\n#uc_card_carousel_elementor_96a43ab *{\n\t-webkit-box-sizing: border-box;\n\t-moz-box-sizing: border-box;\n\tbox-sizing: border-box;\n}\n\n#uc_card_carousel_elementor_96a43ab .ue-carousel-item{\n  overflow:hidden;\n  transition:0.3s;\n}\n\n#uc_card_carousel_elementor_96a43ab .uc_classic_carousel_container_holder{\n\tdisplay:block;\n\tposition:relative;\n\twidth:100%;\n    box-sizing: border-box;\n}\n#uc_card_carousel_elementor_96a43ab .uc_classic_carousel_placeholder{\n   position:relative;\n}\n\n\n#uc_card_carousel_elementor_96a43ab .uc_classic_carousel_placeholder img, #uc_card_carousel_elementor_96a43ab .ue_card_carousel_image_overlay{\n  transition: all 300ms;\n}\n\n.card_carousel_title{\n\tfont-size:21px;\n}\n\n.uc_classic_carousel .uc_classic_carousel_border{\n\tdisplay:block;\n    margin:0 auto;\n}\n\n.uc_classic_carousel  .uc_classic_carousel_placeholder img{\n\twidth:100%;    \n    display:block;\n}\n\n.uc_classic_carousel .uc_classic_carousel_content{\n  display: flex;\n  flex-flow: column nowrap;\n}\n\n.uc_classic_carousel .ue_button{\n  margin-top:auto;\n}\n\n.uc_classic_carousel .uc_classic_carousel_content .uc_more_btn {\n\tdisplay:inline-block;\n\ttext-decoration:none;\n\ttransition: all 0.5s ease;\n}\n\n#uc_card_carousel_elementor_96a43ab .owl-dots {\n  overflow:hidden;\n  text-align:center;\n}\n\n#uc_card_carousel_elementor_96a43ab .owl-dot {\n  border-radius:50%;\n  display:inline-block;\n}\n\n#uc_card_carousel_elementor_96a43ab .owl-nav .owl-prev,\n#uc_card_carousel_elementor_96a43ab .owl-nav .owl-next{\n    position:absolute;\n    display:flex;\n  \tjustify-content: center;\n  \talign-items: center;\n    text-align:center;\n}\n\n#uc_card_carousel_elementor_96a43ab .owl-nav .disabled{\n    display: none;  \n}\n\n\n#uc_card_carousel_elementor_96a43ab .ue-item-icon{\n  line-height:1em;\n  display:inline-flex;\n  justify-content:center;\n  align-items:center;  \n}\n\n#uc_card_carousel_elementor_96a43ab .ue-item-icon svg{\n  height:1em;\n  width:1em;\n}\n\n#uc_card_carousel_elementor_96a43ab .ue-item-icon-wrapper{\n  display:flex;\n}\n\n#uc_card_carousel_elementor_96a43ab .uc_classic_carousel_container_holder {\n\t max-width: ;\n}\n\n\n\n@media screen and (max-width: 1024px) {\n  #uc_card_carousel_elementor_96a43ab .uc_classic_carousel_container_holder {\n\t max-width: ;\n  }\n}\n\n@media screen and (max-width: 767px) {\n  #uc_card_carousel_elementor_96a43ab .uc_classic_carousel_container_holder {\n    max-width: ;\n  }\n}\n\n<\/style>\n\n<div class=\"uc_classic_carousel\" id=\"uc_card_carousel_elementor_96a43ab-wrapper\">\n  <div class=\"uc_carousel owl-carousel uc-items-wrapper  \" id=\"uc_card_carousel_elementor_96a43ab\"  >\n    \n\n\n<div id=\"uc_card_carousel_elementor_96a43ab_item1\" class=\"uc_classic_carousel_container_holder ue-item elementor-repeater-item-92439dc\" data-hide-item=\"false\">  \n  <div class=\"ue-carousel-item\">\n    \n        \n    \n          <div class=\"uc_classic_carousel_placeholder\">\n        <a href=\"https:\/\/denkmalpflege.tuwien.ac.at\/index.php\/montags-um-5\/\" title=\"\" >          <img fetchpriority=\"high\" decoding=\"async\" src=\"https:\/\/denkmalpflege.tuwien.ac.at\/wp-content\/uploads\/2026\/03\/Mo5-ANKUeNDIGUNG-WEBSITE-768x922.jpg\"  src=\"https:\/\/denkmalpflege.tuwien.ac.at\/wp-content\/uploads\/2026\/03\/Mo5-ANKUeNDIGUNG-WEBSITE-768x922.jpg\" alt=\"Mo5 ANK\u00dcNDIGUNG WEBSITE\" width=\"768\" height=\"922\">\n        <\/a>              <\/div>\n    \n    <div class=\"uc_classic_carousel_content\" style=\"direction:ltr;\">    \n\n      \n          <a href=\"https:\/\/denkmalpflege.tuwien.ac.at\/index.php\/montags-um-5\/\" ><h3  class=\"card_carousel_title\">MONTAGS UM 5<\/h3><\/a>\n        <div class=\"card_carousel_text\">Vortragsreihe <br>\nMontag, 17:00 Uhr, H\u00f6rsaal 6<br>\n16.03.2026 Anna Luib<br>\n27.04.2026 Jan Engelke<br>\n11.05.2026 Timo Bogataj, Sarah Klimbacher\n\n<\/div>      \t\n\n      \t\n      \n    <\/div>\n    \n  <\/div>\n<\/div>\n\n\n\n<div id=\"uc_card_carousel_elementor_96a43ab_item2\" class=\"uc_classic_carousel_container_holder ue-item elementor-repeater-item-43c2fb3\" data-hide-item=\"false\">  \n  <div class=\"ue-carousel-item\">\n    \n        \n    \n          <div class=\"uc_classic_carousel_placeholder\">\n        <a href=\"https:\/\/denkmalpflege.tuwien.ac.at\/index.php\/werkstatt-architekturforschung\/\" title=\"Show More\" >          <img decoding=\"async\" src=\"https:\/\/denkmalpflege.tuwien.ac.at\/wp-content\/uploads\/2026\/03\/SoSe-2026_Werkstatt-Architekturforschung_SoSe-2026_Bruenenberg_Karussell-853x1024.jpg\"  src=\"https:\/\/denkmalpflege.tuwien.ac.at\/wp-content\/uploads\/2026\/03\/SoSe-2026_Werkstatt-Architekturforschung_SoSe-2026_Bruenenberg_Karussell-853x1024.jpg\" alt=\"SoSe 2026_Werkstatt Architekturforschung_SoSe 2026_Bru\u0308nenberg_Karussell\" width=\"853\" height=\"1024\">\n        <\/a>              <\/div>\n    \n    <div class=\"uc_classic_carousel_content\" style=\"direction:ltr;\">    \n\n      \n          <a href=\"https:\/\/denkmalpflege.tuwien.ac.at\/index.php\/werkstatt-architekturforschung\/\" ><h3  class=\"card_carousel_title\">Werkstatt architekturforschung<\/h3><\/a>\n        <div class=\"card_carousel_text\">Werkstatt Architekturforschung\n <br> \n#33 Stefanie Br\u00fcnenberg<br> \nUmgebaut, umgedeutet, umstritten?<br>\nDer Wert der DDR-Architektur nach 1989\/90<br>Fr\u00fchling\/Sommer 2026<br>\n<\/div>      \t\n\n      \t\n      \n    <\/div>\n    \n  <\/div>\n<\/div>\n\n\n\n<div id=\"uc_card_carousel_elementor_96a43ab_item3\" class=\"uc_classic_carousel_container_holder ue-item elementor-repeater-item-b959dba\" data-hide-item=\"false\">  \n  <div class=\"ue-carousel-item\">\n    \n        \n    \n          <div class=\"uc_classic_carousel_placeholder\">\n        <a href=\"https:\/\/denkmalpflege.tuwien.ac.at\/index.php\/lehre-2\/lva-sommersemester-2026\/\" title=\"Show More\" >          <img decoding=\"async\" src=\"https:\/\/denkmalpflege.tuwien.ac.at\/wp-content\/uploads\/2026\/02\/260212_LVA-SoSe26-853x1024.jpg\"  src=\"https:\/\/denkmalpflege.tuwien.ac.at\/wp-content\/uploads\/2026\/02\/260212_LVA-SoSe26-853x1024.jpg\" alt=\"260212_LVA SoSe26\" width=\"853\" height=\"1024\">\n        <\/a>              <\/div>\n    \n    <div class=\"uc_classic_carousel_content\" style=\"direction:ltr;\">    \n\n      \n          <a href=\"https:\/\/denkmalpflege.tuwien.ac.at\/index.php\/lehre-2\/lva-sommersemester-2026\/\" ><h3  class=\"card_carousel_title\">Lehre Sommersemester 2026<\/h3><\/a>\n        <div class=\"card_carousel_text\">\u00dcberblick der Lehrveranstaltungen im Sommersemester 2026 am Forschungsbereich Denkmalpflege und Bauen im Bestand.<\/div>      \t\n\n      \t\n      \n    <\/div>\n    \n  <\/div>\n<\/div>\n\n\n\n<div id=\"uc_card_carousel_elementor_96a43ab_item4\" class=\"uc_classic_carousel_container_holder ue-item elementor-repeater-item-de9bfb8\" data-hide-item=\"false\">  \n  <div class=\"ue-carousel-item\">\n    \n        \n    \n          <div class=\"uc_classic_carousel_placeholder\">\n        <a href=\"https:\/\/denkmalpflege.tuwien.ac.at\/index.php\/20th-century-housing-heritage-in-europe-conference\/\" title=\"\" >          <img loading=\"lazy\" decoding=\"async\" src=\"https:\/\/denkmalpflege.tuwien.ac.at\/wp-content\/uploads\/2026\/03\/Karussell_20th-Century-Jousing-Heritage-in-Europe-768x922.jpg\"  src=\"https:\/\/denkmalpflege.tuwien.ac.at\/wp-content\/uploads\/2026\/03\/Karussell_20th-Century-Jousing-Heritage-in-Europe-768x922.jpg\" alt=\"Karussell_20th Century Jousing Heritage in Europe\" width=\"768\" height=\"922\">\n        <\/a>              <\/div>\n    \n    <div class=\"uc_classic_carousel_content\" style=\"direction:ltr;\">    \n\n      \n          <a href=\"https:\/\/denkmalpflege.tuwien.ac.at\/index.php\/20th-century-housing-heritage-in-europe-conference\/\" ><h3  class=\"card_carousel_title\">20th Century Houing Heritage in Europe: Conserving, Participating and Adapting<\/h3><\/a>\n        <div class=\"card_carousel_text\">20th Century Housing Heritage in Europe\n <br> \nConference Proceeding<br> \nNow online!<br>\n\u00d6ZKD 2025<\/div>      \t\n\n      \t\n      \n    <\/div>\n    \n  <\/div>\n<\/div>\n\n\n\n<div id=\"uc_card_carousel_elementor_96a43ab_item5\" class=\"uc_classic_carousel_container_holder ue-item elementor-repeater-item-b6d4193\" data-hide-item=\"false\">  \n  <div class=\"ue-carousel-item\">\n    \n        \n    \n          <div class=\"uc_classic_carousel_placeholder\">\n        <a href=\"https:\/\/denkmalpflege.tuwien.ac.at\/index.php\/catherine-sark\/\" title=\"\" >          <img loading=\"lazy\" decoding=\"async\" src=\"https:\/\/denkmalpflege.tuwien.ac.at\/wp-content\/uploads\/2025\/10\/Kachel-Startseite-Sark-Catherine-Gratulation-854x1024.jpg\"  src=\"https:\/\/denkmalpflege.tuwien.ac.at\/wp-content\/uploads\/2025\/10\/Kachel-Startseite-Sark-Catherine-Gratulation-854x1024.jpg\" alt=\"Kachel Startseite - Vorlage BLfD\" width=\"854\" height=\"1024\">\n        <\/a>              <\/div>\n    \n    <div class=\"uc_classic_carousel_content\" style=\"direction:ltr;\">    \n\n      \n          <a href=\"https:\/\/denkmalpflege.tuwien.ac.at\/index.php\/catherine-sark\/\" ><h3  class=\"card_carousel_title\">Projekt von Absolventin Catherine Sark bekommt Denkmalschutzmedaille 2025<\/h3><\/a>\n        <div class=\"card_carousel_text\">Das Projekt \"Grundlagenforschung zu S\u00fcdtiroler Siedlungen in Vorarlberg\" von Catherine Sark wurde f\u00fcr die \u00d6sterreichische\nDenkmalschutzmedaille 2025 ausgew\u00e4hlt!\n<br> Die Diplomarbeit dazu, sowie ein Radiobeitrag in Radio Vorarlberg finden sie hier.\n<\/div>      \t\n\n      \t\n      \n    <\/div>\n    \n  <\/div>\n<\/div>\n\n\n\n<div id=\"uc_card_carousel_elementor_96a43ab_item6\" class=\"uc_classic_carousel_container_holder ue-item elementor-repeater-item-b092d46\" data-hide-item=\"false\">  \n  <div class=\"ue-carousel-item\">\n    \n        \n    \n          <div class=\"uc_classic_carousel_placeholder\">\n        <a href=\"https:\/\/denkmalpflege.tuwien.ac.at\/index.php\/futurefit-unsere-tu-wien\/\" title=\"\" >          <img loading=\"lazy\" decoding=\"async\" src=\"https:\/\/denkmalpflege.tuwien.ac.at\/wp-content\/uploads\/2025\/10\/Unsere-TU-Wien-Danke-Startseite-854x1024.jpg\"  src=\"https:\/\/denkmalpflege.tuwien.ac.at\/wp-content\/uploads\/2025\/10\/Unsere-TU-Wien-Danke-Startseite-854x1024.jpg\" alt=\"Unsere TU Wien - Danke Startseite\" width=\"854\" height=\"1024\">\n        <\/a>              <\/div>\n    \n    <div class=\"uc_classic_carousel_content\" style=\"direction:ltr;\">    \n\n      \n          <a href=\"https:\/\/denkmalpflege.tuwien.ac.at\/index.php\/futurefit-unsere-tu-wien\/\" ><h3  class=\"card_carousel_title\">fuTUrefit Projekt - Unsere TU Wien<\/h3><\/a>\n        <div class=\"card_carousel_text\">Das Projekt \"Unsere TU Wien. Erinnerungsorte zwischen Prater, Arsenal, Karlsplatz und Getreidemarkt\" wurde im Rahmen des fuTUrefit-Calls gef\u00f6rdert \u2013 wir freuen uns!\n<\/div>      \t\n\n      \t\n      \n    <\/div>\n    \n  <\/div>\n<\/div>\n\n\n\n<div id=\"uc_card_carousel_elementor_96a43ab_item7\" class=\"uc_classic_carousel_container_holder ue-item elementor-repeater-item-1ea6d9a\" data-hide-item=\"false\">  \n  <div class=\"ue-carousel-item\">\n    \n        \n    \n          <div class=\"uc_classic_carousel_placeholder\">\n        <a href=\"https:\/\/denkmalpflege.tuwien.ac.at\/index.php\/archdiploma-2025\/\" title=\"\" >          <img loading=\"lazy\" decoding=\"async\" src=\"https:\/\/denkmalpflege.tuwien.ac.at\/wp-content\/uploads\/2025\/08\/250827_TU-archdiploma25_Instagram-Post_1080x1350px_1-AUG_Webseite-01-854x1024.jpg\"  src=\"https:\/\/denkmalpflege.tuwien.ac.at\/wp-content\/uploads\/2025\/08\/250827_TU-archdiploma25_Instagram-Post_1080x1350px_1-AUG_Webseite-01-854x1024.jpg\" alt=\"250827_TU-archdiploma25_Instagram-Post_1080x1350px_1-AUG_Webseite-01\" width=\"854\" height=\"1024\">\n        <\/a>              <\/div>\n    \n    <div class=\"uc_classic_carousel_content\" style=\"direction:ltr;\">    \n\n      \n          <a href=\"https:\/\/denkmalpflege.tuwien.ac.at\/index.php\/archdiploma-2025\/\" ><h3  class=\"card_carousel_title\">Archdiploma 2025<\/h3><\/a>\n        <div class=\"card_carousel_text\">Die Archdiploma zeigte vom 20. - 22. 11. 2025 im Funkhaus in der Argentinierstra\u00dfe 30A herausragende Abschlussarbeiten aus den Forschungsbereichen.<\/div>      \t\n\n      \t\n      \n    <\/div>\n    \n  <\/div>\n<\/div>\n\n\n\n<div id=\"uc_card_carousel_elementor_96a43ab_item8\" class=\"uc_classic_carousel_container_holder ue-item elementor-repeater-item-0dbee69\" data-hide-item=\"false\">  \n  <div class=\"ue-carousel-item\">\n    \n        \n    \n          <div class=\"uc_classic_carousel_placeholder\">\n        <a href=\"https:\/\/www.climate-arch.eu\/events\/\" title=\"\"  target='_blank'>          <img loading=\"lazy\" decoding=\"async\" src=\"https:\/\/denkmalpflege.tuwien.ac.at\/wp-content\/uploads\/2025\/10\/oeaw-symposium-2026-854x1024.jpg\"  src=\"https:\/\/denkmalpflege.tuwien.ac.at\/wp-content\/uploads\/2025\/10\/oeaw-symposium-2026-854x1024.jpg\" alt=\"oeaw symposium 2026\" width=\"854\" height=\"1024\">\n        <\/a>              <\/div>\n    \n    <div class=\"uc_classic_carousel_content\" style=\"direction:ltr;\">    \n\n      \n          <a href=\"https:\/\/www.climate-arch.eu\/events\/\"  target='_blank'><h3  class=\"card_carousel_title\">\u00d6AW Symposium - Vernacular futures<\/h3><\/a>\n        <div class=\"card_carousel_text\">Intertemporal and interdisciplinary perspectives on vernacular architecture and climate. <br>\n10th - 13th February 2026 <br>\nAustrian Academy of Sciences, Vienna<\/div>      \t\n\n      \t\n      \n    <\/div>\n    \n  <\/div>\n<\/div>\n\n  <\/div>\n<\/div>\n<!-- end Card Carousel -->\t\t\t\t<\/div>\n\t\t\t\t<\/div>\n\t\t\t\t\t<\/div>\n\t\t<\/div>\n\t\t\t\t\t<\/div>\n\t\t<\/section>\n\t\t\t\t<section class=\"elementor-section elementor-top-section elementor-element elementor-element-12d8777 elementor-section-full_width elementor-section-height-default elementor-section-height-default\" data-id=\"12d8777\" data-element_type=\"section\" data-settings=\"{&quot;background_background&quot;:&quot;classic&quot;}\">\n\t\t\t\t\t\t<div class=\"elementor-container elementor-column-gap-default\">\n\t\t\t\t\t<div class=\"elementor-column elementor-col-100 elementor-top-column elementor-element elementor-element-c9d3cbe\" data-id=\"c9d3cbe\" data-element_type=\"column\">\n\t\t\t<div class=\"elementor-widget-wrap elementor-element-populated\">\n\t\t\t\t\t\t<div class=\"elementor-element elementor-element-3de2ead elementor-widget elementor-widget-heading\" data-id=\"3de2ead\" data-element_type=\"widget\" data-widget_type=\"heading.default\">\n\t\t\t\t<div class=\"elementor-widget-container\">\n\t\t\t\t\t<h1 class=\"elementor-heading-title elementor-size-default\"><a href=\"https:\/\/denkmalpflege.tuwien.ac.at\/index.php\/lehre-2\/lva-sommersemester-2026\/\">LEHRVERANSTALTUNGEN IM Sommersemester 2026<\/a><\/h1>\t\t\t\t<\/div>\n\t\t\t\t<\/div>\n\t\t\t\t\t<\/div>\n\t\t<\/div>\n\t\t\t\t\t<\/div>\n\t\t<\/section>\n\t\t\t\t<section class=\"elementor-section elementor-top-section elementor-element elementor-element-80a46cc elementor-section-content-middle elementor-section-full_width elementor-section-height-default elementor-section-height-default\" data-id=\"80a46cc\" data-element_type=\"section\" data-settings=\"{&quot;background_background&quot;:&quot;classic&quot;}\">\n\t\t\t\t\t\t<div class=\"elementor-container elementor-column-gap-no\">\n\t\t\t\t\t<div class=\"elementor-column elementor-col-100 elementor-top-column elementor-element elementor-element-08422a0\" data-id=\"08422a0\" data-element_type=\"column\">\n\t\t\t<div class=\"elementor-widget-wrap elementor-element-populated\">\n\t\t\t\t\t\t<section class=\"elementor-section elementor-inner-section elementor-element elementor-element-8a2134b elementor-section-full_width elementor-section-height-default elementor-section-height-default\" data-id=\"8a2134b\" data-element_type=\"section\">\n\t\t\t\t\t\t<div class=\"elementor-container elementor-column-gap-default\">\n\t\t\t\t\t<div class=\"elementor-column elementor-col-33 elementor-inner-column elementor-element elementor-element-28138e4\" data-id=\"28138e4\" data-element_type=\"column\">\n\t\t\t<div class=\"elementor-widget-wrap elementor-element-populated\">\n\t\t\t\t\t\t<div class=\"elementor-element elementor-element-4ffaef5 elementor-widget elementor-widget-image\" data-id=\"4ffaef5\" data-element_type=\"widget\" data-widget_type=\"image.default\">\n\t\t\t\t<div class=\"elementor-widget-container\">\n\t\t\t\t\t\t\t\t\t\t\t\t\t\t\t\t<a href=\"https:\/\/denkmalpflege.tuwien.ac.at\/index.php\/lehre-2\/entwerfen-adaptive-reuse-sakralbau-sose-2026\/\">\n\t\t\t\t\t\t\t<img loading=\"lazy\" decoding=\"async\" width=\"783\" height=\"1024\" src=\"https:\/\/denkmalpflege.tuwien.ac.at\/wp-content\/uploads\/2026\/02\/adaptive-reuse-sakral_entwerfen_sose26_lva-bild-783x1024.jpg\" class=\"attachment-large size-large wp-image-35529\" alt=\"\" srcset=\"https:\/\/denkmalpflege.tuwien.ac.at\/wp-content\/uploads\/2026\/02\/adaptive-reuse-sakral_entwerfen_sose26_lva-bild-783x1024.jpg 783w, https:\/\/denkmalpflege.tuwien.ac.at\/wp-content\/uploads\/2026\/02\/adaptive-reuse-sakral_entwerfen_sose26_lva-bild-229x300.jpg 229w, https:\/\/denkmalpflege.tuwien.ac.at\/wp-content\/uploads\/2026\/02\/adaptive-reuse-sakral_entwerfen_sose26_lva-bild-768x1005.jpg 768w, https:\/\/denkmalpflege.tuwien.ac.at\/wp-content\/uploads\/2026\/02\/adaptive-reuse-sakral_entwerfen_sose26_lva-bild-700x916.jpg 700w\" sizes=\"(max-width: 783px) 100vw, 783px\" \/>\t\t\t\t\t\t\t\t<\/a>\n\t\t\t\t\t\t\t\t\t\t\t\t\t\t\t<\/div>\n\t\t\t\t<\/div>\n\t\t\t\t<div class=\"elementor-element elementor-element-31deec2 elementor-widget elementor-widget-heading\" data-id=\"31deec2\" data-element_type=\"widget\" data-widget_type=\"heading.default\">\n\t\t\t\t<div class=\"elementor-widget-container\">\n\t\t\t\t\t<h3 class=\"elementor-heading-title elementor-size-default\"><a href=\"https:\/\/denkmalpflege.tuwien.ac.at\/index.php\/lehre-2\/entwerfen-adaptive-reuse-sakralbau-sose-2026\/\">ADAPTIVE REUSE IM SAKRALBAU?<\/a><\/h3>\t\t\t\t<\/div>\n\t\t\t\t<\/div>\n\t\t\t\t<div class=\"elementor-element elementor-element-989b3d8 elementor-widget elementor-widget-heading\" data-id=\"989b3d8\" data-element_type=\"widget\" data-widget_type=\"heading.default\">\n\t\t\t\t<div class=\"elementor-widget-container\">\n\t\t\t\t\t<h3 class=\"elementor-heading-title elementor-size-default\"><a href=\"https:\/\/denkmalpflege.tuwien.ac.at\/index.php\/lehre-2\/entwerfen-adaptive-reuse-sakralbau-sose-2026\/\">Entwerfen \u2013 Master<\/a><\/h3>\t\t\t\t<\/div>\n\t\t\t\t<\/div>\n\t\t\t\t<div class=\"elementor-element elementor-element-9995a59 elementor-widget elementor-widget-heading\" data-id=\"9995a59\" data-element_type=\"widget\" data-widget_type=\"heading.default\">\n\t\t\t\t<div class=\"elementor-widget-container\">\n\t\t\t\t\t<h3 class=\"elementor-heading-title elementor-size-default\"><a href=\"https:\/\/denkmalpflege.tuwien.ac.at\/index.php\/lehre-2\/entwerfen-adaptive-reuse-sakralbau-sose-2026\/\">251.260: UE 8.0h (10,0 ECTS)<\/a><\/h3>\t\t\t\t<\/div>\n\t\t\t\t<\/div>\n\t\t\t\t\t<\/div>\n\t\t<\/div>\n\t\t\t\t<div class=\"elementor-column elementor-col-33 elementor-inner-column elementor-element elementor-element-dd41aab\" data-id=\"dd41aab\" data-element_type=\"column\">\n\t\t\t<div class=\"elementor-widget-wrap elementor-element-populated\">\n\t\t\t\t\t\t<div class=\"elementor-element elementor-element-2f1a23a elementor-widget elementor-widget-image\" data-id=\"2f1a23a\" data-element_type=\"widget\" data-widget_type=\"image.default\">\n\t\t\t\t<div class=\"elementor-widget-container\">\n\t\t\t\t\t\t\t\t\t\t\t\t\t\t\t\t<a href=\"https:\/\/denkmalpflege.tuwien.ac.at\/index.php\/lehre-2\/kleines-entwerfen-bekenntniskirche-wien-donaustadt-sose-2026\/\">\n\t\t\t\t\t\t\t<img loading=\"lazy\" decoding=\"async\" width=\"783\" height=\"1024\" src=\"https:\/\/denkmalpflege.tuwien.ac.at\/wp-content\/uploads\/2025\/02\/Kachel-LVA_Modul-Denkmalpflege_sose25-783x1024.jpg\" class=\"attachment-large size-large wp-image-32978\" alt=\"\" srcset=\"https:\/\/denkmalpflege.tuwien.ac.at\/wp-content\/uploads\/2025\/02\/Kachel-LVA_Modul-Denkmalpflege_sose25-783x1024.jpg 783w, https:\/\/denkmalpflege.tuwien.ac.at\/wp-content\/uploads\/2025\/02\/Kachel-LVA_Modul-Denkmalpflege_sose25-229x300.jpg 229w, https:\/\/denkmalpflege.tuwien.ac.at\/wp-content\/uploads\/2025\/02\/Kachel-LVA_Modul-Denkmalpflege_sose25-768x1005.jpg 768w, https:\/\/denkmalpflege.tuwien.ac.at\/wp-content\/uploads\/2025\/02\/Kachel-LVA_Modul-Denkmalpflege_sose25-1174x1536.jpg 1174w, https:\/\/denkmalpflege.tuwien.ac.at\/wp-content\/uploads\/2025\/02\/Kachel-LVA_Modul-Denkmalpflege_sose25-1565x2048.jpg 1565w, https:\/\/denkmalpflege.tuwien.ac.at\/wp-content\/uploads\/2025\/02\/Kachel-LVA_Modul-Denkmalpflege_sose25-700x916.jpg 700w, https:\/\/denkmalpflege.tuwien.ac.at\/wp-content\/uploads\/2025\/02\/Kachel-LVA_Modul-Denkmalpflege_sose25-scaled.jpg 1957w\" sizes=\"(max-width: 783px) 100vw, 783px\" \/>\t\t\t\t\t\t\t\t<\/a>\n\t\t\t\t\t\t\t\t\t\t\t\t\t\t\t<\/div>\n\t\t\t\t<\/div>\n\t\t\t\t<div class=\"elementor-element elementor-element-4a62140 elementor-widget elementor-widget-heading\" data-id=\"4a62140\" data-element_type=\"widget\" data-widget_type=\"heading.default\">\n\t\t\t\t<div class=\"elementor-widget-container\">\n\t\t\t\t\t<h3 class=\"elementor-heading-title elementor-size-default\"><a href=\"https:\/\/denkmalpflege.tuwien.ac.at\/index.php\/lehre-2\/kleines-entwerfen-bekenntniskirche-wien-donaustadt-sose-2026\/\">MODul denkmalpflege<\/a><\/h3>\t\t\t\t<\/div>\n\t\t\t\t<\/div>\n\t\t\t\t<div class=\"elementor-element elementor-element-77edce3 elementor-widget elementor-widget-heading\" data-id=\"77edce3\" data-element_type=\"widget\" data-widget_type=\"heading.default\">\n\t\t\t\t<div class=\"elementor-widget-container\">\n\t\t\t\t\t<h3 class=\"elementor-heading-title elementor-size-default\"><a href=\"https:\/\/denkmalpflege.tuwien.ac.at\/index.php\/lehre-2\/kleines-entwerfen-bekenntniskirche-wien-donaustadt-sose-2026\/\">Modul \u2013 Master<\/a><\/h3>\t\t\t\t<\/div>\n\t\t\t\t<\/div>\n\t\t\t\t<div class=\"elementor-element elementor-element-9e63ab1 elementor-widget elementor-widget-heading\" data-id=\"9e63ab1\" data-element_type=\"widget\" data-widget_type=\"heading.default\">\n\t\t\t\t<div class=\"elementor-widget-container\">\n\t\t\t\t\t<h3 class=\"elementor-heading-title elementor-size-default\"><a href=\"https:\/\/denkmalpflege.tuwien.ac.at\/index.php\/lehre-2\/kleines-entwerfen-bekenntniskirche-wien-donaustadt-sose-2026\/\">251.934: VU 8.0h (10,0 ECTS)<\/a><\/h3>\t\t\t\t<\/div>\n\t\t\t\t<\/div>\n\t\t\t\t\t<\/div>\n\t\t<\/div>\n\t\t\t\t<div class=\"elementor-column elementor-col-33 elementor-inner-column elementor-element elementor-element-97e6169\" data-id=\"97e6169\" data-element_type=\"column\">\n\t\t\t<div class=\"elementor-widget-wrap elementor-element-populated\">\n\t\t\t\t\t\t<div class=\"elementor-element elementor-element-a055d2e elementor-widget elementor-widget-image\" data-id=\"a055d2e\" data-element_type=\"widget\" data-widget_type=\"image.default\">\n\t\t\t\t<div class=\"elementor-widget-container\">\n\t\t\t\t\t\t\t\t\t\t\t\t\t\t\t\t<a href=\"https:\/\/denkmalpflege.tuwien.ac.at\/index.php\/lehre-2\/kleines-entwerfen-bekenntniskirche-wien-donaustadt-sose-2026\/\">\n\t\t\t\t\t\t\t<img loading=\"lazy\" decoding=\"async\" width=\"783\" height=\"1024\" src=\"https:\/\/denkmalpflege.tuwien.ac.at\/wp-content\/uploads\/2026\/02\/bekenntniskirche_kleines-entwerfen_sose26_lva-bild-783x1024.jpg\" class=\"attachment-large size-large wp-image-35530\" alt=\"\" srcset=\"https:\/\/denkmalpflege.tuwien.ac.at\/wp-content\/uploads\/2026\/02\/bekenntniskirche_kleines-entwerfen_sose26_lva-bild-783x1024.jpg 783w, https:\/\/denkmalpflege.tuwien.ac.at\/wp-content\/uploads\/2026\/02\/bekenntniskirche_kleines-entwerfen_sose26_lva-bild-229x300.jpg 229w, https:\/\/denkmalpflege.tuwien.ac.at\/wp-content\/uploads\/2026\/02\/bekenntniskirche_kleines-entwerfen_sose26_lva-bild-768x1005.jpg 768w, https:\/\/denkmalpflege.tuwien.ac.at\/wp-content\/uploads\/2026\/02\/bekenntniskirche_kleines-entwerfen_sose26_lva-bild-700x916.jpg 700w\" sizes=\"(max-width: 783px) 100vw, 783px\" \/>\t\t\t\t\t\t\t\t<\/a>\n\t\t\t\t\t\t\t\t\t\t\t\t\t\t\t<\/div>\n\t\t\t\t<\/div>\n\t\t\t\t<div class=\"elementor-element elementor-element-47873a7 elementor-widget elementor-widget-heading\" data-id=\"47873a7\" data-element_type=\"widget\" data-widget_type=\"heading.default\">\n\t\t\t\t<div class=\"elementor-widget-container\">\n\t\t\t\t\t<h3 class=\"elementor-heading-title elementor-size-default\"><a href=\"https:\/\/denkmalpflege.tuwien.ac.at\/index.php\/lehre-2\/kleines-entwerfen-bekenntniskirche-wien-donaustadt-sose-2026\/\">Bekenntnisskirche wien donaustadt<\/a><\/h3>\t\t\t\t<\/div>\n\t\t\t\t<\/div>\n\t\t\t\t<div class=\"elementor-element elementor-element-66f6b78 elementor-widget elementor-widget-heading\" data-id=\"66f6b78\" data-element_type=\"widget\" data-widget_type=\"heading.default\">\n\t\t\t\t<div class=\"elementor-widget-container\">\n\t\t\t\t\t<h3 class=\"elementor-heading-title elementor-size-default\"><a href=\"https:\/\/denkmalpflege.tuwien.ac.at\/index.php\/lehre-2\/kleines-entwerfen-bekenntniskirche-wien-donaustadt-sose-2026\/\">Kleines Entwerfen - Master<\/a><\/h3>\t\t\t\t<\/div>\n\t\t\t\t<\/div>\n\t\t\t\t<div class=\"elementor-element elementor-element-fc9b2fb elementor-widget elementor-widget-heading\" data-id=\"fc9b2fb\" data-element_type=\"widget\" data-widget_type=\"heading.default\">\n\t\t\t\t<div class=\"elementor-widget-container\">\n\t\t\t\t\t<h3 class=\"elementor-heading-title elementor-size-default\"><a href=\"https:\/\/denkmalpflege.tuwien.ac.at\/index.php\/lehre-2\/kleines-entwerfen-bekenntniskirche-wien-donaustadt-sose-2026\/\">251.266: UE 4h (5,0 ECTS)\n<br>\n<\/a><\/h3>\t\t\t\t<\/div>\n\t\t\t\t<\/div>\n\t\t\t\t\t<\/div>\n\t\t<\/div>\n\t\t\t\t\t<\/div>\n\t\t<\/section>\n\t\t\t\t<section class=\"elementor-section elementor-inner-section elementor-element elementor-element-c155703 elementor-section-full_width elementor-section-height-default elementor-section-height-default\" data-id=\"c155703\" data-element_type=\"section\">\n\t\t\t\t\t\t<div class=\"elementor-container elementor-column-gap-default\">\n\t\t\t\t\t<div class=\"elementor-column elementor-col-33 elementor-inner-column elementor-element elementor-element-64019c7\" data-id=\"64019c7\" data-element_type=\"column\">\n\t\t\t<div class=\"elementor-widget-wrap elementor-element-populated\">\n\t\t\t\t\t\t<div class=\"elementor-element elementor-element-2185370 elementor-widget elementor-widget-image\" data-id=\"2185370\" data-element_type=\"widget\" data-widget_type=\"image.default\">\n\t\t\t\t<div class=\"elementor-widget-container\">\n\t\t\t\t\t\t\t\t\t\t\t\t\t\t\t\t<a href=\"https:\/\/denkmalpflege.tuwien.ac.at\/index.php\/lehre-2\/vu-wiener-strassenhoefe-staedtebauliches-erbe-sose-2026\/\">\n\t\t\t\t\t\t\t<img loading=\"lazy\" decoding=\"async\" width=\"783\" height=\"1024\" src=\"https:\/\/denkmalpflege.tuwien.ac.at\/wp-content\/uploads\/2026\/02\/stadt-ensemble-bauen-im-bestand_uebung_sose26_lva-bild-783x1024.jpg\" class=\"attachment-large size-large wp-image-35532\" alt=\"\" srcset=\"https:\/\/denkmalpflege.tuwien.ac.at\/wp-content\/uploads\/2026\/02\/stadt-ensemble-bauen-im-bestand_uebung_sose26_lva-bild-783x1024.jpg 783w, https:\/\/denkmalpflege.tuwien.ac.at\/wp-content\/uploads\/2026\/02\/stadt-ensemble-bauen-im-bestand_uebung_sose26_lva-bild-229x300.jpg 229w, https:\/\/denkmalpflege.tuwien.ac.at\/wp-content\/uploads\/2026\/02\/stadt-ensemble-bauen-im-bestand_uebung_sose26_lva-bild-768x1005.jpg 768w, https:\/\/denkmalpflege.tuwien.ac.at\/wp-content\/uploads\/2026\/02\/stadt-ensemble-bauen-im-bestand_uebung_sose26_lva-bild-700x916.jpg 700w\" sizes=\"(max-width: 783px) 100vw, 783px\" \/>\t\t\t\t\t\t\t\t<\/a>\n\t\t\t\t\t\t\t\t\t\t\t\t\t\t\t<\/div>\n\t\t\t\t<\/div>\n\t\t\t\t<div class=\"elementor-element elementor-element-996740b elementor-widget elementor-widget-heading\" data-id=\"996740b\" data-element_type=\"widget\" data-widget_type=\"heading.default\">\n\t\t\t\t<div class=\"elementor-widget-container\">\n\t\t\t\t\t<h3 class=\"elementor-heading-title elementor-size-default\"><a href=\"https:\/\/denkmalpflege.tuwien.ac.at\/index.php\/lehre-2\/vu-wiener-strassenhoefe-staedtebauliches-erbe-sose-2026\/\">wiener stra\u00dfenh\u00f6fe<\/a><\/h3>\t\t\t\t<\/div>\n\t\t\t\t<\/div>\n\t\t\t\t<div class=\"elementor-element elementor-element-dce96fa elementor-widget elementor-widget-heading\" data-id=\"dce96fa\" data-element_type=\"widget\" data-widget_type=\"heading.default\">\n\t\t\t\t<div class=\"elementor-widget-container\">\n\t\t\t\t\t<h3 class=\"elementor-heading-title elementor-size-default\"><a href=\"https:\/\/denkmalpflege.tuwien.ac.at\/index.php\/lehre-2\/vu-wiener-strassenhoefe-staedtebauliches-erbe-sose-2026\/\">Vorlesungs\u00fcbung - Bachelor\/Master<\/a><\/h3>\t\t\t\t<\/div>\n\t\t\t\t<\/div>\n\t\t\t\t<div class=\"elementor-element elementor-element-c338e50 elementor-widget elementor-widget-heading\" data-id=\"c338e50\" data-element_type=\"widget\" data-widget_type=\"heading.default\">\n\t\t\t\t<div class=\"elementor-widget-container\">\n\t\t\t\t\t<h3 class=\"elementor-heading-title elementor-size-default\"><a href=\"https:\/\/denkmalpflege.tuwien.ac.at\/index.php\/lehre-2\/vu-wiener-strassenhoefe-staedtebauliches-erbe-sose-2026\/\">251.265: VU 3.0h (4,0 ECTS)<\/a><\/h3>\t\t\t\t<\/div>\n\t\t\t\t<\/div>\n\t\t\t\t\t<\/div>\n\t\t<\/div>\n\t\t\t\t<div class=\"elementor-column elementor-col-33 elementor-inner-column elementor-element elementor-element-3fccc43\" data-id=\"3fccc43\" data-element_type=\"column\">\n\t\t\t<div class=\"elementor-widget-wrap elementor-element-populated\">\n\t\t\t\t\t\t<div class=\"elementor-element elementor-element-28a8dca elementor-widget elementor-widget-image\" data-id=\"28a8dca\" data-element_type=\"widget\" data-widget_type=\"image.default\">\n\t\t\t\t<div class=\"elementor-widget-container\">\n\t\t\t\t\t\t\t\t\t\t\t\t\t\t\t\t<a href=\"https:\/\/denkmalpflege.tuwien.ac.at\/index.php\/lehre-2\/wahlseminar-denkmalforschung-sose-2026\/\">\n\t\t\t\t\t\t\t<img loading=\"lazy\" decoding=\"async\" width=\"783\" height=\"1024\" src=\"https:\/\/denkmalpflege.tuwien.ac.at\/wp-content\/uploads\/2026\/02\/denkmalforschung-kachel-783x1024.jpg\" class=\"attachment-large size-large wp-image-35784\" alt=\"\" srcset=\"https:\/\/denkmalpflege.tuwien.ac.at\/wp-content\/uploads\/2026\/02\/denkmalforschung-kachel-783x1024.jpg 783w, https:\/\/denkmalpflege.tuwien.ac.at\/wp-content\/uploads\/2026\/02\/denkmalforschung-kachel-229x300.jpg 229w, https:\/\/denkmalpflege.tuwien.ac.at\/wp-content\/uploads\/2026\/02\/denkmalforschung-kachel-768x1005.jpg 768w, https:\/\/denkmalpflege.tuwien.ac.at\/wp-content\/uploads\/2026\/02\/denkmalforschung-kachel-700x916.jpg 700w\" sizes=\"(max-width: 783px) 100vw, 783px\" \/>\t\t\t\t\t\t\t\t<\/a>\n\t\t\t\t\t\t\t\t\t\t\t\t\t\t\t<\/div>\n\t\t\t\t<\/div>\n\t\t\t\t<div class=\"elementor-element elementor-element-207ed77 elementor-widget elementor-widget-heading\" data-id=\"207ed77\" data-element_type=\"widget\" data-widget_type=\"heading.default\">\n\t\t\t\t<div class=\"elementor-widget-container\">\n\t\t\t\t\t<h3 class=\"elementor-heading-title elementor-size-default\"><a href=\"https:\/\/denkmalpflege.tuwien.ac.at\/index.php\/lehre-2\/wahlseminar-denkmalforschung-sose-2026\/\">die wiener hofburg nach 1945<\/a><\/h3>\t\t\t\t<\/div>\n\t\t\t\t<\/div>\n\t\t\t\t<div class=\"elementor-element elementor-element-9cf4d53 elementor-widget elementor-widget-heading\" data-id=\"9cf4d53\" data-element_type=\"widget\" data-widget_type=\"heading.default\">\n\t\t\t\t<div class=\"elementor-widget-container\">\n\t\t\t\t\t<h3 class=\"elementor-heading-title elementor-size-default\"><a href=\"https:\/\/denkmalpflege.tuwien.ac.at\/index.php\/lehre-2\/wahlseminar-denkmalforschung-sose-2026\/\">Wahlseminar - Bachelor<\/a><\/h3>\t\t\t\t<\/div>\n\t\t\t\t<\/div>\n\t\t\t\t<div class=\"elementor-element elementor-element-9fbe6e4 elementor-widget elementor-widget-heading\" data-id=\"9fbe6e4\" data-element_type=\"widget\" data-widget_type=\"heading.default\">\n\t\t\t\t<div class=\"elementor-widget-container\">\n\t\t\t\t\t<h3 class=\"elementor-heading-title elementor-size-default\"><a href=\"https:\/\/denkmalpflege.tuwien.ac.at\/index.php\/lehre-2\/wahlseminar-denkmalforschung-sose-2026\/\">251.259: SE 5.0h (5,0 ECTS)\n<br>\n<\/a><\/h3>\t\t\t\t<\/div>\n\t\t\t\t<\/div>\n\t\t\t\t\t<\/div>\n\t\t<\/div>\n\t\t\t\t<div class=\"elementor-column elementor-col-33 elementor-inner-column elementor-element elementor-element-7830ce9\" data-id=\"7830ce9\" data-element_type=\"column\">\n\t\t\t<div class=\"elementor-widget-wrap elementor-element-populated\">\n\t\t\t\t\t\t<div class=\"elementor-element elementor-element-78f1e04 elementor-widget elementor-widget-image\" data-id=\"78f1e04\" data-element_type=\"widget\" data-widget_type=\"image.default\">\n\t\t\t\t<div class=\"elementor-widget-container\">\n\t\t\t\t\t\t\t\t\t\t\t\t\t\t\t\t<a href=\"https:\/\/denkmalpflege.tuwien.ac.at\/index.php\/lehre-2\/wahlseminar-denkmalstadt-sose-2026\/\">\n\t\t\t\t\t\t\t<img loading=\"lazy\" decoding=\"async\" width=\"783\" height=\"1024\" src=\"https:\/\/denkmalpflege.tuwien.ac.at\/wp-content\/uploads\/2026\/02\/denkmalstadt_sose26_lva-bild-783x1024.jpg\" class=\"attachment-large size-large wp-image-35531\" alt=\"\" srcset=\"https:\/\/denkmalpflege.tuwien.ac.at\/wp-content\/uploads\/2026\/02\/denkmalstadt_sose26_lva-bild-783x1024.jpg 783w, https:\/\/denkmalpflege.tuwien.ac.at\/wp-content\/uploads\/2026\/02\/denkmalstadt_sose26_lva-bild-229x300.jpg 229w, https:\/\/denkmalpflege.tuwien.ac.at\/wp-content\/uploads\/2026\/02\/denkmalstadt_sose26_lva-bild-768x1005.jpg 768w, https:\/\/denkmalpflege.tuwien.ac.at\/wp-content\/uploads\/2026\/02\/denkmalstadt_sose26_lva-bild-1174x1536.jpg 1174w, https:\/\/denkmalpflege.tuwien.ac.at\/wp-content\/uploads\/2026\/02\/denkmalstadt_sose26_lva-bild-1565x2048.jpg 1565w, https:\/\/denkmalpflege.tuwien.ac.at\/wp-content\/uploads\/2026\/02\/denkmalstadt_sose26_lva-bild-700x916.jpg 700w, https:\/\/denkmalpflege.tuwien.ac.at\/wp-content\/uploads\/2026\/02\/denkmalstadt_sose26_lva-bild-scaled.jpg 1957w\" sizes=\"(max-width: 783px) 100vw, 783px\" \/>\t\t\t\t\t\t\t\t<\/a>\n\t\t\t\t\t\t\t\t\t\t\t\t\t\t\t<\/div>\n\t\t\t\t<\/div>\n\t\t\t\t<div class=\"elementor-element elementor-element-e307c7b elementor-widget elementor-widget-heading\" data-id=\"e307c7b\" data-element_type=\"widget\" data-widget_type=\"heading.default\">\n\t\t\t\t<div class=\"elementor-widget-container\">\n\t\t\t\t\t<h3 class=\"elementor-heading-title elementor-size-default\"><a href=\"https:\/\/denkmalpflege.tuwien.ac.at\/index.php\/lehre-2\/wahlseminar-denkmalstadt-sose-2026\/\">unerforschtes erbe: der wiener stra\u00dfenhof<\/a><\/h3>\t\t\t\t<\/div>\n\t\t\t\t<\/div>\n\t\t\t\t<div class=\"elementor-element elementor-element-ca3bf6b elementor-widget elementor-widget-heading\" data-id=\"ca3bf6b\" data-element_type=\"widget\" data-widget_type=\"heading.default\">\n\t\t\t\t<div class=\"elementor-widget-container\">\n\t\t\t\t\t<h3 class=\"elementor-heading-title elementor-size-default\"><a href=\"https:\/\/denkmalpflege.tuwien.ac.at\/index.php\/lehre-2\/wahlseminar-denkmalstadt-sose-2026\/\">Wahlseminar - Bachelor<\/a><\/h3>\t\t\t\t<\/div>\n\t\t\t\t<\/div>\n\t\t\t\t<div class=\"elementor-element elementor-element-b97689a elementor-widget elementor-widget-heading\" data-id=\"b97689a\" data-element_type=\"widget\" data-widget_type=\"heading.default\">\n\t\t\t\t<div class=\"elementor-widget-container\">\n\t\t\t\t\t<h3 class=\"elementor-heading-title elementor-size-default\"><a href=\"https:\/\/denkmalpflege.tuwien.ac.at\/index.php\/lehre-2\/lva-wintersemester-2025-2026\/seminar-wissenschaftliches-arbeiten-wise25-26\/\">251.883: SE 3,5h (5,0 ECTS)\n<br>\n<\/a><\/h3>\t\t\t\t<\/div>\n\t\t\t\t<\/div>\n\t\t\t\t\t<\/div>\n\t\t<\/div>\n\t\t\t\t\t<\/div>\n\t\t<\/section>\n\t\t\t\t<section class=\"elementor-section elementor-inner-section elementor-element elementor-element-e85a63f elementor-section-full_width elementor-section-height-default elementor-section-height-default\" data-id=\"e85a63f\" data-element_type=\"section\">\n\t\t\t\t\t\t<div class=\"elementor-container elementor-column-gap-default\">\n\t\t\t\t\t<div class=\"elementor-column elementor-col-33 elementor-inner-column elementor-element elementor-element-1e1bb9d\" data-id=\"1e1bb9d\" data-element_type=\"column\">\n\t\t\t<div class=\"elementor-widget-wrap elementor-element-populated\">\n\t\t\t\t\t\t<div class=\"elementor-element elementor-element-5321f23 elementor-widget elementor-widget-image\" data-id=\"5321f23\" data-element_type=\"widget\" data-widget_type=\"image.default\">\n\t\t\t\t<div class=\"elementor-widget-container\">\n\t\t\t\t\t\t\t\t\t\t\t\t\t\t\t\t<a href=\"https:\/\/denkmalpflege.tuwien.ac.at\/index.php\/lehre-2\/lva-wintersemester-2025-2026\/themendiplom-haus-wittgenstein-2\/\">\n\t\t\t\t\t\t\t<img loading=\"lazy\" decoding=\"async\" width=\"783\" height=\"1024\" src=\"https:\/\/denkmalpflege.tuwien.ac.at\/wp-content\/uploads\/2025\/10\/WiSe_2025_26_Themendiplom_Haus-Wittgenstein-783x1024.jpg\" class=\"attachment-large size-large wp-image-34833\" alt=\"\" srcset=\"https:\/\/denkmalpflege.tuwien.ac.at\/wp-content\/uploads\/2025\/10\/WiSe_2025_26_Themendiplom_Haus-Wittgenstein-783x1024.jpg 783w, https:\/\/denkmalpflege.tuwien.ac.at\/wp-content\/uploads\/2025\/10\/WiSe_2025_26_Themendiplom_Haus-Wittgenstein-229x300.jpg 229w, https:\/\/denkmalpflege.tuwien.ac.at\/wp-content\/uploads\/2025\/10\/WiSe_2025_26_Themendiplom_Haus-Wittgenstein-768x1005.jpg 768w, https:\/\/denkmalpflege.tuwien.ac.at\/wp-content\/uploads\/2025\/10\/WiSe_2025_26_Themendiplom_Haus-Wittgenstein-700x916.jpg 700w\" sizes=\"(max-width: 783px) 100vw, 783px\" \/>\t\t\t\t\t\t\t\t<\/a>\n\t\t\t\t\t\t\t\t\t\t\t\t\t\t\t<\/div>\n\t\t\t\t<\/div>\n\t\t\t\t<div class=\"elementor-element elementor-element-ef2c266 elementor-widget elementor-widget-heading\" data-id=\"ef2c266\" data-element_type=\"widget\" data-widget_type=\"heading.default\">\n\t\t\t\t<div class=\"elementor-widget-container\">\n\t\t\t\t\t<h3 class=\"elementor-heading-title elementor-size-default\"><a href=\"https:\/\/denkmalpflege.tuwien.ac.at\/index.php\/lehre-2\/lva-wintersemester-2025-2026\/themendiplom-haus-wittgenstein-2\/\">HAUS WITTGENSTEIN - VIELF\u00c4LTIGE DIMENSIONEN ERFORSCHEN<\/a><\/h3>\t\t\t\t<\/div>\n\t\t\t\t<\/div>\n\t\t\t\t<div class=\"elementor-element elementor-element-dafcc38 elementor-widget elementor-widget-heading\" data-id=\"dafcc38\" data-element_type=\"widget\" data-widget_type=\"heading.default\">\n\t\t\t\t<div class=\"elementor-widget-container\">\n\t\t\t\t\t<h3 class=\"elementor-heading-title elementor-size-default\"><a href=\"https:\/\/denkmalpflege.tuwien.ac.at\/index.php\/lehre-2\/lva-wintersemester-2025-2026\/themendiplom-haus-wittgenstein-2\/\">Themendiplom \u2013 Heike Oevermann<\/a><\/h3>\t\t\t\t<\/div>\n\t\t\t\t<\/div>\n\t\t\t\t<div class=\"elementor-element elementor-element-ddb5763 elementor-widget elementor-widget-heading\" data-id=\"ddb5763\" data-element_type=\"widget\" data-widget_type=\"heading.default\">\n\t\t\t\t<div class=\"elementor-widget-container\">\n\t\t\t\t\t<h3 class=\"elementor-heading-title elementor-size-default\"><a href=\"https:\/\/denkmalpflege.tuwien.ac.at\/index.php\/lehre-2\/lva-wintersemester-2025-2026\/themendiplom-haus-wittgenstein-2\/\">251.258: SE 2.0h (3,0 ECTS)<\/a><\/h3>\t\t\t\t<\/div>\n\t\t\t\t<\/div>\n\t\t\t\t\t<\/div>\n\t\t<\/div>\n\t\t\t\t<div class=\"elementor-column elementor-col-33 elementor-inner-column elementor-element elementor-element-393482a\" data-id=\"393482a\" data-element_type=\"column\">\n\t\t\t<div class=\"elementor-widget-wrap elementor-element-populated\">\n\t\t\t\t\t\t<div class=\"elementor-element elementor-element-7132b7b elementor-widget elementor-widget-image\" data-id=\"7132b7b\" data-element_type=\"widget\" data-widget_type=\"image.default\">\n\t\t\t\t<div class=\"elementor-widget-container\">\n\t\t\t\t\t\t\t\t\t\t\t\t\t\t\t\t<a href=\"https:\/\/denkmalpflege.tuwien.ac.at\/index.php\/lehre-2\/lva-wintersemester-2025-2026\/seminar-wissenschaftliches-arbeiten-wise25-26\/\">\n\t\t\t\t\t\t\t<img loading=\"lazy\" decoding=\"async\" width=\"783\" height=\"1024\" src=\"https:\/\/denkmalpflege.tuwien.ac.at\/wp-content\/uploads\/2025\/10\/WiSe_2025_26_Seminar_Wiss.Arb_-783x1024.jpg\" class=\"attachment-large size-large wp-image-34832\" alt=\"\" srcset=\"https:\/\/denkmalpflege.tuwien.ac.at\/wp-content\/uploads\/2025\/10\/WiSe_2025_26_Seminar_Wiss.Arb_-783x1024.jpg 783w, https:\/\/denkmalpflege.tuwien.ac.at\/wp-content\/uploads\/2025\/10\/WiSe_2025_26_Seminar_Wiss.Arb_-229x300.jpg 229w, https:\/\/denkmalpflege.tuwien.ac.at\/wp-content\/uploads\/2025\/10\/WiSe_2025_26_Seminar_Wiss.Arb_-768x1005.jpg 768w, https:\/\/denkmalpflege.tuwien.ac.at\/wp-content\/uploads\/2025\/10\/WiSe_2025_26_Seminar_Wiss.Arb_-700x916.jpg 700w\" sizes=\"(max-width: 783px) 100vw, 783px\" \/>\t\t\t\t\t\t\t\t<\/a>\n\t\t\t\t\t\t\t\t\t\t\t\t\t\t\t<\/div>\n\t\t\t\t<\/div>\n\t\t\t\t<div class=\"elementor-element elementor-element-eafe045 elementor-widget elementor-widget-heading\" data-id=\"eafe045\" data-element_type=\"widget\" data-widget_type=\"heading.default\">\n\t\t\t\t<div class=\"elementor-widget-container\">\n\t\t\t\t\t<h3 class=\"elementor-heading-title elementor-size-default\"><a href=\"https:\/\/denkmalpflege.tuwien.ac.at\/index.php\/lehre-2\/lva-wintersemester-2025-2026\/seminar-wissenschaftliches-arbeiten-wise25-26\/\">WIssenschaftliches arbeiten<\/a><\/h3>\t\t\t\t<\/div>\n\t\t\t\t<\/div>\n\t\t\t\t<div class=\"elementor-element elementor-element-8cc581a elementor-widget elementor-widget-heading\" data-id=\"8cc581a\" data-element_type=\"widget\" data-widget_type=\"heading.default\">\n\t\t\t\t<div class=\"elementor-widget-container\">\n\t\t\t\t\t<h3 class=\"elementor-heading-title elementor-size-default\"><a href=\"https:\/\/denkmalpflege.tuwien.ac.at\/index.php\/lehre-2\/lva-wintersemester-2025-2026\/seminar-wissenschaftliches-arbeiten-wise25-26\/\">Seminar \u2013 Master<\/a><\/h3>\t\t\t\t<\/div>\n\t\t\t\t<\/div>\n\t\t\t\t<div class=\"elementor-element elementor-element-a74dfe2 elementor-widget elementor-widget-heading\" data-id=\"a74dfe2\" data-element_type=\"widget\" data-widget_type=\"heading.default\">\n\t\t\t\t<div class=\"elementor-widget-container\">\n\t\t\t\t\t<h3 class=\"elementor-heading-title elementor-size-default\"><a href=\"https:\/\/denkmalpflege.tuwien.ac.at\/index.php\/lehre-2\/lva-wintersemester-2025-2026\/seminar-wissenschaftliches-arbeiten-wise25-26\/\">251.255: SE 1.5h (2,0 ECTS)<\/a><\/h3>\t\t\t\t<\/div>\n\t\t\t\t<\/div>\n\t\t\t\t\t<\/div>\n\t\t<\/div>\n\t\t\t\t<div class=\"elementor-column elementor-col-33 elementor-inner-column elementor-element elementor-element-feb4521\" data-id=\"feb4521\" data-element_type=\"column\">\n\t\t\t<div class=\"elementor-widget-wrap\">\n\t\t\t\t\t\t\t<\/div>\n\t\t<\/div>\n\t\t\t\t\t<\/div>\n\t\t<\/section>\n\t\t\t\t\t<\/div>\n\t\t<\/div>\n\t\t\t\t\t<\/div>\n\t\t<\/section>\n\t\t\t\t<section class=\"elementor-section elementor-top-section elementor-element elementor-element-381533d elementor-section-full_width elementor-section-height-default elementor-section-height-default\" data-id=\"381533d\" data-element_type=\"section\" data-settings=\"{&quot;background_background&quot;:&quot;classic&quot;}\">\n\t\t\t\t\t\t<div class=\"elementor-container elementor-column-gap-default\">\n\t\t\t\t\t<div class=\"elementor-column elementor-col-100 elementor-top-column elementor-element elementor-element-39c6510\" data-id=\"39c6510\" data-element_type=\"column\">\n\t\t\t<div class=\"elementor-widget-wrap elementor-element-populated\">\n\t\t\t\t\t\t<div class=\"elementor-element elementor-element-6816d6e elementor-widget elementor-widget-heading\" data-id=\"6816d6e\" data-element_type=\"widget\" data-widget_type=\"heading.default\">\n\t\t\t\t<div class=\"elementor-widget-container\">\n\t\t\t\t\t<h1 class=\"elementor-heading-title elementor-size-default\"><a href=\"https:\/\/denkmalpflege.tuwien.ac.at\/index.php\/themenschwerpunkte\/\">THEMENSCHWERPUNKTE<\/a><\/h1>\t\t\t\t<\/div>\n\t\t\t\t<\/div>\n\t\t\t\t\t<\/div>\n\t\t<\/div>\n\t\t\t\t\t<\/div>\n\t\t<\/section>\n\t\t\t\t<section class=\"elementor-section elementor-top-section elementor-element elementor-element-3224414 elementor-section-full_width elementor-section-height-default elementor-section-height-default\" data-id=\"3224414\" data-element_type=\"section\" data-settings=\"{&quot;background_background&quot;:&quot;classic&quot;}\">\n\t\t\t\t\t\t<div class=\"elementor-container elementor-column-gap-default\">\n\t\t\t\t\t<div class=\"elementor-column elementor-col-20 elementor-top-column elementor-element elementor-element-9cef19f\" data-id=\"9cef19f\" data-element_type=\"column\" data-settings=\"{&quot;background_background&quot;:&quot;classic&quot;}\">\n\t\t\t<div class=\"elementor-widget-wrap elementor-element-populated\">\n\t\t\t\t\t\t<div class=\"elementor-element elementor-element-4afc47c elementor-widget elementor-widget-image\" data-id=\"4afc47c\" data-element_type=\"widget\" data-widget_type=\"image.default\">\n\t\t\t\t<div class=\"elementor-widget-container\">\n\t\t\t\t\t\t\t\t\t\t\t\t\t\t\t\t<a href=\"https:\/\/denkmalpflege.tuwien.ac.at\/index.php\/themenschwerpunkt-denkmalpflege-und-transformation\/\">\n\t\t\t\t\t\t\t<img loading=\"lazy\" decoding=\"async\" width=\"745\" height=\"1024\" src=\"https:\/\/denkmalpflege.tuwien.ac.at\/wp-content\/uploads\/2023\/10\/Denkmalpflege-und-Transformation-745x1024.jpg\" class=\"attachment-large size-large wp-image-27204\" alt=\"\" srcset=\"https:\/\/denkmalpflege.tuwien.ac.at\/wp-content\/uploads\/2023\/10\/Denkmalpflege-und-Transformation-745x1024.jpg 745w, https:\/\/denkmalpflege.tuwien.ac.at\/wp-content\/uploads\/2023\/10\/Denkmalpflege-und-Transformation-218x300.jpg 218w, https:\/\/denkmalpflege.tuwien.ac.at\/wp-content\/uploads\/2023\/10\/Denkmalpflege-und-Transformation-768x1056.jpg 768w, https:\/\/denkmalpflege.tuwien.ac.at\/wp-content\/uploads\/2023\/10\/Denkmalpflege-und-Transformation-1117x1536.jpg 1117w, https:\/\/denkmalpflege.tuwien.ac.at\/wp-content\/uploads\/2023\/10\/Denkmalpflege-und-Transformation-1489x2048.jpg 1489w, https:\/\/denkmalpflege.tuwien.ac.at\/wp-content\/uploads\/2023\/10\/Denkmalpflege-und-Transformation-700x963.jpg 700w, https:\/\/denkmalpflege.tuwien.ac.at\/wp-content\/uploads\/2023\/10\/Denkmalpflege-und-Transformation.jpg 1800w\" sizes=\"(max-width: 745px) 100vw, 745px\" \/>\t\t\t\t\t\t\t\t<\/a>\n\t\t\t\t\t\t\t\t\t\t\t\t\t\t\t<\/div>\n\t\t\t\t<\/div>\n\t\t\t\t<div class=\"elementor-element elementor-element-0b87f9b elementor-widget elementor-widget-heading\" data-id=\"0b87f9b\" data-element_type=\"widget\" data-widget_type=\"heading.default\">\n\t\t\t\t<div class=\"elementor-widget-container\">\n\t\t\t\t\t<h3 class=\"elementor-heading-title elementor-size-default\"><a href=\"https:\/\/denkmalpflege.tuwien.ac.at\/index.php\/themenschwerpunkt-denkmalpflege-und-transformation\/\">DENKMALPFLEGE UND TRANSFORMATION<\/a><\/h3>\t\t\t\t<\/div>\n\t\t\t\t<\/div>\n\t\t\t\t<div class=\"elementor-element elementor-element-679f564 elementor-widget elementor-widget-heading\" data-id=\"679f564\" data-element_type=\"widget\" data-widget_type=\"heading.default\">\n\t\t\t\t<div class=\"elementor-widget-container\">\n\t\t\t\t\t<h3 class=\"elementor-heading-title elementor-size-default\"><a href=\"https:\/\/denkmalpflege.tuwien.ac.at\/index.php\/themenschwerpunkt-denkmalpflege-und-transformation\/\">St\u00e4dtische und l\u00e4ndliche R\u00e4ume in Umbruchprozessen\n<\/a><\/h3>\t\t\t\t<\/div>\n\t\t\t\t<\/div>\n\t\t\t\t\t<\/div>\n\t\t<\/div>\n\t\t\t\t<div class=\"elementor-column elementor-col-20 elementor-top-column elementor-element elementor-element-9e108fe\" data-id=\"9e108fe\" data-element_type=\"column\" data-settings=\"{&quot;background_background&quot;:&quot;classic&quot;}\">\n\t\t\t<div class=\"elementor-widget-wrap elementor-element-populated\">\n\t\t\t\t\t\t<div class=\"elementor-element elementor-element-d193f85 elementor-widget elementor-widget-image\" data-id=\"d193f85\" data-element_type=\"widget\" data-widget_type=\"image.default\">\n\t\t\t\t<div class=\"elementor-widget-container\">\n\t\t\t\t\t\t\t\t\t\t\t\t\t\t\t\t<a href=\"https:\/\/denkmalpflege.tuwien.ac.at\/index.php\/themenschwerpunkt-bestand-als-ressource\/\">\n\t\t\t\t\t\t\t<img loading=\"lazy\" decoding=\"async\" width=\"745\" height=\"1024\" src=\"https:\/\/denkmalpflege.tuwien.ac.at\/wp-content\/uploads\/2023\/10\/Bestand-als-Ressource-745x1024.jpg\" class=\"attachment-large size-large wp-image-27202\" alt=\"\" srcset=\"https:\/\/denkmalpflege.tuwien.ac.at\/wp-content\/uploads\/2023\/10\/Bestand-als-Ressource-745x1024.jpg 745w, https:\/\/denkmalpflege.tuwien.ac.at\/wp-content\/uploads\/2023\/10\/Bestand-als-Ressource-218x300.jpg 218w, https:\/\/denkmalpflege.tuwien.ac.at\/wp-content\/uploads\/2023\/10\/Bestand-als-Ressource-768x1056.jpg 768w, https:\/\/denkmalpflege.tuwien.ac.at\/wp-content\/uploads\/2023\/10\/Bestand-als-Ressource-1117x1536.jpg 1117w, https:\/\/denkmalpflege.tuwien.ac.at\/wp-content\/uploads\/2023\/10\/Bestand-als-Ressource-1490x2048.jpg 1490w, https:\/\/denkmalpflege.tuwien.ac.at\/wp-content\/uploads\/2023\/10\/Bestand-als-Ressource-700x962.jpg 700w, https:\/\/denkmalpflege.tuwien.ac.at\/wp-content\/uploads\/2023\/10\/Bestand-als-Ressource-scaled.jpg 1862w\" sizes=\"(max-width: 745px) 100vw, 745px\" \/>\t\t\t\t\t\t\t\t<\/a>\n\t\t\t\t\t\t\t\t\t\t\t\t\t\t\t<\/div>\n\t\t\t\t<\/div>\n\t\t\t\t<div class=\"elementor-element elementor-element-598db42 elementor-widget elementor-widget-heading\" data-id=\"598db42\" data-element_type=\"widget\" data-widget_type=\"heading.default\">\n\t\t\t\t<div class=\"elementor-widget-container\">\n\t\t\t\t\t<h3 class=\"elementor-heading-title elementor-size-default\"><a href=\"https:\/\/denkmalpflege.tuwien.ac.at\/index.php\/themenschwerpunkt-bestand-als-ressource\/\">BESTAND ALS RESSOURCE<\/a><\/h3>\t\t\t\t<\/div>\n\t\t\t\t<\/div>\n\t\t\t\t<div class=\"elementor-element elementor-element-ea1c5ec elementor-widget elementor-widget-heading\" data-id=\"ea1c5ec\" data-element_type=\"widget\" data-widget_type=\"heading.default\">\n\t\t\t\t<div class=\"elementor-widget-container\">\n\t\t\t\t\t<h3 class=\"elementor-heading-title elementor-size-default\"><a href=\"https:\/\/denkmalpflege.tuwien.ac.at\/index.php\/themenschwerpunkt-bestand-als-ressource\/\">Potenziale und denkmalpflegerische Strategien im Umgang mit der Klimakrise<\/a><\/h3>\t\t\t\t<\/div>\n\t\t\t\t<\/div>\n\t\t\t\t\t<\/div>\n\t\t<\/div>\n\t\t\t\t<div class=\"elementor-column elementor-col-20 elementor-top-column elementor-element elementor-element-fc524c9\" data-id=\"fc524c9\" data-element_type=\"column\" data-settings=\"{&quot;background_background&quot;:&quot;classic&quot;}\">\n\t\t\t<div class=\"elementor-widget-wrap elementor-element-populated\">\n\t\t\t\t\t\t<div class=\"elementor-element elementor-element-9f54a91 elementor-widget elementor-widget-image\" data-id=\"9f54a91\" data-element_type=\"widget\" data-widget_type=\"image.default\">\n\t\t\t\t<div class=\"elementor-widget-container\">\n\t\t\t\t\t\t\t\t\t\t\t\t\t\t\t\t<a href=\"https:\/\/denkmalpflege.tuwien.ac.at\/index.php\/themenschwerpunkt-denkmale-der-moderne\/\">\n\t\t\t\t\t\t\t<img loading=\"lazy\" decoding=\"async\" width=\"745\" height=\"1024\" src=\"https:\/\/denkmalpflege.tuwien.ac.at\/wp-content\/uploads\/2023\/10\/Denkmale-der-Moderne-745x1024.jpg\" class=\"attachment-large size-large wp-image-27203\" alt=\"\" srcset=\"https:\/\/denkmalpflege.tuwien.ac.at\/wp-content\/uploads\/2023\/10\/Denkmale-der-Moderne-745x1024.jpg 745w, https:\/\/denkmalpflege.tuwien.ac.at\/wp-content\/uploads\/2023\/10\/Denkmale-der-Moderne-218x300.jpg 218w, https:\/\/denkmalpflege.tuwien.ac.at\/wp-content\/uploads\/2023\/10\/Denkmale-der-Moderne-768x1056.jpg 768w, https:\/\/denkmalpflege.tuwien.ac.at\/wp-content\/uploads\/2023\/10\/Denkmale-der-Moderne-1117x1536.jpg 1117w, https:\/\/denkmalpflege.tuwien.ac.at\/wp-content\/uploads\/2023\/10\/Denkmale-der-Moderne-1489x2048.jpg 1489w, https:\/\/denkmalpflege.tuwien.ac.at\/wp-content\/uploads\/2023\/10\/Denkmale-der-Moderne-700x963.jpg 700w, https:\/\/denkmalpflege.tuwien.ac.at\/wp-content\/uploads\/2023\/10\/Denkmale-der-Moderne-scaled.jpg 1862w\" sizes=\"(max-width: 745px) 100vw, 745px\" \/>\t\t\t\t\t\t\t\t<\/a>\n\t\t\t\t\t\t\t\t\t\t\t\t\t\t\t<\/div>\n\t\t\t\t<\/div>\n\t\t\t\t<div class=\"elementor-element elementor-element-2d20449 elementor-widget elementor-widget-heading\" data-id=\"2d20449\" data-element_type=\"widget\" data-widget_type=\"heading.default\">\n\t\t\t\t<div class=\"elementor-widget-container\">\n\t\t\t\t\t<h3 class=\"elementor-heading-title elementor-size-default\"><a href=\"https:\/\/denkmalpflege.tuwien.ac.at\/index.php\/themenschwerpunkt-denkmale-der-moderne\/\">DENKMALE DER MODERNE<\/a><\/h3>\t\t\t\t<\/div>\n\t\t\t\t<\/div>\n\t\t\t\t<div class=\"elementor-element elementor-element-3b33f31 elementor-widget elementor-widget-heading\" data-id=\"3b33f31\" data-element_type=\"widget\" data-widget_type=\"heading.default\">\n\t\t\t\t<div class=\"elementor-widget-container\">\n\t\t\t\t\t<h3 class=\"elementor-heading-title elementor-size-default\"><a href=\"https:\/\/denkmalpflege.tuwien.ac.at\/index.php\/themenschwerpunkt-denkmale-der-moderne\/\">Erfassung und Bewertung der Nachkriegsmoderne und j\u00fcngerer Zeitschichten<\/a><\/h3>\t\t\t\t<\/div>\n\t\t\t\t<\/div>\n\t\t\t\t\t<\/div>\n\t\t<\/div>\n\t\t\t\t<div class=\"elementor-column elementor-col-20 elementor-top-column elementor-element elementor-element-d5a3378\" data-id=\"d5a3378\" data-element_type=\"column\" data-settings=\"{&quot;background_background&quot;:&quot;classic&quot;}\">\n\t\t\t<div class=\"elementor-widget-wrap elementor-element-populated\">\n\t\t\t\t\t\t<div class=\"elementor-element elementor-element-28f7a38 elementor-widget elementor-widget-image\" data-id=\"28f7a38\" data-element_type=\"widget\" data-widget_type=\"image.default\">\n\t\t\t\t<div class=\"elementor-widget-container\">\n\t\t\t\t\t\t\t\t\t\t\t\t\t\t\t\t<a href=\"https:\/\/denkmalpflege.tuwien.ac.at\/index.php\/themenschwerpunkt-aneignung-kulturellen-erbes\/\">\n\t\t\t\t\t\t\t<img loading=\"lazy\" decoding=\"async\" width=\"745\" height=\"1024\" src=\"https:\/\/denkmalpflege.tuwien.ac.at\/wp-content\/uploads\/2023\/10\/Aneignung-kulturellen-Erbes-745x1024.jpg\" class=\"attachment-large size-large wp-image-27201\" alt=\"\" srcset=\"https:\/\/denkmalpflege.tuwien.ac.at\/wp-content\/uploads\/2023\/10\/Aneignung-kulturellen-Erbes-745x1024.jpg 745w, https:\/\/denkmalpflege.tuwien.ac.at\/wp-content\/uploads\/2023\/10\/Aneignung-kulturellen-Erbes-218x300.jpg 218w, https:\/\/denkmalpflege.tuwien.ac.at\/wp-content\/uploads\/2023\/10\/Aneignung-kulturellen-Erbes-768x1056.jpg 768w, https:\/\/denkmalpflege.tuwien.ac.at\/wp-content\/uploads\/2023\/10\/Aneignung-kulturellen-Erbes-1117x1536.jpg 1117w, https:\/\/denkmalpflege.tuwien.ac.at\/wp-content\/uploads\/2023\/10\/Aneignung-kulturellen-Erbes-1489x2048.jpg 1489w, https:\/\/denkmalpflege.tuwien.ac.at\/wp-content\/uploads\/2023\/10\/Aneignung-kulturellen-Erbes-700x963.jpg 700w, https:\/\/denkmalpflege.tuwien.ac.at\/wp-content\/uploads\/2023\/10\/Aneignung-kulturellen-Erbes-scaled.jpg 1862w\" sizes=\"(max-width: 745px) 100vw, 745px\" \/>\t\t\t\t\t\t\t\t<\/a>\n\t\t\t\t\t\t\t\t\t\t\t\t\t\t\t<\/div>\n\t\t\t\t<\/div>\n\t\t\t\t<div class=\"elementor-element elementor-element-59caef4 elementor-widget elementor-widget-heading\" data-id=\"59caef4\" data-element_type=\"widget\" data-widget_type=\"heading.default\">\n\t\t\t\t<div class=\"elementor-widget-container\">\n\t\t\t\t\t<h3 class=\"elementor-heading-title elementor-size-default\"><a href=\"https:\/\/denkmalpflege.tuwien.ac.at\/index.php\/themenschwerpunkt-aneignung-kulturellen-erbes\/\">ANEIGNUNG KULTURELLEN ERBES\n<\/a><\/h3>\t\t\t\t<\/div>\n\t\t\t\t<\/div>\n\t\t\t\t<div class=\"elementor-element elementor-element-c700af6 elementor-widget elementor-widget-heading\" data-id=\"c700af6\" data-element_type=\"widget\" data-widget_type=\"heading.default\">\n\t\t\t\t<div class=\"elementor-widget-container\">\n\t\t\t\t\t<h3 class=\"elementor-heading-title elementor-size-default\"><a href=\"https:\/\/denkmalpflege.tuwien.ac.at\/index.php\/themenschwerpunkt-aneignung-kulturellen-erbes\/\">Auseinandersetzung mit den Denkmalwerten in der Gegenwart <br \/>&nbsp;<\/a><\/h3>\t\t\t\t<\/div>\n\t\t\t\t<\/div>\n\t\t\t\t\t<\/div>\n\t\t<\/div>\n\t\t\t\t<div class=\"elementor-column elementor-col-20 elementor-top-column elementor-element elementor-element-8105183\" data-id=\"8105183\" data-element_type=\"column\" data-settings=\"{&quot;background_background&quot;:&quot;classic&quot;}\">\n\t\t\t<div class=\"elementor-widget-wrap elementor-element-populated\">\n\t\t\t\t\t\t<div class=\"elementor-element elementor-element-e738674 elementor-widget elementor-widget-image\" data-id=\"e738674\" data-element_type=\"widget\" data-widget_type=\"image.default\">\n\t\t\t\t<div class=\"elementor-widget-container\">\n\t\t\t\t\t\t\t\t\t\t\t\t\t\t\t\t<a href=\"https:\/\/denkmalpflege.tuwien.ac.at\/index.php\/themenschwerpunkt-wohnen-im-denkmal\/\">\n\t\t\t\t\t\t\t<img loading=\"lazy\" decoding=\"async\" width=\"745\" height=\"1024\" src=\"https:\/\/denkmalpflege.tuwien.ac.at\/wp-content\/uploads\/2023\/10\/Wohnen-im-Denkmal-745x1024.jpg\" class=\"attachment-large size-large wp-image-27205\" alt=\"\" srcset=\"https:\/\/denkmalpflege.tuwien.ac.at\/wp-content\/uploads\/2023\/10\/Wohnen-im-Denkmal-745x1024.jpg 745w, https:\/\/denkmalpflege.tuwien.ac.at\/wp-content\/uploads\/2023\/10\/Wohnen-im-Denkmal-218x300.jpg 218w, https:\/\/denkmalpflege.tuwien.ac.at\/wp-content\/uploads\/2023\/10\/Wohnen-im-Denkmal-768x1056.jpg 768w, https:\/\/denkmalpflege.tuwien.ac.at\/wp-content\/uploads\/2023\/10\/Wohnen-im-Denkmal-1117x1536.jpg 1117w, https:\/\/denkmalpflege.tuwien.ac.at\/wp-content\/uploads\/2023\/10\/Wohnen-im-Denkmal-1489x2048.jpg 1489w, https:\/\/denkmalpflege.tuwien.ac.at\/wp-content\/uploads\/2023\/10\/Wohnen-im-Denkmal-700x963.jpg 700w, https:\/\/denkmalpflege.tuwien.ac.at\/wp-content\/uploads\/2023\/10\/Wohnen-im-Denkmal-scaled.jpg 1862w\" sizes=\"(max-width: 745px) 100vw, 745px\" \/>\t\t\t\t\t\t\t\t<\/a>\n\t\t\t\t\t\t\t\t\t\t\t\t\t\t\t<\/div>\n\t\t\t\t<\/div>\n\t\t\t\t<div class=\"elementor-element elementor-element-5066326 elementor-widget elementor-widget-heading\" data-id=\"5066326\" data-element_type=\"widget\" data-widget_type=\"heading.default\">\n\t\t\t\t<div class=\"elementor-widget-container\">\n\t\t\t\t\t<h3 class=\"elementor-heading-title elementor-size-default\"><a href=\"https:\/\/denkmalpflege.tuwien.ac.at\/index.php\/themenschwerpunkt-wohnen-im-denkmal\/\">WOHNEN IM DENKMAL<\/a><\/h3>\t\t\t\t<\/div>\n\t\t\t\t<\/div>\n\t\t\t\t<div class=\"elementor-element elementor-element-e39020a elementor-widget elementor-widget-heading\" data-id=\"e39020a\" data-element_type=\"widget\" data-widget_type=\"heading.default\">\n\t\t\t\t<div class=\"elementor-widget-container\">\n\t\t\t\t\t<h3 class=\"elementor-heading-title elementor-size-default\"><a href=\"https:\/\/denkmalpflege.tuwien.ac.at\/index.php\/themenschwerpunkt-wohnen-im-denkmal\/\">Partizipation, Wertzuschreibungen und Instrumente der Denkmalpflege f\u00fcr Wohnbauten, Siedlungen und Quartiere<\/a><\/h3>\t\t\t\t<\/div>\n\t\t\t\t<\/div>\n\t\t\t\t\t<\/div>\n\t\t<\/div>\n\t\t\t\t\t<\/div>\n\t\t<\/section>\n\t\t\t\t<section class=\"elementor-section elementor-top-section elementor-element elementor-element-56af2d8 elementor-section-full_width elementor-section-height-default elementor-section-height-default\" data-id=\"56af2d8\" data-element_type=\"section\" data-settings=\"{&quot;background_background&quot;:&quot;classic&quot;}\">\n\t\t\t\t\t\t<div class=\"elementor-container elementor-column-gap-default\">\n\t\t\t\t\t<div class=\"elementor-column elementor-col-100 elementor-top-column elementor-element elementor-element-03b2aab\" data-id=\"03b2aab\" data-element_type=\"column\">\n\t\t\t<div class=\"elementor-widget-wrap elementor-element-populated\">\n\t\t\t\t\t\t<div class=\"elementor-element elementor-element-a43d15e elementor-widget elementor-widget-heading\" data-id=\"a43d15e\" data-element_type=\"widget\" data-widget_type=\"heading.default\">\n\t\t\t\t<div class=\"elementor-widget-container\">\n\t\t\t\t\t<h1 class=\"elementor-heading-title elementor-size-default\"><a href=\"https:\/\/denkmalpflege.tuwien.ac.at\/index.php\/forschung\/forschungsprojekte\/\">LAUFENDE FORSCHUNGSPROJEKTE<\/a><\/h1>\t\t\t\t<\/div>\n\t\t\t\t<\/div>\n\t\t\t\t\t<\/div>\n\t\t<\/div>\n\t\t\t\t\t<\/div>\n\t\t<\/section>\n\t\t\t\t<section class=\"elementor-section elementor-top-section elementor-element elementor-element-a6063fc elementor-section-full_width elementor-section-height-default elementor-section-height-default\" data-id=\"a6063fc\" data-element_type=\"section\">\n\t\t\t\t\t\t<div class=\"elementor-container elementor-column-gap-default\">\n\t\t\t\t\t<div class=\"elementor-column elementor-col-100 elementor-top-column elementor-element elementor-element-bc8727e\" data-id=\"bc8727e\" data-element_type=\"column\">\n\t\t\t<div class=\"elementor-widget-wrap elementor-element-populated\">\n\t\t\t\t\t\t<section class=\"elementor-section elementor-inner-section elementor-element elementor-element-b3fa8b5 elementor-section-full_width elementor-section-height-default elementor-section-height-default\" data-id=\"b3fa8b5\" data-element_type=\"section\">\n\t\t\t\t\t\t<div class=\"elementor-container elementor-column-gap-default\">\n\t\t\t\t\t<div class=\"elementor-column elementor-col-33 elementor-inner-column elementor-element elementor-element-bd5d336\" data-id=\"bd5d336\" data-element_type=\"column\">\n\t\t\t<div class=\"elementor-widget-wrap elementor-element-populated\">\n\t\t\t\t\t\t<div class=\"elementor-element elementor-element-f4dacdf elementor-widget elementor-widget-image\" data-id=\"f4dacdf\" data-element_type=\"widget\" data-widget_type=\"image.default\">\n\t\t\t\t<div class=\"elementor-widget-container\">\n\t\t\t\t\t\t\t\t\t\t\t\t\t\t\t\t<a href=\"https:\/\/denkmalpflege.tuwien.ac.at\/index.php\/spinnerei-gisingen\/\">\n\t\t\t\t\t\t\t<img loading=\"lazy\" decoding=\"async\" width=\"853\" height=\"1024\" src=\"https:\/\/denkmalpflege.tuwien.ac.at\/wp-content\/uploads\/2026\/02\/kachel_halle.jpg\" class=\"attachment-large size-large wp-image-35849\" alt=\"\" \/>\t\t\t\t\t\t\t\t<\/a>\n\t\t\t\t\t\t\t\t\t\t\t\t\t\t\t<\/div>\n\t\t\t\t<\/div>\n\t\t\t\t<div class=\"elementor-element elementor-element-1730f2b elementor-widget elementor-widget-heading\" data-id=\"1730f2b\" data-element_type=\"widget\" data-widget_type=\"heading.default\">\n\t\t\t\t<div class=\"elementor-widget-container\">\n\t\t\t\t\t<h3 class=\"elementor-heading-title elementor-size-default\"><a href=\"https:\/\/denkmalpflege.tuwien.ac.at\/index.php\/spinnerei-gisingen\/\">spinnerei gisingen<\/a><\/h3>\t\t\t\t<\/div>\n\t\t\t\t<\/div>\n\t\t\t\t<div class=\"elementor-element elementor-element-8d9ce4d elementor-widget elementor-widget-heading\" data-id=\"8d9ce4d\" data-element_type=\"widget\" data-widget_type=\"heading.default\">\n\t\t\t\t<div class=\"elementor-widget-container\">\n\t\t\t\t\t<h3 class=\"elementor-heading-title elementor-size-default\"><a href=\"https:\/\/denkmalpflege.tuwien.ac.at\/index.php\/spinnerei-gisingen\/\">Integrale Projektentwicklung f\u00fcr nachhaltige Baukultur<\/a><\/h3>\t\t\t\t<\/div>\n\t\t\t\t<\/div>\n\t\t\t\t<div class=\"elementor-element elementor-element-9f7ec00 elementor-widget elementor-widget-heading\" data-id=\"9f7ec00\" data-element_type=\"widget\" data-widget_type=\"heading.default\">\n\t\t\t\t<div class=\"elementor-widget-container\">\n\t\t\t\t\t<h3 class=\"elementor-heading-title elementor-size-default\"><a href=\"https:\/\/denkmalpflege.tuwien.ac.at\/index.php\/spinnerei-gisingen\/\">2025 - present\n\n<\/a><\/h3>\t\t\t\t<\/div>\n\t\t\t\t<\/div>\n\t\t\t\t<div class=\"elementor-element elementor-element-28761 elementor-button-info elementor-align-left elementor-widget elementor-widget-button\" data-id=\"28761\" data-element_type=\"widget\" data-widget_type=\"button.default\">\n\t\t\t\t<div class=\"elementor-widget-container\">\n\t\t\t\t\t\t\t\t\t<div class=\"elementor-button-wrapper\">\n\t\t\t\t\t<a class=\"elementor-button elementor-button-link elementor-size-sm\" href=\"https:\/\/denkmalpflege.tuwien.ac.at\/index.php\/themenschwerpunkt-denkmalpflege-und-transformation\/\">\n\t\t\t\t\t\t<span class=\"elementor-button-content-wrapper\">\n\t\t\t\t\t\t\t\t\t<span class=\"elementor-button-text\">\/\/  Denkmalpflege und Transformation<\/span>\n\t\t\t\t\t<\/span>\n\t\t\t\t\t<\/a>\n\t\t\t\t<\/div>\n\t\t\t\t\t\t\t\t<\/div>\n\t\t\t\t<\/div>\n\t\t\t\t<div class=\"elementor-element elementor-element-28793 elementor-button-info elementor-align-left elementor-widget elementor-widget-button\" data-id=\"28793\" data-element_type=\"widget\" data-widget_type=\"button.default\">\n\t\t\t\t<div class=\"elementor-widget-container\">\n\t\t\t\t\t\t\t\t\t<div class=\"elementor-button-wrapper\">\n\t\t\t\t\t<a class=\"elementor-button elementor-button-link elementor-size-sm\" href=\"https:\/\/denkmalpflege.tuwien.ac.at\/index.php\/themenschwerpunkt-bestand-als-ressource\/\">\n\t\t\t\t\t\t<span class=\"elementor-button-content-wrapper\">\n\t\t\t\t\t\t\t\t\t<span class=\"elementor-button-text\">\/\/ Bestand als Ressource<\/span>\n\t\t\t\t\t<\/span>\n\t\t\t\t\t<\/a>\n\t\t\t\t<\/div>\n\t\t\t\t\t\t\t\t<\/div>\n\t\t\t\t<\/div>\n\t\t\t\t\t<\/div>\n\t\t<\/div>\n\t\t\t\t<div class=\"elementor-column elementor-col-33 elementor-inner-column elementor-element elementor-element-a024bc8\" data-id=\"a024bc8\" data-element_type=\"column\">\n\t\t\t<div class=\"elementor-widget-wrap elementor-element-populated\">\n\t\t\t\t\t\t<div class=\"elementor-element elementor-element-f31e862 elementor-widget elementor-widget-image\" data-id=\"f31e862\" data-element_type=\"widget\" data-widget_type=\"image.default\">\n\t\t\t\t<div class=\"elementor-widget-container\">\n\t\t\t\t\t\t\t\t\t\t\t\t\t\t\t\t<a href=\"https:\/\/denkmalpflege.tuwien.ac.at\/index.php\/forschungsprojekt-reviewing-industrial-heritage-of-nasserist-egypt\/\">\n\t\t\t\t\t\t\t<img loading=\"lazy\" decoding=\"async\" width=\"854\" height=\"1024\" src=\"https:\/\/denkmalpflege.tuwien.ac.at\/wp-content\/uploads\/2025\/04\/Forschungsprojekt-Egypt_titelbild-854x1024.jpg\" class=\"attachment-large size-large wp-image-33693\" alt=\"\" srcset=\"https:\/\/denkmalpflege.tuwien.ac.at\/wp-content\/uploads\/2025\/04\/Forschungsprojekt-Egypt_titelbild-854x1024.jpg 854w, https:\/\/denkmalpflege.tuwien.ac.at\/wp-content\/uploads\/2025\/04\/Forschungsprojekt-Egypt_titelbild-250x300.jpg 250w, https:\/\/denkmalpflege.tuwien.ac.at\/wp-content\/uploads\/2025\/04\/Forschungsprojekt-Egypt_titelbild-768x921.jpg 768w, https:\/\/denkmalpflege.tuwien.ac.at\/wp-content\/uploads\/2025\/04\/Forschungsprojekt-Egypt_titelbild-1280x1536.jpg 1280w, https:\/\/denkmalpflege.tuwien.ac.at\/wp-content\/uploads\/2025\/04\/Forschungsprojekt-Egypt_titelbild-1707x2048.jpg 1707w, https:\/\/denkmalpflege.tuwien.ac.at\/wp-content\/uploads\/2025\/04\/Forschungsprojekt-Egypt_titelbild-700x840.jpg 700w\" sizes=\"(max-width: 854px) 100vw, 854px\" \/>\t\t\t\t\t\t\t\t<\/a>\n\t\t\t\t\t\t\t\t\t\t\t\t\t\t\t<\/div>\n\t\t\t\t<\/div>\n\t\t\t\t<div class=\"elementor-element elementor-element-b00688b elementor-widget elementor-widget-heading\" data-id=\"b00688b\" data-element_type=\"widget\" data-widget_type=\"heading.default\">\n\t\t\t\t<div class=\"elementor-widget-container\">\n\t\t\t\t\t<h3 class=\"elementor-heading-title elementor-size-default\"><a href=\"https:\/\/denkmalpflege.tuwien.ac.at\/index.php\/forschungsprojekt-reviewing-industrial-heritage-of-nasserist-egypt\/\">Modern Industrial Heritage in Egypt <br><\/a><\/h3>\t\t\t\t<\/div>\n\t\t\t\t<\/div>\n\t\t\t\t<div class=\"elementor-element elementor-element-3b26030 elementor-widget elementor-widget-heading\" data-id=\"3b26030\" data-element_type=\"widget\" data-widget_type=\"heading.default\">\n\t\t\t\t<div class=\"elementor-widget-container\">\n\t\t\t\t\t<h3 class=\"elementor-heading-title elementor-size-default\"><a href=\"https:\/\/denkmalpflege.tuwien.ac.at\/index.php\/forschungsprojekt-reviewing-industrial-heritage-of-nasserist-egypt\/\">Industrial Sector De-Colonized\u2026Re-Colonized? <br>\nReviewing Industrial Heritage of Nasserist Egypt<\/a><\/h3>\t\t\t\t<\/div>\n\t\t\t\t<\/div>\n\t\t\t\t<div class=\"elementor-element elementor-element-b8b9dcb elementor-widget elementor-widget-heading\" data-id=\"b8b9dcb\" data-element_type=\"widget\" data-widget_type=\"heading.default\">\n\t\t\t\t<div class=\"elementor-widget-container\">\n\t\t\t\t\t<h3 class=\"elementor-heading-title elementor-size-default\"><a href=\"https:\/\/denkmalpflege.tuwien.ac.at\/index.php\/stummes-erbe\/\">2025 - present\n\n<\/a><\/h3>\t\t\t\t<\/div>\n\t\t\t\t<\/div>\n\t\t\t\t\t<\/div>\n\t\t<\/div>\n\t\t\t\t<div class=\"elementor-column elementor-col-33 elementor-inner-column elementor-element elementor-element-d2702d7\" data-id=\"d2702d7\" data-element_type=\"column\">\n\t\t\t<div class=\"elementor-widget-wrap elementor-element-populated\">\n\t\t\t\t\t\t<div class=\"elementor-element elementor-element-1dc1e91 elementor-widget elementor-widget-image\" data-id=\"1dc1e91\" data-element_type=\"widget\" data-widget_type=\"image.default\">\n\t\t\t\t<div class=\"elementor-widget-container\">\n\t\t\t\t\t\t\t\t\t\t\t\t\t\t\t\t<a href=\"https:\/\/denkmalpflege.tuwien.ac.at\/index.php\/stummes-erbe\/\">\n\t\t\t\t\t\t\t<img loading=\"lazy\" decoding=\"async\" width=\"853\" height=\"1024\" src=\"https:\/\/denkmalpflege.tuwien.ac.at\/wp-content\/uploads\/2024\/10\/Stummes-Erbe-Kachel-853x1024.jpg\" class=\"attachment-large size-large wp-image-31900\" alt=\"\" srcset=\"https:\/\/denkmalpflege.tuwien.ac.at\/wp-content\/uploads\/2024\/10\/Stummes-Erbe-Kachel-853x1024.jpg 853w, https:\/\/denkmalpflege.tuwien.ac.at\/wp-content\/uploads\/2024\/10\/Stummes-Erbe-Kachel-250x300.jpg 250w, https:\/\/denkmalpflege.tuwien.ac.at\/wp-content\/uploads\/2024\/10\/Stummes-Erbe-Kachel-768x922.jpg 768w, https:\/\/denkmalpflege.tuwien.ac.at\/wp-content\/uploads\/2024\/10\/Stummes-Erbe-Kachel-700x840.jpg 700w, https:\/\/denkmalpflege.tuwien.ac.at\/wp-content\/uploads\/2024\/10\/Stummes-Erbe-Kachel.jpg 935w\" sizes=\"(max-width: 853px) 100vw, 853px\" \/>\t\t\t\t\t\t\t\t<\/a>\n\t\t\t\t\t\t\t\t\t\t\t\t\t\t\t<\/div>\n\t\t\t\t<\/div>\n\t\t\t\t<div class=\"elementor-element elementor-element-9e2d1ed elementor-widget elementor-widget-heading\" data-id=\"9e2d1ed\" data-element_type=\"widget\" data-widget_type=\"heading.default\">\n\t\t\t\t<div class=\"elementor-widget-container\">\n\t\t\t\t\t<h3 class=\"elementor-heading-title elementor-size-default\"><a href=\"https:\/\/denkmalpflege.tuwien.ac.at\/index.php\/stummes-erbe\/\">STUMMES ERBE <br><\/a><\/h3>\t\t\t\t<\/div>\n\t\t\t\t<\/div>\n\t\t\t\t<div class=\"elementor-element elementor-element-57cbc9d elementor-widget elementor-widget-heading\" data-id=\"57cbc9d\" data-element_type=\"widget\" data-widget_type=\"heading.default\">\n\t\t\t\t<div class=\"elementor-widget-container\">\n\t\t\t\t\t<h3 class=\"elementor-heading-title elementor-size-default\"><a href=\"https:\/\/denkmalpflege.tuwien.ac.at\/index.php\/stummes-erbe\/\">Queerfeministische Bestandspflege tabuisierter Orte<\/a><\/h3>\t\t\t\t<\/div>\n\t\t\t\t<\/div>\n\t\t\t\t<div class=\"elementor-element elementor-element-56cbc22 elementor-widget elementor-widget-heading\" data-id=\"56cbc22\" data-element_type=\"widget\" data-widget_type=\"heading.default\">\n\t\t\t\t<div class=\"elementor-widget-container\">\n\t\t\t\t\t<h3 class=\"elementor-heading-title elementor-size-default\"><a href=\"https:\/\/denkmalpflege.tuwien.ac.at\/index.php\/stummes-erbe\/\">2024 - 2025\n\n<\/a><\/h3>\t\t\t\t<\/div>\n\t\t\t\t<\/div>\n\t\t\t\t<div class=\"elementor-element elementor-element-36ec6f4 elementor-button-info elementor-align-left elementor-widget elementor-widget-button\" data-id=\"36ec6f4\" data-element_type=\"widget\" data-widget_type=\"button.default\">\n\t\t\t\t<div class=\"elementor-widget-container\">\n\t\t\t\t\t\t\t\t\t<div class=\"elementor-button-wrapper\">\n\t\t\t\t\t<a class=\"elementor-button elementor-button-link elementor-size-sm\" href=\"https:\/\/denkmalpflege.tuwien.ac.at\/index.php\/themenschwerpunkt-aneignung-kulturellen-erbes\/\">\n\t\t\t\t\t\t<span class=\"elementor-button-content-wrapper\">\n\t\t\t\t\t\t\t\t\t<span class=\"elementor-button-text\">\/\/ Aneignung kulturellen Erbes<\/span>\n\t\t\t\t\t<\/span>\n\t\t\t\t\t<\/a>\n\t\t\t\t<\/div>\n\t\t\t\t\t\t\t\t<\/div>\n\t\t\t\t<\/div>\n\t\t\t\t<div class=\"elementor-element elementor-element-0585d6c elementor-button-info elementor-align-left elementor-widget elementor-widget-button\" data-id=\"0585d6c\" data-element_type=\"widget\" data-widget_type=\"button.default\">\n\t\t\t\t<div class=\"elementor-widget-container\">\n\t\t\t\t\t\t\t\t\t<div class=\"elementor-button-wrapper\">\n\t\t\t\t\t<a class=\"elementor-button elementor-button-link elementor-size-sm\" href=\"https:\/\/denkmalpflege.tuwien.ac.at\/index.php\/themenschwerpunkt-bestand-als-ressource\/\">\n\t\t\t\t\t\t<span class=\"elementor-button-content-wrapper\">\n\t\t\t\t\t\t\t\t\t<span class=\"elementor-button-text\">\/\/ Bestand als Ressource<\/span>\n\t\t\t\t\t<\/span>\n\t\t\t\t\t<\/a>\n\t\t\t\t<\/div>\n\t\t\t\t\t\t\t\t<\/div>\n\t\t\t\t<\/div>\n\t\t\t\t\t<\/div>\n\t\t<\/div>\n\t\t\t\t\t<\/div>\n\t\t<\/section>\n\t\t\t\t<section class=\"elementor-section elementor-inner-section elementor-element elementor-element-e6d14bb elementor-section-full_width elementor-section-height-default elementor-section-height-default\" data-id=\"e6d14bb\" data-element_type=\"section\">\n\t\t\t\t\t\t<div class=\"elementor-container elementor-column-gap-default\">\n\t\t\t\t\t<div class=\"elementor-column elementor-col-33 elementor-inner-column elementor-element elementor-element-5cfa4cc\" data-id=\"5cfa4cc\" data-element_type=\"column\">\n\t\t\t<div class=\"elementor-widget-wrap elementor-element-populated\">\n\t\t\t\t\t\t<div class=\"elementor-element elementor-element-16856af elementor-widget elementor-widget-image\" data-id=\"16856af\" data-element_type=\"widget\" data-widget_type=\"image.default\">\n\t\t\t\t<div class=\"elementor-widget-container\">\n\t\t\t\t\t\t\t\t\t\t\t\t\t\t\t\t<a href=\"https:\/\/denkmalpflege.tuwien.ac.at\/?page_id=25512\">\n\t\t\t\t\t\t\t<img loading=\"lazy\" decoding=\"async\" width=\"853\" height=\"1024\" src=\"https:\/\/denkmalpflege.tuwien.ac.at\/wp-content\/uploads\/2023\/03\/Forshungsprojekt-WiD-Titelbild-853x1024.png\" class=\"attachment-large size-large wp-image-25523\" alt=\"\" srcset=\"https:\/\/denkmalpflege.tuwien.ac.at\/wp-content\/uploads\/2023\/03\/Forshungsprojekt-WiD-Titelbild-853x1024.png 853w, https:\/\/denkmalpflege.tuwien.ac.at\/wp-content\/uploads\/2023\/03\/Forshungsprojekt-WiD-Titelbild-250x300.png 250w, https:\/\/denkmalpflege.tuwien.ac.at\/wp-content\/uploads\/2023\/03\/Forshungsprojekt-WiD-Titelbild-768x921.png 768w, https:\/\/denkmalpflege.tuwien.ac.at\/wp-content\/uploads\/2023\/03\/Forshungsprojekt-WiD-Titelbild-1280x1536.png 1280w, https:\/\/denkmalpflege.tuwien.ac.at\/wp-content\/uploads\/2023\/03\/Forshungsprojekt-WiD-Titelbild-1707x2048.png 1707w, https:\/\/denkmalpflege.tuwien.ac.at\/wp-content\/uploads\/2023\/03\/Forshungsprojekt-WiD-Titelbild-700x840.png 700w\" sizes=\"(max-width: 853px) 100vw, 853px\" \/>\t\t\t\t\t\t\t\t<\/a>\n\t\t\t\t\t\t\t\t\t\t\t\t\t\t\t<\/div>\n\t\t\t\t<\/div>\n\t\t\t\t<div class=\"elementor-element elementor-element-5f09833 elementor-widget elementor-widget-heading\" data-id=\"5f09833\" data-element_type=\"widget\" data-widget_type=\"heading.default\">\n\t\t\t\t<div class=\"elementor-widget-container\">\n\t\t\t\t\t<h3 class=\"elementor-heading-title elementor-size-default\"><a href=\"https:\/\/denkmalpflege.tuwien.ac.at\/?page_id=25512\">Wohnen im Denkmal <br><\/a><\/h3>\t\t\t\t<\/div>\n\t\t\t\t<\/div>\n\t\t\t\t<div class=\"elementor-element elementor-element-0d7f337 elementor-widget elementor-widget-heading\" data-id=\"0d7f337\" data-element_type=\"widget\" data-widget_type=\"heading.default\">\n\t\t\t\t<div class=\"elementor-widget-container\">\n\t\t\t\t\t<h3 class=\"elementor-heading-title elementor-size-default\"><a href=\"https:\/\/denkmalpflege.tuwien.ac.at\/?page_id=25512\">Erhaltung und Gestaltung von denkmalgesch\u00fctzten baulichen Realisierungen zentraler Wohnkonzepte des 20. Jahrhunderts <\/a><\/h3>\t\t\t\t<\/div>\n\t\t\t\t<\/div>\n\t\t\t\t<div class=\"elementor-element elementor-element-99ecffd elementor-widget elementor-widget-heading\" data-id=\"99ecffd\" data-element_type=\"widget\" data-widget_type=\"heading.default\">\n\t\t\t\t<div class=\"elementor-widget-container\">\n\t\t\t\t\t<h3 class=\"elementor-heading-title elementor-size-default\"><a href=\"https:\/\/denkmalpflege.tuwien.ac.at\/?page_id=25512\">2023 - laufend\n\n<\/a><\/h3>\t\t\t\t<\/div>\n\t\t\t\t<\/div>\n\t\t\t\t<div class=\"elementor-element elementor-element-a3c1fc2 elementor-button-info elementor-align-left elementor-widget elementor-widget-button\" data-id=\"a3c1fc2\" data-element_type=\"widget\" data-widget_type=\"button.default\">\n\t\t\t\t<div class=\"elementor-widget-container\">\n\t\t\t\t\t\t\t\t\t<div class=\"elementor-button-wrapper\">\n\t\t\t\t\t<a class=\"elementor-button elementor-button-link elementor-size-sm\" href=\"https:\/\/denkmalpflege.tuwien.ac.at\/index.php\/themenschwerpunkt-wohnen-im-denkmal\/\">\n\t\t\t\t\t\t<span class=\"elementor-button-content-wrapper\">\n\t\t\t\t\t\t\t\t\t<span class=\"elementor-button-text\">\/\/ Wohnen im Denkmal<\/span>\n\t\t\t\t\t<\/span>\n\t\t\t\t\t<\/a>\n\t\t\t\t<\/div>\n\t\t\t\t\t\t\t\t<\/div>\n\t\t\t\t<\/div>\n\t\t\t\t\t<\/div>\n\t\t<\/div>\n\t\t\t\t<div class=\"elementor-column elementor-col-33 elementor-inner-column elementor-element elementor-element-7fc5460\" data-id=\"7fc5460\" data-element_type=\"column\">\n\t\t\t<div class=\"elementor-widget-wrap elementor-element-populated\">\n\t\t\t\t\t\t<div class=\"elementor-element elementor-element-40afedf elementor-widget elementor-widget-image\" data-id=\"40afedf\" data-element_type=\"widget\" data-widget_type=\"image.default\">\n\t\t\t\t<div class=\"elementor-widget-container\">\n\t\t\t\t\t\t\t\t\t\t\t\t\t\t\t\t<a href=\"https:\/\/denkmalpflege.tuwien.ac.at\/index.php\/werkstatt-architekturforschung\/\">\n\t\t\t\t\t\t\t<img loading=\"lazy\" decoding=\"async\" width=\"853\" height=\"1024\" src=\"https:\/\/denkmalpflege.tuwien.ac.at\/wp-content\/uploads\/2024\/11\/Werkstatt-Architekturforschung-ws24_25-853x1024.jpg\" class=\"attachment-large size-large wp-image-32490\" alt=\"\" srcset=\"https:\/\/denkmalpflege.tuwien.ac.at\/wp-content\/uploads\/2024\/11\/Werkstatt-Architekturforschung-ws24_25-853x1024.jpg 853w, https:\/\/denkmalpflege.tuwien.ac.at\/wp-content\/uploads\/2024\/11\/Werkstatt-Architekturforschung-ws24_25-250x300.jpg 250w, https:\/\/denkmalpflege.tuwien.ac.at\/wp-content\/uploads\/2024\/11\/Werkstatt-Architekturforschung-ws24_25-768x922.jpg 768w, https:\/\/denkmalpflege.tuwien.ac.at\/wp-content\/uploads\/2024\/11\/Werkstatt-Architekturforschung-ws24_25-700x840.jpg 700w, https:\/\/denkmalpflege.tuwien.ac.at\/wp-content\/uploads\/2024\/11\/Werkstatt-Architekturforschung-ws24_25.jpg 935w\" sizes=\"(max-width: 853px) 100vw, 853px\" \/>\t\t\t\t\t\t\t\t<\/a>\n\t\t\t\t\t\t\t\t\t\t\t\t\t\t\t<\/div>\n\t\t\t\t<\/div>\n\t\t\t\t<div class=\"elementor-element elementor-element-5251fed elementor-widget elementor-widget-heading\" data-id=\"5251fed\" data-element_type=\"widget\" data-widget_type=\"heading.default\">\n\t\t\t\t<div class=\"elementor-widget-container\">\n\t\t\t\t\t<h3 class=\"elementor-heading-title elementor-size-default\"><a href=\"https:\/\/denkmalpflege.tuwien.ac.at\/index.php\/werkstatt-architekturforschung\/\">WERKSTATT ARCHITEKTURFORSCHUNG <br><\/a><\/h3>\t\t\t\t<\/div>\n\t\t\t\t<\/div>\n\t\t\t\t<div class=\"elementor-element elementor-element-323e5c3 elementor-widget elementor-widget-heading\" data-id=\"323e5c3\" data-element_type=\"widget\" data-widget_type=\"heading.default\">\n\t\t\t\t<div class=\"elementor-widget-container\">\n\t\t\t\t\t<h3 class=\"elementor-heading-title elementor-size-default\"><a href=\"https:\/\/denkmalpflege.tuwien.ac.at\/index.php\/werkstatt-architekturforschung\/\">Vortragsreihe mit Werkstattgespr\u00e4chen<\/a><\/h3>\t\t\t\t<\/div>\n\t\t\t\t<\/div>\n\t\t\t\t<div class=\"elementor-element elementor-element-d759a21 elementor-widget elementor-widget-heading\" data-id=\"d759a21\" data-element_type=\"widget\" data-widget_type=\"heading.default\">\n\t\t\t\t<div class=\"elementor-widget-container\">\n\t\t\t\t\t<h3 class=\"elementor-heading-title elementor-size-default\"><a href=\"https:\/\/denkmalpflege.tuwien.ac.at\/index.php\/werkstatt-architekturforschung\/\">2023 - laufend\n\n<\/a><\/h3>\t\t\t\t<\/div>\n\t\t\t\t<\/div>\n\t\t\t\t\t<\/div>\n\t\t<\/div>\n\t\t\t\t<div class=\"elementor-column elementor-col-33 elementor-inner-column elementor-element elementor-element-a19cdaa\" data-id=\"a19cdaa\" data-element_type=\"column\">\n\t\t\t<div class=\"elementor-widget-wrap elementor-element-populated\">\n\t\t\t\t\t\t<div class=\"elementor-element elementor-element-a3d8b06 elementor-widget elementor-widget-image\" data-id=\"a3d8b06\" data-element_type=\"widget\" data-widget_type=\"image.default\">\n\t\t\t\t<div class=\"elementor-widget-container\">\n\t\t\t\t\t\t\t\t\t\t\t\t\t\t\t\t<a href=\"https:\/\/denkmalpflege.tuwien.ac.at\/index.php\/baukultur-in-der-bauwende\/\">\n\t\t\t\t\t\t\t<img loading=\"lazy\" decoding=\"async\" width=\"854\" height=\"1024\" src=\"https:\/\/denkmalpflege.tuwien.ac.at\/wp-content\/uploads\/2024\/07\/Bauwende_Baukultur_titelbild-1.jpg\" class=\"attachment-large size-large wp-image-31478\" alt=\"\" \/>\t\t\t\t\t\t\t\t<\/a>\n\t\t\t\t\t\t\t\t\t\t\t\t\t\t\t<\/div>\n\t\t\t\t<\/div>\n\t\t\t\t<div class=\"elementor-element elementor-element-49b0868 elementor-widget elementor-widget-heading\" data-id=\"49b0868\" data-element_type=\"widget\" data-widget_type=\"heading.default\">\n\t\t\t\t<div class=\"elementor-widget-container\">\n\t\t\t\t\t<h3 class=\"elementor-heading-title elementor-size-default\"><a href=\"https:\/\/denkmalpflege.tuwien.ac.at\/index.php\/baukultur-in-der-bauwende\/\">BAUKULTUR IN DER BAUWENDE <br><\/a><\/h3>\t\t\t\t<\/div>\n\t\t\t\t<\/div>\n\t\t\t\t<div class=\"elementor-element elementor-element-ddad126 elementor-widget elementor-widget-heading\" data-id=\"ddad126\" data-element_type=\"widget\" data-widget_type=\"heading.default\">\n\t\t\t\t<div class=\"elementor-widget-container\">\n\t\t\t\t\t<h3 class=\"elementor-heading-title elementor-size-default\"><a href=\"https:\/\/denkmalpflege.tuwien.ac.at\/index.php\/baukultur-in-der-bauwende\/\">M\u00f6glichkeiten und Grenzen im Wandel des Bauwesens<\/a><\/h3>\t\t\t\t<\/div>\n\t\t\t\t<\/div>\n\t\t\t\t<div class=\"elementor-element elementor-element-c9645c6 elementor-widget elementor-widget-heading\" data-id=\"c9645c6\" data-element_type=\"widget\" data-widget_type=\"heading.default\">\n\t\t\t\t<div class=\"elementor-widget-container\">\n\t\t\t\t\t<h3 class=\"elementor-heading-title elementor-size-default\"><a href=\"https:\/\/denkmalpflege.tuwien.ac.at\/index.php\/baukultur-in-der-bauwende\/\">2023 - 2025\n\n<\/a><\/h3>\t\t\t\t<\/div>\n\t\t\t\t<\/div>\n\t\t\t\t\t<\/div>\n\t\t<\/div>\n\t\t\t\t\t<\/div>\n\t\t<\/section>\n\t\t\t\t<section class=\"elementor-section elementor-inner-section elementor-element elementor-element-15bfaab elementor-section-full_width elementor-section-height-default elementor-section-height-default\" data-id=\"15bfaab\" data-element_type=\"section\">\n\t\t\t\t\t\t<div class=\"elementor-container elementor-column-gap-default\">\n\t\t\t\t\t<div class=\"elementor-column elementor-col-33 elementor-inner-column elementor-element elementor-element-4dc4f45\" data-id=\"4dc4f45\" data-element_type=\"column\">\n\t\t\t<div class=\"elementor-widget-wrap elementor-element-populated\">\n\t\t\t\t\t\t<div class=\"elementor-element elementor-element-fe5d4e9 elementor-widget elementor-widget-image\" data-id=\"fe5d4e9\" data-element_type=\"widget\" data-widget_type=\"image.default\">\n\t\t\t\t<div class=\"elementor-widget-container\">\n\t\t\t\t\t\t\t\t\t\t\t\t\t\t\t\t<a href=\"https:\/\/denkmalpflege.tuwien.ac.at\/index.php\/forschungsprojekt-transformation-und-erbe\/\">\n\t\t\t\t\t\t\t<img loading=\"lazy\" decoding=\"async\" width=\"853\" height=\"1024\" src=\"https:\/\/denkmalpflege.tuwien.ac.at\/wp-content\/uploads\/2023\/03\/Forshungsprojekt-Knauer-Titelbild-853x1024.png\" class=\"attachment-large size-large wp-image-25511\" alt=\"\" srcset=\"https:\/\/denkmalpflege.tuwien.ac.at\/wp-content\/uploads\/2023\/03\/Forshungsprojekt-Knauer-Titelbild-853x1024.png 853w, https:\/\/denkmalpflege.tuwien.ac.at\/wp-content\/uploads\/2023\/03\/Forshungsprojekt-Knauer-Titelbild-250x300.png 250w, https:\/\/denkmalpflege.tuwien.ac.at\/wp-content\/uploads\/2023\/03\/Forshungsprojekt-Knauer-Titelbild-768x921.png 768w, https:\/\/denkmalpflege.tuwien.ac.at\/wp-content\/uploads\/2023\/03\/Forshungsprojekt-Knauer-Titelbild-1280x1536.png 1280w, https:\/\/denkmalpflege.tuwien.ac.at\/wp-content\/uploads\/2023\/03\/Forshungsprojekt-Knauer-Titelbild-1707x2048.png 1707w, https:\/\/denkmalpflege.tuwien.ac.at\/wp-content\/uploads\/2023\/03\/Forshungsprojekt-Knauer-Titelbild-700x840.png 700w\" sizes=\"(max-width: 853px) 100vw, 853px\" \/>\t\t\t\t\t\t\t\t<\/a>\n\t\t\t\t\t\t\t\t\t\t\t\t\t\t\t<\/div>\n\t\t\t\t<\/div>\n\t\t\t\t<div class=\"elementor-element elementor-element-75878c6 elementor-widget elementor-widget-heading\" data-id=\"75878c6\" data-element_type=\"widget\" data-widget_type=\"heading.default\">\n\t\t\t\t<div class=\"elementor-widget-container\">\n\t\t\t\t\t<h3 class=\"elementor-heading-title elementor-size-default\"><a href=\"https:\/\/denkmalpflege.tuwien.ac.at\/index.php\/forschungsprojekt-transformation-und-erbe\/\" target=\"_blank\">Wiederaufbau kriegszerst\u00f6rter St\u00e4dte in \u00d6sterreich.<\/a><\/h3>\t\t\t\t<\/div>\n\t\t\t\t<\/div>\n\t\t\t\t<div class=\"elementor-element elementor-element-66840c5 elementor-widget elementor-widget-heading\" data-id=\"66840c5\" data-element_type=\"widget\" data-widget_type=\"heading.default\">\n\t\t\t\t<div class=\"elementor-widget-container\">\n\t\t\t\t\t<h3 class=\"elementor-heading-title elementor-size-default\"><a href=\"https:\/\/denkmalpflege.tuwien.ac.at\/index.php\/forschungsprojekt-transformation-und-erbe\/\">Transformation und Erbe<\/a><\/h3>\t\t\t\t<\/div>\n\t\t\t\t<\/div>\n\t\t\t\t<div class=\"elementor-element elementor-element-c0e447e elementor-widget elementor-widget-heading\" data-id=\"c0e447e\" data-element_type=\"widget\" data-widget_type=\"heading.default\">\n\t\t\t\t<div class=\"elementor-widget-container\">\n\t\t\t\t\t<h3 class=\"elementor-heading-title elementor-size-default\"><a href=\"https:\/\/denkmalpflege.tuwien.ac.at\/index.php\/forschungsprojekt-transformation-und-erbe\/\">2021 - laufend\n<\/a><\/h3>\t\t\t\t<\/div>\n\t\t\t\t<\/div>\n\t\t\t\t<div class=\"elementor-element elementor-element-c20e7e2 elementor-button-info elementor-align-left elementor-widget elementor-widget-button\" data-id=\"c20e7e2\" data-element_type=\"widget\" data-widget_type=\"button.default\">\n\t\t\t\t<div class=\"elementor-widget-container\">\n\t\t\t\t\t\t\t\t\t<div class=\"elementor-button-wrapper\">\n\t\t\t\t\t<a class=\"elementor-button elementor-button-link elementor-size-sm\" href=\"https:\/\/denkmalpflege.tuwien.ac.at\/index.php\/themenschwerpunkt-denkmalpflege-und-transformation\/\">\n\t\t\t\t\t\t<span class=\"elementor-button-content-wrapper\">\n\t\t\t\t\t\t\t\t\t<span class=\"elementor-button-text\">\/\/  Denkmalpflege und Transformation<\/span>\n\t\t\t\t\t<\/span>\n\t\t\t\t\t<\/a>\n\t\t\t\t<\/div>\n\t\t\t\t\t\t\t\t<\/div>\n\t\t\t\t<\/div>\n\t\t\t\t\t<\/div>\n\t\t<\/div>\n\t\t\t\t<div class=\"elementor-column elementor-col-33 elementor-inner-column elementor-element elementor-element-a4c4510\" data-id=\"a4c4510\" data-element_type=\"column\">\n\t\t\t<div class=\"elementor-widget-wrap elementor-element-populated\">\n\t\t\t\t\t\t<div class=\"elementor-element elementor-element-59d3c00 elementor-widget elementor-widget-image\" data-id=\"59d3c00\" data-element_type=\"widget\" data-widget_type=\"image.default\">\n\t\t\t\t<div class=\"elementor-widget-container\">\n\t\t\t\t\t\t\t\t\t\t\t\t\t\t\t\t<a href=\"https:\/\/denkmalpflege.tuwien.ac.at\/index.php\/forschungsprojekt-bmbf\/\">\n\t\t\t\t\t\t\t<img loading=\"lazy\" decoding=\"async\" width=\"853\" height=\"1024\" src=\"https:\/\/denkmalpflege.tuwien.ac.at\/wp-content\/uploads\/2023\/06\/bmbf-forschungsprojekt-klein-01-853x1024.jpg\" class=\"attachment-large size-large wp-image-26201\" alt=\"\" srcset=\"https:\/\/denkmalpflege.tuwien.ac.at\/wp-content\/uploads\/2023\/06\/bmbf-forschungsprojekt-klein-01-853x1024.jpg 853w, https:\/\/denkmalpflege.tuwien.ac.at\/wp-content\/uploads\/2023\/06\/bmbf-forschungsprojekt-klein-01-250x300.jpg 250w, https:\/\/denkmalpflege.tuwien.ac.at\/wp-content\/uploads\/2023\/06\/bmbf-forschungsprojekt-klein-01-768x922.jpg 768w, https:\/\/denkmalpflege.tuwien.ac.at\/wp-content\/uploads\/2023\/06\/bmbf-forschungsprojekt-klein-01-1280x1536.jpg 1280w, https:\/\/denkmalpflege.tuwien.ac.at\/wp-content\/uploads\/2023\/06\/bmbf-forschungsprojekt-klein-01-1707x2048.jpg 1707w, https:\/\/denkmalpflege.tuwien.ac.at\/wp-content\/uploads\/2023\/06\/bmbf-forschungsprojekt-klein-01-700x840.jpg 700w, https:\/\/denkmalpflege.tuwien.ac.at\/wp-content\/uploads\/2023\/06\/bmbf-forschungsprojekt-klein-01.jpg 1736w\" sizes=\"(max-width: 853px) 100vw, 853px\" \/>\t\t\t\t\t\t\t\t<\/a>\n\t\t\t\t\t\t\t\t\t\t\t\t\t\t\t<\/div>\n\t\t\t\t<\/div>\n\t\t\t\t<div class=\"elementor-element elementor-element-b58e040 elementor-widget elementor-widget-heading\" data-id=\"b58e040\" data-element_type=\"widget\" data-widget_type=\"heading.default\">\n\t\t\t\t<div class=\"elementor-widget-container\">\n\t\t\t\t\t<h3 class=\"elementor-heading-title elementor-size-default\"><a href=\"https:\/\/denkmalpflege.tuwien.ac.at\/index.php\/forschungsprojekt-bmbf\/\">Wandel durch Innovation in der Region<\/a><\/h3>\t\t\t\t<\/div>\n\t\t\t\t<\/div>\n\t\t\t\t<div class=\"elementor-element elementor-element-21fa38a elementor-widget elementor-widget-heading\" data-id=\"21fa38a\" data-element_type=\"widget\" data-widget_type=\"heading.default\">\n\t\t\t\t<div class=\"elementor-widget-container\">\n\t\t\t\t\t<h3 class=\"elementor-heading-title elementor-size-default\"><a href=\"https:\/\/denkmalpflege.tuwien.ac.at\/index.php\/forschungsprojekt-bmbf\/\">BMBF - Programm WIR! \nB\u00fcndnis Vogtlandpioniere <\/a><\/h3>\t\t\t\t<\/div>\n\t\t\t\t<\/div>\n\t\t\t\t<div class=\"elementor-element elementor-element-3ea08a6 elementor-widget elementor-widget-heading\" data-id=\"3ea08a6\" data-element_type=\"widget\" data-widget_type=\"heading.default\">\n\t\t\t\t<div class=\"elementor-widget-container\">\n\t\t\t\t\t<h3 class=\"elementor-heading-title elementor-size-default\"><a href=\"https:\/\/denkmalpflege.tuwien.ac.at\/index.php\/forschungsprojekt-bmbf\/\">2019 - 2025 <\/a><\/h3>\t\t\t\t<\/div>\n\t\t\t\t<\/div>\n\t\t\t\t<div class=\"elementor-element elementor-element-e256c38 elementor-button-info elementor-align-left elementor-widget elementor-widget-button\" data-id=\"e256c38\" data-element_type=\"widget\" data-widget_type=\"button.default\">\n\t\t\t\t<div class=\"elementor-widget-container\">\n\t\t\t\t\t\t\t\t\t<div class=\"elementor-button-wrapper\">\n\t\t\t\t\t<a class=\"elementor-button elementor-button-link elementor-size-sm\" href=\"https:\/\/denkmalpflege.tuwien.ac.at\/index.php\/themenschwerpunkt-denkmalpflege-und-transformation\/\">\n\t\t\t\t\t\t<span class=\"elementor-button-content-wrapper\">\n\t\t\t\t\t\t\t\t\t<span class=\"elementor-button-text\">\/\/  Denkmalpflege und Transformation<\/span>\n\t\t\t\t\t<\/span>\n\t\t\t\t\t<\/a>\n\t\t\t\t<\/div>\n\t\t\t\t\t\t\t\t<\/div>\n\t\t\t\t<\/div>\n\t\t\t\t\t<\/div>\n\t\t<\/div>\n\t\t\t\t<div class=\"elementor-column elementor-col-33 elementor-inner-column elementor-element elementor-element-fdd814f\" data-id=\"fdd814f\" data-element_type=\"column\">\n\t\t\t<div class=\"elementor-widget-wrap elementor-element-populated\">\n\t\t\t\t\t\t<div class=\"elementor-element elementor-element-e79b2e6 elementor-widget elementor-widget-image\" data-id=\"e79b2e6\" data-element_type=\"widget\" data-widget_type=\"image.default\">\n\t\t\t\t<div class=\"elementor-widget-container\">\n\t\t\t\t\t\t\t\t\t\t\t\t\t\t\t\t<a href=\"https:\/\/denkmalpflege.tuwien.ac.at\/index.php\/forschungsprojekt-cost-action\/\">\n\t\t\t\t\t\t\t<img loading=\"lazy\" decoding=\"async\" width=\"853\" height=\"1024\" src=\"https:\/\/denkmalpflege.tuwien.ac.at\/wp-content\/uploads\/2023\/12\/costaction_-1-853x1024.jpg\" class=\"attachment-large size-large wp-image-29286\" alt=\"\" srcset=\"https:\/\/denkmalpflege.tuwien.ac.at\/wp-content\/uploads\/2023\/12\/costaction_-1-853x1024.jpg 853w, https:\/\/denkmalpflege.tuwien.ac.at\/wp-content\/uploads\/2023\/12\/costaction_-1-250x300.jpg 250w, https:\/\/denkmalpflege.tuwien.ac.at\/wp-content\/uploads\/2023\/12\/costaction_-1-768x922.jpg 768w, https:\/\/denkmalpflege.tuwien.ac.at\/wp-content\/uploads\/2023\/12\/costaction_-1-1280x1536.jpg 1280w, https:\/\/denkmalpflege.tuwien.ac.at\/wp-content\/uploads\/2023\/12\/costaction_-1-1707x2048.jpg 1707w, https:\/\/denkmalpflege.tuwien.ac.at\/wp-content\/uploads\/2023\/12\/costaction_-1-700x840.jpg 700w\" sizes=\"(max-width: 853px) 100vw, 853px\" \/>\t\t\t\t\t\t\t\t<\/a>\n\t\t\t\t\t\t\t\t\t\t\t\t\t\t\t<\/div>\n\t\t\t\t<\/div>\n\t\t\t\t<div class=\"elementor-element elementor-element-2d432e5 elementor-widget elementor-widget-heading\" data-id=\"2d432e5\" data-element_type=\"widget\" data-widget_type=\"heading.default\">\n\t\t\t\t<div class=\"elementor-widget-container\">\n\t\t\t\t\t<h3 class=\"elementor-heading-title elementor-size-default\"><a href=\"https:\/\/denkmalpflege.tuwien.ac.at\/index.php\/forschungsprojekt-cost-action\/\" target=\"_blank\">Dynamics of placemaking and digitization in Europe\u00b4s cities<\/a><\/h3>\t\t\t\t<\/div>\n\t\t\t\t<\/div>\n\t\t\t\t<div class=\"elementor-element elementor-element-0ee33e7 elementor-widget elementor-widget-heading\" data-id=\"0ee33e7\" data-element_type=\"widget\" data-widget_type=\"heading.default\">\n\t\t\t\t<div class=\"elementor-widget-container\">\n\t\t\t\t\t<h3 class=\"elementor-heading-title elementor-size-default\"><a href=\"https:\/\/denkmalpflege.tuwien.ac.at\/index.php\/forschungsprojekt-cost-action\/\">EU Cost- Action<\/a><\/h3>\t\t\t\t<\/div>\n\t\t\t\t<\/div>\n\t\t\t\t<div class=\"elementor-element elementor-element-2c620b6 elementor-widget elementor-widget-heading\" data-id=\"2c620b6\" data-element_type=\"widget\" data-widget_type=\"heading.default\">\n\t\t\t\t<div class=\"elementor-widget-container\">\n\t\t\t\t\t<h3 class=\"elementor-heading-title elementor-size-default\"><a href=\"https:\/\/denkmalpflege.tuwien.ac.at\/index.php\/forschungsprojekt-cost-action\/\">2018 - 2024\n<\/a><\/h3>\t\t\t\t<\/div>\n\t\t\t\t<\/div>\n\t\t\t\t\t<\/div>\n\t\t<\/div>\n\t\t\t\t\t<\/div>\n\t\t<\/section>\n\t\t\t\t\t<\/div>\n\t\t<\/div>\n\t\t\t\t\t<\/div>\n\t\t<\/section>\n\t\t\t\t<section class=\"elementor-section elementor-top-section elementor-element elementor-element-d12da97 elementor-section-content-middle elementor-section-full_width elementor-section-height-default elementor-section-height-default\" data-id=\"d12da97\" data-element_type=\"section\" data-settings=\"{&quot;background_background&quot;:&quot;classic&quot;}\">\n\t\t\t\t\t\t<div class=\"elementor-container elementor-column-gap-no\">\n\t\t\t\t\t<div class=\"elementor-column elementor-col-100 elementor-top-column elementor-element elementor-element-065a0ad\" data-id=\"065a0ad\" data-element_type=\"column\">\n\t\t\t<div class=\"elementor-widget-wrap elementor-element-populated\">\n\t\t\t\t\t\t<div class=\"elementor-element elementor-element-88ab62f elementor-widget elementor-widget-heading\" data-id=\"88ab62f\" data-element_type=\"widget\" data-widget_type=\"heading.default\">\n\t\t\t\t<div class=\"elementor-widget-container\">\n\t\t\t\t\t<h1 class=\"elementor-heading-title elementor-size-default\"><a href=\"https:\/\/denkmalpflege.tuwien.ac.at\/index.php\/publikationen\/\">PUBLIKATIONEN \n<\/a><\/h1>\t\t\t\t<\/div>\n\t\t\t\t<\/div>\n\t\t\t\t<section class=\"elementor-section elementor-inner-section elementor-element elementor-element-6b18c5c elementor-section-full_width elementor-section-height-default elementor-section-height-default\" data-id=\"6b18c5c\" data-element_type=\"section\">\n\t\t\t\t\t\t<div class=\"elementor-container elementor-column-gap-default\">\n\t\t\t\t\t<div class=\"elementor-column elementor-col-20 elementor-inner-column elementor-element elementor-element-f0df482\" data-id=\"f0df482\" data-element_type=\"column\">\n\t\t\t<div class=\"elementor-widget-wrap elementor-element-populated\">\n\t\t\t\t\t\t<div class=\"elementor-element elementor-element-6b7351e elementor-widget elementor-widget-image\" data-id=\"6b7351e\" data-element_type=\"widget\" data-widget_type=\"image.default\">\n\t\t\t\t<div class=\"elementor-widget-container\">\n\t\t\t\t\t\t\t\t\t\t\t\t\t\t\t\t<a href=\"https:\/\/www.bda.gv.at\/themen\/publikationen\/oezkd\/oezkd-heft-3-2025-20th-century-housing-heritage-in-europe.html\">\n\t\t\t\t\t\t\t<img loading=\"lazy\" decoding=\"async\" width=\"687\" height=\"1024\" src=\"https:\/\/denkmalpflege.tuwien.ac.at\/wp-content\/uploads\/2026\/01\/Publikation-OeZKD-20th-Century-Housing-Heritage-687x1024.jpg\" class=\"elementor-animation-grow attachment-large size-large wp-image-35331\" alt=\"\" srcset=\"https:\/\/denkmalpflege.tuwien.ac.at\/wp-content\/uploads\/2026\/01\/Publikation-OeZKD-20th-Century-Housing-Heritage-687x1024.jpg 687w, https:\/\/denkmalpflege.tuwien.ac.at\/wp-content\/uploads\/2026\/01\/Publikation-OeZKD-20th-Century-Housing-Heritage-201x300.jpg 201w, https:\/\/denkmalpflege.tuwien.ac.at\/wp-content\/uploads\/2026\/01\/Publikation-OeZKD-20th-Century-Housing-Heritage-768x1145.jpg 768w, https:\/\/denkmalpflege.tuwien.ac.at\/wp-content\/uploads\/2026\/01\/Publikation-OeZKD-20th-Century-Housing-Heritage-1031x1536.jpg 1031w, https:\/\/denkmalpflege.tuwien.ac.at\/wp-content\/uploads\/2026\/01\/Publikation-OeZKD-20th-Century-Housing-Heritage-1374x2048.jpg 1374w, https:\/\/denkmalpflege.tuwien.ac.at\/wp-content\/uploads\/2026\/01\/Publikation-OeZKD-20th-Century-Housing-Heritage-700x1043.jpg 700w, https:\/\/denkmalpflege.tuwien.ac.at\/wp-content\/uploads\/2026\/01\/Publikation-OeZKD-20th-Century-Housing-Heritage-scaled.jpg 1718w\" sizes=\"(max-width: 687px) 100vw, 687px\" \/>\t\t\t\t\t\t\t\t<\/a>\n\t\t\t\t\t\t\t\t\t\t\t\t\t\t\t<\/div>\n\t\t\t\t<\/div>\n\t\t\t\t<div class=\"elementor-element elementor-element-68b233e elementor-widget elementor-widget-heading\" data-id=\"68b233e\" data-element_type=\"widget\" data-widget_type=\"heading.default\">\n\t\t\t\t<div class=\"elementor-widget-container\">\n\t\t\t\t\t<h6 class=\"elementor-heading-title elementor-size-default\"><a href=\"https:\/\/www.bda.gv.at\/themen\/publikationen\/oezkd\/oezkd-heft-3-2025-20th-century-housing-heritage-in-europe.html\">20th Century Housing Heritage in Europe - \u00d6sterreichische Zeitschrift f\u00fcr Kunst und Denkmalpflege 2025, Heft 3<\/a><\/h6>\t\t\t\t<\/div>\n\t\t\t\t<\/div>\n\t\t\t\t<div class=\"elementor-element elementor-element-65322cc elementor-widget elementor-widget-heading\" data-id=\"65322cc\" data-element_type=\"widget\" data-widget_type=\"heading.default\">\n\t\t\t\t<div class=\"elementor-widget-container\">\n\t\t\t\t\t<p class=\"elementor-heading-title elementor-size-default\"><a href=\"https:\/\/www.bda.gv.at\/themen\/publikationen\/oezkd\/oezkd-heft-3-2025-20th-century-housing-heritage-in-europe.html\">Hrsg. v.\nBundesdenkmalamt, Abteilung f\u00fcr Denkmalforschung\n<br><br>\nVerlag der \u00d6sterreichischen Akademie der Wissenschaften 2025 <br>\n<\/a><\/p>\t\t\t\t<\/div>\n\t\t\t\t<\/div>\n\t\t\t\t<div class=\"elementor-element elementor-element-05fd081 elementor-button-info elementor-align-left elementor-widget elementor-widget-button\" data-id=\"05fd081\" data-element_type=\"widget\" data-widget_type=\"button.default\">\n\t\t\t\t<div class=\"elementor-widget-container\">\n\t\t\t\t\t\t\t\t\t<div class=\"elementor-button-wrapper\">\n\t\t\t\t\t<a class=\"elementor-button elementor-button-link elementor-size-sm\" href=\"https:\/\/denkmalpflege.tuwien.ac.at\/index.php\/themenschwerpunkt-wohnen-im-denkmal\/\">\n\t\t\t\t\t\t<span class=\"elementor-button-content-wrapper\">\n\t\t\t\t\t\t\t\t\t<span class=\"elementor-button-text\">\/\/ Wohnen im Denkmal<\/span>\n\t\t\t\t\t<\/span>\n\t\t\t\t\t<\/a>\n\t\t\t\t<\/div>\n\t\t\t\t\t\t\t\t<\/div>\n\t\t\t\t<\/div>\n\t\t\t\t\t<\/div>\n\t\t<\/div>\n\t\t\t\t<div class=\"elementor-column elementor-col-20 elementor-inner-column elementor-element elementor-element-a827059\" data-id=\"a827059\" data-element_type=\"column\">\n\t\t\t<div class=\"elementor-widget-wrap elementor-element-populated\">\n\t\t\t\t\t\t<div class=\"elementor-element elementor-element-f220eab elementor-widget elementor-widget-image\" data-id=\"f220eab\" data-element_type=\"widget\" data-widget_type=\"image.default\">\n\t\t\t\t<div class=\"elementor-widget-container\">\n\t\t\t\t\t\t\t\t\t\t\t\t\t\t\t\t<a href=\"https:\/\/denkmalpflege.tuwien.ac.at\/index.php\/publikationen\/transformation-des-bestandes\/\">\n\t\t\t\t\t\t\t<img loading=\"lazy\" decoding=\"async\" width=\"687\" height=\"1024\" src=\"https:\/\/denkmalpflege.tuwien.ac.at\/wp-content\/uploads\/2026\/01\/Publikation-Transformation-des-Bestandes-1-687x1024.jpg\" class=\"elementor-animation-grow attachment-large size-large wp-image-35306\" alt=\"\" srcset=\"https:\/\/denkmalpflege.tuwien.ac.at\/wp-content\/uploads\/2026\/01\/Publikation-Transformation-des-Bestandes-1-687x1024.jpg 687w, https:\/\/denkmalpflege.tuwien.ac.at\/wp-content\/uploads\/2026\/01\/Publikation-Transformation-des-Bestandes-1-201x300.jpg 201w, https:\/\/denkmalpflege.tuwien.ac.at\/wp-content\/uploads\/2026\/01\/Publikation-Transformation-des-Bestandes-1-768x1145.jpg 768w, https:\/\/denkmalpflege.tuwien.ac.at\/wp-content\/uploads\/2026\/01\/Publikation-Transformation-des-Bestandes-1-1031x1536.jpg 1031w, https:\/\/denkmalpflege.tuwien.ac.at\/wp-content\/uploads\/2026\/01\/Publikation-Transformation-des-Bestandes-1-1374x2048.jpg 1374w, https:\/\/denkmalpflege.tuwien.ac.at\/wp-content\/uploads\/2026\/01\/Publikation-Transformation-des-Bestandes-1-700x1043.jpg 700w, https:\/\/denkmalpflege.tuwien.ac.at\/wp-content\/uploads\/2026\/01\/Publikation-Transformation-des-Bestandes-1-scaled.jpg 1718w\" sizes=\"(max-width: 687px) 100vw, 687px\" \/>\t\t\t\t\t\t\t\t<\/a>\n\t\t\t\t\t\t\t\t\t\t\t\t\t\t\t<\/div>\n\t\t\t\t<\/div>\n\t\t\t\t<div class=\"elementor-element elementor-element-b931bbc elementor-widget elementor-widget-heading\" data-id=\"b931bbc\" data-element_type=\"widget\" data-widget_type=\"heading.default\">\n\t\t\t\t<div class=\"elementor-widget-container\">\n\t\t\t\t\t<h6 class=\"elementor-heading-title elementor-size-default\"><a href=\"https:\/\/denkmalpflege.tuwien.ac.at\/index.php\/publikationen\/transformation-des-bestandes\/\">Transformation des Bestandes<\/a><\/h6>\t\t\t\t<\/div>\n\t\t\t\t<\/div>\n\t\t\t\t<div class=\"elementor-element elementor-element-625fbc5 elementor-widget elementor-widget-heading\" data-id=\"625fbc5\" data-element_type=\"widget\" data-widget_type=\"heading.default\">\n\t\t\t\t<div class=\"elementor-widget-container\">\n\t\t\t\t\t<p class=\"elementor-heading-title elementor-size-default\"><a href=\"https:\/\/denkmalpflege.tuwien.ac.at\/index.php\/publikationen\/transformation-des-bestandes\/\">Hrsg. v.\nDragana Damjanovic, Lorenzo De Chiffre, Madlyn Miessgang, Heike Oevermann, Johannes Suitner\n\n<br><br>\nTU Wien Academic Press 2025 <br>\nOpen Access<\/a><\/p>\t\t\t\t<\/div>\n\t\t\t\t<\/div>\n\t\t\t\t\t<\/div>\n\t\t<\/div>\n\t\t\t\t<div class=\"elementor-column elementor-col-20 elementor-inner-column elementor-element elementor-element-c4f5223\" data-id=\"c4f5223\" data-element_type=\"column\">\n\t\t\t<div class=\"elementor-widget-wrap elementor-element-populated\">\n\t\t\t\t\t\t<div class=\"elementor-element elementor-element-7b73ebb elementor-widget elementor-widget-image\" data-id=\"7b73ebb\" data-element_type=\"widget\" data-widget_type=\"image.default\">\n\t\t\t\t<div class=\"elementor-widget-container\">\n\t\t\t\t\t\t\t\t\t\t\t\t\t\t\t\t<a href=\"https:\/\/denkmalpflege.tuwien.ac.at\/index.php\/publikationen\/transforming-cities\">\n\t\t\t\t\t\t\t<img loading=\"lazy\" decoding=\"async\" width=\"687\" height=\"1024\" src=\"https:\/\/denkmalpflege.tuwien.ac.at\/wp-content\/uploads\/2025\/10\/Kachel-Transforming-Cities-687x1024.jpg\" class=\"elementor-animation-grow attachment-large size-large wp-image-34699\" alt=\"\" srcset=\"https:\/\/denkmalpflege.tuwien.ac.at\/wp-content\/uploads\/2025\/10\/Kachel-Transforming-Cities-687x1024.jpg 687w, https:\/\/denkmalpflege.tuwien.ac.at\/wp-content\/uploads\/2025\/10\/Kachel-Transforming-Cities-201x300.jpg 201w, https:\/\/denkmalpflege.tuwien.ac.at\/wp-content\/uploads\/2025\/10\/Kachel-Transforming-Cities-768x1145.jpg 768w, https:\/\/denkmalpflege.tuwien.ac.at\/wp-content\/uploads\/2025\/10\/Kachel-Transforming-Cities-1031x1536.jpg 1031w, https:\/\/denkmalpflege.tuwien.ac.at\/wp-content\/uploads\/2025\/10\/Kachel-Transforming-Cities-1374x2048.jpg 1374w, https:\/\/denkmalpflege.tuwien.ac.at\/wp-content\/uploads\/2025\/10\/Kachel-Transforming-Cities-700x1043.jpg 700w, https:\/\/denkmalpflege.tuwien.ac.at\/wp-content\/uploads\/2025\/10\/Kachel-Transforming-Cities-scaled.jpg 1718w\" sizes=\"(max-width: 687px) 100vw, 687px\" \/>\t\t\t\t\t\t\t\t<\/a>\n\t\t\t\t\t\t\t\t\t\t\t\t\t\t\t<\/div>\n\t\t\t\t<\/div>\n\t\t\t\t<div class=\"elementor-element elementor-element-51c693d elementor-widget elementor-widget-heading\" data-id=\"51c693d\" data-element_type=\"widget\" data-widget_type=\"heading.default\">\n\t\t\t\t<div class=\"elementor-widget-container\">\n\t\t\t\t\t<h6 class=\"elementor-heading-title elementor-size-default\"><a href=\"https:\/\/denkmalpflege.tuwien.ac.at\/index.php\/publikationen\/transforming-cities\">Transforming Cities - Planning and Preserving in Historic Urban Contexts<\/a><\/h6>\t\t\t\t<\/div>\n\t\t\t\t<\/div>\n\t\t\t\t<div class=\"elementor-element elementor-element-26c1d61 elementor-widget elementor-widget-heading\" data-id=\"26c1d61\" data-element_type=\"widget\" data-widget_type=\"heading.default\">\n\t\t\t\t<div class=\"elementor-widget-container\">\n\t\t\t\t\t<p class=\"elementor-heading-title elementor-size-default\"><a href=\"https:\/\/denkmalpflege.tuwien.ac.at\/index.php\/publikationen\/transforming-cities\">Hrsg. v.\nBirgit Knauer und Laura Demeter\n\n<br><br>\nTU Wien Academic Press 2025 <br>\nOpen Access<\/a><\/p>\t\t\t\t<\/div>\n\t\t\t\t<\/div>\n\t\t\t\t<div class=\"elementor-element elementor-element-a738a9a elementor-button-info elementor-align-left elementor-widget elementor-widget-button\" data-id=\"a738a9a\" data-element_type=\"widget\" data-widget_type=\"button.default\">\n\t\t\t\t<div class=\"elementor-widget-container\">\n\t\t\t\t\t\t\t\t\t<div class=\"elementor-button-wrapper\">\n\t\t\t\t\t<a class=\"elementor-button elementor-button-link elementor-size-sm\" href=\"https:\/\/denkmalpflege.tuwien.ac.at\/index.php\/themenschwerpunkt-denkmalpflege-und-transformation\/\">\n\t\t\t\t\t\t<span class=\"elementor-button-content-wrapper\">\n\t\t\t\t\t\t\t\t\t<span class=\"elementor-button-text\">\/\/  Denkmalpflege und Transformation<\/span>\n\t\t\t\t\t<\/span>\n\t\t\t\t\t<\/a>\n\t\t\t\t<\/div>\n\t\t\t\t\t\t\t\t<\/div>\n\t\t\t\t<\/div>\n\t\t\t\t\t<\/div>\n\t\t<\/div>\n\t\t\t\t<div class=\"elementor-column elementor-col-20 elementor-inner-column elementor-element elementor-element-7a771df\" data-id=\"7a771df\" data-element_type=\"column\">\n\t\t\t<div class=\"elementor-widget-wrap elementor-element-populated\">\n\t\t\t\t\t\t<div class=\"elementor-element elementor-element-0d3db7a elementor-widget elementor-widget-image\" data-id=\"0d3db7a\" data-element_type=\"widget\" data-widget_type=\"image.default\">\n\t\t\t\t<div class=\"elementor-widget-container\">\n\t\t\t\t\t\t\t\t\t\t\t\t\t\t\t\t<a href=\"https:\/\/futurelab.tuwien.ac.at\/content\/download\/113891\/file\/Magazin_19_Transformation%20des%20Bestands.pdf\">\n\t\t\t\t\t\t\t<img loading=\"lazy\" decoding=\"async\" width=\"687\" height=\"1024\" src=\"https:\/\/denkmalpflege.tuwien.ac.at\/wp-content\/uploads\/2024\/03\/Kachel-Transformation-des-Bestands-1-687x1024.jpg\" class=\"elementor-animation-grow attachment-large size-large wp-image-30449\" alt=\"\" srcset=\"https:\/\/denkmalpflege.tuwien.ac.at\/wp-content\/uploads\/2024\/03\/Kachel-Transformation-des-Bestands-1-687x1024.jpg 687w, https:\/\/denkmalpflege.tuwien.ac.at\/wp-content\/uploads\/2024\/03\/Kachel-Transformation-des-Bestands-1-201x300.jpg 201w, https:\/\/denkmalpflege.tuwien.ac.at\/wp-content\/uploads\/2024\/03\/Kachel-Transformation-des-Bestands-1-768x1145.jpg 768w, https:\/\/denkmalpflege.tuwien.ac.at\/wp-content\/uploads\/2024\/03\/Kachel-Transformation-des-Bestands-1-1031x1536.jpg 1031w, https:\/\/denkmalpflege.tuwien.ac.at\/wp-content\/uploads\/2024\/03\/Kachel-Transformation-des-Bestands-1-1374x2048.jpg 1374w, https:\/\/denkmalpflege.tuwien.ac.at\/wp-content\/uploads\/2024\/03\/Kachel-Transformation-des-Bestands-1-700x1043.jpg 700w, https:\/\/denkmalpflege.tuwien.ac.at\/wp-content\/uploads\/2024\/03\/Kachel-Transformation-des-Bestands-1.jpg 1391w\" sizes=\"(max-width: 687px) 100vw, 687px\" \/>\t\t\t\t\t\t\t\t<\/a>\n\t\t\t\t\t\t\t\t\t\t\t\t\t\t\t<\/div>\n\t\t\t\t<\/div>\n\t\t\t\t<div class=\"elementor-element elementor-element-204c54a elementor-widget elementor-widget-heading\" data-id=\"204c54a\" data-element_type=\"widget\" data-widget_type=\"heading.default\">\n\t\t\t\t<div class=\"elementor-widget-container\">\n\t\t\t\t\t<h6 class=\"elementor-heading-title elementor-size-default\"><a href=\"https:\/\/futurelab.tuwien.ac.at\/content\/download\/113891\/file\/Magazin_19_Transformation%20des%20Bestands.pdf\">Transformation des Bestands - future.lab Magazin #19\n<\/a><\/h6>\t\t\t\t<\/div>\n\t\t\t\t<\/div>\n\t\t\t\t<div class=\"elementor-element elementor-element-7000b8b elementor-widget elementor-widget-heading\" data-id=\"7000b8b\" data-element_type=\"widget\" data-widget_type=\"heading.default\">\n\t\t\t\t<div class=\"elementor-widget-container\">\n\t\t\t\t\t<p class=\"elementor-heading-title elementor-size-default\"><a href=\"https:\/\/futurelab.tuwien.ac.at\/content\/download\/113891\/file\/Magazin_19_Transformation%20des%20Bestands.pdf\">Gastredaktion: <br>\nDragana Damjanovic, Lorenzo De Chiffre,\nHeike Oevermann\n\n<br><br>\nTechnische Universit\u00e4t Wien\nFakult\u00e4t f\u00fcr Architektur und\nRaumplanung | future.lab 2023<\/a><\/p>\t\t\t\t<\/div>\n\t\t\t\t<\/div>\n\t\t\t\t\t<\/div>\n\t\t<\/div>\n\t\t\t\t<div class=\"elementor-column elementor-col-20 elementor-inner-column elementor-element elementor-element-308910c\" data-id=\"308910c\" data-element_type=\"column\">\n\t\t\t<div class=\"elementor-widget-wrap elementor-element-populated\">\n\t\t\t\t\t\t<div class=\"elementor-element elementor-element-d1493f2 elementor-widget elementor-widget-image\" data-id=\"d1493f2\" data-element_type=\"widget\" data-widget_type=\"image.default\">\n\t\t\t\t<div class=\"elementor-widget-container\">\n\t\t\t\t\t\t\t\t\t\t\t\t\t\t\t\t<a href=\"https:\/\/asw-verlage.de\/katalog\/miniatur_der_moderne_-2572.html\">\n\t\t\t\t\t\t\t<img loading=\"lazy\" decoding=\"async\" width=\"687\" height=\"1024\" src=\"https:\/\/denkmalpflege.tuwien.ac.at\/wp-content\/uploads\/2024\/01\/Kachel-Startseite-miniatur-der-moderne-687x1024.jpg\" class=\"elementor-animation-grow attachment-large size-large wp-image-29690\" alt=\"\" srcset=\"https:\/\/denkmalpflege.tuwien.ac.at\/wp-content\/uploads\/2024\/01\/Kachel-Startseite-miniatur-der-moderne-687x1024.jpg 687w, https:\/\/denkmalpflege.tuwien.ac.at\/wp-content\/uploads\/2024\/01\/Kachel-Startseite-miniatur-der-moderne-201x300.jpg 201w, https:\/\/denkmalpflege.tuwien.ac.at\/wp-content\/uploads\/2024\/01\/Kachel-Startseite-miniatur-der-moderne-768x1145.jpg 768w, https:\/\/denkmalpflege.tuwien.ac.at\/wp-content\/uploads\/2024\/01\/Kachel-Startseite-miniatur-der-moderne-1031x1536.jpg 1031w, https:\/\/denkmalpflege.tuwien.ac.at\/wp-content\/uploads\/2024\/01\/Kachel-Startseite-miniatur-der-moderne-1374x2048.jpg 1374w, https:\/\/denkmalpflege.tuwien.ac.at\/wp-content\/uploads\/2024\/01\/Kachel-Startseite-miniatur-der-moderne-700x1043.jpg 700w, https:\/\/denkmalpflege.tuwien.ac.at\/wp-content\/uploads\/2024\/01\/Kachel-Startseite-miniatur-der-moderne-scaled.jpg 1718w\" sizes=\"(max-width: 687px) 100vw, 687px\" \/>\t\t\t\t\t\t\t\t<\/a>\n\t\t\t\t\t\t\t\t\t\t\t\t\t\t\t<\/div>\n\t\t\t\t<\/div>\n\t\t\t\t<div class=\"elementor-element elementor-element-b9a5d6b elementor-widget elementor-widget-heading\" data-id=\"b9a5d6b\" data-element_type=\"widget\" data-widget_type=\"heading.default\">\n\t\t\t\t<div class=\"elementor-widget-container\">\n\t\t\t\t\t<h6 class=\"elementor-heading-title elementor-size-default\"><a href=\"http:\/\/Miniatur%20der%20Moderne?%20Ein%20Vermittlungsversuch%20der%20100-j\u00e4hrigen%20Bau-%20und%20Nutzungsgeschichte%20des%20Hauses%20am%20Horn\">Miniatur der Moderne? - Ein Vermittlungsversuch der 100-j\u00e4hrigen Bau- und Nutzungsgeschichte des Hauses am Horn<\/a><\/h6>\t\t\t\t<\/div>\n\t\t\t\t<\/div>\n\t\t\t\t<div class=\"elementor-element elementor-element-c4a22b5 elementor-widget elementor-widget-heading\" data-id=\"c4a22b5\" data-element_type=\"widget\" data-widget_type=\"heading.default\">\n\t\t\t\t<div class=\"elementor-widget-container\">\n\t\t\t\t\t<p class=\"elementor-heading-title elementor-size-default\"><a href=\"http:\/\/Miniatur%20der%20Moderne?%20Ein%20Vermittlungsversuch%20der%20100-j\u00e4hrigen%20Bau-%20und%20Nutzungsgeschichte%20des%20Hauses%20am%20Horn\">Alessandro Rintallo<\/a><\/p>\t\t\t\t<\/div>\n\t\t\t\t<\/div>\n\t\t\t\t<div class=\"elementor-element elementor-element-bc8cef8 elementor-widget elementor-widget-heading\" data-id=\"bc8cef8\" data-element_type=\"widget\" data-widget_type=\"heading.default\">\n\t\t\t\t<div class=\"elementor-widget-container\">\n\t\t\t\t\t<p class=\"elementor-heading-title elementor-size-default\"><a href=\"https:\/\/asw-verlage.de\/katalog\/miniatur_der_moderne_-2572.html\">Bauhaus-Universit\u00e4tsverlag 2023\n\n<\/a><\/p>\t\t\t\t<\/div>\n\t\t\t\t<\/div>\n\t\t\t\t<div class=\"elementor-element elementor-element-ae46c7a elementor-button-info elementor-align-left elementor-widget elementor-widget-button\" data-id=\"ae46c7a\" data-element_type=\"widget\" data-widget_type=\"button.default\">\n\t\t\t\t<div class=\"elementor-widget-container\">\n\t\t\t\t\t\t\t\t\t<div class=\"elementor-button-wrapper\">\n\t\t\t\t\t<a class=\"elementor-button elementor-button-link elementor-size-sm\" href=\"https:\/\/denkmalpflege.tuwien.ac.at\/index.php\/themenschwerpunkt-denkmale-der-moderne\/\">\n\t\t\t\t\t\t<span class=\"elementor-button-content-wrapper\">\n\t\t\t\t\t\t\t\t\t<span class=\"elementor-button-text\">\/\/ Denkmale der Moderne<\/span>\n\t\t\t\t\t<\/span>\n\t\t\t\t\t<\/a>\n\t\t\t\t<\/div>\n\t\t\t\t\t\t\t\t<\/div>\n\t\t\t\t<\/div>\n\t\t\t\t\t<\/div>\n\t\t<\/div>\n\t\t\t\t\t<\/div>\n\t\t<\/section>\n\t\t\t\t<section class=\"elementor-section elementor-inner-section elementor-element elementor-element-3b06f25 elementor-section-full_width elementor-hidden-phone elementor-section-height-default elementor-section-height-default\" data-id=\"3b06f25\" data-element_type=\"section\">\n\t\t\t\t\t\t<div class=\"elementor-container elementor-column-gap-default\">\n\t\t\t\t\t<div class=\"elementor-column elementor-col-20 elementor-inner-column elementor-element elementor-element-10b6990\" data-id=\"10b6990\" data-element_type=\"column\">\n\t\t\t<div class=\"elementor-widget-wrap elementor-element-populated\">\n\t\t\t\t\t\t<div class=\"elementor-element elementor-element-c1ae79d elementor-widget elementor-widget-image\" data-id=\"c1ae79d\" data-element_type=\"widget\" data-widget_type=\"image.default\">\n\t\t\t\t<div class=\"elementor-widget-container\">\n\t\t\t\t\t\t\t\t\t\t\t\t\t\t\t\t<a href=\"https:\/\/www.detail.de\/de_de\/hochhausbestand\">\n\t\t\t\t\t\t\t<img loading=\"lazy\" decoding=\"async\" width=\"687\" height=\"1024\" src=\"https:\/\/denkmalpflege.tuwien.ac.at\/wp-content\/uploads\/2025\/10\/Kachel-Startseite-Hochaus-Bestand-687x1024.jpg\" class=\"elementor-animation-grow attachment-large size-large wp-image-34700\" alt=\"\" srcset=\"https:\/\/denkmalpflege.tuwien.ac.at\/wp-content\/uploads\/2025\/10\/Kachel-Startseite-Hochaus-Bestand-687x1024.jpg 687w, https:\/\/denkmalpflege.tuwien.ac.at\/wp-content\/uploads\/2025\/10\/Kachel-Startseite-Hochaus-Bestand-201x300.jpg 201w, https:\/\/denkmalpflege.tuwien.ac.at\/wp-content\/uploads\/2025\/10\/Kachel-Startseite-Hochaus-Bestand-768x1145.jpg 768w, https:\/\/denkmalpflege.tuwien.ac.at\/wp-content\/uploads\/2025\/10\/Kachel-Startseite-Hochaus-Bestand-1031x1536.jpg 1031w, https:\/\/denkmalpflege.tuwien.ac.at\/wp-content\/uploads\/2025\/10\/Kachel-Startseite-Hochaus-Bestand-1374x2048.jpg 1374w, https:\/\/denkmalpflege.tuwien.ac.at\/wp-content\/uploads\/2025\/10\/Kachel-Startseite-Hochaus-Bestand-700x1043.jpg 700w, https:\/\/denkmalpflege.tuwien.ac.at\/wp-content\/uploads\/2025\/10\/Kachel-Startseite-Hochaus-Bestand-scaled.jpg 1718w\" sizes=\"(max-width: 687px) 100vw, 687px\" \/>\t\t\t\t\t\t\t\t<\/a>\n\t\t\t\t\t\t\t\t\t\t\t\t\t\t\t<\/div>\n\t\t\t\t<\/div>\n\t\t\t\t<div class=\"elementor-element elementor-element-8769bea elementor-widget elementor-widget-heading\" data-id=\"8769bea\" data-element_type=\"widget\" data-widget_type=\"heading.default\">\n\t\t\t\t<div class=\"elementor-widget-container\">\n\t\t\t\t\t<h6 class=\"elementor-heading-title elementor-size-default\"><a href=\"https:\/\/www.detail.de\/de_de\/hochhausbestand\">Hochhausbestand - B\u00fcrogeb\u00e4ude der 1950er- und 60er-Jahre<\/a><\/h6>\t\t\t\t<\/div>\n\t\t\t\t<\/div>\n\t\t\t\t<div class=\"elementor-element elementor-element-2013acc elementor-widget elementor-widget-heading\" data-id=\"2013acc\" data-element_type=\"widget\" data-widget_type=\"heading.default\">\n\t\t\t\t<div class=\"elementor-widget-container\">\n\t\t\t\t\t<p class=\"elementor-heading-title elementor-size-default\"><a href=\"https:\/\/www.detail.de\/de_de\/hochhausbestand\">Hrsg. v. Andreas Putz und Hanne Rung <\/a><\/p>\t\t\t\t<\/div>\n\t\t\t\t<\/div>\n\t\t\t\t<div class=\"elementor-element elementor-element-10697f6 elementor-widget elementor-widget-heading\" data-id=\"10697f6\" data-element_type=\"widget\" data-widget_type=\"heading.default\">\n\t\t\t\t<div class=\"elementor-widget-container\">\n\t\t\t\t\t<p class=\"elementor-heading-title elementor-size-default\"><a href=\"https:\/\/www.detail.de\/de_de\/hochhausbestand\">Edition DETAIL 2023\n\n<\/a><\/p>\t\t\t\t<\/div>\n\t\t\t\t<\/div>\n\t\t\t\t<div class=\"elementor-element elementor-element-7344f48 elementor-button-info elementor-align-left elementor-widget elementor-widget-button\" data-id=\"7344f48\" data-element_type=\"widget\" data-widget_type=\"button.default\">\n\t\t\t\t<div class=\"elementor-widget-container\">\n\t\t\t\t\t\t\t\t\t<div class=\"elementor-button-wrapper\">\n\t\t\t\t\t<a class=\"elementor-button elementor-button-link elementor-size-sm\" href=\"https:\/\/denkmalpflege.tuwien.ac.at\/index.php\/themenschwerpunkt-denkmale-der-moderne\/\">\n\t\t\t\t\t\t<span class=\"elementor-button-content-wrapper\">\n\t\t\t\t\t\t\t\t\t<span class=\"elementor-button-text\">\/\/ Denkmale der Moderne<\/span>\n\t\t\t\t\t<\/span>\n\t\t\t\t\t<\/a>\n\t\t\t\t<\/div>\n\t\t\t\t\t\t\t\t<\/div>\n\t\t\t\t<\/div>\n\t\t\t\t\t<\/div>\n\t\t<\/div>\n\t\t\t\t<div class=\"elementor-column elementor-col-20 elementor-inner-column elementor-element elementor-element-83c27dc\" data-id=\"83c27dc\" data-element_type=\"column\">\n\t\t\t<div class=\"elementor-widget-wrap elementor-element-populated\">\n\t\t\t\t\t\t<div class=\"elementor-element elementor-element-64730f2 elementor-widget elementor-widget-image\" data-id=\"64730f2\" data-element_type=\"widget\" data-widget_type=\"image.default\">\n\t\t\t\t<div class=\"elementor-widget-container\">\n\t\t\t\t\t\t\t\t\t\t\t\t\t\t\t\t<a href=\"https:\/\/birkhauser.com\/de\/books\/9783035626827\">\n\t\t\t\t\t\t\t<img loading=\"lazy\" decoding=\"async\" width=\"687\" height=\"1024\" src=\"https:\/\/denkmalpflege.tuwien.ac.at\/wp-content\/uploads\/2023\/10\/Kachel-Startseite-Open-Heritage-687x1024.jpg\" class=\"elementor-animation-grow attachment-large size-large wp-image-27314\" alt=\"\" srcset=\"https:\/\/denkmalpflege.tuwien.ac.at\/wp-content\/uploads\/2023\/10\/Kachel-Startseite-Open-Heritage-687x1024.jpg 687w, https:\/\/denkmalpflege.tuwien.ac.at\/wp-content\/uploads\/2023\/10\/Kachel-Startseite-Open-Heritage-201x300.jpg 201w, https:\/\/denkmalpflege.tuwien.ac.at\/wp-content\/uploads\/2023\/10\/Kachel-Startseite-Open-Heritage-768x1145.jpg 768w, https:\/\/denkmalpflege.tuwien.ac.at\/wp-content\/uploads\/2023\/10\/Kachel-Startseite-Open-Heritage-1031x1536.jpg 1031w, https:\/\/denkmalpflege.tuwien.ac.at\/wp-content\/uploads\/2023\/10\/Kachel-Startseite-Open-Heritage-1374x2048.jpg 1374w, https:\/\/denkmalpflege.tuwien.ac.at\/wp-content\/uploads\/2023\/10\/Kachel-Startseite-Open-Heritage-700x1043.jpg 700w, https:\/\/denkmalpflege.tuwien.ac.at\/wp-content\/uploads\/2023\/10\/Kachel-Startseite-Open-Heritage-scaled.jpg 1718w\" sizes=\"(max-width: 687px) 100vw, 687px\" \/>\t\t\t\t\t\t\t\t<\/a>\n\t\t\t\t\t\t\t\t\t\t\t\t\t\t\t<\/div>\n\t\t\t\t<\/div>\n\t\t\t\t<div class=\"elementor-element elementor-element-63dbd30 elementor-widget elementor-widget-heading\" data-id=\"63dbd30\" data-element_type=\"widget\" data-widget_type=\"heading.default\">\n\t\t\t\t<div class=\"elementor-widget-container\">\n\t\t\t\t\t<h6 class=\"elementor-heading-title elementor-size-default\"><a href=\"https:\/\/birkhauser.com\/de\/books\/9783035626827\">Open Heritage - Community-Driven Adaptive Reuse in Europe: Best Practice<\/a><\/h6>\t\t\t\t<\/div>\n\t\t\t\t<\/div>\n\t\t\t\t<div class=\"elementor-element elementor-element-6343b2c elementor-widget elementor-widget-heading\" data-id=\"6343b2c\" data-element_type=\"widget\" data-widget_type=\"heading.default\">\n\t\t\t\t<div class=\"elementor-widget-container\">\n\t\t\t\t\t<p class=\"elementor-heading-title elementor-size-default\"><a href=\"https:\/\/birkhauser.com\/de\/books\/9783035626827\">Hrsg. v. Heike Oevermann, Levente Poly\u00e1k, Hanna Szemz\u00f6, Harald A. Mieg<\/a><\/p>\t\t\t\t<\/div>\n\t\t\t\t<\/div>\n\t\t\t\t<div class=\"elementor-element elementor-element-d8198db elementor-widget elementor-widget-heading\" data-id=\"d8198db\" data-element_type=\"widget\" data-widget_type=\"heading.default\">\n\t\t\t\t<div class=\"elementor-widget-container\">\n\t\t\t\t\t<p class=\"elementor-heading-title elementor-size-default\"><a href=\"https:\/\/birkhauser.com\/de\/books\/9783035626827\">Birkh\u00e4user 2023\n<br>\nOpen Access<\/a><\/p>\t\t\t\t<\/div>\n\t\t\t\t<\/div>\n\t\t\t\t\t<\/div>\n\t\t<\/div>\n\t\t\t\t<div class=\"elementor-column elementor-col-20 elementor-inner-column elementor-element elementor-element-edb1eaa\" data-id=\"edb1eaa\" data-element_type=\"column\">\n\t\t\t<div class=\"elementor-widget-wrap elementor-element-populated\">\n\t\t\t\t\t\t<div class=\"elementor-element elementor-element-2315982 elementor-widget__width-auto elementor-widget elementor-widget-image\" data-id=\"2315982\" data-element_type=\"widget\" data-widget_type=\"image.default\">\n\t\t\t\t<div class=\"elementor-widget-container\">\n\t\t\t\t\t\t\t\t\t\t\t\t\t\t\t\t<a href=\"https:\/\/www.degruyter.com\/document\/doi\/10.1515\/9783035625011\/html\">\n\t\t\t\t\t\t\t<img loading=\"lazy\" decoding=\"async\" width=\"687\" height=\"1024\" src=\"https:\/\/denkmalpflege.tuwien.ac.at\/wp-content\/uploads\/2023\/04\/Kachel-Startseite-Atlas-687x1024.jpg\" class=\"elementor-animation-grow attachment-large size-large wp-image-25757\" alt=\"\" srcset=\"https:\/\/denkmalpflege.tuwien.ac.at\/wp-content\/uploads\/2023\/04\/Kachel-Startseite-Atlas-687x1024.jpg 687w, https:\/\/denkmalpflege.tuwien.ac.at\/wp-content\/uploads\/2023\/04\/Kachel-Startseite-Atlas-201x300.jpg 201w, https:\/\/denkmalpflege.tuwien.ac.at\/wp-content\/uploads\/2023\/04\/Kachel-Startseite-Atlas-768x1145.jpg 768w, https:\/\/denkmalpflege.tuwien.ac.at\/wp-content\/uploads\/2023\/04\/Kachel-Startseite-Atlas-1031x1536.jpg 1031w, https:\/\/denkmalpflege.tuwien.ac.at\/wp-content\/uploads\/2023\/04\/Kachel-Startseite-Atlas-1374x2048.jpg 1374w, https:\/\/denkmalpflege.tuwien.ac.at\/wp-content\/uploads\/2023\/04\/Kachel-Startseite-Atlas-700x1043.jpg 700w, https:\/\/denkmalpflege.tuwien.ac.at\/wp-content\/uploads\/2023\/04\/Kachel-Startseite-Atlas.jpg 1391w\" sizes=\"(max-width: 687px) 100vw, 687px\" \/>\t\t\t\t\t\t\t\t<\/a>\n\t\t\t\t\t\t\t\t\t\t\t\t\t\t\t<\/div>\n\t\t\t\t<\/div>\n\t\t\t\t<div class=\"elementor-element elementor-element-254c7dd elementor-widget elementor-widget-heading\" data-id=\"254c7dd\" data-element_type=\"widget\" data-widget_type=\"heading.default\">\n\t\t\t\t<div class=\"elementor-widget-container\">\n\t\t\t\t\t<h6 class=\"elementor-heading-title elementor-size-default\"><a href=\"https:\/\/www.degruyter.com\/document\/doi\/10.1515\/9783035625011\/html\" target=\"_blank\">Atlas - Kriegsschadenskarten Deutschland<\/a><\/h6>\t\t\t\t<\/div>\n\t\t\t\t<\/div>\n\t\t\t\t<div class=\"elementor-element elementor-element-bc6b137 elementor-widget elementor-widget-heading\" data-id=\"bc6b137\" data-element_type=\"widget\" data-widget_type=\"heading.default\">\n\t\t\t\t<div class=\"elementor-widget-container\">\n\t\t\t\t\t<p class=\"elementor-heading-title elementor-size-default\"><a href=\"https:\/\/www.degruyter.com\/document\/doi\/10.1515\/9783035625011\/html\">Hrsg. v. Carmen M. Enss und Birgit Knauer\n<\/a><\/p>\t\t\t\t<\/div>\n\t\t\t\t<\/div>\n\t\t\t\t<div class=\"elementor-element elementor-element-954e9a1 elementor-widget elementor-widget-heading\" data-id=\"954e9a1\" data-element_type=\"widget\" data-widget_type=\"heading.default\">\n\t\t\t\t<div class=\"elementor-widget-container\">\n\t\t\t\t\t<p class=\"elementor-heading-title elementor-size-default\"><a href=\"https:\/\/www.degruyter.com\/document\/doi\/10.1515\/9783035625011\/html\">Birkh\u00e4user 2023<\/a><\/p>\t\t\t\t<\/div>\n\t\t\t\t<\/div>\n\t\t\t\t<div class=\"elementor-element elementor-element-d606f5f elementor-button-info elementor-align-left elementor-widget elementor-widget-button\" data-id=\"d606f5f\" data-element_type=\"widget\" data-widget_type=\"button.default\">\n\t\t\t\t<div class=\"elementor-widget-container\">\n\t\t\t\t\t\t\t\t\t<div class=\"elementor-button-wrapper\">\n\t\t\t\t\t<a class=\"elementor-button elementor-button-link elementor-size-sm\" href=\"https:\/\/denkmalpflege.tuwien.ac.at\/index.php\/themenschwerpunkt-denkmalpflege-und-transformation\/\">\n\t\t\t\t\t\t<span class=\"elementor-button-content-wrapper\">\n\t\t\t\t\t\t\t\t\t<span class=\"elementor-button-text\">\/\/  Denkmalpflege und Transformation<\/span>\n\t\t\t\t\t<\/span>\n\t\t\t\t\t<\/a>\n\t\t\t\t<\/div>\n\t\t\t\t\t\t\t\t<\/div>\n\t\t\t\t<\/div>\n\t\t\t\t\t<\/div>\n\t\t<\/div>\n\t\t\t\t<div class=\"elementor-column elementor-col-20 elementor-inner-column elementor-element elementor-element-d0111d2\" data-id=\"d0111d2\" data-element_type=\"column\">\n\t\t\t<div class=\"elementor-widget-wrap elementor-element-populated\">\n\t\t\t\t\t\t<div class=\"elementor-element elementor-element-7d300af elementor-widget elementor-widget-image\" data-id=\"7d300af\" data-element_type=\"widget\" data-widget_type=\"image.default\">\n\t\t\t\t<div class=\"elementor-widget-container\">\n\t\t\t\t\t\t\t\t\t\t\t\t\t\t\t\t<a href=\"https:\/\/www.transcript-verlag.de\/978-3-8376-6493-5\/integritaet-und-kulturelles-erbe\/\">\n\t\t\t\t\t\t\t<img loading=\"lazy\" decoding=\"async\" width=\"687\" height=\"1024\" src=\"https:\/\/denkmalpflege.tuwien.ac.at\/wp-content\/uploads\/2023\/04\/Kachel-Startseite-Integritaet-687x1024.jpg\" class=\"elementor-animation-grow attachment-large size-large wp-image-25758\" alt=\"\" srcset=\"https:\/\/denkmalpflege.tuwien.ac.at\/wp-content\/uploads\/2023\/04\/Kachel-Startseite-Integritaet-687x1024.jpg 687w, https:\/\/denkmalpflege.tuwien.ac.at\/wp-content\/uploads\/2023\/04\/Kachel-Startseite-Integritaet-201x300.jpg 201w, https:\/\/denkmalpflege.tuwien.ac.at\/wp-content\/uploads\/2023\/04\/Kachel-Startseite-Integritaet-768x1145.jpg 768w, https:\/\/denkmalpflege.tuwien.ac.at\/wp-content\/uploads\/2023\/04\/Kachel-Startseite-Integritaet-1031x1536.jpg 1031w, https:\/\/denkmalpflege.tuwien.ac.at\/wp-content\/uploads\/2023\/04\/Kachel-Startseite-Integritaet-1374x2048.jpg 1374w, https:\/\/denkmalpflege.tuwien.ac.at\/wp-content\/uploads\/2023\/04\/Kachel-Startseite-Integritaet-700x1043.jpg 700w, https:\/\/denkmalpflege.tuwien.ac.at\/wp-content\/uploads\/2023\/04\/Kachel-Startseite-Integritaet.jpg 1391w\" sizes=\"(max-width: 687px) 100vw, 687px\" \/>\t\t\t\t\t\t\t\t<\/a>\n\t\t\t\t\t\t\t\t\t\t\t\t\t\t\t<\/div>\n\t\t\t\t<\/div>\n\t\t\t\t<div class=\"elementor-element elementor-element-6f91a58 elementor-widget elementor-widget-heading\" data-id=\"6f91a58\" data-element_type=\"widget\" data-widget_type=\"heading.default\">\n\t\t\t\t<div class=\"elementor-widget-container\">\n\t\t\t\t\t<h6 class=\"elementor-heading-title elementor-size-default\"><a href=\"https:\/\/www.transcript-verlag.de\/978-3-8376-6493-5\/integritaet-und-kulturelles-erbe\/\">Integrit\u00e4t und kulturelles Erbe - Das Bed\u00fcrfnis nach Unversehrtheit und Eindeutigkeit in den Denkmalwissenschaften<\/a><\/h6>\t\t\t\t<\/div>\n\t\t\t\t<\/div>\n\t\t\t\t<div class=\"elementor-element elementor-element-b049d94 elementor-widget elementor-widget-heading\" data-id=\"b049d94\" data-element_type=\"widget\" data-widget_type=\"heading.default\">\n\t\t\t\t<div class=\"elementor-widget-container\">\n\t\t\t\t\t<p class=\"elementor-heading-title elementor-size-default\"><a href=\"https:\/\/www.transcript-verlag.de\/978-3-8376-6493-5\/integritaet-und-kulturelles-erbe\/\">Sophie Stackmann\n<\/a><\/p>\t\t\t\t<\/div>\n\t\t\t\t<\/div>\n\t\t\t\t<div class=\"elementor-element elementor-element-0d54b3a elementor-widget elementor-widget-heading\" data-id=\"0d54b3a\" data-element_type=\"widget\" data-widget_type=\"heading.default\">\n\t\t\t\t<div class=\"elementor-widget-container\">\n\t\t\t\t\t<p class=\"elementor-heading-title elementor-size-default\"><a href=\"https:\/\/www.transcript-verlag.de\/978-3-8376-6493-5\/integritaet-und-kulturelles-erbe\/\">transcript 2022<\/a><\/p>\t\t\t\t<\/div>\n\t\t\t\t<\/div>\n\t\t\t\t<div class=\"elementor-element elementor-element-fd26668 elementor-button-info elementor-align-left elementor-widget elementor-widget-button\" data-id=\"fd26668\" data-element_type=\"widget\" data-widget_type=\"button.default\">\n\t\t\t\t<div class=\"elementor-widget-container\">\n\t\t\t\t\t\t\t\t\t<div class=\"elementor-button-wrapper\">\n\t\t\t\t\t<a class=\"elementor-button elementor-button-link elementor-size-sm\" href=\"https:\/\/denkmalpflege.tuwien.ac.at\/index.php\/themenschwerpunkt-aneignung-kulturellen-erbes\/\">\n\t\t\t\t\t\t<span class=\"elementor-button-content-wrapper\">\n\t\t\t\t\t\t\t\t\t<span class=\"elementor-button-text\">\/\/ Aneignung kulturellen Erbes<\/span>\n\t\t\t\t\t<\/span>\n\t\t\t\t\t<\/a>\n\t\t\t\t<\/div>\n\t\t\t\t\t\t\t\t<\/div>\n\t\t\t\t<\/div>\n\t\t\t\t\t<\/div>\n\t\t<\/div>\n\t\t\t\t<div class=\"elementor-column elementor-col-20 elementor-inner-column elementor-element elementor-element-43b1db6\" data-id=\"43b1db6\" data-element_type=\"column\">\n\t\t\t<div class=\"elementor-widget-wrap elementor-element-populated\">\n\t\t\t\t\t\t<div class=\"elementor-element elementor-element-9ff6124 elementor-widget elementor-widget-image\" data-id=\"9ff6124\" data-element_type=\"widget\" data-widget_type=\"image.default\">\n\t\t\t\t<div class=\"elementor-widget-container\">\n\t\t\t\t\t\t\t\t\t\t\t\t\t\t\t\t<a href=\"https:\/\/urbanophil.net\/verlag\/kollektiv\/\">\n\t\t\t\t\t\t\t<img loading=\"lazy\" decoding=\"async\" width=\"687\" height=\"1024\" src=\"https:\/\/denkmalpflege.tuwien.ac.at\/wp-content\/uploads\/2023\/04\/Kachel-Startseite-kollektiv-1-687x1024.jpg\" class=\"elementor-animation-grow attachment-large size-large wp-image-25756\" alt=\"\" srcset=\"https:\/\/denkmalpflege.tuwien.ac.at\/wp-content\/uploads\/2023\/04\/Kachel-Startseite-kollektiv-1-687x1024.jpg 687w, https:\/\/denkmalpflege.tuwien.ac.at\/wp-content\/uploads\/2023\/04\/Kachel-Startseite-kollektiv-1-201x300.jpg 201w, https:\/\/denkmalpflege.tuwien.ac.at\/wp-content\/uploads\/2023\/04\/Kachel-Startseite-kollektiv-1-768x1145.jpg 768w, https:\/\/denkmalpflege.tuwien.ac.at\/wp-content\/uploads\/2023\/04\/Kachel-Startseite-kollektiv-1-1031x1536.jpg 1031w, https:\/\/denkmalpflege.tuwien.ac.at\/wp-content\/uploads\/2023\/04\/Kachel-Startseite-kollektiv-1-1374x2048.jpg 1374w, https:\/\/denkmalpflege.tuwien.ac.at\/wp-content\/uploads\/2023\/04\/Kachel-Startseite-kollektiv-1-700x1043.jpg 700w, https:\/\/denkmalpflege.tuwien.ac.at\/wp-content\/uploads\/2023\/04\/Kachel-Startseite-kollektiv-1.jpg 1391w\" sizes=\"(max-width: 687px) 100vw, 687px\" \/>\t\t\t\t\t\t\t\t<\/a>\n\t\t\t\t\t\t\t\t\t\t\t\t\t\t\t<\/div>\n\t\t\t\t<\/div>\n\t\t\t\t<div class=\"elementor-element elementor-element-18d16b8 elementor-widget elementor-widget-heading\" data-id=\"18d16b8\" data-element_type=\"widget\" data-widget_type=\"heading.default\">\n\t\t\t\t<div class=\"elementor-widget-container\">\n\t\t\t\t\t<h6 class=\"elementor-heading-title elementor-size-default\"><a href=\"https:\/\/urbanophil.net\/verlag\/kollektiv\/\" target=\"_blank\">Das Kollektiv - Formen und Vorstellungen gemeinschaftlicher Architekturproduktion in der DDR<\/a><\/h6>\t\t\t\t<\/div>\n\t\t\t\t<\/div>\n\t\t\t\t<div class=\"elementor-element elementor-element-f343fce elementor-widget elementor-widget-heading\" data-id=\"f343fce\" data-element_type=\"widget\" data-widget_type=\"heading.default\">\n\t\t\t\t<div class=\"elementor-widget-container\">\n\t\t\t\t\t<p class=\"elementor-heading-title elementor-size-default\"><a href=\"https:\/\/urbanophil.net\/verlag\/kollektiv\/\">Hrsg. v. Stephanie Herold, Harald Engler, Stefanie Br\u00fcnenberg, Sophie Stackmann, Scarlett Wilks, Dirk Florian Fordtran<\/a><\/p>\t\t\t\t<\/div>\n\t\t\t\t<\/div>\n\t\t\t\t<div class=\"elementor-element elementor-element-e8ecb20 elementor-widget elementor-widget-heading\" data-id=\"e8ecb20\" data-element_type=\"widget\" data-widget_type=\"heading.default\">\n\t\t\t\t<div class=\"elementor-widget-container\">\n\t\t\t\t\t<p class=\"elementor-heading-title elementor-size-default\"><a href=\"https:\/\/urbanophil.net\/verlag\/kollektiv\/\">Urbanophil 2022<\/a><\/p>\t\t\t\t<\/div>\n\t\t\t\t<\/div>\n\t\t\t\t<div class=\"elementor-element elementor-element-ddfc838 elementor-button-info elementor-align-left elementor-widget elementor-widget-button\" data-id=\"ddfc838\" data-element_type=\"widget\" data-widget_type=\"button.default\">\n\t\t\t\t<div class=\"elementor-widget-container\">\n\t\t\t\t\t\t\t\t\t<div class=\"elementor-button-wrapper\">\n\t\t\t\t\t<a class=\"elementor-button elementor-button-link elementor-size-sm\" href=\"https:\/\/denkmalpflege.tuwien.ac.at\/index.php\/themenschwerpunkt-aneignung-kulturellen-erbes\/\">\n\t\t\t\t\t\t<span class=\"elementor-button-content-wrapper\">\n\t\t\t\t\t\t\t\t\t<span class=\"elementor-button-text\">\/\/ Aneignung kulturellen Erbes<\/span>\n\t\t\t\t\t<\/span>\n\t\t\t\t\t<\/a>\n\t\t\t\t<\/div>\n\t\t\t\t\t\t\t\t<\/div>\n\t\t\t\t<\/div>\n\t\t\t\t\t<\/div>\n\t\t<\/div>\n\t\t\t\t\t<\/div>\n\t\t<\/section>\n\t\t\t\t<section class=\"elementor-section elementor-inner-section elementor-element elementor-element-3fa9661 elementor-section-full_width elementor-hidden-phone elementor-section-height-default elementor-section-height-default\" data-id=\"3fa9661\" data-element_type=\"section\">\n\t\t\t\t\t\t<div class=\"elementor-container elementor-column-gap-default\">\n\t\t\t\t\t<div class=\"elementor-column elementor-col-20 elementor-inner-column elementor-element elementor-element-947e1ae\" data-id=\"947e1ae\" data-element_type=\"column\">\n\t\t\t<div class=\"elementor-widget-wrap elementor-element-populated\">\n\t\t\t\t\t\t<div class=\"elementor-element elementor-element-576fd55 elementor-widget elementor-widget-image\" data-id=\"576fd55\" data-element_type=\"widget\" data-widget_type=\"image.default\">\n\t\t\t\t<div class=\"elementor-widget-container\">\n\t\t\t\t\t\t\t\t\t\t\t\t\t\t\t\t<a href=\"https:\/\/www.degruyter.com\/document\/doi\/10.1515\/9783035623802\/html\">\n\t\t\t\t\t\t\t<img loading=\"lazy\" decoding=\"async\" width=\"687\" height=\"1024\" src=\"https:\/\/denkmalpflege.tuwien.ac.at\/wp-content\/uploads\/2023\/04\/Kachel-Startseite-Gesunde-Stadt-687x1024.jpg\" class=\"elementor-animation-grow attachment-large size-large wp-image-25759\" alt=\"\" srcset=\"https:\/\/denkmalpflege.tuwien.ac.at\/wp-content\/uploads\/2023\/04\/Kachel-Startseite-Gesunde-Stadt-687x1024.jpg 687w, https:\/\/denkmalpflege.tuwien.ac.at\/wp-content\/uploads\/2023\/04\/Kachel-Startseite-Gesunde-Stadt-201x300.jpg 201w, https:\/\/denkmalpflege.tuwien.ac.at\/wp-content\/uploads\/2023\/04\/Kachel-Startseite-Gesunde-Stadt-768x1145.jpg 768w, https:\/\/denkmalpflege.tuwien.ac.at\/wp-content\/uploads\/2023\/04\/Kachel-Startseite-Gesunde-Stadt-1031x1536.jpg 1031w, https:\/\/denkmalpflege.tuwien.ac.at\/wp-content\/uploads\/2023\/04\/Kachel-Startseite-Gesunde-Stadt-1374x2048.jpg 1374w, https:\/\/denkmalpflege.tuwien.ac.at\/wp-content\/uploads\/2023\/04\/Kachel-Startseite-Gesunde-Stadt-700x1043.jpg 700w, https:\/\/denkmalpflege.tuwien.ac.at\/wp-content\/uploads\/2023\/04\/Kachel-Startseite-Gesunde-Stadt.jpg 1391w\" sizes=\"(max-width: 687px) 100vw, 687px\" \/>\t\t\t\t\t\t\t\t<\/a>\n\t\t\t\t\t\t\t\t\t\t\t\t\t\t\t<\/div>\n\t\t\t\t<\/div>\n\t\t\t\t<div class=\"elementor-element elementor-element-4baeb85 elementor-widget elementor-widget-heading\" data-id=\"4baeb85\" data-element_type=\"widget\" data-widget_type=\"heading.default\">\n\t\t\t\t<div class=\"elementor-widget-container\">\n\t\t\t\t\t<h6 class=\"elementor-heading-title elementor-size-default\"><a href=\"https:\/\/www.degruyter.com\/document\/doi\/10.1515\/9783035623802\/html\">Gesunde Stadt - \nDie Assanierung der Stadt Wien (1934\u20131938)<\/a><\/h6>\t\t\t\t<\/div>\n\t\t\t\t<\/div>\n\t\t\t\t<div class=\"elementor-element elementor-element-fade5dc elementor-widget elementor-widget-heading\" data-id=\"fade5dc\" data-element_type=\"widget\" data-widget_type=\"heading.default\">\n\t\t\t\t<div class=\"elementor-widget-container\">\n\t\t\t\t\t<p class=\"elementor-heading-title elementor-size-default\"><a href=\"https:\/\/www.degruyter.com\/document\/doi\/10.1515\/9783035623802\/html\">Birgit Knauer\n<\/a><\/p>\t\t\t\t<\/div>\n\t\t\t\t<\/div>\n\t\t\t\t<div class=\"elementor-element elementor-element-21a5612 elementor-widget elementor-widget-heading\" data-id=\"21a5612\" data-element_type=\"widget\" data-widget_type=\"heading.default\">\n\t\t\t\t<div class=\"elementor-widget-container\">\n\t\t\t\t\t<p class=\"elementor-heading-title elementor-size-default\"><a href=\"https:\/\/www.degruyter.com\/document\/doi\/10.1515\/9783035623802\/html\">Birkh\u00e4user 2022<\/a><\/p>\t\t\t\t<\/div>\n\t\t\t\t<\/div>\n\t\t\t\t<div class=\"elementor-element elementor-element-2f7289e elementor-button-info elementor-align-left elementor-widget elementor-widget-button\" data-id=\"2f7289e\" data-element_type=\"widget\" data-widget_type=\"button.default\">\n\t\t\t\t<div class=\"elementor-widget-container\">\n\t\t\t\t\t\t\t\t\t<div class=\"elementor-button-wrapper\">\n\t\t\t\t\t<a class=\"elementor-button elementor-button-link elementor-size-sm\" href=\"https:\/\/denkmalpflege.tuwien.ac.at\/index.php\/themenschwerpunkt-denkmalpflege-und-transformation\/\">\n\t\t\t\t\t\t<span class=\"elementor-button-content-wrapper\">\n\t\t\t\t\t\t\t\t\t<span class=\"elementor-button-text\">\/\/  Denkmalpflege und Transformation<\/span>\n\t\t\t\t\t<\/span>\n\t\t\t\t\t<\/a>\n\t\t\t\t<\/div>\n\t\t\t\t\t\t\t\t<\/div>\n\t\t\t\t<\/div>\n\t\t\t\t\t<\/div>\n\t\t<\/div>\n\t\t\t\t<div class=\"elementor-column elementor-col-20 elementor-inner-column elementor-element elementor-element-32aed07\" data-id=\"32aed07\" data-element_type=\"column\">\n\t\t\t<div class=\"elementor-widget-wrap elementor-element-populated\">\n\t\t\t\t\t\t<div class=\"elementor-element elementor-element-5fc8b68 elementor-widget elementor-widget-image\" data-id=\"5fc8b68\" data-element_type=\"widget\" data-widget_type=\"image.default\">\n\t\t\t\t<div class=\"elementor-widget-container\">\n\t\t\t\t\t\t\t\t\t\t\t\t\t\t\t\t<a href=\"https:\/\/www.bebra-wissenschaft.de\/vzgesamt\/titel\/urban-textile-mills.html\">\n\t\t\t\t\t\t\t<img loading=\"lazy\" decoding=\"async\" width=\"687\" height=\"1024\" src=\"https:\/\/denkmalpflege.tuwien.ac.at\/wp-content\/uploads\/2023\/04\/Kachel-Startseite-urban-textile-mills-687x1024.jpg\" class=\"elementor-animation-grow attachment-large size-large wp-image-25804\" alt=\"\" srcset=\"https:\/\/denkmalpflege.tuwien.ac.at\/wp-content\/uploads\/2023\/04\/Kachel-Startseite-urban-textile-mills-687x1024.jpg 687w, https:\/\/denkmalpflege.tuwien.ac.at\/wp-content\/uploads\/2023\/04\/Kachel-Startseite-urban-textile-mills-201x300.jpg 201w, https:\/\/denkmalpflege.tuwien.ac.at\/wp-content\/uploads\/2023\/04\/Kachel-Startseite-urban-textile-mills-768x1145.jpg 768w, https:\/\/denkmalpflege.tuwien.ac.at\/wp-content\/uploads\/2023\/04\/Kachel-Startseite-urban-textile-mills-1031x1536.jpg 1031w, https:\/\/denkmalpflege.tuwien.ac.at\/wp-content\/uploads\/2023\/04\/Kachel-Startseite-urban-textile-mills-1374x2048.jpg 1374w, https:\/\/denkmalpflege.tuwien.ac.at\/wp-content\/uploads\/2023\/04\/Kachel-Startseite-urban-textile-mills-700x1043.jpg 700w, https:\/\/denkmalpflege.tuwien.ac.at\/wp-content\/uploads\/2023\/04\/Kachel-Startseite-urban-textile-mills.jpg 1391w\" sizes=\"(max-width: 687px) 100vw, 687px\" \/>\t\t\t\t\t\t\t\t<\/a>\n\t\t\t\t\t\t\t\t\t\t\t\t\t\t\t<\/div>\n\t\t\t\t<\/div>\n\t\t\t\t<div class=\"elementor-element elementor-element-3a870ea elementor-widget elementor-widget-heading\" data-id=\"3a870ea\" data-element_type=\"widget\" data-widget_type=\"heading.default\">\n\t\t\t\t<div class=\"elementor-widget-container\">\n\t\t\t\t\t<h6 class=\"elementor-heading-title elementor-size-default\"><a href=\"https:\/\/www.bebra-wissenschaft.de\/vzgesamt\/titel\/urban-textile-mills.html\">Urban Textile Mills - Conservation and Conversion<\/a><\/h6>\t\t\t\t<\/div>\n\t\t\t\t<\/div>\n\t\t\t\t<div class=\"elementor-element elementor-element-1fce74f elementor-widget elementor-widget-heading\" data-id=\"1fce74f\" data-element_type=\"widget\" data-widget_type=\"heading.default\">\n\t\t\t\t<div class=\"elementor-widget-container\">\n\t\t\t\t\t<p class=\"elementor-heading-title elementor-size-default\"><a href=\"https:\/\/www.bebra-wissenschaft.de\/vzgesamt\/titel\/urban-textile-mills.html\">Heike Oevermann<\/a><\/p>\t\t\t\t<\/div>\n\t\t\t\t<\/div>\n\t\t\t\t<div class=\"elementor-element elementor-element-6629b88 elementor-widget elementor-widget-heading\" data-id=\"6629b88\" data-element_type=\"widget\" data-widget_type=\"heading.default\">\n\t\t\t\t<div class=\"elementor-widget-container\">\n\t\t\t\t\t<p class=\"elementor-heading-title elementor-size-default\"><a href=\"https:\/\/www.bebra-wissenschaft.de\/vzgesamt\/titel\/urban-textile-mills.html\">BeBra Wissenschaft 2021<\/a><\/p>\t\t\t\t<\/div>\n\t\t\t\t<\/div>\n\t\t\t\t\t<\/div>\n\t\t<\/div>\n\t\t\t\t<div class=\"elementor-column elementor-col-20 elementor-inner-column elementor-element elementor-element-8f398fe\" data-id=\"8f398fe\" data-element_type=\"column\">\n\t\t\t<div class=\"elementor-widget-wrap elementor-element-populated\">\n\t\t\t\t\t\t<div class=\"elementor-element elementor-element-607cad1 elementor-widget__width-auto elementor-widget elementor-widget-image\" data-id=\"607cad1\" data-element_type=\"widget\" data-widget_type=\"image.default\">\n\t\t\t\t<div class=\"elementor-widget-container\">\n\t\t\t\t\t\t\t\t\t\t\t\t\t\t\t\t<a href=\"https:\/\/denkmalpflege.tuwien.ac.at\/index.php\/publikationen\/planungsprozesse-in-der-stadt\/\">\n\t\t\t\t\t\t\t<img loading=\"lazy\" decoding=\"async\" width=\"687\" height=\"1024\" src=\"https:\/\/denkmalpflege.tuwien.ac.at\/wp-content\/uploads\/2026\/01\/Publikation-Planungsprozesse-in-der-Stadt-687x1024.jpg\" class=\"elementor-animation-grow attachment-large size-large wp-image-35279\" alt=\"\" srcset=\"https:\/\/denkmalpflege.tuwien.ac.at\/wp-content\/uploads\/2026\/01\/Publikation-Planungsprozesse-in-der-Stadt-687x1024.jpg 687w, https:\/\/denkmalpflege.tuwien.ac.at\/wp-content\/uploads\/2026\/01\/Publikation-Planungsprozesse-in-der-Stadt-201x300.jpg 201w, https:\/\/denkmalpflege.tuwien.ac.at\/wp-content\/uploads\/2026\/01\/Publikation-Planungsprozesse-in-der-Stadt-768x1145.jpg 768w, https:\/\/denkmalpflege.tuwien.ac.at\/wp-content\/uploads\/2026\/01\/Publikation-Planungsprozesse-in-der-Stadt-1031x1536.jpg 1031w, https:\/\/denkmalpflege.tuwien.ac.at\/wp-content\/uploads\/2026\/01\/Publikation-Planungsprozesse-in-der-Stadt-1374x2048.jpg 1374w, https:\/\/denkmalpflege.tuwien.ac.at\/wp-content\/uploads\/2026\/01\/Publikation-Planungsprozesse-in-der-Stadt-700x1043.jpg 700w, https:\/\/denkmalpflege.tuwien.ac.at\/wp-content\/uploads\/2026\/01\/Publikation-Planungsprozesse-in-der-Stadt-scaled.jpg 1718w\" sizes=\"(max-width: 687px) 100vw, 687px\" \/>\t\t\t\t\t\t\t\t<\/a>\n\t\t\t\t\t\t\t\t\t\t\t\t\t\t\t<\/div>\n\t\t\t\t<\/div>\n\t\t\t\t<div class=\"elementor-element elementor-element-f5b6003 elementor-widget elementor-widget-heading\" data-id=\"f5b6003\" data-element_type=\"widget\" data-widget_type=\"heading.default\">\n\t\t\t\t<div class=\"elementor-widget-container\">\n\t\t\t\t\t<h6 class=\"elementor-heading-title elementor-size-default\"><a href=\"https:\/\/denkmalpflege.tuwien.ac.at\/index.php\/publikationen\/planungsprozesse-in-der-stadt\/\" target=\"_blank\">Planungsprozesse in der Stadt: die synchrone Diskursanalyse<\/a><\/h6>\t\t\t\t<\/div>\n\t\t\t\t<\/div>\n\t\t\t\t<div class=\"elementor-element elementor-element-5c1ba39 elementor-widget elementor-widget-heading\" data-id=\"5c1ba39\" data-element_type=\"widget\" data-widget_type=\"heading.default\">\n\t\t\t\t<div class=\"elementor-widget-container\">\n\t\t\t\t\t<p class=\"elementor-heading-title elementor-size-default\"><a href=\"https:\/\/denkmalpflege.tuwien.ac.at\/index.php\/publikationen\/planungsprozesse-in-der-stadt\/\">Harald A. Mieg und Heike Oevermann\n<\/a><\/p>\t\t\t\t<\/div>\n\t\t\t\t<\/div>\n\t\t\t\t<div class=\"elementor-element elementor-element-5a3e8be elementor-widget elementor-widget-heading\" data-id=\"5a3e8be\" data-element_type=\"widget\" data-widget_type=\"heading.default\">\n\t\t\t\t<div class=\"elementor-widget-container\">\n\t\t\t\t\t<p class=\"elementor-heading-title elementor-size-default\"><a href=\"https:\/\/denkmalpflege.tuwien.ac.at\/index.php\/publikationen\/planungsprozesse-in-der-stadt\/\">vdf Hochschulverlag 2015<\/a><\/p>\t\t\t\t<\/div>\n\t\t\t\t<\/div>\n\t\t\t\t\t<\/div>\n\t\t<\/div>\n\t\t\t\t<div class=\"elementor-column elementor-col-20 elementor-inner-column elementor-element elementor-element-65db1ec\" data-id=\"65db1ec\" data-element_type=\"column\">\n\t\t\t<div class=\"elementor-widget-wrap\">\n\t\t\t\t\t\t\t<\/div>\n\t\t<\/div>\n\t\t\t\t<div class=\"elementor-column elementor-col-20 elementor-inner-column elementor-element elementor-element-40f612f\" data-id=\"40f612f\" data-element_type=\"column\">\n\t\t\t<div class=\"elementor-widget-wrap\">\n\t\t\t\t\t\t\t<\/div>\n\t\t<\/div>\n\t\t\t\t\t<\/div>\n\t\t<\/section>\n\t\t\t\t\t<\/div>\n\t\t<\/div>\n\t\t\t\t\t<\/div>\n\t\t<\/section>\n\t\t\t\t<\/div>\n\t\t","protected":false},"excerpt":{"rendered":"<p>MONTAGS UM 5 Vortragsreihe Montag, 17:00 Uhr, H\u00f6rsaal 6 16.03.2026 Anna Luib 27.04.2026 Jan Engelke 11.05.2026 Timo Bogataj, Sarah Klimbacher Werkstatt architekturforschung Werkstatt Architekturforschung #33 Stefanie Br\u00fcnenberg Umgebaut, umgedeutet, umstritten? Der Wert der DDR-Architektur nach 1989\/90Fr\u00fchling\/Sommer 2026 Lehre Sommersemester 2026 \u00dcberblick der Lehrveranstaltungen im Sommersemester 2026 am Forschungsbereich Denkmalpflege und Bauen im Bestand. 20th Century Houing Heritage in Europe: Conserving, Participating and Adapting 20th Century Housing Heritage in Europe Conference<\/p>\n<div class=\"belowpost\"><a class=\"btnmore icon-arrow\" href=\"https:\/\/denkmalpflege.tuwien.ac.at\/\"><span>Read More<\/span><\/a><\/div>\n","protected":false},"author":1,"featured_media":0,"parent":0,"menu_order":0,"comment_status":"closed","ping_status":"closed","template":"","meta":{"footnotes":""},"class_list":["post-18737","page","type-page","status-publish","hentry"],"yoast_head":"<!-- This site is optimized with the Yoast SEO plugin v26.0 - https:\/\/yoast.com\/wordpress\/plugins\/seo\/ -->\n<title>Forschungsbereich Denkmalpflege und Bauen im Bestand - TU Wien - Denkmalpflege und Bauen im Bestand<\/title>\n<meta name=\"robots\" content=\"index, follow, max-snippet:-1, max-image-preview:large, max-video-preview:-1\" \/>\n<link rel=\"canonical\" href=\"https:\/\/denkmalpflege.tuwien.ac.at\/\" \/>\n<meta property=\"og:locale\" content=\"de_DE\" \/>\n<meta property=\"og:type\" content=\"article\" \/>\n<meta property=\"og:title\" content=\"Forschungsbereich Denkmalpflege und Bauen im Bestand - TU Wien - Denkmalpflege und Bauen im Bestand\" \/>\n<meta property=\"og:description\" content=\"MONTAGS UM 5 Vortragsreihe Montag, 17:00 Uhr, H\u00f6rsaal 6 16.03.2026 Anna Luib 27.04.2026 Jan Engelke 11.05.2026 Timo Bogataj, Sarah Klimbacher Werkstatt architekturforschung Werkstatt Architekturforschung #33 Stefanie Br\u00fcnenberg Umgebaut, umgedeutet, umstritten? Der Wert der DDR-Architektur nach 1989\/90Fr\u00fchling\/Sommer 2026 Lehre Sommersemester 2026 \u00dcberblick der Lehrveranstaltungen im Sommersemester 2026 am Forschungsbereich Denkmalpflege und Bauen im Bestand. 20th Century Houing Heritage in Europe: Conserving, Participating and Adapting 20th Century Housing Heritage in Europe ConferenceRead More\" \/>\n<meta property=\"og:url\" content=\"https:\/\/denkmalpflege.tuwien.ac.at\/\" \/>\n<meta property=\"og:site_name\" content=\"Denkmalpflege und Bauen im Bestand\" \/>\n<meta property=\"article:modified_time\" content=\"2026-04-29T09:18:44+00:00\" \/>\n<meta property=\"og:image\" content=\"http:\/\/denkmalpflege.tuwien.ac.at\/wp-content\/uploads\/2026\/03\/Mo5-ANKUeNDIGUNG-WEBSITE-768x922.jpg\" \/>\n<meta name=\"twitter:card\" content=\"summary_large_image\" \/>\n<meta name=\"twitter:label1\" content=\"Gesch\u00e4tzte Lesezeit\" \/>\n\t<meta name=\"twitter:data1\" content=\"16\u00a0Minuten\" \/>\n<script type=\"application\/ld+json\" class=\"yoast-schema-graph\">{\"@context\":\"https:\/\/schema.org\",\"@graph\":[{\"@type\":\"WebPage\",\"@id\":\"https:\/\/denkmalpflege.tuwien.ac.at\/\",\"url\":\"https:\/\/denkmalpflege.tuwien.ac.at\/\",\"name\":\"Forschungsbereich Denkmalpflege und Bauen im Bestand - TU Wien - Denkmalpflege und Bauen im Bestand\",\"isPartOf\":{\"@id\":\"https:\/\/denkmalpflege.tuwien.ac.at\/#website\"},\"primaryImageOfPage\":{\"@id\":\"https:\/\/denkmalpflege.tuwien.ac.at\/#primaryimage\"},\"image\":{\"@id\":\"https:\/\/denkmalpflege.tuwien.ac.at\/#primaryimage\"},\"thumbnailUrl\":\"http:\/\/denkmalpflege.tuwien.ac.at\/wp-content\/uploads\/2026\/03\/Mo5-ANKUeNDIGUNG-WEBSITE-768x922.jpg\",\"datePublished\":\"2020-09-03T21:54:14+00:00\",\"dateModified\":\"2026-04-29T09:18:44+00:00\",\"breadcrumb\":{\"@id\":\"https:\/\/denkmalpflege.tuwien.ac.at\/#breadcrumb\"},\"inLanguage\":\"de\",\"potentialAction\":[{\"@type\":\"ReadAction\",\"target\":[\"https:\/\/denkmalpflege.tuwien.ac.at\/\"]}]},{\"@type\":\"ImageObject\",\"inLanguage\":\"de\",\"@id\":\"https:\/\/denkmalpflege.tuwien.ac.at\/#primaryimage\",\"url\":\"http:\/\/denkmalpflege.tuwien.ac.at\/wp-content\/uploads\/2026\/03\/Mo5-ANKUeNDIGUNG-WEBSITE-768x922.jpg\",\"contentUrl\":\"http:\/\/denkmalpflege.tuwien.ac.at\/wp-content\/uploads\/2026\/03\/Mo5-ANKUeNDIGUNG-WEBSITE-768x922.jpg\"},{\"@type\":\"BreadcrumbList\",\"@id\":\"https:\/\/denkmalpflege.tuwien.ac.at\/#breadcrumb\",\"itemListElement\":[{\"@type\":\"ListItem\",\"position\":1,\"name\":\"Startseite\",\"item\":\"https:\/\/denkmalpflege.tuwien.ac.at\/\"},{\"@type\":\"ListItem\",\"position\":2,\"name\":\"Forschungsbereich Denkmalpflege und Bauen im Bestand &#8211; TU Wien\"}]},{\"@type\":\"WebSite\",\"@id\":\"https:\/\/denkmalpflege.tuwien.ac.at\/#website\",\"url\":\"https:\/\/denkmalpflege.tuwien.ac.at\/\",\"name\":\"Denkmalpflege und Bauen im Bestand\",\"description\":\"Denkmalpflege TU Wien\",\"publisher\":{\"@id\":\"https:\/\/denkmalpflege.tuwien.ac.at\/#organization\"},\"potentialAction\":[{\"@type\":\"SearchAction\",\"target\":{\"@type\":\"EntryPoint\",\"urlTemplate\":\"https:\/\/denkmalpflege.tuwien.ac.at\/?s={search_term_string}\"},\"query-input\":{\"@type\":\"PropertyValueSpecification\",\"valueRequired\":true,\"valueName\":\"search_term_string\"}}],\"inLanguage\":\"de\"},{\"@type\":\"Organization\",\"@id\":\"https:\/\/denkmalpflege.tuwien.ac.at\/#organization\",\"name\":\"TU Wien Denkmalpflege und Bauen im Bestand\",\"url\":\"https:\/\/denkmalpflege.tuwien.ac.at\/\",\"logo\":{\"@type\":\"ImageObject\",\"inLanguage\":\"de\",\"@id\":\"https:\/\/denkmalpflege.tuwien.ac.at\/#\/schema\/logo\/image\/\",\"url\":\"https:\/\/denkmalpflege.tuwien.ac.at\/wp-content\/uploads\/2019\/10\/Logo1.png\",\"contentUrl\":\"https:\/\/denkmalpflege.tuwien.ac.at\/wp-content\/uploads\/2019\/10\/Logo1.png\",\"width\":222,\"height\":79,\"caption\":\"TU Wien Denkmalpflege und Bauen im Bestand\"},\"image\":{\"@id\":\"https:\/\/denkmalpflege.tuwien.ac.at\/#\/schema\/logo\/image\/\"}}]}<\/script>\n<!-- \/ Yoast SEO plugin. -->","yoast_head_json":{"title":"Forschungsbereich Denkmalpflege und Bauen im Bestand - TU Wien - Denkmalpflege und Bauen im Bestand","robots":{"index":"index","follow":"follow","max-snippet":"max-snippet:-1","max-image-preview":"max-image-preview:large","max-video-preview":"max-video-preview:-1"},"canonical":"https:\/\/denkmalpflege.tuwien.ac.at\/","og_locale":"de_DE","og_type":"article","og_title":"Forschungsbereich Denkmalpflege und Bauen im Bestand - TU Wien - Denkmalpflege und Bauen im Bestand","og_description":"MONTAGS UM 5 Vortragsreihe Montag, 17:00 Uhr, H\u00f6rsaal 6 16.03.2026 Anna Luib 27.04.2026 Jan Engelke 11.05.2026 Timo Bogataj, Sarah Klimbacher Werkstatt architekturforschung Werkstatt Architekturforschung #33 Stefanie Br\u00fcnenberg Umgebaut, umgedeutet, umstritten? Der Wert der DDR-Architektur nach 1989\/90Fr\u00fchling\/Sommer 2026 Lehre Sommersemester 2026 \u00dcberblick der Lehrveranstaltungen im Sommersemester 2026 am Forschungsbereich Denkmalpflege und Bauen im Bestand. 20th Century Houing Heritage in Europe: Conserving, Participating and Adapting 20th Century Housing Heritage in Europe ConferenceRead More","og_url":"https:\/\/denkmalpflege.tuwien.ac.at\/","og_site_name":"Denkmalpflege und Bauen im Bestand","article_modified_time":"2026-04-29T09:18:44+00:00","og_image":[{"url":"http:\/\/denkmalpflege.tuwien.ac.at\/wp-content\/uploads\/2026\/03\/Mo5-ANKUeNDIGUNG-WEBSITE-768x922.jpg","type":"","width":"","height":""}],"twitter_card":"summary_large_image","twitter_misc":{"Gesch\u00e4tzte Lesezeit":"16\u00a0Minuten"},"schema":{"@context":"https:\/\/schema.org","@graph":[{"@type":"WebPage","@id":"https:\/\/denkmalpflege.tuwien.ac.at\/","url":"https:\/\/denkmalpflege.tuwien.ac.at\/","name":"Forschungsbereich Denkmalpflege und Bauen im Bestand - TU Wien - Denkmalpflege und Bauen im Bestand","isPartOf":{"@id":"https:\/\/denkmalpflege.tuwien.ac.at\/#website"},"primaryImageOfPage":{"@id":"https:\/\/denkmalpflege.tuwien.ac.at\/#primaryimage"},"image":{"@id":"https:\/\/denkmalpflege.tuwien.ac.at\/#primaryimage"},"thumbnailUrl":"http:\/\/denkmalpflege.tuwien.ac.at\/wp-content\/uploads\/2026\/03\/Mo5-ANKUeNDIGUNG-WEBSITE-768x922.jpg","datePublished":"2020-09-03T21:54:14+00:00","dateModified":"2026-04-29T09:18:44+00:00","breadcrumb":{"@id":"https:\/\/denkmalpflege.tuwien.ac.at\/#breadcrumb"},"inLanguage":"de","potentialAction":[{"@type":"ReadAction","target":["https:\/\/denkmalpflege.tuwien.ac.at\/"]}]},{"@type":"ImageObject","inLanguage":"de","@id":"https:\/\/denkmalpflege.tuwien.ac.at\/#primaryimage","url":"http:\/\/denkmalpflege.tuwien.ac.at\/wp-content\/uploads\/2026\/03\/Mo5-ANKUeNDIGUNG-WEBSITE-768x922.jpg","contentUrl":"http:\/\/denkmalpflege.tuwien.ac.at\/wp-content\/uploads\/2026\/03\/Mo5-ANKUeNDIGUNG-WEBSITE-768x922.jpg"},{"@type":"BreadcrumbList","@id":"https:\/\/denkmalpflege.tuwien.ac.at\/#breadcrumb","itemListElement":[{"@type":"ListItem","position":1,"name":"Startseite","item":"https:\/\/denkmalpflege.tuwien.ac.at\/"},{"@type":"ListItem","position":2,"name":"Forschungsbereich Denkmalpflege und Bauen im Bestand &#8211; TU Wien"}]},{"@type":"WebSite","@id":"https:\/\/denkmalpflege.tuwien.ac.at\/#website","url":"https:\/\/denkmalpflege.tuwien.ac.at\/","name":"Denkmalpflege und Bauen im Bestand","description":"Denkmalpflege TU Wien","publisher":{"@id":"https:\/\/denkmalpflege.tuwien.ac.at\/#organization"},"potentialAction":[{"@type":"SearchAction","target":{"@type":"EntryPoint","urlTemplate":"https:\/\/denkmalpflege.tuwien.ac.at\/?s={search_term_string}"},"query-input":{"@type":"PropertyValueSpecification","valueRequired":true,"valueName":"search_term_string"}}],"inLanguage":"de"},{"@type":"Organization","@id":"https:\/\/denkmalpflege.tuwien.ac.at\/#organization","name":"TU Wien Denkmalpflege und Bauen im Bestand","url":"https:\/\/denkmalpflege.tuwien.ac.at\/","logo":{"@type":"ImageObject","inLanguage":"de","@id":"https:\/\/denkmalpflege.tuwien.ac.at\/#\/schema\/logo\/image\/","url":"https:\/\/denkmalpflege.tuwien.ac.at\/wp-content\/uploads\/2019\/10\/Logo1.png","contentUrl":"https:\/\/denkmalpflege.tuwien.ac.at\/wp-content\/uploads\/2019\/10\/Logo1.png","width":222,"height":79,"caption":"TU Wien Denkmalpflege und Bauen im Bestand"},"image":{"@id":"https:\/\/denkmalpflege.tuwien.ac.at\/#\/schema\/logo\/image\/"}}]}},"_links":{"self":[{"href":"https:\/\/denkmalpflege.tuwien.ac.at\/index.php\/wp-json\/wp\/v2\/pages\/18737","targetHints":{"allow":["GET"]}}],"collection":[{"href":"https:\/\/denkmalpflege.tuwien.ac.at\/index.php\/wp-json\/wp\/v2\/pages"}],"about":[{"href":"https:\/\/denkmalpflege.tuwien.ac.at\/index.php\/wp-json\/wp\/v2\/types\/page"}],"author":[{"embeddable":true,"href":"https:\/\/denkmalpflege.tuwien.ac.at\/index.php\/wp-json\/wp\/v2\/users\/1"}],"replies":[{"embeddable":true,"href":"https:\/\/denkmalpflege.tuwien.ac.at\/index.php\/wp-json\/wp\/v2\/comments?post=18737"}],"version-history":[{"count":1745,"href":"https:\/\/denkmalpflege.tuwien.ac.at\/index.php\/wp-json\/wp\/v2\/pages\/18737\/revisions"}],"predecessor-version":[{"id":36316,"href":"https:\/\/denkmalpflege.tuwien.ac.at\/index.php\/wp-json\/wp\/v2\/pages\/18737\/revisions\/36316"}],"wp:attachment":[{"href":"https:\/\/denkmalpflege.tuwien.ac.at\/index.php\/wp-json\/wp\/v2\/media?parent=18737"}],"curies":[{"name":"wp","href":"https:\/\/api.w.org\/{rel}","templated":true}]}}