{"id":17001,"date":"2019-12-10T13:16:36","date_gmt":"2019-12-10T12:16:36","guid":{"rendered":"http:\/\/denkmalpflege.tuwien.ac.at\/?page_id=17001"},"modified":"2023-10-22T13:27:59","modified_gmt":"2023-10-22T11:27:59","slug":"florian-fenz","status":"publish","type":"page","link":"https:\/\/denkmalpflege.tuwien.ac.at\/index.php\/florian-fenz\/","title":{"rendered":"Florian Fenz"},"content":{"rendered":"\t\t<div data-elementor-type=\"wp-page\" data-elementor-id=\"17001\" class=\"elementor elementor-17001\" data-elementor-post-type=\"page\">\n\t\t\t\t\t\t<section class=\"elementor-section elementor-top-section elementor-element elementor-element-5a912c03 elementor-section-full_width elementor-section-height-default elementor-section-height-default\" data-id=\"5a912c03\" data-element_type=\"section\">\n\t\t\t\t\t\t<div class=\"elementor-container elementor-column-gap-default\">\n\t\t\t\t\t<div class=\"elementor-column elementor-col-100 elementor-top-column elementor-element elementor-element-734da754\" data-id=\"734da754\" data-element_type=\"column\">\n\t\t\t<div class=\"elementor-widget-wrap elementor-element-populated\">\n\t\t\t\t\t\t<div class=\"elementor-element elementor-element-69ff22bd elementor-widget elementor-widget-heading\" data-id=\"69ff22bd\" data-element_type=\"widget\" data-widget_type=\"heading.default\">\n\t\t\t\t<div class=\"elementor-widget-container\">\n\t\t\t\t\t<h2 class=\"elementor-heading-title elementor-size-default\">Florian Fenz<span style=\"float: right\"> 2021<\/span>\n<\/h2>\t\t\t\t<\/div>\n\t\t\t\t<\/div>\n\t\t\t\t\t<\/div>\n\t\t<\/div>\n\t\t\t\t\t<\/div>\n\t\t<\/section>\n\t\t\t\t<section class=\"elementor-section elementor-top-section elementor-element elementor-element-3edb9697 elementor-section-full_width elementor-section-height-default elementor-section-height-default\" data-id=\"3edb9697\" data-element_type=\"section\">\n\t\t\t\t\t\t<div class=\"elementor-container elementor-column-gap-default\">\n\t\t\t\t\t<div class=\"elementor-column elementor-col-100 elementor-top-column elementor-element elementor-element-7d8c4d43\" data-id=\"7d8c4d43\" data-element_type=\"column\">\n\t\t\t<div class=\"elementor-widget-wrap elementor-element-populated\">\n\t\t\t\t\t\t<div class=\"elementor-element elementor-element-788ae304 elementor-widget elementor-widget-text-editor\" data-id=\"788ae304\" data-element_type=\"widget\" data-widget_type=\"text-editor.default\">\n\t\t\t\t<div class=\"elementor-widget-container\">\n\t\t\t\t\t\t\t\t\t\n<h4>\nMagazin: Geschichte, Bestandsaufnahme und Nachnutzung der Petroleumraffinerie Dr\u00f6sing\/h4>\t\t\t\t\t\t\t\t<\/div>\n\t\t\t\t<\/div>\n\t\t\t\t<div class=\"elementor-element elementor-element-5413c7e9 elementor-widget elementor-widget-spacer\" data-id=\"5413c7e9\" data-element_type=\"widget\" data-widget_type=\"spacer.default\">\n\t\t\t\t<div class=\"elementor-widget-container\">\n\t\t\t\t\t\t\t<div class=\"elementor-spacer\">\n\t\t\t<div class=\"elementor-spacer-inner\"><\/div>\n\t\t<\/div>\n\t\t\t\t\t\t<\/div>\n\t\t\t\t<\/div>\n\t\t\t\t<div class=\"elementor-element elementor-element-24152504 silde_dipl elementor-arrows-position-inside elementor-widget elementor-widget-image-carousel\" data-id=\"24152504\" data-element_type=\"widget\" data-settings=\"{&quot;slides_to_show&quot;:&quot;1&quot;,&quot;navigation&quot;:&quot;arrows&quot;,&quot;autoplay&quot;:&quot;no&quot;,&quot;infinite&quot;:&quot;yes&quot;,&quot;effect&quot;:&quot;slide&quot;,&quot;speed&quot;:500}\" data-widget_type=\"image-carousel.default\">\n\t\t\t\t<div class=\"elementor-widget-container\">\n\t\t\t\t\t\t\t<div class=\"elementor-image-carousel-wrapper swiper\" role=\"region\" aria-roledescription=\"carousel\" aria-label=\"Bild Karussell\" dir=\"ltr\">\n\t\t\t<div class=\"elementor-image-carousel swiper-wrapper\" aria-live=\"polite\">\n\t\t\t\t\t\t\t\t<div class=\"swiper-slide\" role=\"group\" aria-roledescription=\"slide\" aria-label=\"1 von 3\"><a data-elementor-open-lightbox=\"yes\" data-elementor-lightbox-slideshow=\"24152504\" data-elementor-lightbox-title=\"Ansicht der ehemaligen Petroleumraffinerie Dr\u00f6sing, Aufnahme zwischen 1927-1937 entstanden\" data-e-action-hash=\"#elementor-action%3Aaction%3Dlightbox%26settings%3DeyJpZCI6MTUyMzEsInVybCI6Imh0dHBzOlwvXC9kZW5rbWFscGZsZWdlLnR1d2llbi5hYy5hdFwvd3AtY29udGVudFwvdXBsb2Fkc1wvMjAxOVwvMTBcL2ZlbnotZ3JvXHUwMGRmMi5qcGciLCJzbGlkZXNob3ciOiIyNDE1MjUwNCJ9\" href=\"https:\/\/denkmalpflege.tuwien.ac.at\/wp-content\/uploads\/2019\/10\/fenz-gro\u00df2.jpg\"><figure class=\"swiper-slide-inner\"><img decoding=\"async\" class=\"swiper-slide-image\" src=\"https:\/\/denkmalpflege.tuwien.ac.at\/wp-content\/uploads\/2019\/10\/fenz-gro\u00df2.jpg\" alt=\"Ansicht der ehemaligen Petroleumraffinerie Dr\u00f6sing, Aufnahme zwischen 1927-1937 entstanden\" \/><figcaption class=\"elementor-image-carousel-caption\">Ansicht der ehemaligen Petroleumraffinerie Dr\u00f6sing, Aufnahme zwischen 1927-1937 entstanden<\/figcaption><\/figure><\/a><\/div><div class=\"swiper-slide\" role=\"group\" aria-roledescription=\"slide\" aria-label=\"2 von 3\"><a data-elementor-open-lightbox=\"yes\" data-elementor-lightbox-slideshow=\"24152504\" data-elementor-lightbox-title=\"S\u00fcdansicht vom ehemaligen Magazin, 2019 | Nordansicht vom ehemaligen Magazin, 2019\" data-e-action-hash=\"#elementor-action%3Aaction%3Dlightbox%26settings%3DeyJpZCI6MTUyMzAsInVybCI6Imh0dHBzOlwvXC9kZW5rbWFscGZsZWdlLnR1d2llbi5hYy5hdFwvd3AtY29udGVudFwvdXBsb2Fkc1wvMjAxOVwvMTBcL2ZlbnotZ3JvXHUwMGRmMS5qcGciLCJzbGlkZXNob3ciOiIyNDE1MjUwNCJ9\" href=\"https:\/\/denkmalpflege.tuwien.ac.at\/wp-content\/uploads\/2019\/10\/fenz-gro\u00df1.jpg\"><figure class=\"swiper-slide-inner\"><img decoding=\"async\" class=\"swiper-slide-image\" src=\"https:\/\/denkmalpflege.tuwien.ac.at\/wp-content\/uploads\/2019\/10\/fenz-gro\u00df1.jpg\" alt=\"S\u00fcdansicht vom ehemaligen Magazin, 2019 | Nordansicht vom ehemaligen Magazin, 2019\" \/><figcaption class=\"elementor-image-carousel-caption\">S\u00fcdansicht vom ehemaligen Magazin, 2019 | Nordansicht vom ehemaligen Magazin, 2019<\/figcaption><\/figure><\/a><\/div><div class=\"swiper-slide\" role=\"group\" aria-roledescription=\"slide\" aria-label=\"3 von 3\"><a data-elementor-open-lightbox=\"yes\" data-elementor-lightbox-slideshow=\"24152504\" data-elementor-lightbox-title=\"Innenansicht vom ehemaligen Magazin, 2. OG, 2019 | Innenansicht vom ehemaligen Magazin, 1.OG, 2019\" data-e-action-hash=\"#elementor-action%3Aaction%3Dlightbox%26settings%3DeyJpZCI6MTUyMzIsInVybCI6Imh0dHBzOlwvXC9kZW5rbWFscGZsZWdlLnR1d2llbi5hYy5hdFwvd3AtY29udGVudFwvdXBsb2Fkc1wvMjAxOVwvMTBcL2ZlbnotZ3JvXHUwMGRmMy5qcGciLCJzbGlkZXNob3ciOiIyNDE1MjUwNCJ9\" href=\"https:\/\/denkmalpflege.tuwien.ac.at\/wp-content\/uploads\/2019\/10\/fenz-gro\u00df3.jpg\"><figure class=\"swiper-slide-inner\"><img decoding=\"async\" class=\"swiper-slide-image\" src=\"https:\/\/denkmalpflege.tuwien.ac.at\/wp-content\/uploads\/2019\/10\/fenz-gro\u00df3.jpg\" alt=\"Innenansicht vom ehemaligen Magazin, 2. OG, 2019 | Innenansicht vom ehemaligen Magazin, 1.OG, 2019\" \/><figcaption class=\"elementor-image-carousel-caption\">Innenansicht vom ehemaligen Magazin, 2. OG, 2019 | Innenansicht vom ehemaligen Magazin, 1.OG, 2019<\/figcaption><\/figure><\/a><\/div>\t\t\t<\/div>\n\t\t\t\t\t\t\t\t\t\t\t\t<div class=\"elementor-swiper-button elementor-swiper-button-prev\" role=\"button\" tabindex=\"0\">\n\t\t\t\t\t\t<i aria-hidden=\"true\" class=\"eicon-chevron-left\"><\/i>\t\t\t\t\t<\/div>\n\t\t\t\t\t<div class=\"elementor-swiper-button elementor-swiper-button-next\" role=\"button\" tabindex=\"0\">\n\t\t\t\t\t\t<i aria-hidden=\"true\" class=\"eicon-chevron-right\"><\/i>\t\t\t\t\t<\/div>\n\t\t\t\t\n\t\t\t\t\t\t\t\t\t<\/div>\n\t\t\t\t\t\t<\/div>\n\t\t\t\t<\/div>\n\t\t\t\t<div class=\"elementor-element elementor-element-2fe0aa1f elementor-widget elementor-widget-spacer\" data-id=\"2fe0aa1f\" data-element_type=\"widget\" data-widget_type=\"spacer.default\">\n\t\t\t\t<div class=\"elementor-widget-container\">\n\t\t\t\t\t\t\t<div class=\"elementor-spacer\">\n\t\t\t<div class=\"elementor-spacer-inner\"><\/div>\n\t\t<\/div>\n\t\t\t\t\t\t<\/div>\n\t\t\t\t<\/div>\n\t\t\t\t<div class=\"elementor-element elementor-element-7c8d6598 elementor-widget elementor-widget-text-editor\" data-id=\"7c8d6598\" data-element_type=\"widget\" data-widget_type=\"text-editor.default\">\n\t\t\t\t<div class=\"elementor-widget-container\">\n\t\t\t\t\t\t\t\t\t<p>Gegen Ende des 19. Jahrhunderts gr\u00fcndeten die Linzer Kaufleute Friedrich Tscherne und Wilhelm Kanturek eine Petroleumraffinerie in Dr\u00f6sing. Der Standort neben der Kaiser Ferdinands-Nordbahn lag f\u00fcr die Anlieferung der Rohstoffe aus Galizien sowie den Weitertransport der erzeugten Produkte nach Wien sehr g\u00fcnstig, da die Fracht innerhalb einer Strecke bef\u00f6rdert und bearbeitet werden konnte. Nach dem Ersten Weltkrieg ver\u00e4nderten sich jedoch die territorialen und wirtschaftlichen Verh\u00e4ltnisse grundlegend und die einst gute Lage entwickelte sich zum Nachteil. Die Dr\u00f6singer Raffinerie wurde zum Sorgenkind der neuen Eigent\u00fcmer, konnte zeitweise verpachtet werden und wurde 1937 schlie\u00dflich stillgelegt und stellenweise demontiert. Heute sind noch das Verwaltungs- und Direktionsgeb\u00e4ude, ein Wohnhaus sowie das ehemalige Fabriksmagazin vorhanden. Letzteres ist zum Teil stark besch\u00e4digt und wird derzeit nicht wirklich genutzt.<\/p><p>In der Diplomarbeit soll der historische Hintergrund der Dr\u00f6singer Raffinerie und ihrer Umgebung erforscht und der Bestand dokumentiert werden. Anschlie\u00dfend soll f\u00fcr das Areal, im Besonderen f\u00fcr das ehemalige Magazin, ein Nutzungs- und Sanierungskonzept in Form eines konkreten Entwurfes erstellt werden.<\/p>\t\t\t\t\t\t\t\t<\/div>\n\t\t\t\t<\/div>\n\t\t\t\t\t<\/div>\n\t\t<\/div>\n\t\t\t\t\t<\/div>\n\t\t<\/section>\n\t\t\t\t<\/div>\n\t\t","protected":false},"excerpt":{"rendered":"<p>Florian Fenz 2021 Magazin: Geschichte, Bestandsaufnahme und Nachnutzung der Petroleumraffinerie Dr\u00f6sing\/h4> Ansicht der ehemaligen Petroleumraffinerie Dr\u00f6sing, Aufnahme zwischen 1927-1937 entstanden S\u00fcdansicht vom ehemaligen Magazin, 2019 | Nordansicht vom ehemaligen Magazin, 2019 Innenansicht vom ehemaligen Magazin, 2. OG, 2019 | Innenansicht vom ehemaligen Magazin, 1.OG, 2019 Gegen Ende des 19. Jahrhunderts gr\u00fcndeten die Linzer Kaufleute Friedrich Tscherne und Wilhelm Kanturek eine Petroleumraffinerie in Dr\u00f6sing. Der Standort neben der Kaiser Ferdinands-Nordbahn lag<\/p>\n<div class=\"belowpost\"><a class=\"btnmore icon-arrow\" href=\"https:\/\/denkmalpflege.tuwien.ac.at\/index.php\/florian-fenz\/\"><span>Read More<\/span><\/a><\/div>\n","protected":false},"author":1,"featured_media":0,"parent":0,"menu_order":0,"comment_status":"closed","ping_status":"closed","template":"","meta":{"footnotes":""},"class_list":["post-17001","page","type-page","status-publish","hentry"],"yoast_head":"<!-- This site is optimized with the Yoast SEO plugin v26.0 - https:\/\/yoast.com\/wordpress\/plugins\/seo\/ -->\n<title>Florian Fenz - Denkmalpflege und Bauen im Bestand<\/title>\n<meta name=\"robots\" content=\"index, follow, max-snippet:-1, max-image-preview:large, max-video-preview:-1\" \/>\n<link rel=\"canonical\" href=\"https:\/\/denkmalpflege.tuwien.ac.at\/index.php\/florian-fenz\/\" \/>\n<meta property=\"og:locale\" content=\"de_DE\" \/>\n<meta property=\"og:type\" content=\"article\" \/>\n<meta property=\"og:title\" content=\"Florian Fenz - Denkmalpflege und Bauen im Bestand\" \/>\n<meta property=\"og:description\" content=\"Florian Fenz 2021 Magazin: Geschichte, Bestandsaufnahme und Nachnutzung der Petroleumraffinerie Dr\u00f6sing\/h4&gt; Ansicht der ehemaligen Petroleumraffinerie Dr\u00f6sing, Aufnahme zwischen 1927-1937 entstanden S\u00fcdansicht vom ehemaligen Magazin, 2019 | Nordansicht vom ehemaligen Magazin, 2019 Innenansicht vom ehemaligen Magazin, 2. OG, 2019 | Innenansicht vom ehemaligen Magazin, 1.OG, 2019 Gegen Ende des 19. Jahrhunderts gr\u00fcndeten die Linzer Kaufleute Friedrich Tscherne und Wilhelm Kanturek eine Petroleumraffinerie in Dr\u00f6sing. Der Standort neben der Kaiser Ferdinands-Nordbahn lagRead More\" \/>\n<meta property=\"og:url\" content=\"https:\/\/denkmalpflege.tuwien.ac.at\/index.php\/florian-fenz\/\" \/>\n<meta property=\"og:site_name\" content=\"Denkmalpflege und Bauen im Bestand\" \/>\n<meta property=\"article:modified_time\" content=\"2023-10-22T11:27:59+00:00\" \/>\n<meta name=\"twitter:card\" content=\"summary_large_image\" \/>\n<meta name=\"twitter:label1\" content=\"Gesch\u00e4tzte Lesezeit\" \/>\n\t<meta name=\"twitter:data1\" content=\"1\u00a0Minute\" \/>\n<script type=\"application\/ld+json\" class=\"yoast-schema-graph\">{\"@context\":\"https:\/\/schema.org\",\"@graph\":[{\"@type\":\"WebPage\",\"@id\":\"https:\/\/denkmalpflege.tuwien.ac.at\/index.php\/florian-fenz\/\",\"url\":\"https:\/\/denkmalpflege.tuwien.ac.at\/index.php\/florian-fenz\/\",\"name\":\"Florian Fenz - Denkmalpflege und Bauen im Bestand\",\"isPartOf\":{\"@id\":\"https:\/\/denkmalpflege.tuwien.ac.at\/#website\"},\"datePublished\":\"2019-12-10T12:16:36+00:00\",\"dateModified\":\"2023-10-22T11:27:59+00:00\",\"breadcrumb\":{\"@id\":\"https:\/\/denkmalpflege.tuwien.ac.at\/index.php\/florian-fenz\/#breadcrumb\"},\"inLanguage\":\"de\",\"potentialAction\":[{\"@type\":\"ReadAction\",\"target\":[\"https:\/\/denkmalpflege.tuwien.ac.at\/index.php\/florian-fenz\/\"]}]},{\"@type\":\"BreadcrumbList\",\"@id\":\"https:\/\/denkmalpflege.tuwien.ac.at\/index.php\/florian-fenz\/#breadcrumb\",\"itemListElement\":[{\"@type\":\"ListItem\",\"position\":1,\"name\":\"Startseite\",\"item\":\"https:\/\/denkmalpflege.tuwien.ac.at\/\"},{\"@type\":\"ListItem\",\"position\":2,\"name\":\"Florian Fenz\"}]},{\"@type\":\"WebSite\",\"@id\":\"https:\/\/denkmalpflege.tuwien.ac.at\/#website\",\"url\":\"https:\/\/denkmalpflege.tuwien.ac.at\/\",\"name\":\"Denkmalpflege und Bauen im Bestand\",\"description\":\"Denkmalpflege TU Wien\",\"publisher\":{\"@id\":\"https:\/\/denkmalpflege.tuwien.ac.at\/#organization\"},\"potentialAction\":[{\"@type\":\"SearchAction\",\"target\":{\"@type\":\"EntryPoint\",\"urlTemplate\":\"https:\/\/denkmalpflege.tuwien.ac.at\/?s={search_term_string}\"},\"query-input\":{\"@type\":\"PropertyValueSpecification\",\"valueRequired\":true,\"valueName\":\"search_term_string\"}}],\"inLanguage\":\"de\"},{\"@type\":\"Organization\",\"@id\":\"https:\/\/denkmalpflege.tuwien.ac.at\/#organization\",\"name\":\"TU Wien Denkmalpflege und Bauen im Bestand\",\"url\":\"https:\/\/denkmalpflege.tuwien.ac.at\/\",\"logo\":{\"@type\":\"ImageObject\",\"inLanguage\":\"de\",\"@id\":\"https:\/\/denkmalpflege.tuwien.ac.at\/#\/schema\/logo\/image\/\",\"url\":\"https:\/\/denkmalpflege.tuwien.ac.at\/wp-content\/uploads\/2019\/10\/Logo1.png\",\"contentUrl\":\"https:\/\/denkmalpflege.tuwien.ac.at\/wp-content\/uploads\/2019\/10\/Logo1.png\",\"width\":222,\"height\":79,\"caption\":\"TU Wien Denkmalpflege und Bauen im Bestand\"},\"image\":{\"@id\":\"https:\/\/denkmalpflege.tuwien.ac.at\/#\/schema\/logo\/image\/\"}}]}<\/script>\n<!-- \/ Yoast SEO plugin. -->","yoast_head_json":{"title":"Florian Fenz - Denkmalpflege und Bauen im Bestand","robots":{"index":"index","follow":"follow","max-snippet":"max-snippet:-1","max-image-preview":"max-image-preview:large","max-video-preview":"max-video-preview:-1"},"canonical":"https:\/\/denkmalpflege.tuwien.ac.at\/index.php\/florian-fenz\/","og_locale":"de_DE","og_type":"article","og_title":"Florian Fenz - Denkmalpflege und Bauen im Bestand","og_description":"Florian Fenz 2021 Magazin: Geschichte, Bestandsaufnahme und Nachnutzung der Petroleumraffinerie Dr\u00f6sing\/h4> Ansicht der ehemaligen Petroleumraffinerie Dr\u00f6sing, Aufnahme zwischen 1927-1937 entstanden S\u00fcdansicht vom ehemaligen Magazin, 2019 | Nordansicht vom ehemaligen Magazin, 2019 Innenansicht vom ehemaligen Magazin, 2. OG, 2019 | Innenansicht vom ehemaligen Magazin, 1.OG, 2019 Gegen Ende des 19. Jahrhunderts gr\u00fcndeten die Linzer Kaufleute Friedrich Tscherne und Wilhelm Kanturek eine Petroleumraffinerie in Dr\u00f6sing. Der Standort neben der Kaiser Ferdinands-Nordbahn lagRead More","og_url":"https:\/\/denkmalpflege.tuwien.ac.at\/index.php\/florian-fenz\/","og_site_name":"Denkmalpflege und Bauen im Bestand","article_modified_time":"2023-10-22T11:27:59+00:00","twitter_card":"summary_large_image","twitter_misc":{"Gesch\u00e4tzte Lesezeit":"1\u00a0Minute"},"schema":{"@context":"https:\/\/schema.org","@graph":[{"@type":"WebPage","@id":"https:\/\/denkmalpflege.tuwien.ac.at\/index.php\/florian-fenz\/","url":"https:\/\/denkmalpflege.tuwien.ac.at\/index.php\/florian-fenz\/","name":"Florian Fenz - Denkmalpflege und Bauen im Bestand","isPartOf":{"@id":"https:\/\/denkmalpflege.tuwien.ac.at\/#website"},"datePublished":"2019-12-10T12:16:36+00:00","dateModified":"2023-10-22T11:27:59+00:00","breadcrumb":{"@id":"https:\/\/denkmalpflege.tuwien.ac.at\/index.php\/florian-fenz\/#breadcrumb"},"inLanguage":"de","potentialAction":[{"@type":"ReadAction","target":["https:\/\/denkmalpflege.tuwien.ac.at\/index.php\/florian-fenz\/"]}]},{"@type":"BreadcrumbList","@id":"https:\/\/denkmalpflege.tuwien.ac.at\/index.php\/florian-fenz\/#breadcrumb","itemListElement":[{"@type":"ListItem","position":1,"name":"Startseite","item":"https:\/\/denkmalpflege.tuwien.ac.at\/"},{"@type":"ListItem","position":2,"name":"Florian Fenz"}]},{"@type":"WebSite","@id":"https:\/\/denkmalpflege.tuwien.ac.at\/#website","url":"https:\/\/denkmalpflege.tuwien.ac.at\/","name":"Denkmalpflege und Bauen im Bestand","description":"Denkmalpflege TU Wien","publisher":{"@id":"https:\/\/denkmalpflege.tuwien.ac.at\/#organization"},"potentialAction":[{"@type":"SearchAction","target":{"@type":"EntryPoint","urlTemplate":"https:\/\/denkmalpflege.tuwien.ac.at\/?s={search_term_string}"},"query-input":{"@type":"PropertyValueSpecification","valueRequired":true,"valueName":"search_term_string"}}],"inLanguage":"de"},{"@type":"Organization","@id":"https:\/\/denkmalpflege.tuwien.ac.at\/#organization","name":"TU Wien Denkmalpflege und Bauen im Bestand","url":"https:\/\/denkmalpflege.tuwien.ac.at\/","logo":{"@type":"ImageObject","inLanguage":"de","@id":"https:\/\/denkmalpflege.tuwien.ac.at\/#\/schema\/logo\/image\/","url":"https:\/\/denkmalpflege.tuwien.ac.at\/wp-content\/uploads\/2019\/10\/Logo1.png","contentUrl":"https:\/\/denkmalpflege.tuwien.ac.at\/wp-content\/uploads\/2019\/10\/Logo1.png","width":222,"height":79,"caption":"TU Wien Denkmalpflege und Bauen im Bestand"},"image":{"@id":"https:\/\/denkmalpflege.tuwien.ac.at\/#\/schema\/logo\/image\/"}}]}},"_links":{"self":[{"href":"https:\/\/denkmalpflege.tuwien.ac.at\/index.php\/wp-json\/wp\/v2\/pages\/17001","targetHints":{"allow":["GET"]}}],"collection":[{"href":"https:\/\/denkmalpflege.tuwien.ac.at\/index.php\/wp-json\/wp\/v2\/pages"}],"about":[{"href":"https:\/\/denkmalpflege.tuwien.ac.at\/index.php\/wp-json\/wp\/v2\/types\/page"}],"author":[{"embeddable":true,"href":"https:\/\/denkmalpflege.tuwien.ac.at\/index.php\/wp-json\/wp\/v2\/users\/1"}],"replies":[{"embeddable":true,"href":"https:\/\/denkmalpflege.tuwien.ac.at\/index.php\/wp-json\/wp\/v2\/comments?post=17001"}],"version-history":[{"count":14,"href":"https:\/\/denkmalpflege.tuwien.ac.at\/index.php\/wp-json\/wp\/v2\/pages\/17001\/revisions"}],"predecessor-version":[{"id":28304,"href":"https:\/\/denkmalpflege.tuwien.ac.at\/index.php\/wp-json\/wp\/v2\/pages\/17001\/revisions\/28304"}],"wp:attachment":[{"href":"https:\/\/denkmalpflege.tuwien.ac.at\/index.php\/wp-json\/wp\/v2\/media?parent=17001"}],"curies":[{"name":"wp","href":"https:\/\/api.w.org\/{rel}","templated":true}]}}