{"id":16748,"date":"2019-12-02T12:01:18","date_gmt":"2019-12-02T11:01:18","guid":{"rendered":"http:\/\/denkmalpflege.tuwien.ac.at\/?page_id=16748"},"modified":"2023-10-22T13:07:37","modified_gmt":"2023-10-22T11:07:37","slug":"anna-brettl","status":"publish","type":"page","link":"https:\/\/denkmalpflege.tuwien.ac.at\/index.php\/anna-brettl\/","title":{"rendered":"Anna Brettl"},"content":{"rendered":"\t\t<div data-elementor-type=\"wp-page\" data-elementor-id=\"16748\" class=\"elementor elementor-16748\" data-elementor-post-type=\"page\">\n\t\t\t\t\t\t<section class=\"elementor-section elementor-top-section elementor-element elementor-element-72965326 elementor-section-full_width elementor-section-height-default elementor-section-height-default\" data-id=\"72965326\" data-element_type=\"section\">\n\t\t\t\t\t\t<div class=\"elementor-container elementor-column-gap-default\">\n\t\t\t\t\t<div class=\"elementor-column elementor-col-50 elementor-top-column elementor-element elementor-element-50e6ab0\" data-id=\"50e6ab0\" data-element_type=\"column\">\n\t\t\t<div class=\"elementor-widget-wrap elementor-element-populated\">\n\t\t\t\t\t\t<div class=\"elementor-element elementor-element-6bdd643f elementor-widget elementor-widget-heading\" data-id=\"6bdd643f\" data-element_type=\"widget\" data-widget_type=\"heading.default\">\n\t\t\t\t<div class=\"elementor-widget-container\">\n\t\t\t\t\t<h2 class=\"elementor-heading-title elementor-size-default\"><a href=\"https:\/\/denkmalpflege.tuwien.ac.at\/index.php\/abgeschlossene-dipl-caviezel\/\">ARCHIV<\/a><\/h2>\t\t\t\t<\/div>\n\t\t\t\t<\/div>\n\t\t\t\t\t<\/div>\n\t\t<\/div>\n\t\t\t\t<div class=\"elementor-column elementor-col-50 elementor-top-column elementor-element elementor-element-3ab08172\" data-id=\"3ab08172\" data-element_type=\"column\">\n\t\t\t<div class=\"elementor-widget-wrap elementor-element-populated\">\n\t\t\t\t\t\t<div class=\"elementor-element elementor-element-66869875 elementor-widget elementor-widget-heading\" data-id=\"66869875\" data-element_type=\"widget\" data-widget_type=\"heading.default\">\n\t\t\t\t<div class=\"elementor-widget-container\">\n\t\t\t\t\t<h2 class=\"elementor-heading-title elementor-size-default\">Anna Brettl <span style=\"float: right\"> 2020<\/span>\n<\/h2>\t\t\t\t<\/div>\n\t\t\t\t<\/div>\n\t\t\t\t\t<\/div>\n\t\t<\/div>\n\t\t\t\t\t<\/div>\n\t\t<\/section>\n\t\t\t\t<section class=\"elementor-section elementor-top-section elementor-element elementor-element-2506fac9 elementor-section-full_width elementor-section-height-default elementor-section-height-default\" data-id=\"2506fac9\" data-element_type=\"section\">\n\t\t\t\t\t\t<div class=\"elementor-container elementor-column-gap-default\">\n\t\t\t\t\t<div class=\"elementor-column elementor-col-50 elementor-top-column elementor-element elementor-element-4d6a1357\" data-id=\"4d6a1357\" data-element_type=\"column\">\n\t\t\t<div class=\"elementor-widget-wrap elementor-element-populated\">\n\t\t\t\t\t\t<div class=\"elementor-element elementor-element-676aa039 elementor-nav-menu__align-start elementor-nav-menu--dropdown-mobile elementor-nav-menu__text-align-aside elementor-nav-menu--toggle elementor-nav-menu--burger elementor-widget elementor-widget-nav-menu\" data-id=\"676aa039\" data-element_type=\"widget\" data-settings=\"{&quot;layout&quot;:&quot;vertical&quot;,&quot;submenu_icon&quot;:{&quot;value&quot;:&quot;&lt;i class=\\&quot;\\&quot; aria-hidden=\\&quot;true\\&quot;&gt;&lt;\\\/i&gt;&quot;,&quot;library&quot;:&quot;&quot;},&quot;toggle&quot;:&quot;burger&quot;}\" data-widget_type=\"nav-menu.default\">\n\t\t\t\t<div class=\"elementor-widget-container\">\n\t\t\t\t\t\t\t\t<nav aria-label=\"Men\u00fc\" class=\"elementor-nav-menu--main elementor-nav-menu__container elementor-nav-menu--layout-vertical e--pointer-none\">\n\t\t\t\t<ul id=\"menu-1-676aa039\" class=\"elementor-nav-menu sm-vertical\"><li class=\"menu-item menu-item-type-post_type menu-item-object-page menu-item-27442\"><a href=\"https:\/\/denkmalpflege.tuwien.ac.at\/index.php\/diplomarbeiten\/\" class=\"elementor-item\">Diplomarbeiten<\/a><\/li>\n<li class=\"menu-item menu-item-type-post_type menu-item-object-page menu-item-16203\"><a href=\"https:\/\/denkmalpflege.tuwien.ac.at\/index.php\/laufende-dissertationen\/\" class=\"elementor-item\">Dissertationen<\/a><\/li>\n<\/ul>\t\t\t<\/nav>\n\t\t\t\t\t<div class=\"elementor-menu-toggle\" role=\"button\" tabindex=\"0\" aria-label=\"Men\u00fc Umschalter\" aria-expanded=\"false\">\n\t\t\t<i aria-hidden=\"true\" role=\"presentation\" class=\"elementor-menu-toggle__icon--open eicon-menu-bar\"><\/i><i aria-hidden=\"true\" role=\"presentation\" class=\"elementor-menu-toggle__icon--close eicon-close\"><\/i>\t\t<\/div>\n\t\t\t\t\t<nav class=\"elementor-nav-menu--dropdown elementor-nav-menu__container\" aria-hidden=\"true\">\n\t\t\t\t<ul id=\"menu-2-676aa039\" class=\"elementor-nav-menu sm-vertical\"><li class=\"menu-item menu-item-type-post_type menu-item-object-page menu-item-27442\"><a href=\"https:\/\/denkmalpflege.tuwien.ac.at\/index.php\/diplomarbeiten\/\" class=\"elementor-item\" tabindex=\"-1\">Diplomarbeiten<\/a><\/li>\n<li class=\"menu-item menu-item-type-post_type menu-item-object-page menu-item-16203\"><a href=\"https:\/\/denkmalpflege.tuwien.ac.at\/index.php\/laufende-dissertationen\/\" class=\"elementor-item\" tabindex=\"-1\">Dissertationen<\/a><\/li>\n<\/ul>\t\t\t<\/nav>\n\t\t\t\t\t\t<\/div>\n\t\t\t\t<\/div>\n\t\t\t\t\t<\/div>\n\t\t<\/div>\n\t\t\t\t<div class=\"elementor-column elementor-col-50 elementor-top-column elementor-element elementor-element-686759da\" data-id=\"686759da\" data-element_type=\"column\">\n\t\t\t<div class=\"elementor-widget-wrap elementor-element-populated\">\n\t\t\t\t\t\t<div class=\"elementor-element elementor-element-47510877 elementor-widget elementor-widget-text-editor\" data-id=\"47510877\" data-element_type=\"widget\" data-widget_type=\"text-editor.default\">\n\t\t\t\t<div class=\"elementor-widget-container\">\n\t\t\t\t\t\t\t\t\t<h2><b>DIE LUNGENHEILST\u00c4TTE AM HIRSCHENSTEIN\u00a0<\/b><\/h2><h4>Geschichtliche Aufarbeitung und denkmalpflegerisches Revitalisierungskonzept von Nachkriegsarchitektur im Burgenland.<\/h4>\t\t\t\t\t\t\t\t<\/div>\n\t\t\t\t<\/div>\n\t\t\t\t<div class=\"elementor-element elementor-element-11c17b5f elementor-widget elementor-widget-spacer\" data-id=\"11c17b5f\" data-element_type=\"widget\" data-widget_type=\"spacer.default\">\n\t\t\t\t<div class=\"elementor-widget-container\">\n\t\t\t\t\t\t\t<div class=\"elementor-spacer\">\n\t\t\t<div class=\"elementor-spacer-inner\"><\/div>\n\t\t<\/div>\n\t\t\t\t\t\t<\/div>\n\t\t\t\t<\/div>\n\t\t\t\t<div class=\"elementor-element elementor-element-3b4971ef silde_dipl elementor-arrows-position-inside elementor-widget elementor-widget-image-carousel\" data-id=\"3b4971ef\" data-element_type=\"widget\" data-settings=\"{&quot;slides_to_show&quot;:&quot;1&quot;,&quot;navigation&quot;:&quot;arrows&quot;,&quot;autoplay&quot;:&quot;no&quot;,&quot;infinite&quot;:&quot;yes&quot;,&quot;effect&quot;:&quot;slide&quot;,&quot;speed&quot;:500}\" data-widget_type=\"image-carousel.default\">\n\t\t\t\t<div class=\"elementor-widget-container\">\n\t\t\t\t\t\t\t<div class=\"elementor-image-carousel-wrapper swiper\" role=\"region\" aria-roledescription=\"carousel\" aria-label=\"Bild Karussell\" dir=\"ltr\">\n\t\t\t<div class=\"elementor-image-carousel swiper-wrapper\" aria-live=\"polite\">\n\t\t\t\t\t\t\t\t<div class=\"swiper-slide\" role=\"group\" aria-roledescription=\"slide\" aria-label=\"1 von 3\"><a data-elementor-open-lightbox=\"yes\" data-elementor-lightbox-slideshow=\"3b4971ef\" data-elementor-lightbox-title=\"Lungenheilst\u00e4tte\" data-e-action-hash=\"#elementor-action%3Aaction%3Dlightbox%26settings%3DeyJpZCI6MTQ1ODksInVybCI6Imh0dHBzOlwvXC9kZW5rbWFscGZsZWdlLnR1d2llbi5hYy5hdFwvd3AtY29udGVudFwvdXBsb2Fkc1wvMjAxOVwvMDNcL2JyZXR0bC1ncm9cdTAwZGYyLmpwZyIsInNsaWRlc2hvdyI6IjNiNDk3MWVmIn0%3D\" href=\"https:\/\/denkmalpflege.tuwien.ac.at\/wp-content\/uploads\/2019\/03\/brettl-gro\u00df2.jpg\"><figure class=\"swiper-slide-inner\"><img decoding=\"async\" class=\"swiper-slide-image\" src=\"https:\/\/denkmalpflege.tuwien.ac.at\/wp-content\/uploads\/2019\/03\/brettl-gro\u00df2.jpg\" alt=\"Lungenheilst\u00e4tte\" \/><figcaption class=\"elementor-image-carousel-caption\">Lungenheilst\u00e4tte<\/figcaption><\/figure><\/a><\/div><div class=\"swiper-slide\" role=\"group\" aria-roledescription=\"slide\" aria-label=\"2 von 3\"><a data-elementor-open-lightbox=\"yes\" data-elementor-lightbox-slideshow=\"3b4971ef\" data-elementor-lightbox-title=\"Quelle: Burgenl\u00e4ndisches Landesarchiv | Lungenheilst\u00e4tte\" data-e-action-hash=\"#elementor-action%3Aaction%3Dlightbox%26settings%3DeyJpZCI6MTQ1OTAsInVybCI6Imh0dHBzOlwvXC9kZW5rbWFscGZsZWdlLnR1d2llbi5hYy5hdFwvd3AtY29udGVudFwvdXBsb2Fkc1wvMjAxOVwvMDNcL2JyZXR0bC1ncm9cdTAwZGYzLmpwZyIsInNsaWRlc2hvdyI6IjNiNDk3MWVmIn0%3D\" href=\"https:\/\/denkmalpflege.tuwien.ac.at\/wp-content\/uploads\/2019\/03\/brettl-gro\u00df3.jpg\"><figure class=\"swiper-slide-inner\"><img decoding=\"async\" class=\"swiper-slide-image\" src=\"https:\/\/denkmalpflege.tuwien.ac.at\/wp-content\/uploads\/2019\/03\/brettl-gro\u00df3.jpg\" alt=\"Quelle: Burgenl\u00e4ndisches Landesarchiv | Lungenheilst\u00e4tte\" \/><figcaption class=\"elementor-image-carousel-caption\">Quelle: Burgenl\u00e4ndisches Landesarchiv | Lungenheilst\u00e4tte<\/figcaption><\/figure><\/a><\/div><div class=\"swiper-slide\" role=\"group\" aria-roledescription=\"slide\" aria-label=\"3 von 3\"><a data-elementor-open-lightbox=\"yes\" data-elementor-lightbox-slideshow=\"3b4971ef\" data-elementor-lightbox-title=\"Quelle: Burgenl\u00e4ndisches Landesarchiv\" data-e-action-hash=\"#elementor-action%3Aaction%3Dlightbox%26settings%3DeyJpZCI6MTQ1OTEsInVybCI6Imh0dHBzOlwvXC9kZW5rbWFscGZsZWdlLnR1d2llbi5hYy5hdFwvd3AtY29udGVudFwvdXBsb2Fkc1wvMjAxOVwvMDNcL2JyZXR0bC1ncm9cdTAwZGYxLmpwZyIsInNsaWRlc2hvdyI6IjNiNDk3MWVmIn0%3D\" href=\"https:\/\/denkmalpflege.tuwien.ac.at\/wp-content\/uploads\/2019\/03\/brettl-gro\u00df1.jpg\"><figure class=\"swiper-slide-inner\"><img decoding=\"async\" class=\"swiper-slide-image\" src=\"https:\/\/denkmalpflege.tuwien.ac.at\/wp-content\/uploads\/2019\/03\/brettl-gro\u00df1.jpg\" alt=\"Quelle: Burgenl\u00e4ndisches Landesarchiv\" \/><figcaption class=\"elementor-image-carousel-caption\">Quelle: Burgenl\u00e4ndisches Landesarchiv<\/figcaption><\/figure><\/a><\/div>\t\t\t<\/div>\n\t\t\t\t\t\t\t\t\t\t\t\t<div class=\"elementor-swiper-button elementor-swiper-button-prev\" role=\"button\" tabindex=\"0\">\n\t\t\t\t\t\t<i aria-hidden=\"true\" class=\"eicon-chevron-left\"><\/i>\t\t\t\t\t<\/div>\n\t\t\t\t\t<div class=\"elementor-swiper-button elementor-swiper-button-next\" role=\"button\" tabindex=\"0\">\n\t\t\t\t\t\t<i aria-hidden=\"true\" class=\"eicon-chevron-right\"><\/i>\t\t\t\t\t<\/div>\n\t\t\t\t\n\t\t\t\t\t\t\t\t\t<\/div>\n\t\t\t\t\t\t<\/div>\n\t\t\t\t<\/div>\n\t\t\t\t<div class=\"elementor-element elementor-element-120cf1 elementor-widget elementor-widget-spacer\" data-id=\"120cf1\" data-element_type=\"widget\" data-widget_type=\"spacer.default\">\n\t\t\t\t<div class=\"elementor-widget-container\">\n\t\t\t\t\t\t\t<div class=\"elementor-spacer\">\n\t\t\t<div class=\"elementor-spacer-inner\"><\/div>\n\t\t<\/div>\n\t\t\t\t\t\t<\/div>\n\t\t\t\t<\/div>\n\t\t\t\t<div class=\"elementor-element elementor-element-4e764eab elementor-widget elementor-widget-text-editor\" data-id=\"4e764eab\" data-element_type=\"widget\" data-widget_type=\"text-editor.default\">\n\t\t\t\t<div class=\"elementor-widget-container\">\n\t\t\t\t\t\t\t\t\t<p>Die ehemalige Lungenheilst\u00e4tte am Hirschenstein bei Rechnitz entstand von 1949 bis 1955 und wurde vom Architekten Erwin Fabrici geplant. Ausschlaggebend f\u00fcr den Bau war die gesundheitliche Situation des Burgenlandes, da zunehmend Tuberkulosekranke in benachbarten Bundesl\u00e4ndern behandelt werden mussten. Das Bauwerk befindet sich auf 732\u00a0H\u00f6henmetern und wird vor allem durch die nach S\u00fcden orientierten Terrassen mit Ausblick auf das pannonische Tiefland gekennzeichnet. Dar\u00fcber hinaus beinhaltete die Lungenheilst\u00e4tte Platz f\u00fcr \u00fcber 100\u00a0Patientinnen und Patienten und wurde durch modernste technische Ausstattung zur Vorzeigeeinrichtung f\u00fcr Tuberkulosekranke.<\/p><p>Seit 2012 steht das denkmalgesch\u00fctzte Geb\u00e4ude leer und bis heute ist das \u00e4u\u00dfere Erscheinungsbild, das die Nachkriegsarchitektur der 1950er Jahre widerspiegelt, nahezu unver\u00e4ndert.<\/p><p>Ziel der Arbeit ist es, die Historie und den Baustil des Geb\u00e4udes zu analysieren, sowie einen Vergleich zu anderen Lungenheilanstalten herzustellen. Basierend darauf soll ein Revitalisierungskonzept unter denkmalpflegerischen Aspekten erstellt werden, um eine angemessene Nachnutzung zu gew\u00e4hrleisten.<\/p>\t\t\t\t\t\t\t\t<\/div>\n\t\t\t\t<\/div>\n\t\t\t\t\t<\/div>\n\t\t<\/div>\n\t\t\t\t\t<\/div>\n\t\t<\/section>\n\t\t\t\t<\/div>\n\t\t","protected":false},"excerpt":{"rendered":"<p>ARCHIV Anna Brettl 2020 DIE LUNGENHEILST\u00c4TTE AM HIRSCHENSTEIN\u00a0 Geschichtliche Aufarbeitung und denkmalpflegerisches Revitalisierungskonzept von Nachkriegsarchitektur im Burgenland. Lungenheilst\u00e4tte Quelle: Burgenl\u00e4ndisches Landesarchiv | Lungenheilst\u00e4tte Quelle: Burgenl\u00e4ndisches Landesarchiv Die ehemalige Lungenheilst\u00e4tte am Hirschenstein bei Rechnitz entstand von 1949 bis 1955 und wurde vom Architekten Erwin Fabrici geplant. Ausschlaggebend f\u00fcr den Bau war die gesundheitliche Situation des Burgenlandes, da zunehmend Tuberkulosekranke in benachbarten Bundesl\u00e4ndern behandelt werden mussten. Das Bauwerk befindet sich auf 732\u00a0H\u00f6henmetern<\/p>\n<div class=\"belowpost\"><a class=\"btnmore icon-arrow\" href=\"https:\/\/denkmalpflege.tuwien.ac.at\/index.php\/anna-brettl\/\"><span>Read More<\/span><\/a><\/div>\n","protected":false},"author":1,"featured_media":0,"parent":0,"menu_order":0,"comment_status":"closed","ping_status":"closed","template":"","meta":{"footnotes":""},"class_list":["post-16748","page","type-page","status-publish","hentry"],"yoast_head":"<!-- This site is optimized with the Yoast SEO plugin v26.0 - https:\/\/yoast.com\/wordpress\/plugins\/seo\/ -->\n<title>Anna Brettl - Denkmalpflege und Bauen im Bestand<\/title>\n<meta name=\"robots\" content=\"index, follow, max-snippet:-1, max-image-preview:large, max-video-preview:-1\" \/>\n<link rel=\"canonical\" href=\"https:\/\/denkmalpflege.tuwien.ac.at\/index.php\/anna-brettl\/\" \/>\n<meta property=\"og:locale\" content=\"de_DE\" \/>\n<meta property=\"og:type\" content=\"article\" \/>\n<meta property=\"og:title\" content=\"Anna Brettl - Denkmalpflege und Bauen im Bestand\" \/>\n<meta property=\"og:description\" content=\"ARCHIV Anna Brettl 2020 DIE LUNGENHEILST\u00c4TTE AM HIRSCHENSTEIN\u00a0 Geschichtliche Aufarbeitung und denkmalpflegerisches Revitalisierungskonzept von Nachkriegsarchitektur im Burgenland. Lungenheilst\u00e4tte Quelle: Burgenl\u00e4ndisches Landesarchiv | Lungenheilst\u00e4tte Quelle: Burgenl\u00e4ndisches Landesarchiv Die ehemalige Lungenheilst\u00e4tte am Hirschenstein bei Rechnitz entstand von 1949 bis 1955 und wurde vom Architekten Erwin Fabrici geplant. Ausschlaggebend f\u00fcr den Bau war die gesundheitliche Situation des Burgenlandes, da zunehmend Tuberkulosekranke in benachbarten Bundesl\u00e4ndern behandelt werden mussten. Das Bauwerk befindet sich auf 732\u00a0H\u00f6henmeternRead More\" \/>\n<meta property=\"og:url\" content=\"https:\/\/denkmalpflege.tuwien.ac.at\/index.php\/anna-brettl\/\" \/>\n<meta property=\"og:site_name\" content=\"Denkmalpflege und Bauen im Bestand\" \/>\n<meta property=\"article:modified_time\" content=\"2023-10-22T11:07:37+00:00\" \/>\n<meta name=\"twitter:card\" content=\"summary_large_image\" \/>\n<meta name=\"twitter:label1\" content=\"Gesch\u00e4tzte Lesezeit\" \/>\n\t<meta name=\"twitter:data1\" content=\"1\u00a0Minute\" \/>\n<script type=\"application\/ld+json\" class=\"yoast-schema-graph\">{\"@context\":\"https:\/\/schema.org\",\"@graph\":[{\"@type\":\"WebPage\",\"@id\":\"https:\/\/denkmalpflege.tuwien.ac.at\/index.php\/anna-brettl\/\",\"url\":\"https:\/\/denkmalpflege.tuwien.ac.at\/index.php\/anna-brettl\/\",\"name\":\"Anna Brettl - Denkmalpflege und Bauen im Bestand\",\"isPartOf\":{\"@id\":\"https:\/\/denkmalpflege.tuwien.ac.at\/#website\"},\"datePublished\":\"2019-12-02T11:01:18+00:00\",\"dateModified\":\"2023-10-22T11:07:37+00:00\",\"breadcrumb\":{\"@id\":\"https:\/\/denkmalpflege.tuwien.ac.at\/index.php\/anna-brettl\/#breadcrumb\"},\"inLanguage\":\"de\",\"potentialAction\":[{\"@type\":\"ReadAction\",\"target\":[\"https:\/\/denkmalpflege.tuwien.ac.at\/index.php\/anna-brettl\/\"]}]},{\"@type\":\"BreadcrumbList\",\"@id\":\"https:\/\/denkmalpflege.tuwien.ac.at\/index.php\/anna-brettl\/#breadcrumb\",\"itemListElement\":[{\"@type\":\"ListItem\",\"position\":1,\"name\":\"Startseite\",\"item\":\"https:\/\/denkmalpflege.tuwien.ac.at\/\"},{\"@type\":\"ListItem\",\"position\":2,\"name\":\"Anna Brettl\"}]},{\"@type\":\"WebSite\",\"@id\":\"https:\/\/denkmalpflege.tuwien.ac.at\/#website\",\"url\":\"https:\/\/denkmalpflege.tuwien.ac.at\/\",\"name\":\"Denkmalpflege und Bauen im Bestand\",\"description\":\"Denkmalpflege TU Wien\",\"publisher\":{\"@id\":\"https:\/\/denkmalpflege.tuwien.ac.at\/#organization\"},\"potentialAction\":[{\"@type\":\"SearchAction\",\"target\":{\"@type\":\"EntryPoint\",\"urlTemplate\":\"https:\/\/denkmalpflege.tuwien.ac.at\/?s={search_term_string}\"},\"query-input\":{\"@type\":\"PropertyValueSpecification\",\"valueRequired\":true,\"valueName\":\"search_term_string\"}}],\"inLanguage\":\"de\"},{\"@type\":\"Organization\",\"@id\":\"https:\/\/denkmalpflege.tuwien.ac.at\/#organization\",\"name\":\"TU Wien Denkmalpflege und Bauen im Bestand\",\"url\":\"https:\/\/denkmalpflege.tuwien.ac.at\/\",\"logo\":{\"@type\":\"ImageObject\",\"inLanguage\":\"de\",\"@id\":\"https:\/\/denkmalpflege.tuwien.ac.at\/#\/schema\/logo\/image\/\",\"url\":\"https:\/\/denkmalpflege.tuwien.ac.at\/wp-content\/uploads\/2019\/10\/Logo1.png\",\"contentUrl\":\"https:\/\/denkmalpflege.tuwien.ac.at\/wp-content\/uploads\/2019\/10\/Logo1.png\",\"width\":222,\"height\":79,\"caption\":\"TU Wien Denkmalpflege und Bauen im Bestand\"},\"image\":{\"@id\":\"https:\/\/denkmalpflege.tuwien.ac.at\/#\/schema\/logo\/image\/\"}}]}<\/script>\n<!-- \/ Yoast SEO plugin. -->","yoast_head_json":{"title":"Anna Brettl - Denkmalpflege und Bauen im Bestand","robots":{"index":"index","follow":"follow","max-snippet":"max-snippet:-1","max-image-preview":"max-image-preview:large","max-video-preview":"max-video-preview:-1"},"canonical":"https:\/\/denkmalpflege.tuwien.ac.at\/index.php\/anna-brettl\/","og_locale":"de_DE","og_type":"article","og_title":"Anna Brettl - Denkmalpflege und Bauen im Bestand","og_description":"ARCHIV Anna Brettl 2020 DIE LUNGENHEILST\u00c4TTE AM HIRSCHENSTEIN\u00a0 Geschichtliche Aufarbeitung und denkmalpflegerisches Revitalisierungskonzept von Nachkriegsarchitektur im Burgenland. Lungenheilst\u00e4tte Quelle: Burgenl\u00e4ndisches Landesarchiv | Lungenheilst\u00e4tte Quelle: Burgenl\u00e4ndisches Landesarchiv Die ehemalige Lungenheilst\u00e4tte am Hirschenstein bei Rechnitz entstand von 1949 bis 1955 und wurde vom Architekten Erwin Fabrici geplant. Ausschlaggebend f\u00fcr den Bau war die gesundheitliche Situation des Burgenlandes, da zunehmend Tuberkulosekranke in benachbarten Bundesl\u00e4ndern behandelt werden mussten. Das Bauwerk befindet sich auf 732\u00a0H\u00f6henmeternRead More","og_url":"https:\/\/denkmalpflege.tuwien.ac.at\/index.php\/anna-brettl\/","og_site_name":"Denkmalpflege und Bauen im Bestand","article_modified_time":"2023-10-22T11:07:37+00:00","twitter_card":"summary_large_image","twitter_misc":{"Gesch\u00e4tzte Lesezeit":"1\u00a0Minute"},"schema":{"@context":"https:\/\/schema.org","@graph":[{"@type":"WebPage","@id":"https:\/\/denkmalpflege.tuwien.ac.at\/index.php\/anna-brettl\/","url":"https:\/\/denkmalpflege.tuwien.ac.at\/index.php\/anna-brettl\/","name":"Anna Brettl - Denkmalpflege und Bauen im Bestand","isPartOf":{"@id":"https:\/\/denkmalpflege.tuwien.ac.at\/#website"},"datePublished":"2019-12-02T11:01:18+00:00","dateModified":"2023-10-22T11:07:37+00:00","breadcrumb":{"@id":"https:\/\/denkmalpflege.tuwien.ac.at\/index.php\/anna-brettl\/#breadcrumb"},"inLanguage":"de","potentialAction":[{"@type":"ReadAction","target":["https:\/\/denkmalpflege.tuwien.ac.at\/index.php\/anna-brettl\/"]}]},{"@type":"BreadcrumbList","@id":"https:\/\/denkmalpflege.tuwien.ac.at\/index.php\/anna-brettl\/#breadcrumb","itemListElement":[{"@type":"ListItem","position":1,"name":"Startseite","item":"https:\/\/denkmalpflege.tuwien.ac.at\/"},{"@type":"ListItem","position":2,"name":"Anna Brettl"}]},{"@type":"WebSite","@id":"https:\/\/denkmalpflege.tuwien.ac.at\/#website","url":"https:\/\/denkmalpflege.tuwien.ac.at\/","name":"Denkmalpflege und Bauen im Bestand","description":"Denkmalpflege TU Wien","publisher":{"@id":"https:\/\/denkmalpflege.tuwien.ac.at\/#organization"},"potentialAction":[{"@type":"SearchAction","target":{"@type":"EntryPoint","urlTemplate":"https:\/\/denkmalpflege.tuwien.ac.at\/?s={search_term_string}"},"query-input":{"@type":"PropertyValueSpecification","valueRequired":true,"valueName":"search_term_string"}}],"inLanguage":"de"},{"@type":"Organization","@id":"https:\/\/denkmalpflege.tuwien.ac.at\/#organization","name":"TU Wien Denkmalpflege und Bauen im Bestand","url":"https:\/\/denkmalpflege.tuwien.ac.at\/","logo":{"@type":"ImageObject","inLanguage":"de","@id":"https:\/\/denkmalpflege.tuwien.ac.at\/#\/schema\/logo\/image\/","url":"https:\/\/denkmalpflege.tuwien.ac.at\/wp-content\/uploads\/2019\/10\/Logo1.png","contentUrl":"https:\/\/denkmalpflege.tuwien.ac.at\/wp-content\/uploads\/2019\/10\/Logo1.png","width":222,"height":79,"caption":"TU Wien Denkmalpflege und Bauen im Bestand"},"image":{"@id":"https:\/\/denkmalpflege.tuwien.ac.at\/#\/schema\/logo\/image\/"}}]}},"_links":{"self":[{"href":"https:\/\/denkmalpflege.tuwien.ac.at\/index.php\/wp-json\/wp\/v2\/pages\/16748","targetHints":{"allow":["GET"]}}],"collection":[{"href":"https:\/\/denkmalpflege.tuwien.ac.at\/index.php\/wp-json\/wp\/v2\/pages"}],"about":[{"href":"https:\/\/denkmalpflege.tuwien.ac.at\/index.php\/wp-json\/wp\/v2\/types\/page"}],"author":[{"embeddable":true,"href":"https:\/\/denkmalpflege.tuwien.ac.at\/index.php\/wp-json\/wp\/v2\/users\/1"}],"replies":[{"embeddable":true,"href":"https:\/\/denkmalpflege.tuwien.ac.at\/index.php\/wp-json\/wp\/v2\/comments?post=16748"}],"version-history":[{"count":25,"href":"https:\/\/denkmalpflege.tuwien.ac.at\/index.php\/wp-json\/wp\/v2\/pages\/16748\/revisions"}],"predecessor-version":[{"id":28121,"href":"https:\/\/denkmalpflege.tuwien.ac.at\/index.php\/wp-json\/wp\/v2\/pages\/16748\/revisions\/28121"}],"wp:attachment":[{"href":"https:\/\/denkmalpflege.tuwien.ac.at\/index.php\/wp-json\/wp\/v2\/media?parent=16748"}],"curies":[{"name":"wp","href":"https:\/\/api.w.org\/{rel}","templated":true}]}}