{"id":16123,"date":"2019-10-30T20:42:05","date_gmt":"2019-10-30T19:42:05","guid":{"rendered":"http:\/\/denkmalpflege.tuwien.ac.at\/?page_id=16123"},"modified":"2023-10-22T12:13:31","modified_gmt":"2023-10-22T10:13:31","slug":"stehgreifeintwerfen-denkmalpflege","status":"publish","type":"page","link":"https:\/\/denkmalpflege.tuwien.ac.at\/index.php\/stehgreifeintwerfen-denkmalpflege\/","title":{"rendered":"Stehgreifeintwerfen Denkmalpflege"},"content":{"rendered":"\t\t<div data-elementor-type=\"wp-page\" data-elementor-id=\"16123\" class=\"elementor elementor-16123\" data-elementor-post-type=\"page\">\n\t\t\t\t\t\t<section class=\"elementor-section elementor-top-section elementor-element elementor-element-db7117e elementor-section-full_width elementor-section-height-default elementor-section-height-default\" data-id=\"db7117e\" data-element_type=\"section\">\n\t\t\t\t\t\t<div class=\"elementor-container elementor-column-gap-default\">\n\t\t\t\t\t<div class=\"elementor-column elementor-col-50 elementor-top-column elementor-element elementor-element-e49bcf4\" data-id=\"e49bcf4\" data-element_type=\"column\">\n\t\t\t<div class=\"elementor-widget-wrap elementor-element-populated\">\n\t\t\t\t\t\t<div class=\"elementor-element elementor-element-4038e4f elementor-widget elementor-widget-heading\" data-id=\"4038e4f\" data-element_type=\"widget\" data-widget_type=\"heading.default\">\n\t\t\t\t<div class=\"elementor-widget-container\">\n\t\t\t\t\t<h2 class=\"elementor-heading-title elementor-size-default\"><a href=\"https:\/\/denkmalpflege.tuwien.ac.at\/index.php\/wintersemester1920\/\">LVA WS19<\/a><\/h2>\t\t\t\t<\/div>\n\t\t\t\t<\/div>\n\t\t\t\t\t<\/div>\n\t\t<\/div>\n\t\t\t\t<div class=\"elementor-column elementor-col-50 elementor-top-column elementor-element elementor-element-9a16207\" data-id=\"9a16207\" data-element_type=\"column\">\n\t\t\t<div class=\"elementor-widget-wrap elementor-element-populated\">\n\t\t\t\t\t\t<div class=\"elementor-element elementor-element-6e4cbb6 elementor-widget elementor-widget-heading\" data-id=\"6e4cbb6\" data-element_type=\"widget\" data-widget_type=\"heading.default\">\n\t\t\t\t<div class=\"elementor-widget-container\">\n\t\t\t\t\t<h2 class=\"elementor-heading-title elementor-size-default\">251.837 <span style=\"float: right\"> 2,0 h (2,5 ECTS)<\/span><\/h2>\t\t\t\t<\/div>\n\t\t\t\t<\/div>\n\t\t\t\t\t<\/div>\n\t\t<\/div>\n\t\t\t\t\t<\/div>\n\t\t<\/section>\n\t\t\t\t<section class=\"elementor-section elementor-top-section elementor-element elementor-element-2f477fa3 elementor-section-full_width elementor-section-height-default elementor-section-height-default\" data-id=\"2f477fa3\" data-element_type=\"section\">\n\t\t\t\t\t\t<div class=\"elementor-container elementor-column-gap-default\">\n\t\t\t\t\t<div class=\"elementor-column elementor-col-50 elementor-top-column elementor-element elementor-element-469361b2\" data-id=\"469361b2\" data-element_type=\"column\">\n\t\t\t<div class=\"elementor-widget-wrap elementor-element-populated\">\n\t\t\t\t\t\t<div class=\"elementor-element elementor-element-d1347b5 elementor-nav-menu__align-start elementor-nav-menu--dropdown-mobile elementor-nav-menu__text-align-aside elementor-nav-menu--toggle elementor-nav-menu--burger elementor-widget elementor-widget-nav-menu\" data-id=\"d1347b5\" data-element_type=\"widget\" data-settings=\"{&quot;layout&quot;:&quot;vertical&quot;,&quot;submenu_icon&quot;:{&quot;value&quot;:&quot;&lt;i class=\\&quot;\\&quot; aria-hidden=\\&quot;true\\&quot;&gt;&lt;\\\/i&gt;&quot;,&quot;library&quot;:&quot;&quot;},&quot;toggle&quot;:&quot;burger&quot;}\" data-widget_type=\"nav-menu.default\">\n\t\t\t\t<div class=\"elementor-widget-container\">\n\t\t\t\t\t\t\t\t<nav aria-label=\"Men\u00fc\" class=\"elementor-nav-menu--main elementor-nav-menu__container elementor-nav-menu--layout-vertical e--pointer-none\">\n\t\t\t\t<ul id=\"menu-1-d1347b5\" class=\"elementor-nav-menu sm-vertical\"><li class=\"menu-item menu-item-type-post_type menu-item-object-page menu-item-16211\"><a href=\"https:\/\/denkmalpflege.tuwien.ac.at\/index.php\/denkmalpflege-vorlesung\/\" class=\"elementor-item\">Vorlesung <\/br> Denkmalpflege<\/a><\/li>\n<li class=\"menu-item menu-item-type-post_type menu-item-object-page menu-item-16212\"><a href=\"https:\/\/denkmalpflege.tuwien.ac.at\/index.php\/pesaro-villa-imperial\/\" class=\"elementor-item\">Gro\u00dfes Entwerfen <\/br> Pesaro Villa Imperiale<\/a><\/li>\n<li class=\"menu-item menu-item-type-post_type menu-item-object-page menu-item-16213\"><a href=\"https:\/\/denkmalpflege.tuwien.ac.at\/index.php\/heft-ig\/\" class=\"elementor-item\">Gro\u00dfes Entwerfen <\/br> Heft-ig Domenig \u00fcber dem H\u00fcttenwerk<\/a><\/li>\n<li class=\"menu-item menu-item-type-post_type menu-item-object-page menu-item-16214\"><a href=\"https:\/\/denkmalpflege.tuwien.ac.at\/index.php\/stehgreifeintwerfen-denkmalpflege\/\" class=\"elementor-item\">Stegreifentwerfen <\/br> Bild der Stadt. Stadt im Bild.<\/a><\/li>\n<li class=\"menu-item menu-item-type-post_type menu-item-object-page menu-item-16386\"><a href=\"https:\/\/denkmalpflege.tuwien.ac.at\/index.php\/wahlseminar-denkmalforschung\/\" class=\"elementor-item\">Wahlseminar <\/br> Leisure Time! Orte der Freizeit <\/br> der Nachkriegsmoderne in Wien<\/a><\/li>\n<li class=\"menu-item menu-item-type-post_type menu-item-object-page menu-item-16217\"><a href=\"https:\/\/denkmalpflege.tuwien.ac.at\/index.php\/industriearchaeologisches-praktikum\/\" class=\"elementor-item\">Praktikum <\/br> Industriearch\u00e4ologisches Praktikum<\/a><\/li>\n<li class=\"menu-item menu-item-type-post_type menu-item-object-page menu-item-16219\"><a href=\"https:\/\/denkmalpflege.tuwien.ac.at\/index.php\/denkmalpflege-und-bausanierung\/\" class=\"elementor-item\">\u00dcbung <\/br> Denkmalpflege &#038; Bausanierung<\/a><\/li>\n<li class=\"menu-item menu-item-type-post_type menu-item-object-page menu-item-16220\"><a href=\"https:\/\/denkmalpflege.tuwien.ac.at\/index.php\/lehre-2\/lva-sommersemester-2021\/anleitung-wissenschaftlichen-arbeiten\/\" class=\"elementor-item\">Seminar <\/br> Anleitung zum wissenschaftlichen Arbeiten<\/a><\/li>\n<li class=\"menu-item menu-item-type-post_type menu-item-object-page menu-item-16221\"><a href=\"https:\/\/denkmalpflege.tuwien.ac.at\/index.php\/diplomanden-und-dissertantenseminar\/\" class=\"elementor-item\">Seminar <\/br> Diplomanden- und Dissertantenseminar<\/a><\/li>\n<\/ul>\t\t\t<\/nav>\n\t\t\t\t\t<div class=\"elementor-menu-toggle\" role=\"button\" tabindex=\"0\" aria-label=\"Men\u00fc Umschalter\" aria-expanded=\"false\">\n\t\t\t<i aria-hidden=\"true\" role=\"presentation\" class=\"elementor-menu-toggle__icon--open eicon-menu-bar\"><\/i><i aria-hidden=\"true\" role=\"presentation\" class=\"elementor-menu-toggle__icon--close eicon-close\"><\/i>\t\t<\/div>\n\t\t\t\t\t<nav class=\"elementor-nav-menu--dropdown elementor-nav-menu__container\" aria-hidden=\"true\">\n\t\t\t\t<ul id=\"menu-2-d1347b5\" class=\"elementor-nav-menu sm-vertical\"><li class=\"menu-item menu-item-type-post_type menu-item-object-page menu-item-16211\"><a href=\"https:\/\/denkmalpflege.tuwien.ac.at\/index.php\/denkmalpflege-vorlesung\/\" class=\"elementor-item\" tabindex=\"-1\">Vorlesung <\/br> Denkmalpflege<\/a><\/li>\n<li class=\"menu-item menu-item-type-post_type menu-item-object-page menu-item-16212\"><a href=\"https:\/\/denkmalpflege.tuwien.ac.at\/index.php\/pesaro-villa-imperial\/\" class=\"elementor-item\" tabindex=\"-1\">Gro\u00dfes Entwerfen <\/br> Pesaro Villa Imperiale<\/a><\/li>\n<li class=\"menu-item menu-item-type-post_type menu-item-object-page menu-item-16213\"><a href=\"https:\/\/denkmalpflege.tuwien.ac.at\/index.php\/heft-ig\/\" class=\"elementor-item\" tabindex=\"-1\">Gro\u00dfes Entwerfen <\/br> Heft-ig Domenig \u00fcber dem H\u00fcttenwerk<\/a><\/li>\n<li class=\"menu-item menu-item-type-post_type menu-item-object-page menu-item-16214\"><a href=\"https:\/\/denkmalpflege.tuwien.ac.at\/index.php\/stehgreifeintwerfen-denkmalpflege\/\" class=\"elementor-item\" tabindex=\"-1\">Stegreifentwerfen <\/br> Bild der Stadt. Stadt im Bild.<\/a><\/li>\n<li class=\"menu-item menu-item-type-post_type menu-item-object-page menu-item-16386\"><a href=\"https:\/\/denkmalpflege.tuwien.ac.at\/index.php\/wahlseminar-denkmalforschung\/\" class=\"elementor-item\" tabindex=\"-1\">Wahlseminar <\/br> Leisure Time! Orte der Freizeit <\/br> der Nachkriegsmoderne in Wien<\/a><\/li>\n<li class=\"menu-item menu-item-type-post_type menu-item-object-page menu-item-16217\"><a href=\"https:\/\/denkmalpflege.tuwien.ac.at\/index.php\/industriearchaeologisches-praktikum\/\" class=\"elementor-item\" tabindex=\"-1\">Praktikum <\/br> Industriearch\u00e4ologisches Praktikum<\/a><\/li>\n<li class=\"menu-item menu-item-type-post_type menu-item-object-page menu-item-16219\"><a href=\"https:\/\/denkmalpflege.tuwien.ac.at\/index.php\/denkmalpflege-und-bausanierung\/\" class=\"elementor-item\" tabindex=\"-1\">\u00dcbung <\/br> Denkmalpflege &#038; Bausanierung<\/a><\/li>\n<li class=\"menu-item menu-item-type-post_type menu-item-object-page menu-item-16220\"><a href=\"https:\/\/denkmalpflege.tuwien.ac.at\/index.php\/lehre-2\/lva-sommersemester-2021\/anleitung-wissenschaftlichen-arbeiten\/\" class=\"elementor-item\" tabindex=\"-1\">Seminar <\/br> Anleitung zum wissenschaftlichen Arbeiten<\/a><\/li>\n<li class=\"menu-item menu-item-type-post_type menu-item-object-page menu-item-16221\"><a href=\"https:\/\/denkmalpflege.tuwien.ac.at\/index.php\/diplomanden-und-dissertantenseminar\/\" class=\"elementor-item\" tabindex=\"-1\">Seminar <\/br> Diplomanden- und Dissertantenseminar<\/a><\/li>\n<\/ul>\t\t\t<\/nav>\n\t\t\t\t\t\t<\/div>\n\t\t\t\t<\/div>\n\t\t\t\t\t<\/div>\n\t\t<\/div>\n\t\t\t\t<div class=\"elementor-column elementor-col-50 elementor-top-column elementor-element elementor-element-7c05fcad\" data-id=\"7c05fcad\" data-element_type=\"column\">\n\t\t\t<div class=\"elementor-widget-wrap elementor-element-populated\">\n\t\t\t\t\t\t<div class=\"elementor-element elementor-element-261936c5 elementor-widget elementor-widget-text-editor\" data-id=\"261936c5\" data-element_type=\"widget\" data-widget_type=\"text-editor.default\">\n\t\t\t\t<div class=\"elementor-widget-container\">\n\t\t\t\t\t\t\t\t\t<h1>Bild der Stadt. Stadt im Bild<\/h1>\t\t\t\t\t\t\t\t<\/div>\n\t\t\t\t<\/div>\n\t\t\t\t<div class=\"elementor-element elementor-element-f169617 lva_img elementor-widget elementor-widget-image\" data-id=\"f169617\" data-element_type=\"widget\" data-widget_type=\"image.default\">\n\t\t\t\t<div class=\"elementor-widget-container\">\n\t\t\t\t\t\t\t\t\t\t\t\t\t\t\t<img fetchpriority=\"high\" decoding=\"async\" width=\"1024\" height=\"786\" src=\"https:\/\/denkmalpflege.tuwien.ac.at\/wp-content\/uploads\/2019\/10\/01_NEU_entwerfen_stegreif.jpg\" class=\"attachment-full size-full wp-image-15199\" alt=\"\" \/>\t\t\t\t\t\t\t\t\t\t\t\t\t\t\t<\/div>\n\t\t\t\t<\/div>\n\t\t\t\t<div class=\"elementor-element elementor-element-7623e309 elementor-widget elementor-widget-text-editor\" data-id=\"7623e309\" data-element_type=\"widget\" data-widget_type=\"text-editor.default\">\n\t\t\t\t<div class=\"elementor-widget-container\">\n\t\t\t\t\t\t\t\t\t<p class=\"akt\">Stegreifentwerfen Denkmalpflege<\/p>\t\t\t\t\t\t\t\t<\/div>\n\t\t\t\t<\/div>\n\t\t\t\t<div class=\"elementor-element elementor-element-766d37b5 elementor-widget elementor-widget-text-editor\" data-id=\"766d37b5\" data-element_type=\"widget\" data-widget_type=\"text-editor.default\">\n\t\t\t\t<div class=\"elementor-widget-container\">\n\t\t\t\t\t\t\t\t\t<h3 class=\"lva_h3 lva_leiter\">Nott CAVIEZEL, Doris GRANDITS<\/h3><h3><\/h3>\n<h3 class=\"lva_h3 lva_leiter\">Einf\u00fchrung<\/h3>\nDo 24. Oktober 2019, 11:00 Uhr, SR 257 (Stiege 3, 2. Stock)\n<h3 class=\"lva_h3 lva_leiter lva_h3_abstand\">Termine<\/h3>\n07.-08. November 2019 Exkursion Wien\n21.-22. November 2019 Exkursion Linz\n<h3 class=\"lva_h3 lva_leiter lva_h3_abstand\">Anmeldung<\/h3>\n\u00dcber <a href=\"https:\/\/tiss.tuwien.ac.at\/course\/courseDetails.xhtml?dswid=3027&amp;dsrid=742&amp;courseNr=251837&amp;semester=2019W\"> TISS<\/a>\t\t\t\t\t\t\t\t<\/div>\n\t\t\t\t<\/div>\n\t\t\t\t<div class=\"elementor-element elementor-element-393996dd elementor-widget-divider--view-line elementor-widget elementor-widget-divider\" data-id=\"393996dd\" data-element_type=\"widget\" data-widget_type=\"divider.default\">\n\t\t\t\t<div class=\"elementor-widget-container\">\n\t\t\t\t\t\t\t<div class=\"elementor-divider\">\n\t\t\t<span class=\"elementor-divider-separator\">\n\t\t\t\t\t\t<\/span>\n\t\t<\/div>\n\t\t\t\t\t\t<\/div>\n\t\t\t\t<\/div>\n\t\t\t\t<div class=\"elementor-element elementor-element-7931c698 elementor-widget elementor-widget-text-editor\" data-id=\"7931c698\" data-element_type=\"widget\" data-widget_type=\"text-editor.default\">\n\t\t\t\t<div class=\"elementor-widget-container\">\n\t\t\t\t\t\t\t\t\t<h3 class=\"lva_h3\">Lernergebnisse<\/h3><p class=\"lva_text\">Nach positiver Absolvierung der Lehrveranstaltung sind Studierende in der Lage, einen Stadtraum auch aus dem Standpunkt der Denkmalpflege zu erfassen, sein \u00e4u\u00dferes Erscheinungsbild und seine Darstellungen zu analysieren, sowie Ver\u00e4nderungen im Stadtbild kritisch zu betrachten und zu bewerten. Dabei steht die praktische Anwendung denkmalpflegerischer Theorien im Vordergrund, die, verkn\u00fcpft mit Forschungsfragen aus der Kunstgeschichte, das Themenfeld erweitern. Die Lehrveranstaltung bietet \u00fcberdies die Gelegenheit, das unterschiedliche Instrumentarium, die Methoden und Herangehensweisen der Denkmalpflege und Kunstgeschichte im Umgang mit dem historischen Bestand kennenzulernen.<\/p><h3 class=\"lva_h3 lva_h3_abstand\">Inhalt der Lehrveranstaltung<\/h3><p>Bild der Stadt. Stadt im Bild<\/p><p>Stadtbilder und Stadtlandschaften sind, ohne dass wir sie bewusst wahrnehmen, ein Teil des Allt\u00e4glichen \u2013 man nimmt sie als gegeben hin, h\u00e4ufig ohne sich deren Entstehung bewusst zu machen. Das heutige Bild der Stadt ist nicht nur Zeugnis historischer Entwicklungsprozesse, sondern vielmehr das Resultat einer steten Wechselwirkung auf planerischer, wirtschaftlicher, kultureller und gesellschaftlicher Ebene. Die gewachsenen oder geplant angelegten Stadtr\u00e4ume sind zun\u00e4chst einer genaueren Betrachtung zu unterziehen. Diese Analyse der Substanz der Stadt, ihrer Bilder und Bilderwelten, die es seit Jahrhunderten gibt, ist eine wichtige Basis f\u00fcr einen sachgerechten (denkmalpflegerischen) Umgang mit solchen Strukturen.<\/p><p>\u2013 Was gibt es f\u00fcr Stadtdarstellungen?<br \/>\u2013 Was macht ein Stadtbild aus und wie kommt es zu Stande?<br \/>\u2013 Ist es mehr als die Summe seiner Einzelteile?<br \/>\u2013 Welcher Stellenwert wird ihm beigemessen?<br \/>\u2013 Ist es notwendig, das Stadtbild zu sch\u00fctzen und wenn ja, welche M\u00f6glichkeiten f\u00fcr dessen Erhaltung gibt es?<br \/>\u2013 Hat sich die Wahrnehmung des Bildes durch den Einfluss von Massenmedien ver\u00e4ndert?<br \/>\u2013 Steht das Bild in der heutigen Gesellschaft \u00fcber der Substanz?<\/p><p>Neben den klassischen denkmalpflegerischen Fragen werden im Zuge dieser Lehrveranstaltung besonders die Aspekte des Bildwertes und dessen Verwendung betrachtet<br \/>(z.B. Social Media und Ver\u00e4nderung von Bildern zur Verfolgung unterschiedlicher Interessen).<\/p><p>Weitere Themen und wichtige Aspekte der Lehrveranstaltung:<br \/>\u2013 Stadtideale und st\u00e4dtebauliche Entwicklungsprozesse<br \/>\u2013 Typologien und Bausteine der Stadt und ihre Bildwelten \u2013 von Forum, Piazza oder Gr\u00fcnraum hin zur Stadtsilhouette<br \/>\u2013 Stadt im Bild \u2013 historische und zeitgen\u00f6ssische Darstellungsformen und deren Interpretation \u2013 Stadtveduten, Gem\u00e4lde, Grafik, Fotografie, Film<br \/>\u2013 Stadtbilder lesen, verstehen und analysieren<br \/>\u2013 (Denkmalpflegerischer) Umgang mit dem Stadtbild \u2013 Fragen der Erhaltung, Erneuerung und Revitalisierung<\/p><p>Neben der theoretischen Einf\u00fchrung in die Bildwelten der Stadt werden exemplarische Studien zum Umgang mit der historischen Stadt durchgef\u00fchrt. Vor Ort werden Stadtspazierg\u00e4nge zu interessanten, teils unbekannten oder bisweilen unbemerkten Orten unternommen. Dabei sollen Stadtbilder gesucht und betrachtet, deren Entstehung beleuchtet und deren Hintergr\u00fcnde analysiert werden.<\/p><p>Die interdisziplin\u00e4re Kooperation von Kunstgeschichte (KU Linz, Univ.Prof. Dr.phil. Anna Minta, Geschichte und Theorie der Architektur) und Denkmalpflege (TU Wien) verspricht ein erweitertes Spektrum der Betrachtungsweisen. Es soll exemplarisch aufgezeigt werden, wie eng die Disziplinen bei der Wahrung unseres historischen Erbes miteinander verzahnt sind. Durch konkrete Fallbeispiele in Linz und Wien n\u00e4hern wir uns den beiden St\u00e4dten an und versuchen deren wesentliche Bildwelten, Qualit\u00e4ten und Erhaltungskriterien zu erfassen.<\/p><p>Die LVA wird als Blockveranstaltung abgehalten, wobei eine Einheit in Wien und die zweite in Linz stattfinden wird.<\/p>\t\t\t\t\t\t\t\t<\/div>\n\t\t\t\t<\/div>\n\t\t\t\t<div class=\"elementor-element elementor-element-119424a elementor-widget-divider--view-line elementor-widget elementor-widget-divider\" data-id=\"119424a\" data-element_type=\"widget\" data-widget_type=\"divider.default\">\n\t\t\t\t<div class=\"elementor-widget-container\">\n\t\t\t\t\t\t\t<div class=\"elementor-divider\">\n\t\t\t<span class=\"elementor-divider-separator\">\n\t\t\t\t\t\t<\/span>\n\t\t<\/div>\n\t\t\t\t\t\t<\/div>\n\t\t\t\t<\/div>\n\t\t\t\t<section class=\"elementor-section elementor-inner-section elementor-element elementor-element-46a464fc elementor-section-boxed elementor-section-height-default elementor-section-height-default\" data-id=\"46a464fc\" data-element_type=\"section\">\n\t\t\t\t\t\t<div class=\"elementor-container elementor-column-gap-default\">\n\t\t\t\t\t<div class=\"elementor-column elementor-col-50 elementor-inner-column elementor-element elementor-element-18ed3397\" data-id=\"18ed3397\" data-element_type=\"column\">\n\t\t\t<div class=\"elementor-widget-wrap elementor-element-populated\">\n\t\t\t\t\t\t<div class=\"elementor-element elementor-element-33bd8be4 elementor-widget elementor-widget-text-editor\" data-id=\"33bd8be4\" data-element_type=\"widget\" data-widget_type=\"text-editor.default\">\n\t\t\t\t<div class=\"elementor-widget-container\">\n\t\t\t\t\t\t\t\t\t<p class=\"lva_text\"><a class=\"link link_blau\" href=\"https:\/\/tiss.tuwien.ac.at\/course\/courseDetails.xhtml?dswid=3027&amp;dsrid=742&amp;courseNr=251837&amp;semester=2019W\">TISS<\/a><\/p>\t\t\t\t\t\t\t\t<\/div>\n\t\t\t\t<\/div>\n\t\t\t\t\t<\/div>\n\t\t<\/div>\n\t\t\t\t<div class=\"elementor-column elementor-col-50 elementor-inner-column elementor-element elementor-element-73c3dbca\" data-id=\"73c3dbca\" data-element_type=\"column\">\n\t\t\t<div class=\"elementor-widget-wrap\">\n\t\t\t\t\t\t\t<\/div>\n\t\t<\/div>\n\t\t\t\t\t<\/div>\n\t\t<\/section>\n\t\t\t\t\t<\/div>\n\t\t<\/div>\n\t\t\t\t\t<\/div>\n\t\t<\/section>\n\t\t\t\t<\/div>\n\t\t","protected":false},"excerpt":{"rendered":"<p>LVA WS19 251.837 2,0 h (2,5 ECTS) Bild der Stadt. Stadt im Bild Stegreifentwerfen Denkmalpflege Nott CAVIEZEL, Doris GRANDITS Einf\u00fchrung Do 24. Oktober 2019, 11:00 Uhr, SR 257 (Stiege 3, 2. Stock) Termine 07.-08. November 2019 Exkursion Wien 21.-22. November 2019 Exkursion Linz Anmeldung \u00dcber TISS Lernergebnisse Nach positiver Absolvierung der Lehrveranstaltung sind Studierende in der Lage, einen Stadtraum auch aus dem Standpunkt der Denkmalpflege zu erfassen, sein \u00e4u\u00dferes Erscheinungsbild<\/p>\n<div class=\"belowpost\"><a class=\"btnmore icon-arrow\" href=\"https:\/\/denkmalpflege.tuwien.ac.at\/index.php\/stehgreifeintwerfen-denkmalpflege\/\"><span>Read More<\/span><\/a><\/div>\n","protected":false},"author":1,"featured_media":0,"parent":0,"menu_order":0,"comment_status":"closed","ping_status":"closed","template":"","meta":{"footnotes":""},"class_list":["post-16123","page","type-page","status-publish","hentry"],"yoast_head":"<!-- This site is optimized with the Yoast SEO plugin v26.0 - https:\/\/yoast.com\/wordpress\/plugins\/seo\/ -->\n<title>Stehgreifeintwerfen Denkmalpflege - Denkmalpflege und Bauen im Bestand<\/title>\n<meta name=\"robots\" content=\"index, follow, max-snippet:-1, max-image-preview:large, max-video-preview:-1\" \/>\n<link rel=\"canonical\" href=\"https:\/\/denkmalpflege.tuwien.ac.at\/index.php\/stehgreifeintwerfen-denkmalpflege\/\" \/>\n<meta property=\"og:locale\" content=\"de_DE\" \/>\n<meta property=\"og:type\" content=\"article\" \/>\n<meta property=\"og:title\" content=\"Stehgreifeintwerfen Denkmalpflege - Denkmalpflege und Bauen im Bestand\" \/>\n<meta property=\"og:description\" content=\"LVA WS19 251.837 2,0 h (2,5 ECTS) Bild der Stadt. Stadt im Bild Stegreifentwerfen Denkmalpflege Nott CAVIEZEL, Doris GRANDITS Einf\u00fchrung Do 24. Oktober 2019, 11:00 Uhr, SR 257 (Stiege 3, 2. Stock) Termine 07.-08. November 2019 Exkursion Wien 21.-22. November 2019 Exkursion Linz Anmeldung \u00dcber TISS Lernergebnisse Nach positiver Absolvierung der Lehrveranstaltung sind Studierende in der Lage, einen Stadtraum auch aus dem Standpunkt der Denkmalpflege zu erfassen, sein \u00e4u\u00dferes ErscheinungsbildRead More\" \/>\n<meta property=\"og:url\" content=\"https:\/\/denkmalpflege.tuwien.ac.at\/index.php\/stehgreifeintwerfen-denkmalpflege\/\" \/>\n<meta property=\"og:site_name\" content=\"Denkmalpflege und Bauen im Bestand\" \/>\n<meta property=\"article:modified_time\" content=\"2023-10-22T10:13:31+00:00\" \/>\n<meta property=\"og:image\" content=\"http:\/\/denkmalpflege.tuwien.ac.at\/wp-content\/uploads\/2019\/10\/01_NEU_entwerfen_stegreif.jpg\" \/>\n<meta name=\"twitter:card\" content=\"summary_large_image\" \/>\n<meta name=\"twitter:label1\" content=\"Gesch\u00e4tzte Lesezeit\" \/>\n\t<meta name=\"twitter:data1\" content=\"3\u00a0Minuten\" \/>\n<script type=\"application\/ld+json\" class=\"yoast-schema-graph\">{\"@context\":\"https:\/\/schema.org\",\"@graph\":[{\"@type\":\"WebPage\",\"@id\":\"https:\/\/denkmalpflege.tuwien.ac.at\/index.php\/stehgreifeintwerfen-denkmalpflege\/\",\"url\":\"https:\/\/denkmalpflege.tuwien.ac.at\/index.php\/stehgreifeintwerfen-denkmalpflege\/\",\"name\":\"Stehgreifeintwerfen Denkmalpflege - Denkmalpflege und Bauen im Bestand\",\"isPartOf\":{\"@id\":\"https:\/\/denkmalpflege.tuwien.ac.at\/#website\"},\"primaryImageOfPage\":{\"@id\":\"https:\/\/denkmalpflege.tuwien.ac.at\/index.php\/stehgreifeintwerfen-denkmalpflege\/#primaryimage\"},\"image\":{\"@id\":\"https:\/\/denkmalpflege.tuwien.ac.at\/index.php\/stehgreifeintwerfen-denkmalpflege\/#primaryimage\"},\"thumbnailUrl\":\"http:\/\/denkmalpflege.tuwien.ac.at\/wp-content\/uploads\/2019\/10\/01_NEU_entwerfen_stegreif.jpg\",\"datePublished\":\"2019-10-30T19:42:05+00:00\",\"dateModified\":\"2023-10-22T10:13:31+00:00\",\"breadcrumb\":{\"@id\":\"https:\/\/denkmalpflege.tuwien.ac.at\/index.php\/stehgreifeintwerfen-denkmalpflege\/#breadcrumb\"},\"inLanguage\":\"de\",\"potentialAction\":[{\"@type\":\"ReadAction\",\"target\":[\"https:\/\/denkmalpflege.tuwien.ac.at\/index.php\/stehgreifeintwerfen-denkmalpflege\/\"]}]},{\"@type\":\"ImageObject\",\"inLanguage\":\"de\",\"@id\":\"https:\/\/denkmalpflege.tuwien.ac.at\/index.php\/stehgreifeintwerfen-denkmalpflege\/#primaryimage\",\"url\":\"https:\/\/denkmalpflege.tuwien.ac.at\/wp-content\/uploads\/2019\/10\/01_NEU_entwerfen_stegreif.jpg\",\"contentUrl\":\"https:\/\/denkmalpflege.tuwien.ac.at\/wp-content\/uploads\/2019\/10\/01_NEU_entwerfen_stegreif.jpg\",\"width\":1024,\"height\":786},{\"@type\":\"BreadcrumbList\",\"@id\":\"https:\/\/denkmalpflege.tuwien.ac.at\/index.php\/stehgreifeintwerfen-denkmalpflege\/#breadcrumb\",\"itemListElement\":[{\"@type\":\"ListItem\",\"position\":1,\"name\":\"Startseite\",\"item\":\"https:\/\/denkmalpflege.tuwien.ac.at\/\"},{\"@type\":\"ListItem\",\"position\":2,\"name\":\"Stehgreifeintwerfen Denkmalpflege\"}]},{\"@type\":\"WebSite\",\"@id\":\"https:\/\/denkmalpflege.tuwien.ac.at\/#website\",\"url\":\"https:\/\/denkmalpflege.tuwien.ac.at\/\",\"name\":\"Denkmalpflege und Bauen im Bestand\",\"description\":\"Denkmalpflege TU Wien\",\"publisher\":{\"@id\":\"https:\/\/denkmalpflege.tuwien.ac.at\/#organization\"},\"potentialAction\":[{\"@type\":\"SearchAction\",\"target\":{\"@type\":\"EntryPoint\",\"urlTemplate\":\"https:\/\/denkmalpflege.tuwien.ac.at\/?s={search_term_string}\"},\"query-input\":{\"@type\":\"PropertyValueSpecification\",\"valueRequired\":true,\"valueName\":\"search_term_string\"}}],\"inLanguage\":\"de\"},{\"@type\":\"Organization\",\"@id\":\"https:\/\/denkmalpflege.tuwien.ac.at\/#organization\",\"name\":\"TU Wien Denkmalpflege und Bauen im Bestand\",\"url\":\"https:\/\/denkmalpflege.tuwien.ac.at\/\",\"logo\":{\"@type\":\"ImageObject\",\"inLanguage\":\"de\",\"@id\":\"https:\/\/denkmalpflege.tuwien.ac.at\/#\/schema\/logo\/image\/\",\"url\":\"https:\/\/denkmalpflege.tuwien.ac.at\/wp-content\/uploads\/2019\/10\/Logo1.png\",\"contentUrl\":\"https:\/\/denkmalpflege.tuwien.ac.at\/wp-content\/uploads\/2019\/10\/Logo1.png\",\"width\":222,\"height\":79,\"caption\":\"TU Wien Denkmalpflege und Bauen im Bestand\"},\"image\":{\"@id\":\"https:\/\/denkmalpflege.tuwien.ac.at\/#\/schema\/logo\/image\/\"}}]}<\/script>\n<!-- \/ Yoast SEO plugin. -->","yoast_head_json":{"title":"Stehgreifeintwerfen Denkmalpflege - Denkmalpflege und Bauen im Bestand","robots":{"index":"index","follow":"follow","max-snippet":"max-snippet:-1","max-image-preview":"max-image-preview:large","max-video-preview":"max-video-preview:-1"},"canonical":"https:\/\/denkmalpflege.tuwien.ac.at\/index.php\/stehgreifeintwerfen-denkmalpflege\/","og_locale":"de_DE","og_type":"article","og_title":"Stehgreifeintwerfen Denkmalpflege - Denkmalpflege und Bauen im Bestand","og_description":"LVA WS19 251.837 2,0 h (2,5 ECTS) Bild der Stadt. Stadt im Bild Stegreifentwerfen Denkmalpflege Nott CAVIEZEL, Doris GRANDITS Einf\u00fchrung Do 24. Oktober 2019, 11:00 Uhr, SR 257 (Stiege 3, 2. Stock) Termine 07.-08. November 2019 Exkursion Wien 21.-22. November 2019 Exkursion Linz Anmeldung \u00dcber TISS Lernergebnisse Nach positiver Absolvierung der Lehrveranstaltung sind Studierende in der Lage, einen Stadtraum auch aus dem Standpunkt der Denkmalpflege zu erfassen, sein \u00e4u\u00dferes ErscheinungsbildRead More","og_url":"https:\/\/denkmalpflege.tuwien.ac.at\/index.php\/stehgreifeintwerfen-denkmalpflege\/","og_site_name":"Denkmalpflege und Bauen im Bestand","article_modified_time":"2023-10-22T10:13:31+00:00","og_image":[{"url":"http:\/\/denkmalpflege.tuwien.ac.at\/wp-content\/uploads\/2019\/10\/01_NEU_entwerfen_stegreif.jpg","type":"","width":"","height":""}],"twitter_card":"summary_large_image","twitter_misc":{"Gesch\u00e4tzte Lesezeit":"3\u00a0Minuten"},"schema":{"@context":"https:\/\/schema.org","@graph":[{"@type":"WebPage","@id":"https:\/\/denkmalpflege.tuwien.ac.at\/index.php\/stehgreifeintwerfen-denkmalpflege\/","url":"https:\/\/denkmalpflege.tuwien.ac.at\/index.php\/stehgreifeintwerfen-denkmalpflege\/","name":"Stehgreifeintwerfen Denkmalpflege - Denkmalpflege und Bauen im Bestand","isPartOf":{"@id":"https:\/\/denkmalpflege.tuwien.ac.at\/#website"},"primaryImageOfPage":{"@id":"https:\/\/denkmalpflege.tuwien.ac.at\/index.php\/stehgreifeintwerfen-denkmalpflege\/#primaryimage"},"image":{"@id":"https:\/\/denkmalpflege.tuwien.ac.at\/index.php\/stehgreifeintwerfen-denkmalpflege\/#primaryimage"},"thumbnailUrl":"http:\/\/denkmalpflege.tuwien.ac.at\/wp-content\/uploads\/2019\/10\/01_NEU_entwerfen_stegreif.jpg","datePublished":"2019-10-30T19:42:05+00:00","dateModified":"2023-10-22T10:13:31+00:00","breadcrumb":{"@id":"https:\/\/denkmalpflege.tuwien.ac.at\/index.php\/stehgreifeintwerfen-denkmalpflege\/#breadcrumb"},"inLanguage":"de","potentialAction":[{"@type":"ReadAction","target":["https:\/\/denkmalpflege.tuwien.ac.at\/index.php\/stehgreifeintwerfen-denkmalpflege\/"]}]},{"@type":"ImageObject","inLanguage":"de","@id":"https:\/\/denkmalpflege.tuwien.ac.at\/index.php\/stehgreifeintwerfen-denkmalpflege\/#primaryimage","url":"https:\/\/denkmalpflege.tuwien.ac.at\/wp-content\/uploads\/2019\/10\/01_NEU_entwerfen_stegreif.jpg","contentUrl":"https:\/\/denkmalpflege.tuwien.ac.at\/wp-content\/uploads\/2019\/10\/01_NEU_entwerfen_stegreif.jpg","width":1024,"height":786},{"@type":"BreadcrumbList","@id":"https:\/\/denkmalpflege.tuwien.ac.at\/index.php\/stehgreifeintwerfen-denkmalpflege\/#breadcrumb","itemListElement":[{"@type":"ListItem","position":1,"name":"Startseite","item":"https:\/\/denkmalpflege.tuwien.ac.at\/"},{"@type":"ListItem","position":2,"name":"Stehgreifeintwerfen Denkmalpflege"}]},{"@type":"WebSite","@id":"https:\/\/denkmalpflege.tuwien.ac.at\/#website","url":"https:\/\/denkmalpflege.tuwien.ac.at\/","name":"Denkmalpflege und Bauen im Bestand","description":"Denkmalpflege TU Wien","publisher":{"@id":"https:\/\/denkmalpflege.tuwien.ac.at\/#organization"},"potentialAction":[{"@type":"SearchAction","target":{"@type":"EntryPoint","urlTemplate":"https:\/\/denkmalpflege.tuwien.ac.at\/?s={search_term_string}"},"query-input":{"@type":"PropertyValueSpecification","valueRequired":true,"valueName":"search_term_string"}}],"inLanguage":"de"},{"@type":"Organization","@id":"https:\/\/denkmalpflege.tuwien.ac.at\/#organization","name":"TU Wien Denkmalpflege und Bauen im Bestand","url":"https:\/\/denkmalpflege.tuwien.ac.at\/","logo":{"@type":"ImageObject","inLanguage":"de","@id":"https:\/\/denkmalpflege.tuwien.ac.at\/#\/schema\/logo\/image\/","url":"https:\/\/denkmalpflege.tuwien.ac.at\/wp-content\/uploads\/2019\/10\/Logo1.png","contentUrl":"https:\/\/denkmalpflege.tuwien.ac.at\/wp-content\/uploads\/2019\/10\/Logo1.png","width":222,"height":79,"caption":"TU Wien Denkmalpflege und Bauen im Bestand"},"image":{"@id":"https:\/\/denkmalpflege.tuwien.ac.at\/#\/schema\/logo\/image\/"}}]}},"_links":{"self":[{"href":"https:\/\/denkmalpflege.tuwien.ac.at\/index.php\/wp-json\/wp\/v2\/pages\/16123","targetHints":{"allow":["GET"]}}],"collection":[{"href":"https:\/\/denkmalpflege.tuwien.ac.at\/index.php\/wp-json\/wp\/v2\/pages"}],"about":[{"href":"https:\/\/denkmalpflege.tuwien.ac.at\/index.php\/wp-json\/wp\/v2\/types\/page"}],"author":[{"embeddable":true,"href":"https:\/\/denkmalpflege.tuwien.ac.at\/index.php\/wp-json\/wp\/v2\/users\/1"}],"replies":[{"embeddable":true,"href":"https:\/\/denkmalpflege.tuwien.ac.at\/index.php\/wp-json\/wp\/v2\/comments?post=16123"}],"version-history":[{"count":29,"href":"https:\/\/denkmalpflege.tuwien.ac.at\/index.php\/wp-json\/wp\/v2\/pages\/16123\/revisions"}],"predecessor-version":[{"id":27717,"href":"https:\/\/denkmalpflege.tuwien.ac.at\/index.php\/wp-json\/wp\/v2\/pages\/16123\/revisions\/27717"}],"wp:attachment":[{"href":"https:\/\/denkmalpflege.tuwien.ac.at\/index.php\/wp-json\/wp\/v2\/media?parent=16123"}],"curies":[{"name":"wp","href":"https:\/\/api.w.org\/{rel}","templated":true}]}}