{"id":16120,"date":"2019-10-30T20:41:35","date_gmt":"2019-10-30T19:41:35","guid":{"rendered":"http:\/\/denkmalpflege.tuwien.ac.at\/?page_id=16120"},"modified":"2023-10-22T12:13:11","modified_gmt":"2023-10-22T10:13:11","slug":"heft-ig","status":"publish","type":"page","link":"https:\/\/denkmalpflege.tuwien.ac.at\/index.php\/heft-ig\/","title":{"rendered":"HEFT-IG"},"content":{"rendered":"\t\t<div data-elementor-type=\"wp-page\" data-elementor-id=\"16120\" class=\"elementor elementor-16120\" data-elementor-post-type=\"page\">\n\t\t\t\t\t\t<section class=\"elementor-section elementor-top-section elementor-element elementor-element-802dceb elementor-section-full_width elementor-section-height-default elementor-section-height-default\" data-id=\"802dceb\" data-element_type=\"section\">\n\t\t\t\t\t\t<div class=\"elementor-container elementor-column-gap-default\">\n\t\t\t\t\t<div class=\"elementor-column elementor-col-50 elementor-top-column elementor-element elementor-element-a954eeb\" data-id=\"a954eeb\" data-element_type=\"column\">\n\t\t\t<div class=\"elementor-widget-wrap elementor-element-populated\">\n\t\t\t\t\t\t<div class=\"elementor-element elementor-element-bf667f2 elementor-widget elementor-widget-heading\" data-id=\"bf667f2\" data-element_type=\"widget\" data-widget_type=\"heading.default\">\n\t\t\t\t<div class=\"elementor-widget-container\">\n\t\t\t\t\t<h2 class=\"elementor-heading-title elementor-size-default\"><a href=\"https:\/\/denkmalpflege.tuwien.ac.at\/index.php\/wintersemester1920\/\">LVA WS19<\/a><\/h2>\t\t\t\t<\/div>\n\t\t\t\t<\/div>\n\t\t\t\t\t<\/div>\n\t\t<\/div>\n\t\t\t\t<div class=\"elementor-column elementor-col-50 elementor-top-column elementor-element elementor-element-b8304b5\" data-id=\"b8304b5\" data-element_type=\"column\">\n\t\t\t<div class=\"elementor-widget-wrap elementor-element-populated\">\n\t\t\t\t\t\t<div class=\"elementor-element elementor-element-cb23199 elementor-widget elementor-widget-heading\" data-id=\"cb23199\" data-element_type=\"widget\" data-widget_type=\"heading.default\">\n\t\t\t\t<div class=\"elementor-widget-container\">\n\t\t\t\t\t<h2 class=\"elementor-heading-title elementor-size-default\">251.836 <span style=\"float: right\"> 8,0 h (10,0 ECTS)<\/span><\/h2>\t\t\t\t<\/div>\n\t\t\t\t<\/div>\n\t\t\t\t\t<\/div>\n\t\t<\/div>\n\t\t\t\t\t<\/div>\n\t\t<\/section>\n\t\t\t\t<section class=\"elementor-section elementor-top-section elementor-element elementor-element-3f47d87d elementor-section-full_width elementor-section-height-default elementor-section-height-default\" data-id=\"3f47d87d\" data-element_type=\"section\">\n\t\t\t\t\t\t<div class=\"elementor-container elementor-column-gap-default\">\n\t\t\t\t\t<div class=\"elementor-column elementor-col-50 elementor-top-column elementor-element elementor-element-51df30f5\" data-id=\"51df30f5\" data-element_type=\"column\">\n\t\t\t<div class=\"elementor-widget-wrap elementor-element-populated\">\n\t\t\t\t\t\t<div class=\"elementor-element elementor-element-d6be7ee elementor-nav-menu__align-start elementor-nav-menu--dropdown-mobile elementor-nav-menu__text-align-aside elementor-nav-menu--toggle elementor-nav-menu--burger elementor-widget elementor-widget-nav-menu\" data-id=\"d6be7ee\" data-element_type=\"widget\" data-settings=\"{&quot;layout&quot;:&quot;vertical&quot;,&quot;submenu_icon&quot;:{&quot;value&quot;:&quot;&lt;i class=\\&quot;\\&quot; aria-hidden=\\&quot;true\\&quot;&gt;&lt;\\\/i&gt;&quot;,&quot;library&quot;:&quot;&quot;},&quot;toggle&quot;:&quot;burger&quot;}\" data-widget_type=\"nav-menu.default\">\n\t\t\t\t<div class=\"elementor-widget-container\">\n\t\t\t\t\t\t\t\t<nav aria-label=\"Men\u00fc\" class=\"elementor-nav-menu--main elementor-nav-menu__container elementor-nav-menu--layout-vertical e--pointer-none\">\n\t\t\t\t<ul id=\"menu-1-d6be7ee\" class=\"elementor-nav-menu sm-vertical\"><li class=\"menu-item menu-item-type-post_type menu-item-object-page menu-item-16211\"><a href=\"https:\/\/denkmalpflege.tuwien.ac.at\/index.php\/denkmalpflege-vorlesung\/\" class=\"elementor-item\">Vorlesung <\/br> Denkmalpflege<\/a><\/li>\n<li class=\"menu-item menu-item-type-post_type menu-item-object-page menu-item-16212\"><a href=\"https:\/\/denkmalpflege.tuwien.ac.at\/index.php\/pesaro-villa-imperial\/\" class=\"elementor-item\">Gro\u00dfes Entwerfen <\/br> Pesaro Villa Imperiale<\/a><\/li>\n<li class=\"menu-item menu-item-type-post_type menu-item-object-page menu-item-16213\"><a href=\"https:\/\/denkmalpflege.tuwien.ac.at\/index.php\/heft-ig\/\" class=\"elementor-item\">Gro\u00dfes Entwerfen <\/br> Heft-ig Domenig \u00fcber dem H\u00fcttenwerk<\/a><\/li>\n<li class=\"menu-item menu-item-type-post_type menu-item-object-page menu-item-16214\"><a href=\"https:\/\/denkmalpflege.tuwien.ac.at\/index.php\/stehgreifeintwerfen-denkmalpflege\/\" class=\"elementor-item\">Stegreifentwerfen <\/br> Bild der Stadt. Stadt im Bild.<\/a><\/li>\n<li class=\"menu-item menu-item-type-post_type menu-item-object-page menu-item-16386\"><a href=\"https:\/\/denkmalpflege.tuwien.ac.at\/index.php\/wahlseminar-denkmalforschung\/\" class=\"elementor-item\">Wahlseminar <\/br> Leisure Time! Orte der Freizeit <\/br> der Nachkriegsmoderne in Wien<\/a><\/li>\n<li class=\"menu-item menu-item-type-post_type menu-item-object-page menu-item-16217\"><a href=\"https:\/\/denkmalpflege.tuwien.ac.at\/index.php\/industriearchaeologisches-praktikum\/\" class=\"elementor-item\">Praktikum <\/br> Industriearch\u00e4ologisches Praktikum<\/a><\/li>\n<li class=\"menu-item menu-item-type-post_type menu-item-object-page menu-item-16219\"><a href=\"https:\/\/denkmalpflege.tuwien.ac.at\/index.php\/denkmalpflege-und-bausanierung\/\" class=\"elementor-item\">\u00dcbung <\/br> Denkmalpflege &#038; Bausanierung<\/a><\/li>\n<li class=\"menu-item menu-item-type-post_type menu-item-object-page menu-item-16220\"><a href=\"https:\/\/denkmalpflege.tuwien.ac.at\/index.php\/lehre-2\/lva-sommersemester-2021\/anleitung-wissenschaftlichen-arbeiten\/\" class=\"elementor-item\">Seminar <\/br> Anleitung zum wissenschaftlichen Arbeiten<\/a><\/li>\n<li class=\"menu-item menu-item-type-post_type menu-item-object-page menu-item-16221\"><a href=\"https:\/\/denkmalpflege.tuwien.ac.at\/index.php\/diplomanden-und-dissertantenseminar\/\" class=\"elementor-item\">Seminar <\/br> Diplomanden- und Dissertantenseminar<\/a><\/li>\n<\/ul>\t\t\t<\/nav>\n\t\t\t\t\t<div class=\"elementor-menu-toggle\" role=\"button\" tabindex=\"0\" aria-label=\"Men\u00fc Umschalter\" aria-expanded=\"false\">\n\t\t\t<i aria-hidden=\"true\" role=\"presentation\" class=\"elementor-menu-toggle__icon--open eicon-menu-bar\"><\/i><i aria-hidden=\"true\" role=\"presentation\" class=\"elementor-menu-toggle__icon--close eicon-close\"><\/i>\t\t<\/div>\n\t\t\t\t\t<nav class=\"elementor-nav-menu--dropdown elementor-nav-menu__container\" aria-hidden=\"true\">\n\t\t\t\t<ul id=\"menu-2-d6be7ee\" class=\"elementor-nav-menu sm-vertical\"><li class=\"menu-item menu-item-type-post_type menu-item-object-page menu-item-16211\"><a href=\"https:\/\/denkmalpflege.tuwien.ac.at\/index.php\/denkmalpflege-vorlesung\/\" class=\"elementor-item\" tabindex=\"-1\">Vorlesung <\/br> Denkmalpflege<\/a><\/li>\n<li class=\"menu-item menu-item-type-post_type menu-item-object-page menu-item-16212\"><a href=\"https:\/\/denkmalpflege.tuwien.ac.at\/index.php\/pesaro-villa-imperial\/\" class=\"elementor-item\" tabindex=\"-1\">Gro\u00dfes Entwerfen <\/br> Pesaro Villa Imperiale<\/a><\/li>\n<li class=\"menu-item menu-item-type-post_type menu-item-object-page menu-item-16213\"><a href=\"https:\/\/denkmalpflege.tuwien.ac.at\/index.php\/heft-ig\/\" class=\"elementor-item\" tabindex=\"-1\">Gro\u00dfes Entwerfen <\/br> Heft-ig Domenig \u00fcber dem H\u00fcttenwerk<\/a><\/li>\n<li class=\"menu-item menu-item-type-post_type menu-item-object-page menu-item-16214\"><a href=\"https:\/\/denkmalpflege.tuwien.ac.at\/index.php\/stehgreifeintwerfen-denkmalpflege\/\" class=\"elementor-item\" tabindex=\"-1\">Stegreifentwerfen <\/br> Bild der Stadt. Stadt im Bild.<\/a><\/li>\n<li class=\"menu-item menu-item-type-post_type menu-item-object-page menu-item-16386\"><a href=\"https:\/\/denkmalpflege.tuwien.ac.at\/index.php\/wahlseminar-denkmalforschung\/\" class=\"elementor-item\" tabindex=\"-1\">Wahlseminar <\/br> Leisure Time! Orte der Freizeit <\/br> der Nachkriegsmoderne in Wien<\/a><\/li>\n<li class=\"menu-item menu-item-type-post_type menu-item-object-page menu-item-16217\"><a href=\"https:\/\/denkmalpflege.tuwien.ac.at\/index.php\/industriearchaeologisches-praktikum\/\" class=\"elementor-item\" tabindex=\"-1\">Praktikum <\/br> Industriearch\u00e4ologisches Praktikum<\/a><\/li>\n<li class=\"menu-item menu-item-type-post_type menu-item-object-page menu-item-16219\"><a href=\"https:\/\/denkmalpflege.tuwien.ac.at\/index.php\/denkmalpflege-und-bausanierung\/\" class=\"elementor-item\" tabindex=\"-1\">\u00dcbung <\/br> Denkmalpflege &#038; Bausanierung<\/a><\/li>\n<li class=\"menu-item menu-item-type-post_type menu-item-object-page menu-item-16220\"><a href=\"https:\/\/denkmalpflege.tuwien.ac.at\/index.php\/lehre-2\/lva-sommersemester-2021\/anleitung-wissenschaftlichen-arbeiten\/\" class=\"elementor-item\" tabindex=\"-1\">Seminar <\/br> Anleitung zum wissenschaftlichen Arbeiten<\/a><\/li>\n<li class=\"menu-item menu-item-type-post_type menu-item-object-page menu-item-16221\"><a href=\"https:\/\/denkmalpflege.tuwien.ac.at\/index.php\/diplomanden-und-dissertantenseminar\/\" class=\"elementor-item\" tabindex=\"-1\">Seminar <\/br> Diplomanden- und Dissertantenseminar<\/a><\/li>\n<\/ul>\t\t\t<\/nav>\n\t\t\t\t\t\t<\/div>\n\t\t\t\t<\/div>\n\t\t\t\t\t<\/div>\n\t\t<\/div>\n\t\t\t\t<div class=\"elementor-column elementor-col-50 elementor-top-column elementor-element elementor-element-1954a0f5\" data-id=\"1954a0f5\" data-element_type=\"column\">\n\t\t\t<div class=\"elementor-widget-wrap elementor-element-populated\">\n\t\t\t\t\t\t<div class=\"elementor-element elementor-element-6f1653bf elementor-widget elementor-widget-text-editor\" data-id=\"6f1653bf\" data-element_type=\"widget\" data-widget_type=\"text-editor.default\">\n\t\t\t\t<div class=\"elementor-widget-container\">\n\t\t\t\t\t\t\t\t\t<h1 class=\"lva_h1\">HEFT-IG Domenig \u00fcber dem H\u00fcttenwerk\u200b<\/h1>\t\t\t\t\t\t\t\t<\/div>\n\t\t\t\t<\/div>\n\t\t\t\t<div class=\"elementor-element elementor-element-509600a lva_img elementor-widget elementor-widget-image\" data-id=\"509600a\" data-element_type=\"widget\" data-widget_type=\"image.default\">\n\t\t\t\t<div class=\"elementor-widget-container\">\n\t\t\t\t\t\t\t\t\t\t\t\t\t\t\t<img fetchpriority=\"high\" decoding=\"async\" width=\"768\" height=\"996\" src=\"https:\/\/denkmalpflege.tuwien.ac.at\/wp-content\/uploads\/2019\/10\/01_NEU_entwerfen_heftig.jpg\" class=\"attachment-medium_large size-medium_large wp-image-15197\" alt=\"\" \/>\t\t\t\t\t\t\t\t\t\t\t\t\t\t\t<\/div>\n\t\t\t\t<\/div>\n\t\t\t\t<div class=\"elementor-element elementor-element-3c9f92cc elementor-widget elementor-widget-text-editor\" data-id=\"3c9f92cc\" data-element_type=\"widget\" data-widget_type=\"text-editor.default\">\n\t\t\t\t<div class=\"elementor-widget-container\">\n\t\t\t\t\t\t\t\t\t<p class=\"akt\">Gro\u00dfes Entwerfen Denkmalpflege und Entwurf: Strategien der Umnutzung<\/p>\t\t\t\t\t\t\t\t<\/div>\n\t\t\t\t<\/div>\n\t\t\t\t<div class=\"elementor-element elementor-element-8bba5e2 elementor-widget elementor-widget-text-editor\" data-id=\"8bba5e2\" data-element_type=\"widget\" data-widget_type=\"text-editor.default\">\n\t\t\t\t<div class=\"elementor-widget-container\">\n\t\t\t\t\t\t\t\t\t<h3 class=\"lva_h3 lva_leiter\">Gerhard STADLER, Alexandra Oana GHETA ROSCA, Johannes SIMA<\/h3>\n<h3><\/h3>\n<h3 class=\"lva_h3 lva_leiter\">Einf\u00fchrung<\/h3>\n<p class=\"lva_text\">Dienstag 8. Oktober 2019, 10:30 Uhr im SR 257 (Stiege 3, 2. OG)<\/p>\n\n<h3 class=\"lva_h3 lva_leiter lva_h3_abstand\">Termine<\/h3>\n<p class=\"lva_text\">Dienstag, 9:00-13:00 Uhr, SR 257 (Stiege 3, 2. Stock)<\/h3>\n\n<h3 class=\"lva_h3 lva_leiter lva_h3_abstand\">Anmeldung<\/h3>\n<p class=\"lva_text\">\u00dcber TISS<\/h3>\n\n<h3 class=\"lva_h3 lva_leiter lva_h3_abstand\">Exkursion<\/h3>\n<p class=\"lva_text\">nach H\u00fcttenberg, K\u00e4rnten\n21. bis 25. Oktober 2019<\/h3>\t\t\t\t\t\t\t\t<\/div>\n\t\t\t\t<\/div>\n\t\t\t\t<div class=\"elementor-element elementor-element-4af4a046 elementor-widget-divider--view-line elementor-widget elementor-widget-divider\" data-id=\"4af4a046\" data-element_type=\"widget\" data-widget_type=\"divider.default\">\n\t\t\t\t<div class=\"elementor-widget-container\">\n\t\t\t\t\t\t\t<div class=\"elementor-divider\">\n\t\t\t<span class=\"elementor-divider-separator\">\n\t\t\t\t\t\t<\/span>\n\t\t<\/div>\n\t\t\t\t\t\t<\/div>\n\t\t\t\t<\/div>\n\t\t\t\t<div class=\"elementor-element elementor-element-55699af4 elementor-widget elementor-widget-text-editor\" data-id=\"55699af4\" data-element_type=\"widget\" data-widget_type=\"text-editor.default\">\n\t\t\t\t<div class=\"elementor-widget-container\">\n\t\t\t\t\t\t\t\t\t<h3 class=\"lva_h3\">Lernergebnisse<\/h3><p class=\"lva_text\">Nach positiver Absolvierung der Lehrveranstaltung sind Studierende in der Lage, sowohl die Entwurfs- wie auch die Detailplanung bei der Um- und Nachnutzung von denkmalgesch\u00fctzter Baubsubstanz vorzunehmen.<\/p><h3 class=\"lva_h3 lva_h3_abstand\">Inhalt der Lehrveranstaltung<\/h3><p class=\"lva_text\">Die Lehrveranstaltung zielt auf die denkmalgerechte Um- oder Nachnutzung denkmalgesch\u00fctzter Bausubstanz, insbesondere von technischen und wirtschaftsgeschichtlichen Denkmalen wie Fabriken, Werkst\u00e4tten, Industrieanlagen oder Werkskolonien. Das Projekt \u201eHeft-ig\u201c verfolgt Entwicklungsideen f\u00fcr das historische H\u00fcttenwerk in der Heft, das anl\u00e4sslich der K\u00e4rntner Landesausstellung 1995 von Architekt G\u00fcnther Domenig mit einer spektakul\u00e4ren Ausstellungsarchitektur \u00fcberformt wurde.<\/p><h3 class=\"lva_h3 lva_h3_abstand\">Methoden<\/h3><p class=\"lva_text\">\u2013 Historische Analyse, gegebenenfalls Bauforschung <br \/>\u2013 Entwurfsplanung sowohl in Einzel- als auch in Gruppenarbeit <br \/>\u2013 Diskurs <br \/>\u2013 Pr\u00e4sentation<\/p>\t\t\t\t\t\t\t\t<\/div>\n\t\t\t\t<\/div>\n\t\t\t\t<div class=\"elementor-element elementor-element-13d91c6b elementor-widget-divider--view-line elementor-widget elementor-widget-divider\" data-id=\"13d91c6b\" data-element_type=\"widget\" data-widget_type=\"divider.default\">\n\t\t\t\t<div class=\"elementor-widget-container\">\n\t\t\t\t\t\t\t<div class=\"elementor-divider\">\n\t\t\t<span class=\"elementor-divider-separator\">\n\t\t\t\t\t\t<\/span>\n\t\t<\/div>\n\t\t\t\t\t\t<\/div>\n\t\t\t\t<\/div>\n\t\t\t\t<section class=\"elementor-section elementor-inner-section elementor-element elementor-element-815af0a elementor-section-boxed elementor-section-height-default elementor-section-height-default\" data-id=\"815af0a\" data-element_type=\"section\">\n\t\t\t\t\t\t<div class=\"elementor-container elementor-column-gap-default\">\n\t\t\t\t\t<div class=\"elementor-column elementor-col-50 elementor-inner-column elementor-element elementor-element-57f8a3b2\" data-id=\"57f8a3b2\" data-element_type=\"column\">\n\t\t\t<div class=\"elementor-widget-wrap elementor-element-populated\">\n\t\t\t\t\t\t<div class=\"elementor-element elementor-element-37735585 elementor-widget elementor-widget-text-editor\" data-id=\"37735585\" data-element_type=\"widget\" data-widget_type=\"text-editor.default\">\n\t\t\t\t<div class=\"elementor-widget-container\">\n\t\t\t\t\t\t\t\t\t<p class=\"lva_text\"><a class=\"link link_blau\" href=\"https:\/\/tiss.tuwien.ac.at\/course\/courseDetails.xhtml?dswid=2426&amp;dsrid=593&amp;courseNr=251836&amp;semester=2019W\">TISS<\/a><\/p>\t\t\t\t\t\t\t\t<\/div>\n\t\t\t\t<\/div>\n\t\t\t\t\t<\/div>\n\t\t<\/div>\n\t\t\t\t<div class=\"elementor-column elementor-col-50 elementor-inner-column elementor-element elementor-element-2232777c\" data-id=\"2232777c\" data-element_type=\"column\">\n\t\t\t<div class=\"elementor-widget-wrap\">\n\t\t\t\t\t\t\t<\/div>\n\t\t<\/div>\n\t\t\t\t\t<\/div>\n\t\t<\/section>\n\t\t\t\t\t<\/div>\n\t\t<\/div>\n\t\t\t\t\t<\/div>\n\t\t<\/section>\n\t\t\t\t<\/div>\n\t\t","protected":false},"excerpt":{"rendered":"<p>LVA WS19 251.836 8,0 h (10,0 ECTS) HEFT-IG Domenig \u00fcber dem H\u00fcttenwerk\u200b Gro\u00dfes Entwerfen Denkmalpflege und Entwurf: Strategien der Umnutzung Gerhard STADLER, Alexandra Oana GHETA ROSCA, Johannes SIMA Einf\u00fchrung Dienstag 8. Oktober 2019, 10:30 Uhr im SR 257 (Stiege 3, 2. OG) Termine Dienstag, 9:00-13:00 Uhr, SR 257 (Stiege 3, 2. Stock) Anmeldung \u00dcber TISS Exkursion nach H\u00fcttenberg, K\u00e4rnten 21. bis 25. Oktober 2019 Lernergebnisse Nach positiver Absolvierung der Lehrveranstaltung<\/p>\n<div class=\"belowpost\"><a class=\"btnmore icon-arrow\" href=\"https:\/\/denkmalpflege.tuwien.ac.at\/index.php\/heft-ig\/\"><span>Read More<\/span><\/a><\/div>\n","protected":false},"author":1,"featured_media":0,"parent":0,"menu_order":0,"comment_status":"closed","ping_status":"closed","template":"","meta":{"footnotes":""},"class_list":["post-16120","page","type-page","status-publish","hentry"],"yoast_head":"<!-- This site is optimized with the Yoast SEO plugin v26.0 - https:\/\/yoast.com\/wordpress\/plugins\/seo\/ -->\n<title>HEFT-IG - Denkmalpflege und Bauen im Bestand<\/title>\n<meta name=\"robots\" content=\"index, follow, max-snippet:-1, max-image-preview:large, max-video-preview:-1\" \/>\n<link rel=\"canonical\" href=\"https:\/\/denkmalpflege.tuwien.ac.at\/index.php\/heft-ig\/\" \/>\n<meta property=\"og:locale\" content=\"de_DE\" \/>\n<meta property=\"og:type\" content=\"article\" \/>\n<meta property=\"og:title\" content=\"HEFT-IG - Denkmalpflege und Bauen im Bestand\" \/>\n<meta property=\"og:description\" content=\"LVA WS19 251.836 8,0 h (10,0 ECTS) HEFT-IG Domenig \u00fcber dem H\u00fcttenwerk\u200b Gro\u00dfes Entwerfen Denkmalpflege und Entwurf: Strategien der Umnutzung Gerhard STADLER, Alexandra Oana GHETA ROSCA, Johannes SIMA Einf\u00fchrung Dienstag 8. Oktober 2019, 10:30 Uhr im SR 257 (Stiege 3, 2. OG) Termine Dienstag, 9:00-13:00 Uhr, SR 257 (Stiege 3, 2. Stock) Anmeldung \u00dcber TISS Exkursion nach H\u00fcttenberg, K\u00e4rnten 21. bis 25. Oktober 2019 Lernergebnisse Nach positiver Absolvierung der LehrveranstaltungRead More\" \/>\n<meta property=\"og:url\" content=\"https:\/\/denkmalpflege.tuwien.ac.at\/index.php\/heft-ig\/\" \/>\n<meta property=\"og:site_name\" content=\"Denkmalpflege und Bauen im Bestand\" \/>\n<meta property=\"article:modified_time\" content=\"2023-10-22T10:13:11+00:00\" \/>\n<meta property=\"og:image\" content=\"http:\/\/denkmalpflege.tuwien.ac.at\/wp-content\/uploads\/2019\/10\/01_NEU_entwerfen_heftig.jpg\" \/>\n<meta name=\"twitter:card\" content=\"summary_large_image\" \/>\n<meta name=\"twitter:label1\" content=\"Gesch\u00e4tzte Lesezeit\" \/>\n\t<meta name=\"twitter:data1\" content=\"1\u00a0Minute\" \/>\n<script type=\"application\/ld+json\" class=\"yoast-schema-graph\">{\"@context\":\"https:\/\/schema.org\",\"@graph\":[{\"@type\":\"WebPage\",\"@id\":\"https:\/\/denkmalpflege.tuwien.ac.at\/index.php\/heft-ig\/\",\"url\":\"https:\/\/denkmalpflege.tuwien.ac.at\/index.php\/heft-ig\/\",\"name\":\"HEFT-IG - Denkmalpflege und Bauen im Bestand\",\"isPartOf\":{\"@id\":\"https:\/\/denkmalpflege.tuwien.ac.at\/#website\"},\"primaryImageOfPage\":{\"@id\":\"https:\/\/denkmalpflege.tuwien.ac.at\/index.php\/heft-ig\/#primaryimage\"},\"image\":{\"@id\":\"https:\/\/denkmalpflege.tuwien.ac.at\/index.php\/heft-ig\/#primaryimage\"},\"thumbnailUrl\":\"http:\/\/denkmalpflege.tuwien.ac.at\/wp-content\/uploads\/2019\/10\/01_NEU_entwerfen_heftig.jpg\",\"datePublished\":\"2019-10-30T19:41:35+00:00\",\"dateModified\":\"2023-10-22T10:13:11+00:00\",\"breadcrumb\":{\"@id\":\"https:\/\/denkmalpflege.tuwien.ac.at\/index.php\/heft-ig\/#breadcrumb\"},\"inLanguage\":\"de\",\"potentialAction\":[{\"@type\":\"ReadAction\",\"target\":[\"https:\/\/denkmalpflege.tuwien.ac.at\/index.php\/heft-ig\/\"]}]},{\"@type\":\"ImageObject\",\"inLanguage\":\"de\",\"@id\":\"https:\/\/denkmalpflege.tuwien.ac.at\/index.php\/heft-ig\/#primaryimage\",\"url\":\"https:\/\/denkmalpflege.tuwien.ac.at\/wp-content\/uploads\/2019\/10\/01_NEU_entwerfen_heftig.jpg\",\"contentUrl\":\"https:\/\/denkmalpflege.tuwien.ac.at\/wp-content\/uploads\/2019\/10\/01_NEU_entwerfen_heftig.jpg\",\"width\":3963,\"height\":5139},{\"@type\":\"BreadcrumbList\",\"@id\":\"https:\/\/denkmalpflege.tuwien.ac.at\/index.php\/heft-ig\/#breadcrumb\",\"itemListElement\":[{\"@type\":\"ListItem\",\"position\":1,\"name\":\"Startseite\",\"item\":\"https:\/\/denkmalpflege.tuwien.ac.at\/\"},{\"@type\":\"ListItem\",\"position\":2,\"name\":\"HEFT-IG\"}]},{\"@type\":\"WebSite\",\"@id\":\"https:\/\/denkmalpflege.tuwien.ac.at\/#website\",\"url\":\"https:\/\/denkmalpflege.tuwien.ac.at\/\",\"name\":\"Denkmalpflege und Bauen im Bestand\",\"description\":\"Denkmalpflege TU Wien\",\"publisher\":{\"@id\":\"https:\/\/denkmalpflege.tuwien.ac.at\/#organization\"},\"potentialAction\":[{\"@type\":\"SearchAction\",\"target\":{\"@type\":\"EntryPoint\",\"urlTemplate\":\"https:\/\/denkmalpflege.tuwien.ac.at\/?s={search_term_string}\"},\"query-input\":{\"@type\":\"PropertyValueSpecification\",\"valueRequired\":true,\"valueName\":\"search_term_string\"}}],\"inLanguage\":\"de\"},{\"@type\":\"Organization\",\"@id\":\"https:\/\/denkmalpflege.tuwien.ac.at\/#organization\",\"name\":\"TU Wien Denkmalpflege und Bauen im Bestand\",\"url\":\"https:\/\/denkmalpflege.tuwien.ac.at\/\",\"logo\":{\"@type\":\"ImageObject\",\"inLanguage\":\"de\",\"@id\":\"https:\/\/denkmalpflege.tuwien.ac.at\/#\/schema\/logo\/image\/\",\"url\":\"https:\/\/denkmalpflege.tuwien.ac.at\/wp-content\/uploads\/2019\/10\/Logo1.png\",\"contentUrl\":\"https:\/\/denkmalpflege.tuwien.ac.at\/wp-content\/uploads\/2019\/10\/Logo1.png\",\"width\":222,\"height\":79,\"caption\":\"TU Wien Denkmalpflege und Bauen im Bestand\"},\"image\":{\"@id\":\"https:\/\/denkmalpflege.tuwien.ac.at\/#\/schema\/logo\/image\/\"}}]}<\/script>\n<!-- \/ Yoast SEO plugin. -->","yoast_head_json":{"title":"HEFT-IG - Denkmalpflege und Bauen im Bestand","robots":{"index":"index","follow":"follow","max-snippet":"max-snippet:-1","max-image-preview":"max-image-preview:large","max-video-preview":"max-video-preview:-1"},"canonical":"https:\/\/denkmalpflege.tuwien.ac.at\/index.php\/heft-ig\/","og_locale":"de_DE","og_type":"article","og_title":"HEFT-IG - Denkmalpflege und Bauen im Bestand","og_description":"LVA WS19 251.836 8,0 h (10,0 ECTS) HEFT-IG Domenig \u00fcber dem H\u00fcttenwerk\u200b Gro\u00dfes Entwerfen Denkmalpflege und Entwurf: Strategien der Umnutzung Gerhard STADLER, Alexandra Oana GHETA ROSCA, Johannes SIMA Einf\u00fchrung Dienstag 8. Oktober 2019, 10:30 Uhr im SR 257 (Stiege 3, 2. OG) Termine Dienstag, 9:00-13:00 Uhr, SR 257 (Stiege 3, 2. Stock) Anmeldung \u00dcber TISS Exkursion nach H\u00fcttenberg, K\u00e4rnten 21. bis 25. Oktober 2019 Lernergebnisse Nach positiver Absolvierung der LehrveranstaltungRead More","og_url":"https:\/\/denkmalpflege.tuwien.ac.at\/index.php\/heft-ig\/","og_site_name":"Denkmalpflege und Bauen im Bestand","article_modified_time":"2023-10-22T10:13:11+00:00","og_image":[{"url":"http:\/\/denkmalpflege.tuwien.ac.at\/wp-content\/uploads\/2019\/10\/01_NEU_entwerfen_heftig.jpg","type":"","width":"","height":""}],"twitter_card":"summary_large_image","twitter_misc":{"Gesch\u00e4tzte Lesezeit":"1\u00a0Minute"},"schema":{"@context":"https:\/\/schema.org","@graph":[{"@type":"WebPage","@id":"https:\/\/denkmalpflege.tuwien.ac.at\/index.php\/heft-ig\/","url":"https:\/\/denkmalpflege.tuwien.ac.at\/index.php\/heft-ig\/","name":"HEFT-IG - Denkmalpflege und Bauen im Bestand","isPartOf":{"@id":"https:\/\/denkmalpflege.tuwien.ac.at\/#website"},"primaryImageOfPage":{"@id":"https:\/\/denkmalpflege.tuwien.ac.at\/index.php\/heft-ig\/#primaryimage"},"image":{"@id":"https:\/\/denkmalpflege.tuwien.ac.at\/index.php\/heft-ig\/#primaryimage"},"thumbnailUrl":"http:\/\/denkmalpflege.tuwien.ac.at\/wp-content\/uploads\/2019\/10\/01_NEU_entwerfen_heftig.jpg","datePublished":"2019-10-30T19:41:35+00:00","dateModified":"2023-10-22T10:13:11+00:00","breadcrumb":{"@id":"https:\/\/denkmalpflege.tuwien.ac.at\/index.php\/heft-ig\/#breadcrumb"},"inLanguage":"de","potentialAction":[{"@type":"ReadAction","target":["https:\/\/denkmalpflege.tuwien.ac.at\/index.php\/heft-ig\/"]}]},{"@type":"ImageObject","inLanguage":"de","@id":"https:\/\/denkmalpflege.tuwien.ac.at\/index.php\/heft-ig\/#primaryimage","url":"https:\/\/denkmalpflege.tuwien.ac.at\/wp-content\/uploads\/2019\/10\/01_NEU_entwerfen_heftig.jpg","contentUrl":"https:\/\/denkmalpflege.tuwien.ac.at\/wp-content\/uploads\/2019\/10\/01_NEU_entwerfen_heftig.jpg","width":3963,"height":5139},{"@type":"BreadcrumbList","@id":"https:\/\/denkmalpflege.tuwien.ac.at\/index.php\/heft-ig\/#breadcrumb","itemListElement":[{"@type":"ListItem","position":1,"name":"Startseite","item":"https:\/\/denkmalpflege.tuwien.ac.at\/"},{"@type":"ListItem","position":2,"name":"HEFT-IG"}]},{"@type":"WebSite","@id":"https:\/\/denkmalpflege.tuwien.ac.at\/#website","url":"https:\/\/denkmalpflege.tuwien.ac.at\/","name":"Denkmalpflege und Bauen im Bestand","description":"Denkmalpflege TU Wien","publisher":{"@id":"https:\/\/denkmalpflege.tuwien.ac.at\/#organization"},"potentialAction":[{"@type":"SearchAction","target":{"@type":"EntryPoint","urlTemplate":"https:\/\/denkmalpflege.tuwien.ac.at\/?s={search_term_string}"},"query-input":{"@type":"PropertyValueSpecification","valueRequired":true,"valueName":"search_term_string"}}],"inLanguage":"de"},{"@type":"Organization","@id":"https:\/\/denkmalpflege.tuwien.ac.at\/#organization","name":"TU Wien Denkmalpflege und Bauen im Bestand","url":"https:\/\/denkmalpflege.tuwien.ac.at\/","logo":{"@type":"ImageObject","inLanguage":"de","@id":"https:\/\/denkmalpflege.tuwien.ac.at\/#\/schema\/logo\/image\/","url":"https:\/\/denkmalpflege.tuwien.ac.at\/wp-content\/uploads\/2019\/10\/Logo1.png","contentUrl":"https:\/\/denkmalpflege.tuwien.ac.at\/wp-content\/uploads\/2019\/10\/Logo1.png","width":222,"height":79,"caption":"TU Wien Denkmalpflege und Bauen im Bestand"},"image":{"@id":"https:\/\/denkmalpflege.tuwien.ac.at\/#\/schema\/logo\/image\/"}}]}},"_links":{"self":[{"href":"https:\/\/denkmalpflege.tuwien.ac.at\/index.php\/wp-json\/wp\/v2\/pages\/16120","targetHints":{"allow":["GET"]}}],"collection":[{"href":"https:\/\/denkmalpflege.tuwien.ac.at\/index.php\/wp-json\/wp\/v2\/pages"}],"about":[{"href":"https:\/\/denkmalpflege.tuwien.ac.at\/index.php\/wp-json\/wp\/v2\/types\/page"}],"author":[{"embeddable":true,"href":"https:\/\/denkmalpflege.tuwien.ac.at\/index.php\/wp-json\/wp\/v2\/users\/1"}],"replies":[{"embeddable":true,"href":"https:\/\/denkmalpflege.tuwien.ac.at\/index.php\/wp-json\/wp\/v2\/comments?post=16120"}],"version-history":[{"count":23,"href":"https:\/\/denkmalpflege.tuwien.ac.at\/index.php\/wp-json\/wp\/v2\/pages\/16120\/revisions"}],"predecessor-version":[{"id":27714,"href":"https:\/\/denkmalpflege.tuwien.ac.at\/index.php\/wp-json\/wp\/v2\/pages\/16120\/revisions\/27714"}],"wp:attachment":[{"href":"https:\/\/denkmalpflege.tuwien.ac.at\/index.php\/wp-json\/wp\/v2\/media?parent=16120"}],"curies":[{"name":"wp","href":"https:\/\/api.w.org\/{rel}","templated":true}]}}