{"version":"1.0","provider_name":"Denkmalpflege und Bauen im Bestand","provider_url":"https:\/\/denkmalpflege.tuwien.ac.at","author_name":"Forschungsbereich E 251.2 Denkmalpflege","author_url":"https:\/\/denkmalpflege.tuwien.ac.at\/index.php\/author\/admin\/","title":"Erika Blodek-Varilias - Denkmalpflege und Bauen im Bestand","type":"rich","width":600,"height":338,"html":"<blockquote class=\"wp-embedded-content\" data-secret=\"YWqDJZVAzI\"><a href=\"https:\/\/denkmalpflege.tuwien.ac.at\/index.php\/erika-blodek-varilias\/\">Erika Blodek-Varilias<\/a><\/blockquote><iframe sandbox=\"allow-scripts\" security=\"restricted\" src=\"https:\/\/denkmalpflege.tuwien.ac.at\/index.php\/erika-blodek-varilias\/embed\/#?secret=YWqDJZVAzI\" width=\"600\" height=\"338\" title=\"&#8222;Erika Blodek-Varilias&#8220; &#8211; Denkmalpflege und Bauen im Bestand\" data-secret=\"YWqDJZVAzI\" frameborder=\"0\" marginwidth=\"0\" marginheight=\"0\" scrolling=\"no\" class=\"wp-embedded-content\"><\/iframe><script type=\"text\/javascript\">\n\/* <![CDATA[ *\/\n\/*! This file is auto-generated *\/\n!function(d,l){\"use strict\";l.querySelector&&d.addEventListener&&\"undefined\"!=typeof URL&&(d.wp=d.wp||{},d.wp.receiveEmbedMessage||(d.wp.receiveEmbedMessage=function(e){var t=e.data;if((t||t.secret||t.message||t.value)&&!\/[^a-zA-Z0-9]\/.test(t.secret)){for(var s,r,n,a=l.querySelectorAll('iframe[data-secret=\"'+t.secret+'\"]'),o=l.querySelectorAll('blockquote[data-secret=\"'+t.secret+'\"]'),c=new RegExp(\"^https?:$\",\"i\"),i=0;i<o.length;i++)o[i].style.display=\"none\";for(i=0;i<a.length;i++)s=a[i],e.source===s.contentWindow&&(s.removeAttribute(\"style\"),\"height\"===t.message?(1e3<(r=parseInt(t.value,10))?r=1e3:~~r<200&&(r=200),s.height=r):\"link\"===t.message&&(r=new URL(s.getAttribute(\"src\")),n=new URL(t.value),c.test(n.protocol))&&n.host===r.host&&l.activeElement===s&&(d.top.location.href=t.value))}},d.addEventListener(\"message\",d.wp.receiveEmbedMessage,!1),l.addEventListener(\"DOMContentLoaded\",function(){for(var e,t,s=l.querySelectorAll(\"iframe.wp-embedded-content\"),r=0;r<s.length;r++)(t=(e=s[r]).getAttribute(\"data-secret\"))||(t=Math.random().toString(36).substring(2,12),e.src+=\"#?secret=\"+t,e.setAttribute(\"data-secret\",t)),e.contentWindow.postMessage({message:\"ready\",secret:t},\"*\")},!1)))}(window,document);\n\/* ]]> *\/\n<\/script>\n","description":"Erika Blodek-Varilias 2021 Fabricato: Bauaufnahme, Analyse und Revitalisierung des Fabricato-Verwaltungsgeb\u00e4udes in Medell\u00edn &#8211; Kolumbien Die Diplomarbeit befasst sich mit dem 1947 gebauten Verwaltungsgeb\u00e4ude einer gro\u00dfen Textilfabrik in der Stadt Medell\u00edn.Das Fabricato Geb\u00e4ude wurde ein Beispiel f\u00fcr die Transformation der Stadt, ein Symbol der modernen Architektur und die Ruptur des Kolonialstils. In einem Sektor von gro\u00dfer kommerzieller und fu\u00dfl\u00e4ufiger Vitalit\u00e4t gelegen, wird das Verwaltungsgeb\u00e4ude 1991 zum kulturellen Erbe erkl\u00e4rt. Ziel dieserRead More"}